{"id":803,"date":"2018-12-30T22:42:58","date_gmt":"2018-12-30T21:42:58","guid":{"rendered":"http:\/\/dento-budo-dojo.fr\/?page_id=803"},"modified":"2020-07-27T22:46:53","modified_gmt":"2020-07-27T20:46:53","slug":"archives-2018","status":"publish","type":"page","link":"http:\/\/dento-budo-dojo.fr\/?page_id=803","title":{"rendered":"Archive 2018"},"content":{"rendered":"<div id=\"pl-803\"  class=\"panel-layout\" ><div id=\"pg-803-0\"  class=\"panel-grid panel-no-style\" ><div id=\"pgc-803-0-0\"  class=\"panel-grid-cell\" ><div id=\"panel-803-0-0-0\" class=\"so-panel widget widget_sow-editor panel-first-child panel-last-child\" data-index=\"0\" ><div\n\t\t\t\n\t\t\tclass=\"so-widget-sow-editor so-widget-sow-editor-base\"\n\t\t\t\n\t\t><h3 class=\"widget-title\">V\u0153ux 2018<\/h3>\n<div class=\"siteorigin-widget-tinymce textwidget\">\n\t<div class=\"siteorigin-widget-tinymce textwidget\">\n<h4 class=\"western\" align=\"justify\"><span style=\"font-family: Calibri, serif; color: #0000ff;\"><span style=\"font-size: small;\">\u00a0Bonne ann\u00e9e 2018<\/span><\/span><\/h4>\n<p align=\"justify\">On ne peut pas dire que l\u2019ann\u00e9e 2017 fut plate ! D'ailleurs, \u00e7a ne l\u2019est jamais. Les \u00e9v\u00e9nements sont inextricablement li\u00e9s \u00e0 la dimension temporelle, par d\u00e9finition, et leur contenu aux variations multiples nous a souvent impact\u00e9s. Superficiellement, parfois, profond\u00e9ment, souvent. La nature nous a donn\u00e9s, comme les autres ann\u00e9es, mais plus intens\u00e9ment, du fil \u00e0 retordre. Les catastrophes, comme les tremblements de terre, les cyclones, les typhons, les crues, les feux de for\u00eat\u2026 nous montrent une fois de plus que nous sommes peu de chose, en d\u00e9finitive, face \u00e0 cette expression, naturelle, mais d\u00e9vastatrice.<\/p>\n<p align=\"justify\">Et pourtant, \u00e0 croire que cela ne suffise, le comportement humain de certains de nos dirigeants politiques laisse plus qu\u2019\u00e0 d\u00e9sirer. O\u00f9 se trouve la responsabilit\u00e9 de ceux-ci lorsqu\u2019ils savent que g\u00e9n\u00e9rer des \u00e9motions anxiog\u00e8nes et nuisibles pour le bon moral de chacun ? La crise \u00e9conomique, d\u00e9j\u00e0 lourde de cons\u00e9quences, n\u2019a pas suffi qu\u2019il faut maintenant g\u00e9n\u00e9rer d\u2019autres probl\u00e8mes ! Jusqu\u2019o\u00f9 irons-nous dans la folie ? En attendant, le stress grandit, l\u2019incompr\u00e9hension \u00e9galement, l\u2019intol\u00e9rance, le communautarisme, le racisme, la x\u00e9nophobie\u2026 des formes qui divisent davantage la relation humaine. Sans c\u00f4t\u00e9 cet essor technologique, qui par principe, devrait aider l\u2019humanit\u00e9, plut\u00f4t que la perturber, comme en d\u00e9montrent quelques utilisations malfaisantes.<\/p>\n<p>Dans ce monde rempli de bouleversements laissons la place au bonheur pour chacun. Peu de chose pour l'obtenir, juste un recentrage sur soi, pour ne pas oublier que nous existons. Cela participera \u00e0 votre sant\u00e9, que je vous souhaite bien pr\u00e9sente.<\/p>\n<p>Au nom du <em><span style=\"color: #0000ff;\">Dento Budo Dojo<\/span><\/em>, <strong>Bonne ann\u00e9e \u00e0 vous et vos proches<\/strong>.<\/p>\n<p>&nbsp;<\/p>\n<p style=\"text-align: right;\">D\u00e9cembre\u00a02017, Jean-Claude B\u00e9nis<\/p>\n<hr \/>\n<hr \/>\n<p>&nbsp;<\/p>\n<\/div>\n<\/div>\n<\/div><\/div><\/div><\/div><div id=\"pg-803-1\"  class=\"panel-grid panel-no-style\" ><div id=\"pgc-803-1-0\"  class=\"panel-grid-cell\" ><div id=\"panel-803-1-0-0\" class=\"so-panel widget widget_sow-editor panel-first-child panel-last-child\" data-index=\"1\" ><div\n\t\t\t\n\t\t\tclass=\"so-widget-sow-editor so-widget-sow-editor-base\"\n\t\t\t\n\t\t><h3 class=\"widget-title\">Stage de Bagua Zhang \u00e0 S\u00e9lestat. <\/h3>\n<div class=\"siteorigin-widget-tinymce textwidget\">\n\t<p>Pour la seconde \u00e9dition dans notre r\u00e9gion Alsace, le <strong><span style=\"color: #0000ff;\">Dento Budo Dojo<\/span><\/strong> a accueilli <strong><em><span style=\"color: #800000;\">Pierre PORTOCARRERO<\/span><\/em><\/strong> pour continuer l'initiation \u00e0 la pratique du <strong>Bagua Zhang<\/strong>. L'ann\u00e9e derni\u00e8re nous \u00e9tions \u00e0 Obernai, cette ann\u00e9e, sur place, \u00e0 S\u00e9lestat\u00a0!<\/p>\n<p>Le Bagua Zhang est encore peu pratiqu\u00e9 en France et s'inscrit dans les formes du <strong>Nei Jia<\/strong> (forme interne des Arts martiaux) comme le <strong>Tai Chi Chuan<\/strong>. C'est donc pour notre association un autre aspect des pratiques que nous enseignons. Que l'on pratique le Tai Chi Chuan ou le karat\u00e9, essayer le Bagua Zhang cr\u00e9\u00e9 un espace d'ouverture \u00e0 de nouvelles sensations. L'appr\u00e9hender c'est se donner une occasion d'enrichir ses propres pratiques.<\/p>\n<p>Il est \u00e9vident que cette pratique du Bagua Zhang n'est pas forc\u00e9ment parlante pour tous\u00a0! Sa gestuelle, plus encore, ses d\u00e9placements, peut en d\u00e9router plus d'un. Tout dans le cercle\u00a0! La gestuelle des bras, les d\u00e9placements\u2026 emp\u00eachent de prendre des rep\u00e8res fixes. Cela peut donc d\u00e9stabiliser le pratiquant. Mais c'est une v\u00e9ritable Voie que de ne pas s'attacher, au geste, \u00e0 la personne, au r\u00e9sultat, \u00e0 la sensation qui reste \u00e0 tout moment \u00e9ph\u00e9m\u00e8re. C'est un v\u00e9ritable enseignement du mouvement\u2026 de la Vie.<\/p>\n<p>Pratiquer le Bagua Zhang, encore plus le comprendre, est sans doute le r\u00e9sultat d'une certaine maturit\u00e9 de la compr\u00e9hension qu'on peut avoir des Arts martiaux. Cela demande du temps mais reste accessible \u00e0 tous pour peu qu'on veuille en faire les efforts n\u00e9cessaires. C'est le genre d'Art qui nous parle, ou pas\u00a0! Pierre PORTOCARRERO a su tr\u00e8s bien nous transmettre au-del\u00e0 de la forme, l'esprit du travail qu'il fallait mener pour obtenir une pratique constructive. C'est, on s'en doute bien, un v\u00e9ritable chantier qui se dresse devant nous. Mais c'est justement l'int\u00e9r\u00eat de ce stage qui vient pour certain renforcer l'\u00e9dition de l'ann\u00e9e pr\u00e9c\u00e9dente.<\/p>\n<p>L'avenir devant cette pratique appartiendra \u00e0 chacun de poursuivre ou pas\u2026 Mais pour celles et ceux qui veulent poursuivre, Paris sera maintenant un lieu de rendez-vous pour renforcer la pratique du Bagua Zhang.<\/p>\n<p>Un grand merci \u00e0 Pierre pour cette nouvelle occasion mais \u00e9galement \u00e0 Alexander qui est venu d'Allemagne avec quelques centaines de kilom\u00e8tre avant d'\u00eatre parmi nous \u00e0 S\u00e9lestat.<\/p>\n<p>Notre prochain rendez-vous sera donc sur Paris, pr\u00e9vu pour mars\u00a02019.<\/p>\n<p>\u00c0 tr\u00e8s bient\u00f4t\u2026<\/p>\n<\/div>\n<\/div><\/div><\/div><\/div><div id=\"pg-803-2\"  class=\"panel-grid panel-no-style\" ><div id=\"pgc-803-2-0\"  class=\"panel-grid-cell\" ><div id=\"panel-803-2-0-0\" class=\"so-panel widget widget_sow-editor panel-first-child panel-last-child\" data-index=\"2\" ><div\n\t\t\t\n\t\t\tclass=\"so-widget-sow-editor so-widget-sow-editor-base\"\n\t\t\t\n\t\t>\n<div class=\"siteorigin-widget-tinymce textwidget\">\n\t<div id=\"attachment_890\" style=\"width: 1900px\" class=\"wp-caption aligncenter\"><img fetchpriority=\"high\" aria-describedby=\"caption-attachment-890\" fetchpriority=\"high\" decoding=\"async\" class=\"size-full wp-image-890\" src=\"http:\/\/dento-budo-dojo.fr\/wp-content\/uploads\/2019\/04\/S\u00e9bastien-et-Pierre-Portocarrero.jpg\" alt=\"Pierre Portocarrero en cours d'explications durant le stage de Bagua Zhang.\" width=\"1890\" height=\"2834\" srcset=\"http:\/\/dento-budo-dojo.fr\/wp-content\/uploads\/2019\/04\/S\u00e9bastien-et-Pierre-Portocarrero-200x300.jpg 200w, http:\/\/dento-budo-dojo.fr\/wp-content\/uploads\/2019\/04\/S\u00e9bastien-et-Pierre-Portocarrero-400x600.jpg 400w, http:\/\/dento-budo-dojo.fr\/wp-content\/uploads\/2019\/04\/S\u00e9bastien-et-Pierre-Portocarrero-600x900.jpg 600w, http:\/\/dento-budo-dojo.fr\/wp-content\/uploads\/2019\/04\/S\u00e9bastien-et-Pierre-Portocarrero-683x1024.jpg 683w, http:\/\/dento-budo-dojo.fr\/wp-content\/uploads\/2019\/04\/S\u00e9bastien-et-Pierre-Portocarrero-768x1152.jpg 768w, http:\/\/dento-budo-dojo.fr\/wp-content\/uploads\/2019\/04\/S\u00e9bastien-et-Pierre-Portocarrero-800x1200.jpg 800w, http:\/\/dento-budo-dojo.fr\/wp-content\/uploads\/2019\/04\/S\u00e9bastien-et-Pierre-Portocarrero-1200x1799.jpg 1200w, http:\/\/dento-budo-dojo.fr\/wp-content\/uploads\/2019\/04\/S\u00e9bastien-et-Pierre-Portocarrero.jpg 1890w\" sizes=\"(max-width: 1890px) 100vw, 1890px\" \/><p id=\"caption-attachment-890\" class=\"wp-caption-text\"><em><span style=\"color: #800000;\">Pierre Portocarrero en cours d'explications durant le stage de Bagua Zhang.<\/span><\/em><\/p><\/div>\n<\/div>\n<\/div><\/div><\/div><div id=\"pgc-803-2-1\"  class=\"panel-grid-cell\" ><div id=\"panel-803-2-1-0\" class=\"so-panel widget widget_sow-editor panel-first-child panel-last-child\" data-index=\"3\" ><div\n\t\t\t\n\t\t\tclass=\"so-widget-sow-editor so-widget-sow-editor-base\"\n\t\t\t\n\t\t>\n<div class=\"siteorigin-widget-tinymce textwidget\">\n\t<p>&nbsp;<\/p>\n<p style=\"text-align: center;\"><em><span style=\"color: #800000;\">Quatre photos de ce stage de Bagua Zhang (ou Pakua Chuan) auxquels ont particip\u00e9 quelques passionn\u00e9s dans la pratique de chacun (Karat\u00e9, Tai Chi Chuan, etc.) pour s'enrichir.<\/span><\/em><\/p>\n<p>&nbsp;<\/p>\n<p style=\"text-align: center;\"><em><span style=\"color: #800000;\">Souvent d\u00e9stabilisant, dans la forme comme dans le fond, la pratique du Bagua Zhang interroge \u00e0 n'en pas douter !<\/span><\/em><\/p>\n<\/div>\n<\/div><\/div><\/div><div id=\"pgc-803-2-2\"  class=\"panel-grid-cell\" ><div id=\"panel-803-2-2-0\" class=\"so-panel widget widget_sow-editor panel-first-child panel-last-child\" data-index=\"4\" ><div\n\t\t\t\n\t\t\tclass=\"so-widget-sow-editor so-widget-sow-editor-base\"\n\t\t\t\n\t\t>\n<div class=\"siteorigin-widget-tinymce textwidget\">\n\t<div id=\"attachment_892\" style=\"width: 1900px\" class=\"wp-caption aligncenter\"><img loading=\"lazy\" aria-describedby=\"caption-attachment-892\" decoding=\"async\" class=\"size-full wp-image-892\" src=\"http:\/\/dento-budo-dojo.fr\/wp-content\/uploads\/2019\/04\/Patrick-et-Pierre-Portocarrero.jpg\" alt=\"Patrick et Pierre Portocarrero au stage de Bagua Zhang.\" width=\"1890\" height=\"2834\" srcset=\"http:\/\/dento-budo-dojo.fr\/wp-content\/uploads\/2019\/04\/Patrick-et-Pierre-Portocarrero-200x300.jpg 200w, http:\/\/dento-budo-dojo.fr\/wp-content\/uploads\/2019\/04\/Patrick-et-Pierre-Portocarrero-400x600.jpg 400w, http:\/\/dento-budo-dojo.fr\/wp-content\/uploads\/2019\/04\/Patrick-et-Pierre-Portocarrero-600x900.jpg 600w, http:\/\/dento-budo-dojo.fr\/wp-content\/uploads\/2019\/04\/Patrick-et-Pierre-Portocarrero-683x1024.jpg 683w, http:\/\/dento-budo-dojo.fr\/wp-content\/uploads\/2019\/04\/Patrick-et-Pierre-Portocarrero-768x1152.jpg 768w, http:\/\/dento-budo-dojo.fr\/wp-content\/uploads\/2019\/04\/Patrick-et-Pierre-Portocarrero-800x1200.jpg 800w, http:\/\/dento-budo-dojo.fr\/wp-content\/uploads\/2019\/04\/Patrick-et-Pierre-Portocarrero-1200x1799.jpg 1200w, http:\/\/dento-budo-dojo.fr\/wp-content\/uploads\/2019\/04\/Patrick-et-Pierre-Portocarrero.jpg 1890w\" sizes=\"(max-width: 1890px) 100vw, 1890px\" \/><p id=\"caption-attachment-892\" class=\"wp-caption-text\"><em><span style=\"color: #800000;\">Patrick et Pierre Portocarrero lors d'un passage accompagn\u00e9es d'explications.<\/span><\/em><\/p><\/div>\n<\/div>\n<\/div><\/div><\/div><\/div><div id=\"pg-803-3\"  class=\"panel-grid panel-no-style\" ><div id=\"pgc-803-3-0\"  class=\"panel-grid-cell\" ><div id=\"panel-803-3-0-0\" class=\"so-panel widget widget_sow-editor panel-first-child panel-last-child\" data-index=\"5\" ><div\n\t\t\t\n\t\t\tclass=\"so-widget-sow-editor so-widget-sow-editor-base\"\n\t\t\t\n\t\t>\n<div class=\"siteorigin-widget-tinymce textwidget\">\n\t<div id=\"attachment_893\" style=\"width: 2844px\" class=\"wp-caption aligncenter\"><img loading=\"lazy\" aria-describedby=\"caption-attachment-893\" decoding=\"async\" class=\"size-full wp-image-893\" src=\"http:\/\/dento-budo-dojo.fr\/wp-content\/uploads\/2019\/04\/Portocarrero-Pierre.jpg\" alt=\"Extension des tendons.\" width=\"2834\" height=\"1890\" srcset=\"http:\/\/dento-budo-dojo.fr\/wp-content\/uploads\/2019\/04\/Portocarrero-Pierre-200x133.jpg 200w, http:\/\/dento-budo-dojo.fr\/wp-content\/uploads\/2019\/04\/Portocarrero-Pierre-272x182.jpg 272w, http:\/\/dento-budo-dojo.fr\/wp-content\/uploads\/2019\/04\/Portocarrero-Pierre-300x200.jpg 300w, http:\/\/dento-budo-dojo.fr\/wp-content\/uploads\/2019\/04\/Portocarrero-Pierre-400x267.jpg 400w, http:\/\/dento-budo-dojo.fr\/wp-content\/uploads\/2019\/04\/Portocarrero-Pierre-600x400.jpg 600w, http:\/\/dento-budo-dojo.fr\/wp-content\/uploads\/2019\/04\/Portocarrero-Pierre-768x512.jpg 768w, http:\/\/dento-budo-dojo.fr\/wp-content\/uploads\/2019\/04\/Portocarrero-Pierre-800x534.jpg 800w, http:\/\/dento-budo-dojo.fr\/wp-content\/uploads\/2019\/04\/Portocarrero-Pierre-1024x683.jpg 1024w, http:\/\/dento-budo-dojo.fr\/wp-content\/uploads\/2019\/04\/Portocarrero-Pierre-1200x800.jpg 1200w, http:\/\/dento-budo-dojo.fr\/wp-content\/uploads\/2019\/04\/Portocarrero-Pierre.jpg 2834w\" sizes=\"(max-width: 2834px) 100vw, 2834px\" \/><p id=\"caption-attachment-893\" class=\"wp-caption-text\"><em><span style=\"color: #800000;\">Pierre PORTOCARRERO \u00e0 S\u00e9lestat au stage de Bagua Zhang expliquant une application lors d'une saisie.<\/span><\/em><\/p><\/div>\n<\/div>\n<\/div><\/div><\/div><div id=\"pgc-803-3-1\"  class=\"panel-grid-cell\" ><div id=\"panel-803-3-1-0\" class=\"so-panel widget widget_sow-editor panel-first-child panel-last-child\" data-index=\"6\" ><div\n\t\t\t\n\t\t\tclass=\"so-widget-sow-editor so-widget-sow-editor-base\"\n\t\t\t\n\t\t>\n<div class=\"siteorigin-widget-tinymce textwidget\">\n\t<div id=\"attachment_891\" style=\"width: 2844px\" class=\"wp-caption aligncenter\"><img loading=\"lazy\" aria-describedby=\"caption-attachment-891\" loading=\"lazy\" decoding=\"async\" class=\"size-full wp-image-891\" src=\"http:\/\/dento-budo-dojo.fr\/wp-content\/uploads\/2019\/04\/Groupe-pakua-2018.jpg\" alt=\"Quelques membres du Dento Budo Dojo au stage de Bagua Zhang avec Pierre PORTOCARRERO.\" width=\"2834\" height=\"1890\" srcset=\"http:\/\/dento-budo-dojo.fr\/wp-content\/uploads\/2019\/04\/Groupe-pakua-2018-200x133.jpg 200w, http:\/\/dento-budo-dojo.fr\/wp-content\/uploads\/2019\/04\/Groupe-pakua-2018-272x182.jpg 272w, http:\/\/dento-budo-dojo.fr\/wp-content\/uploads\/2019\/04\/Groupe-pakua-2018-300x200.jpg 300w, http:\/\/dento-budo-dojo.fr\/wp-content\/uploads\/2019\/04\/Groupe-pakua-2018-400x267.jpg 400w, http:\/\/dento-budo-dojo.fr\/wp-content\/uploads\/2019\/04\/Groupe-pakua-2018-600x400.jpg 600w, http:\/\/dento-budo-dojo.fr\/wp-content\/uploads\/2019\/04\/Groupe-pakua-2018-768x512.jpg 768w, http:\/\/dento-budo-dojo.fr\/wp-content\/uploads\/2019\/04\/Groupe-pakua-2018-800x534.jpg 800w, http:\/\/dento-budo-dojo.fr\/wp-content\/uploads\/2019\/04\/Groupe-pakua-2018-1024x683.jpg 1024w, http:\/\/dento-budo-dojo.fr\/wp-content\/uploads\/2019\/04\/Groupe-pakua-2018-1200x800.jpg 1200w, http:\/\/dento-budo-dojo.fr\/wp-content\/uploads\/2019\/04\/Groupe-pakua-2018.jpg 2834w\" sizes=\"auto, (max-width: 2834px) 100vw, 2834px\" \/><p id=\"caption-attachment-891\" class=\"wp-caption-text\"><span style=\"color: #800000;\"><em>Pierre Portocarrero au centre avec quelques membres du Dento Budo Dojo ayant effectu\u00e9 le stage de Bagua Zhang sur S\u00e9lestat.<\/em><\/span><\/p><\/div>\n<\/div>\n<\/div><\/div><\/div><\/div><div id=\"pg-803-4\"  class=\"panel-grid panel-no-style\" ><div id=\"pgc-803-4-0\"  class=\"panel-grid-cell\" ><div id=\"panel-803-4-0-0\" class=\"so-panel widget widget_sow-editor panel-first-child panel-last-child\" data-index=\"7\" ><div\n\t\t\t\n\t\t\tclass=\"so-widget-sow-editor so-widget-sow-editor-base\"\n\t\t\t\n\t\t>\n<div class=\"siteorigin-widget-tinymce textwidget\">\n\t<hr \/>\n<hr \/>\n<p>&nbsp;<\/p>\n<\/div>\n<\/div><\/div><\/div><\/div><div id=\"pg-803-5\"  class=\"panel-grid panel-no-style\" ><div id=\"pgc-803-5-0\"  class=\"panel-grid-cell\" ><div id=\"panel-803-5-0-0\" class=\"so-panel widget widget_sow-editor panel-first-child panel-last-child\" data-index=\"8\" ><div\n\t\t\t\n\t\t\tclass=\"so-widget-sow-editor so-widget-sow-editor-base\"\n\t\t\t\n\t\t><h3 class=\"widget-title\">Stage de karat\u00e9 \u00e0 Halle,pr\u00e8s de Bruxelles, chez nos amis belges<\/h3>\n<div class=\"siteorigin-widget-tinymce textwidget\">\n\t<p>Chez nos amis karat\u00e9kas belges, ce n'est pas la premi\u00e8re fois que nous aimons leur rendre visite. La p\u00e9riode de f\u00e9vrier n'est pas toujours facile mais cette fois-ci la m\u00e9t\u00e9o \u00e9tait avec nous : pas de neige ou de verglas, alors aucun obstacle devant nous. Profitons-en !<\/p>\n<div id=\"attachment_955\" style=\"width: 1034px\" class=\"wp-caption aligncenter\"><img loading=\"lazy\" aria-describedby=\"caption-attachment-955\" loading=\"lazy\" decoding=\"async\" class=\"size-large wp-image-955\" src=\"http:\/\/dento-budo-dojo.fr\/wp-content\/uploads\/2019\/04\/Groupe-de-karat\u00e9kas-1024x455.jpg\" alt=\"Stagiaires \u00e0 Halle o\u00f9 fut organis\u00e9 cette rencontre pour la pratique du Tengu-ryu karat\u00e9do. \" width=\"1024\" height=\"455\" srcset=\"http:\/\/dento-budo-dojo.fr\/wp-content\/uploads\/2019\/04\/Groupe-de-karat\u00e9kas-200x89.jpg 200w, http:\/\/dento-budo-dojo.fr\/wp-content\/uploads\/2019\/04\/Groupe-de-karat\u00e9kas-300x133.jpg 300w, http:\/\/dento-budo-dojo.fr\/wp-content\/uploads\/2019\/04\/Groupe-de-karat\u00e9kas-400x178.jpg 400w, http:\/\/dento-budo-dojo.fr\/wp-content\/uploads\/2019\/04\/Groupe-de-karat\u00e9kas-600x267.jpg 600w, http:\/\/dento-budo-dojo.fr\/wp-content\/uploads\/2019\/04\/Groupe-de-karat\u00e9kas-768x341.jpg 768w, http:\/\/dento-budo-dojo.fr\/wp-content\/uploads\/2019\/04\/Groupe-de-karat\u00e9kas-800x356.jpg 800w, http:\/\/dento-budo-dojo.fr\/wp-content\/uploads\/2019\/04\/Groupe-de-karat\u00e9kas-1024x455.jpg 1024w, http:\/\/dento-budo-dojo.fr\/wp-content\/uploads\/2019\/04\/Groupe-de-karat\u00e9kas-1200x533.jpg 1200w\" sizes=\"auto, (max-width: 1024px) 100vw, 1024px\" \/><p id=\"caption-attachment-955\" class=\"wp-caption-text\"><span style=\"color: #800000;\"><em>Stagiaires \u00e0 Halle o\u00f9 fut organis\u00e9 cette rencontre pour la pratique du <\/em><strong>Tengu-ryu karat\u00e9do<\/strong><em>.<\/em><\/span><\/p><\/div>\n<p>Ce stage habituellement anim\u00e9 par les seuls experts Jacques FAIEFF et Alex HAUWAERT ont eu exceptionnellement l'intervention en plus du Sok\u00e9 Roland HABERSETZER du Tengu no michi pour la deuxi\u00e8me journ\u00e9e, le dimanche. Cette \"intrusion\" n'en \u00e9tait en r\u00e9alit\u00e9 pas une, mais seulement une pr\u00e9sence tr\u00e8s souhait\u00e9e de la part du dojo belge... pour f\u00eater une date anniversaire. Que du bonheur pour tous les participants!<\/p>\n<p>Le stage enti\u00e8rement orient\u00e9 au karat\u00e9, selon l'approche donn\u00e9 par le Sok\u00e9 de l'\u00e9cole Tengu-ryu, permettait d'aller plus loin par des mises en pratique illustr\u00e9es par des kumit\u00e9 de la cr\u00e9ation des experts. Avoir les id\u00e9es est une chose, les illustrer par des d\u00e9monstration en est une autre. Si nous-m\u00eames pratiquons selon cette philosophie du combat \u00e0 S\u00e9lestat, il est toujours int\u00e9ressant de voir d'autres id\u00e9es. C'est chose faite!<\/p>\n<div id=\"attachment_933\" style=\"width: 718px\" class=\"wp-caption aligncenter\"><img loading=\"lazy\" aria-describedby=\"caption-attachment-933\" loading=\"lazy\" decoding=\"async\" class=\"wp-image-933\" src=\"http:\/\/dento-budo-dojo.fr\/wp-content\/uploads\/2019\/04\/Sok\u00e9-Roland-HABERSETZER-3-1024x683.jpg\" alt=\"Sok\u00e9 Roland HABERSETZER\" width=\"708\" height=\"472\" srcset=\"http:\/\/dento-budo-dojo.fr\/wp-content\/uploads\/2019\/04\/Sok\u00e9-Roland-HABERSETZER-3-200x133.jpg 200w, http:\/\/dento-budo-dojo.fr\/wp-content\/uploads\/2019\/04\/Sok\u00e9-Roland-HABERSETZER-3-272x182.jpg 272w, http:\/\/dento-budo-dojo.fr\/wp-content\/uploads\/2019\/04\/Sok\u00e9-Roland-HABERSETZER-3-300x200.jpg 300w, http:\/\/dento-budo-dojo.fr\/wp-content\/uploads\/2019\/04\/Sok\u00e9-Roland-HABERSETZER-3-400x267.jpg 400w, http:\/\/dento-budo-dojo.fr\/wp-content\/uploads\/2019\/04\/Sok\u00e9-Roland-HABERSETZER-3-600x400.jpg 600w, http:\/\/dento-budo-dojo.fr\/wp-content\/uploads\/2019\/04\/Sok\u00e9-Roland-HABERSETZER-3-768x512.jpg 768w, http:\/\/dento-budo-dojo.fr\/wp-content\/uploads\/2019\/04\/Sok\u00e9-Roland-HABERSETZER-3-800x534.jpg 800w, http:\/\/dento-budo-dojo.fr\/wp-content\/uploads\/2019\/04\/Sok\u00e9-Roland-HABERSETZER-3-1024x683.jpg 1024w, http:\/\/dento-budo-dojo.fr\/wp-content\/uploads\/2019\/04\/Sok\u00e9-Roland-HABERSETZER-3-1200x800.jpg 1200w\" sizes=\"auto, (max-width: 708px) 100vw, 708px\" \/><p id=\"caption-attachment-933\" class=\"wp-caption-text\"><span style=\"color: #800000;\"><strong>Sok\u00e9 Roland HABERSETZER<\/strong><em> enti\u00e8rement passionn\u00e9 dans ses explications.<\/em><\/span><\/p><\/div>\n<p>Du kihon, des kumit\u00e9, des katas, etc, ont \u00e9t\u00e9 effectu\u00e9s avec toujours autant de s\u00e9rieux et d'investissement autant chez les instructeurs que chez les karat\u00e9kas ex\u00e9cutant toutes ces approches du karat\u00e9. L'enthousiasme \u00e9tait donc de la partie.<\/p>\n<p>Nous \u00e9tions tr\u00e8s contents de ce bon moment partag\u00e9 entre \"tenguka\"...<\/p>\n<p>Un grand merci pour tout cet enseignement qui ne peut qu'interroger pour peut-\u00eatre \u00e9veiller une prise de conscience de ce qu'est le Do.<\/p>\n<\/div>\n<\/div><\/div><\/div><\/div><div id=\"pg-803-6\"  class=\"panel-grid panel-no-style\" ><div id=\"pgc-803-6-0\"  class=\"panel-grid-cell\" ><div id=\"panel-803-6-0-0\" class=\"so-panel widget widget_sow-editor panel-first-child panel-last-child\" data-index=\"9\" ><div\n\t\t\t\n\t\t\tclass=\"so-widget-sow-editor so-widget-sow-editor-base\"\n\t\t\t\n\t\t><h3 class=\"widget-title\">Au Tengu-ryu, nous pratiquons des kumit\u00e9...<\/h3>\n<div class=\"siteorigin-widget-tinymce textwidget\">\n\t<div id=\"attachment_956\" style=\"width: 1034px\" class=\"wp-caption aligncenter\"><img loading=\"lazy\" aria-describedby=\"caption-attachment-956\" loading=\"lazy\" decoding=\"async\" class=\"size-large wp-image-956\" src=\"http:\/\/dento-budo-dojo.fr\/wp-content\/uploads\/2019\/04\/sannin-kumit\u00e9-1024x683.jpg\" alt=\"D\u00e9monstration d'un Sannin kumit\u00e9 du Sok\u00e9 avec deux de ses experts, Jacques FAIEFF et Alex HAUWAERT.\" width=\"1024\" height=\"683\" srcset=\"http:\/\/dento-budo-dojo.fr\/wp-content\/uploads\/2019\/04\/sannin-kumit\u00e9-200x133.jpg 200w, http:\/\/dento-budo-dojo.fr\/wp-content\/uploads\/2019\/04\/sannin-kumit\u00e9-272x182.jpg 272w, http:\/\/dento-budo-dojo.fr\/wp-content\/uploads\/2019\/04\/sannin-kumit\u00e9-300x200.jpg 300w, http:\/\/dento-budo-dojo.fr\/wp-content\/uploads\/2019\/04\/sannin-kumit\u00e9-400x267.jpg 400w, http:\/\/dento-budo-dojo.fr\/wp-content\/uploads\/2019\/04\/sannin-kumit\u00e9-600x400.jpg 600w, http:\/\/dento-budo-dojo.fr\/wp-content\/uploads\/2019\/04\/sannin-kumit\u00e9-768x512.jpg 768w, http:\/\/dento-budo-dojo.fr\/wp-content\/uploads\/2019\/04\/sannin-kumit\u00e9-800x534.jpg 800w, http:\/\/dento-budo-dojo.fr\/wp-content\/uploads\/2019\/04\/sannin-kumit\u00e9-1024x683.jpg 1024w, http:\/\/dento-budo-dojo.fr\/wp-content\/uploads\/2019\/04\/sannin-kumit\u00e9-1200x800.jpg 1200w\" sizes=\"auto, (max-width: 1024px) 100vw, 1024px\" \/><p id=\"caption-attachment-956\" class=\"wp-caption-text\"><em><span style=\"color: #800000;\">D\u00e9monstration d'un <\/span><\/em><span style=\"color: #800000;\"><strong>Sannin kumit\u00e9<\/strong><\/span><em><span style=\"color: #800000;\"> du Sok\u00e9 avec deux de ses experts, Jacques FAIEFF et Alex HAUWAERT.<\/span><\/em><\/p><\/div>\n<\/div>\n<\/div><\/div><\/div><div id=\"pgc-803-6-1\"  class=\"panel-grid-cell\" ><div id=\"panel-803-6-1-0\" class=\"so-panel widget widget_sow-editor panel-first-child panel-last-child\" data-index=\"10\" ><div\n\t\t\t\n\t\t\tclass=\"so-widget-sow-editor so-widget-sow-editor-base\"\n\t\t\t\n\t\t><h3 class=\"widget-title\">... multidirectionnel face \u00e0 plusieurs adversaires.<\/h3>\n<div class=\"siteorigin-widget-tinymce textwidget\">\n\t<div id=\"attachment_929\" style=\"width: 1034px\" class=\"wp-caption aligncenter\"><img loading=\"lazy\" aria-describedby=\"caption-attachment-929\" loading=\"lazy\" decoding=\"async\" class=\"size-large wp-image-929\" src=\"http:\/\/dento-budo-dojo.fr\/wp-content\/uploads\/2019\/04\/sannin-kumit\u00e9-bis-2-1024x683.jpg\" alt=\"Phase d'un sannin kumit\u00e9.\" width=\"1024\" height=\"683\" srcset=\"http:\/\/dento-budo-dojo.fr\/wp-content\/uploads\/2019\/04\/sannin-kumit\u00e9-bis-2-200x133.jpg 200w, http:\/\/dento-budo-dojo.fr\/wp-content\/uploads\/2019\/04\/sannin-kumit\u00e9-bis-2-272x182.jpg 272w, http:\/\/dento-budo-dojo.fr\/wp-content\/uploads\/2019\/04\/sannin-kumit\u00e9-bis-2-300x200.jpg 300w, http:\/\/dento-budo-dojo.fr\/wp-content\/uploads\/2019\/04\/sannin-kumit\u00e9-bis-2-400x267.jpg 400w, http:\/\/dento-budo-dojo.fr\/wp-content\/uploads\/2019\/04\/sannin-kumit\u00e9-bis-2-600x400.jpg 600w, http:\/\/dento-budo-dojo.fr\/wp-content\/uploads\/2019\/04\/sannin-kumit\u00e9-bis-2-768x512.jpg 768w, http:\/\/dento-budo-dojo.fr\/wp-content\/uploads\/2019\/04\/sannin-kumit\u00e9-bis-2-800x534.jpg 800w, http:\/\/dento-budo-dojo.fr\/wp-content\/uploads\/2019\/04\/sannin-kumit\u00e9-bis-2-1024x683.jpg 1024w, http:\/\/dento-budo-dojo.fr\/wp-content\/uploads\/2019\/04\/sannin-kumit\u00e9-bis-2-1200x800.jpg 1200w\" sizes=\"auto, (max-width: 1024px) 100vw, 1024px\" \/><p id=\"caption-attachment-929\" class=\"wp-caption-text\"><span style=\"color: #800000;\"><em>Le <\/em><strong>maa\u00ef<\/strong><em> est ici une notion tr\u00e8s importante, m\u00eame dans un cas d'\u00e9tude pour \u00e9prouver les sensations qui s'y rattachent.<\/em><\/span><\/p><\/div>\n<\/div>\n<\/div><\/div><\/div><\/div><div id=\"pg-803-7\"  class=\"panel-grid panel-no-style\" ><div id=\"pgc-803-7-0\"  class=\"panel-grid-cell\" ><div id=\"panel-803-7-0-0\" class=\"so-panel widget widget_sow-editor panel-first-child panel-last-child\" data-index=\"11\" ><div\n\t\t\t\n\t\t\tclass=\"so-widget-sow-editor so-widget-sow-editor-base\"\n\t\t\t\n\t\t>\n<div class=\"siteorigin-widget-tinymce textwidget\">\n\t<div id=\"attachment_937\" style=\"width: 1034px\" class=\"wp-caption aligncenter\"><img loading=\"lazy\" aria-describedby=\"caption-attachment-937\" loading=\"lazy\" decoding=\"async\" class=\"size-large wp-image-937\" src=\"http:\/\/dento-budo-dojo.fr\/wp-content\/uploads\/2019\/04\/unsu-d\u00e9but-5-1024x512.jpg\" alt=\"Phase initiale du kata Unsu du Shotokan.\" width=\"1024\" height=\"512\" srcset=\"http:\/\/dento-budo-dojo.fr\/wp-content\/uploads\/2019\/04\/unsu-d\u00e9but-5-200x100.jpg 200w, http:\/\/dento-budo-dojo.fr\/wp-content\/uploads\/2019\/04\/unsu-d\u00e9but-5-300x150.jpg 300w, http:\/\/dento-budo-dojo.fr\/wp-content\/uploads\/2019\/04\/unsu-d\u00e9but-5-400x200.jpg 400w, http:\/\/dento-budo-dojo.fr\/wp-content\/uploads\/2019\/04\/unsu-d\u00e9but-5-600x300.jpg 600w, http:\/\/dento-budo-dojo.fr\/wp-content\/uploads\/2019\/04\/unsu-d\u00e9but-5-768x384.jpg 768w, http:\/\/dento-budo-dojo.fr\/wp-content\/uploads\/2019\/04\/unsu-d\u00e9but-5-800x400.jpg 800w, http:\/\/dento-budo-dojo.fr\/wp-content\/uploads\/2019\/04\/unsu-d\u00e9but-5-1024x512.jpg 1024w, http:\/\/dento-budo-dojo.fr\/wp-content\/uploads\/2019\/04\/unsu-d\u00e9but-5-1200x600.jpg 1200w\" sizes=\"auto, (max-width: 1024px) 100vw, 1024px\" \/><p id=\"caption-attachment-937\" class=\"wp-caption-text\"><em><span style=\"color: #800000;\">Phase initiale du kata <strong>Unsu<\/strong> du Shotokan.<\/span><\/em><\/p><\/div>\n<\/div>\n<\/div><\/div><\/div><div id=\"pgc-803-7-1\"  class=\"panel-grid-cell\" ><div id=\"panel-803-7-1-0\" class=\"so-panel widget widget_sow-editor panel-first-child panel-last-child\" data-index=\"12\" ><div\n\t\t\t\n\t\t\tclass=\"so-widget-sow-editor so-widget-sow-editor-base\"\n\t\t\t\n\t\t>\n<div class=\"siteorigin-widget-tinymce textwidget\">\n\t<div id=\"attachment_928\" style=\"width: 1034px\" class=\"wp-caption aligncenter\"><img loading=\"lazy\" aria-describedby=\"caption-attachment-928\" loading=\"lazy\" decoding=\"async\" class=\"size-large wp-image-928\" src=\"http:\/\/dento-budo-dojo.fr\/wp-content\/uploads\/2019\/04\/phase-du-kata-unsu-2-1024x512.jpg\" alt=\"Kata Unsu.\" width=\"1024\" height=\"512\" srcset=\"http:\/\/dento-budo-dojo.fr\/wp-content\/uploads\/2019\/04\/phase-du-kata-unsu-2-200x100.jpg 200w, http:\/\/dento-budo-dojo.fr\/wp-content\/uploads\/2019\/04\/phase-du-kata-unsu-2-300x150.jpg 300w, http:\/\/dento-budo-dojo.fr\/wp-content\/uploads\/2019\/04\/phase-du-kata-unsu-2-400x200.jpg 400w, http:\/\/dento-budo-dojo.fr\/wp-content\/uploads\/2019\/04\/phase-du-kata-unsu-2-600x300.jpg 600w, http:\/\/dento-budo-dojo.fr\/wp-content\/uploads\/2019\/04\/phase-du-kata-unsu-2-768x384.jpg 768w, http:\/\/dento-budo-dojo.fr\/wp-content\/uploads\/2019\/04\/phase-du-kata-unsu-2-800x400.jpg 800w, http:\/\/dento-budo-dojo.fr\/wp-content\/uploads\/2019\/04\/phase-du-kata-unsu-2-1024x512.jpg 1024w, http:\/\/dento-budo-dojo.fr\/wp-content\/uploads\/2019\/04\/phase-du-kata-unsu-2-1200x600.jpg 1200w\" sizes=\"auto, (max-width: 1024px) 100vw, 1024px\" \/><p id=\"caption-attachment-928\" class=\"wp-caption-text\"><span style=\"color: #800000;\"><em>Phase de Unsu.<\/em><\/span><\/p><\/div>\n<\/div>\n<\/div><\/div><\/div><\/div><div id=\"pg-803-8\"  class=\"panel-grid panel-no-style\" ><div id=\"pgc-803-8-0\"  class=\"panel-grid-cell\" ><div id=\"panel-803-8-0-0\" class=\"so-panel widget widget_sow-editor panel-first-child panel-last-child\" data-index=\"13\" ><div\n\t\t\t\n\t\t\tclass=\"so-widget-sow-editor so-widget-sow-editor-base\"\n\t\t\t\n\t\t>\n<div class=\"siteorigin-widget-tinymce textwidget\">\n\t<div id=\"attachment_957\" style=\"width: 693px\" class=\"wp-caption aligncenter\"><img loading=\"lazy\" aria-describedby=\"caption-attachment-957\" loading=\"lazy\" decoding=\"async\" class=\"size-large wp-image-957\" src=\"http:\/\/dento-budo-dojo.fr\/wp-content\/uploads\/2019\/04\/Patrick-JOSEPH-683x1024.jpg\" alt=\"Gyaku zuki effectu\u00e9 par Patrick.\" width=\"683\" height=\"1024\" srcset=\"http:\/\/dento-budo-dojo.fr\/wp-content\/uploads\/2019\/04\/Patrick-JOSEPH-200x300.jpg 200w, http:\/\/dento-budo-dojo.fr\/wp-content\/uploads\/2019\/04\/Patrick-JOSEPH-400x600.jpg 400w, http:\/\/dento-budo-dojo.fr\/wp-content\/uploads\/2019\/04\/Patrick-JOSEPH-600x900.jpg 600w, http:\/\/dento-budo-dojo.fr\/wp-content\/uploads\/2019\/04\/Patrick-JOSEPH-683x1024.jpg 683w, http:\/\/dento-budo-dojo.fr\/wp-content\/uploads\/2019\/04\/Patrick-JOSEPH-768x1152.jpg 768w, http:\/\/dento-budo-dojo.fr\/wp-content\/uploads\/2019\/04\/Patrick-JOSEPH-800x1200.jpg 800w, http:\/\/dento-budo-dojo.fr\/wp-content\/uploads\/2019\/04\/Patrick-JOSEPH-1200x1799.jpg 1200w, http:\/\/dento-budo-dojo.fr\/wp-content\/uploads\/2019\/04\/Patrick-JOSEPH.jpg 1890w\" sizes=\"auto, (max-width: 683px) 100vw, 683px\" \/><p id=\"caption-attachment-957\" class=\"wp-caption-text\"><em><span style=\"color: #800000;\">Gyaku zuki effectu\u00e9 par Patrick.<\/span><\/em><\/p><\/div>\n<\/div>\n<\/div><\/div><\/div><div id=\"pgc-803-8-1\"  class=\"panel-grid-cell\" ><div id=\"panel-803-8-1-0\" class=\"so-panel widget widget_sow-editor panel-first-child panel-last-child\" data-index=\"14\" ><div\n\t\t\t\n\t\t\tclass=\"so-widget-sow-editor so-widget-sow-editor-base\"\n\t\t\t\n\t\t><h3 class=\"widget-title\">Photo souvenir avec le Sok\u00e9 et ses deux experts.<\/h3>\n<div class=\"siteorigin-widget-tinymce textwidget\">\n\t<div id=\"attachment_914\" style=\"width: 1034px\" class=\"wp-caption aligncenter\"><img loading=\"lazy\" aria-describedby=\"caption-attachment-914\" loading=\"lazy\" decoding=\"async\" class=\"size-large wp-image-914\" src=\"http:\/\/dento-budo-dojo.fr\/wp-content\/uploads\/2019\/04\/Groupe-du-Dento-avec-Sok\u00e9-Roland-HABERSETZER-1024x683.jpg\" alt=\"Photo souvenir avec le Sok\u00e9, Roland Habersetzer.\" width=\"1024\" height=\"683\" srcset=\"http:\/\/dento-budo-dojo.fr\/wp-content\/uploads\/2019\/04\/Groupe-du-Dento-avec-Sok\u00e9-Roland-HABERSETZER-200x133.jpg 200w, http:\/\/dento-budo-dojo.fr\/wp-content\/uploads\/2019\/04\/Groupe-du-Dento-avec-Sok\u00e9-Roland-HABERSETZER-272x182.jpg 272w, http:\/\/dento-budo-dojo.fr\/wp-content\/uploads\/2019\/04\/Groupe-du-Dento-avec-Sok\u00e9-Roland-HABERSETZER-300x200.jpg 300w, http:\/\/dento-budo-dojo.fr\/wp-content\/uploads\/2019\/04\/Groupe-du-Dento-avec-Sok\u00e9-Roland-HABERSETZER-400x267.jpg 400w, http:\/\/dento-budo-dojo.fr\/wp-content\/uploads\/2019\/04\/Groupe-du-Dento-avec-Sok\u00e9-Roland-HABERSETZER-600x400.jpg 600w, http:\/\/dento-budo-dojo.fr\/wp-content\/uploads\/2019\/04\/Groupe-du-Dento-avec-Sok\u00e9-Roland-HABERSETZER-768x512.jpg 768w, http:\/\/dento-budo-dojo.fr\/wp-content\/uploads\/2019\/04\/Groupe-du-Dento-avec-Sok\u00e9-Roland-HABERSETZER-800x534.jpg 800w, http:\/\/dento-budo-dojo.fr\/wp-content\/uploads\/2019\/04\/Groupe-du-Dento-avec-Sok\u00e9-Roland-HABERSETZER-1024x683.jpg 1024w, http:\/\/dento-budo-dojo.fr\/wp-content\/uploads\/2019\/04\/Groupe-du-Dento-avec-Sok\u00e9-Roland-HABERSETZER-1200x800.jpg 1200w\" sizes=\"auto, (max-width: 1024px) 100vw, 1024px\" \/><p id=\"caption-attachment-914\" class=\"wp-caption-text\"><span style=\"color: #800000;\"><em>Le Sok\u00e9 Roland Habersetzer du <strong>Tengu-ryu<\/strong> entour\u00e9 de deux de ses experts, Jacques FAIEFF et Alex HAUWAERT qui furent tous trois les intervenants lors de ce stage pour une date anniversaire du groupe belge. Merci \u00e0 vous trois pour les quelques membres du Dento Budo Dojo pr\u00e9sents \u00e0 cette occasion.<\/em><\/span><\/p><\/div>\n<\/div>\n<\/div><\/div><\/div><div id=\"pgc-803-8-2\"  class=\"panel-grid-cell\" ><div id=\"panel-803-8-2-0\" class=\"so-panel widget widget_sow-editor panel-first-child panel-last-child\" data-index=\"15\" ><div\n\t\t\t\n\t\t\tclass=\"so-widget-sow-editor so-widget-sow-editor-base\"\n\t\t\t\n\t\t>\n<div class=\"siteorigin-widget-tinymce textwidget\">\n\t<div id=\"attachment_959\" style=\"width: 693px\" class=\"wp-caption aligncenter\"><img loading=\"lazy\" aria-describedby=\"caption-attachment-959\" loading=\"lazy\" decoding=\"async\" class=\"size-large wp-image-959\" src=\"http:\/\/dento-budo-dojo.fr\/wp-content\/uploads\/2019\/04\/Roland-HABERSETZER-et-Jacques-FAIEFF-1-683x1024.jpg\" alt=\"Roland HABERSETZER et Jacques FAIEFF\" width=\"683\" height=\"1024\" srcset=\"http:\/\/dento-budo-dojo.fr\/wp-content\/uploads\/2019\/04\/Roland-HABERSETZER-et-Jacques-FAIEFF-1-200x300.jpg 200w, http:\/\/dento-budo-dojo.fr\/wp-content\/uploads\/2019\/04\/Roland-HABERSETZER-et-Jacques-FAIEFF-1-400x600.jpg 400w, http:\/\/dento-budo-dojo.fr\/wp-content\/uploads\/2019\/04\/Roland-HABERSETZER-et-Jacques-FAIEFF-1-600x900.jpg 600w, http:\/\/dento-budo-dojo.fr\/wp-content\/uploads\/2019\/04\/Roland-HABERSETZER-et-Jacques-FAIEFF-1-683x1024.jpg 683w, http:\/\/dento-budo-dojo.fr\/wp-content\/uploads\/2019\/04\/Roland-HABERSETZER-et-Jacques-FAIEFF-1-768x1152.jpg 768w, http:\/\/dento-budo-dojo.fr\/wp-content\/uploads\/2019\/04\/Roland-HABERSETZER-et-Jacques-FAIEFF-1-800x1200.jpg 800w, http:\/\/dento-budo-dojo.fr\/wp-content\/uploads\/2019\/04\/Roland-HABERSETZER-et-Jacques-FAIEFF-1-1200x1799.jpg 1200w, http:\/\/dento-budo-dojo.fr\/wp-content\/uploads\/2019\/04\/Roland-HABERSETZER-et-Jacques-FAIEFF-1.jpg 1890w\" sizes=\"auto, (max-width: 683px) 100vw, 683px\" \/><p id=\"caption-attachment-959\" class=\"wp-caption-text\"><em><span style=\"color: #800000;\">Roland HABERSETZER et Jacques FAIEFF<\/span><\/em><\/p><\/div>\n<\/div>\n<\/div><\/div><\/div><\/div><div id=\"pg-803-9\"  class=\"panel-grid panel-no-style\" ><div id=\"pgc-803-9-0\"  class=\"panel-grid-cell\" ><div id=\"panel-803-9-0-0\" class=\"so-panel widget widget_sow-editor panel-first-child panel-last-child\" data-index=\"16\" ><div\n\t\t\t\n\t\t\tclass=\"so-widget-sow-editor so-widget-sow-editor-base\"\n\t\t\t\n\t\t>\n<div class=\"siteorigin-widget-tinymce textwidget\">\n\t<hr \/>\n<hr \/>\n<p>&nbsp;<\/p>\n<\/div>\n<\/div><\/div><\/div><\/div><div id=\"pg-803-10\"  class=\"panel-grid panel-no-style\" ><div id=\"pgc-803-10-0\"  class=\"panel-grid-cell\" ><div id=\"panel-803-10-0-0\" class=\"so-panel widget widget_sow-editor panel-first-child panel-last-child\" data-index=\"17\" ><div\n\t\t\t\n\t\t\tclass=\"so-widget-sow-editor so-widget-sow-editor-base\"\n\t\t\t\n\t\t><h3 class=\"widget-title\">Stage Koshiki Kata<\/h3>\n<div class=\"siteorigin-widget-tinymce textwidget\">\n\t<p>Une nouvelle \u00e9dition de ce stage pour karat\u00e9kas, si particulier, qui relie le pass\u00e9 au pr\u00e9sent, pour esp\u00e9rer un meilleur futur, \u00e0 travers l\u2019\u00e9tude (ou la r\u00e9vision) de ces anciens Kata nomm\u00e9s Koshiki-kata, vient d\u2019avoir lieu \u00e0 Eschau. Comme \u00e0 chaque fois, les formes \u00e9tudi\u00e9es interpellent les karat\u00e9kas qui \u00e9taient pr\u00e9sents \u00e0 ce rendez-vous\u2026 Une autre fa\u00e7on de faire, selon le style auquel se rattachera tel ou tel kata, nous questionne sur de nombreux points\u2026<\/p>\n<p>Notre association, le \u00ab\u00a0Dento Budo Dojo\u00a0\u00bb, s\u2019est retrouv\u00e9e avec de nombreux dojos, fran\u00e7ais comme \u00e9trangers, \u00e0 la pratique de ces formes anciennes. C\u2019est toujours avec un vif int\u00e9r\u00eat que Sensei Roland HABERSETZER \u2013 Sok\u00e9 (fondateur) d\u2019une \u00e9cole nomm\u00e9e <em>Tengu-ryu<\/em> \u2013 nous a pr\u00e9sent\u00e9 quelques-uns de ces tr\u00e9sors d\u2019un autre temps comme il aime \u00e0 le rappeler. Sous certains aspects, ce type de kata trompe bien souvent le public\u2026 L\u2019aspect ext\u00e9rieur n\u2019a aucune allure pour du spectacle, tant convi\u00e9 aujourd\u2019hui. Mais l\u2019efficacit\u00e9, cach\u00e9e, est bien r\u00e9elle. C\u2019est d\u2019ailleurs la raison pour laquelle dans notre Dojo au C.C.A. \u00e0 S\u00e9lestat, Jean-Claude B\u00e9nis n\u2019h\u00e9site pas \u00e0 enseigner de ces nombreuses cl\u00e9s cach\u00e9es que rec\u00e8lent les Koshiki, et qu'il pratique par ailleurs. <em>(Voir\u00a0: www.dento-budo-dojo.fr)<\/em><\/p>\n<div id=\"attachment_903\" style=\"width: 4010px\" class=\"wp-caption aligncenter\"><img loading=\"lazy\" aria-describedby=\"caption-attachment-903\" loading=\"lazy\" decoding=\"async\" class=\"size-full wp-image-903\" src=\"http:\/\/dento-budo-dojo.fr\/wp-content\/uploads\/2019\/04\/Koshiki-kata-groupe-2018.jpg\" alt=\"Groupe de stagiaires au stage Koshiki Kata\" width=\"4000\" height=\"900\" srcset=\"http:\/\/dento-budo-dojo.fr\/wp-content\/uploads\/2019\/04\/Koshiki-kata-groupe-2018-200x45.jpg 200w, http:\/\/dento-budo-dojo.fr\/wp-content\/uploads\/2019\/04\/Koshiki-kata-groupe-2018-300x68.jpg 300w, http:\/\/dento-budo-dojo.fr\/wp-content\/uploads\/2019\/04\/Koshiki-kata-groupe-2018-400x90.jpg 400w, http:\/\/dento-budo-dojo.fr\/wp-content\/uploads\/2019\/04\/Koshiki-kata-groupe-2018-600x135.jpg 600w, http:\/\/dento-budo-dojo.fr\/wp-content\/uploads\/2019\/04\/Koshiki-kata-groupe-2018-768x173.jpg 768w, http:\/\/dento-budo-dojo.fr\/wp-content\/uploads\/2019\/04\/Koshiki-kata-groupe-2018-800x180.jpg 800w, http:\/\/dento-budo-dojo.fr\/wp-content\/uploads\/2019\/04\/Koshiki-kata-groupe-2018-1024x230.jpg 1024w, http:\/\/dento-budo-dojo.fr\/wp-content\/uploads\/2019\/04\/Koshiki-kata-groupe-2018-1200x270.jpg 1200w, http:\/\/dento-budo-dojo.fr\/wp-content\/uploads\/2019\/04\/Koshiki-kata-groupe-2018.jpg 4000w\" sizes=\"auto, (max-width: 4000px) 100vw, 4000px\" \/><p id=\"caption-attachment-903\" class=\"wp-caption-text\"><span style=\"color: #800000;\"><em>Groupe de stagiaires au stage Koshiki Kata<\/em><\/span><\/p><\/div>\n<p>\u00ab\u00a0De nombreuses pistes existent dans l\u2019\u00e9tude de ces katas anciens\u00a0\u00bb, dit-il, \u00ab\u00a0notamment des cl\u00e9s \u00e0 mettre en \u0153uvre dans le corps comme dans l\u2019esprit\u00a0!\u00a0\u00bb. Force est de constater que la modernit\u00e9 devrait s\u2019impr\u00e9gner de la profondeur transmise au fil des g\u00e9n\u00e9rations de ces formes. Le v\u00e9ritable probl\u00e8me aujourd\u2019hui c\u2019est d\u2019y consacrer du temps, chose de plus en plus difficile par le mode de vie que veut nous imposer la soci\u00e9t\u00e9 actuelle, car il faut le dire, pratiquer le Koshiki-kata, c\u2019est quelque part vivre aussi en d\u00e9calage du temps actuel, et ce, sous de nombreux aspects. Et pourtant, les bienfaits sont r\u00e9els, pour la sant\u00e9 physique comme mentale.<\/p>\n<p>Merci au Sok\u00e9 de nous avoir montr\u00e9s et appris certains de ces Koshiki, notamment le Rohai Shodan de l'Itosu-ryu ainsi que le Seienchin appris de feu O-Sensei Tsuneyoshi OGURA.<\/p>\n<p>Rendez-vous pris pour l'ann\u00e9e prochaine, car les karat\u00e9kas pr\u00e9sents en redemandent\u2026<\/p>\n<hr \/>\n<hr \/>\n<p>&nbsp;<\/p>\n<\/div>\n<\/div><\/div><\/div><\/div><div id=\"pg-803-11\"  class=\"panel-grid panel-no-style\" ><div id=\"pgc-803-11-0\"  class=\"panel-grid-cell\" ><div id=\"panel-803-11-0-0\" class=\"so-panel widget widget_sow-editor panel-first-child panel-last-child\" data-index=\"18\" ><div\n\t\t\t\n\t\t\tclass=\"so-widget-sow-editor so-widget-sow-editor-base\"\n\t\t\t\n\t\t><h3 class=\"widget-title\">Stage de printemps, Karat\u00e9 et Kobudo au rendez-vous<\/h3>\n<div class=\"siteorigin-widget-tinymce textwidget\">\n\t<p>La p\u00e9riode printani\u00e8re est aussi pour notre dojo un moment de rendez-vous avec un stage particulier. Le karat\u00e9 en premier plan, d\u00e9velopp\u00e9 avec le point de vue du <strong>Tengu-ryu<\/strong>, et le kobudo avec ce m\u00eame \u00e9tat d\u2019esprit de l\u2019\u00e9cole (Ryu).<\/p>\n<p>Moment toujours rempli de convivialit\u00e9, d\u2019\u00e9changes linguistiques avec le fran\u00e7ais mais aussi l\u2019allemand, soutenant ainsi la compr\u00e9hension des concepts pour les karat\u00e9kas d\u2019outre Rhin, ce stage venait \u00e0 point pour renforcer la base des fondamentaux du Tengu-ryu.<\/p>\n<div id=\"attachment_979\" style=\"width: 1034px\" class=\"wp-caption aligncenter\"><img loading=\"lazy\" aria-describedby=\"caption-attachment-979\" loading=\"lazy\" decoding=\"async\" class=\"size-large wp-image-979\" src=\"http:\/\/dento-budo-dojo.fr\/wp-content\/uploads\/2019\/04\/stage-de-printemps-groupe-1024x230.jpg\" alt=\"Photo souvenir pour cette \u00e9dition du stage de Tengu-ryu au printemps.\" width=\"1024\" height=\"230\" srcset=\"http:\/\/dento-budo-dojo.fr\/wp-content\/uploads\/2019\/04\/stage-de-printemps-groupe-200x45.jpg 200w, http:\/\/dento-budo-dojo.fr\/wp-content\/uploads\/2019\/04\/stage-de-printemps-groupe-300x68.jpg 300w, http:\/\/dento-budo-dojo.fr\/wp-content\/uploads\/2019\/04\/stage-de-printemps-groupe-400x90.jpg 400w, http:\/\/dento-budo-dojo.fr\/wp-content\/uploads\/2019\/04\/stage-de-printemps-groupe-600x135.jpg 600w, http:\/\/dento-budo-dojo.fr\/wp-content\/uploads\/2019\/04\/stage-de-printemps-groupe-768x173.jpg 768w, http:\/\/dento-budo-dojo.fr\/wp-content\/uploads\/2019\/04\/stage-de-printemps-groupe-800x180.jpg 800w, http:\/\/dento-budo-dojo.fr\/wp-content\/uploads\/2019\/04\/stage-de-printemps-groupe-1024x230.jpg 1024w, http:\/\/dento-budo-dojo.fr\/wp-content\/uploads\/2019\/04\/stage-de-printemps-groupe-1200x270.jpg 1200w\" sizes=\"auto, (max-width: 1024px) 100vw, 1024px\" \/><p id=\"caption-attachment-979\" class=\"wp-caption-text\"><span style=\"color: #800000;\"><em>Photo souvenir pour cette \u00e9dition du stage de Tengu-ryu au printemps.<\/em><\/span><\/p><\/div>\n<p>Tr\u00e8s vite, une fois ces bases revues, quelques id\u00e9es issues de celles-ci furent d\u00e9velopp\u00e9es par Sensei Roland Habersetzer, Sok\u00e9 (1) de l\u2019\u00e9cole. Quittant peu \u00e0 peu les aspects techniques, c\u2019est surtout les aspects mentaux qui furent mis en avant.<\/p>\n<h6>(1) \u2013 Fondateur d\u2019une \u00e9cole (Ryu) dans la tradition des arts japonais.<\/h6>\n<p>Comme souvent \u00e9nonc\u00e9 dans notre dojo, \u00ab\u00a0ne pas s\u2019attacher\u00a0\u00bb \u00e0 la technique, encore moins au r\u00e9sultat, mais vivre l\u2019instant pr\u00e9sent, reste une pr\u00e9occupation centrale lors d\u2019une v\u00e9ritable confrontation. La philosophie du mouvement touche \u00e0 une attitude comportementale. Laisser ses acquis techniques vivre permettra d\u2019\u00e9laborer une r\u00e9ponse sans doute ad\u00e9quate. Ce n\u2019est \u00e9videmment pas gagn\u00e9 d\u2019avance, car les \u00e9motions contraindront l\u2019\u00e9laboration d\u2019une juste r\u00e9ponse.<\/p>\n<div id=\"attachment_980\" style=\"width: 718px\" class=\"wp-caption aligncenter\"><img loading=\"lazy\" aria-describedby=\"caption-attachment-980\" loading=\"lazy\" decoding=\"async\" class=\"wp-image-980\" src=\"http:\/\/dento-budo-dojo.fr\/wp-content\/uploads\/2019\/04\/Dento-Budo-Dojo-stage-de-printemps-2018-1024x455.jpg\" alt=\"Quelques repr\u00e9sentants de notre dojo au stage de Tengu-ryu Karat\u00e9-do.\" width=\"708\" height=\"315\" srcset=\"http:\/\/dento-budo-dojo.fr\/wp-content\/uploads\/2019\/04\/Dento-Budo-Dojo-stage-de-printemps-2018-200x89.jpg 200w, http:\/\/dento-budo-dojo.fr\/wp-content\/uploads\/2019\/04\/Dento-Budo-Dojo-stage-de-printemps-2018-300x133.jpg 300w, http:\/\/dento-budo-dojo.fr\/wp-content\/uploads\/2019\/04\/Dento-Budo-Dojo-stage-de-printemps-2018-400x178.jpg 400w, http:\/\/dento-budo-dojo.fr\/wp-content\/uploads\/2019\/04\/Dento-Budo-Dojo-stage-de-printemps-2018-600x267.jpg 600w, http:\/\/dento-budo-dojo.fr\/wp-content\/uploads\/2019\/04\/Dento-Budo-Dojo-stage-de-printemps-2018-768x341.jpg 768w, http:\/\/dento-budo-dojo.fr\/wp-content\/uploads\/2019\/04\/Dento-Budo-Dojo-stage-de-printemps-2018-800x356.jpg 800w, http:\/\/dento-budo-dojo.fr\/wp-content\/uploads\/2019\/04\/Dento-Budo-Dojo-stage-de-printemps-2018-1024x455.jpg 1024w, http:\/\/dento-budo-dojo.fr\/wp-content\/uploads\/2019\/04\/Dento-Budo-Dojo-stage-de-printemps-2018-1200x533.jpg 1200w\" sizes=\"auto, (max-width: 708px) 100vw, 708px\" \/><p id=\"caption-attachment-980\" class=\"wp-caption-text\"><span style=\"color: #800000;\"><em>Quelques repr\u00e9sentants de notre dojo au stage de Tengu-ryu Karat\u00e9-do.<\/em><\/span><\/p><\/div>\n<p>Afin de mieux cerner cette philosophie du mouvement, quelques concepts furent pr\u00e9sent\u00e9s, puis \u00e9tudier, \u00e0 travers les quatre premi\u00e8res s\u00e9ries du <em>Goshin no kata<\/em> (2). La difficult\u00e9 est d\u2019avoir un travail carr\u00e9 alors que les formes pr\u00e9sentent beaucoup de rondeur\u2026 ce qui laisse la place \u00e0 de nombreuses erreurs. C\u2019est donc avec un autre regard qu\u2019il faut aborder ces <em>shin kumite<\/em> (nouveaux kumite), o\u00f9, m\u00eame si ceux-ci semblent montrer davantage de libert\u00e9, les contraintes sont vraiment nombreuses et exigeantes. Surtout sur la direction du regard\u2026<\/p>\n<h6>(2) \u2013 Le Goshin no kata est une cr\u00e9ation de Sok\u00e9 R. Habersetzer. C\u2019est un kumite kata qui contient des concepts nouveaux vus dans l\u2019\u00e9cole. Empruntant des techniques de karat\u00e9, mais pas seulement, celles-ci sont \u00ab revisit\u00e9es \u00bb pour toucher \u00e0 des exemples o\u00f9 le \u00ab naturel \u00bb prend \u00e0 nouveau sa place chez le r\u00f4le de l\u2019attaquant (Tori).<\/h6>\n<p>Une autre partie du stage concernait les katas, avec, cette fois-ci, une accentuation port\u00e9e sur <em>Seienshin<\/em>, bien connu des karat\u00e9kas pratiquant le style Goju-ryu ou Shito-ryu. Par chance c\u2019est un kata qui conna\u00eet peu de variations d\u2019un style ou d\u2019un courant \u00e0 un autre, m\u00eame si celles-ci, fatalement, existent quand m\u00eame.<\/p>\n<p>Enfin, un champ d\u2019\u00e9tude fut \u00e9galement orient\u00e9 vers quelques armes\u00a0: les sai, par l\u2019apprentissage d\u2019un kata propre au ryu, et le tambo avec quelques kumite. Pour cela, les hauts grad\u00e9s dans ce deuxi\u00e8me domaine de comp\u00e9tence (3) furent sollicit\u00e9s.<\/p>\n<h6>(3) \u2013 Dans la pratique du Tengu-ryu, il existe trois domaines de comp\u00e9tence [1 \u00e0 3] : le Karat\u00e9 [1], forme \u00e0 mains nues (kara-ho), puis les formes avec armes (buki-ho) correspondant au Kobudo [2] et au Hojutsu [3]. Tous ces domaines correspondent \u00e0 une r\u00e9ponse ad\u00e9quate selon les contextes. C\u2019est aussi une sp\u00e9cificit\u00e9 du Ryu.<\/h6>\n<\/div>\n<\/div><\/div><\/div><\/div><div id=\"pg-803-12\"  class=\"panel-grid panel-no-style\" ><div id=\"pgc-803-12-0\"  class=\"panel-grid-cell\" ><div id=\"panel-803-12-0-0\" class=\"so-panel widget widget_sow-editor panel-first-child panel-last-child\" data-index=\"19\" ><div\n\t\t\t\n\t\t\tclass=\"so-widget-sow-editor so-widget-sow-editor-base\"\n\t\t\t\n\t\t><h3 class=\"widget-title\">R\u00e9action du Sok\u00e9 sur deux distances, ma et chika-ma.<\/h3>\n<div class=\"siteorigin-widget-tinymce textwidget\">\n\t<p>&nbsp;<\/p>\n<div id=\"attachment_996\" style=\"width: 1034px\" class=\"wp-caption aligncenter\"><img loading=\"lazy\" aria-describedby=\"caption-attachment-996\" loading=\"lazy\" decoding=\"async\" class=\"size-large wp-image-996\" src=\"http:\/\/dento-budo-dojo.fr\/wp-content\/uploads\/2019\/04\/ma-1024x683.jpg\" alt=\"R\u00e9action sur distance ma.\" width=\"1024\" height=\"683\" srcset=\"http:\/\/dento-budo-dojo.fr\/wp-content\/uploads\/2019\/04\/ma-200x133.jpg 200w, http:\/\/dento-budo-dojo.fr\/wp-content\/uploads\/2019\/04\/ma-272x182.jpg 272w, http:\/\/dento-budo-dojo.fr\/wp-content\/uploads\/2019\/04\/ma-300x200.jpg 300w, http:\/\/dento-budo-dojo.fr\/wp-content\/uploads\/2019\/04\/ma-400x267.jpg 400w, http:\/\/dento-budo-dojo.fr\/wp-content\/uploads\/2019\/04\/ma-600x400.jpg 600w, http:\/\/dento-budo-dojo.fr\/wp-content\/uploads\/2019\/04\/ma-768x512.jpg 768w, http:\/\/dento-budo-dojo.fr\/wp-content\/uploads\/2019\/04\/ma-800x534.jpg 800w, http:\/\/dento-budo-dojo.fr\/wp-content\/uploads\/2019\/04\/ma-1024x683.jpg 1024w, http:\/\/dento-budo-dojo.fr\/wp-content\/uploads\/2019\/04\/ma-1200x800.jpg 1200w\" sizes=\"auto, (max-width: 1024px) 100vw, 1024px\" \/><p id=\"caption-attachment-996\" class=\"wp-caption-text\"><em><span style=\"color: #800000;\">R\u00e9action sur distance ma.<\/span><\/em><\/p><\/div>\n<\/div>\n<\/div><\/div><\/div><div id=\"pgc-803-12-1\"  class=\"panel-grid-cell\" ><div id=\"panel-803-12-1-0\" class=\"so-panel widget widget_sow-editor panel-first-child panel-last-child\" data-index=\"20\" ><div\n\t\t\t\n\t\t\tclass=\"so-widget-sow-editor so-widget-sow-editor-base\"\n\t\t\t\n\t\t>\n<div class=\"siteorigin-widget-tinymce textwidget\">\n\t<div id=\"attachment_993\" style=\"width: 693px\" class=\"wp-caption aligncenter\"><img loading=\"lazy\" aria-describedby=\"caption-attachment-993\" loading=\"lazy\" decoding=\"async\" class=\"size-large wp-image-993\" src=\"http:\/\/dento-budo-dojo.fr\/wp-content\/uploads\/2019\/04\/to-ma-683x1024.jpg\" alt=\"R\u00e9action en distance tr\u00e8s courte (chika-ma)\" width=\"683\" height=\"1024\" srcset=\"http:\/\/dento-budo-dojo.fr\/wp-content\/uploads\/2019\/04\/to-ma-200x300.jpg 200w, http:\/\/dento-budo-dojo.fr\/wp-content\/uploads\/2019\/04\/to-ma-400x600.jpg 400w, http:\/\/dento-budo-dojo.fr\/wp-content\/uploads\/2019\/04\/to-ma-600x900.jpg 600w, http:\/\/dento-budo-dojo.fr\/wp-content\/uploads\/2019\/04\/to-ma-683x1024.jpg 683w, http:\/\/dento-budo-dojo.fr\/wp-content\/uploads\/2019\/04\/to-ma-768x1152.jpg 768w, http:\/\/dento-budo-dojo.fr\/wp-content\/uploads\/2019\/04\/to-ma-800x1200.jpg 800w, http:\/\/dento-budo-dojo.fr\/wp-content\/uploads\/2019\/04\/to-ma-1200x1799.jpg 1200w, http:\/\/dento-budo-dojo.fr\/wp-content\/uploads\/2019\/04\/to-ma.jpg 1890w\" sizes=\"auto, (max-width: 683px) 100vw, 683px\" \/><p id=\"caption-attachment-993\" class=\"wp-caption-text\"><em><span style=\"color: #800000;\">R\u00e9action en distance tr\u00e8s courte (chika-ma)<\/span><\/em><\/p><\/div>\n<\/div>\n<\/div><\/div><\/div><div id=\"pgc-803-12-2\"  class=\"panel-grid-cell\" ><div id=\"panel-803-12-2-0\" class=\"so-panel widget widget_sow-editor panel-first-child panel-last-child\" data-index=\"21\" ><div\n\t\t\t\n\t\t\tclass=\"so-widget-sow-editor so-widget-sow-editor-base\"\n\t\t\t\n\t\t><h3 class=\"widget-title\">Le sourire, aussi !<\/h3>\n<div class=\"siteorigin-widget-tinymce textwidget\">\n\t<p>&nbsp;<br \/>\n<div id=\"attachment_995\" style=\"width: 1034px\" class=\"wp-caption aligncenter\"><img loading=\"lazy\" aria-describedby=\"caption-attachment-995\" loading=\"lazy\" decoding=\"async\" class=\"size-large wp-image-995\" src=\"http:\/\/dento-budo-dojo.fr\/wp-content\/uploads\/2019\/04\/le-sourire-1024x683.jpg\" alt=\"Le sourire, l'\u00e9clatement de joie fait aussi partie de l'apprentissage dans notre Ryu.\" width=\"1024\" height=\"683\" srcset=\"http:\/\/dento-budo-dojo.fr\/wp-content\/uploads\/2019\/04\/le-sourire-200x133.jpg 200w, http:\/\/dento-budo-dojo.fr\/wp-content\/uploads\/2019\/04\/le-sourire-272x182.jpg 272w, http:\/\/dento-budo-dojo.fr\/wp-content\/uploads\/2019\/04\/le-sourire-300x200.jpg 300w, http:\/\/dento-budo-dojo.fr\/wp-content\/uploads\/2019\/04\/le-sourire-400x267.jpg 400w, http:\/\/dento-budo-dojo.fr\/wp-content\/uploads\/2019\/04\/le-sourire-600x400.jpg 600w, http:\/\/dento-budo-dojo.fr\/wp-content\/uploads\/2019\/04\/le-sourire-768x512.jpg 768w, http:\/\/dento-budo-dojo.fr\/wp-content\/uploads\/2019\/04\/le-sourire-800x534.jpg 800w, http:\/\/dento-budo-dojo.fr\/wp-content\/uploads\/2019\/04\/le-sourire-1024x683.jpg 1024w, http:\/\/dento-budo-dojo.fr\/wp-content\/uploads\/2019\/04\/le-sourire-1200x800.jpg 1200w\" sizes=\"auto, (max-width: 1024px) 100vw, 1024px\" \/><p id=\"caption-attachment-995\" class=\"wp-caption-text\"><em><span style=\"color: #800000;\">Le sourire, l'\u00e9clatement de joie fait aussi partie de l'apprentissage dans notre <\/span><\/em><span style=\"color: #800000;\"><strong>Ryu<\/strong><\/span><em><span style=\"color: #800000;\">.<\/span><\/em><\/p><\/div><\/p>\n<\/div>\n<\/div><\/div><\/div><\/div><div id=\"pg-803-13\"  class=\"panel-grid panel-no-style\" ><div id=\"pgc-803-13-0\"  class=\"panel-grid-cell\" ><div id=\"panel-803-13-0-0\" class=\"so-panel widget widget_sow-editor panel-first-child panel-last-child\" data-index=\"22\" ><div\n\t\t\t\n\t\t\tclass=\"so-widget-sow-editor so-widget-sow-editor-base\"\n\t\t\t\n\t\t>\n<div class=\"siteorigin-widget-tinymce textwidget\">\n\t<div id=\"attachment_991\" style=\"width: 693px\" class=\"wp-caption aligncenter\"><img loading=\"lazy\" aria-describedby=\"caption-attachment-991\" loading=\"lazy\" decoding=\"async\" class=\"size-large wp-image-991\" src=\"http:\/\/dento-budo-dojo.fr\/wp-content\/uploads\/2019\/04\/Siefried-expert-de-kobudo-683x1024.jpg\" alt=\"Siefried expert de kobudo\" width=\"683\" height=\"1024\" srcset=\"http:\/\/dento-budo-dojo.fr\/wp-content\/uploads\/2019\/04\/Siefried-expert-de-kobudo-200x300.jpg 200w, http:\/\/dento-budo-dojo.fr\/wp-content\/uploads\/2019\/04\/Siefried-expert-de-kobudo-400x600.jpg 400w, http:\/\/dento-budo-dojo.fr\/wp-content\/uploads\/2019\/04\/Siefried-expert-de-kobudo-600x900.jpg 600w, http:\/\/dento-budo-dojo.fr\/wp-content\/uploads\/2019\/04\/Siefried-expert-de-kobudo-683x1024.jpg 683w, http:\/\/dento-budo-dojo.fr\/wp-content\/uploads\/2019\/04\/Siefried-expert-de-kobudo-768x1152.jpg 768w, http:\/\/dento-budo-dojo.fr\/wp-content\/uploads\/2019\/04\/Siefried-expert-de-kobudo-800x1200.jpg 800w, http:\/\/dento-budo-dojo.fr\/wp-content\/uploads\/2019\/04\/Siefried-expert-de-kobudo-1200x1799.jpg 1200w, http:\/\/dento-budo-dojo.fr\/wp-content\/uploads\/2019\/04\/Siefried-expert-de-kobudo.jpg 1890w\" sizes=\"auto, (max-width: 683px) 100vw, 683px\" \/><p id=\"caption-attachment-991\" class=\"wp-caption-text\"><em><span style=\"color: #800000;\">Siegfried expert de kobudo manipulant le sai<\/span><\/em><\/p><\/div>\n<\/div>\n<\/div><\/div><\/div><div id=\"pgc-803-13-1\"  class=\"panel-grid-cell\" ><div id=\"panel-803-13-1-0\" class=\"so-panel widget widget_sow-editor panel-first-child panel-last-child\" data-index=\"23\" ><div\n\t\t\t\n\t\t\tclass=\"so-widget-sow-editor so-widget-sow-editor-base\"\n\t\t\t\n\t\t>\n<div class=\"siteorigin-widget-tinymce textwidget\">\n\t<div id=\"attachment_1000\" style=\"width: 693px\" class=\"wp-caption aligncenter\"><img loading=\"lazy\" aria-describedby=\"caption-attachment-1000\" loading=\"lazy\" decoding=\"async\" class=\"size-large wp-image-1000\" src=\"http:\/\/dento-budo-dojo.fr\/wp-content\/uploads\/2019\/04\/Franz-en-sai-683x1024.jpg\" alt=\"Franz en sai\" width=\"683\" height=\"1024\" srcset=\"http:\/\/dento-budo-dojo.fr\/wp-content\/uploads\/2019\/04\/Franz-en-sai-200x300.jpg 200w, http:\/\/dento-budo-dojo.fr\/wp-content\/uploads\/2019\/04\/Franz-en-sai-400x600.jpg 400w, http:\/\/dento-budo-dojo.fr\/wp-content\/uploads\/2019\/04\/Franz-en-sai-600x900.jpg 600w, http:\/\/dento-budo-dojo.fr\/wp-content\/uploads\/2019\/04\/Franz-en-sai-683x1024.jpg 683w, http:\/\/dento-budo-dojo.fr\/wp-content\/uploads\/2019\/04\/Franz-en-sai-768x1152.jpg 768w, http:\/\/dento-budo-dojo.fr\/wp-content\/uploads\/2019\/04\/Franz-en-sai-800x1200.jpg 800w, http:\/\/dento-budo-dojo.fr\/wp-content\/uploads\/2019\/04\/Franz-en-sai-1200x1799.jpg 1200w, http:\/\/dento-budo-dojo.fr\/wp-content\/uploads\/2019\/04\/Franz-en-sai.jpg 1890w\" sizes=\"auto, (max-width: 683px) 100vw, 683px\" \/><p id=\"caption-attachment-1000\" class=\"wp-caption-text\"><em><span style=\"color: #800000;\">Franz en sai<\/span><\/em><\/p><\/div>\n<\/div>\n<\/div><\/div><\/div><div id=\"pgc-803-13-2\"  class=\"panel-grid-cell\" ><div id=\"panel-803-13-2-0\" class=\"so-panel widget widget_sow-editor panel-first-child panel-last-child\" data-index=\"24\" ><div\n\t\t\t\n\t\t\tclass=\"so-widget-sow-editor so-widget-sow-editor-base\"\n\t\t\t\n\t\t>\n<div class=\"siteorigin-widget-tinymce textwidget\">\n\t<div id=\"attachment_998\" style=\"width: 693px\" class=\"wp-caption aligncenter\"><img loading=\"lazy\" aria-describedby=\"caption-attachment-998\" loading=\"lazy\" decoding=\"async\" class=\"size-large wp-image-998\" src=\"http:\/\/dento-budo-dojo.fr\/wp-content\/uploads\/2019\/04\/Patrick-en-sai-683x1024.jpg\" alt=\"Patrick en sai\" width=\"683\" height=\"1024\" srcset=\"http:\/\/dento-budo-dojo.fr\/wp-content\/uploads\/2019\/04\/Patrick-en-sai-200x300.jpg 200w, http:\/\/dento-budo-dojo.fr\/wp-content\/uploads\/2019\/04\/Patrick-en-sai-400x600.jpg 400w, http:\/\/dento-budo-dojo.fr\/wp-content\/uploads\/2019\/04\/Patrick-en-sai-600x900.jpg 600w, http:\/\/dento-budo-dojo.fr\/wp-content\/uploads\/2019\/04\/Patrick-en-sai-683x1024.jpg 683w, http:\/\/dento-budo-dojo.fr\/wp-content\/uploads\/2019\/04\/Patrick-en-sai-768x1152.jpg 768w, http:\/\/dento-budo-dojo.fr\/wp-content\/uploads\/2019\/04\/Patrick-en-sai-800x1200.jpg 800w, http:\/\/dento-budo-dojo.fr\/wp-content\/uploads\/2019\/04\/Patrick-en-sai-1200x1799.jpg 1200w, http:\/\/dento-budo-dojo.fr\/wp-content\/uploads\/2019\/04\/Patrick-en-sai.jpg 1890w\" sizes=\"auto, (max-width: 683px) 100vw, 683px\" \/><p id=\"caption-attachment-998\" class=\"wp-caption-text\"><em><span style=\"color: #800000;\">Patrick en sai<\/span><\/em><\/p><\/div>\n<\/div>\n<\/div><\/div><\/div><div id=\"pgc-803-13-3\"  class=\"panel-grid-cell\" ><div id=\"panel-803-13-3-0\" class=\"so-panel widget widget_sow-editor panel-first-child panel-last-child\" data-index=\"25\" ><div\n\t\t\t\n\t\t\tclass=\"so-widget-sow-editor so-widget-sow-editor-base\"\n\t\t\t\n\t\t>\n<div class=\"siteorigin-widget-tinymce textwidget\">\n\t<div id=\"attachment_997\" style=\"width: 693px\" class=\"wp-caption aligncenter\"><img loading=\"lazy\" aria-describedby=\"caption-attachment-997\" loading=\"lazy\" decoding=\"async\" class=\"size-large wp-image-997\" src=\"http:\/\/dento-budo-dojo.fr\/wp-content\/uploads\/2019\/04\/Marie-Andr\u00e9e-en-sai-683x1024.jpg\" alt=\"Marie-Andr\u00e9e en sai\" width=\"683\" height=\"1024\" srcset=\"http:\/\/dento-budo-dojo.fr\/wp-content\/uploads\/2019\/04\/Marie-Andr\u00e9e-en-sai-200x300.jpg 200w, http:\/\/dento-budo-dojo.fr\/wp-content\/uploads\/2019\/04\/Marie-Andr\u00e9e-en-sai-400x600.jpg 400w, http:\/\/dento-budo-dojo.fr\/wp-content\/uploads\/2019\/04\/Marie-Andr\u00e9e-en-sai-600x900.jpg 600w, http:\/\/dento-budo-dojo.fr\/wp-content\/uploads\/2019\/04\/Marie-Andr\u00e9e-en-sai-683x1024.jpg 683w, http:\/\/dento-budo-dojo.fr\/wp-content\/uploads\/2019\/04\/Marie-Andr\u00e9e-en-sai-768x1152.jpg 768w, http:\/\/dento-budo-dojo.fr\/wp-content\/uploads\/2019\/04\/Marie-Andr\u00e9e-en-sai-800x1200.jpg 800w, http:\/\/dento-budo-dojo.fr\/wp-content\/uploads\/2019\/04\/Marie-Andr\u00e9e-en-sai-1200x1799.jpg 1200w, http:\/\/dento-budo-dojo.fr\/wp-content\/uploads\/2019\/04\/Marie-Andr\u00e9e-en-sai.jpg 1890w\" sizes=\"auto, (max-width: 683px) 100vw, 683px\" \/><p id=\"caption-attachment-997\" class=\"wp-caption-text\"><em><span style=\"color: #800000;\">Marie-Andr\u00e9e en sai<\/span><\/em><\/p><\/div>\n<\/div>\n<\/div><\/div><\/div><\/div><div id=\"pg-803-14\"  class=\"panel-grid panel-no-style\" ><div id=\"pgc-803-14-0\"  class=\"panel-grid-cell\" ><div id=\"panel-803-14-0-0\" class=\"so-panel widget widget_sow-editor panel-first-child panel-last-child\" data-index=\"26\" ><div\n\t\t\t\n\t\t\tclass=\"so-widget-sow-editor so-widget-sow-editor-base\"\n\t\t\t\n\t\t>\n<div class=\"siteorigin-widget-tinymce textwidget\">\n\t<div id=\"attachment_990\" style=\"width: 693px\" class=\"wp-caption aligncenter\"><img loading=\"lazy\" aria-describedby=\"caption-attachment-990\" loading=\"lazy\" decoding=\"async\" class=\"size-large wp-image-990\" src=\"http:\/\/dento-budo-dojo.fr\/wp-content\/uploads\/2019\/04\/S\u00e9bastien-en-sai-683x1024.jpg\" alt=\"S\u00e9bastien en sai\" width=\"683\" height=\"1024\" srcset=\"http:\/\/dento-budo-dojo.fr\/wp-content\/uploads\/2019\/04\/S\u00e9bastien-en-sai-200x300.jpg 200w, http:\/\/dento-budo-dojo.fr\/wp-content\/uploads\/2019\/04\/S\u00e9bastien-en-sai-400x600.jpg 400w, http:\/\/dento-budo-dojo.fr\/wp-content\/uploads\/2019\/04\/S\u00e9bastien-en-sai-600x900.jpg 600w, http:\/\/dento-budo-dojo.fr\/wp-content\/uploads\/2019\/04\/S\u00e9bastien-en-sai-683x1024.jpg 683w, http:\/\/dento-budo-dojo.fr\/wp-content\/uploads\/2019\/04\/S\u00e9bastien-en-sai-768x1152.jpg 768w, http:\/\/dento-budo-dojo.fr\/wp-content\/uploads\/2019\/04\/S\u00e9bastien-en-sai-800x1200.jpg 800w, http:\/\/dento-budo-dojo.fr\/wp-content\/uploads\/2019\/04\/S\u00e9bastien-en-sai-1200x1799.jpg 1200w, http:\/\/dento-budo-dojo.fr\/wp-content\/uploads\/2019\/04\/S\u00e9bastien-en-sai.jpg 1890w\" sizes=\"auto, (max-width: 683px) 100vw, 683px\" \/><p id=\"caption-attachment-990\" class=\"wp-caption-text\"><em><span style=\"color: #800000;\">S\u00e9bastien en sai<\/span><\/em><\/p><\/div>\n<\/div>\n<\/div><\/div><\/div><div id=\"pgc-803-14-1\"  class=\"panel-grid-cell\" ><div id=\"panel-803-14-1-0\" class=\"so-panel widget widget_sow-editor panel-first-child panel-last-child\" data-index=\"27\" ><div\n\t\t\t\n\t\t\tclass=\"so-widget-sow-editor so-widget-sow-editor-base\"\n\t\t\t\n\t\t>\n<div class=\"siteorigin-widget-tinymce textwidget\">\n\t<div id=\"attachment_1005\" style=\"width: 693px\" class=\"wp-caption aligncenter\"><img loading=\"lazy\" aria-describedby=\"caption-attachment-1005\" loading=\"lazy\" decoding=\"async\" class=\"size-large wp-image-1005\" src=\"http:\/\/dento-budo-dojo.fr\/wp-content\/uploads\/2019\/04\/S\u00e9bastien-et-le-boken-683x1024.jpg\" alt=\"S\u00e9bastien et le boken\" width=\"683\" height=\"1024\" srcset=\"http:\/\/dento-budo-dojo.fr\/wp-content\/uploads\/2019\/04\/S\u00e9bastien-et-le-boken-200x300.jpg 200w, http:\/\/dento-budo-dojo.fr\/wp-content\/uploads\/2019\/04\/S\u00e9bastien-et-le-boken-400x600.jpg 400w, http:\/\/dento-budo-dojo.fr\/wp-content\/uploads\/2019\/04\/S\u00e9bastien-et-le-boken-600x900.jpg 600w, http:\/\/dento-budo-dojo.fr\/wp-content\/uploads\/2019\/04\/S\u00e9bastien-et-le-boken-683x1024.jpg 683w, http:\/\/dento-budo-dojo.fr\/wp-content\/uploads\/2019\/04\/S\u00e9bastien-et-le-boken-768x1152.jpg 768w, http:\/\/dento-budo-dojo.fr\/wp-content\/uploads\/2019\/04\/S\u00e9bastien-et-le-boken-800x1200.jpg 800w, http:\/\/dento-budo-dojo.fr\/wp-content\/uploads\/2019\/04\/S\u00e9bastien-et-le-boken-1200x1799.jpg 1200w, http:\/\/dento-budo-dojo.fr\/wp-content\/uploads\/2019\/04\/S\u00e9bastien-et-le-boken.jpg 1890w\" sizes=\"auto, (max-width: 683px) 100vw, 683px\" \/><p id=\"caption-attachment-1005\" class=\"wp-caption-text\"><em><span style=\"color: #800000;\">S\u00e9bastien et le boken<\/span><\/em><\/p><\/div>\n<\/div>\n<\/div><\/div><\/div><div id=\"pgc-803-14-2\"  class=\"panel-grid-cell\" ><div id=\"panel-803-14-2-0\" class=\"so-panel widget widget_sow-editor panel-first-child panel-last-child\" data-index=\"28\" ><div\n\t\t\t\n\t\t\tclass=\"so-widget-sow-editor so-widget-sow-editor-base\"\n\t\t\t\n\t\t>\n<div class=\"siteorigin-widget-tinymce textwidget\">\n\t<div id=\"attachment_999\" style=\"width: 693px\" class=\"wp-caption aligncenter\"><img loading=\"lazy\" aria-describedby=\"caption-attachment-999\" loading=\"lazy\" decoding=\"async\" class=\"size-large wp-image-999\" src=\"http:\/\/dento-budo-dojo.fr\/wp-content\/uploads\/2019\/04\/christian-et-le-boken-683x1024.jpg\" alt=\"christian et le boken\" width=\"683\" height=\"1024\" srcset=\"http:\/\/dento-budo-dojo.fr\/wp-content\/uploads\/2019\/04\/christian-et-le-boken-200x300.jpg 200w, http:\/\/dento-budo-dojo.fr\/wp-content\/uploads\/2019\/04\/christian-et-le-boken-400x600.jpg 400w, http:\/\/dento-budo-dojo.fr\/wp-content\/uploads\/2019\/04\/christian-et-le-boken-600x900.jpg 600w, http:\/\/dento-budo-dojo.fr\/wp-content\/uploads\/2019\/04\/christian-et-le-boken-683x1024.jpg 683w, http:\/\/dento-budo-dojo.fr\/wp-content\/uploads\/2019\/04\/christian-et-le-boken-768x1152.jpg 768w, http:\/\/dento-budo-dojo.fr\/wp-content\/uploads\/2019\/04\/christian-et-le-boken-800x1200.jpg 800w, http:\/\/dento-budo-dojo.fr\/wp-content\/uploads\/2019\/04\/christian-et-le-boken-1200x1799.jpg 1200w, http:\/\/dento-budo-dojo.fr\/wp-content\/uploads\/2019\/04\/christian-et-le-boken.jpg 1890w\" sizes=\"auto, (max-width: 683px) 100vw, 683px\" \/><p id=\"caption-attachment-999\" class=\"wp-caption-text\"><em><span style=\"color: #800000;\">Christian et le boken<\/span><\/em><\/p><\/div>\n<\/div>\n<\/div><\/div><\/div><div id=\"pgc-803-14-3\"  class=\"panel-grid-cell\" ><div id=\"panel-803-14-3-0\" class=\"so-panel widget widget_sow-editor panel-first-child panel-last-child\" data-index=\"29\" ><div\n\t\t\t\n\t\t\tclass=\"so-widget-sow-editor so-widget-sow-editor-base\"\n\t\t\t\n\t\t>\n<div class=\"siteorigin-widget-tinymce textwidget\">\n\t<div id=\"attachment_994\" style=\"width: 693px\" class=\"wp-caption aligncenter\"><img loading=\"lazy\" aria-describedby=\"caption-attachment-994\" loading=\"lazy\" decoding=\"async\" class=\"size-large wp-image-994\" src=\"http:\/\/dento-budo-dojo.fr\/wp-content\/uploads\/2019\/04\/Jean-Paul-et-le-boken-683x1024.jpg\" alt=\"Jean-Paul et le boken\" width=\"683\" height=\"1024\" srcset=\"http:\/\/dento-budo-dojo.fr\/wp-content\/uploads\/2019\/04\/Jean-Paul-et-le-boken-200x300.jpg 200w, http:\/\/dento-budo-dojo.fr\/wp-content\/uploads\/2019\/04\/Jean-Paul-et-le-boken-400x600.jpg 400w, http:\/\/dento-budo-dojo.fr\/wp-content\/uploads\/2019\/04\/Jean-Paul-et-le-boken-600x900.jpg 600w, http:\/\/dento-budo-dojo.fr\/wp-content\/uploads\/2019\/04\/Jean-Paul-et-le-boken-683x1024.jpg 683w, http:\/\/dento-budo-dojo.fr\/wp-content\/uploads\/2019\/04\/Jean-Paul-et-le-boken-768x1152.jpg 768w, http:\/\/dento-budo-dojo.fr\/wp-content\/uploads\/2019\/04\/Jean-Paul-et-le-boken-800x1200.jpg 800w, http:\/\/dento-budo-dojo.fr\/wp-content\/uploads\/2019\/04\/Jean-Paul-et-le-boken-1200x1799.jpg 1200w, http:\/\/dento-budo-dojo.fr\/wp-content\/uploads\/2019\/04\/Jean-Paul-et-le-boken.jpg 1890w\" sizes=\"auto, (max-width: 683px) 100vw, 683px\" \/><p id=\"caption-attachment-994\" class=\"wp-caption-text\"><em><span style=\"color: #800000;\">Jean-Paul et le boken<\/span><\/em><\/p><\/div>\n<\/div>\n<\/div><\/div><\/div><\/div><div id=\"pg-803-15\"  class=\"panel-grid panel-no-style\" ><div id=\"pgc-803-15-0\"  class=\"panel-grid-cell\" ><div id=\"panel-803-15-0-0\" class=\"so-panel widget widget_sow-editor panel-first-child panel-last-child\" data-index=\"30\" ><div\n\t\t\t\n\t\t\tclass=\"so-widget-sow-editor so-widget-sow-editor-base\"\n\t\t\t\n\t\t>\n<div class=\"siteorigin-widget-tinymce textwidget\">\n\t<p>Remplis de multiples impressions, nous avions tous fait le plein d'\u00e9nergie avant l'approche de l'\u00e9t\u00e9 qui se profile devant nous...<\/p>\n<p>Merci au Sok\u00e9 et \u00e0 tous ses assistants pour ce nouvel \u00e9lan sur la Voie du Tengu...<\/p>\n<hr \/>\n<hr \/>\n<p>&nbsp;<\/p>\n<\/div>\n<\/div><\/div><\/div><\/div><div id=\"pg-803-16\"  class=\"panel-grid panel-no-style\" ><div id=\"pgc-803-16-0\"  class=\"panel-grid-cell\" ><div id=\"panel-803-16-0-0\" class=\"so-panel widget widget_sow-editor panel-first-child panel-last-child\" data-index=\"31\" ><div\n\t\t\t\n\t\t\tclass=\"so-widget-sow-editor so-widget-sow-editor-base\"\n\t\t\t\n\t\t><h3 class=\"widget-title\">Stage Koshiki en Allemagne<\/h3>\n<div class=\"siteorigin-widget-tinymce textwidget\">\n\t<div id=\"attachment_972\" style=\"width: 176px\" class=\"wp-caption aligncenter\"><img loading=\"lazy\" aria-describedby=\"caption-attachment-972\" loading=\"lazy\" decoding=\"async\" class=\"wp-image-972\" src=\"http:\/\/dento-budo-dojo.fr\/wp-content\/uploads\/2019\/04\/Helmut-GOTZ.png\" alt=\"Helmut G\u00d6TZ\" width=\"166\" height=\"202\" srcset=\"http:\/\/dento-budo-dojo.fr\/wp-content\/uploads\/2019\/04\/Helmut-GOTZ-200x244.png 200w, http:\/\/dento-budo-dojo.fr\/wp-content\/uploads\/2019\/04\/Helmut-GOTZ-246x300.png 246w, http:\/\/dento-budo-dojo.fr\/wp-content\/uploads\/2019\/04\/Helmut-GOTZ-400x487.png 400w, http:\/\/dento-budo-dojo.fr\/wp-content\/uploads\/2019\/04\/Helmut-GOTZ-600x731.png 600w, http:\/\/dento-budo-dojo.fr\/wp-content\/uploads\/2019\/04\/Helmut-GOTZ.png 662w\" sizes=\"auto, (max-width: 166px) 100vw, 166px\" \/><p id=\"caption-attachment-972\" class=\"wp-caption-text\"><em><span style=\"color: #800000;\">Helmut G\u00d6TZ<\/span><\/em><\/p><\/div>\n<\/div>\n<\/div><\/div><\/div><div id=\"pgc-803-16-1\"  class=\"panel-grid-cell\" ><div id=\"panel-803-16-1-0\" class=\"so-panel widget widget_sow-editor panel-first-child panel-last-child\" data-index=\"32\" ><div\n\t\t\t\n\t\t\tclass=\"so-widget-sow-editor so-widget-sow-editor-base\"\n\t\t\t\n\t\t>\n<div class=\"siteorigin-widget-tinymce textwidget\">\n\t<p>&nbsp;<\/p>\n<p>Weiden, partant de Strasbourg, se trouve de l'autre c\u00f4t\u00e9 de Nuremberg, \u00e0 quelques kilom\u00e8tres de la Tch\u00e9quie. C'est donc en ce lieu que nous nous sommes rendus pour un stage Koshiki. Quatre personnes du d\u00e9partement du Bas-Rhin avaient d\u00e9cid\u00e9 de participer \u00e0 ce stage. Didier, sensei du <strong>Shin'Kyuu Dojo<\/strong> sur Strasbourg et karat\u00e9ka \u00e9galement du <strong>Dento Budo Dojo<\/strong> s'est propos\u00e9 de nous acheminer en ce lieu oriental de l'Allemagne.<\/p>\n<p><strong><span style=\"color: #0000ff;\">Helmut G\u00d6TZ<\/span><\/strong>, sensei au CRB-IT \u00e0 Weiden, s'\u00e9tait propos\u00e9 d'animer un stage Koshiki. C'est donc sous sa direction, anim\u00e9e de quelques explications historiques avec l'appui d'un diaporama, que furent abord\u00e9s quelques Koshiki kata qui font partie du programme officiel et arr\u00eat\u00e9 par <strong><span style=\"color: #0000ff;\">Sok\u00e9 Roland HABERSETZER<\/span><\/strong> du <strong>Tengu-ryu<\/strong>.<\/p>\n<p>La connaissance des Koshiki kata de Helmut est int\u00e9ressante, mais comprenons bien deux \u00e9l\u00e9ments importants\u00a0: le premier, c'est la difficult\u00e9 d'aborder, puis de pratiquer \u00e0 fond la diversit\u00e9 des styles. Mission \u00e9videmment impossible si on veut rentrer dans le c\u0153ur de cette connaissance sinon en gardant une pratique exclusive au reste\u2026 et encore\u2026 La deuxi\u00e8me difficult\u00e9 touche \u00e0 l'amalgame d'une base moderne - par exemple le Shotokan - sur de l'ancien. Le danger, r\u00e9el et bien manifeste, est de coller la m\u00e9moire des gestes acquis sur des formes anciennes\u00a0! Faire du Shorin \u00e0 la Shotokan par exemple\u00a0! Grave erreur de compr\u00e9hension.<\/p>\n<\/div>\n<\/div><\/div><\/div><\/div><div id=\"pg-803-17\"  class=\"panel-grid panel-no-style\" ><div id=\"pgc-803-17-0\"  class=\"panel-grid-cell\" ><div id=\"panel-803-17-0-0\" class=\"so-panel widget widget_sow-editor panel-first-child panel-last-child\" data-index=\"33\" ><div\n\t\t\t\n\t\t\tclass=\"so-widget-sow-editor so-widget-sow-editor-base\"\n\t\t\t\n\t\t>\n<div class=\"siteorigin-widget-tinymce textwidget\">\n\t<p>On peut rajouter une troisi\u00e8me difficult\u00e9\u2026 la place qu'on r\u00e9serve \u00e0 la pratique des Koshiki kata pour la r\u00e9flexion men\u00e9e au sein m\u00eame de notre \u00e9cole, le Tengu-ryu. Pour ma part, la vision est claire. La pratique du Koshiki kata rec\u00e8le de v\u00e9ritables tr\u00e9sors. Je vous en communique un, celui de l'explosivit\u00e9 du geste. Pour cela une approche diff\u00e9rente doit op\u00e9rer dans le corps du karat\u00e9ka lorsqu'il effectue un geste, un encha\u00eenement. Cela suppose une certaine disponibilit\u00e9 du corps mais aussi de l'esprit dans cette nouvelle fa\u00e7on d'envisager la d\u00e9fense. Une v\u00e9ritable remise en question sans pour autant mettre \u00e0 la poubelle les acquis pr\u00e9c\u00e9dents doit se mettre en place pour am\u00e9liorer la technique du karat\u00e9. C'est difficile, car il s'agira dans l'apprentissage du karat\u00e9ka de bien sectoriser ses connaissances. C'est lors des kumit\u00e9 que pourra s'exprimer les panels, vari\u00e9s et cohabitant m\u00eame au sein du karat\u00e9ka, que la r\u00e9alisation s'effectuera. Une exigence, on le comprend, forte.<\/p>\n<p>Selon les styles relevant de la pratique du Koshiki, pensons en priorit\u00e9 \u00e0 l'Okinawa-t\u00e9, les m\u00e9thodes d'enseignement peuvent \u00eatre malgr\u00e9 tout tr\u00e8s diff\u00e9rentes les unes des autres. Je pense par exemple au Goju-ryu de feu ma\u00eetre <span style=\"color: #0000ff;\"><strong>Meitoku YAGI<\/strong><\/span> qui est un karat\u00e9 dont l'expression reste tr\u00e8s souple \u2013 plut\u00f4t que dure souvent pratiqu\u00e9 dans le Goju-ryu occidental voire japonais \u2014 aux d\u00e9placements \"l\u00e9gers\"\u2026 comme sur des coussins d'air. Je pense \u00e9galement au Goju-ryu transmis par feu ma\u00eetre <strong><span style=\"color: #0000ff;\">Tadahiko OHTSUKA<\/span><\/strong> qui est une branche de <span style=\"color: #0000ff;\"><strong>Seiko HIGA<\/strong><\/span>. Consulter pour de plus amples renseignements sur le sujet les articles qui s'y r\u00e9f\u00e8rent dans l'<strong><em><span style=\"color: #339966;\">Encyclop\u00e9die des Arts Martiaux<\/span><\/em><\/strong>, aux \u00e9ditions Amphora, de <em><span style=\"color: #339966;\">Gabrielle et Roland HABERSETZER<\/span><\/em>.<\/p>\n<p>Un stage par d\u00e9finition enrichit, corrige le karat\u00e9ka, ce que Helmut a tr\u00e8s bien fait. Un grand merci pour son temps donn\u00e9 et partag\u00e9 \u00e0 cette pratique que nous faisons nous-m\u00eames r\u00e9guli\u00e8rement \u00e0 S\u00e9lestat.<\/p>\n<p>Weiden, un petit coin d'Allemagne \u00e0 d\u00e9couvrir, par son environnement charmant, restera pour nous un moment agr\u00e9able, m\u00eame si le retour en France fut sous le d\u00e9luge\u2026<\/p>\n<p style=\"text-align: right;\">Jean-Claude B\u00e9nis<\/p>\n<\/div>\n<\/div><\/div><\/div><\/div><div id=\"pg-803-18\"  class=\"panel-grid panel-no-style\" ><div id=\"pgc-803-18-0\"  class=\"panel-grid-cell\" ><div id=\"panel-803-18-0-0\" class=\"so-panel widget widget_sow-editor panel-first-child panel-last-child\" data-index=\"34\" ><div\n\t\t\t\n\t\t\tclass=\"so-widget-sow-editor so-widget-sow-editor-base\"\n\t\t\t\n\t\t>\n<div class=\"siteorigin-widget-tinymce textwidget\">\n\t<div id=\"attachment_976\" style=\"width: 693px\" class=\"wp-caption aligncenter\"><img loading=\"lazy\" aria-describedby=\"caption-attachment-976\" loading=\"lazy\" decoding=\"async\" class=\"size-large wp-image-976\" src=\"http:\/\/dento-budo-dojo.fr\/wp-content\/uploads\/2019\/04\/rohai-shodan-Patrick-683x1024.jpg\" alt=\"Patrick dans une phase du kata Rohai Shodan de l'Itosu-ryu\" width=\"683\" height=\"1024\" srcset=\"http:\/\/dento-budo-dojo.fr\/wp-content\/uploads\/2019\/04\/rohai-shodan-Patrick-200x300.jpg 200w, http:\/\/dento-budo-dojo.fr\/wp-content\/uploads\/2019\/04\/rohai-shodan-Patrick-400x600.jpg 400w, http:\/\/dento-budo-dojo.fr\/wp-content\/uploads\/2019\/04\/rohai-shodan-Patrick-600x900.jpg 600w, http:\/\/dento-budo-dojo.fr\/wp-content\/uploads\/2019\/04\/rohai-shodan-Patrick-683x1024.jpg 683w, http:\/\/dento-budo-dojo.fr\/wp-content\/uploads\/2019\/04\/rohai-shodan-Patrick-768x1152.jpg 768w, http:\/\/dento-budo-dojo.fr\/wp-content\/uploads\/2019\/04\/rohai-shodan-Patrick-800x1200.jpg 800w, http:\/\/dento-budo-dojo.fr\/wp-content\/uploads\/2019\/04\/rohai-shodan-Patrick-1200x1799.jpg 1200w, http:\/\/dento-budo-dojo.fr\/wp-content\/uploads\/2019\/04\/rohai-shodan-Patrick.jpg 1890w\" sizes=\"auto, (max-width: 683px) 100vw, 683px\" \/><p id=\"caption-attachment-976\" class=\"wp-caption-text\"><em><span style=\"color: #800000;\">Patrick dans une phase du kata <\/span><\/em><strong><span style=\"color: #800000;\">Rohai Shodan<\/span><\/strong><em><span style=\"color: #800000;\"> de l'<\/span><\/em><span style=\"color: #800000;\">Itosu-ryu<\/span><em><span style=\"color: #800000;\">.<\/span><\/em><\/p><\/div>\n<\/div>\n<\/div><\/div><\/div><div id=\"pgc-803-18-1\"  class=\"panel-grid-cell\" ><div id=\"panel-803-18-1-0\" class=\"so-panel widget widget_sow-editor panel-first-child panel-last-child\" data-index=\"35\" ><div\n\t\t\t\n\t\t\tclass=\"so-widget-sow-editor so-widget-sow-editor-base\"\n\t\t\t\n\t\t>\n<div class=\"siteorigin-widget-tinymce textwidget\">\n\t<div id=\"attachment_975\" style=\"width: 693px\" class=\"wp-caption aligncenter\"><img loading=\"lazy\" aria-describedby=\"caption-attachment-975\" loading=\"lazy\" decoding=\"async\" class=\"size-large wp-image-975\" src=\"http:\/\/dento-budo-dojo.fr\/wp-content\/uploads\/2019\/04\/rohai-shodan-Didier-683x1024.jpg\" alt=\"Comme Patrick, Didier dans une phase de Rohai Shodan.\" width=\"683\" height=\"1024\" srcset=\"http:\/\/dento-budo-dojo.fr\/wp-content\/uploads\/2019\/04\/rohai-shodan-Didier-200x300.jpg 200w, http:\/\/dento-budo-dojo.fr\/wp-content\/uploads\/2019\/04\/rohai-shodan-Didier-400x600.jpg 400w, http:\/\/dento-budo-dojo.fr\/wp-content\/uploads\/2019\/04\/rohai-shodan-Didier-600x900.jpg 600w, http:\/\/dento-budo-dojo.fr\/wp-content\/uploads\/2019\/04\/rohai-shodan-Didier-683x1024.jpg 683w, http:\/\/dento-budo-dojo.fr\/wp-content\/uploads\/2019\/04\/rohai-shodan-Didier-768x1152.jpg 768w, http:\/\/dento-budo-dojo.fr\/wp-content\/uploads\/2019\/04\/rohai-shodan-Didier-800x1200.jpg 800w, http:\/\/dento-budo-dojo.fr\/wp-content\/uploads\/2019\/04\/rohai-shodan-Didier-1200x1799.jpg 1200w, http:\/\/dento-budo-dojo.fr\/wp-content\/uploads\/2019\/04\/rohai-shodan-Didier.jpg 1890w\" sizes=\"auto, (max-width: 683px) 100vw, 683px\" \/><p id=\"caption-attachment-975\" class=\"wp-caption-text\"><span style=\"color: #800000;\"><em>Comme Patrick, Didier dans une phase de<\/em> Rohai Shodan.<\/span><\/p><\/div>\n<\/div>\n<\/div><\/div><\/div><div id=\"pgc-803-18-2\"  class=\"panel-grid-cell\" ><div id=\"panel-803-18-2-0\" class=\"so-panel widget widget_sow-editor panel-first-child panel-last-child\" data-index=\"36\" ><div\n\t\t\t\n\t\t\tclass=\"so-widget-sow-editor so-widget-sow-editor-base\"\n\t\t\t\n\t\t>\n<div class=\"siteorigin-widget-tinymce textwidget\">\n\t<div id=\"attachment_973\" style=\"width: 693px\" class=\"wp-caption aligncenter\"><img loading=\"lazy\" aria-describedby=\"caption-attachment-973\" loading=\"lazy\" decoding=\"async\" class=\"size-large wp-image-973\" src=\"http:\/\/dento-budo-dojo.fr\/wp-content\/uploads\/2019\/04\/rohai-shodan-683x1024.jpg\" alt=\"Toujours Rohai Shodan. Il existe trois Rohai dans l'Itosu-ryu.\" width=\"683\" height=\"1024\" srcset=\"http:\/\/dento-budo-dojo.fr\/wp-content\/uploads\/2019\/04\/rohai-shodan-200x300.jpg 200w, http:\/\/dento-budo-dojo.fr\/wp-content\/uploads\/2019\/04\/rohai-shodan-400x600.jpg 400w, http:\/\/dento-budo-dojo.fr\/wp-content\/uploads\/2019\/04\/rohai-shodan-600x900.jpg 600w, http:\/\/dento-budo-dojo.fr\/wp-content\/uploads\/2019\/04\/rohai-shodan-683x1024.jpg 683w, http:\/\/dento-budo-dojo.fr\/wp-content\/uploads\/2019\/04\/rohai-shodan-768x1152.jpg 768w, http:\/\/dento-budo-dojo.fr\/wp-content\/uploads\/2019\/04\/rohai-shodan-800x1200.jpg 800w, http:\/\/dento-budo-dojo.fr\/wp-content\/uploads\/2019\/04\/rohai-shodan-1200x1799.jpg 1200w, http:\/\/dento-budo-dojo.fr\/wp-content\/uploads\/2019\/04\/rohai-shodan.jpg 1890w\" sizes=\"auto, (max-width: 683px) 100vw, 683px\" \/><p id=\"caption-attachment-973\" class=\"wp-caption-text\"><span style=\"color: #800000;\"><em>Toujours Rohai Shodan. Il existe trois <\/em>Rohai <em>dans l'<\/em>Itosu-ryu<em>.<\/em><\/span><\/p><\/div>\n<\/div>\n<\/div><\/div><\/div><\/div><div id=\"pg-803-19\"  class=\"panel-grid panel-no-style\" ><div id=\"pgc-803-19-0\"  class=\"panel-grid-cell\" ><div id=\"panel-803-19-0-0\" class=\"so-panel widget widget_sow-editor panel-first-child panel-last-child\" data-index=\"37\" ><div\n\t\t\t\n\t\t\tclass=\"so-widget-sow-editor so-widget-sow-editor-base\"\n\t\t\t\n\t\t>\n<div class=\"siteorigin-widget-tinymce textwidget\">\n\t<div id=\"attachment_974\" style=\"width: 778px\" class=\"wp-caption aligncenter\"><img loading=\"lazy\" aria-describedby=\"caption-attachment-974\" loading=\"lazy\" decoding=\"async\" class=\"wp-image-974\" src=\"http:\/\/dento-budo-dojo.fr\/wp-content\/uploads\/2019\/04\/Dento-Budo-Dojo-1024x512.jpg\" alt=\"Notre petit groupe du Dento Budo Dojo venu au stage\" width=\"768\" height=\"384\" srcset=\"http:\/\/dento-budo-dojo.fr\/wp-content\/uploads\/2019\/04\/Dento-Budo-Dojo-200x100.jpg 200w, http:\/\/dento-budo-dojo.fr\/wp-content\/uploads\/2019\/04\/Dento-Budo-Dojo-300x150.jpg 300w, http:\/\/dento-budo-dojo.fr\/wp-content\/uploads\/2019\/04\/Dento-Budo-Dojo-400x200.jpg 400w, http:\/\/dento-budo-dojo.fr\/wp-content\/uploads\/2019\/04\/Dento-Budo-Dojo-600x300.jpg 600w, http:\/\/dento-budo-dojo.fr\/wp-content\/uploads\/2019\/04\/Dento-Budo-Dojo-768x384.jpg 768w, http:\/\/dento-budo-dojo.fr\/wp-content\/uploads\/2019\/04\/Dento-Budo-Dojo-800x400.jpg 800w, http:\/\/dento-budo-dojo.fr\/wp-content\/uploads\/2019\/04\/Dento-Budo-Dojo-1024x512.jpg 1024w, http:\/\/dento-budo-dojo.fr\/wp-content\/uploads\/2019\/04\/Dento-Budo-Dojo-1200x600.jpg 1200w\" sizes=\"auto, (max-width: 768px) 100vw, 768px\" \/><p id=\"caption-attachment-974\" class=\"wp-caption-text\"><em><span style=\"color: #800000;\">Notre petit groupe venu au stage Koshiki kata<\/span><\/em><\/p><\/div>\n<hr \/>\n<hr \/>\n<p>&nbsp;<\/p>\n<\/div>\n<\/div><\/div><\/div><\/div><div id=\"pg-803-20\"  class=\"panel-grid panel-no-style\" ><div id=\"pgc-803-20-0\"  class=\"panel-grid-cell\" ><div id=\"panel-803-20-0-0\" class=\"so-panel widget widget_sow-editor panel-first-child panel-last-child\" data-index=\"38\" ><div\n\t\t\t\n\t\t\tclass=\"so-widget-sow-editor so-widget-sow-editor-base\"\n\t\t\t\n\t\t><h3 class=\"widget-title\">Kan Geiko 2018, notre stage d'hiver<\/h3>\n<div class=\"siteorigin-widget-tinymce textwidget\">\n\t<h2>Un stage d\u2019exception\u00a0!<\/h2>\n<p>&nbsp;<\/p>\n<p>Notre association, pr\u00e9sente, comme chaque ann\u00e9e, au c\u00e9l\u00e8bre stage d\u2019hiver \u2013 <strong>Kan Geiko<\/strong> \u2013 restera dans les m\u00e9moires de nombreux karat\u00e9kas. Si certains \u00e9taient en gilet jaune, nous, nous \u00e9tions en kimono blanc\u00a0! Des perturbations parsem\u00e9es sur le territoire n\u2019ont pas emp\u00each\u00e9 de nous rassembler pour ce 55<sup>e<\/sup> stage\u00a0organis\u00e9 par <strong>Sensei Roland HABERSETZER<\/strong>. Les stagiaires venaient de partout\u2026 de France comme de l\u2019\u00e9tranger, avec notamment une d\u00e9l\u00e9gation russe. Celle-ci nous a r\u00e9serv\u00e9 quelques belles surprises, avec d\u2019une part la tr\u00e8s belle prestation de Natalia Schukina qui a brillamment r\u00e9ussi son passage de grade pour le titre de Shoshi-Ho (3<sup>e<\/sup> dan en Tengu-ryu Karat\u00e9-do) et la d\u00e9monstration de Sacha du kata <em>Chinto<\/em> d\u2019une branche de <em>Shorin-ryu<\/em>, de <em>Yoshitaka Taira<\/em>.<\/p>\n<div id=\"attachment_1039\" style=\"width: 1034px\" class=\"wp-caption aligncenter\"><img loading=\"lazy\" aria-describedby=\"caption-attachment-1039\" loading=\"lazy\" decoding=\"async\" class=\"size-large wp-image-1039\" src=\"http:\/\/dento-budo-dojo.fr\/wp-content\/uploads\/2019\/04\/Kan-Geiko-2018-1024x230.jpg\" alt=\"Karat\u00e9kas participant au Kan Geiko 2018\" width=\"1024\" height=\"230\" srcset=\"http:\/\/dento-budo-dojo.fr\/wp-content\/uploads\/2019\/04\/Kan-Geiko-2018-200x45.jpg 200w, http:\/\/dento-budo-dojo.fr\/wp-content\/uploads\/2019\/04\/Kan-Geiko-2018-300x68.jpg 300w, http:\/\/dento-budo-dojo.fr\/wp-content\/uploads\/2019\/04\/Kan-Geiko-2018-400x90.jpg 400w, http:\/\/dento-budo-dojo.fr\/wp-content\/uploads\/2019\/04\/Kan-Geiko-2018-600x135.jpg 600w, http:\/\/dento-budo-dojo.fr\/wp-content\/uploads\/2019\/04\/Kan-Geiko-2018-768x173.jpg 768w, http:\/\/dento-budo-dojo.fr\/wp-content\/uploads\/2019\/04\/Kan-Geiko-2018-800x180.jpg 800w, http:\/\/dento-budo-dojo.fr\/wp-content\/uploads\/2019\/04\/Kan-Geiko-2018-1024x230.jpg 1024w, http:\/\/dento-budo-dojo.fr\/wp-content\/uploads\/2019\/04\/Kan-Geiko-2018-1200x270.jpg 1200w\" sizes=\"auto, (max-width: 1024px) 100vw, 1024px\" \/><p id=\"caption-attachment-1039\" class=\"wp-caption-text\"><em><span style=\"color: #800000;\">Karat\u00e9kas participant au Kan Geiko 2018<\/span><\/em><\/p><\/div>\n<p>Les difficult\u00e9s de ce stage \u00e9taient nombreuses. Le nombre de karat\u00e9kas pr\u00e9sents, avoisinant les 120 personnes, nous obligeait tous \u00e0 r\u00e9ellement prendre en consid\u00e9ration l\u2019espace environnant. C\u2019\u00e9tait ainsi une excellente occasion de ne pas rester focalis\u00e9 sur son seul partenaire pour le travail des <em>kumit\u00e9<\/em>, et de prendre en compte la proximit\u00e9 spatiale qui de toute fa\u00e7on ne doit jamais \u00eatre oubli\u00e9e.<\/p>\n<\/div>\n<\/div><\/div><\/div><\/div><div id=\"pg-803-21\"  class=\"panel-grid panel-no-style\" ><div id=\"pgc-803-21-0\"  class=\"panel-grid-cell\" ><div id=\"panel-803-21-0-0\" class=\"so-panel widget widget_sow-editor panel-first-child panel-last-child\" data-index=\"39\" ><div\n\t\t\t\n\t\t\tclass=\"so-widget-sow-editor so-widget-sow-editor-base\"\n\t\t\t\n\t\t>\n<div class=\"siteorigin-widget-tinymce textwidget\">\n\t<div id=\"attachment_1049\" style=\"width: 693px\" class=\"wp-caption aligncenter\"><img loading=\"lazy\" aria-describedby=\"caption-attachment-1049\" loading=\"lazy\" decoding=\"async\" class=\"size-large wp-image-1049\" src=\"http:\/\/dento-budo-dojo.fr\/wp-content\/uploads\/2019\/04\/Sensei-en-Kumit\u00e9-683x1024.jpg\" alt=\"Sensei en Kumit\u00e9 sous un regard attentif d'Alexander.\" width=\"683\" height=\"1024\" srcset=\"http:\/\/dento-budo-dojo.fr\/wp-content\/uploads\/2019\/04\/Sensei-en-Kumit\u00e9-200x300.jpg 200w, http:\/\/dento-budo-dojo.fr\/wp-content\/uploads\/2019\/04\/Sensei-en-Kumit\u00e9-400x600.jpg 400w, http:\/\/dento-budo-dojo.fr\/wp-content\/uploads\/2019\/04\/Sensei-en-Kumit\u00e9-600x900.jpg 600w, http:\/\/dento-budo-dojo.fr\/wp-content\/uploads\/2019\/04\/Sensei-en-Kumit\u00e9-683x1024.jpg 683w, http:\/\/dento-budo-dojo.fr\/wp-content\/uploads\/2019\/04\/Sensei-en-Kumit\u00e9-768x1152.jpg 768w, http:\/\/dento-budo-dojo.fr\/wp-content\/uploads\/2019\/04\/Sensei-en-Kumit\u00e9-800x1200.jpg 800w, http:\/\/dento-budo-dojo.fr\/wp-content\/uploads\/2019\/04\/Sensei-en-Kumit\u00e9-1200x1799.jpg 1200w, http:\/\/dento-budo-dojo.fr\/wp-content\/uploads\/2019\/04\/Sensei-en-Kumit\u00e9.jpg 1890w\" sizes=\"auto, (max-width: 683px) 100vw, 683px\" \/><p id=\"caption-attachment-1049\" class=\"wp-caption-text\"><span style=\"color: #800000;\">Sensei<\/span><em><span style=\"color: #800000;\"> en Kumit\u00e9 sous un regard attentif d'<\/span><\/em><span style=\"color: #800000;\">Alexander<\/span><em><span style=\"color: #800000;\">.<\/span><\/em><\/p><\/div>\n<\/div>\n<\/div><\/div><\/div><div id=\"pgc-803-21-1\"  class=\"panel-grid-cell\" ><div id=\"panel-803-21-1-0\" class=\"so-panel widget widget_sow-editor panel-first-child panel-last-child\" data-index=\"40\" ><div\n\t\t\t\n\t\t\tclass=\"so-widget-sow-editor so-widget-sow-editor-base\"\n\t\t\t\n\t\t>\n<div class=\"siteorigin-widget-tinymce textwidget\">\n\t<p>La pratique, parfois la d\u00e9couverte, des formes r\u00e9centes cr\u00e9\u00e9es par notre Sok\u00e9 du Tengu-ryu \u00e0 travers le <em>Goshin<\/em> fut un travail exigeant. La m\u00e9morisation, souvent difficile par la rondeur des formes \u2013 ce que les karat\u00e9kas n\u2019ont pas forc\u00e9ment l\u2019habitude de pratiquer \u2013 et le rythme avec des sensations particuli\u00e8res de toucher rendaient l\u2019apprentissage loin d\u2019\u00eatre \u00e9vident au premier abord. Mais c\u2019\u00e9tait aussi l\u2019occasion \u2013 peut-\u00eatre la derni\u00e8re\u00a0? \u2013 de renforcer les concepts sous-jacents de notre karat\u00e9 qui veulent coller \u00e0 la r\u00e9alit\u00e9 d\u2019aujourd\u2019hui sans en oublier ses racines v\u00e9hicul\u00e9es par la Tradition des Arts Martiaux\u2026 loin des d\u00e9rives sportives souvent au caract\u00e8re trop ludique.<\/p>\n<p>La preuve certaine de l\u2019int\u00e9r\u00eat port\u00e9e \u00e0 notre <em>ryu<\/em> (\u00e9cole traditionnelle au Japon) se manifeste par l\u2019assiduit\u00e9 port\u00e9e par de nombreux karat\u00e9kas. Ceux-ci viennent parfois, pour ne pas dire souvent, de tr\u00e8s loin, et ce, malgr\u00e9 les difficult\u00e9s qu\u2019on conna\u00eet aujourd\u2019hui (le transport, l\u2019\u00e9conomie, le temps\u2026). On ne ferait pas un d\u00e9placement de cette sorte s\u2019il n\u2019y avait pas un v\u00e9ritable objectif\u00a0: celui de progresser, afin d\u2019enrichir sa pratique, mais au-del\u00e0, de la transmettre aux futures g\u00e9n\u00e9rations. Un Budo est un tr\u00e9sor, qui est bon pour la sant\u00e9 en temps de paix, mais un moyen de d\u00e9fense en temps de guerre\u2026 Il semblerait, insidieusement, sournoisement, que la pratique de notre karat\u00e9 prenne davantage la direction, demain, de celle de la riposte face \u00e0 une violence av\u00e9r\u00e9e. Puissions nous avoir tort et nous en serions ravis. Mais l\u2019inqui\u00e9tude grandit, au fur et \u00e0 mesure de ces d\u00e9monstrations o\u00f9 visiblement certaines personnes veulent en d\u00e9coudre. Aurions-nous perdu l\u2019usage de la simple parole devant celui de la violence physique\u00a0?<\/p>\n<p>Toutes les lignes directrices qui nous ont \u00e9t\u00e9 montr\u00e9es par notre Sok\u00e9 doivent maintenant faire \u00e9cho dans l\u2019enseignement des dojos. La charge en reviendra aux Sensei. C\u2019est \u00e9videmment par la r\u00e9flexion, par la p\u00e9dagogie, par les d\u00e9monstrations qu\u2019on pourra faire progresser les \u00e9l\u00e8ves pr\u00e9sents dans nos dojos. C\u2019est un enseignement difficile car tr\u00e8s exigeant. La premi\u00e8re de ces exigences sera l\u2019assiduit\u00e9\u2026 Mais les contraintes \u2013 parfois compr\u00e9hensibles, mais plus souvent pas tr\u00e8s recevables, disons-le\u00a0! \u2013 n\u2019aident pas pour entrevoir un v\u00e9ritable progr\u00e8s. \u00c0 croire que la d\u00e9fense n\u2019est pas un enjeu si important, m\u00eame pour les pratiquants d\u2019Arts martiaux\u2026 Et pourtant, la conjoncture montre bien que la d\u00e9fense personnelle sera un atout consid\u00e9rable pour la survie. Mais pour le moment nombreux sont ceux qui n\u2019y pensent m\u00eame pas\u00a0!<\/p>\n<\/div>\n<\/div><\/div><\/div><\/div><div id=\"pg-803-22\"  class=\"panel-grid panel-no-style\" ><div id=\"pgc-803-22-0\"  class=\"panel-grid-cell\" ><div id=\"panel-803-22-0-0\" class=\"so-panel widget widget_sow-editor panel-first-child panel-last-child\" data-index=\"41\" ><div\n\t\t\t\n\t\t\tclass=\"so-widget-sow-editor so-widget-sow-editor-base\"\n\t\t\t\n\t\t>\n<div class=\"siteorigin-widget-tinymce textwidget\">\n\t<p>\u00c0 l\u2019approche des f\u00eates de fin d\u2019ann\u00e9e, que d\u2019interrogations plus que jamais pr\u00e9sentes devant nous vient assombrir ce qui devrait \u00eatre un moment de joie, de partage, dans la bonne humeur. Aurions-nous oubli\u00e9 cela\u00a0?<\/p>\n<\/div>\n<\/div><\/div><\/div><\/div><div id=\"pg-803-23\"  class=\"panel-grid panel-no-style\" ><div id=\"pgc-803-23-0\"  class=\"panel-grid-cell\" ><div id=\"panel-803-23-0-0\" class=\"so-panel widget widget_sow-editor panel-first-child panel-last-child\" data-index=\"42\" ><div\n\t\t\t\n\t\t\tclass=\"so-widget-sow-editor so-widget-sow-editor-base\"\n\t\t\t\n\t\t>\n<div class=\"siteorigin-widget-tinymce textwidget\">\n\t<div id=\"attachment_1041\" style=\"width: 1034px\" class=\"wp-caption aligncenter\"><img loading=\"lazy\" aria-describedby=\"caption-attachment-1041\" loading=\"lazy\" decoding=\"async\" class=\"size-large wp-image-1041\" src=\"http:\/\/dento-budo-dojo.fr\/wp-content\/uploads\/2019\/04\/Natalia-en-kumit\u00e9-1024x683.jpg\" alt=\"Natalia en kumit\u00e9 kata.\" width=\"1024\" height=\"683\" srcset=\"http:\/\/dento-budo-dojo.fr\/wp-content\/uploads\/2019\/04\/Natalia-en-kumit\u00e9-200x133.jpg 200w, http:\/\/dento-budo-dojo.fr\/wp-content\/uploads\/2019\/04\/Natalia-en-kumit\u00e9-272x182.jpg 272w, http:\/\/dento-budo-dojo.fr\/wp-content\/uploads\/2019\/04\/Natalia-en-kumit\u00e9-300x200.jpg 300w, http:\/\/dento-budo-dojo.fr\/wp-content\/uploads\/2019\/04\/Natalia-en-kumit\u00e9-400x267.jpg 400w, http:\/\/dento-budo-dojo.fr\/wp-content\/uploads\/2019\/04\/Natalia-en-kumit\u00e9-600x400.jpg 600w, http:\/\/dento-budo-dojo.fr\/wp-content\/uploads\/2019\/04\/Natalia-en-kumit\u00e9-768x512.jpg 768w, http:\/\/dento-budo-dojo.fr\/wp-content\/uploads\/2019\/04\/Natalia-en-kumit\u00e9-800x534.jpg 800w, http:\/\/dento-budo-dojo.fr\/wp-content\/uploads\/2019\/04\/Natalia-en-kumit\u00e9-1024x683.jpg 1024w, http:\/\/dento-budo-dojo.fr\/wp-content\/uploads\/2019\/04\/Natalia-en-kumit\u00e9-1200x800.jpg 1200w\" sizes=\"auto, (max-width: 1024px) 100vw, 1024px\" \/><p id=\"caption-attachment-1041\" class=\"wp-caption-text\"><em><span style=\"color: #800000;\">Natalia en kumit\u00e9 kata.<\/span><\/em><\/p><\/div>\n<\/div>\n<\/div><\/div><\/div><div id=\"pgc-803-23-1\"  class=\"panel-grid-cell\" ><div id=\"panel-803-23-1-0\" class=\"so-panel widget widget_sow-editor panel-first-child panel-last-child\" data-index=\"43\" ><div\n\t\t\t\n\t\t\tclass=\"so-widget-sow-editor so-widget-sow-editor-base\"\n\t\t\t\n\t\t>\n<div class=\"siteorigin-widget-tinymce textwidget\">\n\t<div id=\"attachment_1042\" style=\"width: 1034px\" class=\"wp-caption aligncenter\"><img loading=\"lazy\" aria-describedby=\"caption-attachment-1042\" loading=\"lazy\" decoding=\"async\" class=\"size-large wp-image-1042\" src=\"http:\/\/dento-budo-dojo.fr\/wp-content\/uploads\/2019\/04\/Natalia-qui-projette-1024x683.jpg\" alt=\"Natalia qui projette sous le regard de Jacques FAIEFF.\" width=\"1024\" height=\"683\" srcset=\"http:\/\/dento-budo-dojo.fr\/wp-content\/uploads\/2019\/04\/Natalia-qui-projette-200x133.jpg 200w, http:\/\/dento-budo-dojo.fr\/wp-content\/uploads\/2019\/04\/Natalia-qui-projette-272x182.jpg 272w, http:\/\/dento-budo-dojo.fr\/wp-content\/uploads\/2019\/04\/Natalia-qui-projette-300x200.jpg 300w, http:\/\/dento-budo-dojo.fr\/wp-content\/uploads\/2019\/04\/Natalia-qui-projette-400x267.jpg 400w, http:\/\/dento-budo-dojo.fr\/wp-content\/uploads\/2019\/04\/Natalia-qui-projette-600x400.jpg 600w, http:\/\/dento-budo-dojo.fr\/wp-content\/uploads\/2019\/04\/Natalia-qui-projette-768x512.jpg 768w, http:\/\/dento-budo-dojo.fr\/wp-content\/uploads\/2019\/04\/Natalia-qui-projette-800x534.jpg 800w, http:\/\/dento-budo-dojo.fr\/wp-content\/uploads\/2019\/04\/Natalia-qui-projette-1024x683.jpg 1024w, http:\/\/dento-budo-dojo.fr\/wp-content\/uploads\/2019\/04\/Natalia-qui-projette-1200x800.jpg 1200w\" sizes=\"auto, (max-width: 1024px) 100vw, 1024px\" \/><p id=\"caption-attachment-1042\" class=\"wp-caption-text\"><em><span style=\"color: #800000;\">Natalia qui projette sous le regard de Jacques FAIEFF.<\/span><\/em><\/p><\/div>\n<\/div>\n<\/div><\/div><\/div><div id=\"pgc-803-23-2\"  class=\"panel-grid-cell\" ><div id=\"panel-803-23-2-0\" class=\"so-panel widget widget_sow-editor panel-first-child panel-last-child\" data-index=\"44\" ><div\n\t\t\t\n\t\t\tclass=\"so-widget-sow-editor so-widget-sow-editor-base\"\n\t\t\t\n\t\t>\n<div class=\"siteorigin-widget-tinymce textwidget\">\n\t<div id=\"attachment_1043\" style=\"width: 1034px\" class=\"wp-caption aligncenter\"><img loading=\"lazy\" aria-describedby=\"caption-attachment-1043\" loading=\"lazy\" decoding=\"async\" class=\"size-large wp-image-1043\" src=\"http:\/\/dento-budo-dojo.fr\/wp-content\/uploads\/2019\/04\/Natalia-effectuant-un-hiza-geri-1024x683.jpg\" alt=\"Natalia effectuant un hiza geri avec Alex HAUWAERT en arri\u00e8re plan.\" width=\"1024\" height=\"683\" srcset=\"http:\/\/dento-budo-dojo.fr\/wp-content\/uploads\/2019\/04\/Natalia-effectuant-un-hiza-geri-200x133.jpg 200w, http:\/\/dento-budo-dojo.fr\/wp-content\/uploads\/2019\/04\/Natalia-effectuant-un-hiza-geri-272x182.jpg 272w, http:\/\/dento-budo-dojo.fr\/wp-content\/uploads\/2019\/04\/Natalia-effectuant-un-hiza-geri-300x200.jpg 300w, http:\/\/dento-budo-dojo.fr\/wp-content\/uploads\/2019\/04\/Natalia-effectuant-un-hiza-geri-400x267.jpg 400w, http:\/\/dento-budo-dojo.fr\/wp-content\/uploads\/2019\/04\/Natalia-effectuant-un-hiza-geri-600x400.jpg 600w, http:\/\/dento-budo-dojo.fr\/wp-content\/uploads\/2019\/04\/Natalia-effectuant-un-hiza-geri-768x512.jpg 768w, http:\/\/dento-budo-dojo.fr\/wp-content\/uploads\/2019\/04\/Natalia-effectuant-un-hiza-geri-800x534.jpg 800w, http:\/\/dento-budo-dojo.fr\/wp-content\/uploads\/2019\/04\/Natalia-effectuant-un-hiza-geri-1024x683.jpg 1024w, http:\/\/dento-budo-dojo.fr\/wp-content\/uploads\/2019\/04\/Natalia-effectuant-un-hiza-geri-1200x800.jpg 1200w\" sizes=\"auto, (max-width: 1024px) 100vw, 1024px\" \/><p id=\"caption-attachment-1043\" class=\"wp-caption-text\"><em><span style=\"color: #800000;\">Natalia effectuant un <\/span><\/em><span style=\"color: #800000;\">hiza geri<\/span><em><span style=\"color: #800000;\"> avec Alex HAUWAERT en arri\u00e8re plan.<\/span><\/em><\/p><\/div>\n<\/div>\n<\/div><\/div><\/div><div id=\"pgc-803-23-3\"  class=\"panel-grid-cell\" ><div id=\"panel-803-23-3-0\" class=\"so-panel widget widget_sow-editor panel-first-child panel-last-child\" data-index=\"45\" ><div\n\t\t\t\n\t\t\tclass=\"so-widget-sow-editor so-widget-sow-editor-base\"\n\t\t\t\n\t\t>\n<div class=\"siteorigin-widget-tinymce textwidget\">\n\t<div id=\"attachment_1044\" style=\"width: 1034px\" class=\"wp-caption aligncenter\"><img loading=\"lazy\" aria-describedby=\"caption-attachment-1044\" loading=\"lazy\" decoding=\"async\" class=\"size-large wp-image-1044\" src=\"http:\/\/dento-budo-dojo.fr\/wp-content\/uploads\/2019\/04\/Natalia-juste-apr\u00e8s-un-soto-hiraki-1024x683.jpg\" alt=\"Natalia juste apr\u00e8s un soto hiraki\" width=\"1024\" height=\"683\" srcset=\"http:\/\/dento-budo-dojo.fr\/wp-content\/uploads\/2019\/04\/Natalia-juste-apr\u00e8s-un-soto-hiraki-200x133.jpg 200w, http:\/\/dento-budo-dojo.fr\/wp-content\/uploads\/2019\/04\/Natalia-juste-apr\u00e8s-un-soto-hiraki-272x182.jpg 272w, http:\/\/dento-budo-dojo.fr\/wp-content\/uploads\/2019\/04\/Natalia-juste-apr\u00e8s-un-soto-hiraki-300x200.jpg 300w, http:\/\/dento-budo-dojo.fr\/wp-content\/uploads\/2019\/04\/Natalia-juste-apr\u00e8s-un-soto-hiraki-400x267.jpg 400w, http:\/\/dento-budo-dojo.fr\/wp-content\/uploads\/2019\/04\/Natalia-juste-apr\u00e8s-un-soto-hiraki-600x400.jpg 600w, http:\/\/dento-budo-dojo.fr\/wp-content\/uploads\/2019\/04\/Natalia-juste-apr\u00e8s-un-soto-hiraki-768x512.jpg 768w, http:\/\/dento-budo-dojo.fr\/wp-content\/uploads\/2019\/04\/Natalia-juste-apr\u00e8s-un-soto-hiraki-800x534.jpg 800w, http:\/\/dento-budo-dojo.fr\/wp-content\/uploads\/2019\/04\/Natalia-juste-apr\u00e8s-un-soto-hiraki-1024x683.jpg 1024w, http:\/\/dento-budo-dojo.fr\/wp-content\/uploads\/2019\/04\/Natalia-juste-apr\u00e8s-un-soto-hiraki-1200x800.jpg 1200w\" sizes=\"auto, (max-width: 1024px) 100vw, 1024px\" \/><p id=\"caption-attachment-1044\" class=\"wp-caption-text\"><em><span style=\"color: #800000;\">Natalia juste apr\u00e8s un <\/span><\/em><span style=\"color: #800000;\">soto hiraki <em>avec Sacha comme partenaire.<\/em><\/span><\/p><\/div>\n<\/div>\n<\/div><\/div><\/div><\/div><div id=\"pg-803-24\"  class=\"panel-grid panel-no-style\" ><div id=\"pgc-803-24-0\"  class=\"panel-grid-cell\" ><div id=\"panel-803-24-0-0\" class=\"so-panel widget widget_sow-editor panel-first-child panel-last-child\" data-index=\"46\" ><div\n\t\t\t\n\t\t\tclass=\"so-widget-sow-editor so-widget-sow-editor-base\"\n\t\t\t\n\t\t>\n<div class=\"siteorigin-widget-tinymce textwidget\">\n\t<div id=\"attachment_1040\" style=\"width: 672px\" class=\"wp-caption aligncenter\"><img loading=\"lazy\" aria-describedby=\"caption-attachment-1040\" loading=\"lazy\" decoding=\"async\" class=\"size-full wp-image-1040\" src=\"http:\/\/dento-budo-dojo.fr\/wp-content\/uploads\/2019\/04\/Natalia.png\" alt=\"Natalia Schukina\" width=\"662\" height=\"806\" srcset=\"http:\/\/dento-budo-dojo.fr\/wp-content\/uploads\/2019\/04\/Natalia-200x244.png 200w, http:\/\/dento-budo-dojo.fr\/wp-content\/uploads\/2019\/04\/Natalia-246x300.png 246w, http:\/\/dento-budo-dojo.fr\/wp-content\/uploads\/2019\/04\/Natalia-400x487.png 400w, http:\/\/dento-budo-dojo.fr\/wp-content\/uploads\/2019\/04\/Natalia-600x731.png 600w, http:\/\/dento-budo-dojo.fr\/wp-content\/uploads\/2019\/04\/Natalia.png 662w\" sizes=\"auto, (max-width: 662px) 100vw, 662px\" \/><p id=\"caption-attachment-1040\" class=\"wp-caption-text\"><em><strong><span style=\"color: #800000;\">Natalia Schukina<\/span><\/strong><\/em><\/p><\/div>\n<\/div>\n<\/div><\/div><\/div><div id=\"pgc-803-24-1\"  class=\"panel-grid-cell\" ><div id=\"panel-803-24-1-0\" class=\"so-panel widget widget_sow-editor panel-first-child panel-last-child\" data-index=\"47\" ><div\n\t\t\t\n\t\t\tclass=\"so-widget-sow-editor so-widget-sow-editor-base\"\n\t\t\t\n\t\t><h3 class=\"widget-title\">Groupe russe au stage d'hiver, Kan Geiko.<\/h3>\n<div class=\"siteorigin-widget-tinymce textwidget\">\n\t<div id=\"attachment_1045\" style=\"width: 1034px\" class=\"wp-caption aligncenter\"><img loading=\"lazy\" aria-describedby=\"caption-attachment-1045\" loading=\"lazy\" decoding=\"async\" class=\"size-large wp-image-1045\" src=\"http:\/\/dento-budo-dojo.fr\/wp-content\/uploads\/2019\/04\/Groupe-russe-1024x683.jpg\" alt=\"Groupe russe avec Sok\u00e9 Roland HABERSETZER. Sur la gauche, Sacha qui fut pour le kumit\u00e9 partenaire de Natalia, et sur la droite, Dimitri venant de Moscou.\" width=\"1024\" height=\"683\" srcset=\"http:\/\/dento-budo-dojo.fr\/wp-content\/uploads\/2019\/04\/Groupe-russe-200x133.jpg 200w, http:\/\/dento-budo-dojo.fr\/wp-content\/uploads\/2019\/04\/Groupe-russe-272x182.jpg 272w, http:\/\/dento-budo-dojo.fr\/wp-content\/uploads\/2019\/04\/Groupe-russe-300x200.jpg 300w, http:\/\/dento-budo-dojo.fr\/wp-content\/uploads\/2019\/04\/Groupe-russe-400x267.jpg 400w, http:\/\/dento-budo-dojo.fr\/wp-content\/uploads\/2019\/04\/Groupe-russe-600x400.jpg 600w, http:\/\/dento-budo-dojo.fr\/wp-content\/uploads\/2019\/04\/Groupe-russe-768x512.jpg 768w, http:\/\/dento-budo-dojo.fr\/wp-content\/uploads\/2019\/04\/Groupe-russe-800x534.jpg 800w, http:\/\/dento-budo-dojo.fr\/wp-content\/uploads\/2019\/04\/Groupe-russe-1024x683.jpg 1024w, http:\/\/dento-budo-dojo.fr\/wp-content\/uploads\/2019\/04\/Groupe-russe-1200x800.jpg 1200w\" sizes=\"auto, (max-width: 1024px) 100vw, 1024px\" \/><p id=\"caption-attachment-1045\" class=\"wp-caption-text\"><em><span style=\"color: #800000;\">Groupe russe avec <\/span><\/em><span style=\"color: #800000;\">Sok\u00e9 Roland HABERSETZER<\/span><em><span style=\"color: #800000;\">. Sur la gauche, <\/span><\/em><span style=\"color: #800000;\">Sacha<\/span><em><span style=\"color: #800000;\"> qui fut pour le kumit\u00e9 partenaire de <\/span><\/em><span style=\"color: #800000;\">Natalia<\/span><em><span style=\"color: #800000;\">, et sur la droite, <\/span><\/em><span style=\"color: #800000;\">Dimitri<\/span><em><span style=\"color: #800000;\"> venant de Moscou.<\/span><\/em><\/p><\/div>\n<\/div>\n<\/div><\/div><\/div><div id=\"pgc-803-24-2\"  class=\"panel-grid-cell\" ><div id=\"panel-803-24-2-0\" class=\"so-panel widget widget_sow-editor panel-first-child panel-last-child\" data-index=\"48\" ><div\n\t\t\t\n\t\t\tclass=\"so-widget-sow-editor so-widget-sow-editor-base\"\n\t\t\t\n\t\t>\n<div class=\"siteorigin-widget-tinymce textwidget\">\n\t<div id=\"attachment_1051\" style=\"width: 693px\" class=\"wp-caption aligncenter\"><img loading=\"lazy\" aria-describedby=\"caption-attachment-1051\" loading=\"lazy\" decoding=\"async\" class=\"size-large wp-image-1051\" src=\"http:\/\/dento-budo-dojo.fr\/wp-content\/uploads\/2019\/04\/Sacha-d\u00e9montrant-Chinto-683x1024.jpg\" alt=\"Sacha d\u00e9montrant Chinto sous le regard attentif de tous les participants du stage.\" width=\"683\" height=\"1024\" srcset=\"http:\/\/dento-budo-dojo.fr\/wp-content\/uploads\/2019\/04\/Sacha-d\u00e9montrant-Chinto-200x300.jpg 200w, http:\/\/dento-budo-dojo.fr\/wp-content\/uploads\/2019\/04\/Sacha-d\u00e9montrant-Chinto-400x600.jpg 400w, http:\/\/dento-budo-dojo.fr\/wp-content\/uploads\/2019\/04\/Sacha-d\u00e9montrant-Chinto-600x900.jpg 600w, http:\/\/dento-budo-dojo.fr\/wp-content\/uploads\/2019\/04\/Sacha-d\u00e9montrant-Chinto-683x1024.jpg 683w, http:\/\/dento-budo-dojo.fr\/wp-content\/uploads\/2019\/04\/Sacha-d\u00e9montrant-Chinto-768x1152.jpg 768w, http:\/\/dento-budo-dojo.fr\/wp-content\/uploads\/2019\/04\/Sacha-d\u00e9montrant-Chinto-800x1200.jpg 800w, http:\/\/dento-budo-dojo.fr\/wp-content\/uploads\/2019\/04\/Sacha-d\u00e9montrant-Chinto-1200x1799.jpg 1200w, http:\/\/dento-budo-dojo.fr\/wp-content\/uploads\/2019\/04\/Sacha-d\u00e9montrant-Chinto.jpg 1890w\" sizes=\"auto, (max-width: 683px) 100vw, 683px\" \/><p id=\"caption-attachment-1051\" class=\"wp-caption-text\"><span style=\"color: #800000;\">Sacha<\/span><em><span style=\"color: #800000;\"> d\u00e9montrant <\/span><\/em><span style=\"color: #800000;\">Chinto<\/span><em><span style=\"color: #800000;\"> sous le regard attentif de tous les participants du stage.<\/span><\/em><\/p><\/div>\n<\/div>\n<\/div><\/div><\/div><\/div><div id=\"pg-803-25\"  class=\"panel-grid panel-no-style\" ><div id=\"pgc-803-25-0\"  class=\"panel-grid-cell\" ><div id=\"panel-803-25-0-0\" class=\"so-panel widget widget_sow-editor panel-first-child panel-last-child\" data-index=\"49\" ><div\n\t\t\t\n\t\t\tclass=\"so-widget-sow-editor so-widget-sow-editor-base\"\n\t\t\t\n\t\t>\n<div class=\"siteorigin-widget-tinymce textwidget\">\n\t<div id=\"attachment_1046\" style=\"width: 1034px\" class=\"wp-caption aligncenter\"><img loading=\"lazy\" aria-describedby=\"caption-attachment-1046\" loading=\"lazy\" decoding=\"async\" class=\"size-large wp-image-1046\" src=\"http:\/\/dento-budo-dojo.fr\/wp-content\/uploads\/2019\/04\/Sok\u00e9-Habersetzer-kan-geiko-2018-1024x455.jpg\" alt=\"Le Sok\u00e9 du Tengu-ryu face aux stagiaires avec une \u00e9coute toujours attentive.\" width=\"1024\" height=\"455\" srcset=\"http:\/\/dento-budo-dojo.fr\/wp-content\/uploads\/2019\/04\/Sok\u00e9-Habersetzer-kan-geiko-2018-200x89.jpg 200w, http:\/\/dento-budo-dojo.fr\/wp-content\/uploads\/2019\/04\/Sok\u00e9-Habersetzer-kan-geiko-2018-300x133.jpg 300w, http:\/\/dento-budo-dojo.fr\/wp-content\/uploads\/2019\/04\/Sok\u00e9-Habersetzer-kan-geiko-2018-400x178.jpg 400w, http:\/\/dento-budo-dojo.fr\/wp-content\/uploads\/2019\/04\/Sok\u00e9-Habersetzer-kan-geiko-2018-600x267.jpg 600w, http:\/\/dento-budo-dojo.fr\/wp-content\/uploads\/2019\/04\/Sok\u00e9-Habersetzer-kan-geiko-2018-768x341.jpg 768w, http:\/\/dento-budo-dojo.fr\/wp-content\/uploads\/2019\/04\/Sok\u00e9-Habersetzer-kan-geiko-2018-800x356.jpg 800w, http:\/\/dento-budo-dojo.fr\/wp-content\/uploads\/2019\/04\/Sok\u00e9-Habersetzer-kan-geiko-2018-1024x455.jpg 1024w, http:\/\/dento-budo-dojo.fr\/wp-content\/uploads\/2019\/04\/Sok\u00e9-Habersetzer-kan-geiko-2018-1200x533.jpg 1200w\" sizes=\"auto, (max-width: 1024px) 100vw, 1024px\" \/><p id=\"caption-attachment-1046\" class=\"wp-caption-text\"><em><span style=\"color: #800000;\">Le Sok\u00e9 du <strong>Tengu-ryu<\/strong> face aux stagiaires avec une \u00e9coute toujours at<\/span><span style=\"color: #800000;\">t<\/span><span style=\"color: #800000;\">entive.<\/span><\/em><\/p><\/div>\n<\/div>\n<\/div><\/div><\/div><\/div><div id=\"pg-803-26\"  class=\"panel-grid panel-no-style\" ><div id=\"pgc-803-26-0\"  class=\"panel-grid-cell\" ><div id=\"panel-803-26-0-0\" class=\"so-panel widget widget_sow-editor panel-first-child panel-last-child\" data-index=\"50\" ><div\n\t\t\t\n\t\t\tclass=\"so-widget-sow-editor so-widget-sow-editor-base\"\n\t\t\t\n\t\t><h3 class=\"widget-title\">La marque d'une fid\u00e9lit\u00e9 au regard de l'enseignement de Sok\u00e9 Roland HABERSETZER.<\/h3>\n<div class=\"siteorigin-widget-tinymce textwidget\">\n\t<div id=\"attachment_1047\" style=\"width: 1034px\" class=\"wp-caption aligncenter\"><img loading=\"lazy\" aria-describedby=\"caption-attachment-1047\" loading=\"lazy\" decoding=\"async\" class=\"size-large wp-image-1047\" src=\"http:\/\/dento-budo-dojo.fr\/wp-content\/uploads\/2019\/04\/Kodansha-du-Tengu-ryu-avec-le-Sok\u00e9-1024x683.jpg\" alt=\"Kodansha pr\u00e9sents au stage d'hiver 2018, du Tengu-ryu avec le Sok\u00e9\" width=\"1024\" height=\"683\" srcset=\"http:\/\/dento-budo-dojo.fr\/wp-content\/uploads\/2019\/04\/Kodansha-du-Tengu-ryu-avec-le-Sok\u00e9-200x133.jpg 200w, http:\/\/dento-budo-dojo.fr\/wp-content\/uploads\/2019\/04\/Kodansha-du-Tengu-ryu-avec-le-Sok\u00e9-272x182.jpg 272w, http:\/\/dento-budo-dojo.fr\/wp-content\/uploads\/2019\/04\/Kodansha-du-Tengu-ryu-avec-le-Sok\u00e9-300x200.jpg 300w, http:\/\/dento-budo-dojo.fr\/wp-content\/uploads\/2019\/04\/Kodansha-du-Tengu-ryu-avec-le-Sok\u00e9-400x267.jpg 400w, http:\/\/dento-budo-dojo.fr\/wp-content\/uploads\/2019\/04\/Kodansha-du-Tengu-ryu-avec-le-Sok\u00e9-600x400.jpg 600w, http:\/\/dento-budo-dojo.fr\/wp-content\/uploads\/2019\/04\/Kodansha-du-Tengu-ryu-avec-le-Sok\u00e9-768x512.jpg 768w, http:\/\/dento-budo-dojo.fr\/wp-content\/uploads\/2019\/04\/Kodansha-du-Tengu-ryu-avec-le-Sok\u00e9-800x534.jpg 800w, http:\/\/dento-budo-dojo.fr\/wp-content\/uploads\/2019\/04\/Kodansha-du-Tengu-ryu-avec-le-Sok\u00e9-1024x683.jpg 1024w, http:\/\/dento-budo-dojo.fr\/wp-content\/uploads\/2019\/04\/Kodansha-du-Tengu-ryu-avec-le-Sok\u00e9-1200x800.jpg 1200w\" sizes=\"auto, (max-width: 1024px) 100vw, 1024px\" \/><p id=\"caption-attachment-1047\" class=\"wp-caption-text\"><span style=\"color: #800000;\"><em><strong>Kodansha<\/strong> pr\u00e9sents au stage d'hiver 2018, du <strong>Tengu-ryu<\/strong> avec le <strong>Sok\u00e9<\/strong>.<\/em><\/span><\/p><\/div>\n<\/div>\n<\/div><\/div><\/div><div id=\"pgc-803-26-1\"  class=\"panel-grid-cell\" ><div id=\"panel-803-26-1-0\" class=\"so-panel widget widget_sow-editor panel-first-child panel-last-child\" data-index=\"51\" ><div\n\t\t\t\n\t\t\tclass=\"so-widget-sow-editor so-widget-sow-editor-base\"\n\t\t\t\n\t\t><h3 class=\"widget-title\">Fid\u00e8le de tr\u00e8s longue date au stage d'hiver, notre dojo, avec quelques passionn\u00e9s pr\u00e9sents.<\/h3>\n<div class=\"siteorigin-widget-tinymce textwidget\">\n\t<div id=\"attachment_1048\" style=\"width: 1034px\" class=\"wp-caption aligncenter\"><img loading=\"lazy\" aria-describedby=\"caption-attachment-1048\" loading=\"lazy\" decoding=\"async\" class=\"size-large wp-image-1048\" src=\"http:\/\/dento-budo-dojo.fr\/wp-content\/uploads\/2019\/04\/Groupe-du-Dento-au-Kan-Geiko-2018-1024x683.jpg\" alt=\"Groupe du Dento au Kan Geiko 2018.\" width=\"1024\" height=\"683\" srcset=\"http:\/\/dento-budo-dojo.fr\/wp-content\/uploads\/2019\/04\/Groupe-du-Dento-au-Kan-Geiko-2018-200x133.jpg 200w, http:\/\/dento-budo-dojo.fr\/wp-content\/uploads\/2019\/04\/Groupe-du-Dento-au-Kan-Geiko-2018-272x182.jpg 272w, http:\/\/dento-budo-dojo.fr\/wp-content\/uploads\/2019\/04\/Groupe-du-Dento-au-Kan-Geiko-2018-300x200.jpg 300w, http:\/\/dento-budo-dojo.fr\/wp-content\/uploads\/2019\/04\/Groupe-du-Dento-au-Kan-Geiko-2018-400x267.jpg 400w, http:\/\/dento-budo-dojo.fr\/wp-content\/uploads\/2019\/04\/Groupe-du-Dento-au-Kan-Geiko-2018-600x400.jpg 600w, http:\/\/dento-budo-dojo.fr\/wp-content\/uploads\/2019\/04\/Groupe-du-Dento-au-Kan-Geiko-2018-768x512.jpg 768w, http:\/\/dento-budo-dojo.fr\/wp-content\/uploads\/2019\/04\/Groupe-du-Dento-au-Kan-Geiko-2018-800x534.jpg 800w, http:\/\/dento-budo-dojo.fr\/wp-content\/uploads\/2019\/04\/Groupe-du-Dento-au-Kan-Geiko-2018-1024x683.jpg 1024w, http:\/\/dento-budo-dojo.fr\/wp-content\/uploads\/2019\/04\/Groupe-du-Dento-au-Kan-Geiko-2018-1200x800.jpg 1200w\" sizes=\"auto, (max-width: 1024px) 100vw, 1024px\" \/><p id=\"caption-attachment-1048\" class=\"wp-caption-text\"><span style=\"color: #800000;\"><em>Groupe du Dento Budo Dojo de S\u00e9lestat au Kan Geiko 2018.<\/em><\/span><\/p><\/div>\n<\/div>\n<\/div><\/div><\/div><\/div><div id=\"pg-803-27\"  class=\"panel-grid panel-no-style\" ><div id=\"pgc-803-27-0\"  class=\"panel-grid-cell\" ><div id=\"panel-803-27-0-0\" class=\"so-panel widget widget_sow-editor panel-first-child panel-last-child\" data-index=\"52\" ><div\n\t\t\t\n\t\t\tclass=\"so-widget-sow-editor so-widget-sow-editor-base\"\n\t\t\t\n\t\t>\n<div class=\"siteorigin-widget-tinymce textwidget\">\n\t<hr \/>\n<hr \/>\n<p>&nbsp;<\/p>\n<\/div>\n<\/div><\/div><\/div><\/div><\/div>","protected":false},"excerpt":{"rendered":"<p>\u00a0Bonne ann\u00e9e 2018 On ne peut pas dire que l\u2019ann\u00e9e [&hellip;]<\/p>\n","protected":false},"author":1,"featured_media":0,"parent":0,"menu_order":0,"comment_status":"closed","ping_status":"closed","template":"","meta":{"footnotes":""},"class_list":["post-803","page","type-page","status-publish","hentry"],"yoast_head":"<!-- This site is optimized with the Yoast SEO plugin v24.1 - https:\/\/yoast.com\/wordpress\/plugins\/seo\/ -->\n<title>Archive 2018 - Dento Budo Dojo<\/title>\n<meta name=\"robots\" content=\"index, follow, max-snippet:-1, max-image-preview:large, max-video-preview:-1\" \/>\n<link rel=\"canonical\" href=\"http:\/\/dento-budo-dojo.fr\/?page_id=803\" \/>\n<meta property=\"og:locale\" content=\"fr_FR\" \/>\n<meta property=\"og:type\" content=\"article\" \/>\n<meta property=\"og:title\" content=\"Archive 2018 - Dento Budo Dojo\" \/>\n<meta property=\"og:description\" content=\"\u00a0Bonne ann\u00e9e 2018 On ne peut pas dire que l\u2019ann\u00e9e [&hellip;]\" \/>\n<meta property=\"og:url\" content=\"http:\/\/dento-budo-dojo.fr\/?page_id=803\" \/>\n<meta property=\"og:site_name\" content=\"Dento Budo Dojo\" \/>\n<meta property=\"article:modified_time\" content=\"2020-07-27T20:46:53+00:00\" \/>\n<meta property=\"og:image\" content=\"http:\/\/dento-budo-dojo.fr\/wp-content\/uploads\/2019\/04\/Patrick-et-Pierre-Portocarrero.jpg\" \/>\n<meta name=\"twitter:card\" content=\"summary_large_image\" \/>\n<meta name=\"twitter:label1\" content=\"Dur\u00e9e de lecture estim\u00e9e\" \/>\n\t<meta name=\"twitter:data1\" content=\"21 minutes\" \/>\n<script type=\"application\/ld+json\" class=\"yoast-schema-graph\">{\"@context\":\"https:\/\/schema.org\",\"@graph\":[{\"@type\":\"WebPage\",\"@id\":\"http:\/\/dento-budo-dojo.fr\/?page_id=803\",\"url\":\"http:\/\/dento-budo-dojo.fr\/?page_id=803\",\"name\":\"Archive 2018 - Dento Budo Dojo\",\"isPartOf\":{\"@id\":\"http:\/\/dento-budo-dojo.fr\/#website\"},\"primaryImageOfPage\":{\"@id\":\"http:\/\/dento-budo-dojo.fr\/?page_id=803#primaryimage\"},\"image\":{\"@id\":\"http:\/\/dento-budo-dojo.fr\/?page_id=803#primaryimage\"},\"thumbnailUrl\":\"http:\/\/dento-budo-dojo.fr\/wp-content\/uploads\/2019\/04\/Patrick-et-Pierre-Portocarrero.jpg\",\"datePublished\":\"2018-12-30T21:42:58+00:00\",\"dateModified\":\"2020-07-27T20:46:53+00:00\",\"breadcrumb\":{\"@id\":\"http:\/\/dento-budo-dojo.fr\/?page_id=803#breadcrumb\"},\"inLanguage\":\"fr-FR\",\"potentialAction\":[{\"@type\":\"ReadAction\",\"target\":[\"http:\/\/dento-budo-dojo.fr\/?page_id=803\"]}]},{\"@type\":\"ImageObject\",\"inLanguage\":\"fr-FR\",\"@id\":\"http:\/\/dento-budo-dojo.fr\/?page_id=803#primaryimage\",\"url\":\"http:\/\/dento-budo-dojo.fr\/wp-content\/uploads\/2019\/04\/Patrick-et-Pierre-Portocarrero.jpg\",\"contentUrl\":\"http:\/\/dento-budo-dojo.fr\/wp-content\/uploads\/2019\/04\/Patrick-et-Pierre-Portocarrero.jpg\",\"width\":1890,\"height\":2834,\"caption\":\"Patrick et Pierre Portocarrero lors d'un passage accompagn\u00e9es d'explications.\"},{\"@type\":\"BreadcrumbList\",\"@id\":\"http:\/\/dento-budo-dojo.fr\/?page_id=803#breadcrumb\",\"itemListElement\":[{\"@type\":\"ListItem\",\"position\":1,\"name\":\"Accueil\",\"item\":\"https:\/\/dento-budo-dojo.fr\/\"},{\"@type\":\"ListItem\",\"position\":2,\"name\":\"Archive 2018\"}]},{\"@type\":\"WebSite\",\"@id\":\"http:\/\/dento-budo-dojo.fr\/#website\",\"url\":\"http:\/\/dento-budo-dojo.fr\/\",\"name\":\"Dento Budo Dojo\",\"description\":\"Ne pas se battre, ne pas subir.\",\"potentialAction\":[{\"@type\":\"SearchAction\",\"target\":{\"@type\":\"EntryPoint\",\"urlTemplate\":\"http:\/\/dento-budo-dojo.fr\/?s={search_term_string}\"},\"query-input\":{\"@type\":\"PropertyValueSpecification\",\"valueRequired\":true,\"valueName\":\"search_term_string\"}}],\"inLanguage\":\"fr-FR\"}]}<\/script>\n<!-- \/ Yoast SEO plugin. -->","yoast_head_json":{"title":"Archive 2018 - Dento Budo Dojo","robots":{"index":"index","follow":"follow","max-snippet":"max-snippet:-1","max-image-preview":"max-image-preview:large","max-video-preview":"max-video-preview:-1"},"canonical":"http:\/\/dento-budo-dojo.fr\/?page_id=803","og_locale":"fr_FR","og_type":"article","og_title":"Archive 2018 - Dento Budo Dojo","og_description":"\u00a0Bonne ann\u00e9e 2018 On ne peut pas dire que l\u2019ann\u00e9e [&hellip;]","og_url":"http:\/\/dento-budo-dojo.fr\/?page_id=803","og_site_name":"Dento Budo Dojo","article_modified_time":"2020-07-27T20:46:53+00:00","og_image":[{"url":"http:\/\/dento-budo-dojo.fr\/wp-content\/uploads\/2019\/04\/Patrick-et-Pierre-Portocarrero.jpg","type":"","width":"","height":""}],"twitter_card":"summary_large_image","twitter_misc":{"Dur\u00e9e de lecture estim\u00e9e":"21 minutes"},"schema":{"@context":"https:\/\/schema.org","@graph":[{"@type":"WebPage","@id":"http:\/\/dento-budo-dojo.fr\/?page_id=803","url":"http:\/\/dento-budo-dojo.fr\/?page_id=803","name":"Archive 2018 - Dento Budo Dojo","isPartOf":{"@id":"http:\/\/dento-budo-dojo.fr\/#website"},"primaryImageOfPage":{"@id":"http:\/\/dento-budo-dojo.fr\/?page_id=803#primaryimage"},"image":{"@id":"http:\/\/dento-budo-dojo.fr\/?page_id=803#primaryimage"},"thumbnailUrl":"http:\/\/dento-budo-dojo.fr\/wp-content\/uploads\/2019\/04\/Patrick-et-Pierre-Portocarrero.jpg","datePublished":"2018-12-30T21:42:58+00:00","dateModified":"2020-07-27T20:46:53+00:00","breadcrumb":{"@id":"http:\/\/dento-budo-dojo.fr\/?page_id=803#breadcrumb"},"inLanguage":"fr-FR","potentialAction":[{"@type":"ReadAction","target":["http:\/\/dento-budo-dojo.fr\/?page_id=803"]}]},{"@type":"ImageObject","inLanguage":"fr-FR","@id":"http:\/\/dento-budo-dojo.fr\/?page_id=803#primaryimage","url":"http:\/\/dento-budo-dojo.fr\/wp-content\/uploads\/2019\/04\/Patrick-et-Pierre-Portocarrero.jpg","contentUrl":"http:\/\/dento-budo-dojo.fr\/wp-content\/uploads\/2019\/04\/Patrick-et-Pierre-Portocarrero.jpg","width":1890,"height":2834,"caption":"Patrick et Pierre Portocarrero lors d'un passage accompagn\u00e9es d'explications."},{"@type":"BreadcrumbList","@id":"http:\/\/dento-budo-dojo.fr\/?page_id=803#breadcrumb","itemListElement":[{"@type":"ListItem","position":1,"name":"Accueil","item":"https:\/\/dento-budo-dojo.fr\/"},{"@type":"ListItem","position":2,"name":"Archive 2018"}]},{"@type":"WebSite","@id":"http:\/\/dento-budo-dojo.fr\/#website","url":"http:\/\/dento-budo-dojo.fr\/","name":"Dento Budo Dojo","description":"Ne pas se battre, ne pas subir.","potentialAction":[{"@type":"SearchAction","target":{"@type":"EntryPoint","urlTemplate":"http:\/\/dento-budo-dojo.fr\/?s={search_term_string}"},"query-input":{"@type":"PropertyValueSpecification","valueRequired":true,"valueName":"search_term_string"}}],"inLanguage":"fr-FR"}]}},"_links":{"self":[{"href":"http:\/\/dento-budo-dojo.fr\/index.php?rest_route=\/wp\/v2\/pages\/803","targetHints":{"allow":["GET"]}}],"collection":[{"href":"http:\/\/dento-budo-dojo.fr\/index.php?rest_route=\/wp\/v2\/pages"}],"about":[{"href":"http:\/\/dento-budo-dojo.fr\/index.php?rest_route=\/wp\/v2\/types\/page"}],"author":[{"embeddable":true,"href":"http:\/\/dento-budo-dojo.fr\/index.php?rest_route=\/wp\/v2\/users\/1"}],"replies":[{"embeddable":true,"href":"http:\/\/dento-budo-dojo.fr\/index.php?rest_route=%2Fwp%2Fv2%2Fcomments&post=803"}],"version-history":[{"count":111,"href":"http:\/\/dento-budo-dojo.fr\/index.php?rest_route=\/wp\/v2\/pages\/803\/revisions"}],"predecessor-version":[{"id":2312,"href":"http:\/\/dento-budo-dojo.fr\/index.php?rest_route=\/wp\/v2\/pages\/803\/revisions\/2312"}],"wp:attachment":[{"href":"http:\/\/dento-budo-dojo.fr\/index.php?rest_route=%2Fwp%2Fv2%2Fmedia&parent=803"}],"curies":[{"name":"wp","href":"https:\/\/api.w.org\/{rel}","templated":true}]}}