{"id":1986,"date":"2019-05-09T16:29:30","date_gmt":"2019-05-09T14:29:30","guid":{"rendered":"http:\/\/dento-budo-dojo.fr\/?page_id=1986"},"modified":"2026-04-25T19:07:46","modified_gmt":"2026-04-25T17:07:46","slug":"accueil-bis","status":"publish","type":"page","link":"http:\/\/dento-budo-dojo.fr\/","title":{"rendered":"Accueil"},"content":{"rendered":"\t\t<div data-elementor-type=\"wp-post\" data-elementor-id=\"1986\" class=\"elementor elementor-1986\">\n\t\t\t\t\t\t<section class=\"elementor-section elementor-top-section elementor-element elementor-element-b3cdc95 elementor-section-boxed elementor-section-height-default elementor-section-height-default\" data-id=\"b3cdc95\" data-element_type=\"section\" data-e-type=\"section\">\n\t\t\t\t\t\t<div class=\"elementor-container elementor-column-gap-default\">\n\t\t\t\t\t<div class=\"elementor-column elementor-col-33 elementor-top-column elementor-element elementor-element-7781d19\" data-id=\"7781d19\" data-element_type=\"column\" data-e-type=\"column\">\n\t\t\t<div class=\"elementor-widget-wrap elementor-element-populated\">\n\t\t\t\t\t\t<div class=\"elementor-element elementor-element-7f46e34 elementor-widget elementor-widget-spacer\" data-id=\"7f46e34\" data-element_type=\"widget\" data-e-type=\"widget\" data-widget_type=\"spacer.default\">\n\t\t\t\t<div class=\"elementor-widget-container\">\n\t\t\t\t\t\t\t<div class=\"elementor-spacer\">\n\t\t\t<div class=\"elementor-spacer-inner\"><\/div>\n\t\t<\/div>\n\t\t\t\t\t\t<\/div>\n\t\t\t\t<\/div>\n\t\t\t\t<div class=\"elementor-element elementor-element-a4bd125 elementor-widget elementor-widget-text-editor\" data-id=\"a4bd125\" data-element_type=\"widget\" data-e-type=\"widget\" data-widget_type=\"text-editor.default\">\n\t\t\t\t<div class=\"elementor-widget-container\">\n\t\t\t\t\t\t\t\t\t<p><b>Derni\u00e8re mise \u00e0 jour :<\/b><\/p><h2>le 25 <span style=\"color: #ff0000;\">avril<\/span><\/h2><h2>2026<\/h2>\t\t\t\t\t\t\t\t<\/div>\n\t\t\t\t<\/div>\n\t\t\t\t\t<\/div>\n\t\t<\/div>\n\t\t\t\t<div class=\"elementor-column elementor-col-33 elementor-top-column elementor-element elementor-element-c89d6e1\" data-id=\"c89d6e1\" data-element_type=\"column\" data-e-type=\"column\">\n\t\t\t<div class=\"elementor-widget-wrap elementor-element-populated\">\n\t\t\t\t\t\t<div class=\"elementor-element elementor-element-e0d8b97 elementor-widget elementor-widget-text-editor\" data-id=\"e0d8b97\" data-element_type=\"widget\" data-e-type=\"widget\" data-widget_type=\"text-editor.default\">\n\t\t\t\t<div class=\"elementor-widget-container\">\n\t\t\t\t\t\t\t\t\t<h1>Bient\u00f4t notre stage de printemps, les 23 et 24 mai&#8230; Voir l&rsquo;annonce ci-dessous&#8230;<\/h1>\t\t\t\t\t\t\t\t<\/div>\n\t\t\t\t<\/div>\n\t\t\t\t\t<\/div>\n\t\t<\/div>\n\t\t\t\t<div class=\"elementor-column elementor-col-33 elementor-top-column elementor-element elementor-element-72a9730\" data-id=\"72a9730\" data-element_type=\"column\" data-e-type=\"column\">\n\t\t\t<div class=\"elementor-widget-wrap elementor-element-populated\">\n\t\t\t\t\t\t<div class=\"elementor-element elementor-element-682011f elementor-widget elementor-widget-heading\" data-id=\"682011f\" data-element_type=\"widget\" data-e-type=\"widget\" data-widget_type=\"heading.default\">\n\t\t\t\t<div class=\"elementor-widget-container\">\n\t\t\t\t\t<h2 class=\"elementor-heading-title elementor-size-default\">Nos heures de cours...<\/h2>\t\t\t\t<\/div>\n\t\t\t\t<\/div>\n\t\t\t\t<div class=\"elementor-element elementor-element-713eeee elementor-drop-cap-yes elementor-drop-cap-view-default elementor-widget elementor-widget-text-editor\" data-id=\"713eeee\" data-element_type=\"widget\" data-e-type=\"widget\" data-settings=\"{&quot;drop_cap&quot;:&quot;yes&quot;}\" data-widget_type=\"text-editor.default\">\n\t\t\t\t<div class=\"elementor-widget-container\">\n\t\t\t\t\t\t\t\t\t<p style=\"text-align: justify;\"><span style=\"letter-spacing: 0px;\">Les cours de\u00a0<strong>karat\u00e9<\/strong> comme de\u00a0<strong>tai chi chuan<\/strong> ont lieu <\/span>\u00e0 l&rsquo;<strong>Ecole Sainte Foy.<\/strong><\/p><ul><li style=\"text-align: justify;\"><span style=\"color: var( --e-global-color-text ); font-family: var( --e-global-typography-text-font-family ), Sans-serif; font-weight: var( --e-global-typography-text-font-weight ); background-color: var(--content_bg_color); font-size: var(--body_typography-font-size); font-style: var(--body_typography-font-style,normal); letter-spacing: var(--body_typography-letter-spacing);\">Le <strong>karat\u00e9<\/strong><\/span><ul><li style=\"text-align: justify;\"><span style=\"color: var( --e-global-color-text ); font-family: var( --e-global-typography-text-font-family ), Sans-serif; font-weight: var( --e-global-typography-text-font-weight ); background-color: var(--content_bg_color); font-size: var(--body_typography-font-size); font-style: var(--body_typography-font-style,normal); letter-spacing: var(--body_typography-letter-spacing);\">les <\/span><em style=\"color: var( --e-global-color-text ); font-family: var( --e-global-typography-text-font-family ), Sans-serif; font-weight: var( --e-global-typography-text-font-weight ); background-color: var(--content_bg_color); font-size: var(--body_typography-font-size); letter-spacing: var(--body_typography-letter-spacing);\"><strong>lundis<\/strong><\/em><span style=\"color: var( --e-global-color-text ); font-family: var( --e-global-typography-text-font-family ), Sans-serif; font-weight: var( --e-global-typography-text-font-weight ); background-color: var(--content_bg_color); font-size: var(--body_typography-font-size); font-style: var(--body_typography-font-style,normal); letter-spacing: var(--body_typography-letter-spacing);\"> et\u00a0<\/span><em><strong>mercredis<\/strong><\/em>, \u00a0de 20h00 \u00e0 22h00.<\/li><\/ul><\/li><\/ul><ul><li>Le <strong>Tai Chi Chuan<\/strong> :<ul><li>les\u00a0<em><strong>mardis<\/strong><\/em>,<strong>\u00a0<\/strong>de 20h00 \u00e0 21h30<\/li><\/ul><\/li><\/ul>\t\t\t\t\t\t\t\t<\/div>\n\t\t\t\t<\/div>\n\t\t\t\t\t<\/div>\n\t\t<\/div>\n\t\t\t\t\t<\/div>\n\t\t<\/section>\n\t\t\t\t<section class=\"elementor-section elementor-top-section elementor-element elementor-element-9bb8199 elementor-section-boxed elementor-section-height-default elementor-section-height-default\" data-id=\"9bb8199\" data-element_type=\"section\" data-e-type=\"section\">\n\t\t\t\t\t\t<div class=\"elementor-container elementor-column-gap-default\">\n\t\t\t\t\t<div class=\"elementor-column elementor-col-100 elementor-top-column elementor-element elementor-element-6d088ec\" data-id=\"6d088ec\" data-element_type=\"column\" data-e-type=\"column\">\n\t\t\t<div class=\"elementor-widget-wrap elementor-element-populated\">\n\t\t\t\t\t\t<div class=\"elementor-element elementor-element-c3d20d5 elementor-widget elementor-widget-image\" data-id=\"c3d20d5\" data-element_type=\"widget\" data-e-type=\"widget\" data-widget_type=\"image.default\">\n\t\t\t\t<div class=\"elementor-widget-container\">\n\t\t\t\t\t\t\t\t\t\t\t\t\t\t\t<img fetchpriority=\"high\" decoding=\"async\" width=\"702\" height=\"1024\" src=\"https:\/\/dento-budo-dojo.fr\/wp-content\/uploads\/2026\/04\/Stage-de-printemps-2026-702x1024.jpg\" class=\"attachment-large size-large wp-image-3040\" alt=\"Informations du stage de printemps du 23 et 24 mai 2026 \u00e0 Eschau.\" srcset=\"https:\/\/dento-budo-dojo.fr\/wp-content\/uploads\/2026\/04\/Stage-de-printemps-2026-200x292.jpg 200w, https:\/\/dento-budo-dojo.fr\/wp-content\/uploads\/2026\/04\/Stage-de-printemps-2026-206x300.jpg 206w, https:\/\/dento-budo-dojo.fr\/wp-content\/uploads\/2026\/04\/Stage-de-printemps-2026-400x584.jpg 400w, https:\/\/dento-budo-dojo.fr\/wp-content\/uploads\/2026\/04\/Stage-de-printemps-2026-600x875.jpg 600w, https:\/\/dento-budo-dojo.fr\/wp-content\/uploads\/2026\/04\/Stage-de-printemps-2026-702x1024.jpg 702w, https:\/\/dento-budo-dojo.fr\/wp-content\/uploads\/2026\/04\/Stage-de-printemps-2026-768x1120.jpg 768w, https:\/\/dento-budo-dojo.fr\/wp-content\/uploads\/2026\/04\/Stage-de-printemps-2026-800x1167.jpg 800w, https:\/\/dento-budo-dojo.fr\/wp-content\/uploads\/2026\/04\/Stage-de-printemps-2026-1053x1536.jpg 1053w, https:\/\/dento-budo-dojo.fr\/wp-content\/uploads\/2026\/04\/Stage-de-printemps-2026-1200x1751.jpg 1200w, https:\/\/dento-budo-dojo.fr\/wp-content\/uploads\/2026\/04\/Stage-de-printemps-2026-1404x2048.jpg 1404w, https:\/\/dento-budo-dojo.fr\/wp-content\/uploads\/2026\/04\/Stage-de-printemps-2026-scaled.jpg 1755w\" sizes=\"(max-width: 702px) 100vw, 702px\" \/>\t\t\t\t\t\t\t\t\t\t\t\t\t\t\t<\/div>\n\t\t\t\t<\/div>\n\t\t\t\t\t<\/div>\n\t\t<\/div>\n\t\t\t\t\t<\/div>\n\t\t<\/section>\n\t\t\t\t<section class=\"elementor-section elementor-top-section elementor-element elementor-element-a3b395b elementor-section-boxed elementor-section-height-default elementor-section-height-default\" data-id=\"a3b395b\" data-element_type=\"section\" data-e-type=\"section\">\n\t\t\t\t\t\t<div class=\"elementor-container elementor-column-gap-default\">\n\t\t\t\t\t<div class=\"elementor-column elementor-col-100 elementor-top-column elementor-element elementor-element-b3b1070\" data-id=\"b3b1070\" data-element_type=\"column\" data-e-type=\"column\">\n\t\t\t<div class=\"elementor-widget-wrap elementor-element-populated\">\n\t\t\t\t\t\t<div class=\"elementor-element elementor-element-0fe7244 elementor-widget elementor-widget-heading\" data-id=\"0fe7244\" data-element_type=\"widget\" data-e-type=\"widget\" data-widget_type=\"heading.default\">\n\t\t\t\t<div class=\"elementor-widget-container\">\n\t\t\t\t\t<h1 class=\"elementor-heading-title elementor-size-default\">Stage \u00e0 Revin... dans les Ardennes.<\/h1>\t\t\t\t<\/div>\n\t\t\t\t<\/div>\n\t\t\t\t\t<\/div>\n\t\t<\/div>\n\t\t\t\t\t<\/div>\n\t\t<\/section>\n\t\t\t\t<section class=\"elementor-section elementor-top-section elementor-element elementor-element-eb0eebc elementor-section-boxed elementor-section-height-default elementor-section-height-default\" data-id=\"eb0eebc\" data-element_type=\"section\" data-e-type=\"section\">\n\t\t\t\t\t\t<div class=\"elementor-container elementor-column-gap-default\">\n\t\t\t\t\t<div class=\"elementor-column elementor-col-100 elementor-top-column elementor-element elementor-element-c9a3ad2\" data-id=\"c9a3ad2\" data-element_type=\"column\" data-e-type=\"column\">\n\t\t\t<div class=\"elementor-widget-wrap elementor-element-populated\">\n\t\t\t\t\t\t<div class=\"elementor-element elementor-element-7084f29 elementor-drop-cap-yes elementor-drop-cap-view-default elementor-widget elementor-widget-text-editor\" data-id=\"7084f29\" data-element_type=\"widget\" data-e-type=\"widget\" data-settings=\"{&quot;drop_cap&quot;:&quot;yes&quot;}\" data-widget_type=\"text-editor.default\">\n\t\t\t\t<div class=\"elementor-widget-container\">\n\t\t\t\t\t\t\t\t\t<p>C&rsquo;est sous la houlette des experts Jacques FAIEFF et Alex HAUWAERT, tous deux 8e dan au Tengu-ryu, que nous avons effectu\u00e9 ce stage de karat\u00e9. Nous \u00e9tions une petite d\u00e9l\u00e9gation du Bas-Rhin \u00e0 nous \u00eatre d\u00e9plac\u00e9s en ce moment toujours incertain avec les conditions m\u00e9t\u00e9orologiques qui pour cette fois \u00e9taient favorables ; pas de neige, ni de verglas !\u00a0<\/p><p>Ce stage \u00e9tait l&rsquo;occasion de voir et revoir des s\u00e9ries du Goshin, ainsi que des s\u00e9ries des kumit\u00e9-katas enseign\u00e9es dans le cadre de notre \u00e9cole, le Tengu-ryu. S&rsquo;ajoutaient des kumit\u00e9s et des katas pour toujours perfectionner notre karat\u00e9.\u00a0<\/p><p>Au-del\u00e0 de la technique, l&rsquo;ambiance toujours aussi chaleureuse sur ce territoire fran\u00e7ais avoisinant la Belgique, nous permettaient tous d&rsquo;\u00e9changer dans la joie nos impressions, nos r\u00e9flexions sur nos pratiques. Allemands, fran\u00e7ais, suisses et belges \u00e9taient bien pr\u00e9sents avec l&rsquo;esprit ad\u00e9quat qu&rsquo;il convenait d&rsquo;avoir pour la progression de chacun.\u00a0<\/p><p>L&rsquo;engagement sinc\u00e8re des experts illustraient for bien la route spirituelle qu&rsquo;il faut avoir pour parfaire notre technique&#8230; sans oublier l&rsquo;humilit\u00e9 qu&rsquo;il faut garder pr\u00e9sente pour continuer de maintenir une r\u00e9flexion en lien avec les r\u00e9alit\u00e9s d&rsquo;aujourd&rsquo;hui qui s&rsquo;imposent \u00e0 nous&#8230;<\/p><p>Le monde bouge, de plus en plus, avec une violence malheureusement croissante. \u00ab\u00a0Ne pas se battre, ne pas subir\u00a0\u00bb&#8230; de plus en plus difficile \u00e0 tenir avec cette d\u00e9testable actualit\u00e9.\u00a0<\/p><p>Heureusement, ce stage \u00e9tait aussi une source d&rsquo;\u00e9nergies positives venant nous booster tous, avec juste raison et discernement pour nous permettre d&rsquo;aller plus loin sur la voie de la paix, toujours pr\u00e9sente dans nos c\u0153urs, malgr\u00e9 tout !<\/p><p>La voie de la guerre &#8211; Budo &#8211; risque de prendre davantage de sens \u00e0 l&rsquo;\u00e9clairage de l&rsquo;actualit\u00e9. Restons dans une vigilance plus accentu\u00e9e que celle d&rsquo;un temps pass\u00e9, il n&rsquo;y a pas ci-longtemps que cela&#8230;<\/p><p>En attendant, et en le souhaitant, une meilleure p\u00e9riode pour tous, un grand merci pour ce qui a pu se faire durant ce samedi.<\/p><p>Vive le karat\u00e9, avec ce bel \u00e9tat d&rsquo;esprit qui s&rsquo;en d\u00e9gage l\u00e0 o\u00f9 nous le pratiquons&#8230; car cela existe encore ces lieux ou le Ki, le bon ki! &#8211; circule encore&#8230;<\/p><p>Merci, Jacques et Alex et toute la team d&rsquo;avoir permis cet agr\u00e9able moment.<\/p>\t\t\t\t\t\t\t\t<\/div>\n\t\t\t\t<\/div>\n\t\t\t\t\t<\/div>\n\t\t<\/div>\n\t\t\t\t\t<\/div>\n\t\t<\/section>\n\t\t\t\t<section class=\"elementor-section elementor-top-section elementor-element elementor-element-b4406d3 elementor-section-boxed elementor-section-height-default elementor-section-height-default\" data-id=\"b4406d3\" data-element_type=\"section\" data-e-type=\"section\">\n\t\t\t\t\t\t<div class=\"elementor-container elementor-column-gap-default\">\n\t\t\t\t\t<div class=\"elementor-column elementor-col-100 elementor-top-column elementor-element elementor-element-4c5b15a\" data-id=\"4c5b15a\" data-element_type=\"column\" data-e-type=\"column\">\n\t\t\t<div class=\"elementor-widget-wrap elementor-element-populated\">\n\t\t\t\t\t\t<div class=\"elementor-element elementor-element-5d19102 elementor-widget elementor-widget-heading\" data-id=\"5d19102\" data-element_type=\"widget\" data-e-type=\"widget\" data-widget_type=\"heading.default\">\n\t\t\t\t<div class=\"elementor-widget-container\">\n\t\t\t\t\t<h1 class=\"elementor-heading-title elementor-size-default\">Nos v\u0153ux pour cette nouvelle ann\u00e9e 2026<\/h1>\t\t\t\t<\/div>\n\t\t\t\t<\/div>\n\t\t\t\t\t<\/div>\n\t\t<\/div>\n\t\t\t\t\t<\/div>\n\t\t<\/section>\n\t\t\t\t<section class=\"elementor-section elementor-top-section elementor-element elementor-element-7b19b5b elementor-section-boxed elementor-section-height-default elementor-section-height-default\" data-id=\"7b19b5b\" data-element_type=\"section\" data-e-type=\"section\">\n\t\t\t\t\t\t<div class=\"elementor-container elementor-column-gap-default\">\n\t\t\t\t\t<div class=\"elementor-column elementor-col-100 elementor-top-column elementor-element elementor-element-5be901b\" data-id=\"5be901b\" data-element_type=\"column\" data-e-type=\"column\">\n\t\t\t<div class=\"elementor-widget-wrap elementor-element-populated\">\n\t\t\t\t\t\t<div class=\"elementor-element elementor-element-fd52c9c elementor-widget elementor-widget-image\" data-id=\"fd52c9c\" data-element_type=\"widget\" data-e-type=\"widget\" data-widget_type=\"image.default\">\n\t\t\t\t<div class=\"elementor-widget-container\">\n\t\t\t\t\t\t\t\t\t\t\t\t\t\t\t<img decoding=\"async\" width=\"1024\" height=\"724\" src=\"https:\/\/dento-budo-dojo.fr\/wp-content\/uploads\/2025\/12\/Dento-Voeux-2026-1024x724.jpg\" class=\"attachment-large size-large wp-image-3035\" alt=\"Bonne ann\u00e9e 2026\" srcset=\"https:\/\/dento-budo-dojo.fr\/wp-content\/uploads\/2025\/12\/Dento-Voeux-2026-200x141.jpg 200w, https:\/\/dento-budo-dojo.fr\/wp-content\/uploads\/2025\/12\/Dento-Voeux-2026-300x212.jpg 300w, https:\/\/dento-budo-dojo.fr\/wp-content\/uploads\/2025\/12\/Dento-Voeux-2026-400x283.jpg 400w, https:\/\/dento-budo-dojo.fr\/wp-content\/uploads\/2025\/12\/Dento-Voeux-2026-600x424.jpg 600w, https:\/\/dento-budo-dojo.fr\/wp-content\/uploads\/2025\/12\/Dento-Voeux-2026-768x543.jpg 768w, https:\/\/dento-budo-dojo.fr\/wp-content\/uploads\/2025\/12\/Dento-Voeux-2026-800x566.jpg 800w, https:\/\/dento-budo-dojo.fr\/wp-content\/uploads\/2025\/12\/Dento-Voeux-2026-1024x724.jpg 1024w, https:\/\/dento-budo-dojo.fr\/wp-content\/uploads\/2025\/12\/Dento-Voeux-2026-1200x848.jpg 1200w, https:\/\/dento-budo-dojo.fr\/wp-content\/uploads\/2025\/12\/Dento-Voeux-2026-1536x1086.jpg 1536w, https:\/\/dento-budo-dojo.fr\/wp-content\/uploads\/2025\/12\/Dento-Voeux-2026.jpg 1754w\" sizes=\"(max-width: 1024px) 100vw, 1024px\" \/>\t\t\t\t\t\t\t\t\t\t\t\t\t\t\t<\/div>\n\t\t\t\t<\/div>\n\t\t\t\t\t<\/div>\n\t\t<\/div>\n\t\t\t\t\t<\/div>\n\t\t<\/section>\n\t\t\t\t<section class=\"elementor-section elementor-top-section elementor-element elementor-element-0bcd180 elementor-section-boxed elementor-section-height-default elementor-section-height-default\" data-id=\"0bcd180\" data-element_type=\"section\" data-e-type=\"section\">\n\t\t\t\t\t\t<div class=\"elementor-container elementor-column-gap-default\">\n\t\t\t\t\t<div class=\"elementor-column elementor-col-100 elementor-top-column elementor-element elementor-element-f2c91f3\" data-id=\"f2c91f3\" data-element_type=\"column\" data-e-type=\"column\">\n\t\t\t<div class=\"elementor-widget-wrap elementor-element-populated\">\n\t\t\t\t\t\t<div class=\"elementor-element elementor-element-3f449f5 elementor-widget elementor-widget-text-editor\" data-id=\"3f449f5\" data-element_type=\"widget\" data-e-type=\"widget\" data-widget_type=\"text-editor.default\">\n\t\t\t\t<div class=\"elementor-widget-container\">\n\t\t\t\t\t\t\t\t\t<p>L\u2019ann\u00e9e 2025 laissera des traces bien grav\u00e9es au tr\u00e9fonds de nos \u00e2mes. Des tensions, m\u00e9sententes, conflits et guerres ne font que cro\u00eetre un peu partout dans le monde\u2026 laissant ainsi entrevoir un faible espoir pour un apaisement dans sa globalit\u00e9.<\/p><p>Les manipulations diverses v\u00e9hicul\u00e9es par les r\u00e9seaux sociaux, les m\u00e9dias, et maintenant l\u2019IA utilis\u00e9e \u00e0 des fins malsaines ne font que rench\u00e9rir le d\u00e9sordre. La d\u00e9stabilisation des peuples est quasiment in\u00e9luctable lorsque ceux-ci font encore face. Mais jusque quand r\u00e9sisteront\u00a0? Sommes-nous \u00e0 la fronti\u00e8re d\u2019une implosion g\u00e9n\u00e9rale\u00a0? Souhaitons que non, pour l\u2019humanit\u00e9 comme le monde vivant d\u2019une mani\u00e8re g\u00e9n\u00e9rale.<\/p><p>Il est grand temps de comprendre la notion d\u2019interd\u00e9pendance, au sein m\u00eame de notre esp\u00e8ce comme entre ces derni\u00e8res. Car nous avons besoin de tous\u2026 Br\u00fbler ou saccager des for\u00eats, plus largement, d\u00e9truire le monde v\u00e9g\u00e9tal, impactera fortement le r\u00e8gne animal. N\u2019oublions pas qu\u2019il y a eu d\u00e9j\u00e0 cinq extinctions majeures sur Terre du monde vivant, jusqu\u2019\u00e0 m\u00eame 95%\u00a0! Et c\u2019est le monde marin qui s\u2019en \u00e9tait le mieux tir\u00e9\u2026 Prenons-nous la direction d\u2019une sixi\u00e8me\u00a0? Nombreux sont les sp\u00e9cialistes qui le pensent.<\/p><p>Parmi toutes ces esp\u00e8ces il en est une bien particuli\u00e8re\u2026 la n\u00f4tre, celle de l\u2019humanit\u00e9\u00a0! En effet, l\u2019Homme est sans doute aujourd\u2019hui un hyper-pr\u00e9dateur, qui bien trop souvent, ne pense qu\u2019\u00e0 lui sans s\u2019occuper du reste et des autres. Mais heureusement, une quantit\u00e9 pour le moment insuffisante, mais existante, voit les choses autrement. Une prise de conscience par les peuples, et ce, dans le monde entier, est n\u00e9cessaire pour changer nos mod\u00e8les de vie, de consommation.<\/p><p>Arriverons-nous \u00e0 renverser cet \u00e9lan destructeur \u00e0 temps malgr\u00e9 les quelques lignes rouges d\u00e9j\u00e0 franchies\u00a0? Il en sera de la responsabilit\u00e9 de tous. Et pourtant, les destructions visibles et de plus en plus violentes par des ph\u00e9nom\u00e8nes naturels li\u00e9s au bouleversement climatique ont lieu. Ce qui change des autres bouleversements c\u2019est la rapidit\u00e9 cette fois-ci, et l\u00e0, il est l\u00e9gitime de penser que l\u2019homme y est pour quelque chose\u00a0! Le probl\u00e8me\u2026 restera au monde vivant\u00a0: pourra-t-il s\u2019adapter\u00a0? On peut en douter car en toute logique les arbres ne pourront pas suivre face \u00e0 ces changements de temp\u00e9rature rapide, ce manque d\u2019eau, et la destruction des hommes\u2026<\/p><p>Devant ces quelques probl\u00e9matiques cit\u00e9es pr\u00e9c\u00e9demment (et la liste n\u2019est pas exhaustive\u2026) aux enjeux consid\u00e9rables que pouvons-nous nous souhaiter pour cette nouvelle ann\u00e9e 2026\u00a0?<\/p><p>De la SAGESSE, indiscutablement\u2026 De la bienveillance, face \u00e0 la diff\u00e9rence, en discutant pour comprendre d\u2019autres points de vue\u2026 Un regard nouveau sur ce qui est essentiel dans la vie, notre sant\u00e9 (et non d\u2019avoir syst\u00e9matiquement le dernier t\u00e9l\u00e9phone portable\u00a0!) \u2026<\/p><p>Se tourner vers l\u2019int\u00e9rieur pour se recentrer, et trouver sa verticalit\u00e9\u2026 en bas, l\u2019ancrage, en haut, sa spiritualit\u00e9, souvent absente actuellement dans ce monde insistant sur le mat\u00e9riel&#8230;<\/p><p>De la paix dans nos c\u0153urs, de l\u2019amour, de la joie, de la bonne humeur, et souvent un sourire rempli de tendresse seront de bons compagnons pour le quotidien. Peut-\u00eatre alors un premier pas vers de l\u2019apaisement\u2026<\/p><p>Bien \u00e0 vous.<\/p>\t\t\t\t\t\t\t\t<\/div>\n\t\t\t\t<\/div>\n\t\t\t\t\t<\/div>\n\t\t<\/div>\n\t\t\t\t\t<\/div>\n\t\t<\/section>\n\t\t\t\t<section class=\"elementor-section elementor-top-section elementor-element elementor-element-46f371b elementor-section-boxed elementor-section-height-default elementor-section-height-default\" data-id=\"46f371b\" data-element_type=\"section\" data-e-type=\"section\">\n\t\t\t\t\t\t<div class=\"elementor-container elementor-column-gap-default\">\n\t\t\t\t\t<div class=\"elementor-column elementor-col-100 elementor-top-column elementor-element elementor-element-2d3fb27\" data-id=\"2d3fb27\" data-element_type=\"column\" data-e-type=\"column\">\n\t\t\t<div class=\"elementor-widget-wrap elementor-element-populated\">\n\t\t\t\t\t\t<div class=\"elementor-element elementor-element-10f5efe elementor-widget elementor-widget-heading\" data-id=\"10f5efe\" data-element_type=\"widget\" data-e-type=\"widget\" data-widget_type=\"heading.default\">\n\t\t\t\t<div class=\"elementor-widget-container\">\n\t\t\t\t\t<h1 class=\"elementor-heading-title elementor-size-default\">Kan Geiko 2025, stage d'hiver<\/h1>\t\t\t\t<\/div>\n\t\t\t\t<\/div>\n\t\t\t\t\t<\/div>\n\t\t<\/div>\n\t\t\t\t\t<\/div>\n\t\t<\/section>\n\t\t\t\t<section class=\"elementor-section elementor-top-section elementor-element elementor-element-c6a4343 elementor-section-boxed elementor-section-height-default elementor-section-height-default\" data-id=\"c6a4343\" data-element_type=\"section\" data-e-type=\"section\">\n\t\t\t\t\t\t<div class=\"elementor-container elementor-column-gap-default\">\n\t\t\t\t\t<div class=\"elementor-column elementor-col-100 elementor-top-column elementor-element elementor-element-706d9d4\" data-id=\"706d9d4\" data-element_type=\"column\" data-e-type=\"column\">\n\t\t\t<div class=\"elementor-widget-wrap elementor-element-populated\">\n\t\t\t\t\t\t<div class=\"elementor-element elementor-element-c519bdc elementor-widget elementor-widget-image\" data-id=\"c519bdc\" data-element_type=\"widget\" data-e-type=\"widget\" data-widget_type=\"image.default\">\n\t\t\t\t<div class=\"elementor-widget-container\">\n\t\t\t\t\t\t\t\t\t\t\t\t\t\t\t<img decoding=\"async\" width=\"1024\" height=\"286\" src=\"https:\/\/dento-budo-dojo.fr\/wp-content\/uploads\/2025\/12\/Kan-Geiko-novembre-2025-1024x286.jpg\" class=\"attachment-large size-large wp-image-3032\" alt=\"Stagiaires karat\u00e9kas du Kan Geiko 2025\" srcset=\"https:\/\/dento-budo-dojo.fr\/wp-content\/uploads\/2025\/12\/Kan-Geiko-novembre-2025-200x56.jpg 200w, https:\/\/dento-budo-dojo.fr\/wp-content\/uploads\/2025\/12\/Kan-Geiko-novembre-2025-300x84.jpg 300w, https:\/\/dento-budo-dojo.fr\/wp-content\/uploads\/2025\/12\/Kan-Geiko-novembre-2025-400x112.jpg 400w, https:\/\/dento-budo-dojo.fr\/wp-content\/uploads\/2025\/12\/Kan-Geiko-novembre-2025-600x167.jpg 600w, https:\/\/dento-budo-dojo.fr\/wp-content\/uploads\/2025\/12\/Kan-Geiko-novembre-2025-768x214.jpg 768w, https:\/\/dento-budo-dojo.fr\/wp-content\/uploads\/2025\/12\/Kan-Geiko-novembre-2025-800x223.jpg 800w, https:\/\/dento-budo-dojo.fr\/wp-content\/uploads\/2025\/12\/Kan-Geiko-novembre-2025-1024x286.jpg 1024w, https:\/\/dento-budo-dojo.fr\/wp-content\/uploads\/2025\/12\/Kan-Geiko-novembre-2025-1200x335.jpg 1200w, https:\/\/dento-budo-dojo.fr\/wp-content\/uploads\/2025\/12\/Kan-Geiko-novembre-2025-1536x428.jpg 1536w\" sizes=\"(max-width: 1024px) 100vw, 1024px\" \/>\t\t\t\t\t\t\t\t\t\t\t\t\t\t\t<\/div>\n\t\t\t\t<\/div>\n\t\t\t\t\t<\/div>\n\t\t<\/div>\n\t\t\t\t\t<\/div>\n\t\t<\/section>\n\t\t\t\t<section class=\"elementor-section elementor-top-section elementor-element elementor-element-8c3cf7e elementor-section-boxed elementor-section-height-default elementor-section-height-default\" data-id=\"8c3cf7e\" data-element_type=\"section\" data-e-type=\"section\">\n\t\t\t\t\t\t<div class=\"elementor-container elementor-column-gap-default\">\n\t\t\t\t\t<div class=\"elementor-column elementor-col-100 elementor-top-column elementor-element elementor-element-e5634b9\" data-id=\"e5634b9\" data-element_type=\"column\" data-e-type=\"column\">\n\t\t\t<div class=\"elementor-widget-wrap elementor-element-populated\">\n\t\t\t\t\t\t<div class=\"elementor-element elementor-element-c9be6fc elementor-widget elementor-widget-text-editor\" data-id=\"c9be6fc\" data-element_type=\"widget\" data-e-type=\"widget\" data-widget_type=\"text-editor.default\">\n\t\t\t\t<div class=\"elementor-widget-container\">\n\t\t\t\t\t\t\t\t\t<p>Rare, de plus en plus rare\u2026 que de voir autant de karat\u00e9kas venir d\u2019aussi loin, pour le c\u00e9l\u00e8bre stage d\u2019hiver en Alsace, Kan Geiko. Nathalie de Russie, Jean du Canada avec l\u2019un de ses fils\u2026 et nos habituels allemands, suisses, belges parmi nous autres fran\u00e7ais. Un rendez-vous qui fini une ann\u00e9e civile mais qui d\u00e9bute notre \u00ab\u00a0saison\u00a0\u00bb 2025-2026 en <em>karat\u00e9<\/em>\u2026 car d\u2019autres stages ont d\u00e9j\u00e0 eu lieu, en Allemagne pour le <em>Kobudo<\/em> et en France \u00e0 Revin pour le <em>Hojutsu<\/em>. Toutes ces pratiques faisant int\u00e9gralement parties de notre \u00e9cole, le Tengu-ryu \u2013 Ryu cr\u00e9\u00e9e par le Sok\u00e9 Roland HABERSETZER, rappelons-le\u00a0! \u2013 et qui nous anime tous dans une dynamique reliant l\u2019ancien et le moderne, pour \u00e0 l\u2019\u00e9chelle individuelle essayer de r\u00e9pondre aux d\u00e9rives comportementales de plus en plus violentes et pr\u00e9sentes, h\u00e9las, dans nos soci\u00e9t\u00e9s.<\/p>\t\t\t\t\t\t\t\t<\/div>\n\t\t\t\t<\/div>\n\t\t\t\t\t<\/div>\n\t\t<\/div>\n\t\t\t\t\t<\/div>\n\t\t<\/section>\n\t\t\t\t<section class=\"elementor-section elementor-top-section elementor-element elementor-element-0fc90fc elementor-section-boxed elementor-section-height-default elementor-section-height-default\" data-id=\"0fc90fc\" data-element_type=\"section\" data-e-type=\"section\">\n\t\t\t\t\t\t<div class=\"elementor-container elementor-column-gap-default\">\n\t\t\t\t\t<div class=\"elementor-column elementor-col-100 elementor-top-column elementor-element elementor-element-08ec119\" data-id=\"08ec119\" data-element_type=\"column\" data-e-type=\"column\">\n\t\t\t<div class=\"elementor-widget-wrap elementor-element-populated\">\n\t\t\t\t\t\t<div class=\"elementor-element elementor-element-699c272 elementor-widget elementor-widget-image\" data-id=\"699c272\" data-element_type=\"widget\" data-e-type=\"widget\" data-widget_type=\"image.default\">\n\t\t\t\t<div class=\"elementor-widget-container\">\n\t\t\t\t\t\t\t\t\t\t\t\t<figure class=\"wp-caption\">\n\t\t\t\t\t\t\t\t\t\t<img loading=\"lazy\" decoding=\"async\" width=\"1024\" height=\"373\" src=\"https:\/\/dento-budo-dojo.fr\/wp-content\/uploads\/2025\/12\/Kan-Geiko-2025-Roland-Habersetzer-1024x373.jpg\" class=\"attachment-large size-large wp-image-3033\" alt=\"A l&#039;\u00e9coute des informations transmises par notre Sok\u00e9, Roland HABERSETZER.\" srcset=\"https:\/\/dento-budo-dojo.fr\/wp-content\/uploads\/2025\/12\/Kan-Geiko-2025-Roland-Habersetzer-200x73.jpg 200w, https:\/\/dento-budo-dojo.fr\/wp-content\/uploads\/2025\/12\/Kan-Geiko-2025-Roland-Habersetzer-300x109.jpg 300w, https:\/\/dento-budo-dojo.fr\/wp-content\/uploads\/2025\/12\/Kan-Geiko-2025-Roland-Habersetzer-400x146.jpg 400w, https:\/\/dento-budo-dojo.fr\/wp-content\/uploads\/2025\/12\/Kan-Geiko-2025-Roland-Habersetzer-600x219.jpg 600w, https:\/\/dento-budo-dojo.fr\/wp-content\/uploads\/2025\/12\/Kan-Geiko-2025-Roland-Habersetzer-768x280.jpg 768w, https:\/\/dento-budo-dojo.fr\/wp-content\/uploads\/2025\/12\/Kan-Geiko-2025-Roland-Habersetzer-800x291.jpg 800w, https:\/\/dento-budo-dojo.fr\/wp-content\/uploads\/2025\/12\/Kan-Geiko-2025-Roland-Habersetzer-1024x373.jpg 1024w, https:\/\/dento-budo-dojo.fr\/wp-content\/uploads\/2025\/12\/Kan-Geiko-2025-Roland-Habersetzer-1200x437.jpg 1200w, https:\/\/dento-budo-dojo.fr\/wp-content\/uploads\/2025\/12\/Kan-Geiko-2025-Roland-Habersetzer-1536x560.jpg 1536w\" sizes=\"(max-width: 1024px) 100vw, 1024px\" \/>\t\t\t\t\t\t\t\t\t\t\t<figcaption class=\"widget-image-caption wp-caption-text\">A l'\u00e9coute des informations transmises par notre Sok\u00e9, Roland HABERSETZER.<\/figcaption>\n\t\t\t\t\t\t\t\t\t\t<\/figure>\n\t\t\t\t\t\t\t\t\t<\/div>\n\t\t\t\t<\/div>\n\t\t\t\t\t<\/div>\n\t\t<\/div>\n\t\t\t\t\t<\/div>\n\t\t<\/section>\n\t\t\t\t<section class=\"elementor-section elementor-top-section elementor-element elementor-element-7a1432a elementor-section-boxed elementor-section-height-default elementor-section-height-default\" data-id=\"7a1432a\" data-element_type=\"section\" data-e-type=\"section\">\n\t\t\t\t\t\t<div class=\"elementor-container elementor-column-gap-default\">\n\t\t\t\t\t<div class=\"elementor-column elementor-col-100 elementor-top-column elementor-element elementor-element-b017d61\" data-id=\"b017d61\" data-element_type=\"column\" data-e-type=\"column\">\n\t\t\t<div class=\"elementor-widget-wrap elementor-element-populated\">\n\t\t\t\t\t\t<div class=\"elementor-element elementor-element-717fb09 elementor-widget elementor-widget-text-editor\" data-id=\"717fb09\" data-element_type=\"widget\" data-e-type=\"widget\" data-widget_type=\"text-editor.default\">\n\t\t\t\t<div class=\"elementor-widget-container\">\n\t\t\t\t\t\t\t\t\t<p>Les approches multiples, venant d\u2019une r\u00e9flexion soutenue sur une dur\u00e9e tr\u00e8s longue de notre Sok\u00e9, sont mises \u00e0 l\u2019\u00e9preuve par des situations vari\u00e9es au plus pr\u00e8s d\u2019une certaine r\u00e9alit\u00e9, celle d\u2019aujourd\u2019hui. \u00ab\u00a0Ne pas se battre, ne pas subir\u00a0\u00bb \u2026 Si le second reste ind\u00e9racinable, le premier se voit de plus en plus difficile \u00e0 maintenir face \u00e0 cette mont\u00e9e de la violence sous tant de forme\u2026 Quelle tristesse que de voir des soci\u00e9t\u00e9s prendre le chemin de la destruction plut\u00f4t que celui de la construction d\u2019un environnement rempli de paix\u2026<\/p><p>C\u2019est avec cet \u00e9tat d\u2019esprit\u2026 celui de contribuer \u00e0 l\u2019\u00e9tat de paix, pour soi et pour les autres, que furent d\u00e9montrer divers kumit\u00e9 avec tous les concepts sous-jacents du ryu transmis dans nos dojos. A cela s\u2019ajoutaient de nombreux katas, anciens, riches de principe pour \u00e9clairer une recherche \u00e0 la fois martiale dans ses applications, mais \u00e9galement internes dans ses sensations.<\/p><p>Alex et Jacques furent \u00e0 la man\u0153uvre pour la plupart des d\u00e9monstrations avec le Sok\u00e9. Explications, toujours \u00e0 l\u2019appui, pour mieux comprendre quelques enjeux qui ne sont pas toujours visibles, comme par exemple le placement, ou bien encore la r\u00e9action li\u00e9e au contact dans les Goshin, renfor\u00e7aient les d\u00e9monstrations. Des subtilit\u00e9s, selon la sensibilit\u00e9 de chacun, pouvaient \u00eatre comprises selon le niveau de lecture qu\u2019on peut appr\u00e9hender lors d\u2019un \u00e9change en kumit\u00e9, et qui rendaient l\u2019exercice si passionnant\u00a0!<\/p><p>Le d\u00e9vouement et le partage de chacun dans son travail donnait la note de l\u2019ambiance du stage.<\/p><p>La neige, de ce Kan Geiko, \u00e9tait absente\u00a0! Mais l\u2019assiduit\u00e9, la concentration\u2026 \u00e9taient bien pr\u00e9sentes. L\u2019ann\u00e9e 2026 va bient\u00f4t montrer le bout de son nez, mais avant cela, place aux march\u00e9s de No\u00ebl, avec son vin chaud et ses chalets et d\u00e9corations plus belles les unes que les autres. La f\u00e9erie hivernale est bien l\u00e0, et cela fait du bien dans cette ambiance mondiale qui ne vibre pas au m\u00eame diapason\u2026 que le n\u00f4tre. \u00a0<\/p><p>Merci et \u00e0 l\u2019ann\u00e9e prochaine, avec, peut-\u00eatre\u2026 de la neige\u2026<\/p>\t\t\t\t\t\t\t\t<\/div>\n\t\t\t\t<\/div>\n\t\t\t\t\t<\/div>\n\t\t<\/div>\n\t\t\t\t\t<\/div>\n\t\t<\/section>\n\t\t\t\t<section class=\"elementor-section elementor-top-section elementor-element elementor-element-6ff17a2 elementor-section-boxed elementor-section-height-default elementor-section-height-default\" data-id=\"6ff17a2\" data-element_type=\"section\" data-e-type=\"section\">\n\t\t\t\t\t\t<div class=\"elementor-container elementor-column-gap-default\">\n\t\t\t\t\t<div class=\"elementor-column elementor-col-100 elementor-top-column elementor-element elementor-element-d0b69f9\" data-id=\"d0b69f9\" data-element_type=\"column\" data-e-type=\"column\">\n\t\t\t<div class=\"elementor-widget-wrap elementor-element-populated\">\n\t\t\t\t\t\t<div class=\"elementor-element elementor-element-d7aefb7 elementor-widget elementor-widget-image\" data-id=\"d7aefb7\" data-element_type=\"widget\" data-e-type=\"widget\" data-widget_type=\"image.default\">\n\t\t\t\t<div class=\"elementor-widget-container\">\n\t\t\t\t\t\t\t\t\t\t\t\t<figure class=\"wp-caption\">\n\t\t\t\t\t\t\t\t\t\t<img loading=\"lazy\" decoding=\"async\" width=\"1024\" height=\"690\" src=\"https:\/\/dento-budo-dojo.fr\/wp-content\/uploads\/2025\/12\/Dento-Kan-Geiko-2025-1024x690.jpg\" class=\"attachment-large size-large wp-image-3034\" alt=\"Quelques membres du Dento Budo Dojo au stage d&#039;hiver en compagnie du Sok\u00e9 et ses experts.\" srcset=\"https:\/\/dento-budo-dojo.fr\/wp-content\/uploads\/2025\/12\/Dento-Kan-Geiko-2025-200x135.jpg 200w, https:\/\/dento-budo-dojo.fr\/wp-content\/uploads\/2025\/12\/Dento-Kan-Geiko-2025-272x182.jpg 272w, https:\/\/dento-budo-dojo.fr\/wp-content\/uploads\/2025\/12\/Dento-Kan-Geiko-2025-300x202.jpg 300w, https:\/\/dento-budo-dojo.fr\/wp-content\/uploads\/2025\/12\/Dento-Kan-Geiko-2025-400x270.jpg 400w, https:\/\/dento-budo-dojo.fr\/wp-content\/uploads\/2025\/12\/Dento-Kan-Geiko-2025-600x404.jpg 600w, https:\/\/dento-budo-dojo.fr\/wp-content\/uploads\/2025\/12\/Dento-Kan-Geiko-2025-768x517.jpg 768w, https:\/\/dento-budo-dojo.fr\/wp-content\/uploads\/2025\/12\/Dento-Kan-Geiko-2025-800x539.jpg 800w, https:\/\/dento-budo-dojo.fr\/wp-content\/uploads\/2025\/12\/Dento-Kan-Geiko-2025-1024x690.jpg 1024w, https:\/\/dento-budo-dojo.fr\/wp-content\/uploads\/2025\/12\/Dento-Kan-Geiko-2025-1200x809.jpg 1200w, https:\/\/dento-budo-dojo.fr\/wp-content\/uploads\/2025\/12\/Dento-Kan-Geiko-2025-1536x1035.jpg 1536w\" sizes=\"(max-width: 1024px) 100vw, 1024px\" \/>\t\t\t\t\t\t\t\t\t\t\t<figcaption class=\"widget-image-caption wp-caption-text\">Quelques membres du Dento Budo Dojo au stage d'hiver en compagnie du Sok\u00e9 et ses experts.<\/figcaption>\n\t\t\t\t\t\t\t\t\t\t<\/figure>\n\t\t\t\t\t\t\t\t\t<\/div>\n\t\t\t\t<\/div>\n\t\t\t\t\t<\/div>\n\t\t<\/div>\n\t\t\t\t\t<\/div>\n\t\t<\/section>\n\t\t\t\t<section class=\"elementor-section elementor-top-section elementor-element elementor-element-e8645cb elementor-section-boxed elementor-section-height-default elementor-section-height-default\" data-id=\"e8645cb\" data-element_type=\"section\" data-e-type=\"section\">\n\t\t\t\t\t\t<div class=\"elementor-container elementor-column-gap-default\">\n\t\t\t\t\t<div class=\"elementor-column elementor-col-100 elementor-top-column elementor-element elementor-element-1b68679\" data-id=\"1b68679\" data-element_type=\"column\" data-e-type=\"column\">\n\t\t\t<div class=\"elementor-widget-wrap elementor-element-populated\">\n\t\t\t\t\t\t<div class=\"elementor-element elementor-element-92b092b elementor-widget elementor-widget-heading\" data-id=\"92b092b\" data-element_type=\"widget\" data-e-type=\"widget\" data-widget_type=\"heading.default\">\n\t\t\t\t<div class=\"elementor-widget-container\">\n\t\t\t\t\t<h1 class=\"elementor-heading-title elementor-size-default\">Rentr\u00e9e de septembre 2025<\/h1>\t\t\t\t<\/div>\n\t\t\t\t<\/div>\n\t\t\t\t\t<\/div>\n\t\t<\/div>\n\t\t\t\t\t<\/div>\n\t\t<\/section>\n\t\t\t\t<section class=\"elementor-section elementor-top-section elementor-element elementor-element-6915b84 elementor-section-boxed elementor-section-height-default elementor-section-height-default\" data-id=\"6915b84\" data-element_type=\"section\" data-e-type=\"section\">\n\t\t\t\t\t\t<div class=\"elementor-container elementor-column-gap-default\">\n\t\t\t\t\t<div class=\"elementor-column elementor-col-100 elementor-top-column elementor-element elementor-element-8044ccc\" data-id=\"8044ccc\" data-element_type=\"column\" data-e-type=\"column\">\n\t\t\t<div class=\"elementor-widget-wrap elementor-element-populated\">\n\t\t\t\t\t\t<div class=\"elementor-element elementor-element-ec10970 elementor-widget elementor-widget-text-editor\" data-id=\"ec10970\" data-element_type=\"widget\" data-e-type=\"widget\" data-widget_type=\"text-editor.default\">\n\t\t\t\t<div class=\"elementor-widget-container\">\n\t\t\t\t\t\t\t\t\t<p>Notre rentr\u00e9e, comme chaque ann\u00e9e, a commenc\u00e9 avec la f\u00eate des sports de S\u00e9lestat, ce samedi 6 septembre. Nous y \u00e9tions, bien \u00e9videmment\u00a0!<\/p><p>Des rencontres, des discussions, comme d\u2019habitude, mais une tonalit\u00e9 particuli\u00e8re apparaissait\u2026 celui d\u2019un public exclusivement adulte. Une surprise pour nous. Les autres ann\u00e9es beaucoup de personne venaient pour inscrire leurs enfants, mais cette fois-ci, c\u2019\u00e9tait pour eux\u00a0! Les \u00e9changes furent nombreux, mais l\u2019avenir nous apprendra si le geste suivra la parole\u2026<\/p><p>Le Karat\u00e9 \u2013 art externe \u2013 et le Tai Chi Chuan \u2013 art interne \u2013 sont les deux disciplines enseign\u00e9es dans notre dojo, mais cela n\u2019exclue pas l\u2019int\u00e9gration d\u2019autres \u00e9l\u00e9ments martiaux, comme le Kobudo par exemple, et des concepts li\u00e9s au Hojutsu.<\/p><p>La reprise a commenc\u00e9 le lundi 8 pour le karat\u00e9 et le mardi 9 pour le Tai Chi Chuan. Alors \u00e0 bient\u00f4t si vous osez franchir la porte\u2026 pour ouvrir d\u2019autres portes\u2026<\/p><p>Bien \u00e0 vous.<\/p>\t\t\t\t\t\t\t\t<\/div>\n\t\t\t\t<\/div>\n\t\t\t\t\t<\/div>\n\t\t<\/div>\n\t\t\t\t\t<\/div>\n\t\t<\/section>\n\t\t\t\t<section class=\"elementor-section elementor-top-section elementor-element elementor-element-d52673e elementor-section-boxed elementor-section-height-default elementor-section-height-default\" data-id=\"d52673e\" data-element_type=\"section\" data-e-type=\"section\">\n\t\t\t\t\t\t<div class=\"elementor-container elementor-column-gap-default\">\n\t\t\t\t\t<div class=\"elementor-column elementor-col-100 elementor-top-column elementor-element elementor-element-a2dab2f\" data-id=\"a2dab2f\" data-element_type=\"column\" data-e-type=\"column\">\n\t\t\t<div class=\"elementor-widget-wrap elementor-element-populated\">\n\t\t\t\t\t\t<div class=\"elementor-element elementor-element-fa3852f elementor-widget-divider--separator-type-pattern elementor-widget-divider--view-line elementor-widget elementor-widget-divider\" data-id=\"fa3852f\" data-element_type=\"widget\" data-e-type=\"widget\" data-widget_type=\"divider.default\">\n\t\t\t\t<div class=\"elementor-widget-container\">\n\t\t\t\t\t\t\t<div class=\"elementor-divider\" style=\"--divider-pattern-url: url(&quot;data:image\/svg+xml,%3Csvg xmlns=&#039;http:\/\/www.w3.org\/2000\/svg&#039; preserveAspectRatio=&#039;none&#039; overflow=&#039;visible&#039; height=&#039;100%&#039; viewBox=&#039;0 0 20 16&#039; fill=&#039;none&#039; stroke=&#039;black&#039; stroke-width=&#039;1&#039; stroke-linecap=&#039;square&#039; stroke-miterlimit=&#039;10&#039;%3E%3Cg transform=&#039;translate(-12.000000, 0)&#039;%3E%3Cpath d=&#039;M28,0L10,18&#039;\/%3E%3Cpath d=&#039;M18,0L0,18&#039;\/%3E%3Cpath d=&#039;M48,0L30,18&#039;\/%3E%3Cpath d=&#039;M38,0L20,18&#039;\/%3E%3C\/g%3E%3C\/svg%3E&quot;);\">\n\t\t\t<span class=\"elementor-divider-separator\">\n\t\t\t\t\t\t<\/span>\n\t\t<\/div>\n\t\t\t\t\t\t<\/div>\n\t\t\t\t<\/div>\n\t\t\t\t\t<\/div>\n\t\t<\/div>\n\t\t\t\t\t<\/div>\n\t\t<\/section>\n\t\t\t\t<section class=\"elementor-section elementor-top-section elementor-element elementor-element-352c94e elementor-section-boxed elementor-section-height-default elementor-section-height-default\" data-id=\"352c94e\" data-element_type=\"section\" data-e-type=\"section\">\n\t\t\t\t\t\t<div class=\"elementor-container elementor-column-gap-default\">\n\t\t\t\t\t<div class=\"elementor-column elementor-col-100 elementor-top-column elementor-element elementor-element-a5d29bd\" data-id=\"a5d29bd\" data-element_type=\"column\" data-e-type=\"column\">\n\t\t\t<div class=\"elementor-widget-wrap elementor-element-populated\">\n\t\t\t\t\t\t<div class=\"elementor-element elementor-element-23d5c34 elementor-widget elementor-widget-heading\" data-id=\"23d5c34\" data-element_type=\"widget\" data-e-type=\"widget\" data-widget_type=\"heading.default\">\n\t\t\t\t<div class=\"elementor-widget-container\">\n\t\t\t\t\t<h1 class=\"elementor-heading-title elementor-size-default\">Stage de printemps du Dento Budo Dojo<\/h1>\t\t\t\t<\/div>\n\t\t\t\t<\/div>\n\t\t\t\t\t<\/div>\n\t\t<\/div>\n\t\t\t\t\t<\/div>\n\t\t<\/section>\n\t\t\t\t<section class=\"elementor-section elementor-top-section elementor-element elementor-element-9ff0469 elementor-section-boxed elementor-section-height-default elementor-section-height-default\" data-id=\"9ff0469\" data-element_type=\"section\" data-e-type=\"section\">\n\t\t\t\t\t\t<div class=\"elementor-container elementor-column-gap-default\">\n\t\t\t\t\t<div class=\"elementor-column elementor-col-100 elementor-top-column elementor-element elementor-element-fe31da8\" data-id=\"fe31da8\" data-element_type=\"column\" data-e-type=\"column\">\n\t\t\t<div class=\"elementor-widget-wrap elementor-element-populated\">\n\t\t\t\t\t\t<div class=\"elementor-element elementor-element-806cf5c elementor-widget elementor-widget-image\" data-id=\"806cf5c\" data-element_type=\"widget\" data-e-type=\"widget\" data-widget_type=\"image.default\">\n\t\t\t\t<div class=\"elementor-widget-container\">\n\t\t\t\t\t\t\t\t\t\t\t\t<figure class=\"wp-caption\">\n\t\t\t\t\t\t\t\t\t\t\t<a href=\"http:\/\/dento-budo-dojo.fr\/wp-content\/uploads\/2025\/05\/Groupe-Kan-Geiko-2025.jpg\" data-elementor-open-lightbox=\"no\">\n\t\t\t\t\t\t\t<img loading=\"lazy\" decoding=\"async\" width=\"1024\" height=\"387\" src=\"https:\/\/dento-budo-dojo.fr\/wp-content\/uploads\/2025\/05\/Groupe-Kan-Geiko-2025-1024x387.jpg\" class=\"attachment-large size-large wp-image-3005\" alt=\"Groupe pr\u00e9sent lors du stage de printemps, un rendez-vous incontournable.\" srcset=\"https:\/\/dento-budo-dojo.fr\/wp-content\/uploads\/2025\/05\/Groupe-Kan-Geiko-2025-200x76.jpg 200w, https:\/\/dento-budo-dojo.fr\/wp-content\/uploads\/2025\/05\/Groupe-Kan-Geiko-2025-300x114.jpg 300w, https:\/\/dento-budo-dojo.fr\/wp-content\/uploads\/2025\/05\/Groupe-Kan-Geiko-2025-400x151.jpg 400w, https:\/\/dento-budo-dojo.fr\/wp-content\/uploads\/2025\/05\/Groupe-Kan-Geiko-2025-600x227.jpg 600w, https:\/\/dento-budo-dojo.fr\/wp-content\/uploads\/2025\/05\/Groupe-Kan-Geiko-2025-768x291.jpg 768w, https:\/\/dento-budo-dojo.fr\/wp-content\/uploads\/2025\/05\/Groupe-Kan-Geiko-2025-800x303.jpg 800w, https:\/\/dento-budo-dojo.fr\/wp-content\/uploads\/2025\/05\/Groupe-Kan-Geiko-2025-1024x387.jpg 1024w, https:\/\/dento-budo-dojo.fr\/wp-content\/uploads\/2025\/05\/Groupe-Kan-Geiko-2025-1200x454.jpg 1200w, https:\/\/dento-budo-dojo.fr\/wp-content\/uploads\/2025\/05\/Groupe-Kan-Geiko-2025.jpg 1480w\" sizes=\"(max-width: 1024px) 100vw, 1024px\" \/>\t\t\t\t\t\t\t\t<\/a>\n\t\t\t\t\t\t\t\t\t\t\t<figcaption class=\"widget-image-caption wp-caption-text\">Groupe pr\u00e9sent lors du stage de printemps, un rendez-vous incontournable.<\/figcaption>\n\t\t\t\t\t\t\t\t\t\t<\/figure>\n\t\t\t\t\t\t\t\t\t<\/div>\n\t\t\t\t<\/div>\n\t\t\t\t\t<\/div>\n\t\t<\/div>\n\t\t\t\t\t<\/div>\n\t\t<\/section>\n\t\t\t\t<section class=\"elementor-section elementor-top-section elementor-element elementor-element-43e667d elementor-section-boxed elementor-section-height-default elementor-section-height-default\" data-id=\"43e667d\" data-element_type=\"section\" data-e-type=\"section\">\n\t\t\t\t\t\t<div class=\"elementor-container elementor-column-gap-default\">\n\t\t\t\t\t<div class=\"elementor-column elementor-col-33 elementor-top-column elementor-element elementor-element-fb10148\" data-id=\"fb10148\" data-element_type=\"column\" data-e-type=\"column\">\n\t\t\t<div class=\"elementor-widget-wrap elementor-element-populated\">\n\t\t\t\t\t\t<div class=\"elementor-element elementor-element-481071d elementor-widget elementor-widget-image\" data-id=\"481071d\" data-element_type=\"widget\" data-e-type=\"widget\" data-widget_type=\"image.default\">\n\t\t\t\t<div class=\"elementor-widget-container\">\n\t\t\t\t\t\t\t\t\t\t\t\t\t\t\t<img loading=\"lazy\" decoding=\"async\" width=\"1024\" height=\"639\" src=\"https:\/\/dento-budo-dojo.fr\/wp-content\/uploads\/2025\/05\/bo-et-nunchaku-1-1024x639.jpg\" class=\"attachment-large size-large wp-image-3001\" alt=\"Alex HAUWAERT (\u00e0 gauche) et Jacques FAIEFF (\u00e0 droite) lors d\u2019une phase entre bo et nunchaku.\" srcset=\"https:\/\/dento-budo-dojo.fr\/wp-content\/uploads\/2025\/05\/bo-et-nunchaku-1-200x125.jpg 200w, https:\/\/dento-budo-dojo.fr\/wp-content\/uploads\/2025\/05\/bo-et-nunchaku-1-300x187.jpg 300w, https:\/\/dento-budo-dojo.fr\/wp-content\/uploads\/2025\/05\/bo-et-nunchaku-1-400x250.jpg 400w, https:\/\/dento-budo-dojo.fr\/wp-content\/uploads\/2025\/05\/bo-et-nunchaku-1-600x375.jpg 600w, https:\/\/dento-budo-dojo.fr\/wp-content\/uploads\/2025\/05\/bo-et-nunchaku-1-768x480.jpg 768w, https:\/\/dento-budo-dojo.fr\/wp-content\/uploads\/2025\/05\/bo-et-nunchaku-1-800x500.jpg 800w, https:\/\/dento-budo-dojo.fr\/wp-content\/uploads\/2025\/05\/bo-et-nunchaku-1-1024x639.jpg 1024w, https:\/\/dento-budo-dojo.fr\/wp-content\/uploads\/2025\/05\/bo-et-nunchaku-1-1200x749.jpg 1200w, https:\/\/dento-budo-dojo.fr\/wp-content\/uploads\/2025\/05\/bo-et-nunchaku-1-1536x959.jpg 1536w, https:\/\/dento-budo-dojo.fr\/wp-content\/uploads\/2025\/05\/bo-et-nunchaku-1.jpg 1640w\" sizes=\"(max-width: 1024px) 100vw, 1024px\" \/>\t\t\t\t\t\t\t\t\t\t\t\t\t\t\t<\/div>\n\t\t\t\t<\/div>\n\t\t\t\t\t<\/div>\n\t\t<\/div>\n\t\t\t\t<div class=\"elementor-column elementor-col-33 elementor-top-column elementor-element elementor-element-bef5971\" data-id=\"bef5971\" data-element_type=\"column\" data-e-type=\"column\">\n\t\t\t<div class=\"elementor-widget-wrap elementor-element-populated\">\n\t\t\t\t\t\t<div class=\"elementor-element elementor-element-8c59afc elementor-drop-cap-yes elementor-drop-cap-view-default elementor-widget elementor-widget-text-editor\" data-id=\"8c59afc\" data-element_type=\"widget\" data-e-type=\"widget\" data-settings=\"{&quot;drop_cap&quot;:&quot;yes&quot;}\" data-widget_type=\"text-editor.default\">\n\t\t\t\t<div class=\"elementor-widget-container\">\n\t\t\t\t\t\t\t\t\t<p>Le c\u0153ur, la passion, l\u2019envie de se retrouver autour du <em>Sok\u00e9<\/em> Roland HABERSETZER, et de ses experts Jacques FAIEFF et Alex HAUWAERT, ont une fois de plus r\u00e9unis de nombreux karat\u00e9kas, de diff\u00e9rents pays. Ce stage, nomm\u00e9 \u00ab\u00a0stage de printemps\u00a0\u00bb, orient\u00e9 davantage vers le <em>kobudo<\/em> le dimanche, avec l\u2019esprit propos\u00e9 dans notre \u00e9cole \u2013 le <em>Tengu-ryu<\/em> \u2013 en s\u2019appuyant sur le <em>kara-ho tengu no kata<\/em>, pour la pratique des katas en <em>boken<\/em>, et <em>tambo<\/em>, ce qui donne un ton diff\u00e9rent de notre autre rendez-vous incontournable, celui du <em>Kan Geiko<\/em>, en hiver\u2026 Ce stage mettait davantage en valeur la pratique du <em>nunchaku<\/em>, avec <em>Senhara<\/em> comme kata (il est \u00e0 not\u00e9 qu\u2019il existe tr\u00e8s peu de kata de cette arme du kobudo) et quelques <em>kumit\u00e9<\/em> d\u00e9montr\u00e9s par les experts. Le bo, le tambo, le boken \u00e9taient \u00e9galement utilis\u00e9s lors d\u2019interactions entre diff\u00e9rentes armes.<\/p>\t\t\t\t\t\t\t\t<\/div>\n\t\t\t\t<\/div>\n\t\t\t\t\t<\/div>\n\t\t<\/div>\n\t\t\t\t<div class=\"elementor-column elementor-col-33 elementor-top-column elementor-element elementor-element-47944f6\" data-id=\"47944f6\" data-element_type=\"column\" data-e-type=\"column\">\n\t\t\t<div class=\"elementor-widget-wrap elementor-element-populated\">\n\t\t\t\t\t\t<div class=\"elementor-element elementor-element-75c4235 elementor-widget elementor-widget-image\" data-id=\"75c4235\" data-element_type=\"widget\" data-e-type=\"widget\" data-widget_type=\"image.default\">\n\t\t\t\t<div class=\"elementor-widget-container\">\n\t\t\t\t\t\t\t\t\t\t\t\t<figure class=\"wp-caption\">\n\t\t\t\t\t\t\t\t\t\t<img loading=\"lazy\" decoding=\"async\" width=\"1024\" height=\"639\" src=\"https:\/\/dento-budo-dojo.fr\/wp-content\/uploads\/2025\/05\/bo-et-nunchaku-2-1024x639.jpg\" class=\"attachment-large size-large wp-image-3002\" alt=\"Alex HAUWAERT (\u00e0 gauche) et Jacques FAIEFF (\u00e0 droite) lors d\u2019une phase entre bo et nunchaku.\" srcset=\"https:\/\/dento-budo-dojo.fr\/wp-content\/uploads\/2025\/05\/bo-et-nunchaku-2-200x125.jpg 200w, https:\/\/dento-budo-dojo.fr\/wp-content\/uploads\/2025\/05\/bo-et-nunchaku-2-300x187.jpg 300w, https:\/\/dento-budo-dojo.fr\/wp-content\/uploads\/2025\/05\/bo-et-nunchaku-2-400x250.jpg 400w, https:\/\/dento-budo-dojo.fr\/wp-content\/uploads\/2025\/05\/bo-et-nunchaku-2-600x375.jpg 600w, https:\/\/dento-budo-dojo.fr\/wp-content\/uploads\/2025\/05\/bo-et-nunchaku-2-768x480.jpg 768w, https:\/\/dento-budo-dojo.fr\/wp-content\/uploads\/2025\/05\/bo-et-nunchaku-2-800x500.jpg 800w, https:\/\/dento-budo-dojo.fr\/wp-content\/uploads\/2025\/05\/bo-et-nunchaku-2-1024x639.jpg 1024w, https:\/\/dento-budo-dojo.fr\/wp-content\/uploads\/2025\/05\/bo-et-nunchaku-2-1200x749.jpg 1200w, https:\/\/dento-budo-dojo.fr\/wp-content\/uploads\/2025\/05\/bo-et-nunchaku-2-1536x959.jpg 1536w, https:\/\/dento-budo-dojo.fr\/wp-content\/uploads\/2025\/05\/bo-et-nunchaku-2.jpg 1640w\" sizes=\"(max-width: 1024px) 100vw, 1024px\" \/>\t\t\t\t\t\t\t\t\t\t\t<figcaption class=\"widget-image-caption wp-caption-text\">Alex HAUWAERT (\u00e0 gauche) et Jacques FAIEFF (\u00e0 droite) lors d\u2019une phase entre bo et nunchaku.<\/figcaption>\n\t\t\t\t\t\t\t\t\t\t<\/figure>\n\t\t\t\t\t\t\t\t\t<\/div>\n\t\t\t\t<\/div>\n\t\t\t\t\t<\/div>\n\t\t<\/div>\n\t\t\t\t\t<\/div>\n\t\t<\/section>\n\t\t\t\t<section class=\"elementor-section elementor-top-section elementor-element elementor-element-01a26ec elementor-section-boxed elementor-section-height-default elementor-section-height-default\" data-id=\"01a26ec\" data-element_type=\"section\" data-e-type=\"section\">\n\t\t\t\t\t\t<div class=\"elementor-container elementor-column-gap-default\">\n\t\t\t\t\t<div class=\"elementor-column elementor-col-100 elementor-top-column elementor-element elementor-element-523405b\" data-id=\"523405b\" data-element_type=\"column\" data-e-type=\"column\">\n\t\t\t<div class=\"elementor-widget-wrap elementor-element-populated\">\n\t\t\t\t\t\t<div class=\"elementor-element elementor-element-d413dbe elementor-widget elementor-widget-text-editor\" data-id=\"d413dbe\" data-element_type=\"widget\" data-e-type=\"widget\" data-widget_type=\"text-editor.default\">\n\t\t\t\t<div class=\"elementor-widget-container\">\n\t\t\t\t\t\t\t\t\t<p>\u00a0\u00a0\u00a0\u00a0\u00a0\u00a0\u00a0\u00a0\u00a0\u00a0\u00a0\u00a0\u00a0\u00a0\u00a0 Le samedi fut exclusivement consacr\u00e9 au <em>kihon<\/em>, kumit\u00e9 et kata de notre \u00e9cole, avec l\u2019esprit, le comportement, et tout ce qui en d\u00e9coule des concepts sous-jacents de notre pratique. Un vaste programme qui mettait en lumi\u00e8re la difficult\u00e9 li\u00e9e au discernement, au contr\u00f4le, essentiels pour une pratique qui se veut \u00e9touffer la violence et non la surench\u00e9rir\u00a0! Nous sommes de plus en plus, et c\u2019est un constat malheureux, confront\u00e9s \u00e0 des images m\u00e9diatis\u00e9es de la mont\u00e9e de la violence dans notre pays comme ailleurs\u2026 Certaines valeurs \u00e9ducatives auraient-elles disparues\u00a0? \u2026 Vaste d\u00e9bat\u2026<\/p><p>\u00a0\u00a0\u00a0\u00a0\u00a0\u00a0\u00a0\u00a0\u00a0\u00a0\u00a0\u00a0\u00a0\u00a0\u00a0 Les kumit\u00e9 sont dans notre \u00e9cole \u00e9tudi\u00e9s pour justement \u00e9duquer un comportement qui se veut responsable face \u00e0 la violence. La mesure d\u2019une r\u00e9ponse est avant tout de pr\u00e9server la vie, pour soi, mais aussi pour l\u2019agresseur, en le contr\u00f4lant si possible. Mais si celui-ci est arm\u00e9, on peut comprendre ais\u00e9ment que cela peut \u00eatre tr\u00e8s compliqu\u00e9 \u00e0 mettre en \u0153uvre\u2026 Le san-nin kumit\u00e9 d\u00e9montre une complexit\u00e9 suppl\u00e9mentaire \u00e0 g\u00e9rer. Cela peut s\u2019aborder apr\u00e8s quelques ann\u00e9es de pratique de son karat\u00e9 car il faut que la technique soit avant tout bien incorpor\u00e9e\u2026 Un corps bien entra\u00een\u00e9 techniquement ne suffira pas s\u2019il n\u2019y a pas un accompagnement mental correspondant au contexte\u2026 car la vie est en danger, ce qui peut inhiber une gestuelle juste dans l\u2019instant. Tout un programme qui fait r\u00e9f\u00e9rence \u00e0 la gestion des \u00e9motions de chacun. Une pr\u00e9sence qui pourtant c\u00f4toie le d\u00e9tachement\u2026 paradoxal, oui, mais n\u00e9cessaire pour peut-\u00eatre s\u2019en sortir.<\/p><p>\u00a0\u00a0\u00a0\u00a0\u00a0\u00a0\u00a0\u00a0\u00a0\u00a0\u00a0\u00a0\u00a0\u00a0\u00a0 Certaines s\u00e9ries des kumit\u00e9 katas, comme du Goshin, katas essentiels du Tengu-ryu, furent \u00e9galement vues et revues pour apprendre, vivre son kumit\u00e9, et, esp\u00e9rons-le, faire \u00e9merger d\u2019autres pistes de cr\u00e9ation personnelles, pour aller plus loin, au c\u0153ur de ce que chacun doit trouver\u2026 une certaine libert\u00e9 du mouvement qui vous sauve la vie, ne l\u2019oublions pas\u00a0! La r\u00e9flexion ne manquera pas. Beaucoup de questions, pour peu de r\u00e9ponses, le d\u00e9but d\u2019une qu\u00eate\u2026<\/p><p>\u00a0\u00a0\u00a0\u00a0\u00a0\u00a0\u00a0\u00a0\u00a0\u00a0\u00a0\u00a0\u00a0\u00a0\u00a0 Les \u00e9changes lors des repas sont toujours une source d\u2019enrichissement. D\u00e9battre, confronter ses id\u00e9es sont \u00e9galement des moments privil\u00e9gi\u00e9s pour comprendre et am\u00e9liorer le sens de la pratique du karat\u00e9. Un sens qui d\u2019ailleurs appartient \u00e0 chacun\u2026 O\u00f9 est la v\u00e9rit\u00e9 dans tout \u00e7a\u00a0?<\/p><p>\u00a0\u00a0\u00a0\u00a0\u00a0\u00a0\u00a0\u00a0\u00a0\u00a0\u00a0\u00a0\u00a0\u00a0\u00a0 L\u2019enthousiasme finit toujours par l\u2019emporter \u00e0 la fin du stage, \u00e9nergie qui se d\u00e9montre par le fait m\u00eame de revenir au prochain\u2026 pour se m\u00eame plaisir de partager cette passion qui nous anime tous, et cet \u00e9tat d\u2019esprit qui est de ne pas se battre, et de ne pas subir\u2026 Esp\u00e9rons tous nous revoir, en bonne sant\u00e9 apr\u00e8s l\u2019\u00e9t\u00e9 qui se profile devant nous, et qui aura une fois de plus, sans doute, son lot de surprises\u2026<\/p>\t\t\t\t\t\t\t\t<\/div>\n\t\t\t\t<\/div>\n\t\t\t\t\t<\/div>\n\t\t<\/div>\n\t\t\t\t\t<\/div>\n\t\t<\/section>\n\t\t\t\t<section class=\"elementor-section elementor-top-section elementor-element elementor-element-3877fae elementor-section-boxed elementor-section-height-default elementor-section-height-default\" data-id=\"3877fae\" data-element_type=\"section\" data-e-type=\"section\">\n\t\t\t\t\t\t<div class=\"elementor-container elementor-column-gap-default\">\n\t\t\t\t\t<div class=\"elementor-column elementor-col-20 elementor-top-column elementor-element elementor-element-071c9bd\" data-id=\"071c9bd\" data-element_type=\"column\" data-e-type=\"column\">\n\t\t\t<div class=\"elementor-widget-wrap elementor-element-populated\">\n\t\t\t\t\t\t<div class=\"elementor-element elementor-element-0dea6cf elementor-widget elementor-widget-image\" data-id=\"0dea6cf\" data-element_type=\"widget\" data-e-type=\"widget\" data-widget_type=\"image.default\">\n\t\t\t\t<div class=\"elementor-widget-container\">\n\t\t\t\t\t\t\t\t\t\t\t\t<figure class=\"wp-caption\">\n\t\t\t\t\t\t\t\t\t\t\t<a href=\"http:\/\/dento-budo-dojo.fr\/wp-content\/uploads\/2025\/05\/Chika-ma-Sebastien.jpg\">\n\t\t\t\t\t\t\t<img loading=\"lazy\" decoding=\"async\" width=\"350\" height=\"700\" src=\"https:\/\/dento-budo-dojo.fr\/wp-content\/uploads\/2025\/05\/Chika-ma-Sebastien.jpg\" class=\"attachment-large size-large wp-image-3003\" alt=\"S\u00e9bastien lors de l\u2019ex\u00e9cution du Chika-ma no uke.\" srcset=\"https:\/\/dento-budo-dojo.fr\/wp-content\/uploads\/2025\/05\/Chika-ma-Sebastien-150x300.jpg 150w, https:\/\/dento-budo-dojo.fr\/wp-content\/uploads\/2025\/05\/Chika-ma-Sebastien-200x400.jpg 200w, https:\/\/dento-budo-dojo.fr\/wp-content\/uploads\/2025\/05\/Chika-ma-Sebastien.jpg 350w\" sizes=\"(max-width: 350px) 100vw, 350px\" \/>\t\t\t\t\t\t\t\t<\/a>\n\t\t\t\t\t\t\t\t\t\t\t<figcaption class=\"widget-image-caption wp-caption-text\">S\u00e9bastien lors de l\u2019ex\u00e9cution du Chika-ma no uke.<\/figcaption>\n\t\t\t\t\t\t\t\t\t\t<\/figure>\n\t\t\t\t\t\t\t\t\t<\/div>\n\t\t\t\t<\/div>\n\t\t\t\t\t<\/div>\n\t\t<\/div>\n\t\t\t\t<div class=\"elementor-column elementor-col-20 elementor-top-column elementor-element elementor-element-e5b83ce\" data-id=\"e5b83ce\" data-element_type=\"column\" data-e-type=\"column\">\n\t\t\t<div class=\"elementor-widget-wrap elementor-element-populated\">\n\t\t\t\t\t\t<div class=\"elementor-element elementor-element-aa90ba7 elementor-widget elementor-widget-image\" data-id=\"aa90ba7\" data-element_type=\"widget\" data-e-type=\"widget\" data-widget_type=\"image.default\">\n\t\t\t\t<div class=\"elementor-widget-container\">\n\t\t\t\t\t\t\t\t\t\t\t\t<figure class=\"wp-caption\">\n\t\t\t\t\t\t\t\t\t\t\t<a href=\"http:\/\/dento-budo-dojo.fr\/wp-content\/uploads\/2025\/05\/kake-dachi-Jean-Paul.jpg\" data-elementor-open-lightbox=\"yes\" data-elementor-lightbox-title=\"kake dachi - Jean-Paul\" data-elementor-lightbox-description=\"Kake dachi ex\u00e9cut\u00e9 par Jean-Paul.\" data-e-action-hash=\"#elementor-action%3Aaction%3Dlightbox%26settings%3DeyJpZCI6Mjk5OCwidXJsIjoiaHR0cHM6XC9cL2RlbnRvLWJ1ZG8tZG9qby5mclwvd3AtY29udGVudFwvdXBsb2Fkc1wvMjAyNVwvMDVcL2tha2UtZGFjaGktSmVhbi1QYXVsLmpwZyJ9\">\n\t\t\t\t\t\t\t<img loading=\"lazy\" decoding=\"async\" width=\"350\" height=\"700\" src=\"https:\/\/dento-budo-dojo.fr\/wp-content\/uploads\/2025\/05\/kake-dachi-Jean-Paul.jpg\" class=\"attachment-large size-large wp-image-2998\" alt=\"Kake dachi ex\u00e9cut\u00e9 par Jean-Paul.\" srcset=\"https:\/\/dento-budo-dojo.fr\/wp-content\/uploads\/2025\/05\/kake-dachi-Jean-Paul-150x300.jpg 150w, https:\/\/dento-budo-dojo.fr\/wp-content\/uploads\/2025\/05\/kake-dachi-Jean-Paul-200x400.jpg 200w, https:\/\/dento-budo-dojo.fr\/wp-content\/uploads\/2025\/05\/kake-dachi-Jean-Paul.jpg 350w\" sizes=\"(max-width: 350px) 100vw, 350px\" \/>\t\t\t\t\t\t\t\t<\/a>\n\t\t\t\t\t\t\t\t\t\t\t<figcaption class=\"widget-image-caption wp-caption-text\">Kake dachi ex\u00e9cut\u00e9 par Jean-Paul.<\/figcaption>\n\t\t\t\t\t\t\t\t\t\t<\/figure>\n\t\t\t\t\t\t\t\t\t<\/div>\n\t\t\t\t<\/div>\n\t\t\t\t\t<\/div>\n\t\t<\/div>\n\t\t\t\t<div class=\"elementor-column elementor-col-20 elementor-top-column elementor-element elementor-element-051f433\" data-id=\"051f433\" data-element_type=\"column\" data-e-type=\"column\">\n\t\t\t<div class=\"elementor-widget-wrap elementor-element-populated\">\n\t\t\t\t\t\t<div class=\"elementor-element elementor-element-5224a82 elementor-widget elementor-widget-image\" data-id=\"5224a82\" data-element_type=\"widget\" data-e-type=\"widget\" data-widget_type=\"image.default\">\n\t\t\t\t<div class=\"elementor-widget-container\">\n\t\t\t\t\t\t\t\t\t\t\t\t<figure class=\"wp-caption\">\n\t\t\t\t\t\t\t\t\t\t<img loading=\"lazy\" decoding=\"async\" width=\"350\" height=\"700\" src=\"https:\/\/dento-budo-dojo.fr\/wp-content\/uploads\/2025\/05\/Shorin-Sochin.jpg\" class=\"attachment-large size-large wp-image-2999\" alt=\"Posture du kata Sochin du style Shorin-ryu.\" srcset=\"https:\/\/dento-budo-dojo.fr\/wp-content\/uploads\/2025\/05\/Shorin-Sochin-150x300.jpg 150w, https:\/\/dento-budo-dojo.fr\/wp-content\/uploads\/2025\/05\/Shorin-Sochin-200x400.jpg 200w, https:\/\/dento-budo-dojo.fr\/wp-content\/uploads\/2025\/05\/Shorin-Sochin.jpg 350w\" sizes=\"(max-width: 350px) 100vw, 350px\" \/>\t\t\t\t\t\t\t\t\t\t\t<figcaption class=\"widget-image-caption wp-caption-text\">Posture du kata Sochin du style Shorin-ryu.<\/figcaption>\n\t\t\t\t\t\t\t\t\t\t<\/figure>\n\t\t\t\t\t\t\t\t\t<\/div>\n\t\t\t\t<\/div>\n\t\t\t\t\t<\/div>\n\t\t<\/div>\n\t\t\t\t<div class=\"elementor-column elementor-col-20 elementor-top-column elementor-element elementor-element-05816cf\" data-id=\"05816cf\" data-element_type=\"column\" data-e-type=\"column\">\n\t\t\t<div class=\"elementor-widget-wrap elementor-element-populated\">\n\t\t\t\t\t\t<div class=\"elementor-element elementor-element-ae92480 elementor-widget elementor-widget-image\" data-id=\"ae92480\" data-element_type=\"widget\" data-e-type=\"widget\" data-widget_type=\"image.default\">\n\t\t\t\t<div class=\"elementor-widget-container\">\n\t\t\t\t\t\t\t\t\t\t\t\t<figure class=\"wp-caption\">\n\t\t\t\t\t\t\t\t\t\t\t<a href=\"http:\/\/dento-budo-dojo.fr\/wp-content\/uploads\/2025\/05\/Gyaku-uchi-uke-Guy.jpg\" data-elementor-open-lightbox=\"yes\" data-elementor-lightbox-title=\"Gyaku uchi uke - Guy\" data-elementor-lightbox-description=\"Gyaku uchi uke chudan ex\u00e9cut\u00e9 par Guy.\" data-e-action-hash=\"#elementor-action%3Aaction%3Dlightbox%26settings%3DeyJpZCI6Mjk5NywidXJsIjoiaHR0cHM6XC9cL2RlbnRvLWJ1ZG8tZG9qby5mclwvd3AtY29udGVudFwvdXBsb2Fkc1wvMjAyNVwvMDVcL0d5YWt1LXVjaGktdWtlLUd1eS5qcGcifQ%3D%3D\">\n\t\t\t\t\t\t\t<img loading=\"lazy\" decoding=\"async\" width=\"350\" height=\"700\" src=\"https:\/\/dento-budo-dojo.fr\/wp-content\/uploads\/2025\/05\/Gyaku-uchi-uke-Guy.jpg\" class=\"attachment-large size-large wp-image-2997\" alt=\"Gyaku uchi uke chudan ex\u00e9cut\u00e9 par Guy.\" srcset=\"https:\/\/dento-budo-dojo.fr\/wp-content\/uploads\/2025\/05\/Gyaku-uchi-uke-Guy-150x300.jpg 150w, https:\/\/dento-budo-dojo.fr\/wp-content\/uploads\/2025\/05\/Gyaku-uchi-uke-Guy-200x400.jpg 200w, https:\/\/dento-budo-dojo.fr\/wp-content\/uploads\/2025\/05\/Gyaku-uchi-uke-Guy.jpg 350w\" sizes=\"(max-width: 350px) 100vw, 350px\" \/>\t\t\t\t\t\t\t\t<\/a>\n\t\t\t\t\t\t\t\t\t\t\t<figcaption class=\"widget-image-caption wp-caption-text\">Gyaku uchi uke chudan ex\u00e9cut\u00e9 par Guy.<\/figcaption>\n\t\t\t\t\t\t\t\t\t\t<\/figure>\n\t\t\t\t\t\t\t\t\t<\/div>\n\t\t\t\t<\/div>\n\t\t\t\t\t<\/div>\n\t\t<\/div>\n\t\t\t\t<div class=\"elementor-column elementor-col-20 elementor-top-column elementor-element elementor-element-3092770\" data-id=\"3092770\" data-element_type=\"column\" data-e-type=\"column\">\n\t\t\t<div class=\"elementor-widget-wrap elementor-element-populated\">\n\t\t\t\t\t\t<div class=\"elementor-element elementor-element-72b2615 elementor-widget elementor-widget-image\" data-id=\"72b2615\" data-element_type=\"widget\" data-e-type=\"widget\" data-widget_type=\"image.default\">\n\t\t\t\t<div class=\"elementor-widget-container\">\n\t\t\t\t\t\t\t\t\t\t\t\t<figure class=\"wp-caption\">\n\t\t\t\t\t\t\t\t\t\t\t<a href=\"http:\/\/dento-budo-dojo.fr\/wp-content\/uploads\/2025\/05\/Tengu-no-kamae.jpg\" data-elementor-open-lightbox=\"yes\" data-elementor-lightbox-title=\"Tengu no kamae\" data-elementor-lightbox-description=\"Tengu no kamae, ex\u00e9cut\u00e9 par Fran\u00e7ois.\" data-e-action-hash=\"#elementor-action%3Aaction%3Dlightbox%26settings%3DeyJpZCI6MzAwMCwidXJsIjoiaHR0cHM6XC9cL2RlbnRvLWJ1ZG8tZG9qby5mclwvd3AtY29udGVudFwvdXBsb2Fkc1wvMjAyNVwvMDVcL1Rlbmd1LW5vLWthbWFlLmpwZyJ9\">\n\t\t\t\t\t\t\t<img loading=\"lazy\" decoding=\"async\" width=\"350\" height=\"700\" src=\"https:\/\/dento-budo-dojo.fr\/wp-content\/uploads\/2025\/05\/Tengu-no-kamae.jpg\" class=\"attachment-large size-large wp-image-3000\" alt=\"Tengu no kamae, ex\u00e9cut\u00e9 par Fran\u00e7ois.\" srcset=\"https:\/\/dento-budo-dojo.fr\/wp-content\/uploads\/2025\/05\/Tengu-no-kamae-150x300.jpg 150w, https:\/\/dento-budo-dojo.fr\/wp-content\/uploads\/2025\/05\/Tengu-no-kamae-200x400.jpg 200w, https:\/\/dento-budo-dojo.fr\/wp-content\/uploads\/2025\/05\/Tengu-no-kamae.jpg 350w\" sizes=\"(max-width: 350px) 100vw, 350px\" \/>\t\t\t\t\t\t\t\t<\/a>\n\t\t\t\t\t\t\t\t\t\t\t<figcaption class=\"widget-image-caption wp-caption-text\">Tengu no kamae, ex\u00e9cut\u00e9 par Fran\u00e7ois.<\/figcaption>\n\t\t\t\t\t\t\t\t\t\t<\/figure>\n\t\t\t\t\t\t\t\t\t<\/div>\n\t\t\t\t<\/div>\n\t\t\t\t\t<\/div>\n\t\t<\/div>\n\t\t\t\t\t<\/div>\n\t\t<\/section>\n\t\t\t\t<section class=\"elementor-section elementor-top-section elementor-element elementor-element-08aa5b0 elementor-section-boxed elementor-section-height-default elementor-section-height-default\" data-id=\"08aa5b0\" data-element_type=\"section\" data-e-type=\"section\">\n\t\t\t\t\t\t<div class=\"elementor-container elementor-column-gap-default\">\n\t\t\t\t\t<div class=\"elementor-column elementor-col-100 elementor-top-column elementor-element elementor-element-3a6c0fc\" data-id=\"3a6c0fc\" data-element_type=\"column\" data-e-type=\"column\">\n\t\t\t<div class=\"elementor-widget-wrap elementor-element-populated\">\n\t\t\t\t\t\t<div class=\"elementor-element elementor-element-5e1aa3c elementor-widget elementor-widget-image\" data-id=\"5e1aa3c\" data-element_type=\"widget\" data-e-type=\"widget\" data-widget_type=\"image.default\">\n\t\t\t\t<div class=\"elementor-widget-container\">\n\t\t\t\t\t\t\t\t\t\t\t\t<figure class=\"wp-caption\">\n\t\t\t\t\t\t\t\t\t\t\t<a href=\"http:\/\/dento-budo-dojo.fr\/wp-content\/uploads\/2025\/05\/Groupe-Dento-mai-2025.jpg\">\n\t\t\t\t\t\t\t<img loading=\"lazy\" decoding=\"async\" width=\"700\" height=\"520\" src=\"https:\/\/dento-budo-dojo.fr\/wp-content\/uploads\/2025\/05\/Groupe-Dento-mai-2025.jpg\" class=\"attachment-large size-large wp-image-3004\" alt=\"Quelques membres du Dento Budo Dojo avec le Soke du Tengu-ryu, Roland HABERSETZER.\" srcset=\"https:\/\/dento-budo-dojo.fr\/wp-content\/uploads\/2025\/05\/Groupe-Dento-mai-2025-200x149.jpg 200w, https:\/\/dento-budo-dojo.fr\/wp-content\/uploads\/2025\/05\/Groupe-Dento-mai-2025-300x223.jpg 300w, https:\/\/dento-budo-dojo.fr\/wp-content\/uploads\/2025\/05\/Groupe-Dento-mai-2025-400x297.jpg 400w, https:\/\/dento-budo-dojo.fr\/wp-content\/uploads\/2025\/05\/Groupe-Dento-mai-2025-600x446.jpg 600w, https:\/\/dento-budo-dojo.fr\/wp-content\/uploads\/2025\/05\/Groupe-Dento-mai-2025.jpg 700w\" sizes=\"(max-width: 700px) 100vw, 700px\" \/>\t\t\t\t\t\t\t\t<\/a>\n\t\t\t\t\t\t\t\t\t\t\t<figcaption class=\"widget-image-caption wp-caption-text\">Quelques membres du Dento Budo Dojo avec le Soke du Tengu-ryu, Roland HABERSETZER.<\/figcaption>\n\t\t\t\t\t\t\t\t\t\t<\/figure>\n\t\t\t\t\t\t\t\t\t<\/div>\n\t\t\t\t<\/div>\n\t\t\t\t\t<\/div>\n\t\t<\/div>\n\t\t\t\t\t<\/div>\n\t\t<\/section>\n\t\t\t\t<section class=\"elementor-section elementor-top-section elementor-element elementor-element-a4ac0a8 elementor-section-boxed elementor-section-height-default elementor-section-height-default\" data-id=\"a4ac0a8\" data-element_type=\"section\" data-e-type=\"section\">\n\t\t\t\t\t\t<div class=\"elementor-container elementor-column-gap-default\">\n\t\t\t\t\t<div class=\"elementor-column elementor-col-100 elementor-top-column elementor-element elementor-element-c44c8f0\" data-id=\"c44c8f0\" data-element_type=\"column\" data-e-type=\"column\">\n\t\t\t<div class=\"elementor-widget-wrap elementor-element-populated\">\n\t\t\t\t\t\t<div class=\"elementor-element elementor-element-1b0ecf5 elementor-widget elementor-widget-heading\" data-id=\"1b0ecf5\" data-element_type=\"widget\" data-e-type=\"widget\" data-widget_type=\"heading.default\">\n\t\t\t\t<div class=\"elementor-widget-container\">\n\t\t\t\t\t<h1 class=\"elementor-heading-title elementor-size-default\">Stage de Pakua au Dento Budo Dojo<\/h1>\t\t\t\t<\/div>\n\t\t\t\t<\/div>\n\t\t\t\t\t<\/div>\n\t\t<\/div>\n\t\t\t\t\t<\/div>\n\t\t<\/section>\n\t\t\t\t<section class=\"elementor-section elementor-top-section elementor-element elementor-element-6100e39 elementor-section-boxed elementor-section-height-default elementor-section-height-default\" data-id=\"6100e39\" data-element_type=\"section\" data-e-type=\"section\">\n\t\t\t\t\t\t<div class=\"elementor-container elementor-column-gap-default\">\n\t\t\t\t\t<div class=\"elementor-column elementor-col-100 elementor-top-column elementor-element elementor-element-b16d7b9\" data-id=\"b16d7b9\" data-element_type=\"column\" data-e-type=\"column\">\n\t\t\t<div class=\"elementor-widget-wrap elementor-element-populated\">\n\t\t\t\t\t\t<div class=\"elementor-element elementor-element-e21b7ec elementor-widget elementor-widget-image\" data-id=\"e21b7ec\" data-element_type=\"widget\" data-e-type=\"widget\" data-widget_type=\"image.default\">\n\t\t\t\t<div class=\"elementor-widget-container\">\n\t\t\t\t\t\t\t\t\t\t\t\t<figure class=\"wp-caption\">\n\t\t\t\t\t\t\t\t\t\t<img loading=\"lazy\" decoding=\"async\" width=\"1024\" height=\"451\" src=\"https:\/\/dento-budo-dojo.fr\/wp-content\/uploads\/2025\/04\/Groupe-Pakua-1024x451.jpg\" class=\"attachment-large size-large wp-image-2956\" alt=\"Stagiaires du stage de Pakua Chuan avec Thierry Guillou sur la droite.\" srcset=\"https:\/\/dento-budo-dojo.fr\/wp-content\/uploads\/2025\/04\/Groupe-Pakua-200x88.jpg 200w, https:\/\/dento-budo-dojo.fr\/wp-content\/uploads\/2025\/04\/Groupe-Pakua-300x132.jpg 300w, https:\/\/dento-budo-dojo.fr\/wp-content\/uploads\/2025\/04\/Groupe-Pakua-400x176.jpg 400w, https:\/\/dento-budo-dojo.fr\/wp-content\/uploads\/2025\/04\/Groupe-Pakua-600x264.jpg 600w, https:\/\/dento-budo-dojo.fr\/wp-content\/uploads\/2025\/04\/Groupe-Pakua-768x338.jpg 768w, https:\/\/dento-budo-dojo.fr\/wp-content\/uploads\/2025\/04\/Groupe-Pakua-800x352.jpg 800w, https:\/\/dento-budo-dojo.fr\/wp-content\/uploads\/2025\/04\/Groupe-Pakua-1024x451.jpg 1024w, https:\/\/dento-budo-dojo.fr\/wp-content\/uploads\/2025\/04\/Groupe-Pakua-1200x528.jpg 1200w, https:\/\/dento-budo-dojo.fr\/wp-content\/uploads\/2025\/04\/Groupe-Pakua-1536x676.jpg 1536w\" sizes=\"(max-width: 1024px) 100vw, 1024px\" \/>\t\t\t\t\t\t\t\t\t\t\t<figcaption class=\"widget-image-caption wp-caption-text\">Groupe pr\u00e9sent au stage de Pakua Chuan avec Thierry Guillou sur la droite.<\/figcaption>\n\t\t\t\t\t\t\t\t\t\t<\/figure>\n\t\t\t\t\t\t\t\t\t<\/div>\n\t\t\t\t<\/div>\n\t\t\t\t<div class=\"elementor-element elementor-element-75b98ff elementor-widget elementor-widget-image\" data-id=\"75b98ff\" data-element_type=\"widget\" data-e-type=\"widget\" data-widget_type=\"image.default\">\n\t\t\t\t<div class=\"elementor-widget-container\">\n\t\t\t\t\t\t\t\t\t\t\t\t\t\t\t<img loading=\"lazy\" decoding=\"async\" width=\"700\" height=\"520\" src=\"https:\/\/dento-budo-dojo.fr\/wp-content\/uploads\/2025\/05\/Groupe-Dento-mai-2025.jpg\" class=\"attachment-large size-large wp-image-3004\" alt=\"Quelques membres du Dento Budo Dojo avec le Soke du Tengu-ryu, Roland HABERSETZER.\" srcset=\"https:\/\/dento-budo-dojo.fr\/wp-content\/uploads\/2025\/05\/Groupe-Dento-mai-2025-200x149.jpg 200w, https:\/\/dento-budo-dojo.fr\/wp-content\/uploads\/2025\/05\/Groupe-Dento-mai-2025-300x223.jpg 300w, https:\/\/dento-budo-dojo.fr\/wp-content\/uploads\/2025\/05\/Groupe-Dento-mai-2025-400x297.jpg 400w, https:\/\/dento-budo-dojo.fr\/wp-content\/uploads\/2025\/05\/Groupe-Dento-mai-2025-600x446.jpg 600w, https:\/\/dento-budo-dojo.fr\/wp-content\/uploads\/2025\/05\/Groupe-Dento-mai-2025.jpg 700w\" sizes=\"(max-width: 700px) 100vw, 700px\" \/>\t\t\t\t\t\t\t\t\t\t\t\t\t\t\t<\/div>\n\t\t\t\t<\/div>\n\t\t\t\t\t<\/div>\n\t\t<\/div>\n\t\t\t\t\t<\/div>\n\t\t<\/section>\n\t\t\t\t<section class=\"elementor-section elementor-top-section elementor-element elementor-element-18384a3 elementor-section-boxed elementor-section-height-default elementor-section-height-default\" data-id=\"18384a3\" data-element_type=\"section\" data-e-type=\"section\">\n\t\t\t\t\t\t<div class=\"elementor-container elementor-column-gap-default\">\n\t\t\t\t\t<div class=\"elementor-column elementor-col-100 elementor-top-column elementor-element elementor-element-fae6e50\" data-id=\"fae6e50\" data-element_type=\"column\" data-e-type=\"column\">\n\t\t\t<div class=\"elementor-widget-wrap elementor-element-populated\">\n\t\t\t\t\t\t<div class=\"elementor-element elementor-element-87de45d elementor-drop-cap-yes elementor-drop-cap-view-default elementor-widget elementor-widget-text-editor\" data-id=\"87de45d\" data-element_type=\"widget\" data-e-type=\"widget\" data-settings=\"{&quot;drop_cap&quot;:&quot;yes&quot;}\" data-widget_type=\"text-editor.default\">\n\t\t\t\t<div class=\"elementor-widget-container\">\n\t\t\t\t\t\t\t\t\t<p>Le samedi 29 mars, \u00e0 S\u00e9lestat, fut organis\u00e9 un stage de Pakua Chuan, style peu connu faisant partie des styles internes (Nei jia) au m\u00eame titre que le Tai Chi Chuan, pratiqu\u00e9 au Dento Budo Dojo.<\/p><p>\u00a0\u00a0\u00a0\u00a0\u00a0\u00a0\u00a0\u00a0\u00a0\u00a0\u00a0\u00a0\u00a0\u00a0\u00a0 Pour cela, Thierry Guillou, sp\u00e9cialement venu de Paris, \u00e9l\u00e8ve de Pierre Portocarrero qui lui enseigna cette discipline plus connue sous le nom de Bagua Zhang (main des huit trigrammes) fut notre invit\u00e9 pour cette premi\u00e8re exp\u00e9rience.<\/p><p>\u00a0\u00a0\u00a0\u00a0\u00a0\u00a0\u00a0\u00a0\u00a0\u00a0\u00a0\u00a0\u00a0\u00a0\u00a0 Pour cette premi\u00e8re intervention de Thierry, seules les deux premi\u00e8res formes parmi les 8 furent abord\u00e9es. La complexit\u00e9 croissante de celles-ci demande une bonne int\u00e9gration avant de poursuivre avec les suivantes. La gestuelle est une chose, mais la perception interne en est une autre. Pour cela, du travail, de la pers\u00e9v\u00e9rance et de la patience seront n\u00e9cessaire pour progresser. Pierre PORTOCARRERO nous avait d\u00e9j\u00e0 bien sensibilis\u00e9 \u00e0 cela lorsqu\u2019il \u00e9tait venu pour la premi\u00e8re fois en 2017\u2026 mais entre-temps, la p\u00e9riode \u00ab\u00a0covid\u00a0\u00bb \u00e9tait venue perturber la continuit\u00e9 de cette formation. \u00a0<\/p><p>\u00a0\u00a0\u00a0\u00a0\u00a0\u00a0\u00a0\u00a0\u00a0\u00a0\u00a0\u00a0\u00a0\u00a0\u00a0 Tout le groupe \u00e9tait ravi \u00e0 l\u2019issu de ces 3 heures intenses de concentration et de travail o\u00f9 les cercles et les vrilles ne manquaient pas\u00a0! Cette initiative r\u00e9ussie semble programmer une nouvelle exp\u00e9rience l\u2019ann\u00e9e prochaine pour nos membres. Thierry pour qui c\u2019\u00e9tait une premi\u00e8re de venir dans un groupe ext\u00e9rieur en \u00e9tait \u00e9galement ravi. Alors faisons en sorte de continuer cette pratique, toujours sur la base du volontariat, mais \u00e0 titre individuel, en dehors du cours de tai chi chuan qui lui est dispens\u00e9 dans notre association. N\u2019oublions pas que c\u2019est art peut \u00eatre l\u2019occasion aux karat\u00e9kas d\u2019entrouvrir une nouvelle approche qui \u00e0 n\u2019en pas douter fera \u00e9galement \u00e9cho dans leur pratique du karat\u00e9\u00a0!<\/p><p>\u00a0\u00a0\u00a0\u00a0\u00a0\u00a0\u00a0\u00a0\u00a0\u00a0\u00a0\u00a0\u00a0\u00a0\u00a0 Merci Thierry de nous avoir consacr\u00e9 de votre temps\u2026 la passion faisant\u2026<\/p>\t\t\t\t\t\t\t\t<\/div>\n\t\t\t\t<\/div>\n\t\t\t\t\t<\/div>\n\t\t<\/div>\n\t\t\t\t\t<\/div>\n\t\t<\/section>\n\t\t\t\t<section class=\"elementor-section elementor-top-section elementor-element elementor-element-1743bdb elementor-section-boxed elementor-section-height-default elementor-section-height-default\" data-id=\"1743bdb\" data-element_type=\"section\" data-e-type=\"section\">\n\t\t\t\t\t\t<div class=\"elementor-container elementor-column-gap-default\">\n\t\t\t\t\t<div class=\"elementor-column elementor-col-100 elementor-top-column elementor-element elementor-element-0894750\" data-id=\"0894750\" data-element_type=\"column\" data-e-type=\"column\">\n\t\t\t<div class=\"elementor-widget-wrap elementor-element-populated\">\n\t\t\t\t\t\t<div class=\"elementor-element elementor-element-08bfc8c elementor-widget elementor-widget-heading\" data-id=\"08bfc8c\" data-element_type=\"widget\" data-e-type=\"widget\" data-widget_type=\"heading.default\">\n\t\t\t\t<div class=\"elementor-widget-container\">\n\t\t\t\t\t<h1 class=\"elementor-heading-title elementor-size-default\">Passage de grade de mars 2025 et... stage Koshiki kata !<\/h1>\t\t\t\t<\/div>\n\t\t\t\t<\/div>\n\t\t\t\t\t<\/div>\n\t\t<\/div>\n\t\t\t\t\t<\/div>\n\t\t<\/section>\n\t\t\t\t<section class=\"elementor-section elementor-top-section elementor-element elementor-element-7212cde elementor-section-boxed elementor-section-height-default elementor-section-height-default\" data-id=\"7212cde\" data-element_type=\"section\" data-e-type=\"section\">\n\t\t\t\t\t\t<div class=\"elementor-container elementor-column-gap-default\">\n\t\t\t\t\t<div class=\"elementor-column elementor-col-100 elementor-top-column elementor-element elementor-element-25c6003\" data-id=\"25c6003\" data-element_type=\"column\" data-e-type=\"column\">\n\t\t\t<div class=\"elementor-widget-wrap elementor-element-populated\">\n\t\t\t\t\t\t<div class=\"elementor-element elementor-element-87125fa elementor-widget elementor-widget-heading\" data-id=\"87125fa\" data-element_type=\"widget\" data-e-type=\"widget\" data-widget_type=\"heading.default\">\n\t\t\t\t<div class=\"elementor-widget-container\">\n\t\t\t\t\t<h2 class=\"elementor-heading-title elementor-size-default\">Passage de grade pour Jean-Paul Buchert<\/h2>\t\t\t\t<\/div>\n\t\t\t\t<\/div>\n\t\t\t\t\t<\/div>\n\t\t<\/div>\n\t\t\t\t\t<\/div>\n\t\t<\/section>\n\t\t\t\t<section class=\"elementor-section elementor-top-section elementor-element elementor-element-f42edf3 elementor-section-boxed elementor-section-height-default elementor-section-height-default\" data-id=\"f42edf3\" data-element_type=\"section\" data-e-type=\"section\">\n\t\t\t\t\t\t<div class=\"elementor-container elementor-column-gap-default\">\n\t\t\t\t\t<div class=\"elementor-column elementor-col-50 elementor-top-column elementor-element elementor-element-4ee87b6\" data-id=\"4ee87b6\" data-element_type=\"column\" data-e-type=\"column\">\n\t\t\t<div class=\"elementor-widget-wrap elementor-element-populated\">\n\t\t\t\t\t\t<div class=\"elementor-element elementor-element-c486105 elementor-drop-cap-yes elementor-drop-cap-view-default elementor-widget elementor-widget-text-editor\" data-id=\"c486105\" data-element_type=\"widget\" data-e-type=\"widget\" data-settings=\"{&quot;drop_cap&quot;:&quot;yes&quot;}\" data-widget_type=\"text-editor.default\">\n\t\t\t\t<div class=\"elementor-widget-container\">\n\t\t\t\t\t\t\t\t\t<p>En ce samedi 22 mars, <strong>Jean-Paul<\/strong>, ceinture noire 1<sup>er<\/sup> dan de notre association, se pr\u00e9sentait pour le grade sup\u00e9rieur, \u00e9preuve qui se d\u00e9roula \u00e0 Eschau (Bas-Rhin).<\/p><p>\u00a0\u00a0\u00a0\u00a0\u00a0\u00a0\u00a0\u00a0\u00a0\u00a0\u00a0\u00a0\u00a0\u00a0\u00a0 Le travail de pr\u00e9paration fut d\u2019une constance exemplaire, ce qui se gratifia par la r\u00e9ussite du <strong>2<sup>\u00e8me<\/sup> dan Tengu-ryu<\/strong> en <strong>karat\u00e9<\/strong>. Ce r\u00e9sultat fut une d\u00e9livrance\u2026 fruit d\u2019une assiduit\u00e9 et d\u2019une volont\u00e9 sans faille de s\u2019am\u00e9liorer dans la technique comme dans le mental.<\/p><p>\u00a0\u00a0\u00a0\u00a0\u00a0\u00a0\u00a0\u00a0\u00a0\u00a0\u00a0\u00a0\u00a0\u00a0\u00a0 Toujours engag\u00e9 et impliqu\u00e9, rare de nos jours\u2026 Jean-Paul a su montrer son karat\u00e9 pour le niveau sup\u00e9rieur. C\u2019est un chemin difficile, exigeant, mais son implication et son application dans son karat\u00e9 fut \u00e0 son honneur. Maintenant de nouveaux d\u00e9fis sont devant lui, toujours plus exigeants, mais il le sait, tant rempli de passion\u2026 Au fond, un passage, reste un passage, n\u2019est-ce pas\u00a0!<\/p><p>\u00a0\u00a0\u00a0\u00a0\u00a0\u00a0\u00a0\u00a0\u00a0\u00a0\u00a0\u00a0\u00a0\u00a0\u00a0 Le <em>kihon<\/em>, le <em>renzoku-waza<\/em>, les <em>katas<\/em>, les <em>ippon-kumit\u00e9<\/em>, quelques s\u00e9ries des <em>kumit\u00e9-kata<\/em> et du <em>Goshin<\/em>, ainsi que la d\u00e9monstration du <em>Karaho Tengu-no-kata<\/em>, furent ce panel technique pour illustrer sa prestation apr\u00e8s avoir r\u00e9pondu \u00e0 quelques questions de sa connaissance du karat\u00e9 demand\u00e9 dans notre \u00e9cole, le <strong>Tengu-ryu<\/strong>. Lier la technique et la culture sont indispensables dans une pratique des Arts Martiaux si l\u2019on veut rentrer dans l\u2019essence m\u00eame de l\u2019art\u2026<\/p><p>\u00a0\u00a0\u00a0\u00a0\u00a0\u00a0\u00a0\u00a0\u00a0\u00a0\u00a0\u00a0\u00a0\u00a0\u00a0 Quel que soit le grade abord\u00e9, il y a toujours cette qu\u00eate de perfectibilit\u00e9 \u00e0 mener, qui, selon le niveau, ne touche \u00e9videmment pas aux m\u00eames \u00ab\u00a0registres\u00a0\u00bb de l\u2019art. La technique, certes, surtout dans les premiers niveaux de la ceinture noire, mais attention de ne pas en rester prisonnier au fur et \u00e0 mesure de la progression\u2026 car une pratique vivante reste cr\u00e9ative et non pas une p\u00e2le reproduction d\u2019une simple gestuelle, sans \u00e2me\u00a0!<\/p><p>\u00a0\u00a0\u00a0\u00a0\u00a0\u00a0\u00a0\u00a0\u00a0\u00a0\u00a0\u00a0\u00a0\u00a0\u00a0 Souhaitons que cette gratification pour Jean-Paul soit \u00e9galement l\u2019occasion pour inciter aux progr\u00e8s de tous avec cette envie de comprendre les v\u00e9ritables enjeux d\u2019une telle pratique qu\u2019est celle du Karat\u00e9 dans notre dojo o\u00f9 nous suivons l\u2019enseignement du Sok\u00e9 Roland HABERSETZER de son \u00e9cole \u2013 ryu \u2013 qu\u2019est le Tengu-ryu\u2026<\/p><p>\u00a0\u00a0\u00a0\u00a0\u00a0\u00a0\u00a0\u00a0\u00a0\u00a0\u00a0\u00a0\u00a0\u00a0\u00a0 Un grand bravo \u00e0 Jean-Paul et \u00e0 celles et ceux qui ont contribu\u00e9 \u00e0 sa pr\u00e9paration pour continuer la progression qu\u2019il s\u2019est choisie sur la Voie \u2013 le Do<\/p>\t\t\t\t\t\t\t\t<\/div>\n\t\t\t\t<\/div>\n\t\t\t\t\t<\/div>\n\t\t<\/div>\n\t\t\t\t<div class=\"elementor-column elementor-col-50 elementor-top-column elementor-element elementor-element-969a0a7\" data-id=\"969a0a7\" data-element_type=\"column\" data-e-type=\"column\">\n\t\t\t<div class=\"elementor-widget-wrap elementor-element-populated\">\n\t\t\t\t\t\t<div class=\"elementor-element elementor-element-01a343e elementor-widget elementor-widget-image\" data-id=\"01a343e\" data-element_type=\"widget\" data-e-type=\"widget\" data-widget_type=\"image.default\">\n\t\t\t\t<div class=\"elementor-widget-container\">\n\t\t\t\t\t\t\t\t\t\t\t\t\t\t\t<img loading=\"lazy\" decoding=\"async\" width=\"520\" height=\"700\" src=\"https:\/\/dento-budo-dojo.fr\/wp-content\/uploads\/2025\/04\/Jean-Paul-BUCHERT.jpg\" class=\"attachment-large size-large wp-image-2945\" alt=\"Jean-Paul BUCHERT entour\u00e9 par le Sok\u00e9, Roland Habersetzer et son Sensei, Jean-Claude B\u00e9nis.\" srcset=\"https:\/\/dento-budo-dojo.fr\/wp-content\/uploads\/2025\/04\/Jean-Paul-BUCHERT-200x269.jpg 200w, https:\/\/dento-budo-dojo.fr\/wp-content\/uploads\/2025\/04\/Jean-Paul-BUCHERT-223x300.jpg 223w, https:\/\/dento-budo-dojo.fr\/wp-content\/uploads\/2025\/04\/Jean-Paul-BUCHERT-400x538.jpg 400w, https:\/\/dento-budo-dojo.fr\/wp-content\/uploads\/2025\/04\/Jean-Paul-BUCHERT.jpg 520w\" sizes=\"(max-width: 520px) 100vw, 520px\" \/>\t\t\t\t\t\t\t\t\t\t\t\t\t\t\t<\/div>\n\t\t\t\t<\/div>\n\t\t\t\t\t<\/div>\n\t\t<\/div>\n\t\t\t\t\t<\/div>\n\t\t<\/section>\n\t\t\t\t<section class=\"elementor-section elementor-top-section elementor-element elementor-element-5c7ed61 elementor-section-boxed elementor-section-height-default elementor-section-height-default\" data-id=\"5c7ed61\" data-element_type=\"section\" data-e-type=\"section\">\n\t\t\t\t\t\t<div class=\"elementor-container elementor-column-gap-default\">\n\t\t\t\t\t<div class=\"elementor-column elementor-col-100 elementor-top-column elementor-element elementor-element-d10cd49\" data-id=\"d10cd49\" data-element_type=\"column\" data-e-type=\"column\">\n\t\t\t<div class=\"elementor-widget-wrap elementor-element-populated\">\n\t\t\t\t\t\t<div class=\"elementor-element elementor-element-3f63580 elementor-widget elementor-widget-text-editor\" data-id=\"3f63580\" data-element_type=\"widget\" data-e-type=\"widget\" data-widget_type=\"text-editor.default\">\n\t\t\t\t<div class=\"elementor-widget-container\">\n\t\t\t\t\t\t\t\t\t<p>\u00a0\u00a0\u00a0\u00a0\u00a0\u00a0\u00a0\u00a0\u00a0\u00a0\u00a0\u00a0\u00a0\u00a0\u00a0 Nous n\u2019oublions pas pour autant tous les autres candidats qui dans l\u2019ensemble ont montr\u00e9 le niveau auquel ils pr\u00e9tendaient. En Kobudo, cela allait jusqu\u2019au 5<sup>\u00e8me<\/sup> dan\u2026 Le Hanbo \u00e9tait \u00e0 l\u2019honneur, arme peu pr\u00e9sent\u00e9e, mais qui a \u00e9videmment sa place par ses multiples int\u00e9r\u00eats en mati\u00e8re de d\u00e9fense.<\/p><p>\u00a0\u00a0\u00a0\u00a0\u00a0\u00a0\u00a0\u00a0\u00a0\u00a0\u00a0\u00a0\u00a0\u00a0\u00a0 Au final, c\u2019\u00e9tait une belle journ\u00e9e, car voir toutes ces personnes passionn\u00e9es et investies dans leur art, malgr\u00e9 toutes les contraintes soci\u00e9tales d\u2019aujourd\u2019hui, ont su nous r\u00e9jouir par leurs prestations. Un grand bravo \u00e0 toutes et tous\u2026 Et \u00e0 l\u2019ann\u00e9e prochaine pour cette \u00e9valuation de la progression sur le Te,<\/p>\t\t\t\t\t\t\t\t<\/div>\n\t\t\t\t<\/div>\n\t\t\t\t\t<\/div>\n\t\t<\/div>\n\t\t\t\t\t<\/div>\n\t\t<\/section>\n\t\t\t\t<section class=\"elementor-section elementor-top-section elementor-element elementor-element-ac44948 elementor-section-boxed elementor-section-height-default elementor-section-height-default\" data-id=\"ac44948\" data-element_type=\"section\" data-e-type=\"section\">\n\t\t\t\t\t\t<div class=\"elementor-container elementor-column-gap-default\">\n\t\t\t\t\t<div class=\"elementor-column elementor-col-20 elementor-top-column elementor-element elementor-element-316d936\" data-id=\"316d936\" data-element_type=\"column\" data-e-type=\"column\">\n\t\t\t<div class=\"elementor-widget-wrap elementor-element-populated\">\n\t\t\t\t\t\t<div class=\"elementor-element elementor-element-20be0be elementor-widget elementor-widget-image\" data-id=\"20be0be\" data-element_type=\"widget\" data-e-type=\"widget\" data-widget_type=\"image.default\">\n\t\t\t\t<div class=\"elementor-widget-container\">\n\t\t\t\t\t\t\t\t\t\t\t\t<figure class=\"wp-caption\">\n\t\t\t\t\t\t\t\t\t\t<img loading=\"lazy\" decoding=\"async\" width=\"494\" height=\"1024\" src=\"https:\/\/dento-budo-dojo.fr\/wp-content\/uploads\/2025\/04\/Kihon-2-Tengu-Kamae-494x1024.jpg\" class=\"attachment-large size-large wp-image-2970\" alt=\"Jean-Paul BUCHERT, en Tengu-no-kamae.\" srcset=\"https:\/\/dento-budo-dojo.fr\/wp-content\/uploads\/2025\/04\/Kihon-2-Tengu-Kamae-145x300.jpg 145w, https:\/\/dento-budo-dojo.fr\/wp-content\/uploads\/2025\/04\/Kihon-2-Tengu-Kamae-200x414.jpg 200w, https:\/\/dento-budo-dojo.fr\/wp-content\/uploads\/2025\/04\/Kihon-2-Tengu-Kamae-400x829.jpg 400w, https:\/\/dento-budo-dojo.fr\/wp-content\/uploads\/2025\/04\/Kihon-2-Tengu-Kamae-494x1024.jpg 494w, https:\/\/dento-budo-dojo.fr\/wp-content\/uploads\/2025\/04\/Kihon-2-Tengu-Kamae-600x1243.jpg 600w, https:\/\/dento-budo-dojo.fr\/wp-content\/uploads\/2025\/04\/Kihon-2-Tengu-Kamae-741x1536.jpg 741w, https:\/\/dento-budo-dojo.fr\/wp-content\/uploads\/2025\/04\/Kihon-2-Tengu-Kamae-768x1591.jpg 768w, https:\/\/dento-budo-dojo.fr\/wp-content\/uploads\/2025\/04\/Kihon-2-Tengu-Kamae-800x1657.jpg 800w, https:\/\/dento-budo-dojo.fr\/wp-content\/uploads\/2025\/04\/Kihon-2-Tengu-Kamae.jpg 867w\" sizes=\"(max-width: 494px) 100vw, 494px\" \/>\t\t\t\t\t\t\t\t\t\t\t<figcaption class=\"widget-image-caption wp-caption-text\">Jean-Paul BUCHERT, en Tengu-no-kamae.<\/figcaption>\n\t\t\t\t\t\t\t\t\t\t<\/figure>\n\t\t\t\t\t\t\t\t\t<\/div>\n\t\t\t\t<\/div>\n\t\t\t\t\t<\/div>\n\t\t<\/div>\n\t\t\t\t<div class=\"elementor-column elementor-col-20 elementor-top-column elementor-element elementor-element-a7f569f\" data-id=\"a7f569f\" data-element_type=\"column\" data-e-type=\"column\">\n\t\t\t<div class=\"elementor-widget-wrap elementor-element-populated\">\n\t\t\t\t\t\t<div class=\"elementor-element elementor-element-b8fc1ef elementor-widget elementor-widget-image\" data-id=\"b8fc1ef\" data-element_type=\"widget\" data-e-type=\"widget\" data-widget_type=\"image.default\">\n\t\t\t\t<div class=\"elementor-widget-container\">\n\t\t\t\t\t\t\t\t\t\t\t\t\t\t\t<img loading=\"lazy\" decoding=\"async\" width=\"494\" height=\"1024\" src=\"https:\/\/dento-budo-dojo.fr\/wp-content\/uploads\/2025\/04\/Kihon-3-494x1024.jpg\" class=\"attachment-large size-large wp-image-2971\" alt=\"Jean-Paul BUCHERT, effectuant shuto uke.\" srcset=\"https:\/\/dento-budo-dojo.fr\/wp-content\/uploads\/2025\/04\/Kihon-3-145x300.jpg 145w, https:\/\/dento-budo-dojo.fr\/wp-content\/uploads\/2025\/04\/Kihon-3-200x414.jpg 200w, https:\/\/dento-budo-dojo.fr\/wp-content\/uploads\/2025\/04\/Kihon-3-400x829.jpg 400w, https:\/\/dento-budo-dojo.fr\/wp-content\/uploads\/2025\/04\/Kihon-3-494x1024.jpg 494w, https:\/\/dento-budo-dojo.fr\/wp-content\/uploads\/2025\/04\/Kihon-3-600x1243.jpg 600w, https:\/\/dento-budo-dojo.fr\/wp-content\/uploads\/2025\/04\/Kihon-3-741x1536.jpg 741w, https:\/\/dento-budo-dojo.fr\/wp-content\/uploads\/2025\/04\/Kihon-3-768x1591.jpg 768w, https:\/\/dento-budo-dojo.fr\/wp-content\/uploads\/2025\/04\/Kihon-3-800x1657.jpg 800w, https:\/\/dento-budo-dojo.fr\/wp-content\/uploads\/2025\/04\/Kihon-3.jpg 867w\" sizes=\"(max-width: 494px) 100vw, 494px\" \/>\t\t\t\t\t\t\t\t\t\t\t\t\t\t\t<\/div>\n\t\t\t\t<\/div>\n\t\t\t\t\t<\/div>\n\t\t<\/div>\n\t\t\t\t<div class=\"elementor-column elementor-col-20 elementor-top-column elementor-element elementor-element-c4d7a1d\" data-id=\"c4d7a1d\" data-element_type=\"column\" data-e-type=\"column\">\n\t\t\t<div class=\"elementor-widget-wrap elementor-element-populated\">\n\t\t\t\t\t\t<div class=\"elementor-element elementor-element-7a565f3 elementor-widget elementor-widget-image\" data-id=\"7a565f3\" data-element_type=\"widget\" data-e-type=\"widget\" data-widget_type=\"image.default\">\n\t\t\t\t<div class=\"elementor-widget-container\">\n\t\t\t\t\t\t\t\t\t\t\t\t\t\t\t<img loading=\"lazy\" decoding=\"async\" width=\"494\" height=\"1024\" src=\"https:\/\/dento-budo-dojo.fr\/wp-content\/uploads\/2025\/04\/Kihon-1-494x1024.jpg\" class=\"attachment-large size-large wp-image-2969\" alt=\"Jean-Paul BUCHERT\" srcset=\"https:\/\/dento-budo-dojo.fr\/wp-content\/uploads\/2025\/04\/Kihon-1-145x300.jpg 145w, https:\/\/dento-budo-dojo.fr\/wp-content\/uploads\/2025\/04\/Kihon-1-200x414.jpg 200w, https:\/\/dento-budo-dojo.fr\/wp-content\/uploads\/2025\/04\/Kihon-1-400x829.jpg 400w, https:\/\/dento-budo-dojo.fr\/wp-content\/uploads\/2025\/04\/Kihon-1-494x1024.jpg 494w, https:\/\/dento-budo-dojo.fr\/wp-content\/uploads\/2025\/04\/Kihon-1-600x1243.jpg 600w, https:\/\/dento-budo-dojo.fr\/wp-content\/uploads\/2025\/04\/Kihon-1-741x1536.jpg 741w, https:\/\/dento-budo-dojo.fr\/wp-content\/uploads\/2025\/04\/Kihon-1-768x1591.jpg 768w, https:\/\/dento-budo-dojo.fr\/wp-content\/uploads\/2025\/04\/Kihon-1-800x1657.jpg 800w, https:\/\/dento-budo-dojo.fr\/wp-content\/uploads\/2025\/04\/Kihon-1.jpg 867w\" sizes=\"(max-width: 494px) 100vw, 494px\" \/>\t\t\t\t\t\t\t\t\t\t\t\t\t\t\t<\/div>\n\t\t\t\t<\/div>\n\t\t\t\t\t<\/div>\n\t\t<\/div>\n\t\t\t\t<div class=\"elementor-column elementor-col-20 elementor-top-column elementor-element elementor-element-756df5c\" data-id=\"756df5c\" data-element_type=\"column\" data-e-type=\"column\">\n\t\t\t<div class=\"elementor-widget-wrap elementor-element-populated\">\n\t\t\t\t\t\t<div class=\"elementor-element elementor-element-55a1805 elementor-widget elementor-widget-image\" data-id=\"55a1805\" data-element_type=\"widget\" data-e-type=\"widget\" data-widget_type=\"image.default\">\n\t\t\t\t<div class=\"elementor-widget-container\">\n\t\t\t\t\t\t\t\t\t\t\t\t<figure class=\"wp-caption\">\n\t\t\t\t\t\t\t\t\t\t<img loading=\"lazy\" decoding=\"async\" width=\"494\" height=\"1024\" src=\"https:\/\/dento-budo-dojo.fr\/wp-content\/uploads\/2025\/04\/kata-Bassai-Sho-debut-494x1024.jpg\" class=\"attachment-large size-large wp-image-2967\" alt=\"Jean-Paul BUCHERT, se pr\u00e9parant pour Bassa\u00ef Sho.\" srcset=\"https:\/\/dento-budo-dojo.fr\/wp-content\/uploads\/2025\/04\/kata-Bassai-Sho-debut-145x300.jpg 145w, https:\/\/dento-budo-dojo.fr\/wp-content\/uploads\/2025\/04\/kata-Bassai-Sho-debut-200x414.jpg 200w, https:\/\/dento-budo-dojo.fr\/wp-content\/uploads\/2025\/04\/kata-Bassai-Sho-debut-400x829.jpg 400w, https:\/\/dento-budo-dojo.fr\/wp-content\/uploads\/2025\/04\/kata-Bassai-Sho-debut-494x1024.jpg 494w, https:\/\/dento-budo-dojo.fr\/wp-content\/uploads\/2025\/04\/kata-Bassai-Sho-debut-600x1243.jpg 600w, https:\/\/dento-budo-dojo.fr\/wp-content\/uploads\/2025\/04\/kata-Bassai-Sho-debut-741x1536.jpg 741w, https:\/\/dento-budo-dojo.fr\/wp-content\/uploads\/2025\/04\/kata-Bassai-Sho-debut-768x1591.jpg 768w, https:\/\/dento-budo-dojo.fr\/wp-content\/uploads\/2025\/04\/kata-Bassai-Sho-debut-800x1657.jpg 800w, https:\/\/dento-budo-dojo.fr\/wp-content\/uploads\/2025\/04\/kata-Bassai-Sho-debut.jpg 867w\" sizes=\"(max-width: 494px) 100vw, 494px\" \/>\t\t\t\t\t\t\t\t\t\t\t<figcaption class=\"widget-image-caption wp-caption-text\">Jean-Paul BUCHERT, se pr\u00e9parant pour Bassa\u00ef Sho.<\/figcaption>\n\t\t\t\t\t\t\t\t\t\t<\/figure>\n\t\t\t\t\t\t\t\t\t<\/div>\n\t\t\t\t<\/div>\n\t\t\t\t\t<\/div>\n\t\t<\/div>\n\t\t\t\t<div class=\"elementor-column elementor-col-20 elementor-top-column elementor-element elementor-element-074145c\" data-id=\"074145c\" data-element_type=\"column\" data-e-type=\"column\">\n\t\t\t<div class=\"elementor-widget-wrap elementor-element-populated\">\n\t\t\t\t\t\t<div class=\"elementor-element elementor-element-d199782 elementor-widget elementor-widget-image\" data-id=\"d199782\" data-element_type=\"widget\" data-e-type=\"widget\" data-widget_type=\"image.default\">\n\t\t\t\t<div class=\"elementor-widget-container\">\n\t\t\t\t\t\t\t\t\t\t\t\t<figure class=\"wp-caption\">\n\t\t\t\t\t\t\t\t\t\t<img loading=\"lazy\" decoding=\"async\" width=\"494\" height=\"1024\" src=\"https:\/\/dento-budo-dojo.fr\/wp-content\/uploads\/2025\/04\/kata-Hangetsu-fin-494x1024.jpg\" class=\"attachment-large size-large wp-image-2968\" alt=\"Jean-Paul BUCHERT, en phase finale du kata Hangetsu.\" srcset=\"https:\/\/dento-budo-dojo.fr\/wp-content\/uploads\/2025\/04\/kata-Hangetsu-fin-145x300.jpg 145w, https:\/\/dento-budo-dojo.fr\/wp-content\/uploads\/2025\/04\/kata-Hangetsu-fin-200x414.jpg 200w, https:\/\/dento-budo-dojo.fr\/wp-content\/uploads\/2025\/04\/kata-Hangetsu-fin-400x829.jpg 400w, https:\/\/dento-budo-dojo.fr\/wp-content\/uploads\/2025\/04\/kata-Hangetsu-fin-494x1024.jpg 494w, https:\/\/dento-budo-dojo.fr\/wp-content\/uploads\/2025\/04\/kata-Hangetsu-fin-600x1243.jpg 600w, https:\/\/dento-budo-dojo.fr\/wp-content\/uploads\/2025\/04\/kata-Hangetsu-fin-741x1536.jpg 741w, https:\/\/dento-budo-dojo.fr\/wp-content\/uploads\/2025\/04\/kata-Hangetsu-fin-768x1591.jpg 768w, https:\/\/dento-budo-dojo.fr\/wp-content\/uploads\/2025\/04\/kata-Hangetsu-fin-800x1657.jpg 800w, https:\/\/dento-budo-dojo.fr\/wp-content\/uploads\/2025\/04\/kata-Hangetsu-fin.jpg 867w\" sizes=\"(max-width: 494px) 100vw, 494px\" \/>\t\t\t\t\t\t\t\t\t\t\t<figcaption class=\"widget-image-caption wp-caption-text\">Et en phase finale du kata Hangetsu.<\/figcaption>\n\t\t\t\t\t\t\t\t\t\t<\/figure>\n\t\t\t\t\t\t\t\t\t<\/div>\n\t\t\t\t<\/div>\n\t\t\t\t\t<\/div>\n\t\t<\/div>\n\t\t\t\t\t<\/div>\n\t\t<\/section>\n\t\t\t\t<section class=\"elementor-section elementor-top-section elementor-element elementor-element-4313527 elementor-section-boxed elementor-section-height-default elementor-section-height-default\" data-id=\"4313527\" data-element_type=\"section\" data-e-type=\"section\">\n\t\t\t\t\t\t<div class=\"elementor-container elementor-column-gap-default\">\n\t\t\t\t\t<div class=\"elementor-column elementor-col-33 elementor-top-column elementor-element elementor-element-68f175a\" data-id=\"68f175a\" data-element_type=\"column\" data-e-type=\"column\">\n\t\t\t<div class=\"elementor-widget-wrap elementor-element-populated\">\n\t\t\t\t\t\t<div class=\"elementor-element elementor-element-39b3654 elementor-widget elementor-widget-image\" data-id=\"39b3654\" data-element_type=\"widget\" data-e-type=\"widget\" data-widget_type=\"image.default\">\n\t\t\t\t<div class=\"elementor-widget-container\">\n\t\t\t\t\t\t\t\t\t\t\t\t\t\t\t<img loading=\"lazy\" decoding=\"async\" width=\"773\" height=\"739\" src=\"https:\/\/dento-budo-dojo.fr\/wp-content\/uploads\/2025\/04\/Jean-Paul-kumite-1.jpg\" class=\"attachment-large size-large wp-image-2964\" alt=\"Jean-Paul Buchert en Kumite.\" srcset=\"https:\/\/dento-budo-dojo.fr\/wp-content\/uploads\/2025\/04\/Jean-Paul-kumite-1-200x191.jpg 200w, https:\/\/dento-budo-dojo.fr\/wp-content\/uploads\/2025\/04\/Jean-Paul-kumite-1-300x287.jpg 300w, https:\/\/dento-budo-dojo.fr\/wp-content\/uploads\/2025\/04\/Jean-Paul-kumite-1-400x382.jpg 400w, https:\/\/dento-budo-dojo.fr\/wp-content\/uploads\/2025\/04\/Jean-Paul-kumite-1-600x574.jpg 600w, https:\/\/dento-budo-dojo.fr\/wp-content\/uploads\/2025\/04\/Jean-Paul-kumite-1-768x734.jpg 768w, https:\/\/dento-budo-dojo.fr\/wp-content\/uploads\/2025\/04\/Jean-Paul-kumite-1.jpg 773w\" sizes=\"(max-width: 773px) 100vw, 773px\" \/>\t\t\t\t\t\t\t\t\t\t\t\t\t\t\t<\/div>\n\t\t\t\t<\/div>\n\t\t\t\t\t<\/div>\n\t\t<\/div>\n\t\t\t\t<div class=\"elementor-column elementor-col-33 elementor-top-column elementor-element elementor-element-cea9ec4\" data-id=\"cea9ec4\" data-element_type=\"column\" data-e-type=\"column\">\n\t\t\t<div class=\"elementor-widget-wrap elementor-element-populated\">\n\t\t\t\t\t\t<div class=\"elementor-element elementor-element-2bda4f2 elementor-widget elementor-widget-image\" data-id=\"2bda4f2\" data-element_type=\"widget\" data-e-type=\"widget\" data-widget_type=\"image.default\">\n\t\t\t\t<div class=\"elementor-widget-container\">\n\t\t\t\t\t\t\t\t\t\t\t\t\t\t\t<img loading=\"lazy\" decoding=\"async\" width=\"773\" height=\"739\" src=\"https:\/\/dento-budo-dojo.fr\/wp-content\/uploads\/2025\/04\/Jean-Paul-kumite-3.jpg\" class=\"attachment-large size-large wp-image-2966\" alt=\"Jean-Paul et S\u00e9bastien.\" srcset=\"https:\/\/dento-budo-dojo.fr\/wp-content\/uploads\/2025\/04\/Jean-Paul-kumite-3-200x191.jpg 200w, https:\/\/dento-budo-dojo.fr\/wp-content\/uploads\/2025\/04\/Jean-Paul-kumite-3-300x287.jpg 300w, https:\/\/dento-budo-dojo.fr\/wp-content\/uploads\/2025\/04\/Jean-Paul-kumite-3-400x382.jpg 400w, https:\/\/dento-budo-dojo.fr\/wp-content\/uploads\/2025\/04\/Jean-Paul-kumite-3-600x574.jpg 600w, https:\/\/dento-budo-dojo.fr\/wp-content\/uploads\/2025\/04\/Jean-Paul-kumite-3-768x734.jpg 768w, https:\/\/dento-budo-dojo.fr\/wp-content\/uploads\/2025\/04\/Jean-Paul-kumite-3.jpg 773w\" sizes=\"(max-width: 773px) 100vw, 773px\" \/>\t\t\t\t\t\t\t\t\t\t\t\t\t\t\t<\/div>\n\t\t\t\t<\/div>\n\t\t\t\t\t<\/div>\n\t\t<\/div>\n\t\t\t\t<div class=\"elementor-column elementor-col-33 elementor-top-column elementor-element elementor-element-773fb8f\" data-id=\"773fb8f\" data-element_type=\"column\" data-e-type=\"column\">\n\t\t\t<div class=\"elementor-widget-wrap elementor-element-populated\">\n\t\t\t\t\t\t<div class=\"elementor-element elementor-element-ebfcaa5 elementor-widget elementor-widget-image\" data-id=\"ebfcaa5\" data-element_type=\"widget\" data-e-type=\"widget\" data-widget_type=\"image.default\">\n\t\t\t\t<div class=\"elementor-widget-container\">\n\t\t\t\t\t\t\t\t\t\t\t\t\t\t\t<img loading=\"lazy\" decoding=\"async\" width=\"773\" height=\"739\" src=\"https:\/\/dento-budo-dojo.fr\/wp-content\/uploads\/2025\/04\/Jean-Paul-kumite-2.jpg\" class=\"attachment-large size-large wp-image-2965\" alt=\"Jean-Paul Buchert en Kumite.\" srcset=\"https:\/\/dento-budo-dojo.fr\/wp-content\/uploads\/2025\/04\/Jean-Paul-kumite-2-200x191.jpg 200w, https:\/\/dento-budo-dojo.fr\/wp-content\/uploads\/2025\/04\/Jean-Paul-kumite-2-300x287.jpg 300w, https:\/\/dento-budo-dojo.fr\/wp-content\/uploads\/2025\/04\/Jean-Paul-kumite-2-400x382.jpg 400w, https:\/\/dento-budo-dojo.fr\/wp-content\/uploads\/2025\/04\/Jean-Paul-kumite-2-600x574.jpg 600w, https:\/\/dento-budo-dojo.fr\/wp-content\/uploads\/2025\/04\/Jean-Paul-kumite-2-768x734.jpg 768w, https:\/\/dento-budo-dojo.fr\/wp-content\/uploads\/2025\/04\/Jean-Paul-kumite-2.jpg 773w\" sizes=\"(max-width: 773px) 100vw, 773px\" \/>\t\t\t\t\t\t\t\t\t\t\t\t\t\t\t<\/div>\n\t\t\t\t<\/div>\n\t\t\t\t\t<\/div>\n\t\t<\/div>\n\t\t\t\t\t<\/div>\n\t\t<\/section>\n\t\t\t\t<section class=\"elementor-section elementor-top-section elementor-element elementor-element-b2658b6 elementor-section-boxed elementor-section-height-default elementor-section-height-default\" data-id=\"b2658b6\" data-element_type=\"section\" data-e-type=\"section\">\n\t\t\t\t\t\t<div class=\"elementor-container elementor-column-gap-default\">\n\t\t\t\t\t<div class=\"elementor-column elementor-col-100 elementor-top-column elementor-element elementor-element-0b1d380\" data-id=\"0b1d380\" data-element_type=\"column\" data-e-type=\"column\">\n\t\t\t<div class=\"elementor-widget-wrap elementor-element-populated\">\n\t\t\t\t\t\t<div class=\"elementor-element elementor-element-0496e39 elementor-widget elementor-widget-image\" data-id=\"0496e39\" data-element_type=\"widget\" data-e-type=\"widget\" data-widget_type=\"image.default\">\n\t\t\t\t<div class=\"elementor-widget-container\">\n\t\t\t\t\t\t\t\t\t\t\t\t<figure class=\"wp-caption\">\n\t\t\t\t\t\t\t\t\t\t<img loading=\"lazy\" decoding=\"async\" width=\"630\" height=\"210\" src=\"https:\/\/dento-budo-dojo.fr\/wp-content\/uploads\/2025\/04\/Diplomes-2025.jpg\" class=\"attachment-large size-large wp-image-2972\" alt=\"Les dipl\u00f4m\u00e9s avec le jury.\" srcset=\"https:\/\/dento-budo-dojo.fr\/wp-content\/uploads\/2025\/04\/Diplomes-2025-200x67.jpg 200w, https:\/\/dento-budo-dojo.fr\/wp-content\/uploads\/2025\/04\/Diplomes-2025-300x100.jpg 300w, https:\/\/dento-budo-dojo.fr\/wp-content\/uploads\/2025\/04\/Diplomes-2025-400x133.jpg 400w, https:\/\/dento-budo-dojo.fr\/wp-content\/uploads\/2025\/04\/Diplomes-2025-600x200.jpg 600w, https:\/\/dento-budo-dojo.fr\/wp-content\/uploads\/2025\/04\/Diplomes-2025.jpg 630w\" sizes=\"(max-width: 630px) 100vw, 630px\" \/>\t\t\t\t\t\t\t\t\t\t\t<figcaption class=\"widget-image-caption wp-caption-text\">Les dipl\u00f4m\u00e9s avec le jury.<\/figcaption>\n\t\t\t\t\t\t\t\t\t\t<\/figure>\n\t\t\t\t\t\t\t\t\t<\/div>\n\t\t\t\t<\/div>\n\t\t\t\t\t<\/div>\n\t\t<\/div>\n\t\t\t\t\t<\/div>\n\t\t<\/section>\n\t\t\t\t<section class=\"elementor-section elementor-top-section elementor-element elementor-element-aefc464 elementor-section-boxed elementor-section-height-default elementor-section-height-default\" data-id=\"aefc464\" data-element_type=\"section\" data-e-type=\"section\">\n\t\t\t\t\t\t<div class=\"elementor-container elementor-column-gap-default\">\n\t\t\t\t\t<div class=\"elementor-column elementor-col-50 elementor-top-column elementor-element elementor-element-8fda90f\" data-id=\"8fda90f\" data-element_type=\"column\" data-e-type=\"column\">\n\t\t\t<div class=\"elementor-widget-wrap elementor-element-populated\">\n\t\t\t\t\t\t<div class=\"elementor-element elementor-element-3a6f19f elementor-widget elementor-widget-heading\" data-id=\"3a6f19f\" data-element_type=\"widget\" data-e-type=\"widget\" data-widget_type=\"heading.default\">\n\t\t\t\t<div class=\"elementor-widget-container\">\n\t\t\t\t\t<h2 class=\"elementor-heading-title elementor-size-default\">Le stage Koshiki-kata.<\/h2>\t\t\t\t<\/div>\n\t\t\t\t<\/div>\n\t\t\t\t\t<\/div>\n\t\t<\/div>\n\t\t\t\t<div class=\"elementor-column elementor-col-50 elementor-top-column elementor-element elementor-element-5fe83d7\" data-id=\"5fe83d7\" data-element_type=\"column\" data-e-type=\"column\">\n\t\t\t<div class=\"elementor-widget-wrap elementor-element-populated\">\n\t\t\t\t\t\t<div class=\"elementor-element elementor-element-080d0e7 elementor-widget elementor-widget-image\" data-id=\"080d0e7\" data-element_type=\"widget\" data-e-type=\"widget\" data-widget_type=\"image.default\">\n\t\t\t\t<div class=\"elementor-widget-container\">\n\t\t\t\t\t\t\t\t\t\t\t\t\t\t\t<img loading=\"lazy\" decoding=\"async\" width=\"1024\" height=\"286\" src=\"https:\/\/dento-budo-dojo.fr\/wp-content\/uploads\/2025\/04\/groupe_koshiki-1024x286.jpg\" class=\"attachment-large size-large wp-image-2944\" alt=\"Groupe au stage Koshiki Kata en mars 2025\" srcset=\"https:\/\/dento-budo-dojo.fr\/wp-content\/uploads\/2025\/04\/groupe_koshiki-200x56.jpg 200w, https:\/\/dento-budo-dojo.fr\/wp-content\/uploads\/2025\/04\/groupe_koshiki-300x84.jpg 300w, https:\/\/dento-budo-dojo.fr\/wp-content\/uploads\/2025\/04\/groupe_koshiki-400x112.jpg 400w, https:\/\/dento-budo-dojo.fr\/wp-content\/uploads\/2025\/04\/groupe_koshiki-600x167.jpg 600w, https:\/\/dento-budo-dojo.fr\/wp-content\/uploads\/2025\/04\/groupe_koshiki-768x214.jpg 768w, https:\/\/dento-budo-dojo.fr\/wp-content\/uploads\/2025\/04\/groupe_koshiki-800x223.jpg 800w, https:\/\/dento-budo-dojo.fr\/wp-content\/uploads\/2025\/04\/groupe_koshiki-1024x286.jpg 1024w, https:\/\/dento-budo-dojo.fr\/wp-content\/uploads\/2025\/04\/groupe_koshiki.jpg 1100w\" sizes=\"(max-width: 1024px) 100vw, 1024px\" \/>\t\t\t\t\t\t\t\t\t\t\t\t\t\t\t<\/div>\n\t\t\t\t<\/div>\n\t\t\t\t\t<\/div>\n\t\t<\/div>\n\t\t\t\t\t<\/div>\n\t\t<\/section>\n\t\t\t\t<section class=\"elementor-section elementor-top-section elementor-element elementor-element-a10226e elementor-section-boxed elementor-section-height-default elementor-section-height-default\" data-id=\"a10226e\" data-element_type=\"section\" data-e-type=\"section\">\n\t\t\t\t\t\t<div class=\"elementor-container elementor-column-gap-default\">\n\t\t\t\t\t<div class=\"elementor-column elementor-col-100 elementor-top-column elementor-element elementor-element-0d8fc9e\" data-id=\"0d8fc9e\" data-element_type=\"column\" data-e-type=\"column\">\n\t\t\t<div class=\"elementor-widget-wrap elementor-element-populated\">\n\t\t\t\t\t\t<div class=\"elementor-element elementor-element-e83b945 elementor-drop-cap-yes elementor-drop-cap-view-default elementor-widget elementor-widget-text-editor\" data-id=\"e83b945\" data-element_type=\"widget\" data-e-type=\"widget\" data-settings=\"{&quot;drop_cap&quot;:&quot;yes&quot;}\" data-widget_type=\"text-editor.default\">\n\t\t\t\t<div class=\"elementor-widget-container\">\n\t\t\t\t\t\t\t\t\t<p>Le dimanche 23 mars, en cette matin\u00e9e ensoleill\u00e9e, nous attendions tous avec impatience le stage <strong><em>Koshiki-kata<\/em><\/strong>, qui nous ram\u00e8ne \u00e0 des techniques anciennes remplies de ces secrets pour les karat\u00e9kas qui veulent bien les assimiler.<\/p><p>\u00a0\u00a0\u00a0\u00a0\u00a0\u00a0\u00a0\u00a0\u00a0\u00a0\u00a0\u00a0\u00a0\u00a0\u00a0 Vaste programme\u2026 le temps de voir quelques-uns des <em>koshiki-kata<\/em> enseign\u00e9s dans notre \u00e9cole, le <strong><em>Tengu-ryu<\/em><\/strong>. De nombreux aspects techniques y sont abord\u00e9s, mais la respiration a aussi ses particularit\u00e9s en fonction des <em>kata<\/em> \u00e9tudi\u00e9s. Cela laisse de nombreuses sp\u00e9cificit\u00e9s \u00e0 aborder, laissant ainsi un champ d\u2019ouverture consid\u00e9rable pour une recherche personnelle. Sok\u00e9 Roland HABERSETZER nous a invit\u00e9 \u00e0 l\u2019exploration de l\u2019une d\u2019entre elles dans le kata <em>Happoren<\/em>, kata qui avait \u00e9t\u00e9 enseign\u00e9 pour la premi\u00e8re fois en Europe par feu Sensei Tadahiko OHTSUKA du Gojukensha de Tokyo, en octobre 1973 lors de sa venue \u00e0 Strasbourg.<\/p><p>\u00a0\u00a0\u00a0\u00a0\u00a0\u00a0\u00a0\u00a0\u00a0\u00a0\u00a0\u00a0\u00a0\u00a0\u00a0 Ces katas sont l\u2019occasion de toucher au pass\u00e9, jusqu\u2019\u00e0 une certaine mesure, de notre pratique du karat\u00e9. Les styles plus modernes par leur aspect souvent plus d\u00e9monstratifs, plus spectaculaire ont d\u2019autres int\u00e9r\u00eats que ceux des anciens katas qui respectent davantage le corps et qui du coup permet une meilleure circulation de l\u2019\u00e9nergie, le <em>Ki<\/em>. L\u2019efficacit\u00e9 est r\u00e9elle lorsqu\u2019on commence \u00e0 s\u2019y int\u00e9resser de pr\u00e8s m\u00eame si le regard ext\u00e9rieur ne capte pas ce qui est \u00e0 voir\u2026 et c\u2019est au fond tant mieux\u2026 peut-\u00eatre pour pr\u00e9server des connaissances qui attireront les karat\u00e9kas qui veulent vraiment chercher autre chose que du superficiel.<\/p><p>\u00a0\u00a0\u00a0\u00a0\u00a0\u00a0\u00a0\u00a0\u00a0\u00a0\u00a0\u00a0\u00a0\u00a0\u00a0 Une bonne soixantaine de pratiquants a pu revoir, ou voir pour la premi\u00e8re fois certains de ces katas. <em>Uechi-no-Sanchin<\/em>, <em>Hakufa<\/em>, <em>Happoren<\/em>, <em>Papuren<\/em>, <em>Seienchin<\/em>, <em>Chibana-no-Passai<\/em>, <em>Rohai Shodan<\/em> de l\u2019<em>Itosu-ryu<\/em>\u2026<\/p>\t\t\t\t\t\t\t\t<\/div>\n\t\t\t\t<\/div>\n\t\t\t\t\t<\/div>\n\t\t<\/div>\n\t\t\t\t\t<\/div>\n\t\t<\/section>\n\t\t\t\t<section class=\"elementor-section elementor-top-section elementor-element elementor-element-7bd5cd1 elementor-section-boxed elementor-section-height-default elementor-section-height-default\" data-id=\"7bd5cd1\" data-element_type=\"section\" data-e-type=\"section\">\n\t\t\t\t\t\t<div class=\"elementor-container elementor-column-gap-default\">\n\t\t\t\t\t<div class=\"elementor-column elementor-col-100 elementor-top-column elementor-element elementor-element-131b088\" data-id=\"131b088\" data-element_type=\"column\" data-e-type=\"column\">\n\t\t\t<div class=\"elementor-widget-wrap elementor-element-populated\">\n\t\t\t\t\t\t<div class=\"elementor-element elementor-element-8a00be4 elementor-widget elementor-widget-image\" data-id=\"8a00be4\" data-element_type=\"widget\" data-e-type=\"widget\" data-widget_type=\"image.default\">\n\t\t\t\t<div class=\"elementor-widget-container\">\n\t\t\t\t\t\t\t\t\t\t\t\t\t\t\t<img loading=\"lazy\" decoding=\"async\" width=\"1024\" height=\"768\" src=\"https:\/\/dento-budo-dojo.fr\/wp-content\/uploads\/2025\/04\/Groupe-du-Dento-Budo-Dojo-1024x768.jpg\" class=\"attachment-large size-large wp-image-2973\" alt=\"Quelques membres au stage Koshiki-kata.\" srcset=\"https:\/\/dento-budo-dojo.fr\/wp-content\/uploads\/2025\/04\/Groupe-du-Dento-Budo-Dojo-200x150.jpg 200w, https:\/\/dento-budo-dojo.fr\/wp-content\/uploads\/2025\/04\/Groupe-du-Dento-Budo-Dojo-300x225.jpg 300w, https:\/\/dento-budo-dojo.fr\/wp-content\/uploads\/2025\/04\/Groupe-du-Dento-Budo-Dojo-400x300.jpg 400w, https:\/\/dento-budo-dojo.fr\/wp-content\/uploads\/2025\/04\/Groupe-du-Dento-Budo-Dojo-600x450.jpg 600w, https:\/\/dento-budo-dojo.fr\/wp-content\/uploads\/2025\/04\/Groupe-du-Dento-Budo-Dojo-768x576.jpg 768w, https:\/\/dento-budo-dojo.fr\/wp-content\/uploads\/2025\/04\/Groupe-du-Dento-Budo-Dojo-800x600.jpg 800w, https:\/\/dento-budo-dojo.fr\/wp-content\/uploads\/2025\/04\/Groupe-du-Dento-Budo-Dojo-1024x768.jpg 1024w, https:\/\/dento-budo-dojo.fr\/wp-content\/uploads\/2025\/04\/Groupe-du-Dento-Budo-Dojo-1200x900.jpg 1200w, https:\/\/dento-budo-dojo.fr\/wp-content\/uploads\/2025\/04\/Groupe-du-Dento-Budo-Dojo-1536x1152.jpg 1536w\" sizes=\"(max-width: 1024px) 100vw, 1024px\" \/>\t\t\t\t\t\t\t\t\t\t\t\t\t\t\t<\/div>\n\t\t\t\t<\/div>\n\t\t\t\t\t<\/div>\n\t\t<\/div>\n\t\t\t\t\t<\/div>\n\t\t<\/section>\n\t\t\t\t<section class=\"elementor-section elementor-top-section elementor-element elementor-element-47514b9 elementor-section-boxed elementor-section-height-default elementor-section-height-default\" data-id=\"47514b9\" data-element_type=\"section\" data-e-type=\"section\">\n\t\t\t\t\t\t<div class=\"elementor-container elementor-column-gap-default\">\n\t\t\t\t\t<div class=\"elementor-column elementor-col-50 elementor-top-column elementor-element elementor-element-d06d102\" data-id=\"d06d102\" data-element_type=\"column\" data-e-type=\"column\">\n\t\t\t<div class=\"elementor-widget-wrap elementor-element-populated\">\n\t\t\t\t\t\t<div class=\"elementor-element elementor-element-e564807 elementor-widget elementor-widget-heading\" data-id=\"e564807\" data-element_type=\"widget\" data-e-type=\"widget\" data-widget_type=\"heading.default\">\n\t\t\t\t<div class=\"elementor-widget-container\">\n\t\t\t\t\t<h1 class=\"elementor-heading-title elementor-size-default\">Stage \u00e0 Halle, en Belgique<\/h1>\t\t\t\t<\/div>\n\t\t\t\t<\/div>\n\t\t\t\t\t<\/div>\n\t\t<\/div>\n\t\t\t\t<div class=\"elementor-column elementor-col-50 elementor-top-column elementor-element elementor-element-bb9791f\" data-id=\"bb9791f\" data-element_type=\"column\" data-e-type=\"column\">\n\t\t\t<div class=\"elementor-widget-wrap elementor-element-populated\">\n\t\t\t\t\t\t<div class=\"elementor-element elementor-element-c85a991 elementor-widget elementor-widget-image\" data-id=\"c85a991\" data-element_type=\"widget\" data-e-type=\"widget\" data-widget_type=\"image.default\">\n\t\t\t\t<div class=\"elementor-widget-container\">\n\t\t\t\t\t\t\t\t\t\t\t\t<figure class=\"wp-caption\">\n\t\t\t\t\t\t\t\t\t\t<img loading=\"lazy\" decoding=\"async\" width=\"1024\" height=\"589\" src=\"https:\/\/dento-budo-dojo.fr\/wp-content\/uploads\/2025\/04\/Halle-2025-Groupe-alsacien-1024x589.jpg\" class=\"attachment-large size-large wp-image-2974\" alt=\"D\u00e9l\u00e9gation alsacienne.\" srcset=\"https:\/\/dento-budo-dojo.fr\/wp-content\/uploads\/2025\/04\/Halle-2025-Groupe-alsacien-200x115.jpg 200w, https:\/\/dento-budo-dojo.fr\/wp-content\/uploads\/2025\/04\/Halle-2025-Groupe-alsacien-300x172.jpg 300w, https:\/\/dento-budo-dojo.fr\/wp-content\/uploads\/2025\/04\/Halle-2025-Groupe-alsacien-400x230.jpg 400w, https:\/\/dento-budo-dojo.fr\/wp-content\/uploads\/2025\/04\/Halle-2025-Groupe-alsacien-600x345.jpg 600w, https:\/\/dento-budo-dojo.fr\/wp-content\/uploads\/2025\/04\/Halle-2025-Groupe-alsacien-768x441.jpg 768w, https:\/\/dento-budo-dojo.fr\/wp-content\/uploads\/2025\/04\/Halle-2025-Groupe-alsacien-800x460.jpg 800w, https:\/\/dento-budo-dojo.fr\/wp-content\/uploads\/2025\/04\/Halle-2025-Groupe-alsacien-1024x589.jpg 1024w, https:\/\/dento-budo-dojo.fr\/wp-content\/uploads\/2025\/04\/Halle-2025-Groupe-alsacien-1200x690.jpg 1200w, https:\/\/dento-budo-dojo.fr\/wp-content\/uploads\/2025\/04\/Halle-2025-Groupe-alsacien-1536x883.jpg 1536w\" sizes=\"(max-width: 1024px) 100vw, 1024px\" \/>\t\t\t\t\t\t\t\t\t\t\t<figcaption class=\"widget-image-caption wp-caption-text\">D\u00e9l\u00e9gation alsacienne.<\/figcaption>\n\t\t\t\t\t\t\t\t\t\t<\/figure>\n\t\t\t\t\t\t\t\t\t<\/div>\n\t\t\t\t<\/div>\n\t\t\t\t\t<\/div>\n\t\t<\/div>\n\t\t\t\t\t<\/div>\n\t\t<\/section>\n\t\t\t\t<section class=\"elementor-section elementor-top-section elementor-element elementor-element-f9863b2 elementor-section-boxed elementor-section-height-default elementor-section-height-default\" data-id=\"f9863b2\" data-element_type=\"section\" data-e-type=\"section\">\n\t\t\t\t\t\t<div class=\"elementor-container elementor-column-gap-default\">\n\t\t\t\t\t<div class=\"elementor-column elementor-col-33 elementor-top-column elementor-element elementor-element-c05ad82\" data-id=\"c05ad82\" data-element_type=\"column\" data-e-type=\"column\">\n\t\t\t<div class=\"elementor-widget-wrap elementor-element-populated\">\n\t\t\t\t\t\t<div class=\"elementor-element elementor-element-e3392bf elementor-drop-cap-yes elementor-drop-cap-view-default elementor-widget elementor-widget-text-editor\" data-id=\"e3392bf\" data-element_type=\"widget\" data-e-type=\"widget\" data-settings=\"{&quot;drop_cap&quot;:&quot;yes&quot;}\" data-widget_type=\"text-editor.default\">\n\t\t\t\t<div class=\"elementor-widget-container\">\n\t\t\t\t\t\t\t\t\t<p>En ce 8 f\u00e9vrier 2025, eut lieu un stage de Karat\u00e9 \u00e0 Halle, localit\u00e9 situ\u00e9e au sud de Bruxelles chez nos amis belges. Stage qui semble attirer de plus en plus de monde de notre ryu, organis\u00e9 et effectuer par Alex HAUWAERT ET Jacques FAIEFF, tous deux 8<sup>e<\/sup> dan et experts du CRB-IT. C\u2019est donc dans la lign\u00e9e de l\u2019enseignement de Sok\u00e9 Roland HABERSETZER, qui, rappelons-le, est cr\u00e9ateur du <strong><em>Tengu-ryu<\/em><\/strong>, une \u00e9cole qui ram\u00e8ne l\u2019esprit de l\u2019Art martial dans le karat\u00e9, contrairement aux enjeux d\u2019un tout autre genre qu\u2019est celui des sports de combats.<\/p><p>\u00a0\u00a0\u00a0\u00a0\u00a0\u00a0\u00a0\u00a0\u00a0\u00a0\u00a0\u00a0\u00a0\u00a0\u00a0 A cette occasion, des karat\u00e9kas d\u2019Allemagne et de France ont pu regagner le territoire belge pour partager ce moment qui a lieu une ann\u00e9e sur deux, en alternance avec Revin, dans les Ardennes, en cette m\u00eame p\u00e9riode.<\/p><p>\u00a0\u00a0\u00a0\u00a0\u00a0\u00a0\u00a0\u00a0\u00a0\u00a0\u00a0\u00a0\u00a0\u00a0\u00a0 Une d\u00e9l\u00e9gation d\u2019Alsace repr\u00e9sentait les trois Dojos, dont le n\u00f4tre, le Dento Budo Dojo.<\/p>\t\t\t\t\t\t\t\t<\/div>\n\t\t\t\t<\/div>\n\t\t\t\t\t<\/div>\n\t\t<\/div>\n\t\t\t\t<div class=\"elementor-column elementor-col-33 elementor-top-column elementor-element elementor-element-7ca4ec1\" data-id=\"7ca4ec1\" data-element_type=\"column\" data-e-type=\"column\">\n\t\t\t<div class=\"elementor-widget-wrap elementor-element-populated\">\n\t\t\t\t\t\t<div class=\"elementor-element elementor-element-942a57e elementor-widget elementor-widget-image\" data-id=\"942a57e\" data-element_type=\"widget\" data-e-type=\"widget\" data-widget_type=\"image.default\">\n\t\t\t\t<div class=\"elementor-widget-container\">\n\t\t\t\t\t\t\t\t\t\t\t\t\t\t\t<img loading=\"lazy\" decoding=\"async\" width=\"750\" height=\"750\" src=\"https:\/\/dento-budo-dojo.fr\/wp-content\/uploads\/2025\/04\/Halle-Kihon.jpg\" class=\"attachment-large size-large wp-image-2979\" alt=\"Kihon - Choku zuki\" srcset=\"https:\/\/dento-budo-dojo.fr\/wp-content\/uploads\/2025\/04\/Halle-Kihon-66x66.jpg 66w, https:\/\/dento-budo-dojo.fr\/wp-content\/uploads\/2025\/04\/Halle-Kihon-150x150.jpg 150w, https:\/\/dento-budo-dojo.fr\/wp-content\/uploads\/2025\/04\/Halle-Kihon-200x200.jpg 200w, https:\/\/dento-budo-dojo.fr\/wp-content\/uploads\/2025\/04\/Halle-Kihon-300x300.jpg 300w, https:\/\/dento-budo-dojo.fr\/wp-content\/uploads\/2025\/04\/Halle-Kihon-400x400.jpg 400w, https:\/\/dento-budo-dojo.fr\/wp-content\/uploads\/2025\/04\/Halle-Kihon-600x600.jpg 600w, https:\/\/dento-budo-dojo.fr\/wp-content\/uploads\/2025\/04\/Halle-Kihon.jpg 750w\" sizes=\"(max-width: 750px) 100vw, 750px\" \/>\t\t\t\t\t\t\t\t\t\t\t\t\t\t\t<\/div>\n\t\t\t\t<\/div>\n\t\t\t\t\t<\/div>\n\t\t<\/div>\n\t\t\t\t<div class=\"elementor-column elementor-col-33 elementor-top-column elementor-element elementor-element-e62bdc2\" data-id=\"e62bdc2\" data-element_type=\"column\" data-e-type=\"column\">\n\t\t\t<div class=\"elementor-widget-wrap elementor-element-populated\">\n\t\t\t\t\t\t<div class=\"elementor-element elementor-element-d1d14b7 elementor-widget elementor-widget-image\" data-id=\"d1d14b7\" data-element_type=\"widget\" data-e-type=\"widget\" data-widget_type=\"image.default\">\n\t\t\t\t<div class=\"elementor-widget-container\">\n\t\t\t\t\t\t\t\t\t\t\t\t\t\t\t<img loading=\"lazy\" decoding=\"async\" width=\"750\" height=\"750\" src=\"https:\/\/dento-budo-dojo.fr\/wp-content\/uploads\/2025\/04\/Halle-Kumite-1.jpg\" class=\"attachment-large size-large wp-image-2980\" alt=\"Ippon Kumit\u00e9\" srcset=\"https:\/\/dento-budo-dojo.fr\/wp-content\/uploads\/2025\/04\/Halle-Kumite-1-66x66.jpg 66w, https:\/\/dento-budo-dojo.fr\/wp-content\/uploads\/2025\/04\/Halle-Kumite-1-150x150.jpg 150w, https:\/\/dento-budo-dojo.fr\/wp-content\/uploads\/2025\/04\/Halle-Kumite-1-200x200.jpg 200w, https:\/\/dento-budo-dojo.fr\/wp-content\/uploads\/2025\/04\/Halle-Kumite-1-300x300.jpg 300w, https:\/\/dento-budo-dojo.fr\/wp-content\/uploads\/2025\/04\/Halle-Kumite-1-400x400.jpg 400w, https:\/\/dento-budo-dojo.fr\/wp-content\/uploads\/2025\/04\/Halle-Kumite-1-600x600.jpg 600w, https:\/\/dento-budo-dojo.fr\/wp-content\/uploads\/2025\/04\/Halle-Kumite-1.jpg 750w\" sizes=\"(max-width: 750px) 100vw, 750px\" \/>\t\t\t\t\t\t\t\t\t\t\t\t\t\t\t<\/div>\n\t\t\t\t<\/div>\n\t\t\t\t\t<\/div>\n\t\t<\/div>\n\t\t\t\t\t<\/div>\n\t\t<\/section>\n\t\t\t\t<section class=\"elementor-section elementor-top-section elementor-element elementor-element-4c7b941 elementor-section-boxed elementor-section-height-default elementor-section-height-default\" data-id=\"4c7b941\" data-element_type=\"section\" data-e-type=\"section\">\n\t\t\t\t\t\t<div class=\"elementor-container elementor-column-gap-default\">\n\t\t\t\t\t<div class=\"elementor-column elementor-col-100 elementor-top-column elementor-element elementor-element-2d0c86d\" data-id=\"2d0c86d\" data-element_type=\"column\" data-e-type=\"column\">\n\t\t\t<div class=\"elementor-widget-wrap elementor-element-populated\">\n\t\t\t\t\t\t<div class=\"elementor-element elementor-element-46b9582 elementor-widget elementor-widget-text-editor\" data-id=\"46b9582\" data-element_type=\"widget\" data-e-type=\"widget\" data-widget_type=\"text-editor.default\">\n\t\t\t\t<div class=\"elementor-widget-container\">\n\t\t\t\t\t\t\t\t\t<p>\u00a0\u00a0\u00a0\u00a0\u00a0\u00a0\u00a0\u00a0\u00a0\u00a0\u00a0\u00a0\u00a0\u00a0\u00a0 Des katas comme <em>Meikyo<\/em> du <em>shotokan<\/em>, mais aussi <em>Hakufa<\/em>, l\u2019un des 5 katas faisant parti du style de la grue selon Maitre<strong><em> OHTSUKA Tadahiko<\/em><\/strong>, furent \u00e9tudi\u00e9s. A cela, bien des formes s\u2019y sont rajout\u00e9es, notamment dans les <em>kumit\u00e9<\/em>. Et comme on s\u2019en doute bien, l\u2019ambiance y \u00e9tait chaleureuse, s\u00e9rieuse durant ces moments intenses de travail et de partage.<\/p><p>\u00a0\u00a0\u00a0\u00a0\u00a0\u00a0\u00a0\u00a0\u00a0\u00a0\u00a0\u00a0\u00a0\u00a0\u00a0 On ne peut que remercier avec beaucoup de force, les deux experts qui ont su une fois de plus diriger ce stage de mains de ma\u00eetres\u00a0!<\/p><p>\u00a0\u00a0\u00a0\u00a0\u00a0\u00a0\u00a0\u00a0\u00a0\u00a0\u00a0\u00a0\u00a0\u00a0\u00a0 Merci, et \u00e0 tr\u00e8s bient\u00f4t pour le stage <em>Koshiki-Kata<\/em> en mars, apr\u00e8s le passage de grades\u2026<\/p>\t\t\t\t\t\t\t\t<\/div>\n\t\t\t\t<\/div>\n\t\t\t\t\t<\/div>\n\t\t<\/div>\n\t\t\t\t\t<\/div>\n\t\t<\/section>\n\t\t\t\t<section class=\"elementor-section elementor-top-section elementor-element elementor-element-a193c2c elementor-section-boxed elementor-section-height-default elementor-section-height-default\" data-id=\"a193c2c\" data-element_type=\"section\" data-e-type=\"section\">\n\t\t\t\t\t\t<div class=\"elementor-container elementor-column-gap-default\">\n\t\t\t\t\t<div class=\"elementor-column elementor-col-33 elementor-top-column elementor-element elementor-element-90f05ee\" data-id=\"90f05ee\" data-element_type=\"column\" data-e-type=\"column\">\n\t\t\t<div class=\"elementor-widget-wrap elementor-element-populated\">\n\t\t\t\t\t\t<div class=\"elementor-element elementor-element-1422a05 elementor-widget elementor-widget-image\" data-id=\"1422a05\" data-element_type=\"widget\" data-e-type=\"widget\" data-widget_type=\"image.default\">\n\t\t\t\t<div class=\"elementor-widget-container\">\n\t\t\t\t\t\t\t\t\t\t\t\t<figure class=\"wp-caption\">\n\t\t\t\t\t\t\t\t\t\t<img loading=\"lazy\" decoding=\"async\" width=\"750\" height=\"750\" src=\"https:\/\/dento-budo-dojo.fr\/wp-content\/uploads\/2025\/04\/Sebastien-Meikyo.jpg\" class=\"attachment-large size-large wp-image-2978\" alt=\"Meikyo, \u00e0 gauche, S\u00e9bastien.\" srcset=\"https:\/\/dento-budo-dojo.fr\/wp-content\/uploads\/2025\/04\/Sebastien-Meikyo-66x66.jpg 66w, https:\/\/dento-budo-dojo.fr\/wp-content\/uploads\/2025\/04\/Sebastien-Meikyo-150x150.jpg 150w, https:\/\/dento-budo-dojo.fr\/wp-content\/uploads\/2025\/04\/Sebastien-Meikyo-200x200.jpg 200w, https:\/\/dento-budo-dojo.fr\/wp-content\/uploads\/2025\/04\/Sebastien-Meikyo-300x300.jpg 300w, https:\/\/dento-budo-dojo.fr\/wp-content\/uploads\/2025\/04\/Sebastien-Meikyo-400x400.jpg 400w, https:\/\/dento-budo-dojo.fr\/wp-content\/uploads\/2025\/04\/Sebastien-Meikyo-600x600.jpg 600w, https:\/\/dento-budo-dojo.fr\/wp-content\/uploads\/2025\/04\/Sebastien-Meikyo.jpg 750w\" sizes=\"(max-width: 750px) 100vw, 750px\" \/>\t\t\t\t\t\t\t\t\t\t\t<figcaption class=\"widget-image-caption wp-caption-text\">Meikyo, \u00e0 gauche, S\u00e9bastien.<\/figcaption>\n\t\t\t\t\t\t\t\t\t\t<\/figure>\n\t\t\t\t\t\t\t\t\t<\/div>\n\t\t\t\t<\/div>\n\t\t\t\t\t<\/div>\n\t\t<\/div>\n\t\t\t\t<div class=\"elementor-column elementor-col-33 elementor-top-column elementor-element elementor-element-1ebab19\" data-id=\"1ebab19\" data-element_type=\"column\" data-e-type=\"column\">\n\t\t\t<div class=\"elementor-widget-wrap elementor-element-populated\">\n\t\t\t\t\t\t<div class=\"elementor-element elementor-element-519fd8b elementor-widget elementor-widget-image\" data-id=\"519fd8b\" data-element_type=\"widget\" data-e-type=\"widget\" data-widget_type=\"image.default\">\n\t\t\t\t<div class=\"elementor-widget-container\">\n\t\t\t\t\t\t\t\t\t\t\t\t<figure class=\"wp-caption\">\n\t\t\t\t\t\t\t\t\t\t<img loading=\"lazy\" decoding=\"async\" width=\"750\" height=\"750\" src=\"https:\/\/dento-budo-dojo.fr\/wp-content\/uploads\/2025\/04\/Sebastien-Meikyo-2.jpg\" class=\"attachment-large size-large wp-image-2977\" alt=\"Phase du kata Meikyo, par S\u00e9bastien.\" srcset=\"https:\/\/dento-budo-dojo.fr\/wp-content\/uploads\/2025\/04\/Sebastien-Meikyo-2-66x66.jpg 66w, https:\/\/dento-budo-dojo.fr\/wp-content\/uploads\/2025\/04\/Sebastien-Meikyo-2-150x150.jpg 150w, https:\/\/dento-budo-dojo.fr\/wp-content\/uploads\/2025\/04\/Sebastien-Meikyo-2-200x200.jpg 200w, https:\/\/dento-budo-dojo.fr\/wp-content\/uploads\/2025\/04\/Sebastien-Meikyo-2-300x300.jpg 300w, https:\/\/dento-budo-dojo.fr\/wp-content\/uploads\/2025\/04\/Sebastien-Meikyo-2-400x400.jpg 400w, https:\/\/dento-budo-dojo.fr\/wp-content\/uploads\/2025\/04\/Sebastien-Meikyo-2-600x600.jpg 600w, https:\/\/dento-budo-dojo.fr\/wp-content\/uploads\/2025\/04\/Sebastien-Meikyo-2.jpg 750w\" sizes=\"(max-width: 750px) 100vw, 750px\" \/>\t\t\t\t\t\t\t\t\t\t\t<figcaption class=\"widget-image-caption wp-caption-text\">Phase de Meikyo.<\/figcaption>\n\t\t\t\t\t\t\t\t\t\t<\/figure>\n\t\t\t\t\t\t\t\t\t<\/div>\n\t\t\t\t<\/div>\n\t\t\t\t\t<\/div>\n\t\t<\/div>\n\t\t\t\t<div class=\"elementor-column elementor-col-33 elementor-top-column elementor-element elementor-element-3a65db9\" data-id=\"3a65db9\" data-element_type=\"column\" data-e-type=\"column\">\n\t\t\t<div class=\"elementor-widget-wrap elementor-element-populated\">\n\t\t\t\t\t\t<div class=\"elementor-element elementor-element-6af3100 elementor-widget elementor-widget-image\" data-id=\"6af3100\" data-element_type=\"widget\" data-e-type=\"widget\" data-widget_type=\"image.default\">\n\t\t\t\t<div class=\"elementor-widget-container\">\n\t\t\t\t\t\t\t\t\t\t\t\t<figure class=\"wp-caption\">\n\t\t\t\t\t\t\t\t\t\t<img loading=\"lazy\" decoding=\"async\" width=\"750\" height=\"750\" src=\"https:\/\/dento-budo-dojo.fr\/wp-content\/uploads\/2025\/04\/Halle-Kumite-2.jpg\" class=\"attachment-large size-large wp-image-2981\" alt=\"San Nin Kumit\u00e9\" srcset=\"https:\/\/dento-budo-dojo.fr\/wp-content\/uploads\/2025\/04\/Halle-Kumite-2-66x66.jpg 66w, https:\/\/dento-budo-dojo.fr\/wp-content\/uploads\/2025\/04\/Halle-Kumite-2-150x150.jpg 150w, https:\/\/dento-budo-dojo.fr\/wp-content\/uploads\/2025\/04\/Halle-Kumite-2-200x200.jpg 200w, https:\/\/dento-budo-dojo.fr\/wp-content\/uploads\/2025\/04\/Halle-Kumite-2-300x300.jpg 300w, https:\/\/dento-budo-dojo.fr\/wp-content\/uploads\/2025\/04\/Halle-Kumite-2-400x400.jpg 400w, https:\/\/dento-budo-dojo.fr\/wp-content\/uploads\/2025\/04\/Halle-Kumite-2-600x600.jpg 600w, https:\/\/dento-budo-dojo.fr\/wp-content\/uploads\/2025\/04\/Halle-Kumite-2.jpg 750w\" sizes=\"(max-width: 750px) 100vw, 750px\" \/>\t\t\t\t\t\t\t\t\t\t\t<figcaption class=\"widget-image-caption wp-caption-text\">San Nin Kumit\u00e9<\/figcaption>\n\t\t\t\t\t\t\t\t\t\t<\/figure>\n\t\t\t\t\t\t\t\t\t<\/div>\n\t\t\t\t<\/div>\n\t\t\t\t\t<\/div>\n\t\t<\/div>\n\t\t\t\t\t<\/div>\n\t\t<\/section>\n\t\t\t\t<section class=\"elementor-section elementor-top-section elementor-element elementor-element-b55e9bb elementor-section-boxed elementor-section-height-default elementor-section-height-default\" data-id=\"b55e9bb\" data-element_type=\"section\" data-e-type=\"section\">\n\t\t\t\t\t\t<div class=\"elementor-container elementor-column-gap-default\">\n\t\t\t\t\t<div class=\"elementor-column elementor-col-50 elementor-top-column elementor-element elementor-element-1d71fa5\" data-id=\"1d71fa5\" data-element_type=\"column\" data-e-type=\"column\">\n\t\t\t<div class=\"elementor-widget-wrap elementor-element-populated\">\n\t\t\t\t\t\t<div class=\"elementor-element elementor-element-ec702a9 elementor-widget elementor-widget-image\" data-id=\"ec702a9\" data-element_type=\"widget\" data-e-type=\"widget\" data-widget_type=\"image.default\">\n\t\t\t\t<div class=\"elementor-widget-container\">\n\t\t\t\t\t\t\t\t\t\t\t\t<figure class=\"wp-caption\">\n\t\t\t\t\t\t\t\t\t\t<img loading=\"lazy\" decoding=\"async\" width=\"1024\" height=\"589\" src=\"https:\/\/dento-budo-dojo.fr\/wp-content\/uploads\/2025\/04\/Halle-1-2025-1024x589.jpg\" class=\"attachment-large size-large wp-image-2982\" alt=\"Kata Shotokan - Meikyo\" srcset=\"https:\/\/dento-budo-dojo.fr\/wp-content\/uploads\/2025\/04\/Halle-1-2025-200x115.jpg 200w, https:\/\/dento-budo-dojo.fr\/wp-content\/uploads\/2025\/04\/Halle-1-2025-300x172.jpg 300w, https:\/\/dento-budo-dojo.fr\/wp-content\/uploads\/2025\/04\/Halle-1-2025-400x230.jpg 400w, https:\/\/dento-budo-dojo.fr\/wp-content\/uploads\/2025\/04\/Halle-1-2025-600x345.jpg 600w, https:\/\/dento-budo-dojo.fr\/wp-content\/uploads\/2025\/04\/Halle-1-2025-768x441.jpg 768w, https:\/\/dento-budo-dojo.fr\/wp-content\/uploads\/2025\/04\/Halle-1-2025-800x460.jpg 800w, https:\/\/dento-budo-dojo.fr\/wp-content\/uploads\/2025\/04\/Halle-1-2025-1024x589.jpg 1024w, https:\/\/dento-budo-dojo.fr\/wp-content\/uploads\/2025\/04\/Halle-1-2025-1200x690.jpg 1200w, https:\/\/dento-budo-dojo.fr\/wp-content\/uploads\/2025\/04\/Halle-1-2025-1536x883.jpg 1536w\" sizes=\"(max-width: 1024px) 100vw, 1024px\" \/>\t\t\t\t\t\t\t\t\t\t\t<figcaption class=\"widget-image-caption wp-caption-text\">Ouverture du kata Meikyo, par Jacques FAIEFF.<\/figcaption>\n\t\t\t\t\t\t\t\t\t\t<\/figure>\n\t\t\t\t\t\t\t\t\t<\/div>\n\t\t\t\t<\/div>\n\t\t\t\t\t<\/div>\n\t\t<\/div>\n\t\t\t\t<div class=\"elementor-column elementor-col-50 elementor-top-column elementor-element elementor-element-e67b1a8\" data-id=\"e67b1a8\" data-element_type=\"column\" data-e-type=\"column\">\n\t\t\t<div class=\"elementor-widget-wrap elementor-element-populated\">\n\t\t\t\t\t\t<div class=\"elementor-element elementor-element-c99c7ad elementor-widget elementor-widget-image\" data-id=\"c99c7ad\" data-element_type=\"widget\" data-e-type=\"widget\" data-widget_type=\"image.default\">\n\t\t\t\t<div class=\"elementor-widget-container\">\n\t\t\t\t\t\t\t\t\t\t\t\t<figure class=\"wp-caption\">\n\t\t\t\t\t\t\t\t\t\t<img loading=\"lazy\" decoding=\"async\" width=\"1024\" height=\"589\" src=\"https:\/\/dento-budo-dojo.fr\/wp-content\/uploads\/2025\/04\/Halle-2025-Kata-Hakufa-1024x589.jpg\" class=\"attachment-large size-large wp-image-2976\" alt=\"Halle 2025 - Kata Hakufa\" srcset=\"https:\/\/dento-budo-dojo.fr\/wp-content\/uploads\/2025\/04\/Halle-2025-Kata-Hakufa-200x115.jpg 200w, https:\/\/dento-budo-dojo.fr\/wp-content\/uploads\/2025\/04\/Halle-2025-Kata-Hakufa-300x172.jpg 300w, https:\/\/dento-budo-dojo.fr\/wp-content\/uploads\/2025\/04\/Halle-2025-Kata-Hakufa-400x230.jpg 400w, https:\/\/dento-budo-dojo.fr\/wp-content\/uploads\/2025\/04\/Halle-2025-Kata-Hakufa-600x345.jpg 600w, https:\/\/dento-budo-dojo.fr\/wp-content\/uploads\/2025\/04\/Halle-2025-Kata-Hakufa-768x441.jpg 768w, https:\/\/dento-budo-dojo.fr\/wp-content\/uploads\/2025\/04\/Halle-2025-Kata-Hakufa-800x460.jpg 800w, https:\/\/dento-budo-dojo.fr\/wp-content\/uploads\/2025\/04\/Halle-2025-Kata-Hakufa-1024x589.jpg 1024w, https:\/\/dento-budo-dojo.fr\/wp-content\/uploads\/2025\/04\/Halle-2025-Kata-Hakufa-1200x690.jpg 1200w, https:\/\/dento-budo-dojo.fr\/wp-content\/uploads\/2025\/04\/Halle-2025-Kata-Hakufa-1536x883.jpg 1536w\" sizes=\"(max-width: 1024px) 100vw, 1024px\" \/>\t\t\t\t\t\t\t\t\t\t\t<figcaption class=\"widget-image-caption wp-caption-text\">Kata Hakufa.<\/figcaption>\n\t\t\t\t\t\t\t\t\t\t<\/figure>\n\t\t\t\t\t\t\t\t\t<\/div>\n\t\t\t\t<\/div>\n\t\t\t\t\t<\/div>\n\t\t<\/div>\n\t\t\t\t\t<\/div>\n\t\t<\/section>\n\t\t\t\t<section class=\"elementor-section elementor-top-section elementor-element elementor-element-31d45bc elementor-section-boxed elementor-section-height-default elementor-section-height-default\" data-id=\"31d45bc\" data-element_type=\"section\" data-e-type=\"section\">\n\t\t\t\t\t\t<div class=\"elementor-container elementor-column-gap-default\">\n\t\t\t\t\t<div class=\"elementor-column elementor-col-100 elementor-top-column elementor-element elementor-element-eb81ebd\" data-id=\"eb81ebd\" data-element_type=\"column\" data-e-type=\"column\">\n\t\t\t<div class=\"elementor-widget-wrap elementor-element-populated\">\n\t\t\t\t\t\t<div class=\"elementor-element elementor-element-39208c6 elementor-widget elementor-widget-image\" data-id=\"39208c6\" data-element_type=\"widget\" data-e-type=\"widget\" data-widget_type=\"image.default\">\n\t\t\t\t<div class=\"elementor-widget-container\">\n\t\t\t\t\t\t\t\t\t\t\t\t<figure class=\"wp-caption\">\n\t\t\t\t\t\t\t\t\t\t<img loading=\"lazy\" decoding=\"async\" width=\"1024\" height=\"589\" src=\"https:\/\/dento-budo-dojo.fr\/wp-content\/uploads\/2025\/04\/Halle-2025-Groupe-1024x589.jpg\" class=\"attachment-large size-large wp-image-2975\" alt=\"Groupe des karat\u00e9kas pr\u00e9sents au stage de Halle.\" srcset=\"https:\/\/dento-budo-dojo.fr\/wp-content\/uploads\/2025\/04\/Halle-2025-Groupe-200x115.jpg 200w, https:\/\/dento-budo-dojo.fr\/wp-content\/uploads\/2025\/04\/Halle-2025-Groupe-300x172.jpg 300w, https:\/\/dento-budo-dojo.fr\/wp-content\/uploads\/2025\/04\/Halle-2025-Groupe-400x230.jpg 400w, https:\/\/dento-budo-dojo.fr\/wp-content\/uploads\/2025\/04\/Halle-2025-Groupe-600x345.jpg 600w, https:\/\/dento-budo-dojo.fr\/wp-content\/uploads\/2025\/04\/Halle-2025-Groupe-768x441.jpg 768w, https:\/\/dento-budo-dojo.fr\/wp-content\/uploads\/2025\/04\/Halle-2025-Groupe-800x460.jpg 800w, https:\/\/dento-budo-dojo.fr\/wp-content\/uploads\/2025\/04\/Halle-2025-Groupe-1024x589.jpg 1024w, https:\/\/dento-budo-dojo.fr\/wp-content\/uploads\/2025\/04\/Halle-2025-Groupe-1200x690.jpg 1200w, https:\/\/dento-budo-dojo.fr\/wp-content\/uploads\/2025\/04\/Halle-2025-Groupe-1536x883.jpg 1536w\" sizes=\"(max-width: 1024px) 100vw, 1024px\" \/>\t\t\t\t\t\t\t\t\t\t\t<figcaption class=\"widget-image-caption wp-caption-text\">Groupe des karat\u00e9kas pr\u00e9sents au stage de Halle.<\/figcaption>\n\t\t\t\t\t\t\t\t\t\t<\/figure>\n\t\t\t\t\t\t\t\t\t<\/div>\n\t\t\t\t<\/div>\n\t\t\t\t\t<\/div>\n\t\t<\/div>\n\t\t\t\t\t<\/div>\n\t\t<\/section>\n\t\t\t\t<section class=\"elementor-section elementor-top-section elementor-element elementor-element-c6c91e0 elementor-section-boxed elementor-section-height-default elementor-section-height-default\" data-id=\"c6c91e0\" data-element_type=\"section\" data-e-type=\"section\">\n\t\t\t\t\t\t<div class=\"elementor-container elementor-column-gap-default\">\n\t\t\t\t\t<div class=\"elementor-column elementor-col-100 elementor-top-column elementor-element elementor-element-d31aa8f\" data-id=\"d31aa8f\" data-element_type=\"column\" data-e-type=\"column\">\n\t\t\t<div class=\"elementor-widget-wrap elementor-element-populated\">\n\t\t\t\t\t\t<div class=\"elementor-element elementor-element-1ccd0c9 elementor-widget elementor-widget-image\" data-id=\"1ccd0c9\" data-element_type=\"widget\" data-e-type=\"widget\" data-widget_type=\"image.default\">\n\t\t\t\t<div class=\"elementor-widget-container\">\n\t\t\t\t\t\t\t\t\t\t\t\t\t\t\t<img loading=\"lazy\" decoding=\"async\" width=\"1024\" height=\"724\" src=\"https:\/\/dento-budo-dojo.fr\/wp-content\/uploads\/2025\/01\/Voeux-2025-1024x724.jpg\" class=\"attachment-large size-large wp-image-2903\" alt=\"\" srcset=\"https:\/\/dento-budo-dojo.fr\/wp-content\/uploads\/2025\/01\/Voeux-2025-200x141.jpg 200w, https:\/\/dento-budo-dojo.fr\/wp-content\/uploads\/2025\/01\/Voeux-2025-300x212.jpg 300w, https:\/\/dento-budo-dojo.fr\/wp-content\/uploads\/2025\/01\/Voeux-2025-400x283.jpg 400w, https:\/\/dento-budo-dojo.fr\/wp-content\/uploads\/2025\/01\/Voeux-2025-600x424.jpg 600w, https:\/\/dento-budo-dojo.fr\/wp-content\/uploads\/2025\/01\/Voeux-2025-768x543.jpg 768w, https:\/\/dento-budo-dojo.fr\/wp-content\/uploads\/2025\/01\/Voeux-2025-800x566.jpg 800w, https:\/\/dento-budo-dojo.fr\/wp-content\/uploads\/2025\/01\/Voeux-2025-1024x724.jpg 1024w, https:\/\/dento-budo-dojo.fr\/wp-content\/uploads\/2025\/01\/Voeux-2025.jpg 1123w\" sizes=\"(max-width: 1024px) 100vw, 1024px\" \/>\t\t\t\t\t\t\t\t\t\t\t\t\t\t\t<\/div>\n\t\t\t\t<\/div>\n\t\t\t\t\t<\/div>\n\t\t<\/div>\n\t\t\t\t\t<\/div>\n\t\t<\/section>\n\t\t\t\t<section class=\"elementor-section elementor-top-section elementor-element elementor-element-ff3be89 elementor-section-boxed elementor-section-height-default elementor-section-height-default\" data-id=\"ff3be89\" data-element_type=\"section\" data-e-type=\"section\">\n\t\t\t\t\t\t<div class=\"elementor-container elementor-column-gap-default\">\n\t\t\t\t\t<div class=\"elementor-column elementor-col-50 elementor-top-column elementor-element elementor-element-2ae1d1c\" data-id=\"2ae1d1c\" data-element_type=\"column\" data-e-type=\"column\">\n\t\t\t<div class=\"elementor-widget-wrap elementor-element-populated\">\n\t\t\t\t\t\t<div class=\"elementor-element elementor-element-a6ea135 elementor-widget elementor-widget-heading\" data-id=\"a6ea135\" data-element_type=\"widget\" data-e-type=\"widget\" data-widget_type=\"heading.default\">\n\t\t\t\t<div class=\"elementor-widget-container\">\n\t\t\t\t\t<h1 class=\"elementor-heading-title elementor-size-default\"><p class=\"MsoNormal\" align=\"center\" style=\"text-align:center\"><span style=\"color:red\">V\u0153ux 2025<\/span><\/p><\/h1>\t\t\t\t<\/div>\n\t\t\t\t<\/div>\n\t\t\t\t\t<\/div>\n\t\t<\/div>\n\t\t\t\t<div class=\"elementor-column elementor-col-50 elementor-top-column elementor-element elementor-element-6d662b7\" data-id=\"6d662b7\" data-element_type=\"column\" data-e-type=\"column\">\n\t\t\t<div class=\"elementor-widget-wrap elementor-element-populated\">\n\t\t\t\t\t\t<div class=\"elementor-element elementor-element-29a0309 elementor-drop-cap-yes elementor-drop-cap-view-default elementor-widget elementor-widget-text-editor\" data-id=\"29a0309\" data-element_type=\"widget\" data-e-type=\"widget\" data-settings=\"{&quot;drop_cap&quot;:&quot;yes&quot;}\" data-widget_type=\"text-editor.default\">\n\t\t\t\t<div class=\"elementor-widget-container\">\n\t\t\t\t\t\t\t\t\t<p><span style=\"text-align: justify; text-indent: 35.4pt; color: var( --e-global-color-text ); font-family: var( --e-global-typography-text-font-family ), Sans-serif; font-weight: var( --e-global-typography-text-font-weight ); background-color: var(--content_bg_color); font-size: var(--body_typography-font-size); font-style: var(--body_typography-font-style,normal); letter-spacing: var(--body_typography-letter-spacing);\">Quelle ambiance pour les vivants\u00a0! L\u2019ann\u00e9e 2024 va laisser son empreinte dans nos c\u0153urs, disons-le, atteints, par toutes ces diverses manifestations\u2026 Les guerres, les ph\u00e9nom\u00e8nes climatiques, la violence qui se propage et croit individuellement et collectivement, la biodiversit\u00e9 qui diminue qualitativement et quantitativement\u2026 une collection observable en temps r\u00e9el de faits dont l\u2019humanit\u00e9 a sa grande responsabilit\u00e9\u00a0! Quel d\u00e9sastre\u00a0! Sommes-nous dignes de vivre, parmi toutes les esp\u00e8ces vivantes de notre plan\u00e8te\u00a0?<\/span><\/p><p class=\"MsoNormal\" style=\"text-align: justify; text-indent: 35.4pt;\">\u00a0<\/p>\t\t\t\t\t\t\t\t<\/div>\n\t\t\t\t<\/div>\n\t\t\t\t\t<\/div>\n\t\t<\/div>\n\t\t\t\t\t<\/div>\n\t\t<\/section>\n\t\t\t\t<section class=\"elementor-section elementor-top-section elementor-element elementor-element-cbf6402 elementor-section-boxed elementor-section-height-default elementor-section-height-default\" data-id=\"cbf6402\" data-element_type=\"section\" data-e-type=\"section\">\n\t\t\t\t\t\t<div class=\"elementor-container elementor-column-gap-default\">\n\t\t\t\t\t<div class=\"elementor-column elementor-col-100 elementor-top-column elementor-element elementor-element-c6296e4\" data-id=\"c6296e4\" data-element_type=\"column\" data-e-type=\"column\">\n\t\t\t<div class=\"elementor-widget-wrap elementor-element-populated\">\n\t\t\t\t\t\t<div class=\"elementor-element elementor-element-f7d4852 elementor-widget elementor-widget-text-editor\" data-id=\"f7d4852\" data-element_type=\"widget\" data-e-type=\"widget\" data-widget_type=\"text-editor.default\">\n\t\t\t\t<div class=\"elementor-widget-container\">\n\t\t\t\t\t\t\t\t\t<p class=\"MsoNormal\" style=\"text-align: justify; text-indent: 35.4pt;\">La Terre continuera de tourner, tr\u00e8s longtemps encore, avec ou sans nous\u00a0! Une chose est certaine, c\u2019est qu\u2019un ensemble de l\u2019humanit\u00e9 ne respecte rien. Pas m\u00eame ses semblables\u2026 Et pourtant, nous avons tous besoin des autres, car le vivant prend sa place par la qualit\u00e9 relationnelle \u00e9tablie avec ce qui est en dehors de nous, de toutes formes manifest\u00e9es\u2026<\/p><p class=\"MsoNormal\" style=\"text-align: justify; text-indent: 35.4pt;\">Notre respiration tient de ce cycle perp\u00e9tuel de l\u2019inspiration et de l\u2019expiration, pour nous, humains. La qualit\u00e9 atmosph\u00e9rique aura son mot \u00e0 dire sur l\u2019\u00e9volution de notre esp\u00e8ce, comme toutes celles qui en d\u00e9pendent sur Terre. Et ce n\u2019est pas en d\u00e9truisant des for\u00eats, en polluant nos oc\u00e9ans et mers que la production de dioxyg\u00e8ne grandira. Pourtant, c\u2019est bien ce que nous faisons.<\/p><p class=\"MsoNormal\" style=\"text-align: justify; text-indent: 35.4pt;\">Que faire devant un tel d\u00e9sarroi g\u00e9n\u00e9ral, sinon de relever ses manches et de r\u00e9fl\u00e9chir ensemble \u00e0 une autre fa\u00e7on de penser la relation avec soi-m\u00eame, avec les autres, avec son milieu de vie pour que puisse cohabiter l\u2019ensemble du vivant\u00a0?<\/p><p class=\"MsoNormal\" style=\"text-align: justify; text-indent: 35.4pt;\">Elever sa conscience reste de rigueur. Sans rester centr\u00e9 sur son propre \u00ab\u00a0moi\u00a0\u00bb, mais plut\u00f4t partager ses id\u00e9es et \u00e9couter celles des autres, pour une am\u00e9lioration du bien-\u00eatre de chacun dans le respect de la vie. C\u2019est simple \u00e0 faire, mais cela demande quelques remises en question de nos propres sch\u00e9mas de pens\u00e9e\u2026 Tout un programme\u00a0! Au fond, que voulons-nous\u00a0?<\/p><p class=\"MsoNormal\" style=\"text-align: justify; text-indent: 35.4pt;\">Les questions ne manquent pas\u00a0! Cela a toujours \u00e9t\u00e9 comme \u00e7a\u00a0depuis bien longtemps. Mais les r\u00e9ponses qu\u2019on veut y donner ne donnent pas globalement une vision optimiste pour la survie de notre esp\u00e8ce, par ailleurs tr\u00e8s d\u00e9pendante des autres.<\/p><p class=\"MsoNormal\" style=\"text-align: justify; text-indent: 35.4pt;\">En cette ann\u00e9e 2025 on ne peut que se souhaiter d\u2019augmenter la qualit\u00e9 des r\u00e9ponses pour le bien de tous, dans la PAIX. Que les c\u0153urs de chacun arr\u00eatent de souffrir et de faire souffrir. Utilisons des intentions qui demandent qu\u2019\u00e0 s\u2019exprimer dans l\u2019amour. Augmentons tous ensemble la joie, le bonheur, la qualit\u00e9 du vivre-ensemble\u2026 et avec humilit\u00e9, et non orgueil, voyons se dessiner une nouvelle orientation que peut donner notre esp\u00e8ce \u00e0 l\u2019ensemble de la plan\u00e8te.<\/p><p class=\"MsoNormal\" style=\"text-align: justify; text-indent: 35.4pt;\">La profondeur de notre \u00e2me veut autre chose que ce que nous pr\u00e9sentons en ce moment\u2026 Alors laissons le sourire int\u00e9rieur s\u2019exprimer en dehors, pour voir en l\u2019autre une lumi\u00e8re chaleureuse et \u00e9clairante, remplie de r\u00e9confort.<\/p><p><span style=\"font-size: 11.0pt; line-height: 107%; font-family: 'Calibri',sans-serif; mso-ascii-theme-font: minor-latin; mso-fareast-font-family: Calibri; mso-fareast-theme-font: minor-latin; mso-hansi-theme-font: minor-latin; mso-bidi-font-family: 'Times New Roman'; mso-bidi-theme-font: minor-bidi; mso-ansi-language: FR; mso-fareast-language: EN-US; mso-bidi-language: AR-SA;\">Que votre pratique des Arts Martiaux puisse accro\u00eetre cette paix int\u00e9rieure, vivante au plus profond de chacun, et inonde votre atmosph\u00e8re durant toute cette ann\u00e9e 2025.\u00a0\u00a0 \u00a0<\/span><\/p>\t\t\t\t\t\t\t\t<\/div>\n\t\t\t\t<\/div>\n\t\t\t\t\t<\/div>\n\t\t<\/div>\n\t\t\t\t\t<\/div>\n\t\t<\/section>\n\t\t\t\t<section class=\"elementor-section elementor-top-section elementor-element elementor-element-d7bf9c1 elementor-section-boxed elementor-section-height-default elementor-section-height-default\" data-id=\"d7bf9c1\" data-element_type=\"section\" data-e-type=\"section\">\n\t\t\t\t\t\t<div class=\"elementor-container elementor-column-gap-default\">\n\t\t\t\t\t<div class=\"elementor-column elementor-col-50 elementor-top-column elementor-element elementor-element-d6eafd8\" data-id=\"d6eafd8\" data-element_type=\"column\" data-e-type=\"column\">\n\t\t\t<div class=\"elementor-widget-wrap elementor-element-populated\">\n\t\t\t\t\t\t<div class=\"elementor-element elementor-element-35dd829 elementor-widget elementor-widget-heading\" data-id=\"35dd829\" data-element_type=\"widget\" data-e-type=\"widget\" data-widget_type=\"heading.default\">\n\t\t\t\t<div class=\"elementor-widget-container\">\n\t\t\t\t\t<h1 class=\"elementor-heading-title elementor-size-default\">Kan Geiko 2024\nnotre stage d'hiver !<\/h1>\t\t\t\t<\/div>\n\t\t\t\t<\/div>\n\t\t\t\t\t<\/div>\n\t\t<\/div>\n\t\t\t\t<div class=\"elementor-column elementor-col-50 elementor-top-column elementor-element elementor-element-4a8f729\" data-id=\"4a8f729\" data-element_type=\"column\" data-e-type=\"column\">\n\t\t\t<div class=\"elementor-widget-wrap elementor-element-populated\">\n\t\t\t\t\t\t<div class=\"elementor-element elementor-element-a145cab elementor-widget elementor-widget-image\" data-id=\"a145cab\" data-element_type=\"widget\" data-e-type=\"widget\" data-widget_type=\"image.default\">\n\t\t\t\t<div class=\"elementor-widget-container\">\n\t\t\t\t\t\t\t\t\t\t\t\t<figure class=\"wp-caption\">\n\t\t\t\t\t\t\t\t\t\t<img loading=\"lazy\" decoding=\"async\" width=\"1024\" height=\"561\" src=\"https:\/\/dento-budo-dojo.fr\/wp-content\/uploads\/2025\/01\/Kan-Geiko-2024-Groupe-Dento-1024x561.jpg\" class=\"attachment-large size-large wp-image-2907\" alt=\"Quelques repr\u00e9sentants du Dento Budo Dojo autour de O-Sensei R. HABERSETZER et de ses experts Jacques FAIEFF et Alex HAUWAERT.\" srcset=\"https:\/\/dento-budo-dojo.fr\/wp-content\/uploads\/2025\/01\/Kan-Geiko-2024-Groupe-Dento-200x109.jpg 200w, https:\/\/dento-budo-dojo.fr\/wp-content\/uploads\/2025\/01\/Kan-Geiko-2024-Groupe-Dento-300x164.jpg 300w, https:\/\/dento-budo-dojo.fr\/wp-content\/uploads\/2025\/01\/Kan-Geiko-2024-Groupe-Dento-400x219.jpg 400w, https:\/\/dento-budo-dojo.fr\/wp-content\/uploads\/2025\/01\/Kan-Geiko-2024-Groupe-Dento-600x328.jpg 600w, https:\/\/dento-budo-dojo.fr\/wp-content\/uploads\/2025\/01\/Kan-Geiko-2024-Groupe-Dento-768x420.jpg 768w, https:\/\/dento-budo-dojo.fr\/wp-content\/uploads\/2025\/01\/Kan-Geiko-2024-Groupe-Dento-800x438.jpg 800w, https:\/\/dento-budo-dojo.fr\/wp-content\/uploads\/2025\/01\/Kan-Geiko-2024-Groupe-Dento-1024x561.jpg 1024w, https:\/\/dento-budo-dojo.fr\/wp-content\/uploads\/2025\/01\/Kan-Geiko-2024-Groupe-Dento-1200x657.jpg 1200w, https:\/\/dento-budo-dojo.fr\/wp-content\/uploads\/2025\/01\/Kan-Geiko-2024-Groupe-Dento-1536x841.jpg 1536w\" sizes=\"(max-width: 1024px) 100vw, 1024px\" \/>\t\t\t\t\t\t\t\t\t\t\t<figcaption class=\"widget-image-caption wp-caption-text\">Quelques repr\u00e9sentants du Dento Budo Dojo autour de O-Sensei R. HABERSETZER et de ses experts Jacques FAIEFF et Alex HAUWAERT.<\/figcaption>\n\t\t\t\t\t\t\t\t\t\t<\/figure>\n\t\t\t\t\t\t\t\t\t<\/div>\n\t\t\t\t<\/div>\n\t\t\t\t\t<\/div>\n\t\t<\/div>\n\t\t\t\t\t<\/div>\n\t\t<\/section>\n\t\t\t\t<section class=\"elementor-section elementor-top-section elementor-element elementor-element-4c5f948 elementor-section-boxed elementor-section-height-default elementor-section-height-default\" data-id=\"4c5f948\" data-element_type=\"section\" data-e-type=\"section\">\n\t\t\t\t\t\t<div class=\"elementor-container elementor-column-gap-default\">\n\t\t\t\t\t<div class=\"elementor-column elementor-col-100 elementor-top-column elementor-element elementor-element-46e0b59\" data-id=\"46e0b59\" data-element_type=\"column\" data-e-type=\"column\">\n\t\t\t<div class=\"elementor-widget-wrap elementor-element-populated\">\n\t\t\t\t\t\t<div class=\"elementor-element elementor-element-3997ee0 elementor-drop-cap-yes elementor-drop-cap-view-default elementor-widget elementor-widget-text-editor\" data-id=\"3997ee0\" data-element_type=\"widget\" data-e-type=\"widget\" data-settings=\"{&quot;drop_cap&quot;:&quot;yes&quot;}\" data-widget_type=\"text-editor.default\">\n\t\t\t\t<div class=\"elementor-widget-container\">\n\t\t\t\t\t\t\t\t\t<p>Une fois de plus, notre stage d\u2019hiver \u2013 <em>Kan Geiko<\/em> \u2013 pu avoir lieu malgr\u00e9 toutes ces difficult\u00e9s croissantes qui nous entourent dans nos vies. Mais cela ne nous a pas emp\u00each\u00e9 de nous r\u00e9unir, toujours convaincus, toujours passionn\u00e9s, toujours joyeux de partager notre engagement dans le <em>ryu<\/em> \u2013 <em>Tengu-ryu<\/em> \u2013 m\u00eame si pour la premi\u00e8re fois, le <em>Sok\u00e9<\/em> arriva dans l\u2019apr\u00e8s-midi.<\/p><p>Une premi\u00e8re \u00e9galement pour les experts Jacques Faieff et Alex Hauwaert qui ont commenc\u00e9 ce stage d\u2019hiver\u2026 Mais ce n\u2019est pas la premi\u00e8re fois qu\u2019ils travaillent ensemble\u2026<\/p><p>Les difficult\u00e9s \u00e9taient r\u00e9elles, surtout pour Nathalie de Russie\u2026 o\u00f9 le voyage reste une \u00e9pop\u00e9e pour venir \u00e0 ce stage. Et Jean du Canada\u2026 au final, 10 heures de d\u00e9calage horaire les s\u00e9paraient\u00a0! Et pourtant, ils \u00e9taient l\u00e0\u00a0! Bravo \u00e0 vous pour votre courage\u2026<\/p><p>L\u2019ambiance g\u00e9n\u00e9rale, comme toutes les ann\u00e9es pr\u00e9c\u00e9dentes, \u00e9tait excellente. \u00c7a change de l\u2019atmosph\u00e8re de l\u2019actualit\u00e9 remplie d\u2019inqui\u00e9tude et sans-cesse omnipr\u00e9sente\u2026 Un bain de jouvence vitamin\u00e9 de Ki fait vraiment du bien pour tous ces \u00ab\u00a0<em>tengukas<\/em>\u00a0\u00bb\u00a0! Le plaisir de se revoir, d\u2019\u00e9changer et de pratiquer ensemble notre karat\u00e9 avec l\u2019esprit qui l\u2019accompagne est un v\u00e9ritable \u00e9lixir dont on ne se lasse pas. Y gouter, c\u2019est une addiction assur\u00e9e pour notre bonne sant\u00e9, physique, morale et spirituelle, alors quoi de mieux\u00a0?<\/p>\t\t\t\t\t\t\t\t<\/div>\n\t\t\t\t<\/div>\n\t\t\t\t\t<\/div>\n\t\t<\/div>\n\t\t\t\t\t<\/div>\n\t\t<\/section>\n\t\t\t\t<section class=\"elementor-section elementor-top-section elementor-element elementor-element-cdbb871 elementor-section-boxed elementor-section-height-default elementor-section-height-default\" data-id=\"cdbb871\" data-element_type=\"section\" data-e-type=\"section\">\n\t\t\t\t\t\t<div class=\"elementor-container elementor-column-gap-default\">\n\t\t\t\t\t<div class=\"elementor-column elementor-col-50 elementor-top-column elementor-element elementor-element-f02a220\" data-id=\"f02a220\" data-element_type=\"column\" data-e-type=\"column\">\n\t\t\t<div class=\"elementor-widget-wrap elementor-element-populated\">\n\t\t\t\t\t\t<div class=\"elementor-element elementor-element-8a423ab elementor-widget elementor-widget-image\" data-id=\"8a423ab\" data-element_type=\"widget\" data-e-type=\"widget\" data-widget_type=\"image.default\">\n\t\t\t\t<div class=\"elementor-widget-container\">\n\t\t\t\t\t\t\t\t\t\t\t\t<figure class=\"wp-caption\">\n\t\t\t\t\t\t\t\t\t\t<img loading=\"lazy\" decoding=\"async\" width=\"1024\" height=\"881\" src=\"https:\/\/dento-budo-dojo.fr\/wp-content\/uploads\/2025\/01\/Sannin-kumite-1024x881.jpg\" class=\"attachment-large size-large wp-image-2905\" alt=\"Jacques, Alexandre et Michel en d\u00e9monstration lors d&#039;un sannin kumite.\" srcset=\"https:\/\/dento-budo-dojo.fr\/wp-content\/uploads\/2025\/01\/Sannin-kumite-200x172.jpg 200w, https:\/\/dento-budo-dojo.fr\/wp-content\/uploads\/2025\/01\/Sannin-kumite-300x258.jpg 300w, https:\/\/dento-budo-dojo.fr\/wp-content\/uploads\/2025\/01\/Sannin-kumite-400x344.jpg 400w, https:\/\/dento-budo-dojo.fr\/wp-content\/uploads\/2025\/01\/Sannin-kumite-600x516.jpg 600w, https:\/\/dento-budo-dojo.fr\/wp-content\/uploads\/2025\/01\/Sannin-kumite-768x660.jpg 768w, https:\/\/dento-budo-dojo.fr\/wp-content\/uploads\/2025\/01\/Sannin-kumite-800x688.jpg 800w, https:\/\/dento-budo-dojo.fr\/wp-content\/uploads\/2025\/01\/Sannin-kumite-1024x881.jpg 1024w, https:\/\/dento-budo-dojo.fr\/wp-content\/uploads\/2025\/01\/Sannin-kumite-1200x1032.jpg 1200w, https:\/\/dento-budo-dojo.fr\/wp-content\/uploads\/2025\/01\/Sannin-kumite.jpg 1392w\" sizes=\"(max-width: 1024px) 100vw, 1024px\" \/>\t\t\t\t\t\t\t\t\t\t\t<figcaption class=\"widget-image-caption wp-caption-text\">Jacques FAIEFF en d\u00e9monstration avec Alexandre et Michel lors d'un sannin kumite. Jacques annule l'attaque du premier et anticipe d\u00e9j\u00e0 la venue du second.<\/figcaption>\n\t\t\t\t\t\t\t\t\t\t<\/figure>\n\t\t\t\t\t\t\t\t\t<\/div>\n\t\t\t\t<\/div>\n\t\t\t\t\t<\/div>\n\t\t<\/div>\n\t\t\t\t<div class=\"elementor-column elementor-col-50 elementor-top-column elementor-element elementor-element-79eade8\" data-id=\"79eade8\" data-element_type=\"column\" data-e-type=\"column\">\n\t\t\t<div class=\"elementor-widget-wrap elementor-element-populated\">\n\t\t\t\t\t\t<div class=\"elementor-element elementor-element-beba438 elementor-widget elementor-widget-image\" data-id=\"beba438\" data-element_type=\"widget\" data-e-type=\"widget\" data-widget_type=\"image.default\">\n\t\t\t\t<div class=\"elementor-widget-container\">\n\t\t\t\t\t\t\t\t\t\t\t\t<figure class=\"wp-caption\">\n\t\t\t\t\t\t\t\t\t\t<img loading=\"lazy\" decoding=\"async\" width=\"1024\" height=\"881\" src=\"https:\/\/dento-budo-dojo.fr\/wp-content\/uploads\/2025\/01\/Sannin-kumite-2-1024x881.jpg\" class=\"attachment-large size-large wp-image-2904\" alt=\"Jacques d\u00e9veloppant un yoko geri lors d&#039;un Sannin Kumite.\" srcset=\"https:\/\/dento-budo-dojo.fr\/wp-content\/uploads\/2025\/01\/Sannin-kumite-2-200x172.jpg 200w, https:\/\/dento-budo-dojo.fr\/wp-content\/uploads\/2025\/01\/Sannin-kumite-2-300x258.jpg 300w, https:\/\/dento-budo-dojo.fr\/wp-content\/uploads\/2025\/01\/Sannin-kumite-2-400x344.jpg 400w, https:\/\/dento-budo-dojo.fr\/wp-content\/uploads\/2025\/01\/Sannin-kumite-2-600x516.jpg 600w, https:\/\/dento-budo-dojo.fr\/wp-content\/uploads\/2025\/01\/Sannin-kumite-2-768x660.jpg 768w, https:\/\/dento-budo-dojo.fr\/wp-content\/uploads\/2025\/01\/Sannin-kumite-2-800x688.jpg 800w, https:\/\/dento-budo-dojo.fr\/wp-content\/uploads\/2025\/01\/Sannin-kumite-2-1024x881.jpg 1024w, https:\/\/dento-budo-dojo.fr\/wp-content\/uploads\/2025\/01\/Sannin-kumite-2-1200x1032.jpg 1200w, https:\/\/dento-budo-dojo.fr\/wp-content\/uploads\/2025\/01\/Sannin-kumite-2.jpg 1392w\" sizes=\"(max-width: 1024px) 100vw, 1024px\" \/>\t\t\t\t\t\t\t\t\t\t\t<figcaption class=\"widget-image-caption wp-caption-text\">Tout en maintenant le premier adversaire, blocage du second avec un coup d'arr\u00eat effectu\u00e9 par un yoko geri.<\/figcaption>\n\t\t\t\t\t\t\t\t\t\t<\/figure>\n\t\t\t\t\t\t\t\t\t<\/div>\n\t\t\t\t<\/div>\n\t\t\t\t\t<\/div>\n\t\t<\/div>\n\t\t\t\t\t<\/div>\n\t\t<\/section>\n\t\t\t\t<section class=\"elementor-section elementor-top-section elementor-element elementor-element-332bb35 elementor-section-boxed elementor-section-height-default elementor-section-height-default\" data-id=\"332bb35\" data-element_type=\"section\" data-e-type=\"section\">\n\t\t\t\t\t\t<div class=\"elementor-container elementor-column-gap-default\">\n\t\t\t\t\t<div class=\"elementor-column elementor-col-100 elementor-top-column elementor-element elementor-element-10a7eb3\" data-id=\"10a7eb3\" data-element_type=\"column\" data-e-type=\"column\">\n\t\t\t<div class=\"elementor-widget-wrap elementor-element-populated\">\n\t\t\t\t\t\t<div class=\"elementor-element elementor-element-84659f2 elementor-widget elementor-widget-text-editor\" data-id=\"84659f2\" data-element_type=\"widget\" data-e-type=\"widget\" data-widget_type=\"text-editor.default\">\n\t\t\t\t<div class=\"elementor-widget-container\">\n\t\t\t\t\t\t\t\t\t<p>Les <em>kumit\u00e9<\/em> ont fleuri, avec notamment la pratique, exigeante, du <em>sannin-kumit\u00e9<\/em>, sans oublier l\u2019attitude qui s\u2019y rattache. Un programme dense, avec en plus en <em>kobudo<\/em>, la pratique du Nunchaku et des sa\u00ef. Lourd programme \u00e0 int\u00e9grer pour les d\u00e9butants comme pour les ceintures noires\u00a0!<\/p><p>Les \u00ab\u00a0standards\u00a0\u00bb vus \u00e0 travers quelques s\u00e9ries du <em>Goshin<\/em>, ainsi que le <em>Kara-ho Tengu-no-kata<\/em> et le <em>buki-ho Tengu-no-kata<\/em> avec <em>Bokken<\/em> et <em>wakizachi<\/em> venaient compl\u00e9ter les \u00ab\u00a0essentiels\u00a0\u00bb de notre \u00e9cole.<\/p><p>Et puis\u2026 bien d\u2019autres choses encore\u2026 Tout \u00e7a pour dire, que nous ressortions de ce stage avec la t\u00eate bien remplie et le corps un peu fatigu\u00e9 malgr\u00e9 la p\u00eache de chacun\u00a0! Mais c\u2019est aussi cela un stage\u2026 le d\u00e9passement de soi dans le respect.<\/p><p>Encore un grand merci aux experts et \u00e0 notre Sensei pour ce gros travail avant les f\u00eates de fin d\u2019ann\u00e9e qui se profilent d\u00e9j\u00e0\u2026<\/p><p>A l\u2019ann\u00e9e prochaine pour quelques futurs stages \u00e0 venir\u2026 celui anim\u00e9s par les experts Jacques et Alex en f\u00e9vrier 2025, puis celui des Koshiki-kata en mars\u2026 avant celui du mois de mai, le stage de printemps.<\/p><p>En attendant, bonne fin d\u2019ann\u00e9e dans la pratique du Karat\u00e9.<\/p>\t\t\t\t\t\t\t\t<\/div>\n\t\t\t\t<\/div>\n\t\t\t\t\t<\/div>\n\t\t<\/div>\n\t\t\t\t\t<\/div>\n\t\t<\/section>\n\t\t\t\t<section class=\"elementor-section elementor-top-section elementor-element elementor-element-20bade4 elementor-section-boxed elementor-section-height-default elementor-section-height-default\" data-id=\"20bade4\" data-element_type=\"section\" data-e-type=\"section\">\n\t\t\t\t\t\t<div class=\"elementor-container elementor-column-gap-default\">\n\t\t\t\t\t<div class=\"elementor-column elementor-col-50 elementor-top-column elementor-element elementor-element-ba257a3\" data-id=\"ba257a3\" data-element_type=\"column\" data-e-type=\"column\">\n\t\t\t<div class=\"elementor-widget-wrap elementor-element-populated\">\n\t\t\t\t\t\t<div class=\"elementor-element elementor-element-711072f elementor-widget elementor-widget-image\" data-id=\"711072f\" data-element_type=\"widget\" data-e-type=\"widget\" data-widget_type=\"image.default\">\n\t\t\t\t<div class=\"elementor-widget-container\">\n\t\t\t\t\t\t\t\t\t\t\t\t<figure class=\"wp-caption\">\n\t\t\t\t\t\t\t\t\t\t<img loading=\"lazy\" decoding=\"async\" width=\"729\" height=\"1024\" src=\"https:\/\/dento-budo-dojo.fr\/wp-content\/uploads\/2025\/01\/Jean-Paul-729x1024.jpg\" class=\"attachment-large size-large wp-image-2906\" alt=\"Tengu-kamae effectu\u00e9 par Jean-Paul, ceinture noire du Dento Budo Dojo.\" srcset=\"https:\/\/dento-budo-dojo.fr\/wp-content\/uploads\/2025\/01\/Jean-Paul-200x281.jpg 200w, https:\/\/dento-budo-dojo.fr\/wp-content\/uploads\/2025\/01\/Jean-Paul-214x300.jpg 214w, https:\/\/dento-budo-dojo.fr\/wp-content\/uploads\/2025\/01\/Jean-Paul-400x562.jpg 400w, https:\/\/dento-budo-dojo.fr\/wp-content\/uploads\/2025\/01\/Jean-Paul-600x843.jpg 600w, https:\/\/dento-budo-dojo.fr\/wp-content\/uploads\/2025\/01\/Jean-Paul-729x1024.jpg 729w, https:\/\/dento-budo-dojo.fr\/wp-content\/uploads\/2025\/01\/Jean-Paul-768x1079.jpg 768w, https:\/\/dento-budo-dojo.fr\/wp-content\/uploads\/2025\/01\/Jean-Paul-800x1123.jpg 800w, https:\/\/dento-budo-dojo.fr\/wp-content\/uploads\/2025\/01\/Jean-Paul-1094x1536.jpg 1094w, https:\/\/dento-budo-dojo.fr\/wp-content\/uploads\/2025\/01\/Jean-Paul.jpg 1113w\" sizes=\"(max-width: 729px) 100vw, 729px\" \/>\t\t\t\t\t\t\t\t\t\t\t<figcaption class=\"widget-image-caption wp-caption-text\">Tengu-kamae effectu\u00e9 par Jean-Paul, ceinture noire du Dento Budo Dojo.<\/figcaption>\n\t\t\t\t\t\t\t\t\t\t<\/figure>\n\t\t\t\t\t\t\t\t\t<\/div>\n\t\t\t\t<\/div>\n\t\t\t\t\t<\/div>\n\t\t<\/div>\n\t\t\t\t<div class=\"elementor-column elementor-col-50 elementor-top-column elementor-element elementor-element-316e015\" data-id=\"316e015\" data-element_type=\"column\" data-e-type=\"column\">\n\t\t\t<div class=\"elementor-widget-wrap elementor-element-populated\">\n\t\t\t\t\t\t<div class=\"elementor-element elementor-element-9d939e0 elementor-widget elementor-widget-image\" data-id=\"9d939e0\" data-element_type=\"widget\" data-e-type=\"widget\" data-widget_type=\"image.default\">\n\t\t\t\t<div class=\"elementor-widget-container\">\n\t\t\t\t\t\t\t\t\t\t\t\t<figure class=\"wp-caption\">\n\t\t\t\t\t\t\t\t\t\t<img loading=\"lazy\" decoding=\"async\" width=\"1024\" height=\"609\" src=\"https:\/\/dento-budo-dojo.fr\/wp-content\/uploads\/2025\/01\/Kan-Geiko-2024-O-Sensei-1024x609.jpg\" class=\"attachment-large size-large wp-image-2908\" alt=\"O-Sensei Roland HABERSETZER expliquant une id\u00e9e parmi les concepts d\u00e9velopp\u00e9s dans notre \u00e9cole, le Tengu-Ryu.\" srcset=\"https:\/\/dento-budo-dojo.fr\/wp-content\/uploads\/2025\/01\/Kan-Geiko-2024-O-Sensei-200x119.jpg 200w, https:\/\/dento-budo-dojo.fr\/wp-content\/uploads\/2025\/01\/Kan-Geiko-2024-O-Sensei-300x178.jpg 300w, https:\/\/dento-budo-dojo.fr\/wp-content\/uploads\/2025\/01\/Kan-Geiko-2024-O-Sensei-400x238.jpg 400w, https:\/\/dento-budo-dojo.fr\/wp-content\/uploads\/2025\/01\/Kan-Geiko-2024-O-Sensei-600x357.jpg 600w, https:\/\/dento-budo-dojo.fr\/wp-content\/uploads\/2025\/01\/Kan-Geiko-2024-O-Sensei-768x457.jpg 768w, https:\/\/dento-budo-dojo.fr\/wp-content\/uploads\/2025\/01\/Kan-Geiko-2024-O-Sensei-800x476.jpg 800w, https:\/\/dento-budo-dojo.fr\/wp-content\/uploads\/2025\/01\/Kan-Geiko-2024-O-Sensei-1024x609.jpg 1024w, https:\/\/dento-budo-dojo.fr\/wp-content\/uploads\/2025\/01\/Kan-Geiko-2024-O-Sensei-1200x713.jpg 1200w, https:\/\/dento-budo-dojo.fr\/wp-content\/uploads\/2025\/01\/Kan-Geiko-2024-O-Sensei-1536x913.jpg 1536w\" sizes=\"(max-width: 1024px) 100vw, 1024px\" \/>\t\t\t\t\t\t\t\t\t\t\t<figcaption class=\"widget-image-caption wp-caption-text\">O-Sensei Roland HABERSETZER expliquant une id\u00e9e parmi les concepts d\u00e9velopp\u00e9s dans notre \u00e9cole, le Tengu-Ryu.<\/figcaption>\n\t\t\t\t\t\t\t\t\t\t<\/figure>\n\t\t\t\t\t\t\t\t\t<\/div>\n\t\t\t\t<\/div>\n\t\t\t\t\t<\/div>\n\t\t<\/div>\n\t\t\t\t\t<\/div>\n\t\t<\/section>\n\t\t\t\t<section class=\"elementor-section elementor-top-section elementor-element elementor-element-b68bbdf elementor-section-boxed elementor-section-height-default elementor-section-height-default\" data-id=\"b68bbdf\" data-element_type=\"section\" data-e-type=\"section\">\n\t\t\t\t\t\t<div class=\"elementor-container elementor-column-gap-default\">\n\t\t\t\t\t<div class=\"elementor-column elementor-col-100 elementor-top-column elementor-element elementor-element-879b718\" data-id=\"879b718\" data-element_type=\"column\" data-e-type=\"column\">\n\t\t\t<div class=\"elementor-widget-wrap elementor-element-populated\">\n\t\t\t\t\t\t<div class=\"elementor-element elementor-element-cd479c5 elementor-widget elementor-widget-image\" data-id=\"cd479c5\" data-element_type=\"widget\" data-e-type=\"widget\" data-widget_type=\"image.default\">\n\t\t\t\t<div class=\"elementor-widget-container\">\n\t\t\t\t\t\t\t\t\t\t\t\t<figure class=\"wp-caption\">\n\t\t\t\t\t\t\t\t\t\t<img loading=\"lazy\" decoding=\"async\" width=\"1024\" height=\"288\" src=\"https:\/\/dento-budo-dojo.fr\/wp-content\/uploads\/2025\/01\/Kan-Geiko-2024-1024x288.jpg\" class=\"attachment-large size-large wp-image-2909\" alt=\"Groupe des karat\u00e9kas pr\u00e9sents lors du stage d&#039;hiver 2024, Kan Geiko.\" srcset=\"https:\/\/dento-budo-dojo.fr\/wp-content\/uploads\/2025\/01\/Kan-Geiko-2024-200x56.jpg 200w, https:\/\/dento-budo-dojo.fr\/wp-content\/uploads\/2025\/01\/Kan-Geiko-2024-300x84.jpg 300w, https:\/\/dento-budo-dojo.fr\/wp-content\/uploads\/2025\/01\/Kan-Geiko-2024-400x113.jpg 400w, https:\/\/dento-budo-dojo.fr\/wp-content\/uploads\/2025\/01\/Kan-Geiko-2024-600x169.jpg 600w, https:\/\/dento-budo-dojo.fr\/wp-content\/uploads\/2025\/01\/Kan-Geiko-2024-768x216.jpg 768w, https:\/\/dento-budo-dojo.fr\/wp-content\/uploads\/2025\/01\/Kan-Geiko-2024-800x225.jpg 800w, https:\/\/dento-budo-dojo.fr\/wp-content\/uploads\/2025\/01\/Kan-Geiko-2024-1024x288.jpg 1024w, https:\/\/dento-budo-dojo.fr\/wp-content\/uploads\/2025\/01\/Kan-Geiko-2024-1200x338.jpg 1200w, https:\/\/dento-budo-dojo.fr\/wp-content\/uploads\/2025\/01\/Kan-Geiko-2024-1536x432.jpg 1536w\" sizes=\"(max-width: 1024px) 100vw, 1024px\" \/>\t\t\t\t\t\t\t\t\t\t\t<figcaption class=\"widget-image-caption wp-caption-text\">Groupe des karat\u00e9kas pr\u00e9sents lors du stage d'hiver 2024, Kan Geiko.<\/figcaption>\n\t\t\t\t\t\t\t\t\t\t<\/figure>\n\t\t\t\t\t\t\t\t\t<\/div>\n\t\t\t\t<\/div>\n\t\t\t\t\t<\/div>\n\t\t<\/div>\n\t\t\t\t\t<\/div>\n\t\t<\/section>\n\t\t\t\t<section class=\"elementor-section elementor-top-section elementor-element elementor-element-95d9a3a elementor-section-boxed elementor-section-height-default elementor-section-height-default\" data-id=\"95d9a3a\" data-element_type=\"section\" data-e-type=\"section\">\n\t\t\t\t\t\t<div class=\"elementor-container elementor-column-gap-default\">\n\t\t\t\t\t<div class=\"elementor-column elementor-col-50 elementor-top-column elementor-element elementor-element-a7f9841\" data-id=\"a7f9841\" data-element_type=\"column\" data-e-type=\"column\">\n\t\t\t<div class=\"elementor-widget-wrap elementor-element-populated\">\n\t\t\t\t\t\t<div class=\"elementor-element elementor-element-06117fb elementor-widget elementor-widget-heading\" data-id=\"06117fb\" data-element_type=\"widget\" data-e-type=\"widget\" data-widget_type=\"heading.default\">\n\t\t\t\t<div class=\"elementor-widget-container\">\n\t\t\t\t\t<h1 class=\"elementor-heading-title elementor-size-default\">Rentr\u00e9e Septembre 2024<br><\/h1>\t\t\t\t<\/div>\n\t\t\t\t<\/div>\n\t\t\t\t<div class=\"elementor-element elementor-element-aefad43 elementor-widget elementor-widget-heading\" data-id=\"aefad43\" data-element_type=\"widget\" data-e-type=\"widget\" data-widget_type=\"heading.default\">\n\t\t\t\t<div class=\"elementor-widget-container\">\n\t\t\t\t\t<h2 class=\"elementor-heading-title elementor-size-large\">F\u00eate des sports de S\u00e9lestat<\/h2>\t\t\t\t<\/div>\n\t\t\t\t<\/div>\n\t\t\t\t\t<\/div>\n\t\t<\/div>\n\t\t\t\t<div class=\"elementor-column elementor-col-50 elementor-top-column elementor-element elementor-element-9daef55\" data-id=\"9daef55\" data-element_type=\"column\" data-e-type=\"column\">\n\t\t\t<div class=\"elementor-widget-wrap elementor-element-populated\">\n\t\t\t\t\t\t<div class=\"elementor-element elementor-element-5e3eafd elementor-widget elementor-widget-image\" data-id=\"5e3eafd\" data-element_type=\"widget\" data-e-type=\"widget\" data-widget_type=\"image.default\">\n\t\t\t\t<div class=\"elementor-widget-container\">\n\t\t\t\t\t\t\t\t\t\t\t\t\t\t\t<img loading=\"lazy\" decoding=\"async\" width=\"1024\" height=\"664\" src=\"https:\/\/dento-budo-dojo.fr\/wp-content\/uploads\/2025\/01\/Selestat-fete-des-sports-1024x664.jpg\" class=\"attachment-large size-large wp-image-2902\" alt=\"Repr\u00e9sentants \u00e0 la f\u00eate des sports en septembre 2024\" srcset=\"https:\/\/dento-budo-dojo.fr\/wp-content\/uploads\/2025\/01\/Selestat-fete-des-sports-200x130.jpg 200w, https:\/\/dento-budo-dojo.fr\/wp-content\/uploads\/2025\/01\/Selestat-fete-des-sports-300x195.jpg 300w, https:\/\/dento-budo-dojo.fr\/wp-content\/uploads\/2025\/01\/Selestat-fete-des-sports-400x260.jpg 400w, https:\/\/dento-budo-dojo.fr\/wp-content\/uploads\/2025\/01\/Selestat-fete-des-sports-600x389.jpg 600w, https:\/\/dento-budo-dojo.fr\/wp-content\/uploads\/2025\/01\/Selestat-fete-des-sports-768x498.jpg 768w, https:\/\/dento-budo-dojo.fr\/wp-content\/uploads\/2025\/01\/Selestat-fete-des-sports-800x519.jpg 800w, https:\/\/dento-budo-dojo.fr\/wp-content\/uploads\/2025\/01\/Selestat-fete-des-sports-1024x664.jpg 1024w, https:\/\/dento-budo-dojo.fr\/wp-content\/uploads\/2025\/01\/Selestat-fete-des-sports-1200x779.jpg 1200w, https:\/\/dento-budo-dojo.fr\/wp-content\/uploads\/2025\/01\/Selestat-fete-des-sports-1536x997.jpg 1536w\" sizes=\"(max-width: 1024px) 100vw, 1024px\" \/>\t\t\t\t\t\t\t\t\t\t\t\t\t\t\t<\/div>\n\t\t\t\t<\/div>\n\t\t\t\t\t<\/div>\n\t\t<\/div>\n\t\t\t\t\t<\/div>\n\t\t<\/section>\n\t\t\t\t<section class=\"elementor-section elementor-top-section elementor-element elementor-element-ea19d3a elementor-section-boxed elementor-section-height-default elementor-section-height-default\" data-id=\"ea19d3a\" data-element_type=\"section\" data-e-type=\"section\">\n\t\t\t\t\t\t<div class=\"elementor-container elementor-column-gap-default\">\n\t\t\t\t\t<div class=\"elementor-column elementor-col-100 elementor-top-column elementor-element elementor-element-f654796\" data-id=\"f654796\" data-element_type=\"column\" data-e-type=\"column\">\n\t\t\t<div class=\"elementor-widget-wrap elementor-element-populated\">\n\t\t\t\t\t\t<div class=\"elementor-element elementor-element-6f4bce6 elementor-drop-cap-yes elementor-drop-cap-view-default elementor-widget elementor-widget-text-editor\" data-id=\"6f4bce6\" data-element_type=\"widget\" data-e-type=\"widget\" data-settings=\"{&quot;drop_cap&quot;:&quot;yes&quot;}\" data-widget_type=\"text-editor.default\">\n\t\t\t\t<div class=\"elementor-widget-container\">\n\t\t\t\t\t\t\t\t\t<p>Comme tous les ans, un rendez-vous incontournable pour notre association \u2013 Le <strong>Dento Budo Dojo<\/strong> de S\u00e9lestat \u2013 qu\u2019est celui de la f\u00eate des sports, o\u00f9 les adultes peuvent nous rencontrer pour mieux nous conna\u00eetre. C\u2019est ainsi une occasion pour \u00e9changer et discuter de nos pratiques\u2026 Loin du contexte de la comp\u00e9tition, o\u00f9 chez nous l\u2019int\u00e9r\u00eat porte sur une \u00e9volution personnelle, int\u00e9rieure \u00e0 travers une technique. Nous ne sommes pas dans une configuration \u00e9gotique mais bien dans une d\u00e9marche int\u00e9rieure \u00e0 travers une technique exprim\u00e9e et assum\u00e9e dans un \u00e9ventuel conflit.<\/p><p>En Karat\u00e9, nous int\u00e9grons de nombreux concepts nouveaux et adapt\u00e9s \u00e0 des comportements soci\u00e9taux actuellement revus. L\u2019agressivit\u00e9 malheureusement de plus en plus pr\u00e9sente d\u00e9montre l\u2019urgence \u00e9ducative qu\u2019il faut promouvoir face \u00e0 ces d\u00e9bordements comportementaux. L\u2019adulte, en premier lieu, doit avoir une attitude responsable, mais pour cela il faut qu\u2019il en ait les moyens. Cela s\u2019apprend\u2026 mais ce n\u2019est pas par quelques cours de self-d\u00e9fense que \u00e7a marchera\u2026 m\u00eame si on veut faire croire aujourd\u2019hui que cela s\u2019apprend vite\u00a0!<\/p><p>En Tai chi chuan, l\u2019orientation est dans une moindre mesure la technique de d\u00e9fense. M\u00eame si on d\u00e9montre quelques applications martiales pour donner un certain sens aux gestes appris, sa pratique est davantage orient\u00e9e vers une connaissance interne. Cette pratique n\u2019exclue pas celle du karat\u00e9 pour autant\u00a0!<\/p>\t\t\t\t\t\t\t\t<\/div>\n\t\t\t\t<\/div>\n\t\t\t\t\t<\/div>\n\t\t<\/div>\n\t\t\t\t\t<\/div>\n\t\t<\/section>\n\t\t\t\t<section class=\"elementor-section elementor-top-section elementor-element elementor-element-f5e11d7 elementor-section-boxed elementor-section-height-default elementor-section-height-default\" data-id=\"f5e11d7\" data-element_type=\"section\" data-e-type=\"section\">\n\t\t\t\t\t\t<div class=\"elementor-container elementor-column-gap-default\">\n\t\t\t\t\t<div class=\"elementor-column elementor-col-50 elementor-top-column elementor-element elementor-element-91a7441\" data-id=\"91a7441\" data-element_type=\"column\" data-e-type=\"column\">\n\t\t\t<div class=\"elementor-widget-wrap elementor-element-populated\">\n\t\t\t\t\t\t<div class=\"elementor-element elementor-element-99fd875 elementor-widget elementor-widget-heading\" data-id=\"99fd875\" data-element_type=\"widget\" data-e-type=\"widget\" data-widget_type=\"heading.default\">\n\t\t\t\t<div class=\"elementor-widget-container\">\n\t\t\t\t\t<h1 class=\"elementor-heading-title elementor-size-default\">50\u00e8me anniversaire du CRB-IT, au stage de printemps 2024 !<\/h1>\t\t\t\t<\/div>\n\t\t\t\t<\/div>\n\t\t\t\t<div class=\"elementor-element elementor-element-38ea768 elementor-widget elementor-widget-text-editor\" data-id=\"38ea768\" data-element_type=\"widget\" data-e-type=\"widget\" data-widget_type=\"text-editor.default\">\n\t\t\t\t<div class=\"elementor-widget-container\">\n\t\t\t\t\t\t\t\t\t<p>Nous y \u00e9tions&#8230;<\/p><p>\u00a0<\/p>\t\t\t\t\t\t\t\t<\/div>\n\t\t\t\t<\/div>\n\t\t\t\t\t<\/div>\n\t\t<\/div>\n\t\t\t\t<div class=\"elementor-column elementor-col-50 elementor-top-column elementor-element elementor-element-89ff43d\" data-id=\"89ff43d\" data-element_type=\"column\" data-e-type=\"column\">\n\t\t\t<div class=\"elementor-widget-wrap elementor-element-populated\">\n\t\t\t\t\t\t<div class=\"elementor-element elementor-element-47e5973 elementor-widget elementor-widget-image\" data-id=\"47e5973\" data-element_type=\"widget\" data-e-type=\"widget\" data-widget_type=\"image.default\">\n\t\t\t\t<div class=\"elementor-widget-container\">\n\t\t\t\t\t\t\t\t\t\t\t\t<figure class=\"wp-caption\">\n\t\t\t\t\t\t\t\t\t\t\t<a href=\"http:\/\/dento-budo-dojo.fr\/wp-content\/uploads\/2024\/05\/Groupe-Dento-scaled.jpg\" data-elementor-open-lightbox=\"yes\" data-elementor-lightbox-title=\"Groupe Dento\" data-elementor-lightbox-description=\"Quelques pr\u00e9sents du Dento Budo Dojo lors du cinquanti\u00e8me anniversaire du CRB-IT, au stage de printemps.\" data-e-action-hash=\"#elementor-action%3Aaction%3Dlightbox%26settings%3DeyJpZCI6Mjg2MiwidXJsIjoiaHR0cHM6XC9cL2RlbnRvLWJ1ZG8tZG9qby5mclwvd3AtY29udGVudFwvdXBsb2Fkc1wvMjAyNFwvMDVcL0dyb3VwZS1EZW50by1zY2FsZWQuanBnIn0%3D\">\n\t\t\t\t\t\t\t<img loading=\"lazy\" decoding=\"async\" width=\"1024\" height=\"585\" src=\"https:\/\/dento-budo-dojo.fr\/wp-content\/uploads\/2024\/05\/Groupe-Dento-1024x585.jpg\" class=\"attachment-large size-large wp-image-2862\" alt=\"Quelques pr\u00e9sents du Dento Budo Dojo lors du cinquanti\u00e8me anniversaire du CRB-IT, au stage de printemps.\" srcset=\"https:\/\/dento-budo-dojo.fr\/wp-content\/uploads\/2024\/05\/Groupe-Dento-200x114.jpg 200w, https:\/\/dento-budo-dojo.fr\/wp-content\/uploads\/2024\/05\/Groupe-Dento-300x171.jpg 300w, https:\/\/dento-budo-dojo.fr\/wp-content\/uploads\/2024\/05\/Groupe-Dento-400x229.jpg 400w, https:\/\/dento-budo-dojo.fr\/wp-content\/uploads\/2024\/05\/Groupe-Dento-600x343.jpg 600w, https:\/\/dento-budo-dojo.fr\/wp-content\/uploads\/2024\/05\/Groupe-Dento-768x439.jpg 768w, https:\/\/dento-budo-dojo.fr\/wp-content\/uploads\/2024\/05\/Groupe-Dento-800x457.jpg 800w, https:\/\/dento-budo-dojo.fr\/wp-content\/uploads\/2024\/05\/Groupe-Dento-1024x585.jpg 1024w, https:\/\/dento-budo-dojo.fr\/wp-content\/uploads\/2024\/05\/Groupe-Dento-1200x686.jpg 1200w, https:\/\/dento-budo-dojo.fr\/wp-content\/uploads\/2024\/05\/Groupe-Dento-1536x877.jpg 1536w\" sizes=\"(max-width: 1024px) 100vw, 1024px\" \/>\t\t\t\t\t\t\t\t<\/a>\n\t\t\t\t\t\t\t\t\t\t\t<figcaption class=\"widget-image-caption wp-caption-text\">Quelques pr\u00e9sents du Dento Budo Dojo lors du cinquanti\u00e8me anniversaire du CRB-IT, au stage de printemps.<\/figcaption>\n\t\t\t\t\t\t\t\t\t\t<\/figure>\n\t\t\t\t\t\t\t\t\t<\/div>\n\t\t\t\t<\/div>\n\t\t\t\t\t<\/div>\n\t\t<\/div>\n\t\t\t\t\t<\/div>\n\t\t<\/section>\n\t\t\t\t<section class=\"elementor-section elementor-top-section elementor-element elementor-element-450a3d0 elementor-section-boxed elementor-section-height-default elementor-section-height-default\" data-id=\"450a3d0\" data-element_type=\"section\" data-e-type=\"section\">\n\t\t\t\t\t\t<div class=\"elementor-container elementor-column-gap-default\">\n\t\t\t\t\t<div class=\"elementor-column elementor-col-100 elementor-top-column elementor-element elementor-element-f6aacb7\" data-id=\"f6aacb7\" data-element_type=\"column\" data-e-type=\"column\">\n\t\t\t<div class=\"elementor-widget-wrap elementor-element-populated\">\n\t\t\t\t\t\t<div class=\"elementor-element elementor-element-8bf4396 elementor-widget elementor-widget-text-editor\" data-id=\"8bf4396\" data-element_type=\"widget\" data-e-type=\"widget\" data-widget_type=\"text-editor.default\">\n\t\t\t\t<div class=\"elementor-widget-container\">\n\t\t\t\t\t\t\t\t\t<p>\u00a0\u00a0\u00a0\u00a0\u00a0\u00a0\u00a0\u00a0\u00a0\u00a0\u00a0\u00a0\u00a0\u00a0\u00a0 Ce rendez-vous annuel au week-end de la Pentec\u00f4te est pour notre association incontournable\u00a0! Notre pr\u00e9sence n\u2019est plus \u00e0 d\u00e9montrer\u2026 on ne d\u00e9racine pas les passionn\u00e9s de la \u00ab\u00a0Voie de la main vide\u00a0\u00bb (Karat\u00e9-do) qui appartiennent \u00e0 l\u2019\u00e9cole cr\u00e9\u00e9e par le <strong>Sok\u00e9 Roland HABERSETZER<\/strong>, le <strong>Tengu-ryu<\/strong>\u00a0! Et pour preuve\u2026 ces personnes qui sont venues apr\u00e8s avoir fait quelques milliers de kilom\u00e8tre pour certains, des Etats-Unis, comme de Russie, montrant ainsi qu\u2019il est possible de r\u00e9unir des hommes et des femmes qui pensent la relation aux autres bien diff\u00e9remment que certaines \u00ab\u00a0forces\u00a0\u00bb politiques.<\/p><p>\u00a0\u00a0\u00a0\u00a0\u00a0\u00a0\u00a0\u00a0\u00a0\u00a0\u00a0\u00a0\u00a0\u00a0\u00a0 Le <strong><em>Tengu-no-michi<\/em><\/strong> est une Voie (un Do, en Japonais) qui construit, \u00e9l\u00e8ve l\u2019homme\u2026 Pour cela, un cadre, des valeurs \u00e9ducatives, une \u00e9thique qui projette une r\u00e9flexion du monde d\u2019aujourd\u2019hui sur celui de demain, avec, de la bienveillance, mais aussi de la fermet\u00e9 face \u00e0 cette croissance malheureuse de la violence \u00e0 laquelle nous assistons. Une pratique, une r\u00e9flexion, au quotidien, initient une philosophie de la vie, en profondeur, avec ce souffle pr\u00e9cieux maintenant cette lumi\u00e8re int\u00e9rieure que tout humain poss\u00e8de\u00a0! L\u2019aurait-on oubli\u00e9\u00a0?<\/p><p>\u00a0\u00a0\u00a0\u00a0\u00a0\u00a0\u00a0\u00a0\u00a0\u00a0\u00a0\u00a0\u00a0\u00a0\u00a0 Heureusement qu\u2019il puisse exister encore, ici et l\u00e0, des lieux et des moments o\u00f9 justement la pens\u00e9e se veut constructive et non destructive. Ce fut le cas en ce stage de printemps, \u00e0 Eschau, le dojo de Didier SIAT, o\u00f9 l\u2019organisation fut parfaite\u00a0! Bravo \u00e0 tous les organisateurs de ce moment, car f\u00eater les 50 ans d\u2019existence du CRB-IT (Centre de Recherche Budo \u2013 Institut Tengu) cr\u00e9\u00e9 par Roland HABERSETZER en \u2026 1974, n\u2019\u00e9tait pas chose facile \u00e0 organiser. La r\u00e9ussite fut bien pr\u00e9sente\u2026 et salu\u00e9e de tous\u00a0!<\/p><p>\u00a0\u00a0\u00a0\u00a0\u00a0\u00a0\u00a0\u00a0\u00a0\u00a0\u00a0\u00a0\u00a0\u00a0\u00a0 C\u2019est touchant de voir, mieux encore, d\u2019appr\u00e9cier, toutes ces personnes en harmonie avec ce ryu o\u00f9 les id\u00e9es ne manquent pas. Initi\u00e9es par notre Sok\u00e9, l\u2019imagination des cadres avec de nouvelles id\u00e9es renforceront et d\u00e9velopperont des approches dans l\u2019art de la main vide, \u00e0 n\u2019en pas douter\u00a0! C\u2019est une question de temps et de maturit\u00e9.<\/p><p>\u00a0\u00a0\u00a0\u00a0\u00a0\u00a0\u00a0\u00a0\u00a0\u00a0\u00a0\u00a0\u00a0\u00a0\u00a0 En cette fin d\u2019apr\u00e8s-midi de ce samedi, une surprise nous fut pr\u00e9sent\u00e9e\u2026 avec une promotion de certains grad\u00e9s du CRB-IT, dont Jean-Claude B\u00c9NIS, au grade de 7<sup>e<\/sup> dan en Karat\u00e9 (Kyoshi-Ho, de l\u2019\u00e9cole Tengu-ryu). Pour une surprise, s\u2019en \u00e9tait une sacr\u00e9e\u00a0! (voir l\u2019article ci-dessous)<\/p><p>\u00a0\u00a0\u00a0\u00a0\u00a0\u00a0\u00a0\u00a0\u00a0\u00a0\u00a0\u00a0\u00a0\u00a0\u00a0 Le d\u00eener du samedi soir, orchestr\u00e9 par une \u00e9quipe professionnelle qui entourait Jean-Christophe Karleskind, par ailleurs 2<sup>e<\/sup> dan en karat\u00e9 de notre \u00e9cole, et champion du monde des Arts Culinaires, nous a laiss\u00e9 un excellent souvenir. Ce fut l\u00e0 encore un souvenir inoubliable. Bravo pour cette r\u00e9ussite culinaire\u2026<\/p><p>\u00a0\u00a0\u00a0\u00a0\u00a0\u00a0\u00a0\u00a0\u00a0\u00a0\u00a0\u00a0\u00a0\u00a0\u00a0 Le dimanche quant \u00e0 lui, s\u2019est d\u00e9roul\u00e9 avec des ateliers de kobudo en plus du karat\u00e9. Bokken et Tambo furent utilis\u00e9s, pour notamment int\u00e9grer ses armes aux katas Buki-ho du ryu. Le sch\u00e9ma est le m\u00eame que la forme kara-ho, mais la gestuelle appartient forc\u00e9ment \u00e0 l\u2019arme choisie.<\/p>\t\t\t\t\t\t\t\t<\/div>\n\t\t\t\t<\/div>\n\t\t\t\t\t<\/div>\n\t\t<\/div>\n\t\t\t\t\t<\/div>\n\t\t<\/section>\n\t\t\t\t<section class=\"elementor-section elementor-top-section elementor-element elementor-element-855d173 elementor-section-boxed elementor-section-height-default elementor-section-height-default\" data-id=\"855d173\" data-element_type=\"section\" data-e-type=\"section\">\n\t\t\t\t\t\t<div class=\"elementor-container elementor-column-gap-default\">\n\t\t\t\t\t<div class=\"elementor-column elementor-col-33 elementor-top-column elementor-element elementor-element-67f72d6\" data-id=\"67f72d6\" data-element_type=\"column\" data-e-type=\"column\">\n\t\t\t<div class=\"elementor-widget-wrap elementor-element-populated\">\n\t\t\t\t\t\t<div class=\"elementor-element elementor-element-3378773 elementor-widget elementor-widget-image\" data-id=\"3378773\" data-element_type=\"widget\" data-e-type=\"widget\" data-widget_type=\"image.default\">\n\t\t\t\t<div class=\"elementor-widget-container\">\n\t\t\t\t\t\t\t\t\t\t\t\t<figure class=\"wp-caption\">\n\t\t\t\t\t\t\t\t\t\t\t<a href=\"http:\/\/dento-budo-dojo.fr\/wp-content\/uploads\/2024\/05\/Soke-Roland-Habersetzer-en-Tengu-Kamae-scaled.jpg\" data-elementor-open-lightbox=\"yes\" data-elementor-lightbox-title=\"Sok\u00e9 Roland Habersetzer en Tengu Kamae\" data-elementor-lightbox-description=\"Sok\u00e9 Roland Habersetzer en Tengu Kamae lors du cinquanti\u00e8me anniversaire du CRB-IT qu&#039;il avait cr\u00e9\u00e9 en 1974 !\" data-e-action-hash=\"#elementor-action%3Aaction%3Dlightbox%26settings%3DeyJpZCI6Mjg2MCwidXJsIjoiaHR0cHM6XC9cL2RlbnRvLWJ1ZG8tZG9qby5mclwvd3AtY29udGVudFwvdXBsb2Fkc1wvMjAyNFwvMDVcL1Nva2UtUm9sYW5kLUhhYmVyc2V0emVyLWVuLVRlbmd1LUthbWFlLXNjYWxlZC5qcGcifQ%3D%3D\">\n\t\t\t\t\t\t\t<img loading=\"lazy\" decoding=\"async\" width=\"812\" height=\"1024\" src=\"https:\/\/dento-budo-dojo.fr\/wp-content\/uploads\/2024\/05\/Soke-Roland-Habersetzer-en-Tengu-Kamae-812x1024.jpg\" class=\"attachment-large size-large wp-image-2860\" alt=\"Sok\u00e9 Roland Habersetzer en Tengu Kamae lors du cinquanti\u00e8me anniversaire du CRB-IT qu&#039;il avait cr\u00e9\u00e9 en 1974 !\" srcset=\"https:\/\/dento-budo-dojo.fr\/wp-content\/uploads\/2024\/05\/Soke-Roland-Habersetzer-en-Tengu-Kamae-200x252.jpg 200w, https:\/\/dento-budo-dojo.fr\/wp-content\/uploads\/2024\/05\/Soke-Roland-Habersetzer-en-Tengu-Kamae-238x300.jpg 238w, https:\/\/dento-budo-dojo.fr\/wp-content\/uploads\/2024\/05\/Soke-Roland-Habersetzer-en-Tengu-Kamae-400x504.jpg 400w, https:\/\/dento-budo-dojo.fr\/wp-content\/uploads\/2024\/05\/Soke-Roland-Habersetzer-en-Tengu-Kamae-600x757.jpg 600w, https:\/\/dento-budo-dojo.fr\/wp-content\/uploads\/2024\/05\/Soke-Roland-Habersetzer-en-Tengu-Kamae-768x968.jpg 768w, https:\/\/dento-budo-dojo.fr\/wp-content\/uploads\/2024\/05\/Soke-Roland-Habersetzer-en-Tengu-Kamae-800x1009.jpg 800w, https:\/\/dento-budo-dojo.fr\/wp-content\/uploads\/2024\/05\/Soke-Roland-Habersetzer-en-Tengu-Kamae-812x1024.jpg 812w, https:\/\/dento-budo-dojo.fr\/wp-content\/uploads\/2024\/05\/Soke-Roland-Habersetzer-en-Tengu-Kamae-1200x1513.jpg 1200w, https:\/\/dento-budo-dojo.fr\/wp-content\/uploads\/2024\/05\/Soke-Roland-Habersetzer-en-Tengu-Kamae-1218x1536.jpg 1218w, https:\/\/dento-budo-dojo.fr\/wp-content\/uploads\/2024\/05\/Soke-Roland-Habersetzer-en-Tengu-Kamae-1624x2048.jpg 1624w\" sizes=\"(max-width: 812px) 100vw, 812px\" \/>\t\t\t\t\t\t\t\t<\/a>\n\t\t\t\t\t\t\t\t\t\t\t<figcaption class=\"widget-image-caption wp-caption-text\">Sok\u00e9 Roland Habersetzer en Tengu Kamae lors du cinquanti\u00e8me anniversaire du CRB-IT qu'il avait cr\u00e9\u00e9 en 1974 !<\/figcaption>\n\t\t\t\t\t\t\t\t\t\t<\/figure>\n\t\t\t\t\t\t\t\t\t<\/div>\n\t\t\t\t<\/div>\n\t\t\t\t\t<\/div>\n\t\t<\/div>\n\t\t\t\t<div class=\"elementor-column elementor-col-33 elementor-top-column elementor-element elementor-element-f684062\" data-id=\"f684062\" data-element_type=\"column\" data-e-type=\"column\">\n\t\t\t<div class=\"elementor-widget-wrap elementor-element-populated\">\n\t\t\t\t\t\t<div class=\"elementor-element elementor-element-41f0e00 elementor-widget elementor-widget-image\" data-id=\"41f0e00\" data-element_type=\"widget\" data-e-type=\"widget\" data-widget_type=\"image.default\">\n\t\t\t\t<div class=\"elementor-widget-container\">\n\t\t\t\t\t\t\t\t\t\t\t\t<figure class=\"wp-caption\">\n\t\t\t\t\t\t\t\t\t\t\t<a href=\"http:\/\/dento-budo-dojo.fr\/wp-content\/uploads\/2024\/05\/Sylvain-et-Patrick-scaled.jpg\" data-elementor-open-lightbox=\"yes\" data-elementor-lightbox-title=\"Sylvain et Patrick, tous deux du Dento Budo Dojo.\" data-elementor-lightbox-description=\"Sylvain et Patrick, tous deux du Dento Budo Dojo.\" data-e-action-hash=\"#elementor-action%3Aaction%3Dlightbox%26settings%3DeyJpZCI6Mjg2MSwidXJsIjoiaHR0cHM6XC9cL2RlbnRvLWJ1ZG8tZG9qby5mclwvd3AtY29udGVudFwvdXBsb2Fkc1wvMjAyNFwvMDVcL1N5bHZhaW4tZXQtUGF0cmljay1zY2FsZWQuanBnIn0%3D\">\n\t\t\t\t\t\t\t<img loading=\"lazy\" decoding=\"async\" width=\"812\" height=\"1024\" src=\"https:\/\/dento-budo-dojo.fr\/wp-content\/uploads\/2024\/05\/Sylvain-et-Patrick-812x1024.jpg\" class=\"attachment-large size-large wp-image-2861\" alt=\"Sylvain et Patrick, tous deux du Dento Budo Dojo.\" srcset=\"https:\/\/dento-budo-dojo.fr\/wp-content\/uploads\/2024\/05\/Sylvain-et-Patrick-200x252.jpg 200w, https:\/\/dento-budo-dojo.fr\/wp-content\/uploads\/2024\/05\/Sylvain-et-Patrick-238x300.jpg 238w, https:\/\/dento-budo-dojo.fr\/wp-content\/uploads\/2024\/05\/Sylvain-et-Patrick-400x504.jpg 400w, https:\/\/dento-budo-dojo.fr\/wp-content\/uploads\/2024\/05\/Sylvain-et-Patrick-600x757.jpg 600w, https:\/\/dento-budo-dojo.fr\/wp-content\/uploads\/2024\/05\/Sylvain-et-Patrick-768x968.jpg 768w, https:\/\/dento-budo-dojo.fr\/wp-content\/uploads\/2024\/05\/Sylvain-et-Patrick-800x1009.jpg 800w, https:\/\/dento-budo-dojo.fr\/wp-content\/uploads\/2024\/05\/Sylvain-et-Patrick-812x1024.jpg 812w, https:\/\/dento-budo-dojo.fr\/wp-content\/uploads\/2024\/05\/Sylvain-et-Patrick-1200x1513.jpg 1200w, https:\/\/dento-budo-dojo.fr\/wp-content\/uploads\/2024\/05\/Sylvain-et-Patrick-1218x1536.jpg 1218w, https:\/\/dento-budo-dojo.fr\/wp-content\/uploads\/2024\/05\/Sylvain-et-Patrick-1624x2048.jpg 1624w\" sizes=\"(max-width: 812px) 100vw, 812px\" \/>\t\t\t\t\t\t\t\t<\/a>\n\t\t\t\t\t\t\t\t\t\t\t<figcaption class=\"widget-image-caption wp-caption-text\">Sylvain et Patrick, tous deux du Dento Budo Dojo.<\/figcaption>\n\t\t\t\t\t\t\t\t\t\t<\/figure>\n\t\t\t\t\t\t\t\t\t<\/div>\n\t\t\t\t<\/div>\n\t\t\t\t\t<\/div>\n\t\t<\/div>\n\t\t\t\t<div class=\"elementor-column elementor-col-33 elementor-top-column elementor-element elementor-element-21dbad6\" data-id=\"21dbad6\" data-element_type=\"column\" data-e-type=\"column\">\n\t\t\t<div class=\"elementor-widget-wrap elementor-element-populated\">\n\t\t\t\t\t\t<div class=\"elementor-element elementor-element-403f0e4 elementor-widget elementor-widget-image\" data-id=\"403f0e4\" data-element_type=\"widget\" data-e-type=\"widget\" data-widget_type=\"image.default\">\n\t\t\t\t<div class=\"elementor-widget-container\">\n\t\t\t\t\t\t\t\t\t\t\t\t<figure class=\"wp-caption\">\n\t\t\t\t\t\t\t\t\t\t\t<a href=\"http:\/\/dento-budo-dojo.fr\/wp-content\/uploads\/2024\/05\/Patrick-scaled.jpg\" data-elementor-open-lightbox=\"yes\" data-elementor-lightbox-title=\"Patrick, toujours avec le sourire ! Doraku...\" data-elementor-lightbox-description=\"Patrick, toujours avec le sourire ! Doraku...\" data-e-action-hash=\"#elementor-action%3Aaction%3Dlightbox%26settings%3DeyJpZCI6Mjg1NiwidXJsIjoiaHR0cHM6XC9cL2RlbnRvLWJ1ZG8tZG9qby5mclwvd3AtY29udGVudFwvdXBsb2Fkc1wvMjAyNFwvMDVcL1BhdHJpY2stc2NhbGVkLmpwZyJ9\">\n\t\t\t\t\t\t\t<img loading=\"lazy\" decoding=\"async\" width=\"812\" height=\"1024\" src=\"https:\/\/dento-budo-dojo.fr\/wp-content\/uploads\/2024\/05\/Patrick-812x1024.jpg\" class=\"attachment-large size-large wp-image-2856\" alt=\"Patrick, toujours avec le sourire ! Doraku...\" srcset=\"https:\/\/dento-budo-dojo.fr\/wp-content\/uploads\/2024\/05\/Patrick-200x252.jpg 200w, https:\/\/dento-budo-dojo.fr\/wp-content\/uploads\/2024\/05\/Patrick-238x300.jpg 238w, https:\/\/dento-budo-dojo.fr\/wp-content\/uploads\/2024\/05\/Patrick-400x504.jpg 400w, https:\/\/dento-budo-dojo.fr\/wp-content\/uploads\/2024\/05\/Patrick-600x757.jpg 600w, https:\/\/dento-budo-dojo.fr\/wp-content\/uploads\/2024\/05\/Patrick-768x968.jpg 768w, https:\/\/dento-budo-dojo.fr\/wp-content\/uploads\/2024\/05\/Patrick-800x1009.jpg 800w, https:\/\/dento-budo-dojo.fr\/wp-content\/uploads\/2024\/05\/Patrick-812x1024.jpg 812w, https:\/\/dento-budo-dojo.fr\/wp-content\/uploads\/2024\/05\/Patrick-1200x1513.jpg 1200w, https:\/\/dento-budo-dojo.fr\/wp-content\/uploads\/2024\/05\/Patrick-1218x1536.jpg 1218w, https:\/\/dento-budo-dojo.fr\/wp-content\/uploads\/2024\/05\/Patrick-1624x2048.jpg 1624w\" sizes=\"(max-width: 812px) 100vw, 812px\" \/>\t\t\t\t\t\t\t\t<\/a>\n\t\t\t\t\t\t\t\t\t\t\t<figcaption class=\"widget-image-caption wp-caption-text\">Patrick, toujours avec le sourire ! Doraku...<\/figcaption>\n\t\t\t\t\t\t\t\t\t\t<\/figure>\n\t\t\t\t\t\t\t\t\t<\/div>\n\t\t\t\t<\/div>\n\t\t\t\t\t<\/div>\n\t\t<\/div>\n\t\t\t\t\t<\/div>\n\t\t<\/section>\n\t\t\t\t<section class=\"elementor-section elementor-top-section elementor-element elementor-element-8c4ad4f elementor-section-boxed elementor-section-height-default elementor-section-height-default\" data-id=\"8c4ad4f\" data-element_type=\"section\" data-e-type=\"section\">\n\t\t\t\t\t\t<div class=\"elementor-container elementor-column-gap-default\">\n\t\t\t\t\t<div class=\"elementor-column elementor-col-33 elementor-top-column elementor-element elementor-element-b468108\" data-id=\"b468108\" data-element_type=\"column\" data-e-type=\"column\">\n\t\t\t<div class=\"elementor-widget-wrap elementor-element-populated\">\n\t\t\t\t\t\t<div class=\"elementor-element elementor-element-1e987d1 elementor-widget elementor-widget-image\" data-id=\"1e987d1\" data-element_type=\"widget\" data-e-type=\"widget\" data-widget_type=\"image.default\">\n\t\t\t\t<div class=\"elementor-widget-container\">\n\t\t\t\t\t\t\t\t\t\t\t\t<figure class=\"wp-caption\">\n\t\t\t\t\t\t\t\t\t\t\t<a href=\"http:\/\/dento-budo-dojo.fr\/wp-content\/uploads\/2024\/05\/Lea-et-Jean-Paul-scaled.jpg\" data-elementor-open-lightbox=\"no\">\n\t\t\t\t\t\t\t<img loading=\"lazy\" decoding=\"async\" width=\"812\" height=\"1024\" src=\"https:\/\/dento-budo-dojo.fr\/wp-content\/uploads\/2024\/05\/Lea-et-Jean-Paul-812x1024.jpg\" class=\"attachment-large size-large wp-image-2865\" alt=\"L\u00e9a et Jean-Paul lors d&#039;une application avec Tambo.\" srcset=\"https:\/\/dento-budo-dojo.fr\/wp-content\/uploads\/2024\/05\/Lea-et-Jean-Paul-200x252.jpg 200w, https:\/\/dento-budo-dojo.fr\/wp-content\/uploads\/2024\/05\/Lea-et-Jean-Paul-238x300.jpg 238w, https:\/\/dento-budo-dojo.fr\/wp-content\/uploads\/2024\/05\/Lea-et-Jean-Paul-400x504.jpg 400w, https:\/\/dento-budo-dojo.fr\/wp-content\/uploads\/2024\/05\/Lea-et-Jean-Paul-600x757.jpg 600w, https:\/\/dento-budo-dojo.fr\/wp-content\/uploads\/2024\/05\/Lea-et-Jean-Paul-768x968.jpg 768w, https:\/\/dento-budo-dojo.fr\/wp-content\/uploads\/2024\/05\/Lea-et-Jean-Paul-800x1009.jpg 800w, https:\/\/dento-budo-dojo.fr\/wp-content\/uploads\/2024\/05\/Lea-et-Jean-Paul-812x1024.jpg 812w, https:\/\/dento-budo-dojo.fr\/wp-content\/uploads\/2024\/05\/Lea-et-Jean-Paul-1200x1513.jpg 1200w, https:\/\/dento-budo-dojo.fr\/wp-content\/uploads\/2024\/05\/Lea-et-Jean-Paul-1218x1536.jpg 1218w, https:\/\/dento-budo-dojo.fr\/wp-content\/uploads\/2024\/05\/Lea-et-Jean-Paul-1624x2048.jpg 1624w\" sizes=\"(max-width: 812px) 100vw, 812px\" \/>\t\t\t\t\t\t\t\t<\/a>\n\t\t\t\t\t\t\t\t\t\t\t<figcaption class=\"widget-image-caption wp-caption-text\">L\u00e9a et Jean-Paul lors d'une application avec Tambo.<\/figcaption>\n\t\t\t\t\t\t\t\t\t\t<\/figure>\n\t\t\t\t\t\t\t\t\t<\/div>\n\t\t\t\t<\/div>\n\t\t\t\t\t<\/div>\n\t\t<\/div>\n\t\t\t\t<div class=\"elementor-column elementor-col-33 elementor-top-column elementor-element elementor-element-95bfdb5\" data-id=\"95bfdb5\" data-element_type=\"column\" data-e-type=\"column\">\n\t\t\t<div class=\"elementor-widget-wrap elementor-element-populated\">\n\t\t\t\t\t\t<div class=\"elementor-element elementor-element-96b6f93 elementor-widget elementor-widget-image\" data-id=\"96b6f93\" data-element_type=\"widget\" data-e-type=\"widget\" data-widget_type=\"image.default\">\n\t\t\t\t<div class=\"elementor-widget-container\">\n\t\t\t\t\t\t\t\t\t\t\t\t<figure class=\"wp-caption\">\n\t\t\t\t\t\t\t\t\t\t\t<a href=\"http:\/\/dento-budo-dojo.fr\/wp-content\/uploads\/2024\/05\/Jean-Paul-et-Etienne-scaled.jpg\" data-elementor-open-lightbox=\"no\">\n\t\t\t\t\t\t\t<img loading=\"lazy\" decoding=\"async\" width=\"812\" height=\"1024\" src=\"https:\/\/dento-budo-dojo.fr\/wp-content\/uploads\/2024\/05\/Jean-Paul-et-Etienne-812x1024.jpg\" class=\"attachment-large size-large wp-image-2863\" alt=\"Jean-Paul et Etienne\" srcset=\"https:\/\/dento-budo-dojo.fr\/wp-content\/uploads\/2024\/05\/Jean-Paul-et-Etienne-200x252.jpg 200w, https:\/\/dento-budo-dojo.fr\/wp-content\/uploads\/2024\/05\/Jean-Paul-et-Etienne-238x300.jpg 238w, https:\/\/dento-budo-dojo.fr\/wp-content\/uploads\/2024\/05\/Jean-Paul-et-Etienne-400x504.jpg 400w, https:\/\/dento-budo-dojo.fr\/wp-content\/uploads\/2024\/05\/Jean-Paul-et-Etienne-600x757.jpg 600w, https:\/\/dento-budo-dojo.fr\/wp-content\/uploads\/2024\/05\/Jean-Paul-et-Etienne-768x968.jpg 768w, https:\/\/dento-budo-dojo.fr\/wp-content\/uploads\/2024\/05\/Jean-Paul-et-Etienne-800x1009.jpg 800w, https:\/\/dento-budo-dojo.fr\/wp-content\/uploads\/2024\/05\/Jean-Paul-et-Etienne-812x1024.jpg 812w, https:\/\/dento-budo-dojo.fr\/wp-content\/uploads\/2024\/05\/Jean-Paul-et-Etienne-1200x1513.jpg 1200w, https:\/\/dento-budo-dojo.fr\/wp-content\/uploads\/2024\/05\/Jean-Paul-et-Etienne-1218x1536.jpg 1218w, https:\/\/dento-budo-dojo.fr\/wp-content\/uploads\/2024\/05\/Jean-Paul-et-Etienne-1624x2048.jpg 1624w\" sizes=\"(max-width: 812px) 100vw, 812px\" \/>\t\t\t\t\t\t\t\t<\/a>\n\t\t\t\t\t\t\t\t\t\t\t<figcaption class=\"widget-image-caption wp-caption-text\">Jean-Paul et Etienne<\/figcaption>\n\t\t\t\t\t\t\t\t\t\t<\/figure>\n\t\t\t\t\t\t\t\t\t<\/div>\n\t\t\t\t<\/div>\n\t\t\t\t\t<\/div>\n\t\t<\/div>\n\t\t\t\t<div class=\"elementor-column elementor-col-33 elementor-top-column elementor-element elementor-element-a8167d1\" data-id=\"a8167d1\" data-element_type=\"column\" data-e-type=\"column\">\n\t\t\t<div class=\"elementor-widget-wrap elementor-element-populated\">\n\t\t\t\t\t\t<div class=\"elementor-element elementor-element-7ab2bad elementor-widget elementor-widget-image\" data-id=\"7ab2bad\" data-element_type=\"widget\" data-e-type=\"widget\" data-widget_type=\"image.default\">\n\t\t\t\t<div class=\"elementor-widget-container\">\n\t\t\t\t\t\t\t\t\t\t\t\t<figure class=\"wp-caption\">\n\t\t\t\t\t\t\t\t\t\t\t<a href=\"http:\/\/dento-budo-dojo.fr\/wp-content\/uploads\/2024\/05\/Karate-et-Wushu-scaled.jpg\" data-elementor-open-lightbox=\"no\">\n\t\t\t\t\t\t\t<img loading=\"lazy\" decoding=\"async\" width=\"812\" height=\"1024\" src=\"https:\/\/dento-budo-dojo.fr\/wp-content\/uploads\/2024\/05\/Karate-et-Wushu-812x1024.jpg\" class=\"attachment-large size-large wp-image-2864\" alt=\"Un chika-ma uke revisit\u00e9 par un pratiquant de wushu... et pourquoi pas !\" srcset=\"https:\/\/dento-budo-dojo.fr\/wp-content\/uploads\/2024\/05\/Karate-et-Wushu-200x252.jpg 200w, https:\/\/dento-budo-dojo.fr\/wp-content\/uploads\/2024\/05\/Karate-et-Wushu-238x300.jpg 238w, https:\/\/dento-budo-dojo.fr\/wp-content\/uploads\/2024\/05\/Karate-et-Wushu-400x504.jpg 400w, https:\/\/dento-budo-dojo.fr\/wp-content\/uploads\/2024\/05\/Karate-et-Wushu-600x757.jpg 600w, https:\/\/dento-budo-dojo.fr\/wp-content\/uploads\/2024\/05\/Karate-et-Wushu-768x968.jpg 768w, https:\/\/dento-budo-dojo.fr\/wp-content\/uploads\/2024\/05\/Karate-et-Wushu-800x1009.jpg 800w, https:\/\/dento-budo-dojo.fr\/wp-content\/uploads\/2024\/05\/Karate-et-Wushu-812x1024.jpg 812w, https:\/\/dento-budo-dojo.fr\/wp-content\/uploads\/2024\/05\/Karate-et-Wushu-1200x1513.jpg 1200w, https:\/\/dento-budo-dojo.fr\/wp-content\/uploads\/2024\/05\/Karate-et-Wushu-1218x1536.jpg 1218w, https:\/\/dento-budo-dojo.fr\/wp-content\/uploads\/2024\/05\/Karate-et-Wushu-1624x2048.jpg 1624w\" sizes=\"(max-width: 812px) 100vw, 812px\" \/>\t\t\t\t\t\t\t\t<\/a>\n\t\t\t\t\t\t\t\t\t\t\t<figcaption class=\"widget-image-caption wp-caption-text\">Un chika-ma uke revisit\u00e9 par un pratiquant de wushu... et pourquoi pas !<\/figcaption>\n\t\t\t\t\t\t\t\t\t\t<\/figure>\n\t\t\t\t\t\t\t\t\t<\/div>\n\t\t\t\t<\/div>\n\t\t\t\t\t<\/div>\n\t\t<\/div>\n\t\t\t\t\t<\/div>\n\t\t<\/section>\n\t\t\t\t<section class=\"elementor-section elementor-top-section elementor-element elementor-element-917c5b8 elementor-section-boxed elementor-section-height-default elementor-section-height-default\" data-id=\"917c5b8\" data-element_type=\"section\" data-e-type=\"section\">\n\t\t\t\t\t\t<div class=\"elementor-container elementor-column-gap-default\">\n\t\t\t\t\t<div class=\"elementor-column elementor-col-50 elementor-top-column elementor-element elementor-element-92438a3\" data-id=\"92438a3\" data-element_type=\"column\" data-e-type=\"column\">\n\t\t\t<div class=\"elementor-widget-wrap elementor-element-populated\">\n\t\t\t\t\t\t<div class=\"elementor-element elementor-element-bd9c2d1 elementor-widget elementor-widget-heading\" data-id=\"bd9c2d1\" data-element_type=\"widget\" data-e-type=\"widget\" data-widget_type=\"heading.default\">\n\t\t\t\t<div class=\"elementor-widget-container\">\n\t\t\t\t\t<h1 class=\"elementor-heading-title elementor-size-default\"><p class=\"MsoNormal\" style=\"text-align:justify\">Un \u00e9v\u00e8nement dans l\u2019\u00e9v\u00e8nement\u2026<\/p>\n\n<\/h1>\t\t\t\t<\/div>\n\t\t\t\t<\/div>\n\t\t\t\t\t<\/div>\n\t\t<\/div>\n\t\t\t\t<div class=\"elementor-column elementor-col-50 elementor-top-column elementor-element elementor-element-c024c78\" data-id=\"c024c78\" data-element_type=\"column\" data-e-type=\"column\">\n\t\t\t<div class=\"elementor-widget-wrap elementor-element-populated\">\n\t\t\t\t\t\t<div class=\"elementor-element elementor-element-a63f7af elementor-widget elementor-widget-image\" data-id=\"a63f7af\" data-element_type=\"widget\" data-e-type=\"widget\" data-widget_type=\"image.default\">\n\t\t\t\t<div class=\"elementor-widget-container\">\n\t\t\t\t\t\t\t\t\t\t\t\t<figure class=\"wp-caption\">\n\t\t\t\t\t\t\t\t\t\t<img loading=\"lazy\" decoding=\"async\" width=\"1024\" height=\"658\" src=\"https:\/\/dento-budo-dojo.fr\/wp-content\/uploads\/2024\/05\/Remise-du-7e-dan-de-karate-a-Jean-Claude-Benis-1024x658.jpg\" class=\"attachment-large size-large wp-image-2859\" alt=\"Remise du 7e dan de karat\u00e9 \u00e0 Jean-Claude B\u00e9nis par le Sok\u00e9 Roland HABERSETZER du Tengu-Ryu\" srcset=\"https:\/\/dento-budo-dojo.fr\/wp-content\/uploads\/2024\/05\/Remise-du-7e-dan-de-karate-a-Jean-Claude-Benis-200x129.jpg 200w, https:\/\/dento-budo-dojo.fr\/wp-content\/uploads\/2024\/05\/Remise-du-7e-dan-de-karate-a-Jean-Claude-Benis-300x193.jpg 300w, https:\/\/dento-budo-dojo.fr\/wp-content\/uploads\/2024\/05\/Remise-du-7e-dan-de-karate-a-Jean-Claude-Benis-400x257.jpg 400w, https:\/\/dento-budo-dojo.fr\/wp-content\/uploads\/2024\/05\/Remise-du-7e-dan-de-karate-a-Jean-Claude-Benis-460x295.jpg 460w, https:\/\/dento-budo-dojo.fr\/wp-content\/uploads\/2024\/05\/Remise-du-7e-dan-de-karate-a-Jean-Claude-Benis-600x386.jpg 600w, https:\/\/dento-budo-dojo.fr\/wp-content\/uploads\/2024\/05\/Remise-du-7e-dan-de-karate-a-Jean-Claude-Benis-768x494.jpg 768w, https:\/\/dento-budo-dojo.fr\/wp-content\/uploads\/2024\/05\/Remise-du-7e-dan-de-karate-a-Jean-Claude-Benis-800x514.jpg 800w, https:\/\/dento-budo-dojo.fr\/wp-content\/uploads\/2024\/05\/Remise-du-7e-dan-de-karate-a-Jean-Claude-Benis-1024x658.jpg 1024w, https:\/\/dento-budo-dojo.fr\/wp-content\/uploads\/2024\/05\/Remise-du-7e-dan-de-karate-a-Jean-Claude-Benis-1200x771.jpg 1200w, https:\/\/dento-budo-dojo.fr\/wp-content\/uploads\/2024\/05\/Remise-du-7e-dan-de-karate-a-Jean-Claude-Benis.jpg 1357w\" sizes=\"(max-width: 1024px) 100vw, 1024px\" \/>\t\t\t\t\t\t\t\t\t\t\t<figcaption class=\"widget-image-caption wp-caption-text\">Remise du 7e dan de karat\u00e9 \u00e0 Jean-Claude B\u00e9nis par le Sok\u00e9 Roland HABERSETZER du Tengu-Ryu <\/figcaption>\n\t\t\t\t\t\t\t\t\t\t<\/figure>\n\t\t\t\t\t\t\t\t\t<\/div>\n\t\t\t\t<\/div>\n\t\t\t\t\t<\/div>\n\t\t<\/div>\n\t\t\t\t\t<\/div>\n\t\t<\/section>\n\t\t\t\t<section class=\"elementor-section elementor-top-section elementor-element elementor-element-fe37f53 elementor-section-boxed elementor-section-height-default elementor-section-height-default\" data-id=\"fe37f53\" data-element_type=\"section\" data-e-type=\"section\">\n\t\t\t\t\t\t<div class=\"elementor-container elementor-column-gap-default\">\n\t\t\t\t\t<div class=\"elementor-column elementor-col-100 elementor-top-column elementor-element elementor-element-8338fae\" data-id=\"8338fae\" data-element_type=\"column\" data-e-type=\"column\">\n\t\t\t<div class=\"elementor-widget-wrap elementor-element-populated\">\n\t\t\t\t\t\t<div class=\"elementor-element elementor-element-909fac8 elementor-widget elementor-widget-text-editor\" data-id=\"909fac8\" data-element_type=\"widget\" data-e-type=\"widget\" data-widget_type=\"text-editor.default\">\n\t\t\t\t<div class=\"elementor-widget-container\">\n\t\t\t\t\t\t\t\t\t<p>\u00a0\u00a0\u00a0\u00a0\u00a0\u00a0\u00a0\u00a0\u00a0\u00a0\u00a0\u00a0\u00a0\u00a0\u00a0 Il y a des moments qui, disons-le, ne sont pas ordinaires\u00a0! Tel fut le cas en ce week-end de la Pentec\u00f4te, o\u00f9 le stage de printemps, en cette date anniversaire des 50 ans du CRB-IT, fut l\u2019occasion pour que le Dento Budo Dojo v\u00e9cu une surprise de taille\u2026 En effet, Jean-Claude B\u00c9NIS, re\u00e7ut un grade exceptionnel de 7<sup>e<\/sup> dan en Karat\u00e9 (Kyoshi-Ho, de l\u2019\u00e9cole Tengu-ryu). Cette surprise partag\u00e9e avec les 120 personnes pr\u00e9sentes renvoyait \u00e0 Jean-Claude B\u00e9nis un flot de souvenirs\u2026 Le premier, cette premi\u00e8re rencontre en novembre 1986, lors d\u2019un stage de Tai Chi Chuan, \u00e0 Foug\u00e8res en Ile-et-Vilaine, avec son ma\u00eetre qui \u00e9tait alors 7<sup>e<\/sup> dan\u00a0! C\u2019est vraiment bizarre de se rendre compte, tout d\u2019un coup, de ce chemin effectu\u00e9 ensemble, sur presque 40 ann\u00e9es. Cela semble une belle d\u00e9finition de ce qu\u2019on pourrait appeler \u00ab\u00a0la fid\u00e9lit\u00e9\u00a0\u00bb. L\u2019\u00e9motion prenait une forme sp\u00e9ciale, plus int\u00e9rieure qu\u2019ext\u00e9rieure, m\u00eame si celle-ci pouvait se voir\u2026<\/p><p>\u00a0\u00a0\u00a0\u00a0\u00a0\u00a0\u00a0\u00a0\u00a0\u00a0\u00a0\u00a0\u00a0\u00a0\u00a0 Cette \u00e9motion prenait encore plus de densit\u00e9 lorsque le sok\u00e9 promouvait \u00e9galement Sylvain Fily de 7<sup>e<\/sup> dan, et avec qui Jean-Claude B\u00e9nis avait fait un bout de chemin \u00e0 ses c\u00f4t\u00e9s, \u00e0 Rennes. Et, le troisi\u00e8me promu, Serge BEULEN, de Belgique, au grade de 6<sup>e<\/sup> dan (Tashi, de l\u2019\u00e9cole Tengu-ryu) et avec qui il aime travailler son karat\u00e9 durant ces moments de stage.<\/p><p>\u00a0\u00a0\u00a0\u00a0\u00a0\u00a0\u00a0\u00a0\u00a0\u00a0\u00a0\u00a0\u00a0\u00a0\u00a0 Une joie int\u00e9rieure le remplissait de pouvoir partag\u00e9 ce moment avec ces deux amis karat\u00e9kas de tr\u00e8s longue date\u2026 Mais c\u2019\u00e9tait \u00e9galement merveilleux de partager avec certains de ses \u00e9l\u00e8ves du Dento Budo Dojo pr\u00e9sents \u00e0 ce stage de printemps.<\/p><p>\u00a0\u00a0\u00a0\u00a0\u00a0\u00a0\u00a0\u00a0\u00a0\u00a0\u00a0\u00a0\u00a0\u00a0\u00a0 Cet honneur fut rempli d\u2019applaudissements et de chaleureuses poign\u00e9es de main, de bises \u2026 pour les 3 promus.<\/p><p>\u00a0\u00a0\u00a0\u00a0\u00a0\u00a0\u00a0\u00a0\u00a0\u00a0\u00a0\u00a0\u00a0\u00a0\u00a0 Merci, O-Sensei HABERSETZER, pour cette confiance qui nous a \u00e9t\u00e9 accord\u00e9e\u2026 <\/p>\t\t\t\t\t\t\t\t<\/div>\n\t\t\t\t<\/div>\n\t\t\t\t\t<\/div>\n\t\t<\/div>\n\t\t\t\t\t<\/div>\n\t\t<\/section>\n\t\t\t\t<section class=\"elementor-section elementor-top-section elementor-element elementor-element-a810ce9 elementor-section-boxed elementor-section-height-default elementor-section-height-default\" data-id=\"a810ce9\" data-element_type=\"section\" data-e-type=\"section\">\n\t\t\t\t\t\t<div class=\"elementor-container elementor-column-gap-default\">\n\t\t\t\t\t<div class=\"elementor-column elementor-col-100 elementor-top-column elementor-element elementor-element-f1de931\" data-id=\"f1de931\" data-element_type=\"column\" data-e-type=\"column\">\n\t\t\t<div class=\"elementor-widget-wrap elementor-element-populated\">\n\t\t\t\t\t\t<div class=\"elementor-element elementor-element-7a2f455 elementor-widget elementor-widget-image\" data-id=\"7a2f455\" data-element_type=\"widget\" data-e-type=\"widget\" data-widget_type=\"image.default\">\n\t\t\t\t<div class=\"elementor-widget-container\">\n\t\t\t\t\t\t\t\t\t\t\t\t<figure class=\"wp-caption\">\n\t\t\t\t\t\t\t\t\t\t<img loading=\"lazy\" decoding=\"async\" width=\"1024\" height=\"692\" src=\"https:\/\/dento-budo-dojo.fr\/wp-content\/uploads\/2024\/05\/Promus-1024x692.jpg\" class=\"attachment-large size-large wp-image-2858\" alt=\"Les trois promus lors du stage de printemps 2024 o\u00f9 fut c\u00e9l\u00e9br\u00e9 les 50 ans du CRB-IT. De gauche \u00e0 droite, Jean-Claude B\u00e9nis, 7e dan, Sok\u00e9 Roland HABERSETZER, Sylvain Fily, 7e dan et Serge Beulen, 6e dan. Un honneur partag\u00e9 avec tous les karat\u00e9kas pr\u00e9sents \u00e0 ce stage.\" srcset=\"https:\/\/dento-budo-dojo.fr\/wp-content\/uploads\/2024\/05\/Promus-200x135.jpg 200w, https:\/\/dento-budo-dojo.fr\/wp-content\/uploads\/2024\/05\/Promus-300x203.jpg 300w, https:\/\/dento-budo-dojo.fr\/wp-content\/uploads\/2024\/05\/Promus-400x271.jpg 400w, https:\/\/dento-budo-dojo.fr\/wp-content\/uploads\/2024\/05\/Promus-600x406.jpg 600w, https:\/\/dento-budo-dojo.fr\/wp-content\/uploads\/2024\/05\/Promus-768x519.jpg 768w, https:\/\/dento-budo-dojo.fr\/wp-content\/uploads\/2024\/05\/Promus-800x541.jpg 800w, https:\/\/dento-budo-dojo.fr\/wp-content\/uploads\/2024\/05\/Promus-1024x692.jpg 1024w, https:\/\/dento-budo-dojo.fr\/wp-content\/uploads\/2024\/05\/Promus-1200x812.jpg 1200w, https:\/\/dento-budo-dojo.fr\/wp-content\/uploads\/2024\/05\/Promus.jpg 1458w\" sizes=\"(max-width: 1024px) 100vw, 1024px\" \/>\t\t\t\t\t\t\t\t\t\t\t<figcaption class=\"widget-image-caption wp-caption-text\">Les trois promus lors du stage de printemps 2024 o\u00f9 fut c\u00e9l\u00e9br\u00e9 les 50 ans du CRB-IT. De gauche \u00e0 droite, Jean-Claude B\u00e9nis, 7e dan, Sok\u00e9 Roland HABERSETZER, Sylvain Fily, 7e dan et Serge Beulen, 6e dan. Un honneur partag\u00e9 avec tous les karat\u00e9kas pr\u00e9sents \u00e0 ce stage.<\/figcaption>\n\t\t\t\t\t\t\t\t\t\t<\/figure>\n\t\t\t\t\t\t\t\t\t<\/div>\n\t\t\t\t<\/div>\n\t\t\t\t\t<\/div>\n\t\t<\/div>\n\t\t\t\t\t<\/div>\n\t\t<\/section>\n\t\t\t\t<section class=\"elementor-section elementor-top-section elementor-element elementor-element-194feb1 elementor-section-boxed elementor-section-height-default elementor-section-height-default\" data-id=\"194feb1\" data-element_type=\"section\" data-e-type=\"section\">\n\t\t\t\t\t\t<div class=\"elementor-container elementor-column-gap-default\">\n\t\t\t\t\t<div class=\"elementor-column elementor-col-100 elementor-top-column elementor-element elementor-element-a2a72c7\" data-id=\"a2a72c7\" data-element_type=\"column\" data-e-type=\"column\">\n\t\t\t<div class=\"elementor-widget-wrap elementor-element-populated\">\n\t\t\t\t\t\t<div class=\"elementor-element elementor-element-04c3c57 elementor-widget elementor-widget-heading\" data-id=\"04c3c57\" data-element_type=\"widget\" data-e-type=\"widget\" data-widget_type=\"heading.default\">\n\t\t\t\t<div class=\"elementor-widget-container\">\n\t\t\t\t\t<h1 class=\"elementor-heading-title elementor-size-default\">Passage de grade 2024\u2026<\/h1>\t\t\t\t<\/div>\n\t\t\t\t<\/div>\n\t\t\t\t\t<\/div>\n\t\t<\/div>\n\t\t\t\t\t<\/div>\n\t\t<\/section>\n\t\t\t\t<section class=\"elementor-section elementor-top-section elementor-element elementor-element-1360a81 elementor-section-boxed elementor-section-height-default elementor-section-height-default\" data-id=\"1360a81\" data-element_type=\"section\" data-e-type=\"section\">\n\t\t\t\t\t\t<div class=\"elementor-container elementor-column-gap-default\">\n\t\t\t\t\t<div class=\"elementor-column elementor-col-100 elementor-top-column elementor-element elementor-element-e16cc3a\" data-id=\"e16cc3a\" data-element_type=\"column\" data-e-type=\"column\">\n\t\t\t<div class=\"elementor-widget-wrap elementor-element-populated\">\n\t\t\t\t\t\t<div class=\"elementor-element elementor-element-8a6e94f elementor-widget elementor-widget-heading\" data-id=\"8a6e94f\" data-element_type=\"widget\" data-e-type=\"widget\" data-widget_type=\"heading.default\">\n\t\t\t\t<div class=\"elementor-widget-container\">\n\t\t\t\t\t<h2 class=\"elementor-heading-title elementor-size-default\">Une promotion dans notre association!<\/h2>\t\t\t\t<\/div>\n\t\t\t\t<\/div>\n\t\t\t\t\t<\/div>\n\t\t<\/div>\n\t\t\t\t\t<\/div>\n\t\t<\/section>\n\t\t\t\t<section class=\"elementor-section elementor-top-section elementor-element elementor-element-90dca1f elementor-section-boxed elementor-section-height-default elementor-section-height-default\" data-id=\"90dca1f\" data-element_type=\"section\" data-e-type=\"section\">\n\t\t\t\t\t\t<div class=\"elementor-container elementor-column-gap-default\">\n\t\t\t\t\t<div class=\"elementor-column elementor-col-50 elementor-top-column elementor-element elementor-element-cba0f7a\" data-id=\"cba0f7a\" data-element_type=\"column\" data-e-type=\"column\">\n\t\t\t<div class=\"elementor-widget-wrap elementor-element-populated\">\n\t\t\t\t\t\t<div class=\"elementor-element elementor-element-d65c457 elementor-widget elementor-widget-text-editor\" data-id=\"d65c457\" data-element_type=\"widget\" data-e-type=\"widget\" data-widget_type=\"text-editor.default\">\n\t\t\t\t<div class=\"elementor-widget-container\">\n\t\t\t\t\t\t\t\t\t<p>Ce samedi 23 mars, un passage de grade eut lieu \u00e0 Eschau, pour les ceintures noires. S\u00e9bastien Roche, du Dento Budo Dojo, se pr\u00e9sentait pour le 4<sup>e<\/sup> dan de Tengu-ryu Karat\u00e9-do, l\u2019\u00e9cole \u00e0 laquelle nous appartenons et cr\u00e9\u00e9e par le Sok\u00e9 Roland HABERSETZER. Ce fut pour nous tous, une belle r\u00e9compense de voir S\u00e9bastien r\u00e9ussir apr\u00e8s tous ses efforts continus et engag\u00e9s. Sa d\u00e9termination, sans faille, a eu raison\u2026 Ce grade lui ouvre la porte vers un karat\u00e9 plus personnel, qui sera son karat\u00e9, o\u00f9 l\u2019expression de sa personne pourra y prendre place dans sa pleine mesure. Nous l\u2019encourageons tous de continuer sur la Voie, qu\u2019il aime tant\u2026 Bravo S\u00e9bastien, pour ton engagement, ton implication, ta pers\u00e9v\u00e9rance\u00a0!&#8230; et tellement d\u2019autres qualit\u00e9s qui rayonnent de ta personne.<\/p>\t\t\t\t\t\t\t\t<\/div>\n\t\t\t\t<\/div>\n\t\t\t\t<div class=\"elementor-element elementor-element-a505367 elementor-widget elementor-widget-image\" data-id=\"a505367\" data-element_type=\"widget\" data-e-type=\"widget\" data-widget_type=\"image.default\">\n\t\t\t\t<div class=\"elementor-widget-container\">\n\t\t\t\t\t\t\t\t\t\t\t\t\t\t\t<img loading=\"lazy\" decoding=\"async\" width=\"1014\" height=\"1024\" src=\"https:\/\/dento-budo-dojo.fr\/wp-content\/uploads\/2024\/05\/Sebastien-et-Didier-1014x1024.jpg\" class=\"attachment-large size-large wp-image-2843\" alt=\"S\u00e9bastien et Didier\" srcset=\"https:\/\/dento-budo-dojo.fr\/wp-content\/uploads\/2024\/05\/Sebastien-et-Didier-66x66.jpg 66w, https:\/\/dento-budo-dojo.fr\/wp-content\/uploads\/2024\/05\/Sebastien-et-Didier-150x150.jpg 150w, https:\/\/dento-budo-dojo.fr\/wp-content\/uploads\/2024\/05\/Sebastien-et-Didier-200x202.jpg 200w, https:\/\/dento-budo-dojo.fr\/wp-content\/uploads\/2024\/05\/Sebastien-et-Didier-297x300.jpg 297w, https:\/\/dento-budo-dojo.fr\/wp-content\/uploads\/2024\/05\/Sebastien-et-Didier-400x404.jpg 400w, https:\/\/dento-budo-dojo.fr\/wp-content\/uploads\/2024\/05\/Sebastien-et-Didier-600x606.jpg 600w, https:\/\/dento-budo-dojo.fr\/wp-content\/uploads\/2024\/05\/Sebastien-et-Didier-768x775.jpg 768w, https:\/\/dento-budo-dojo.fr\/wp-content\/uploads\/2024\/05\/Sebastien-et-Didier-800x808.jpg 800w, https:\/\/dento-budo-dojo.fr\/wp-content\/uploads\/2024\/05\/Sebastien-et-Didier-1014x1024.jpg 1014w, https:\/\/dento-budo-dojo.fr\/wp-content\/uploads\/2024\/05\/Sebastien-et-Didier-1200x1211.jpg 1200w, https:\/\/dento-budo-dojo.fr\/wp-content\/uploads\/2024\/05\/Sebastien-et-Didier-1522x1536.jpg 1522w, https:\/\/dento-budo-dojo.fr\/wp-content\/uploads\/2024\/05\/Sebastien-et-Didier.jpg 1596w\" sizes=\"(max-width: 1014px) 100vw, 1014px\" \/>\t\t\t\t\t\t\t\t\t\t\t\t\t\t\t<\/div>\n\t\t\t\t<\/div>\n\t\t\t\t\t<\/div>\n\t\t<\/div>\n\t\t\t\t<div class=\"elementor-column elementor-col-50 elementor-top-column elementor-element elementor-element-8f299fa\" data-id=\"8f299fa\" data-element_type=\"column\" data-e-type=\"column\">\n\t\t\t<div class=\"elementor-widget-wrap elementor-element-populated\">\n\t\t\t\t\t\t<div class=\"elementor-element elementor-element-76f7e8e elementor-widget elementor-widget-image\" data-id=\"76f7e8e\" data-element_type=\"widget\" data-e-type=\"widget\" data-widget_type=\"image.default\">\n\t\t\t\t<div class=\"elementor-widget-container\">\n\t\t\t\t\t\t\t\t\t\t\t\t\t\t\t<img loading=\"lazy\" decoding=\"async\" width=\"934\" height=\"1024\" src=\"https:\/\/dento-budo-dojo.fr\/wp-content\/uploads\/2024\/05\/Dento-Budo-Dojo-934x1024.jpg\" class=\"attachment-large size-large wp-image-2844\" alt=\"\" srcset=\"https:\/\/dento-budo-dojo.fr\/wp-content\/uploads\/2024\/05\/Dento-Budo-Dojo-200x219.jpg 200w, https:\/\/dento-budo-dojo.fr\/wp-content\/uploads\/2024\/05\/Dento-Budo-Dojo-274x300.jpg 274w, https:\/\/dento-budo-dojo.fr\/wp-content\/uploads\/2024\/05\/Dento-Budo-Dojo-400x439.jpg 400w, https:\/\/dento-budo-dojo.fr\/wp-content\/uploads\/2024\/05\/Dento-Budo-Dojo-600x658.jpg 600w, https:\/\/dento-budo-dojo.fr\/wp-content\/uploads\/2024\/05\/Dento-Budo-Dojo-768x842.jpg 768w, https:\/\/dento-budo-dojo.fr\/wp-content\/uploads\/2024\/05\/Dento-Budo-Dojo-800x877.jpg 800w, https:\/\/dento-budo-dojo.fr\/wp-content\/uploads\/2024\/05\/Dento-Budo-Dojo-934x1024.jpg 934w, https:\/\/dento-budo-dojo.fr\/wp-content\/uploads\/2024\/05\/Dento-Budo-Dojo-1200x1316.jpg 1200w, https:\/\/dento-budo-dojo.fr\/wp-content\/uploads\/2024\/05\/Dento-Budo-Dojo-1401x1536.jpg 1401w, https:\/\/dento-budo-dojo.fr\/wp-content\/uploads\/2024\/05\/Dento-Budo-Dojo.jpg 1800w\" sizes=\"(max-width: 934px) 100vw, 934px\" \/>\t\t\t\t\t\t\t\t\t\t\t\t\t\t\t<\/div>\n\t\t\t\t<\/div>\n\t\t\t\t\t<\/div>\n\t\t<\/div>\n\t\t\t\t\t<\/div>\n\t\t<\/section>\n\t\t\t\t<section class=\"elementor-section elementor-top-section elementor-element elementor-element-46f2caf elementor-section-boxed elementor-section-height-default elementor-section-height-default\" data-id=\"46f2caf\" data-element_type=\"section\" data-e-type=\"section\">\n\t\t\t\t\t\t<div class=\"elementor-container elementor-column-gap-default\">\n\t\t\t\t\t<div class=\"elementor-column elementor-col-100 elementor-top-column elementor-element elementor-element-b14f1a7\" data-id=\"b14f1a7\" data-element_type=\"column\" data-e-type=\"column\">\n\t\t\t<div class=\"elementor-widget-wrap elementor-element-populated\">\n\t\t\t\t\t\t<div class=\"elementor-element elementor-element-c9f02c7 elementor-widget elementor-widget-heading\" data-id=\"c9f02c7\" data-element_type=\"widget\" data-e-type=\"widget\" data-widget_type=\"heading.default\">\n\t\t\t\t<div class=\"elementor-widget-container\">\n\t\t\t\t\t<h1 class=\"elementor-heading-title elementor-size-default\">Stage Koshiki-Kata<\/h1>\t\t\t\t<\/div>\n\t\t\t\t<\/div>\n\t\t\t\t\t<\/div>\n\t\t<\/div>\n\t\t\t\t\t<\/div>\n\t\t<\/section>\n\t\t\t\t<section class=\"elementor-section elementor-top-section elementor-element elementor-element-414d967 elementor-section-boxed elementor-section-height-default elementor-section-height-default\" data-id=\"414d967\" data-element_type=\"section\" data-e-type=\"section\">\n\t\t\t\t\t\t<div class=\"elementor-container elementor-column-gap-default\">\n\t\t\t\t\t<div class=\"elementor-column elementor-col-100 elementor-top-column elementor-element elementor-element-79f2c7e\" data-id=\"79f2c7e\" data-element_type=\"column\" data-e-type=\"column\">\n\t\t\t<div class=\"elementor-widget-wrap elementor-element-populated\">\n\t\t\t\t\t\t<div class=\"elementor-element elementor-element-134a3cd elementor-widget elementor-widget-text-editor\" data-id=\"134a3cd\" data-element_type=\"widget\" data-e-type=\"widget\" data-widget_type=\"text-editor.default\">\n\t\t\t\t<div class=\"elementor-widget-container\">\n\t\t\t\t\t\t\t\t\t<p>Le dimanche fut consacr\u00e9 aux katas anciens \u2013 Koshiki-Kata \u2013\u00a0 qui font partis du ryu. Les origines y sont diverses. La vision \u0153cum\u00e9nique de notre karat\u00e9, d\u00e9j\u00e0 mise en place tr\u00e8s t\u00f4t avec la cr\u00e9ation des Kumit\u00e9-Katas, nous laisse cette libert\u00e9 d\u2019embrasser les branches du Karat\u00e9, car la v\u00e9rit\u00e9 n\u2019appartient pas \u00e0 un seul style, comme la connaissance que chacun peut apporter.<\/p><p>L\u2019\u00e9tude des Koshiki-Katas doit avoir un r\u00e9el impact dans la pratique du karat\u00e9, surtout la n\u00f4tre. C\u2019est aussi accroitre l\u2019ouverture d\u2019un \u00e9tat d\u2019esprit \u00e0 travers l\u2019ouverture des formes.\u00a0<\/p><p>Ce travail de r\u00e9vision pour certains, d\u2019apprentissage pour d\u2019autres, a r\u00e9uni de nombreux karat\u00e9-ka d\u2019horizons diff\u00e9rents, avec toujours cet enthousiasme que l\u2019on conna\u00eet bien maintenant. Bel \u00e9tat d\u2019esprit, o\u00f9 les \u00ab\u00a0anciens\u00a0\u00bb venaient en aide pour l\u2019apprentissage comme pour les corrections des formes \u00e9tudi\u00e9es et des principes qui les accompagnent.<\/p><p>Toute bonne chose a une fin, et sur ce bon moment pass\u00e9 tous ensemble que les saluts s\u2019exprimaient les uns envers les autres, avec toujours ce sourire accompagnateur pour la route.<\/p><p>Le prochain rendez-vous en karat\u00e9 sera celui du stage de printemps\u2026 pour un \u00e9v\u00e8nement d\u2019envergure\u2026 Le 50<sup>e<\/sup> anniversaire de ce stage\u00a0!<\/p>\t\t\t\t\t\t\t\t<\/div>\n\t\t\t\t<\/div>\n\t\t\t\t\t<\/div>\n\t\t<\/div>\n\t\t\t\t\t<\/div>\n\t\t<\/section>\n\t\t\t\t<section class=\"elementor-section elementor-top-section elementor-element elementor-element-4a13ac8 elementor-section-boxed elementor-section-height-default elementor-section-height-default\" data-id=\"4a13ac8\" data-element_type=\"section\" data-e-type=\"section\">\n\t\t\t\t\t\t<div class=\"elementor-container elementor-column-gap-default\">\n\t\t\t\t\t<div class=\"elementor-column elementor-col-100 elementor-top-column elementor-element elementor-element-59f1339\" data-id=\"59f1339\" data-element_type=\"column\" data-e-type=\"column\">\n\t\t\t<div class=\"elementor-widget-wrap elementor-element-populated\">\n\t\t\t\t\t\t<div class=\"elementor-element elementor-element-bdf21d5 elementor-widget elementor-widget-heading\" data-id=\"bdf21d5\" data-element_type=\"widget\" data-e-type=\"widget\" data-widget_type=\"heading.default\">\n\t\t\t\t<div class=\"elementor-widget-container\">\n\t\t\t\t\t<h1 class=\"elementor-heading-title elementor-size-default\"><p><b>Stage de Tengu-Ryu Karat\u00e9-do, \u00e0 Revin<\/b><span style=\"background-color: var(--content_bg_color);color: var( --e-global-color-primary );font-family: var( --e-global-typography-primary-font-family ), Sans-serif;font-size: var(--h2_typography-font-size);font-style: var(--h2_typography-font-style,normal);font-weight: var( --e-global-typography-primary-font-weight );letter-spacing: var(--h2_typography-letter-spacing);text-transform: var(--h2_typography-text-transform)\"><\/span><\/p><\/h1>\t\t\t\t<\/div>\n\t\t\t\t<\/div>\n\t\t\t\t\t<\/div>\n\t\t<\/div>\n\t\t\t\t\t<\/div>\n\t\t<\/section>\n\t\t\t\t<section class=\"elementor-section elementor-top-section elementor-element elementor-element-51cd09b elementor-section-boxed elementor-section-height-default elementor-section-height-default\" data-id=\"51cd09b\" data-element_type=\"section\" data-e-type=\"section\">\n\t\t\t\t\t\t<div class=\"elementor-container elementor-column-gap-default\">\n\t\t\t\t\t<div class=\"elementor-column elementor-col-100 elementor-top-column elementor-element elementor-element-ef292df\" data-id=\"ef292df\" data-element_type=\"column\" data-e-type=\"column\">\n\t\t\t<div class=\"elementor-widget-wrap elementor-element-populated\">\n\t\t\t\t\t\t<div class=\"elementor-element elementor-element-bee542b elementor-widget elementor-widget-image\" data-id=\"bee542b\" data-element_type=\"widget\" data-e-type=\"widget\" data-widget_type=\"image.default\">\n\t\t\t\t<div class=\"elementor-widget-container\">\n\t\t\t\t\t\t\t\t\t\t\t\t<figure class=\"wp-caption\">\n\t\t\t\t\t\t\t\t\t\t\t<a href=\"http:\/\/dento-budo-dojo.fr\/wp-content\/uploads\/2024\/05\/Groupe-au-stage-de-Revin-2024.jpg\" data-elementor-open-lightbox=\"yes\" data-elementor-lightbox-title=\"Groupe au stage de Revin 2024\" data-elementor-lightbox-description=\"Groupe au stage de Revin 2024... fran\u00e7ais, belge, allemands !\" data-e-action-hash=\"#elementor-action%3Aaction%3Dlightbox%26settings%3DeyJpZCI6Mjg4NSwidXJsIjoiaHR0cHM6XC9cL2RlbnRvLWJ1ZG8tZG9qby5mclwvd3AtY29udGVudFwvdXBsb2Fkc1wvMjAyNFwvMDVcL0dyb3VwZS1hdS1zdGFnZS1kZS1SZXZpbi0yMDI0LmpwZyJ9\">\n\t\t\t\t\t\t\t<img loading=\"lazy\" decoding=\"async\" width=\"1024\" height=\"300\" src=\"https:\/\/dento-budo-dojo.fr\/wp-content\/uploads\/2024\/05\/Groupe-au-stage-de-Revin-2024-1024x300.jpg\" class=\"attachment-large size-large wp-image-2885\" alt=\"Groupe au stage de Revin 2024... fran\u00e7ais, belge, allemands !\" srcset=\"https:\/\/dento-budo-dojo.fr\/wp-content\/uploads\/2024\/05\/Groupe-au-stage-de-Revin-2024-200x59.jpg 200w, https:\/\/dento-budo-dojo.fr\/wp-content\/uploads\/2024\/05\/Groupe-au-stage-de-Revin-2024-300x88.jpg 300w, https:\/\/dento-budo-dojo.fr\/wp-content\/uploads\/2024\/05\/Groupe-au-stage-de-Revin-2024-400x117.jpg 400w, https:\/\/dento-budo-dojo.fr\/wp-content\/uploads\/2024\/05\/Groupe-au-stage-de-Revin-2024-600x176.jpg 600w, https:\/\/dento-budo-dojo.fr\/wp-content\/uploads\/2024\/05\/Groupe-au-stage-de-Revin-2024-768x225.jpg 768w, https:\/\/dento-budo-dojo.fr\/wp-content\/uploads\/2024\/05\/Groupe-au-stage-de-Revin-2024-800x235.jpg 800w, https:\/\/dento-budo-dojo.fr\/wp-content\/uploads\/2024\/05\/Groupe-au-stage-de-Revin-2024-1024x300.jpg 1024w, https:\/\/dento-budo-dojo.fr\/wp-content\/uploads\/2024\/05\/Groupe-au-stage-de-Revin-2024-1200x352.jpg 1200w, https:\/\/dento-budo-dojo.fr\/wp-content\/uploads\/2024\/05\/Groupe-au-stage-de-Revin-2024.jpg 1487w\" sizes=\"(max-width: 1024px) 100vw, 1024px\" \/>\t\t\t\t\t\t\t\t<\/a>\n\t\t\t\t\t\t\t\t\t\t\t<figcaption class=\"widget-image-caption wp-caption-text\">Groupe au stage de Revin 2024... fran\u00e7ais, belge, allemands !<\/figcaption>\n\t\t\t\t\t\t\t\t\t\t<\/figure>\n\t\t\t\t\t\t\t\t\t<\/div>\n\t\t\t\t<\/div>\n\t\t\t\t\t<\/div>\n\t\t<\/div>\n\t\t\t\t\t<\/div>\n\t\t<\/section>\n\t\t\t\t<section class=\"elementor-section elementor-top-section elementor-element elementor-element-47c7fb1 elementor-section-boxed elementor-section-height-default elementor-section-height-default\" data-id=\"47c7fb1\" data-element_type=\"section\" data-e-type=\"section\">\n\t\t\t\t\t\t<div class=\"elementor-container elementor-column-gap-default\">\n\t\t\t\t\t<div class=\"elementor-column elementor-col-100 elementor-top-column elementor-element elementor-element-5f890a5\" data-id=\"5f890a5\" data-element_type=\"column\" data-e-type=\"column\">\n\t\t\t<div class=\"elementor-widget-wrap elementor-element-populated\">\n\t\t\t\t\t\t<div class=\"elementor-element elementor-element-e16c11f elementor-widget elementor-widget-text-editor\" data-id=\"e16c11f\" data-element_type=\"widget\" data-e-type=\"widget\" data-widget_type=\"text-editor.default\">\n\t\t\t\t<div class=\"elementor-widget-container\">\n\t\t\t\t\t\t\t\t\t<p>Ce 10 f\u00e9vrier, une r\u00e9union d\u2019une bonne cinquantaine de karat\u00e9kas (fran\u00e7ais, belges, allemands, et suisse) \u00e9taient pr\u00e9sent \u00e0 ce stage de Tengu-Ryu Karat\u00e9-do, organis\u00e9s par Jacques FAIEFF et Alex HAUWAERT, tout deux 8<sup>e<\/sup> dan et expert de l\u2019\u00e9cole Tengu-Ryu.<\/p><p>Une d\u00e9l\u00e9gation du Dento-Budo-Dojo, comme du Shin\u2019Kyuu Dojo et du Keizoku Dojo, repr\u00e9sentant l\u2019Alsace, avait fait le d\u00e9placement.<\/p><p>Tous arriv\u00e9s la veille, et en pleine forme pour le stage, enfin presque\u2026 et par\u00e9s pour les kihon, kumit\u00e9, katas, pr\u00e9par\u00e9s par Jacques et Alex, nous \u00e9tions impatients de se mettre en mouvement\u00a0! \u00a0Vous comprenez bien que la satisfaction est encore plus grande lorsque nous sommes en compagnie des belges, des suisses et allemands\u2026 pour de bons \u00e9changes remplis de KI\u00a0!<\/p>\t\t\t\t\t\t\t\t<\/div>\n\t\t\t\t<\/div>\n\t\t\t\t\t<\/div>\n\t\t<\/div>\n\t\t\t\t\t<\/div>\n\t\t<\/section>\n\t\t\t\t<section class=\"elementor-section elementor-top-section elementor-element elementor-element-2237f7a elementor-section-boxed elementor-section-height-default elementor-section-height-default\" data-id=\"2237f7a\" data-element_type=\"section\" data-e-type=\"section\">\n\t\t\t\t\t\t<div class=\"elementor-container elementor-column-gap-default\">\n\t\t\t\t\t<div class=\"elementor-column elementor-col-50 elementor-top-column elementor-element elementor-element-b48d6b0\" data-id=\"b48d6b0\" data-element_type=\"column\" data-e-type=\"column\">\n\t\t\t<div class=\"elementor-widget-wrap elementor-element-populated\">\n\t\t\t\t\t\t<div class=\"elementor-element elementor-element-bae500c elementor-widget elementor-widget-image\" data-id=\"bae500c\" data-element_type=\"widget\" data-e-type=\"widget\" data-widget_type=\"image.default\">\n\t\t\t\t<div class=\"elementor-widget-container\">\n\t\t\t\t\t\t\t\t\t\t\t\t\t\t\t<img loading=\"lazy\" decoding=\"async\" width=\"1024\" height=\"879\" src=\"https:\/\/dento-budo-dojo.fr\/wp-content\/uploads\/2024\/05\/Stagiaires-du-Dento-1024x879.jpeg\" class=\"attachment-large size-large wp-image-2838\" alt=\"\" srcset=\"https:\/\/dento-budo-dojo.fr\/wp-content\/uploads\/2024\/05\/Stagiaires-du-Dento-200x172.jpeg 200w, https:\/\/dento-budo-dojo.fr\/wp-content\/uploads\/2024\/05\/Stagiaires-du-Dento-300x258.jpeg 300w, https:\/\/dento-budo-dojo.fr\/wp-content\/uploads\/2024\/05\/Stagiaires-du-Dento-400x344.jpeg 400w, https:\/\/dento-budo-dojo.fr\/wp-content\/uploads\/2024\/05\/Stagiaires-du-Dento-600x515.jpeg 600w, https:\/\/dento-budo-dojo.fr\/wp-content\/uploads\/2024\/05\/Stagiaires-du-Dento-768x660.jpeg 768w, https:\/\/dento-budo-dojo.fr\/wp-content\/uploads\/2024\/05\/Stagiaires-du-Dento-800x687.jpeg 800w, https:\/\/dento-budo-dojo.fr\/wp-content\/uploads\/2024\/05\/Stagiaires-du-Dento-1024x879.jpeg 1024w, https:\/\/dento-budo-dojo.fr\/wp-content\/uploads\/2024\/05\/Stagiaires-du-Dento-1200x1031.jpeg 1200w, https:\/\/dento-budo-dojo.fr\/wp-content\/uploads\/2024\/05\/Stagiaires-du-Dento-1536x1319.jpeg 1536w\" sizes=\"(max-width: 1024px) 100vw, 1024px\" \/>\t\t\t\t\t\t\t\t\t\t\t\t\t\t\t<\/div>\n\t\t\t\t<\/div>\n\t\t\t\t\t<\/div>\n\t\t<\/div>\n\t\t\t\t<div class=\"elementor-column elementor-col-50 elementor-top-column elementor-element elementor-element-10f7170\" data-id=\"10f7170\" data-element_type=\"column\" data-e-type=\"column\">\n\t\t\t<div class=\"elementor-widget-wrap elementor-element-populated\">\n\t\t\t\t\t\t<div class=\"elementor-element elementor-element-88af260 elementor-widget elementor-widget-image\" data-id=\"88af260\" data-element_type=\"widget\" data-e-type=\"widget\" data-widget_type=\"image.default\">\n\t\t\t\t<div class=\"elementor-widget-container\">\n\t\t\t\t\t\t\t\t\t\t\t\t\t\t\t<img loading=\"lazy\" decoding=\"async\" width=\"1024\" height=\"768\" src=\"https:\/\/dento-budo-dojo.fr\/wp-content\/uploads\/2024\/05\/Stagiaires-du-Dento-et-experts-1024x768.jpeg\" class=\"attachment-large size-large wp-image-2837\" alt=\"\" srcset=\"https:\/\/dento-budo-dojo.fr\/wp-content\/uploads\/2024\/05\/Stagiaires-du-Dento-et-experts-200x150.jpeg 200w, https:\/\/dento-budo-dojo.fr\/wp-content\/uploads\/2024\/05\/Stagiaires-du-Dento-et-experts-300x225.jpeg 300w, https:\/\/dento-budo-dojo.fr\/wp-content\/uploads\/2024\/05\/Stagiaires-du-Dento-et-experts-400x300.jpeg 400w, https:\/\/dento-budo-dojo.fr\/wp-content\/uploads\/2024\/05\/Stagiaires-du-Dento-et-experts-600x450.jpeg 600w, https:\/\/dento-budo-dojo.fr\/wp-content\/uploads\/2024\/05\/Stagiaires-du-Dento-et-experts-768x576.jpeg 768w, https:\/\/dento-budo-dojo.fr\/wp-content\/uploads\/2024\/05\/Stagiaires-du-Dento-et-experts-800x600.jpeg 800w, https:\/\/dento-budo-dojo.fr\/wp-content\/uploads\/2024\/05\/Stagiaires-du-Dento-et-experts-1024x768.jpeg 1024w, https:\/\/dento-budo-dojo.fr\/wp-content\/uploads\/2024\/05\/Stagiaires-du-Dento-et-experts-1200x900.jpeg 1200w, https:\/\/dento-budo-dojo.fr\/wp-content\/uploads\/2024\/05\/Stagiaires-du-Dento-et-experts-1536x1152.jpeg 1536w\" sizes=\"(max-width: 1024px) 100vw, 1024px\" \/>\t\t\t\t\t\t\t\t\t\t\t\t\t\t\t<\/div>\n\t\t\t\t<\/div>\n\t\t\t\t\t<\/div>\n\t\t<\/div>\n\t\t\t\t\t<\/div>\n\t\t<\/section>\n\t\t\t\t<section class=\"elementor-section elementor-top-section elementor-element elementor-element-a306a9c elementor-section-boxed elementor-section-height-default elementor-section-height-default\" data-id=\"a306a9c\" data-element_type=\"section\" data-e-type=\"section\">\n\t\t\t\t\t\t<div class=\"elementor-container elementor-column-gap-default\">\n\t\t\t\t\t<div class=\"elementor-column elementor-col-100 elementor-top-column elementor-element elementor-element-b652148\" data-id=\"b652148\" data-element_type=\"column\" data-e-type=\"column\">\n\t\t\t<div class=\"elementor-widget-wrap elementor-element-populated\">\n\t\t\t\t\t\t<div class=\"elementor-element elementor-element-0f038a3 elementor-widget-divider--separator-type-pattern elementor-widget-divider--no-spacing elementor-widget-divider--view-line elementor-widget elementor-widget-divider\" data-id=\"0f038a3\" data-element_type=\"widget\" data-e-type=\"widget\" data-widget_type=\"divider.default\">\n\t\t\t\t<div class=\"elementor-widget-container\">\n\t\t\t\t\t\t\t<div class=\"elementor-divider\" style=\"--divider-pattern-url: url(&quot;data:image\/svg+xml,%3Csvg xmlns=&#039;http:\/\/www.w3.org\/2000\/svg&#039; preserveAspectRatio=&#039;xMidYMid meet&#039; overflow=&#039;visible&#039; height=&#039;100%&#039; viewBox=&#039;0 0 126 26&#039; fill=&#039;black&#039; stroke=&#039;none&#039;%3E%3Cpath d=&#039;M3,10.2c2.6,0,2.6,2,2.6,3.2S4.4,16.5,3,16.5s-3-1.4-3-3.2S0.4,10.2,3,10.2z M18.8,10.2c1.7,0,3.2,1.4,3.2,3.2s-1.4,3.2-3.2,3.2c-1.7,0-3.2-1.4-3.2-3.2S17,10.2,18.8,10.2z M34.6,10.2c1.5,0,2.6,1.4,2.6,3.2s-0.5,3.2-1.9,3.2c-1.5,0-3.4-1.4-3.4-3.2S33.1,10.2,34.6,10.2z M50.5,10.2c1.7,0,3.2,1.4,3.2,3.2s-1.4,3.2-3.2,3.2c-1.7,0-3.3-0.9-3.3-2.6S48.7,10.2,50.5,10.2z M66.2,10.2c1.5,0,3.4,1.4,3.4,3.2s-1.9,3.2-3.4,3.2c-1.5,0-2.6-0.4-2.6-2.1S64.8,10.2,66.2,10.2z M82.2,10.2c1.7,0.8,2.6,1.4,2.6,3.2s-0.1,3.2-1.6,3.2c-1.5,0-3.7-1.4-3.7-3.2S80.5,9.4,82.2,10.2zM98.6,10.2c1.5,0,2.6,0.4,2.6,2.1s-1.2,4.2-2.6,4.2c-1.5,0-3.7-0.4-3.7-2.1S97.1,10.2,98.6,10.2z M113.4,10.2c1.2,0,2.2,0.9,2.2,3.2s-0.1,3.2-1.3,3.2s-3.1-1.4-3.1-3.2S112.2,10.2,113.4,10.2z&#039;\/%3E%3C\/svg%3E&quot;);\">\n\t\t\t<span class=\"elementor-divider-separator\">\n\t\t\t\t\t\t<\/span>\n\t\t<\/div>\n\t\t\t\t\t\t<\/div>\n\t\t\t\t<\/div>\n\t\t\t\t\t<\/div>\n\t\t<\/div>\n\t\t\t\t\t<\/div>\n\t\t<\/section>\n\t\t\t\t<section class=\"elementor-section elementor-top-section elementor-element elementor-element-b2881a2 elementor-section-boxed elementor-section-height-default elementor-section-height-default\" data-id=\"b2881a2\" data-element_type=\"section\" data-e-type=\"section\">\n\t\t\t\t\t\t<div class=\"elementor-container elementor-column-gap-default\">\n\t\t\t\t\t<div class=\"elementor-column elementor-col-100 elementor-top-column elementor-element elementor-element-0caf192\" data-id=\"0caf192\" data-element_type=\"column\" data-e-type=\"column\">\n\t\t\t<div class=\"elementor-widget-wrap elementor-element-populated\">\n\t\t\t\t\t\t<div class=\"elementor-element elementor-element-246b553 elementor-widget elementor-widget-image\" data-id=\"246b553\" data-element_type=\"widget\" data-e-type=\"widget\" data-widget_type=\"image.default\">\n\t\t\t\t<div class=\"elementor-widget-container\">\n\t\t\t\t\t\t\t\t\t\t\t\t\t\t\t<img loading=\"lazy\" decoding=\"async\" width=\"842\" height=\"595\" src=\"https:\/\/dento-budo-dojo.fr\/wp-content\/uploads\/2024\/01\/Voeux-2024.jpg\" class=\"attachment-large size-large wp-image-2828\" alt=\"Bonne ann\u00e9e 2024\" srcset=\"https:\/\/dento-budo-dojo.fr\/wp-content\/uploads\/2024\/01\/Voeux-2024-200x141.jpg 200w, https:\/\/dento-budo-dojo.fr\/wp-content\/uploads\/2024\/01\/Voeux-2024-300x212.jpg 300w, https:\/\/dento-budo-dojo.fr\/wp-content\/uploads\/2024\/01\/Voeux-2024-400x283.jpg 400w, https:\/\/dento-budo-dojo.fr\/wp-content\/uploads\/2024\/01\/Voeux-2024-600x424.jpg 600w, https:\/\/dento-budo-dojo.fr\/wp-content\/uploads\/2024\/01\/Voeux-2024-768x543.jpg 768w, https:\/\/dento-budo-dojo.fr\/wp-content\/uploads\/2024\/01\/Voeux-2024-800x565.jpg 800w, https:\/\/dento-budo-dojo.fr\/wp-content\/uploads\/2024\/01\/Voeux-2024.jpg 842w\" sizes=\"(max-width: 842px) 100vw, 842px\" \/>\t\t\t\t\t\t\t\t\t\t\t\t\t\t\t<\/div>\n\t\t\t\t<\/div>\n\t\t\t\t\t<\/div>\n\t\t<\/div>\n\t\t\t\t\t<\/div>\n\t\t<\/section>\n\t\t\t\t<section class=\"elementor-section elementor-top-section elementor-element elementor-element-1864c24 elementor-section-boxed elementor-section-height-default elementor-section-height-default\" data-id=\"1864c24\" data-element_type=\"section\" data-e-type=\"section\">\n\t\t\t\t\t\t<div class=\"elementor-container elementor-column-gap-default\">\n\t\t\t\t\t<div class=\"elementor-column elementor-col-100 elementor-top-column elementor-element elementor-element-1b4a4f0\" data-id=\"1b4a4f0\" data-element_type=\"column\" data-e-type=\"column\">\n\t\t\t<div class=\"elementor-widget-wrap elementor-element-populated\">\n\t\t\t\t\t\t<div class=\"elementor-element elementor-element-1071845 elementor-widget elementor-widget-text-editor\" data-id=\"1071845\" data-element_type=\"widget\" data-e-type=\"widget\" data-widget_type=\"text-editor.default\">\n\t\t\t\t<div class=\"elementor-widget-container\">\n\t\t\t\t\t\t\t\t\t<p class=\"Paragraphestandard\" style=\"text-align: justify;\">Nous vous souhaitons de belles f\u00eates de fin d\u2019ann\u00e9e, en famille, avec vos amis, avec celles et ceux que vous aimez.<\/p><p class=\"Paragraphestandard\" style=\"text-align: justify;\">Nous vous souhaitons \u00e9galement de belles rencontres, pour accueillir de nouvelles ouvertures, dont nous avons tant besoin aujourd\u2019hui, pour&#8230; une meilleure compr\u00e9hension des ph\u00e9nom\u00e8nes, des autres, mais aussi de soi&#8230; notre terre de culture. Semons celle-ci de graines de lumi\u00e8re, soignons-l\u00e0, nourrissons-l\u00e0, fertilisons-l\u00e0, arrosons-l\u00e0&#8230; de nos actes bienveillants, de nos paroles douces, mais avec discernement, pour ne pas non plus accepter l\u2019inacceptable.<\/p><p class=\"Paragraphestandard\" style=\"text-align: justify;\">\u00abNe pas se battre, ne pas subir\u00bb, une fronti\u00e8re que chacun doit trouver en accord avec sa propre philosophie de la vie. Le Do reste et restera ce chemin de qu\u00eate o\u00f9 nous devons avancer en nous \u00e9levant. Cela demande une r\u00e9flexion profonde, en soi, pour soi, pour l\u2019\u00e9changer avec les autres, afin de mieux comprendre ce que nous sommes, ce qu\u2019est chacun, plus loin encore, ce qu\u2019est la Vie, ce qu\u2019est l\u2019Univers&#8230; \u00e0 l\u2019invite de certains grands ma\u00eetres qui ont su nous le dire, nous le montrer, en nous laissant parfois leurs \u00e9crits, leur exemplarit\u00e9 par leurs d\u00e9monstrations et leur comportement&#8230;<\/p><p class=\"Paragraphestandard\" style=\"text-align: justify;\">\u00abDoraku\u00bb&#8230; essentiel, indispensable, mais \u00e0 bien y regarder, \u00e9galement intemporel. Laissons ainsi la place \u00e0 l\u2019\u00e9merveillement de l\u2019enfant, trop souvent oubli\u00e9, parfois \u00e9teint, pour une renaissance de la po\u00e9sie int\u00e9rieure. Le monde de demain aura plus que besoin d\u2019un peu plus de l\u00e9g\u00e8ret\u00e9, d\u2019apaisement\u2026 dans cette grisaille de plus en plus fonc\u00e9e\u00a0! Allumons nos lanternes, pour simplement \u00e9clairer\u2026<\/p><p class=\"Paragraphestandard\" style=\"text-align: justify;\">\u00a0<\/p><p class=\"Paragraphestandard\" style=\"text-align: justify;\">Bonne ann\u00e9e 2024\u00a0!<\/p>\t\t\t\t\t\t\t\t<\/div>\n\t\t\t\t<\/div>\n\t\t\t\t\t<\/div>\n\t\t<\/div>\n\t\t\t\t\t<\/div>\n\t\t<\/section>\n\t\t\t\t<section class=\"elementor-section elementor-top-section elementor-element elementor-element-02025d0 elementor-section-boxed elementor-section-height-default elementor-section-height-default\" data-id=\"02025d0\" data-element_type=\"section\" data-e-type=\"section\">\n\t\t\t\t\t\t<div class=\"elementor-container elementor-column-gap-default\">\n\t\t\t\t\t<div class=\"elementor-column elementor-col-100 elementor-top-column elementor-element elementor-element-747b622\" data-id=\"747b622\" data-element_type=\"column\" data-e-type=\"column\">\n\t\t\t<div class=\"elementor-widget-wrap elementor-element-populated\">\n\t\t\t\t\t\t<div class=\"elementor-element elementor-element-9e9ea8e elementor-widget-divider--separator-type-pattern elementor-widget-divider--no-spacing elementor-widget-divider--view-line elementor-widget elementor-widget-divider\" data-id=\"9e9ea8e\" data-element_type=\"widget\" data-e-type=\"widget\" data-widget_type=\"divider.default\">\n\t\t\t\t<div class=\"elementor-widget-container\">\n\t\t\t\t\t\t\t<div class=\"elementor-divider\" style=\"--divider-pattern-url: url(&quot;data:image\/svg+xml,%3Csvg xmlns=&#039;http:\/\/www.w3.org\/2000\/svg&#039; preserveAspectRatio=&#039;xMidYMid meet&#039; overflow=&#039;visible&#039; height=&#039;100%&#039; viewBox=&#039;0 0 126 26&#039; fill=&#039;black&#039; stroke=&#039;none&#039;%3E%3Cpath d=&#039;M3,10.2c2.6,0,2.6,2,2.6,3.2S4.4,16.5,3,16.5s-3-1.4-3-3.2S0.4,10.2,3,10.2z M18.8,10.2c1.7,0,3.2,1.4,3.2,3.2s-1.4,3.2-3.2,3.2c-1.7,0-3.2-1.4-3.2-3.2S17,10.2,18.8,10.2z M34.6,10.2c1.5,0,2.6,1.4,2.6,3.2s-0.5,3.2-1.9,3.2c-1.5,0-3.4-1.4-3.4-3.2S33.1,10.2,34.6,10.2z M50.5,10.2c1.7,0,3.2,1.4,3.2,3.2s-1.4,3.2-3.2,3.2c-1.7,0-3.3-0.9-3.3-2.6S48.7,10.2,50.5,10.2z M66.2,10.2c1.5,0,3.4,1.4,3.4,3.2s-1.9,3.2-3.4,3.2c-1.5,0-2.6-0.4-2.6-2.1S64.8,10.2,66.2,10.2z M82.2,10.2c1.7,0.8,2.6,1.4,2.6,3.2s-0.1,3.2-1.6,3.2c-1.5,0-3.7-1.4-3.7-3.2S80.5,9.4,82.2,10.2zM98.6,10.2c1.5,0,2.6,0.4,2.6,2.1s-1.2,4.2-2.6,4.2c-1.5,0-3.7-0.4-3.7-2.1S97.1,10.2,98.6,10.2z M113.4,10.2c1.2,0,2.2,0.9,2.2,3.2s-0.1,3.2-1.3,3.2s-3.1-1.4-3.1-3.2S112.2,10.2,113.4,10.2z&#039;\/%3E%3C\/svg%3E&quot;);\">\n\t\t\t<span class=\"elementor-divider-separator\">\n\t\t\t\t\t\t<\/span>\n\t\t<\/div>\n\t\t\t\t\t\t<\/div>\n\t\t\t\t<\/div>\n\t\t\t\t\t<\/div>\n\t\t<\/div>\n\t\t\t\t\t<\/div>\n\t\t<\/section>\n\t\t\t\t<section class=\"elementor-section elementor-top-section elementor-element elementor-element-b20b68b elementor-section-boxed elementor-section-height-default elementor-section-height-default\" data-id=\"b20b68b\" data-element_type=\"section\" data-e-type=\"section\">\n\t\t\t\t\t\t<div class=\"elementor-container elementor-column-gap-default\">\n\t\t\t\t\t<div class=\"elementor-column elementor-col-100 elementor-top-column elementor-element elementor-element-12474b7\" data-id=\"12474b7\" data-element_type=\"column\" data-e-type=\"column\">\n\t\t\t<div class=\"elementor-widget-wrap elementor-element-populated\">\n\t\t\t\t\t\t<div class=\"elementor-element elementor-element-35323ee elementor-widget elementor-widget-heading\" data-id=\"35323ee\" data-element_type=\"widget\" data-e-type=\"widget\" data-widget_type=\"heading.default\">\n\t\t\t\t<div class=\"elementor-widget-container\">\n\t\t\t\t\t<h1 class=\"elementor-heading-title elementor-size-default\">Kan Geiko 2023... le soixanti\u00e8me  stage d'hiver !<\/h1>\t\t\t\t<\/div>\n\t\t\t\t<\/div>\n\t\t\t\t\t<\/div>\n\t\t<\/div>\n\t\t\t\t\t<\/div>\n\t\t<\/section>\n\t\t\t\t<section class=\"elementor-section elementor-top-section elementor-element elementor-element-737ca2b elementor-section-boxed elementor-section-height-default elementor-section-height-default\" data-id=\"737ca2b\" data-element_type=\"section\" data-e-type=\"section\">\n\t\t\t\t\t\t<div class=\"elementor-container elementor-column-gap-default\">\n\t\t\t\t\t<div class=\"elementor-column elementor-col-33 elementor-top-column elementor-element elementor-element-abbe39b\" data-id=\"abbe39b\" data-element_type=\"column\" data-e-type=\"column\">\n\t\t\t<div class=\"elementor-widget-wrap elementor-element-populated\">\n\t\t\t\t\t\t<div class=\"elementor-element elementor-element-18ec05e elementor-widget elementor-widget-text-editor\" data-id=\"18ec05e\" data-element_type=\"widget\" data-e-type=\"widget\" data-widget_type=\"text-editor.default\">\n\t\t\t\t<div class=\"elementor-widget-container\">\n\t\t\t\t\t\t\t\t\t<h3><strong>60\u00e8me stage d&rsquo;hiver&#8230;.<\/strong><\/h3><p>Un Kan Geiko, pas comme les autres !<\/p>\t\t\t\t\t\t\t\t<\/div>\n\t\t\t\t<\/div>\n\t\t\t\t\t<\/div>\n\t\t<\/div>\n\t\t\t\t<div class=\"elementor-column elementor-col-33 elementor-top-column elementor-element elementor-element-61f3e77\" data-id=\"61f3e77\" data-element_type=\"column\" data-e-type=\"column\">\n\t\t\t<div class=\"elementor-widget-wrap elementor-element-populated\">\n\t\t\t\t\t\t<div class=\"elementor-element elementor-element-a98331e elementor-widget elementor-widget-image\" data-id=\"a98331e\" data-element_type=\"widget\" data-e-type=\"widget\" data-widget_type=\"image.default\">\n\t\t\t\t<div class=\"elementor-widget-container\">\n\t\t\t\t\t\t\t\t\t\t\t\t\t\t\t<img loading=\"lazy\" decoding=\"async\" width=\"630\" height=\"210\" src=\"https:\/\/dento-budo-dojo.fr\/wp-content\/uploads\/2023\/12\/Groupe-Kan-Geiko-2023.png\" class=\"attachment-large size-large wp-image-2811\" alt=\"Karat\u00e9ka au 60\u00e8me stage d&#039;hiver, le Kan Geiko !\" srcset=\"https:\/\/dento-budo-dojo.fr\/wp-content\/uploads\/2023\/12\/Groupe-Kan-Geiko-2023-200x67.png 200w, https:\/\/dento-budo-dojo.fr\/wp-content\/uploads\/2023\/12\/Groupe-Kan-Geiko-2023-300x100.png 300w, https:\/\/dento-budo-dojo.fr\/wp-content\/uploads\/2023\/12\/Groupe-Kan-Geiko-2023-400x133.png 400w, https:\/\/dento-budo-dojo.fr\/wp-content\/uploads\/2023\/12\/Groupe-Kan-Geiko-2023-600x200.png 600w, https:\/\/dento-budo-dojo.fr\/wp-content\/uploads\/2023\/12\/Groupe-Kan-Geiko-2023.png 630w\" sizes=\"(max-width: 630px) 100vw, 630px\" \/>\t\t\t\t\t\t\t\t\t\t\t\t\t\t\t<\/div>\n\t\t\t\t<\/div>\n\t\t\t\t\t<\/div>\n\t\t<\/div>\n\t\t\t\t<div class=\"elementor-column elementor-col-33 elementor-top-column elementor-element elementor-element-4a06210\" data-id=\"4a06210\" data-element_type=\"column\" data-e-type=\"column\">\n\t\t\t<div class=\"elementor-widget-wrap\">\n\t\t\t\t\t\t\t<\/div>\n\t\t<\/div>\n\t\t\t\t\t<\/div>\n\t\t<\/section>\n\t\t\t\t<section class=\"elementor-section elementor-top-section elementor-element elementor-element-c4d1c86 elementor-section-boxed elementor-section-height-default elementor-section-height-default\" data-id=\"c4d1c86\" data-element_type=\"section\" data-e-type=\"section\">\n\t\t\t\t\t\t<div class=\"elementor-container elementor-column-gap-default\">\n\t\t\t\t\t<div class=\"elementor-column elementor-col-50 elementor-top-column elementor-element elementor-element-2861d02\" data-id=\"2861d02\" data-element_type=\"column\" data-e-type=\"column\">\n\t\t\t<div class=\"elementor-widget-wrap elementor-element-populated\">\n\t\t\t\t\t\t<div class=\"elementor-element elementor-element-0643a9e elementor-widget elementor-widget-text-editor\" data-id=\"0643a9e\" data-element_type=\"widget\" data-e-type=\"widget\" data-widget_type=\"text-editor.default\">\n\t\t\t\t<div class=\"elementor-widget-container\">\n\t\t\t\t\t\t\t\t\t<p>Notre rendez-vous habituel au stage de Kan Geiko avait quelque chose d\u2019inhabituelle\u00a0pour cette fin d\u2019ann\u00e9e 2023\u00a0! D\u2019exceptionnelle par sa dur\u00e9e\u2026 car il ne s\u2019agit pas d\u2019une d\u00e9cade, mais de six\u00a0! 60 stages d\u2019hiver\u2026 qui peut aujourd\u2019hui pr\u00e9tendre \u00e0 une telle fid\u00e9lit\u00e9 en un rendez-vous qui r\u00e9unit karat\u00e9kas de tant de pays divers\u00a0? Une seule personne\u00a0: notre Sok\u00e9, Roland Habersetzer, du Tengu-Ryu Karat\u00e9-do, qui a travers son \u00e9cole transmet, accompagn\u00e9 de ses experts, des valeurs qui paraissent \u00eatre de plus en plus d\u2019un autre temps\u2026 \u00e0 commencer par le respect.<\/p><p>Notre monde change, les conflits ne cessent de cro\u00eetre, individuellement comme collectivement o\u00f9 des Nations s\u2019entrechoquent\u00a0!<\/p><p>Notre \u00e9cole, quant \u00e0 elle, montre un exemple d\u2019\u00e9change, o\u00f9 la place \u00e0 la diff\u00e9rence est r\u00e9elle, par sa diversit\u00e9 linguistique, ce qui n\u2019emp\u00eache en rien toutes ses amiti\u00e9s \u00e9tablies au fil des ann\u00e9es avec ce rendez-vous du stage d\u2019hiver, Kan Geiko. Stage tr\u00e8s attendu, \u00e0 l\u2019approche des plus en plus c\u00e9l\u00e8bres march\u00e9s de No\u00ebl, le situant bien dans le temps comme dans l\u2019espace, l\u2019Alsace, sa terre d\u2019accueil.<\/p><p>Mais voil\u00e0, nous le savons, le sablier, m\u00eame bien rempli de ses grains de sable, se vide un jour, et c\u2019est justement arriv\u00e9 en ce stage, o\u00f9 notre O-Sensei a soulign\u00e9 qu\u2019il \u00e9tait temps de se \u00ab\u00a0retirer\u00a0\u00bb de cet infaillible engagement pour en laisser l\u2019expression de la direction \u00e0 ses experts. Cela ne veut pas dire qu\u2019il ne sera pas pr\u00e9sent\u2026 mais l\u2019\u00e2ge exprime en son corps qu\u2019il faut maintenant laisser la m\u00e9canique du corps un peu au repos\u2026 Rendez-vous qui, si nous en avons la chance, nous concernera \u00e9galement.<\/p><p>L\u2019enthousiasme, comme a son habitude bien pr\u00e9sente, \u00e9tait m\u00eame plus que jamais exprim\u00e9e, pour preuve \u2026 une ond\u00e9e d\u2019applaudissements. L\u2019\u00e9motion \u00e9tait, elle aussi, bien pr\u00e9sente.<\/p><p>Ce stage avait comme \u00e0 son habitude son lot de surprises. L\u2019actualit\u00e9 de plus en plus inqui\u00e9tante suscite une r\u00e9flexion qui oriente notre pratique dans des directions par forc\u00e9ment nouvelles, mais r\u00e9ajust\u00e9es pour r\u00e9pondre au mieux \u00e0 ces nouveaux types d\u2019agression qu\u2019on aimerait de pas voir\u00a0! Et pourtant, presque quotidiennement maintenant, les faits divers t\u00e9moignent de ses comportements absurdes et dont l\u2019expression prend forme chez des plus en plus jeunes\u2026 N\u2019est-ce pas inqui\u00e9tant\u00a0? Quelle direction prennent nos soci\u00e9t\u00e9s\u00a0?<\/p>\t\t\t\t\t\t\t\t<\/div>\n\t\t\t\t<\/div>\n\t\t\t\t\t<\/div>\n\t\t<\/div>\n\t\t\t\t<div class=\"elementor-column elementor-col-50 elementor-top-column elementor-element elementor-element-07372bd\" data-id=\"07372bd\" data-element_type=\"column\" data-e-type=\"column\">\n\t\t\t<div class=\"elementor-widget-wrap elementor-element-populated\">\n\t\t\t\t\t\t<div class=\"elementor-element elementor-element-d6b37ac elementor-widget elementor-widget-image\" data-id=\"d6b37ac\" data-element_type=\"widget\" data-e-type=\"widget\" data-widget_type=\"image.default\">\n\t\t\t\t<div class=\"elementor-widget-container\">\n\t\t\t\t\t\t\t\t\t\t\t\t\t\t\t<img loading=\"lazy\" decoding=\"async\" width=\"480\" height=\"640\" src=\"https:\/\/dento-budo-dojo.fr\/wp-content\/uploads\/2023\/12\/explications-rotated.jpg\" class=\"attachment-large size-large wp-image-2813\" alt=\"\" srcset=\"https:\/\/dento-budo-dojo.fr\/wp-content\/uploads\/2023\/12\/explications-200x267.jpg 200w, https:\/\/dento-budo-dojo.fr\/wp-content\/uploads\/2023\/12\/explications-225x300.jpg 225w, https:\/\/dento-budo-dojo.fr\/wp-content\/uploads\/2023\/12\/explications-400x533.jpg 400w, https:\/\/dento-budo-dojo.fr\/wp-content\/uploads\/2023\/12\/explications-rotated.jpg 480w\" sizes=\"(max-width: 480px) 100vw, 480px\" \/>\t\t\t\t\t\t\t\t\t\t\t\t\t\t\t<\/div>\n\t\t\t\t<\/div>\n\t\t\t\t\t<\/div>\n\t\t<\/div>\n\t\t\t\t\t<\/div>\n\t\t<\/section>\n\t\t\t\t<section class=\"elementor-section elementor-top-section elementor-element elementor-element-17994ee elementor-section-boxed elementor-section-height-default elementor-section-height-default\" data-id=\"17994ee\" data-element_type=\"section\" data-e-type=\"section\">\n\t\t\t\t\t\t<div class=\"elementor-container elementor-column-gap-default\">\n\t\t\t\t\t<div class=\"elementor-column elementor-col-33 elementor-top-column elementor-element elementor-element-59b5549\" data-id=\"59b5549\" data-element_type=\"column\" data-e-type=\"column\">\n\t\t\t<div class=\"elementor-widget-wrap elementor-element-populated\">\n\t\t\t\t\t\t<div class=\"elementor-element elementor-element-ddbae4b elementor-widget elementor-widget-image\" data-id=\"ddbae4b\" data-element_type=\"widget\" data-e-type=\"widget\" data-widget_type=\"image.default\">\n\t\t\t\t<div class=\"elementor-widget-container\">\n\t\t\t\t\t\t\t\t\t\t\t\t\t\t\t<img loading=\"lazy\" decoding=\"async\" width=\"640\" height=\"480\" src=\"https:\/\/dento-budo-dojo.fr\/wp-content\/uploads\/2023\/12\/ecoute.jpg\" class=\"attachment-large size-large wp-image-2812\" alt=\"Tous \u00e0 l&#039;\u00e9coute des concepts d\u00e9velopp\u00e9s.\" srcset=\"https:\/\/dento-budo-dojo.fr\/wp-content\/uploads\/2023\/12\/ecoute-200x150.jpg 200w, https:\/\/dento-budo-dojo.fr\/wp-content\/uploads\/2023\/12\/ecoute-300x225.jpg 300w, https:\/\/dento-budo-dojo.fr\/wp-content\/uploads\/2023\/12\/ecoute-400x300.jpg 400w, https:\/\/dento-budo-dojo.fr\/wp-content\/uploads\/2023\/12\/ecoute-600x450.jpg 600w, https:\/\/dento-budo-dojo.fr\/wp-content\/uploads\/2023\/12\/ecoute.jpg 640w\" sizes=\"(max-width: 640px) 100vw, 640px\" \/>\t\t\t\t\t\t\t\t\t\t\t\t\t\t\t<\/div>\n\t\t\t\t<\/div>\n\t\t\t\t\t<\/div>\n\t\t<\/div>\n\t\t\t\t<div class=\"elementor-column elementor-col-33 elementor-top-column elementor-element elementor-element-8d7ad78\" data-id=\"8d7ad78\" data-element_type=\"column\" data-e-type=\"column\">\n\t\t\t<div class=\"elementor-widget-wrap elementor-element-populated\">\n\t\t\t\t\t\t<div class=\"elementor-element elementor-element-6f3cbc3 elementor-widget elementor-widget-text-editor\" data-id=\"6f3cbc3\" data-element_type=\"widget\" data-e-type=\"widget\" data-widget_type=\"text-editor.default\">\n\t\t\t\t<div class=\"elementor-widget-container\">\n\t\t\t\t\t\t\t\t\t<p>Stopper la violence ne pourra se faire qu\u2019en \u00e9duquant, sans rel\u00e2che, pour comprendre qu\u2019il y a une autre route pour l\u2019humanit\u00e9 de demain que celle de la destruction. Notre \u00e9cole, par ces piliers (Kara-Ho Tengu-no-Kata, Kumit\u00e9-kata et Goshin-no-kata) d\u00e9montrent cet engagement d\u2019\u00e9duquer un comportement face \u00e0 une situation violente qui peut tout d\u2019un coup se manifester. Nous ne voulons pas de cette violence car nous pensons qu\u2019il y a mieux \u00e0 faire\u00a0! L\u2019Art Martial, le vrai, n\u2019enseigne pas cette surench\u00e8re \u00e0 la violence, mais bien des valeurs \u00e9ducatives pour la stopper. Le sensei par son message au sein d\u2019un dojo doit transpirer de ces valeurs\u2026 Mais le chemin est long\u2026<\/p>\t\t\t\t\t\t\t\t<\/div>\n\t\t\t\t<\/div>\n\t\t\t\t\t<\/div>\n\t\t<\/div>\n\t\t\t\t<div class=\"elementor-column elementor-col-33 elementor-top-column elementor-element elementor-element-99e2769\" data-id=\"99e2769\" data-element_type=\"column\" data-e-type=\"column\">\n\t\t\t<div class=\"elementor-widget-wrap elementor-element-populated\">\n\t\t\t\t\t\t<div class=\"elementor-element elementor-element-b9c1fef elementor-widget elementor-widget-image\" data-id=\"b9c1fef\" data-element_type=\"widget\" data-e-type=\"widget\" data-widget_type=\"image.default\">\n\t\t\t\t<div class=\"elementor-widget-container\">\n\t\t\t\t\t\t\t\t\t\t\t\t\t\t\t<img loading=\"lazy\" decoding=\"async\" width=\"640\" height=\"480\" src=\"https:\/\/dento-budo-dojo.fr\/wp-content\/uploads\/2023\/12\/kobudo.jpg\" class=\"attachment-large size-large wp-image-2815\" alt=\"D\u00e9monstration en Kobudo.\" srcset=\"https:\/\/dento-budo-dojo.fr\/wp-content\/uploads\/2023\/12\/kobudo-200x150.jpg 200w, https:\/\/dento-budo-dojo.fr\/wp-content\/uploads\/2023\/12\/kobudo-300x225.jpg 300w, https:\/\/dento-budo-dojo.fr\/wp-content\/uploads\/2023\/12\/kobudo-400x300.jpg 400w, https:\/\/dento-budo-dojo.fr\/wp-content\/uploads\/2023\/12\/kobudo-600x450.jpg 600w, https:\/\/dento-budo-dojo.fr\/wp-content\/uploads\/2023\/12\/kobudo.jpg 640w\" sizes=\"(max-width: 640px) 100vw, 640px\" \/>\t\t\t\t\t\t\t\t\t\t\t\t\t\t\t<\/div>\n\t\t\t\t<\/div>\n\t\t\t\t\t<\/div>\n\t\t<\/div>\n\t\t\t\t\t<\/div>\n\t\t<\/section>\n\t\t\t\t<section class=\"elementor-section elementor-top-section elementor-element elementor-element-9a8665d elementor-section-boxed elementor-section-height-default elementor-section-height-default\" data-id=\"9a8665d\" data-element_type=\"section\" data-e-type=\"section\">\n\t\t\t\t\t\t<div class=\"elementor-container elementor-column-gap-default\">\n\t\t\t\t\t<div class=\"elementor-column elementor-col-100 elementor-top-column elementor-element elementor-element-6b76ba8\" data-id=\"6b76ba8\" data-element_type=\"column\" data-e-type=\"column\">\n\t\t\t<div class=\"elementor-widget-wrap elementor-element-populated\">\n\t\t\t\t\t\t<div class=\"elementor-element elementor-element-e86cbad elementor-widget elementor-widget-text-editor\" data-id=\"e86cbad\" data-element_type=\"widget\" data-e-type=\"widget\" data-widget_type=\"text-editor.default\">\n\t\t\t\t<div class=\"elementor-widget-container\">\n\t\t\t\t\t\t\t\t\t<p>Notre expression, celle du karat\u00e9 comme celle du kobudo, reste un langage qui t\u00e9moigne par ses contenus des solutions individuelles, personnelles qui va au-del\u00e0 d\u2019une \u00ab\u00a0simple\u00a0\u00bb technique. La parole se rattachant \u00e0 cette derni\u00e8re doit accompagner, pour permettre d\u2019entrevoir l\u2019esprit de la technique, ce que les anciens ma\u00eetres connaissaient. Mais cela demande une profondeur dans sa pratique, ce que Sok\u00e9 Habersetzer par ces nombreux stages n\u2019a cess\u00e9 de sugg\u00e9rer chez les pratiquants, avec en plus tous ses \u00e9crits, livres, articles\u2026<\/p><p>Ce moment partag\u00e9 fut rempli de d\u00e9monstrations, de katas, de kumit\u00e9, de \u2026 paroles\u2026 indispensables \u00e0 l\u2019accompagnement pour une meilleure assimilation des concepts sous-jacents qui sont d\u00e9velopp\u00e9s dans notre \u00e9cole. Bien \u00e9videmment, tr\u00e8s fid\u00e8le \u00e0 chaque fois, la bonne humeur\u2026 fruit d\u2019amiti\u00e9s construites au fil du temps\u2026 car c\u2019est aussi cela la pratique de notre karat\u00e9 au sein du Tengu-Ryu.<\/p><p>Derri\u00e8re nous, une somme de souvenirs avec tous ces \u00e9changes, et devant nous, de la pratique, de la r\u00e9flexion, de la diffusion de nos concepts dans nos dojos. Devant nous, se profilent doucement les f\u00eates de fin d\u2019ann\u00e9e, avec, souhaitons-le, de la joie, des moments heureux partag\u00e9s en famille ou avec des amis\u2026 En attendant, bon travail dans l\u2019art choisi, celui du Tengu-Ryu Karat\u00e9-do\u00a0!<\/p><p>Merci Sok\u00e9 Roland HABERSETZER, et\u2026 Chapeau bas\u00a0! \u00a0\u00a0<\/p>\t\t\t\t\t\t\t\t<\/div>\n\t\t\t\t<\/div>\n\t\t\t\t\t<\/div>\n\t\t<\/div>\n\t\t\t\t\t<\/div>\n\t\t<\/section>\n\t\t\t\t<section class=\"elementor-section elementor-top-section elementor-element elementor-element-73b8cc5 elementor-section-boxed elementor-section-height-default elementor-section-height-default\" data-id=\"73b8cc5\" data-element_type=\"section\" data-e-type=\"section\">\n\t\t\t\t\t\t<div class=\"elementor-container elementor-column-gap-default\">\n\t\t\t\t\t<div class=\"elementor-column elementor-col-50 elementor-top-column elementor-element elementor-element-75e93ce\" data-id=\"75e93ce\" data-element_type=\"column\" data-e-type=\"column\">\n\t\t\t<div class=\"elementor-widget-wrap elementor-element-populated\">\n\t\t\t\t\t\t<div class=\"elementor-element elementor-element-5e66d29 elementor-widget elementor-widget-image\" data-id=\"5e66d29\" data-element_type=\"widget\" data-e-type=\"widget\" data-widget_type=\"image.default\">\n\t\t\t\t<div class=\"elementor-widget-container\">\n\t\t\t\t\t\t\t\t\t\t\t\t\t\t\t<img loading=\"lazy\" decoding=\"async\" width=\"640\" height=\"480\" src=\"https:\/\/dento-budo-dojo.fr\/wp-content\/uploads\/2023\/12\/bokken.jpg\" class=\"attachment-large size-large wp-image-2814\" alt=\"S\u00e9bastien au premier plan avec le boken.\" srcset=\"https:\/\/dento-budo-dojo.fr\/wp-content\/uploads\/2023\/12\/bokken-200x150.jpg 200w, https:\/\/dento-budo-dojo.fr\/wp-content\/uploads\/2023\/12\/bokken-300x225.jpg 300w, https:\/\/dento-budo-dojo.fr\/wp-content\/uploads\/2023\/12\/bokken-400x300.jpg 400w, https:\/\/dento-budo-dojo.fr\/wp-content\/uploads\/2023\/12\/bokken-600x450.jpg 600w, https:\/\/dento-budo-dojo.fr\/wp-content\/uploads\/2023\/12\/bokken.jpg 640w\" sizes=\"(max-width: 640px) 100vw, 640px\" \/>\t\t\t\t\t\t\t\t\t\t\t\t\t\t\t<\/div>\n\t\t\t\t<\/div>\n\t\t\t\t\t<\/div>\n\t\t<\/div>\n\t\t\t\t<div class=\"elementor-column elementor-col-50 elementor-top-column elementor-element elementor-element-5c90a8b\" data-id=\"5c90a8b\" data-element_type=\"column\" data-e-type=\"column\">\n\t\t\t<div class=\"elementor-widget-wrap elementor-element-populated\">\n\t\t\t\t\t\t<div class=\"elementor-element elementor-element-6ef462c elementor-widget elementor-widget-image\" data-id=\"6ef462c\" data-element_type=\"widget\" data-e-type=\"widget\" data-widget_type=\"image.default\">\n\t\t\t\t<div class=\"elementor-widget-container\">\n\t\t\t\t\t\t\t\t\t\t\t\t\t\t\t<img loading=\"lazy\" decoding=\"async\" width=\"640\" height=\"480\" src=\"https:\/\/dento-budo-dojo.fr\/wp-content\/uploads\/2023\/12\/Groupe-du-Dento-au-stage.jpg\" class=\"attachment-large size-large wp-image-2816\" alt=\"Quelques \u00e9l\u00e8ves du Dento pour le 60\u00e8me stage d&#039;hiver.\" srcset=\"https:\/\/dento-budo-dojo.fr\/wp-content\/uploads\/2023\/12\/Groupe-du-Dento-au-stage-200x150.jpg 200w, https:\/\/dento-budo-dojo.fr\/wp-content\/uploads\/2023\/12\/Groupe-du-Dento-au-stage-300x225.jpg 300w, https:\/\/dento-budo-dojo.fr\/wp-content\/uploads\/2023\/12\/Groupe-du-Dento-au-stage-400x300.jpg 400w, https:\/\/dento-budo-dojo.fr\/wp-content\/uploads\/2023\/12\/Groupe-du-Dento-au-stage-600x450.jpg 600w, https:\/\/dento-budo-dojo.fr\/wp-content\/uploads\/2023\/12\/Groupe-du-Dento-au-stage.jpg 640w\" sizes=\"(max-width: 640px) 100vw, 640px\" \/>\t\t\t\t\t\t\t\t\t\t\t\t\t\t\t<\/div>\n\t\t\t\t<\/div>\n\t\t\t\t\t<\/div>\n\t\t<\/div>\n\t\t\t\t\t<\/div>\n\t\t<\/section>\n\t\t\t\t<section class=\"elementor-section elementor-top-section elementor-element elementor-element-9f0a408 elementor-section-boxed elementor-section-height-default elementor-section-height-default\" data-id=\"9f0a408\" data-element_type=\"section\" data-e-type=\"section\">\n\t\t\t\t\t\t<div class=\"elementor-container elementor-column-gap-default\">\n\t\t\t\t\t<div class=\"elementor-column elementor-col-100 elementor-top-column elementor-element elementor-element-ee6c605\" data-id=\"ee6c605\" data-element_type=\"column\" data-e-type=\"column\">\n\t\t\t<div class=\"elementor-widget-wrap elementor-element-populated\">\n\t\t\t\t\t\t<div class=\"elementor-element elementor-element-5eed491 elementor-widget-divider--separator-type-pattern elementor-widget-divider--no-spacing elementor-widget-divider--view-line elementor-widget elementor-widget-divider\" data-id=\"5eed491\" data-element_type=\"widget\" data-e-type=\"widget\" data-widget_type=\"divider.default\">\n\t\t\t\t<div class=\"elementor-widget-container\">\n\t\t\t\t\t\t\t<div class=\"elementor-divider\" style=\"--divider-pattern-url: url(&quot;data:image\/svg+xml,%3Csvg xmlns=&#039;http:\/\/www.w3.org\/2000\/svg&#039; preserveAspectRatio=&#039;xMidYMid meet&#039; overflow=&#039;visible&#039; height=&#039;100%&#039; viewBox=&#039;0 0 126 26&#039; fill=&#039;black&#039; stroke=&#039;none&#039;%3E%3Cpath d=&#039;M3,10.2c2.6,0,2.6,2,2.6,3.2S4.4,16.5,3,16.5s-3-1.4-3-3.2S0.4,10.2,3,10.2z M18.8,10.2c1.7,0,3.2,1.4,3.2,3.2s-1.4,3.2-3.2,3.2c-1.7,0-3.2-1.4-3.2-3.2S17,10.2,18.8,10.2z M34.6,10.2c1.5,0,2.6,1.4,2.6,3.2s-0.5,3.2-1.9,3.2c-1.5,0-3.4-1.4-3.4-3.2S33.1,10.2,34.6,10.2z M50.5,10.2c1.7,0,3.2,1.4,3.2,3.2s-1.4,3.2-3.2,3.2c-1.7,0-3.3-0.9-3.3-2.6S48.7,10.2,50.5,10.2z M66.2,10.2c1.5,0,3.4,1.4,3.4,3.2s-1.9,3.2-3.4,3.2c-1.5,0-2.6-0.4-2.6-2.1S64.8,10.2,66.2,10.2z M82.2,10.2c1.7,0.8,2.6,1.4,2.6,3.2s-0.1,3.2-1.6,3.2c-1.5,0-3.7-1.4-3.7-3.2S80.5,9.4,82.2,10.2zM98.6,10.2c1.5,0,2.6,0.4,2.6,2.1s-1.2,4.2-2.6,4.2c-1.5,0-3.7-0.4-3.7-2.1S97.1,10.2,98.6,10.2z M113.4,10.2c1.2,0,2.2,0.9,2.2,3.2s-0.1,3.2-1.3,3.2s-3.1-1.4-3.1-3.2S112.2,10.2,113.4,10.2z&#039;\/%3E%3C\/svg%3E&quot;);\">\n\t\t\t<span class=\"elementor-divider-separator\">\n\t\t\t\t\t\t<\/span>\n\t\t<\/div>\n\t\t\t\t\t\t<\/div>\n\t\t\t\t<\/div>\n\t\t\t\t\t<\/div>\n\t\t<\/div>\n\t\t\t\t\t<\/div>\n\t\t<\/section>\n\t\t\t\t<section class=\"elementor-section elementor-top-section elementor-element elementor-element-93a9a42 elementor-section-boxed elementor-section-height-default elementor-section-height-default\" data-id=\"93a9a42\" data-element_type=\"section\" data-e-type=\"section\">\n\t\t\t\t\t\t<div class=\"elementor-container elementor-column-gap-default\">\n\t\t\t\t\t<div class=\"elementor-column elementor-col-100 elementor-top-column elementor-element elementor-element-fd6e9a7\" data-id=\"fd6e9a7\" data-element_type=\"column\" data-e-type=\"column\">\n\t\t\t<div class=\"elementor-widget-wrap elementor-element-populated\">\n\t\t\t\t\t\t<div class=\"elementor-element elementor-element-446690d elementor-widget elementor-widget-heading\" data-id=\"446690d\" data-element_type=\"widget\" data-e-type=\"widget\" data-widget_type=\"heading.default\">\n\t\t\t\t<div class=\"elementor-widget-container\">\n\t\t\t\t\t<h1 class=\"elementor-heading-title elementor-size-default\">Stage de printemps - mai 2023<\/h1>\t\t\t\t<\/div>\n\t\t\t\t<\/div>\n\t\t\t\t\t<\/div>\n\t\t<\/div>\n\t\t\t\t\t<\/div>\n\t\t<\/section>\n\t\t\t\t<section class=\"elementor-section elementor-top-section elementor-element elementor-element-0465ec9 elementor-section-boxed elementor-section-height-default elementor-section-height-default\" data-id=\"0465ec9\" data-element_type=\"section\" data-e-type=\"section\">\n\t\t\t\t\t\t<div class=\"elementor-container elementor-column-gap-default\">\n\t\t\t\t\t<div class=\"elementor-column elementor-col-50 elementor-top-column elementor-element elementor-element-f8b843a\" data-id=\"f8b843a\" data-element_type=\"column\" data-e-type=\"column\">\n\t\t\t<div class=\"elementor-widget-wrap elementor-element-populated\">\n\t\t\t\t\t\t<div class=\"elementor-element elementor-element-25f635b elementor-widget elementor-widget-spacer\" data-id=\"25f635b\" data-element_type=\"widget\" data-e-type=\"widget\" data-widget_type=\"spacer.default\">\n\t\t\t\t<div class=\"elementor-widget-container\">\n\t\t\t\t\t\t\t<div class=\"elementor-spacer\">\n\t\t\t<div class=\"elementor-spacer-inner\"><\/div>\n\t\t<\/div>\n\t\t\t\t\t\t<\/div>\n\t\t\t\t<\/div>\n\t\t\t\t<div class=\"elementor-element elementor-element-5867504 elementor-widget elementor-widget-text-editor\" data-id=\"5867504\" data-element_type=\"widget\" data-e-type=\"widget\" data-widget_type=\"text-editor.default\">\n\t\t\t\t<div class=\"elementor-widget-container\">\n\t\t\t\t\t\t\t\t\t<p>Un habituel stage de printemps ? NON, pas tout \u00e0 fait&#8230;<\/p><p>Tout d&rsquo;abord, la r\u00e9union de l&rsquo;Est (avec Nathalia Shoukina, de Russie), et d&rsquo;Yvon Fiset de l&rsquo;Ouest venant avec une d\u00e9l\u00e9gation du Canada. Comme quoi, le Budo r\u00e9unit&#8230; surtout dans notre \u00e9cole, le Tengu-ryu, o\u00f9 se rajoutent des allemands, des suisses, des belges aux fran\u00e7ais, pour un m\u00eame langage, celui de la paix.<\/p><p>C&rsquo;\u00e9tait aussi un moment o\u00f9 des promotions de grades sup\u00e9rieurs furent obtenus! Bravo \u00e0 Sylvia AMBERG et Yvon Fiset.<\/p><p>Mais, hasard du calendrier&#8230; c&rsquo;\u00e9tait \u00e9galement le jour de l&rsquo;anniversaire de notre Sok\u00e9, Roland HABERSETZER ! &#8230; et toujours en kimono, soulignons-le ! C&rsquo;est beau, nest-ce pas ?<\/p><p>Notre stage de printemps reste une occasion unique, avec celui d&rsquo;hiver, le Kan Geiko, de nous r\u00e9unir depuis des ann\u00e9es, avec cette fraternit\u00e9 qui nous caract\u00e9rise aussi mais qui, malheureusement, manque aussi actuellement dans ce monde o\u00f9 tant de tensions r\u00e9apparaissent. C&rsquo;est une belle d\u00e9monstration qui d\u00e9montre que le souffle &#8211; le Ki &#8211; peut \u00eatre de qualit\u00e9, ce qui ne manque pas chez nous.<\/p>\t\t\t\t\t\t\t\t<\/div>\n\t\t\t\t<\/div>\n\t\t\t\t\t<\/div>\n\t\t<\/div>\n\t\t\t\t<div class=\"elementor-column elementor-col-50 elementor-top-column elementor-element elementor-element-96b992d\" data-id=\"96b992d\" data-element_type=\"column\" data-e-type=\"column\">\n\t\t\t<div class=\"elementor-widget-wrap elementor-element-populated\">\n\t\t\t\t\t\t<div class=\"elementor-element elementor-element-c3e93cb elementor-widget elementor-widget-image\" data-id=\"c3e93cb\" data-element_type=\"widget\" data-e-type=\"widget\" data-widget_type=\"image.default\">\n\t\t\t\t<div class=\"elementor-widget-container\">\n\t\t\t\t\t\t\t\t\t\t\t\t<figure class=\"wp-caption\">\n\t\t\t\t\t\t\t\t\t\t\t<a href=\"http:\/\/dento-budo-dojo.fr\/wp-content\/uploads\/2023\/07\/explication-du-soke.png\" target=\"_blank\" rel=\"nofollow\">\n\t\t\t\t\t\t\t<img loading=\"lazy\" decoding=\"async\" width=\"700\" height=\"520\" src=\"https:\/\/dento-budo-dojo.fr\/wp-content\/uploads\/2023\/07\/explication-du-soke.png\" class=\"attachment-large size-large wp-image-2726\" alt=\"Sok\u00e9 Roland HABERSETZER, ne se lassant pas d&#039;expliquer, de convaincre sa passion du Budo.\" srcset=\"https:\/\/dento-budo-dojo.fr\/wp-content\/uploads\/2023\/07\/explication-du-soke-200x149.png 200w, https:\/\/dento-budo-dojo.fr\/wp-content\/uploads\/2023\/07\/explication-du-soke-300x223.png 300w, https:\/\/dento-budo-dojo.fr\/wp-content\/uploads\/2023\/07\/explication-du-soke-400x297.png 400w, https:\/\/dento-budo-dojo.fr\/wp-content\/uploads\/2023\/07\/explication-du-soke-600x446.png 600w, https:\/\/dento-budo-dojo.fr\/wp-content\/uploads\/2023\/07\/explication-du-soke.png 700w\" sizes=\"(max-width: 700px) 100vw, 700px\" \/>\t\t\t\t\t\t\t\t<\/a>\n\t\t\t\t\t\t\t\t\t\t\t<figcaption class=\"widget-image-caption wp-caption-text\">Sok\u00e9 Roland HABERSETZER, ne se lassant pas d'expliquer, de convaincre... rayonnant sa passion du Budo, m\u00eame le jour de son anniversaire !<\/figcaption>\n\t\t\t\t\t\t\t\t\t\t<\/figure>\n\t\t\t\t\t\t\t\t\t<\/div>\n\t\t\t\t<\/div>\n\t\t\t\t\t<\/div>\n\t\t<\/div>\n\t\t\t\t\t<\/div>\n\t\t<\/section>\n\t\t\t\t<section class=\"elementor-section elementor-top-section elementor-element elementor-element-99fa6e0 elementor-section-boxed elementor-section-height-default elementor-section-height-default\" data-id=\"99fa6e0\" data-element_type=\"section\" data-e-type=\"section\">\n\t\t\t\t\t\t<div class=\"elementor-container elementor-column-gap-default\">\n\t\t\t\t\t<div class=\"elementor-column elementor-col-100 elementor-top-column elementor-element elementor-element-d6e6fcb\" data-id=\"d6e6fcb\" data-element_type=\"column\" data-e-type=\"column\">\n\t\t\t<div class=\"elementor-widget-wrap\">\n\t\t\t\t\t\t\t<\/div>\n\t\t<\/div>\n\t\t\t\t\t<\/div>\n\t\t<\/section>\n\t\t\t\t<section class=\"elementor-section elementor-top-section elementor-element elementor-element-ac7baf3 elementor-section-boxed elementor-section-height-default elementor-section-height-default\" data-id=\"ac7baf3\" data-element_type=\"section\" data-e-type=\"section\">\n\t\t\t\t\t\t<div class=\"elementor-container elementor-column-gap-default\">\n\t\t\t\t\t<div class=\"elementor-column elementor-col-100 elementor-top-column elementor-element elementor-element-75e02a3\" data-id=\"75e02a3\" data-element_type=\"column\" data-e-type=\"column\">\n\t\t\t<div class=\"elementor-widget-wrap elementor-element-populated\">\n\t\t\t\t\t\t<div class=\"elementor-element elementor-element-ba7187f elementor-widget elementor-widget-image\" data-id=\"ba7187f\" data-element_type=\"widget\" data-e-type=\"widget\" data-widget_type=\"image.default\">\n\t\t\t\t<div class=\"elementor-widget-container\">\n\t\t\t\t\t\t\t\t\t\t\t\t<figure class=\"wp-caption\">\n\t\t\t\t\t\t\t\t\t\t\t<a href=\"http:\/\/dento-budo-dojo.fr\/wp-content\/uploads\/2023\/07\/Groupe-karate-printemps-2023.jpg\" target=\"_blank\">\n\t\t\t\t\t\t\t<img loading=\"lazy\" decoding=\"async\" width=\"1024\" height=\"216\" src=\"https:\/\/dento-budo-dojo.fr\/wp-content\/uploads\/2023\/07\/Groupe-karate-printemps-2023-1024x216.jpg\" class=\"attachment-large size-large wp-image-2728\" alt=\"Groupe du stage de Printemps 2023\" srcset=\"https:\/\/dento-budo-dojo.fr\/wp-content\/uploads\/2023\/07\/Groupe-karate-printemps-2023-200x42.jpg 200w, https:\/\/dento-budo-dojo.fr\/wp-content\/uploads\/2023\/07\/Groupe-karate-printemps-2023-300x63.jpg 300w, https:\/\/dento-budo-dojo.fr\/wp-content\/uploads\/2023\/07\/Groupe-karate-printemps-2023-400x84.jpg 400w, https:\/\/dento-budo-dojo.fr\/wp-content\/uploads\/2023\/07\/Groupe-karate-printemps-2023-600x126.jpg 600w, https:\/\/dento-budo-dojo.fr\/wp-content\/uploads\/2023\/07\/Groupe-karate-printemps-2023-768x162.jpg 768w, https:\/\/dento-budo-dojo.fr\/wp-content\/uploads\/2023\/07\/Groupe-karate-printemps-2023-800x168.jpg 800w, https:\/\/dento-budo-dojo.fr\/wp-content\/uploads\/2023\/07\/Groupe-karate-printemps-2023-1024x216.jpg 1024w, https:\/\/dento-budo-dojo.fr\/wp-content\/uploads\/2023\/07\/Groupe-karate-printemps-2023-1200x253.jpg 1200w, https:\/\/dento-budo-dojo.fr\/wp-content\/uploads\/2023\/07\/Groupe-karate-printemps-2023.jpg 1425w\" sizes=\"(max-width: 1024px) 100vw, 1024px\" \/>\t\t\t\t\t\t\t\t<\/a>\n\t\t\t\t\t\t\t\t\t\t\t<figcaption class=\"widget-image-caption wp-caption-text\">Les stagiaires de ce rendez-vous incontournable !<\/figcaption>\n\t\t\t\t\t\t\t\t\t\t<\/figure>\n\t\t\t\t\t\t\t\t\t<\/div>\n\t\t\t\t<\/div>\n\t\t\t\t\t<\/div>\n\t\t<\/div>\n\t\t\t\t\t<\/div>\n\t\t<\/section>\n\t\t\t\t<section class=\"elementor-section elementor-top-section elementor-element elementor-element-d807dfa elementor-section-boxed elementor-section-height-default elementor-section-height-default\" data-id=\"d807dfa\" data-element_type=\"section\" data-e-type=\"section\">\n\t\t\t\t\t\t<div class=\"elementor-container elementor-column-gap-default\">\n\t\t\t\t\t<div class=\"elementor-column elementor-col-100 elementor-top-column elementor-element elementor-element-c9184ac\" data-id=\"c9184ac\" data-element_type=\"column\" data-e-type=\"column\">\n\t\t\t<div class=\"elementor-widget-wrap elementor-element-populated\">\n\t\t\t\t\t\t<div class=\"elementor-element elementor-element-954eff3 elementor-widget elementor-widget-text-editor\" data-id=\"954eff3\" data-element_type=\"widget\" data-e-type=\"widget\" data-widget_type=\"text-editor.default\">\n\t\t\t\t<div class=\"elementor-widget-container\">\n\t\t\t\t\t\t\t\t\t<p>On ne pourra jamais traduire par des photos ce que nous vivons, mais n\u00e9anmoins l&rsquo;expression qui en ressort montre bien l&rsquo;\u00e9tat d&rsquo;esprit que nous avons, et c&rsquo;est ce qui compte le plus. C&rsquo;est bien pour cela que nous parlons souvent du Do-Raku&#8230; le plaisir de la Voie.<\/p><p>Que ce plaisir puisse \u00eatre partag\u00e9 avec d&rsquo;autres qui ne sont pas forc\u00e9ment des pratiquants de karat\u00e9. Ainsi, peut-\u00eatre, derri\u00e8re ce qui para\u00eet, s&rsquo;ouvrira une profondeur m\u00e9connue, et pourtant bien l\u00e0, \u00e0 d\u00e9couvrir&#8230;\u00a0<\/p>\t\t\t\t\t\t\t\t<\/div>\n\t\t\t\t<\/div>\n\t\t\t\t\t<\/div>\n\t\t<\/div>\n\t\t\t\t\t<\/div>\n\t\t<\/section>\n\t\t\t\t<section class=\"elementor-section elementor-top-section elementor-element elementor-element-6ba7e16 elementor-section-boxed elementor-section-height-default elementor-section-height-default\" data-id=\"6ba7e16\" data-element_type=\"section\" data-e-type=\"section\">\n\t\t\t\t\t\t<div class=\"elementor-container elementor-column-gap-default\">\n\t\t\t\t\t<div class=\"elementor-column elementor-col-33 elementor-top-column elementor-element elementor-element-1929fa8\" data-id=\"1929fa8\" data-element_type=\"column\" data-e-type=\"column\">\n\t\t\t<div class=\"elementor-widget-wrap elementor-element-populated\">\n\t\t\t\t\t\t<div class=\"elementor-element elementor-element-77e13e9 elementor-widget elementor-widget-image\" data-id=\"77e13e9\" data-element_type=\"widget\" data-e-type=\"widget\" data-widget_type=\"image.default\">\n\t\t\t\t<div class=\"elementor-widget-container\">\n\t\t\t\t\t\t\t\t\t\t\t\t<figure class=\"wp-caption\">\n\t\t\t\t\t\t\t\t\t\t\t<a href=\"http:\/\/dento-budo-dojo.fr\/wp-content\/uploads\/2023\/07\/explications.png\" target=\"_blank\" rel=\"nofollow\">\n\t\t\t\t\t\t\t<img loading=\"lazy\" decoding=\"async\" width=\"700\" height=\"520\" src=\"https:\/\/dento-budo-dojo.fr\/wp-content\/uploads\/2023\/07\/explications.png\" class=\"attachment-large size-large wp-image-2727\" alt=\"Sok\u00e9 Roland Habersetzer.\" srcset=\"https:\/\/dento-budo-dojo.fr\/wp-content\/uploads\/2023\/07\/explications-200x149.png 200w, https:\/\/dento-budo-dojo.fr\/wp-content\/uploads\/2023\/07\/explications-300x223.png 300w, https:\/\/dento-budo-dojo.fr\/wp-content\/uploads\/2023\/07\/explications-400x297.png 400w, https:\/\/dento-budo-dojo.fr\/wp-content\/uploads\/2023\/07\/explications-600x446.png 600w, https:\/\/dento-budo-dojo.fr\/wp-content\/uploads\/2023\/07\/explications.png 700w\" sizes=\"(max-width: 700px) 100vw, 700px\" \/>\t\t\t\t\t\t\t\t<\/a>\n\t\t\t\t\t\t\t\t\t\t\t<figcaption class=\"widget-image-caption wp-caption-text\">Sok\u00e9 Roland Habersetzer.<\/figcaption>\n\t\t\t\t\t\t\t\t\t\t<\/figure>\n\t\t\t\t\t\t\t\t\t<\/div>\n\t\t\t\t<\/div>\n\t\t\t\t\t<\/div>\n\t\t<\/div>\n\t\t\t\t<div class=\"elementor-column elementor-col-33 elementor-top-column elementor-element elementor-element-21922ea\" data-id=\"21922ea\" data-element_type=\"column\" data-e-type=\"column\">\n\t\t\t<div class=\"elementor-widget-wrap elementor-element-populated\">\n\t\t\t\t\t\t<div class=\"elementor-element elementor-element-59a81fc elementor-widget elementor-widget-image\" data-id=\"59a81fc\" data-element_type=\"widget\" data-e-type=\"widget\" data-widget_type=\"image.default\">\n\t\t\t\t<div class=\"elementor-widget-container\">\n\t\t\t\t\t\t\t\t\t\t\t\t<figure class=\"wp-caption\">\n\t\t\t\t\t\t\t\t\t\t\t<a href=\"http:\/\/dento-budo-dojo.fr\/wp-content\/uploads\/2023\/07\/kihon.png\">\n\t\t\t\t\t\t\t<img loading=\"lazy\" decoding=\"async\" width=\"700\" height=\"520\" src=\"https:\/\/dento-budo-dojo.fr\/wp-content\/uploads\/2023\/07\/kihon.png\" class=\"attachment-large size-large wp-image-2729\" alt=\"Natalia Shukina au premier plan \u00e0 gauche.\" srcset=\"https:\/\/dento-budo-dojo.fr\/wp-content\/uploads\/2023\/07\/kihon-200x149.png 200w, https:\/\/dento-budo-dojo.fr\/wp-content\/uploads\/2023\/07\/kihon-300x223.png 300w, https:\/\/dento-budo-dojo.fr\/wp-content\/uploads\/2023\/07\/kihon-400x297.png 400w, https:\/\/dento-budo-dojo.fr\/wp-content\/uploads\/2023\/07\/kihon-600x446.png 600w, https:\/\/dento-budo-dojo.fr\/wp-content\/uploads\/2023\/07\/kihon.png 700w\" sizes=\"(max-width: 700px) 100vw, 700px\" \/>\t\t\t\t\t\t\t\t<\/a>\n\t\t\t\t\t\t\t\t\t\t\t<figcaption class=\"widget-image-caption wp-caption-text\">Natalia Shukina au premier plan \u00e0 gauche lors d'un renzoku-waza.<\/figcaption>\n\t\t\t\t\t\t\t\t\t\t<\/figure>\n\t\t\t\t\t\t\t\t\t<\/div>\n\t\t\t\t<\/div>\n\t\t\t\t\t<\/div>\n\t\t<\/div>\n\t\t\t\t<div class=\"elementor-column elementor-col-33 elementor-top-column elementor-element elementor-element-3f665a0\" data-id=\"3f665a0\" data-element_type=\"column\" data-e-type=\"column\">\n\t\t\t<div class=\"elementor-widget-wrap elementor-element-populated\">\n\t\t\t\t\t\t<div class=\"elementor-element elementor-element-005060c elementor-widget elementor-widget-image\" data-id=\"005060c\" data-element_type=\"widget\" data-e-type=\"widget\" data-widget_type=\"image.default\">\n\t\t\t\t<div class=\"elementor-widget-container\">\n\t\t\t\t\t\t\t\t\t\t\t\t<figure class=\"wp-caption\">\n\t\t\t\t\t\t\t\t\t\t\t<a href=\"http:\/\/dento-budo-dojo.fr\/wp-content\/uploads\/2023\/07\/boken.png\">\n\t\t\t\t\t\t\t<img loading=\"lazy\" decoding=\"async\" width=\"700\" height=\"520\" src=\"https:\/\/dento-budo-dojo.fr\/wp-content\/uploads\/2023\/07\/boken.png\" class=\"attachment-large size-large wp-image-2723\" alt=\"La pratique du boken pour mieux saisir le buki-ho fait \u00e9galement partie de notre Ryu.\" srcset=\"https:\/\/dento-budo-dojo.fr\/wp-content\/uploads\/2023\/07\/boken-200x149.png 200w, https:\/\/dento-budo-dojo.fr\/wp-content\/uploads\/2023\/07\/boken-300x223.png 300w, https:\/\/dento-budo-dojo.fr\/wp-content\/uploads\/2023\/07\/boken-400x297.png 400w, https:\/\/dento-budo-dojo.fr\/wp-content\/uploads\/2023\/07\/boken-600x446.png 600w, https:\/\/dento-budo-dojo.fr\/wp-content\/uploads\/2023\/07\/boken.png 700w\" sizes=\"(max-width: 700px) 100vw, 700px\" \/>\t\t\t\t\t\t\t\t<\/a>\n\t\t\t\t\t\t\t\t\t\t\t<figcaption class=\"widget-image-caption wp-caption-text\">La pratique du boken pour mieux saisir le buki-ho fait \u00e9galement partie de notre Ryu.<\/figcaption>\n\t\t\t\t\t\t\t\t\t\t<\/figure>\n\t\t\t\t\t\t\t\t\t<\/div>\n\t\t\t\t<\/div>\n\t\t\t\t\t<\/div>\n\t\t<\/div>\n\t\t\t\t\t<\/div>\n\t\t<\/section>\n\t\t\t\t<section class=\"elementor-section elementor-top-section elementor-element elementor-element-d65db2e elementor-section-boxed elementor-section-height-default elementor-section-height-default\" data-id=\"d65db2e\" data-element_type=\"section\" data-e-type=\"section\">\n\t\t\t\t\t\t<div class=\"elementor-container elementor-column-gap-default\">\n\t\t\t\t\t<div class=\"elementor-column elementor-col-50 elementor-top-column elementor-element elementor-element-5ba6125\" data-id=\"5ba6125\" data-element_type=\"column\" data-e-type=\"column\">\n\t\t\t<div class=\"elementor-widget-wrap elementor-element-populated\">\n\t\t\t\t\t\t<div class=\"elementor-element elementor-element-180764d elementor-widget elementor-widget-image\" data-id=\"180764d\" data-element_type=\"widget\" data-e-type=\"widget\" data-widget_type=\"image.default\">\n\t\t\t\t<div class=\"elementor-widget-container\">\n\t\t\t\t\t\t\t\t\t\t\t\t<figure class=\"wp-caption\">\n\t\t\t\t\t\t\t\t\t\t\t<a href=\"http:\/\/dento-budo-dojo.fr\/wp-content\/uploads\/2023\/07\/Natalia.png\">\n\t\t\t\t\t\t\t<img loading=\"lazy\" decoding=\"async\" width=\"520\" height=\"700\" src=\"https:\/\/dento-budo-dojo.fr\/wp-content\/uploads\/2023\/07\/Natalia.png\" class=\"attachment-large size-large wp-image-2730\" alt=\"Natalia SHUKINA avec le Sok\u00e9.\" srcset=\"https:\/\/dento-budo-dojo.fr\/wp-content\/uploads\/2023\/07\/Natalia-200x269.png 200w, https:\/\/dento-budo-dojo.fr\/wp-content\/uploads\/2023\/07\/Natalia-223x300.png 223w, https:\/\/dento-budo-dojo.fr\/wp-content\/uploads\/2023\/07\/Natalia-400x538.png 400w, https:\/\/dento-budo-dojo.fr\/wp-content\/uploads\/2023\/07\/Natalia.png 520w\" sizes=\"(max-width: 520px) 100vw, 520px\" \/>\t\t\t\t\t\t\t\t<\/a>\n\t\t\t\t\t\t\t\t\t\t\t<figcaption class=\"widget-image-caption wp-caption-text\">Natalia SHUKINA avec le Sok\u00e9.<\/figcaption>\n\t\t\t\t\t\t\t\t\t\t<\/figure>\n\t\t\t\t\t\t\t\t\t<\/div>\n\t\t\t\t<\/div>\n\t\t\t\t\t<\/div>\n\t\t<\/div>\n\t\t\t\t<div class=\"elementor-column elementor-col-50 elementor-top-column elementor-element elementor-element-aaa18a4\" data-id=\"aaa18a4\" data-element_type=\"column\" data-e-type=\"column\">\n\t\t\t<div class=\"elementor-widget-wrap elementor-element-populated\">\n\t\t\t\t\t\t<div class=\"elementor-element elementor-element-6bbe09d elementor-widget elementor-widget-image\" data-id=\"6bbe09d\" data-element_type=\"widget\" data-e-type=\"widget\" data-widget_type=\"image.default\">\n\t\t\t\t<div class=\"elementor-widget-container\">\n\t\t\t\t\t\t\t\t\t\t\t\t<figure class=\"wp-caption\">\n\t\t\t\t\t\t\t\t\t\t\t<a href=\"http:\/\/dento-budo-dojo.fr\/wp-content\/uploads\/2023\/07\/boken-2023.png\">\n\t\t\t\t\t\t\t<img loading=\"lazy\" decoding=\"async\" width=\"740\" height=\"350\" src=\"https:\/\/dento-budo-dojo.fr\/wp-content\/uploads\/2023\/07\/boken-2023.png\" class=\"attachment-large size-large wp-image-2722\" alt=\"Pratique du boken.\" srcset=\"https:\/\/dento-budo-dojo.fr\/wp-content\/uploads\/2023\/07\/boken-2023-200x95.png 200w, https:\/\/dento-budo-dojo.fr\/wp-content\/uploads\/2023\/07\/boken-2023-300x142.png 300w, https:\/\/dento-budo-dojo.fr\/wp-content\/uploads\/2023\/07\/boken-2023-400x189.png 400w, https:\/\/dento-budo-dojo.fr\/wp-content\/uploads\/2023\/07\/boken-2023-600x284.png 600w, https:\/\/dento-budo-dojo.fr\/wp-content\/uploads\/2023\/07\/boken-2023.png 740w\" sizes=\"(max-width: 740px) 100vw, 740px\" \/>\t\t\t\t\t\t\t\t<\/a>\n\t\t\t\t\t\t\t\t\t\t\t<figcaption class=\"widget-image-caption wp-caption-text\">Pratique du boken.<\/figcaption>\n\t\t\t\t\t\t\t\t\t\t<\/figure>\n\t\t\t\t\t\t\t\t\t<\/div>\n\t\t\t\t<\/div>\n\t\t\t\t\t<\/div>\n\t\t<\/div>\n\t\t\t\t\t<\/div>\n\t\t<\/section>\n\t\t\t\t<section class=\"elementor-section elementor-top-section elementor-element elementor-element-1dd7e93 elementor-section-boxed elementor-section-height-default elementor-section-height-default\" data-id=\"1dd7e93\" data-element_type=\"section\" data-e-type=\"section\">\n\t\t\t\t\t\t<div class=\"elementor-container elementor-column-gap-default\">\n\t\t\t\t\t<div class=\"elementor-column elementor-col-33 elementor-top-column elementor-element elementor-element-307a74d\" data-id=\"307a74d\" data-element_type=\"column\" data-e-type=\"column\">\n\t\t\t<div class=\"elementor-widget-wrap elementor-element-populated\">\n\t\t\t\t\t\t<div class=\"elementor-element elementor-element-e1e0f7f elementor-widget elementor-widget-image\" data-id=\"e1e0f7f\" data-element_type=\"widget\" data-e-type=\"widget\" data-widget_type=\"image.default\">\n\t\t\t\t<div class=\"elementor-widget-container\">\n\t\t\t\t\t\t\t\t\t\t\t\t<figure class=\"wp-caption\">\n\t\t\t\t\t\t\t\t\t\t\t<a href=\"http:\/\/dento-budo-dojo.fr\/wp-content\/uploads\/2023\/07\/cinquieme-dan.png\" target=\"_blank\" rel=\"nofollow\">\n\t\t\t\t\t\t\t<img loading=\"lazy\" decoding=\"async\" width=\"700\" height=\"520\" src=\"https:\/\/dento-budo-dojo.fr\/wp-content\/uploads\/2023\/07\/cinquieme-dan.png\" class=\"attachment-large size-large wp-image-2724\" alt=\"Yvon Fiset, venant du Canada, recevant son dipl\u00f4me pour son 5e dan, de Sok\u00e9 Roland HABERSETZER, accompagn\u00e9 de ses deux experts.\" srcset=\"https:\/\/dento-budo-dojo.fr\/wp-content\/uploads\/2023\/07\/cinquieme-dan-200x149.png 200w, https:\/\/dento-budo-dojo.fr\/wp-content\/uploads\/2023\/07\/cinquieme-dan-300x223.png 300w, https:\/\/dento-budo-dojo.fr\/wp-content\/uploads\/2023\/07\/cinquieme-dan-400x297.png 400w, https:\/\/dento-budo-dojo.fr\/wp-content\/uploads\/2023\/07\/cinquieme-dan-600x446.png 600w, https:\/\/dento-budo-dojo.fr\/wp-content\/uploads\/2023\/07\/cinquieme-dan.png 700w\" sizes=\"(max-width: 700px) 100vw, 700px\" \/>\t\t\t\t\t\t\t\t<\/a>\n\t\t\t\t\t\t\t\t\t\t\t<figcaption class=\"widget-image-caption wp-caption-text\">Yvon Fiset, venant du Canada, recevant son dipl\u00f4me pour son 5e dan, de Sok\u00e9 Roland HABERSETZER, accompagn\u00e9 de ses deux experts. Bravo Yvon !<\/figcaption>\n\t\t\t\t\t\t\t\t\t\t<\/figure>\n\t\t\t\t\t\t\t\t\t<\/div>\n\t\t\t\t<\/div>\n\t\t\t\t\t<\/div>\n\t\t<\/div>\n\t\t\t\t<div class=\"elementor-column elementor-col-33 elementor-top-column elementor-element elementor-element-fe2d51a\" data-id=\"fe2d51a\" data-element_type=\"column\" data-e-type=\"column\">\n\t\t\t<div class=\"elementor-widget-wrap elementor-element-populated\">\n\t\t\t\t\t\t<div class=\"elementor-element elementor-element-cfaa06f elementor-widget elementor-widget-image\" data-id=\"cfaa06f\" data-element_type=\"widget\" data-e-type=\"widget\" data-widget_type=\"image.default\">\n\t\t\t\t<div class=\"elementor-widget-container\">\n\t\t\t\t\t\t\t\t\t\t\t\t<figure class=\"wp-caption\">\n\t\t\t\t\t\t\t\t\t\t\t<a href=\"http:\/\/dento-budo-dojo.fr\/wp-content\/uploads\/2023\/07\/promotions-de-ceintures-noires.png\" target=\"_blank\" rel=\"nofollow\">\n\t\t\t\t\t\t\t<img loading=\"lazy\" decoding=\"async\" width=\"700\" height=\"520\" src=\"https:\/\/dento-budo-dojo.fr\/wp-content\/uploads\/2023\/07\/promotions-de-ceintures-noires.png\" class=\"attachment-large size-large wp-image-2731\" alt=\"Silvia Amberg d&#039;Allemagne et Yvon Fiset du Canada, deux nouveaux promus. BRABO !\" srcset=\"https:\/\/dento-budo-dojo.fr\/wp-content\/uploads\/2023\/07\/promotions-de-ceintures-noires-200x149.png 200w, https:\/\/dento-budo-dojo.fr\/wp-content\/uploads\/2023\/07\/promotions-de-ceintures-noires-300x223.png 300w, https:\/\/dento-budo-dojo.fr\/wp-content\/uploads\/2023\/07\/promotions-de-ceintures-noires-400x297.png 400w, https:\/\/dento-budo-dojo.fr\/wp-content\/uploads\/2023\/07\/promotions-de-ceintures-noires-600x446.png 600w, https:\/\/dento-budo-dojo.fr\/wp-content\/uploads\/2023\/07\/promotions-de-ceintures-noires.png 700w\" sizes=\"(max-width: 700px) 100vw, 700px\" \/>\t\t\t\t\t\t\t\t<\/a>\n\t\t\t\t\t\t\t\t\t\t\t<figcaption class=\"widget-image-caption wp-caption-text\">Silvia Amberg d'Allemagne et Yvon Fiset du Canada, deux nouveaux promus. BRABO !<\/figcaption>\n\t\t\t\t\t\t\t\t\t\t<\/figure>\n\t\t\t\t\t\t\t\t\t<\/div>\n\t\t\t\t<\/div>\n\t\t\t\t\t<\/div>\n\t\t<\/div>\n\t\t\t\t<div class=\"elementor-column elementor-col-33 elementor-top-column elementor-element elementor-element-389bd1e\" data-id=\"389bd1e\" data-element_type=\"column\" data-e-type=\"column\">\n\t\t\t<div class=\"elementor-widget-wrap elementor-element-populated\">\n\t\t\t\t\t\t<div class=\"elementor-element elementor-element-ea5814e elementor-widget elementor-widget-image\" data-id=\"ea5814e\" data-element_type=\"widget\" data-e-type=\"widget\" data-widget_type=\"image.default\">\n\t\t\t\t<div class=\"elementor-widget-container\">\n\t\t\t\t\t\t\t\t\t\t\t\t<figure class=\"wp-caption\">\n\t\t\t\t\t\t\t\t\t\t\t<a href=\"http:\/\/dento-budo-dojo.fr\/wp-content\/uploads\/2023\/07\/Dento-Kan-Geiko-2023.png\" target=\"_blank\" rel=\"nofollow\">\n\t\t\t\t\t\t\t<img loading=\"lazy\" decoding=\"async\" width=\"700\" height=\"520\" src=\"https:\/\/dento-budo-dojo.fr\/wp-content\/uploads\/2023\/07\/Dento-Kan-Geiko-2023.png\" class=\"attachment-large size-large wp-image-2725\" alt=\"Quelques pr\u00e9sents du Dento Budo Dojo.\" srcset=\"https:\/\/dento-budo-dojo.fr\/wp-content\/uploads\/2023\/07\/Dento-Kan-Geiko-2023-200x149.png 200w, https:\/\/dento-budo-dojo.fr\/wp-content\/uploads\/2023\/07\/Dento-Kan-Geiko-2023-300x223.png 300w, https:\/\/dento-budo-dojo.fr\/wp-content\/uploads\/2023\/07\/Dento-Kan-Geiko-2023-400x297.png 400w, https:\/\/dento-budo-dojo.fr\/wp-content\/uploads\/2023\/07\/Dento-Kan-Geiko-2023-600x446.png 600w, https:\/\/dento-budo-dojo.fr\/wp-content\/uploads\/2023\/07\/Dento-Kan-Geiko-2023.png 700w\" sizes=\"(max-width: 700px) 100vw, 700px\" \/>\t\t\t\t\t\t\t\t<\/a>\n\t\t\t\t\t\t\t\t\t\t\t<figcaption class=\"widget-image-caption wp-caption-text\">Quelques pr\u00e9sents du Dento Budo Dojo.<\/figcaption>\n\t\t\t\t\t\t\t\t\t\t<\/figure>\n\t\t\t\t\t\t\t\t\t<\/div>\n\t\t\t\t<\/div>\n\t\t\t\t\t<\/div>\n\t\t<\/div>\n\t\t\t\t\t<\/div>\n\t\t<\/section>\n\t\t\t\t<section class=\"elementor-section elementor-top-section elementor-element elementor-element-02e46e3 elementor-section-boxed elementor-section-height-default elementor-section-height-default\" data-id=\"02e46e3\" data-element_type=\"section\" data-e-type=\"section\">\n\t\t\t\t\t\t<div class=\"elementor-container elementor-column-gap-default\">\n\t\t\t\t\t<div class=\"elementor-column elementor-col-100 elementor-top-column elementor-element elementor-element-38806ac\" data-id=\"38806ac\" data-element_type=\"column\" data-e-type=\"column\">\n\t\t\t<div class=\"elementor-widget-wrap elementor-element-populated\">\n\t\t\t\t\t\t<div class=\"elementor-element elementor-element-ee6f99d elementor-widget-divider--separator-type-pattern elementor-widget-divider--no-spacing elementor-widget-divider--view-line elementor-widget elementor-widget-divider\" data-id=\"ee6f99d\" data-element_type=\"widget\" data-e-type=\"widget\" data-widget_type=\"divider.default\">\n\t\t\t\t<div class=\"elementor-widget-container\">\n\t\t\t\t\t\t\t<div class=\"elementor-divider\" style=\"--divider-pattern-url: url(&quot;data:image\/svg+xml,%3Csvg xmlns=&#039;http:\/\/www.w3.org\/2000\/svg&#039; preserveAspectRatio=&#039;xMidYMid meet&#039; overflow=&#039;visible&#039; height=&#039;100%&#039; viewBox=&#039;0 0 126 26&#039; fill=&#039;black&#039; stroke=&#039;none&#039;%3E%3Cpath d=&#039;M3,10.2c2.6,0,2.6,2,2.6,3.2S4.4,16.5,3,16.5s-3-1.4-3-3.2S0.4,10.2,3,10.2z M18.8,10.2c1.7,0,3.2,1.4,3.2,3.2s-1.4,3.2-3.2,3.2c-1.7,0-3.2-1.4-3.2-3.2S17,10.2,18.8,10.2z M34.6,10.2c1.5,0,2.6,1.4,2.6,3.2s-0.5,3.2-1.9,3.2c-1.5,0-3.4-1.4-3.4-3.2S33.1,10.2,34.6,10.2z M50.5,10.2c1.7,0,3.2,1.4,3.2,3.2s-1.4,3.2-3.2,3.2c-1.7,0-3.3-0.9-3.3-2.6S48.7,10.2,50.5,10.2z M66.2,10.2c1.5,0,3.4,1.4,3.4,3.2s-1.9,3.2-3.4,3.2c-1.5,0-2.6-0.4-2.6-2.1S64.8,10.2,66.2,10.2z M82.2,10.2c1.7,0.8,2.6,1.4,2.6,3.2s-0.1,3.2-1.6,3.2c-1.5,0-3.7-1.4-3.7-3.2S80.5,9.4,82.2,10.2zM98.6,10.2c1.5,0,2.6,0.4,2.6,2.1s-1.2,4.2-2.6,4.2c-1.5,0-3.7-0.4-3.7-2.1S97.1,10.2,98.6,10.2z M113.4,10.2c1.2,0,2.2,0.9,2.2,3.2s-0.1,3.2-1.3,3.2s-3.1-1.4-3.1-3.2S112.2,10.2,113.4,10.2z&#039;\/%3E%3C\/svg%3E&quot;);\">\n\t\t\t<span class=\"elementor-divider-separator\">\n\t\t\t\t\t\t<\/span>\n\t\t<\/div>\n\t\t\t\t\t\t<\/div>\n\t\t\t\t<\/div>\n\t\t\t\t\t<\/div>\n\t\t<\/div>\n\t\t\t\t\t<\/div>\n\t\t<\/section>\n\t\t\t\t<section class=\"elementor-section elementor-top-section elementor-element elementor-element-7934901 elementor-section-boxed elementor-section-height-default elementor-section-height-default\" data-id=\"7934901\" data-element_type=\"section\" data-e-type=\"section\">\n\t\t\t\t\t\t<div class=\"elementor-container elementor-column-gap-default\">\n\t\t\t\t\t<div class=\"elementor-column elementor-col-100 elementor-top-column elementor-element elementor-element-6ad71bf\" data-id=\"6ad71bf\" data-element_type=\"column\" data-e-type=\"column\">\n\t\t\t<div class=\"elementor-widget-wrap elementor-element-populated\">\n\t\t\t\t\t\t<div class=\"elementor-element elementor-element-19db996 elementor-widget elementor-widget-heading\" data-id=\"19db996\" data-element_type=\"widget\" data-e-type=\"widget\" data-widget_type=\"heading.default\">\n\t\t\t\t<div class=\"elementor-widget-container\">\n\t\t\t\t\t<h1 class=\"elementor-heading-title elementor-size-default\">Une nouvelle ceinture noire...<\/h1>\t\t\t\t<\/div>\n\t\t\t\t<\/div>\n\t\t\t\t\t<\/div>\n\t\t<\/div>\n\t\t\t\t\t<\/div>\n\t\t<\/section>\n\t\t\t\t<section class=\"elementor-section elementor-top-section elementor-element elementor-element-0b0af0a elementor-section-boxed elementor-section-height-default elementor-section-height-default\" data-id=\"0b0af0a\" data-element_type=\"section\" data-e-type=\"section\">\n\t\t\t\t\t\t<div class=\"elementor-container elementor-column-gap-default\">\n\t\t\t\t\t<div class=\"elementor-column elementor-col-100 elementor-top-column elementor-element elementor-element-d80552b\" data-id=\"d80552b\" data-element_type=\"column\" data-e-type=\"column\">\n\t\t\t<div class=\"elementor-widget-wrap\">\n\t\t\t\t\t\t\t<\/div>\n\t\t<\/div>\n\t\t\t\t\t<\/div>\n\t\t<\/section>\n\t\t\t\t<section class=\"elementor-section elementor-top-section elementor-element elementor-element-ae15ade elementor-section-boxed elementor-section-height-default elementor-section-height-default\" data-id=\"ae15ade\" data-element_type=\"section\" data-e-type=\"section\">\n\t\t\t\t\t\t<div class=\"elementor-container elementor-column-gap-default\">\n\t\t\t\t\t<div class=\"elementor-column elementor-col-50 elementor-top-column elementor-element elementor-element-9918aa2\" data-id=\"9918aa2\" data-element_type=\"column\" data-e-type=\"column\">\n\t\t\t<div class=\"elementor-widget-wrap elementor-element-populated\">\n\t\t\t\t\t\t<div class=\"elementor-element elementor-element-b471c8a elementor-drop-cap-yes elementor-drop-cap-view-default elementor-widget elementor-widget-text-editor\" data-id=\"b471c8a\" data-element_type=\"widget\" data-e-type=\"widget\" data-settings=\"{&quot;drop_cap&quot;:&quot;yes&quot;}\" data-widget_type=\"text-editor.default\">\n\t\t\t\t<div class=\"elementor-widget-container\">\n\t\t\t\t\t\t\t\t\t<p>A<\/p><p>pr\u00e8s L\u00e9a l\u2019ann\u00e9e derni\u00e8re, suit sur ses traces Jean-Paul qui a pass\u00e9 sa ceinture noire avec succ\u00e8s ce samedi 25 mars 2023\u2026 Une certaine d\u00e9livrance apr\u00e8s ces ann\u00e9es de travail o\u00f9 l\u2019assiduit\u00e9, la constance, le s\u00e9rieux de son engagement furent mis \u00e0 l\u2019\u00e9preuve avec la crise sanitaire impactant la progression. N\u00e9anmoins, sa volont\u00e9 sans faille a eu raison ce qui a valu \u00e0 Jean-Paul sa r\u00e9ussite. Tous les membres du dojo furent heureux de son r\u00e9sultat apr\u00e8s tous ces efforts. F\u00e9licitations, de tous\u2026\u00a0!<\/p><p>Une ceinture noire n\u2019est jamais gratuite. Lui seul sait ce que cela signifie\u2026 Pourtant, lorsqu\u2019on commence la pratique du Karat\u00e9, on ne sait pas vraiment ce qui nous attend. La d\u00e9couverte s\u2019effectue au fur et \u00e0 mesure de son engagement, qui demande toujours plus, afin de perfectionner sa technique. C\u2019est l\u2019orientation que nous en donnons, dans un premier temps, et qui durera longtemps, jusqu\u2019\u00e0 ce que le corps, un jour, nous limitera, fatalement (pour le karat\u00e9ka qui ne cesse sa pratique) mais qui laissera place \u00e0 autre chose que la \u00ab\u00a0simple\u00a0\u00bb technique. C\u2019est ce qui fait du karat\u00e9, si on le pratique d\u2019une mani\u00e8re traditionnelle, et non sportive, sa v\u00e9ritable beaut\u00e9\u2026 maintenant \u00e0 d\u00e9couvrir, \u00e0 travers l\u2019\u00e9tude de cet Art martial.<\/p><p>Jean-Paul, bienvenu chez les Yudansha\u00a0! Bonne poursuite sur la route\u2026 o\u00f9 les \u00e9tapes ne manqueront pas, accompagn\u00e9es de son lot d\u2019interrogations.<\/p><p>\u00a0<\/p>\t\t\t\t\t\t\t\t<\/div>\n\t\t\t\t<\/div>\n\t\t\t\t\t<\/div>\n\t\t<\/div>\n\t\t\t\t<div class=\"elementor-column elementor-col-50 elementor-top-column elementor-element elementor-element-ef8575b\" data-id=\"ef8575b\" data-element_type=\"column\" data-e-type=\"column\">\n\t\t\t<div class=\"elementor-widget-wrap elementor-element-populated\">\n\t\t\t\t\t\t<div class=\"elementor-element elementor-element-d107e83 elementor-widget elementor-widget-image\" data-id=\"d107e83\" data-element_type=\"widget\" data-e-type=\"widget\" data-widget_type=\"image.default\">\n\t\t\t\t<div class=\"elementor-widget-container\">\n\t\t\t\t\t\t\t\t\t\t\t\t<figure class=\"wp-caption\">\n\t\t\t\t\t\t\t\t\t\t<img loading=\"lazy\" decoding=\"async\" width=\"1024\" height=\"1024\" src=\"https:\/\/dento-budo-dojo.fr\/wp-content\/uploads\/2023\/04\/Jean-Paul-et-Soke-Roland-Habersetzer-1024x1024.jpg\" class=\"attachment-large size-large wp-image-2697\" alt=\"Jean-Paul \u00e0 gauche recevant son dipl\u00f4me et les f\u00e9licitations de Sok\u00e9 Roland HABERSETZER pour son premier Dan.\" srcset=\"https:\/\/dento-budo-dojo.fr\/wp-content\/uploads\/2023\/04\/Jean-Paul-et-Soke-Roland-Habersetzer-66x66.jpg 66w, https:\/\/dento-budo-dojo.fr\/wp-content\/uploads\/2023\/04\/Jean-Paul-et-Soke-Roland-Habersetzer-150x150.jpg 150w, https:\/\/dento-budo-dojo.fr\/wp-content\/uploads\/2023\/04\/Jean-Paul-et-Soke-Roland-Habersetzer-200x200.jpg 200w, https:\/\/dento-budo-dojo.fr\/wp-content\/uploads\/2023\/04\/Jean-Paul-et-Soke-Roland-Habersetzer-300x300.jpg 300w, https:\/\/dento-budo-dojo.fr\/wp-content\/uploads\/2023\/04\/Jean-Paul-et-Soke-Roland-Habersetzer-400x400.jpg 400w, https:\/\/dento-budo-dojo.fr\/wp-content\/uploads\/2023\/04\/Jean-Paul-et-Soke-Roland-Habersetzer-600x600.jpg 600w, https:\/\/dento-budo-dojo.fr\/wp-content\/uploads\/2023\/04\/Jean-Paul-et-Soke-Roland-Habersetzer-768x768.jpg 768w, https:\/\/dento-budo-dojo.fr\/wp-content\/uploads\/2023\/04\/Jean-Paul-et-Soke-Roland-Habersetzer-800x800.jpg 800w, https:\/\/dento-budo-dojo.fr\/wp-content\/uploads\/2023\/04\/Jean-Paul-et-Soke-Roland-Habersetzer-1024x1024.jpg 1024w, https:\/\/dento-budo-dojo.fr\/wp-content\/uploads\/2023\/04\/Jean-Paul-et-Soke-Roland-Habersetzer-1200x1200.jpg 1200w, https:\/\/dento-budo-dojo.fr\/wp-content\/uploads\/2023\/04\/Jean-Paul-et-Soke-Roland-Habersetzer-1536x1536.jpg 1536w\" sizes=\"(max-width: 1024px) 100vw, 1024px\" \/>\t\t\t\t\t\t\t\t\t\t\t<figcaption class=\"widget-image-caption wp-caption-text\">Jean-Paul \u00e0 gauche recevant son dipl\u00f4me et les f\u00e9licitations de Sok\u00e9 Roland HABERSETZER pour son premier Dan.<\/figcaption>\n\t\t\t\t\t\t\t\t\t\t<\/figure>\n\t\t\t\t\t\t\t\t\t<\/div>\n\t\t\t\t<\/div>\n\t\t\t\t\t<\/div>\n\t\t<\/div>\n\t\t\t\t\t<\/div>\n\t\t<\/section>\n\t\t\t\t<section class=\"elementor-section elementor-top-section elementor-element elementor-element-0a2adad elementor-section-boxed elementor-section-height-default elementor-section-height-default\" data-id=\"0a2adad\" data-element_type=\"section\" data-e-type=\"section\">\n\t\t\t\t\t\t<div class=\"elementor-container elementor-column-gap-default\">\n\t\t\t\t\t<div class=\"elementor-column elementor-col-100 elementor-top-column elementor-element elementor-element-13cff60\" data-id=\"13cff60\" data-element_type=\"column\" data-e-type=\"column\">\n\t\t\t<div class=\"elementor-widget-wrap elementor-element-populated\">\n\t\t\t\t\t\t<div class=\"elementor-element elementor-element-96c5640 elementor-widget elementor-widget-image\" data-id=\"96c5640\" data-element_type=\"widget\" data-e-type=\"widget\" data-widget_type=\"image.default\">\n\t\t\t\t<div class=\"elementor-widget-container\">\n\t\t\t\t\t\t\t\t\t\t\t\t<figure class=\"wp-caption\">\n\t\t\t\t\t\t\t\t\t\t<img loading=\"lazy\" decoding=\"async\" width=\"1024\" height=\"639\" src=\"https:\/\/dento-budo-dojo.fr\/wp-content\/uploads\/2023\/04\/Jean-Paul-Buchert-1024x639.jpg\" class=\"attachment-large size-large wp-image-2696\" alt=\"Jean-Paul BUCHERT au centre avec son dipl\u00f4me de la ceinture noire, avec \u00e0 sa gauche Sok\u00e9 Roland HABERSETZER, entour\u00e9s eux-m\u00eames de Jacques FAIEFF et Alex HAUWAERT, experts du Tengu-ryu, et de Jean-Claude B\u00e9nis \u00e0 gauche et sensei du Dento Budo Dojo.\" srcset=\"https:\/\/dento-budo-dojo.fr\/wp-content\/uploads\/2023\/04\/Jean-Paul-Buchert-200x125.jpg 200w, https:\/\/dento-budo-dojo.fr\/wp-content\/uploads\/2023\/04\/Jean-Paul-Buchert-300x187.jpg 300w, https:\/\/dento-budo-dojo.fr\/wp-content\/uploads\/2023\/04\/Jean-Paul-Buchert-400x249.jpg 400w, https:\/\/dento-budo-dojo.fr\/wp-content\/uploads\/2023\/04\/Jean-Paul-Buchert-600x374.jpg 600w, https:\/\/dento-budo-dojo.fr\/wp-content\/uploads\/2023\/04\/Jean-Paul-Buchert-768x479.jpg 768w, https:\/\/dento-budo-dojo.fr\/wp-content\/uploads\/2023\/04\/Jean-Paul-Buchert-800x499.jpg 800w, https:\/\/dento-budo-dojo.fr\/wp-content\/uploads\/2023\/04\/Jean-Paul-Buchert-1024x639.jpg 1024w, https:\/\/dento-budo-dojo.fr\/wp-content\/uploads\/2023\/04\/Jean-Paul-Buchert-1200x748.jpg 1200w, https:\/\/dento-budo-dojo.fr\/wp-content\/uploads\/2023\/04\/Jean-Paul-Buchert-1536x958.jpg 1536w\" sizes=\"(max-width: 1024px) 100vw, 1024px\" \/>\t\t\t\t\t\t\t\t\t\t\t<figcaption class=\"widget-image-caption wp-caption-text\">De gauche \u00e0 droite, Jean-Claude B\u00e9nis, sensei du Dento Budo Dojo, Jacques FAIEFF, expert, Jean-Paul BUCHERT au centre avec son dipl\u00f4me de la ceinture noire, Sok\u00e9 Roland HABERSETZER, et Alex HAUWAERT, expert, tous du Tengu-ryu.<\/figcaption>\n\t\t\t\t\t\t\t\t\t\t<\/figure>\n\t\t\t\t\t\t\t\t\t<\/div>\n\t\t\t\t<\/div>\n\t\t\t\t\t<\/div>\n\t\t<\/div>\n\t\t\t\t\t<\/div>\n\t\t<\/section>\n\t\t\t\t<section class=\"elementor-section elementor-top-section elementor-element elementor-element-3fcface elementor-section-boxed elementor-section-height-default elementor-section-height-default\" data-id=\"3fcface\" data-element_type=\"section\" data-e-type=\"section\">\n\t\t\t\t\t\t<div class=\"elementor-container elementor-column-gap-default\">\n\t\t\t\t\t<div class=\"elementor-column elementor-col-25 elementor-top-column elementor-element elementor-element-8438c1e\" data-id=\"8438c1e\" data-element_type=\"column\" data-e-type=\"column\">\n\t\t\t<div class=\"elementor-widget-wrap elementor-element-populated\">\n\t\t\t\t\t\t<div class=\"elementor-element elementor-element-ad50708 elementor-widget elementor-widget-image\" data-id=\"ad50708\" data-element_type=\"widget\" data-e-type=\"widget\" data-widget_type=\"image.default\">\n\t\t\t\t<div class=\"elementor-widget-container\">\n\t\t\t\t\t\t\t\t\t\t\t\t<figure class=\"wp-caption\">\n\t\t\t\t\t\t\t\t\t\t<img loading=\"lazy\" decoding=\"async\" width=\"1024\" height=\"1024\" src=\"https:\/\/dento-budo-dojo.fr\/wp-content\/uploads\/2023\/04\/Jean-Paul-age-uke-1024x1024.jpg\" class=\"attachment-large size-large wp-image-2700\" alt=\"Jean-Paul Buchert ex\u00e9cutant age-uke.\" srcset=\"https:\/\/dento-budo-dojo.fr\/wp-content\/uploads\/2023\/04\/Jean-Paul-age-uke-66x66.jpg 66w, https:\/\/dento-budo-dojo.fr\/wp-content\/uploads\/2023\/04\/Jean-Paul-age-uke-150x150.jpg 150w, https:\/\/dento-budo-dojo.fr\/wp-content\/uploads\/2023\/04\/Jean-Paul-age-uke-200x200.jpg 200w, https:\/\/dento-budo-dojo.fr\/wp-content\/uploads\/2023\/04\/Jean-Paul-age-uke-300x300.jpg 300w, https:\/\/dento-budo-dojo.fr\/wp-content\/uploads\/2023\/04\/Jean-Paul-age-uke-400x400.jpg 400w, https:\/\/dento-budo-dojo.fr\/wp-content\/uploads\/2023\/04\/Jean-Paul-age-uke-600x600.jpg 600w, https:\/\/dento-budo-dojo.fr\/wp-content\/uploads\/2023\/04\/Jean-Paul-age-uke-768x768.jpg 768w, https:\/\/dento-budo-dojo.fr\/wp-content\/uploads\/2023\/04\/Jean-Paul-age-uke-800x800.jpg 800w, https:\/\/dento-budo-dojo.fr\/wp-content\/uploads\/2023\/04\/Jean-Paul-age-uke-1024x1024.jpg 1024w, https:\/\/dento-budo-dojo.fr\/wp-content\/uploads\/2023\/04\/Jean-Paul-age-uke-1200x1200.jpg 1200w, https:\/\/dento-budo-dojo.fr\/wp-content\/uploads\/2023\/04\/Jean-Paul-age-uke-1536x1536.jpg 1536w\" sizes=\"(max-width: 1024px) 100vw, 1024px\" \/>\t\t\t\t\t\t\t\t\t\t\t<figcaption class=\"widget-image-caption wp-caption-text\">Jean-Paul Buchert ex\u00e9cutant age-uke...<\/figcaption>\n\t\t\t\t\t\t\t\t\t\t<\/figure>\n\t\t\t\t\t\t\t\t\t<\/div>\n\t\t\t\t<\/div>\n\t\t\t\t\t<\/div>\n\t\t<\/div>\n\t\t\t\t<div class=\"elementor-column elementor-col-25 elementor-top-column elementor-element elementor-element-ea3e42a\" data-id=\"ea3e42a\" data-element_type=\"column\" data-e-type=\"column\">\n\t\t\t<div class=\"elementor-widget-wrap elementor-element-populated\">\n\t\t\t\t\t\t<div class=\"elementor-element elementor-element-7ed5236 elementor-widget elementor-widget-image\" data-id=\"7ed5236\" data-element_type=\"widget\" data-e-type=\"widget\" data-widget_type=\"image.default\">\n\t\t\t\t<div class=\"elementor-widget-container\">\n\t\t\t\t\t\t\t\t\t\t\t\t<figure class=\"wp-caption\">\n\t\t\t\t\t\t\t\t\t\t<img loading=\"lazy\" decoding=\"async\" width=\"1024\" height=\"1024\" src=\"https:\/\/dento-budo-dojo.fr\/wp-content\/uploads\/2023\/04\/Jean-Paul-soto-uke-1024x1024.jpg\" class=\"attachment-large size-large wp-image-2701\" alt=\"Jean-Paul Buchert ex\u00e9cutant soto-uke.\" srcset=\"https:\/\/dento-budo-dojo.fr\/wp-content\/uploads\/2023\/04\/Jean-Paul-soto-uke-66x66.jpg 66w, https:\/\/dento-budo-dojo.fr\/wp-content\/uploads\/2023\/04\/Jean-Paul-soto-uke-150x150.jpg 150w, https:\/\/dento-budo-dojo.fr\/wp-content\/uploads\/2023\/04\/Jean-Paul-soto-uke-200x200.jpg 200w, https:\/\/dento-budo-dojo.fr\/wp-content\/uploads\/2023\/04\/Jean-Paul-soto-uke-300x300.jpg 300w, https:\/\/dento-budo-dojo.fr\/wp-content\/uploads\/2023\/04\/Jean-Paul-soto-uke-400x400.jpg 400w, https:\/\/dento-budo-dojo.fr\/wp-content\/uploads\/2023\/04\/Jean-Paul-soto-uke-600x600.jpg 600w, https:\/\/dento-budo-dojo.fr\/wp-content\/uploads\/2023\/04\/Jean-Paul-soto-uke-768x768.jpg 768w, https:\/\/dento-budo-dojo.fr\/wp-content\/uploads\/2023\/04\/Jean-Paul-soto-uke-800x800.jpg 800w, https:\/\/dento-budo-dojo.fr\/wp-content\/uploads\/2023\/04\/Jean-Paul-soto-uke-1024x1024.jpg 1024w, https:\/\/dento-budo-dojo.fr\/wp-content\/uploads\/2023\/04\/Jean-Paul-soto-uke-1200x1200.jpg 1200w, https:\/\/dento-budo-dojo.fr\/wp-content\/uploads\/2023\/04\/Jean-Paul-soto-uke-1536x1536.jpg 1536w\" sizes=\"(max-width: 1024px) 100vw, 1024px\" \/>\t\t\t\t\t\t\t\t\t\t\t<figcaption class=\"widget-image-caption wp-caption-text\">soto-uke...<\/figcaption>\n\t\t\t\t\t\t\t\t\t\t<\/figure>\n\t\t\t\t\t\t\t\t\t<\/div>\n\t\t\t\t<\/div>\n\t\t\t\t\t<\/div>\n\t\t<\/div>\n\t\t\t\t<div class=\"elementor-column elementor-col-25 elementor-top-column elementor-element elementor-element-d1ed4f7\" data-id=\"d1ed4f7\" data-element_type=\"column\" data-e-type=\"column\">\n\t\t\t<div class=\"elementor-widget-wrap elementor-element-populated\">\n\t\t\t\t\t\t<div class=\"elementor-element elementor-element-5bbc15f elementor-widget elementor-widget-image\" data-id=\"5bbc15f\" data-element_type=\"widget\" data-e-type=\"widget\" data-widget_type=\"image.default\">\n\t\t\t\t<div class=\"elementor-widget-container\">\n\t\t\t\t\t\t\t\t\t\t\t\t<figure class=\"wp-caption\">\n\t\t\t\t\t\t\t\t\t\t<img loading=\"lazy\" decoding=\"async\" width=\"1024\" height=\"1024\" src=\"https:\/\/dento-budo-dojo.fr\/wp-content\/uploads\/2023\/04\/Jean-Paul-uchi-uke-1024x1024.jpg\" class=\"attachment-large size-large wp-image-2703\" alt=\"Jean-Paul Buchert ex\u00e9cutant uchi-uke.\" srcset=\"https:\/\/dento-budo-dojo.fr\/wp-content\/uploads\/2023\/04\/Jean-Paul-uchi-uke-66x66.jpg 66w, https:\/\/dento-budo-dojo.fr\/wp-content\/uploads\/2023\/04\/Jean-Paul-uchi-uke-150x150.jpg 150w, https:\/\/dento-budo-dojo.fr\/wp-content\/uploads\/2023\/04\/Jean-Paul-uchi-uke-200x200.jpg 200w, https:\/\/dento-budo-dojo.fr\/wp-content\/uploads\/2023\/04\/Jean-Paul-uchi-uke-300x300.jpg 300w, https:\/\/dento-budo-dojo.fr\/wp-content\/uploads\/2023\/04\/Jean-Paul-uchi-uke-400x400.jpg 400w, https:\/\/dento-budo-dojo.fr\/wp-content\/uploads\/2023\/04\/Jean-Paul-uchi-uke-600x600.jpg 600w, https:\/\/dento-budo-dojo.fr\/wp-content\/uploads\/2023\/04\/Jean-Paul-uchi-uke-768x768.jpg 768w, https:\/\/dento-budo-dojo.fr\/wp-content\/uploads\/2023\/04\/Jean-Paul-uchi-uke-800x800.jpg 800w, https:\/\/dento-budo-dojo.fr\/wp-content\/uploads\/2023\/04\/Jean-Paul-uchi-uke-1024x1024.jpg 1024w, https:\/\/dento-budo-dojo.fr\/wp-content\/uploads\/2023\/04\/Jean-Paul-uchi-uke-1200x1200.jpg 1200w, https:\/\/dento-budo-dojo.fr\/wp-content\/uploads\/2023\/04\/Jean-Paul-uchi-uke-1536x1536.jpg 1536w\" sizes=\"(max-width: 1024px) 100vw, 1024px\" \/>\t\t\t\t\t\t\t\t\t\t\t<figcaption class=\"widget-image-caption wp-caption-text\">uchi-uke...<\/figcaption>\n\t\t\t\t\t\t\t\t\t\t<\/figure>\n\t\t\t\t\t\t\t\t\t<\/div>\n\t\t\t\t<\/div>\n\t\t\t\t\t<\/div>\n\t\t<\/div>\n\t\t\t\t<div class=\"elementor-column elementor-col-25 elementor-top-column elementor-element elementor-element-409c30f\" data-id=\"409c30f\" data-element_type=\"column\" data-e-type=\"column\">\n\t\t\t<div class=\"elementor-widget-wrap elementor-element-populated\">\n\t\t\t\t\t\t<div class=\"elementor-element elementor-element-6e72e59 elementor-widget elementor-widget-image\" data-id=\"6e72e59\" data-element_type=\"widget\" data-e-type=\"widget\" data-widget_type=\"image.default\">\n\t\t\t\t<div class=\"elementor-widget-container\">\n\t\t\t\t\t\t\t\t\t\t\t\t<figure class=\"wp-caption\">\n\t\t\t\t\t\t\t\t\t\t<img loading=\"lazy\" decoding=\"async\" width=\"1024\" height=\"1024\" src=\"https:\/\/dento-budo-dojo.fr\/wp-content\/uploads\/2023\/04\/Jean-Paul-tsuki-waza-1024x1024.jpg\" class=\"attachment-large size-large wp-image-2702\" alt=\"Jean-Paul Buchert en d\u00e9placement apr\u00e8s tsuki-waza.\" srcset=\"https:\/\/dento-budo-dojo.fr\/wp-content\/uploads\/2023\/04\/Jean-Paul-tsuki-waza-66x66.jpg 66w, https:\/\/dento-budo-dojo.fr\/wp-content\/uploads\/2023\/04\/Jean-Paul-tsuki-waza-150x150.jpg 150w, https:\/\/dento-budo-dojo.fr\/wp-content\/uploads\/2023\/04\/Jean-Paul-tsuki-waza-200x200.jpg 200w, https:\/\/dento-budo-dojo.fr\/wp-content\/uploads\/2023\/04\/Jean-Paul-tsuki-waza-300x300.jpg 300w, https:\/\/dento-budo-dojo.fr\/wp-content\/uploads\/2023\/04\/Jean-Paul-tsuki-waza-400x400.jpg 400w, https:\/\/dento-budo-dojo.fr\/wp-content\/uploads\/2023\/04\/Jean-Paul-tsuki-waza-600x600.jpg 600w, https:\/\/dento-budo-dojo.fr\/wp-content\/uploads\/2023\/04\/Jean-Paul-tsuki-waza-768x768.jpg 768w, https:\/\/dento-budo-dojo.fr\/wp-content\/uploads\/2023\/04\/Jean-Paul-tsuki-waza-800x800.jpg 800w, https:\/\/dento-budo-dojo.fr\/wp-content\/uploads\/2023\/04\/Jean-Paul-tsuki-waza-1024x1024.jpg 1024w, https:\/\/dento-budo-dojo.fr\/wp-content\/uploads\/2023\/04\/Jean-Paul-tsuki-waza-1200x1200.jpg 1200w, https:\/\/dento-budo-dojo.fr\/wp-content\/uploads\/2023\/04\/Jean-Paul-tsuki-waza-1536x1536.jpg 1536w\" sizes=\"(max-width: 1024px) 100vw, 1024px\" \/>\t\t\t\t\t\t\t\t\t\t\t<figcaption class=\"widget-image-caption wp-caption-text\">et en d\u00e9placement apr\u00e8s un tsuki waza.<\/figcaption>\n\t\t\t\t\t\t\t\t\t\t<\/figure>\n\t\t\t\t\t\t\t\t\t<\/div>\n\t\t\t\t<\/div>\n\t\t\t\t\t<\/div>\n\t\t<\/div>\n\t\t\t\t\t<\/div>\n\t\t<\/section>\n\t\t\t\t<section class=\"elementor-section elementor-top-section elementor-element elementor-element-64e61ef elementor-section-boxed elementor-section-height-default elementor-section-height-default\" data-id=\"64e61ef\" data-element_type=\"section\" data-e-type=\"section\">\n\t\t\t\t\t\t<div class=\"elementor-container elementor-column-gap-default\">\n\t\t\t\t\t<div class=\"elementor-column elementor-col-100 elementor-top-column elementor-element elementor-element-f3e5053\" data-id=\"f3e5053\" data-element_type=\"column\" data-e-type=\"column\">\n\t\t\t<div class=\"elementor-widget-wrap elementor-element-populated\">\n\t\t\t\t\t\t<div class=\"elementor-element elementor-element-cce650b elementor-widget elementor-widget-spacer\" data-id=\"cce650b\" data-element_type=\"widget\" data-e-type=\"widget\" data-widget_type=\"spacer.default\">\n\t\t\t\t<div class=\"elementor-widget-container\">\n\t\t\t\t\t\t\t<div class=\"elementor-spacer\">\n\t\t\t<div class=\"elementor-spacer-inner\"><\/div>\n\t\t<\/div>\n\t\t\t\t\t\t<\/div>\n\t\t\t\t<\/div>\n\t\t\t\t\t<\/div>\n\t\t<\/div>\n\t\t\t\t\t<\/div>\n\t\t<\/section>\n\t\t\t\t<section class=\"elementor-section elementor-top-section elementor-element elementor-element-ad3ec13 elementor-section-boxed elementor-section-height-default elementor-section-height-default\" data-id=\"ad3ec13\" data-element_type=\"section\" data-e-type=\"section\">\n\t\t\t\t\t\t<div class=\"elementor-container elementor-column-gap-default\">\n\t\t\t\t\t<div class=\"elementor-column elementor-col-100 elementor-top-column elementor-element elementor-element-8760571\" data-id=\"8760571\" data-element_type=\"column\" data-e-type=\"column\">\n\t\t\t<div class=\"elementor-widget-wrap elementor-element-populated\">\n\t\t\t\t\t\t<div class=\"elementor-element elementor-element-4b423da elementor-widget elementor-widget-heading\" data-id=\"4b423da\" data-element_type=\"widget\" data-e-type=\"widget\" data-widget_type=\"heading.default\">\n\t\t\t\t<div class=\"elementor-widget-container\">\n\t\t\t\t\t<h1 class=\"elementor-heading-title elementor-size-default\">... Notre stage Koshiki-Kata...<\/h1>\t\t\t\t<\/div>\n\t\t\t\t<\/div>\n\t\t\t\t\t<\/div>\n\t\t<\/div>\n\t\t\t\t\t<\/div>\n\t\t<\/section>\n\t\t\t\t<section class=\"elementor-section elementor-top-section elementor-element elementor-element-917fef9 elementor-section-boxed elementor-section-height-default elementor-section-height-default\" data-id=\"917fef9\" data-element_type=\"section\" data-e-type=\"section\">\n\t\t\t\t\t\t<div class=\"elementor-container elementor-column-gap-default\">\n\t\t\t\t\t<div class=\"elementor-column elementor-col-100 elementor-top-column elementor-element elementor-element-a14b2e3\" data-id=\"a14b2e3\" data-element_type=\"column\" data-e-type=\"column\">\n\t\t\t<div class=\"elementor-widget-wrap elementor-element-populated\">\n\t\t\t\t\t\t<div class=\"elementor-element elementor-element-5e262d2 elementor-widget elementor-widget-image\" data-id=\"5e262d2\" data-element_type=\"widget\" data-e-type=\"widget\" data-widget_type=\"image.default\">\n\t\t\t\t<div class=\"elementor-widget-container\">\n\t\t\t\t\t\t\t\t\t\t\t\t<figure class=\"wp-caption\">\n\t\t\t\t\t\t\t\t\t\t<img loading=\"lazy\" decoding=\"async\" width=\"1024\" height=\"299\" src=\"https:\/\/dento-budo-dojo.fr\/wp-content\/uploads\/2023\/04\/Groupe-Koshiki-2023-1024x299.jpg\" class=\"attachment-large size-large wp-image-2698\" alt=\"Groupe Koshiki 2023\" srcset=\"https:\/\/dento-budo-dojo.fr\/wp-content\/uploads\/2023\/04\/Groupe-Koshiki-2023-200x58.jpg 200w, https:\/\/dento-budo-dojo.fr\/wp-content\/uploads\/2023\/04\/Groupe-Koshiki-2023-300x88.jpg 300w, https:\/\/dento-budo-dojo.fr\/wp-content\/uploads\/2023\/04\/Groupe-Koshiki-2023-400x117.jpg 400w, https:\/\/dento-budo-dojo.fr\/wp-content\/uploads\/2023\/04\/Groupe-Koshiki-2023-600x175.jpg 600w, https:\/\/dento-budo-dojo.fr\/wp-content\/uploads\/2023\/04\/Groupe-Koshiki-2023-768x224.jpg 768w, https:\/\/dento-budo-dojo.fr\/wp-content\/uploads\/2023\/04\/Groupe-Koshiki-2023-800x234.jpg 800w, https:\/\/dento-budo-dojo.fr\/wp-content\/uploads\/2023\/04\/Groupe-Koshiki-2023-1024x299.jpg 1024w, https:\/\/dento-budo-dojo.fr\/wp-content\/uploads\/2023\/04\/Groupe-Koshiki-2023-1200x351.jpg 1200w, https:\/\/dento-budo-dojo.fr\/wp-content\/uploads\/2023\/04\/Groupe-Koshiki-2023-1536x449.jpg 1536w\" sizes=\"(max-width: 1024px) 100vw, 1024px\" \/>\t\t\t\t\t\t\t\t\t\t\t<figcaption class=\"widget-image-caption wp-caption-text\">Groupe Koshiki 2023<\/figcaption>\n\t\t\t\t\t\t\t\t\t\t<\/figure>\n\t\t\t\t\t\t\t\t\t<\/div>\n\t\t\t\t<\/div>\n\t\t\t\t\t<\/div>\n\t\t<\/div>\n\t\t\t\t\t<\/div>\n\t\t<\/section>\n\t\t\t\t<section class=\"elementor-section elementor-top-section elementor-element elementor-element-8ba2309 elementor-section-boxed elementor-section-height-default elementor-section-height-default\" data-id=\"8ba2309\" data-element_type=\"section\" data-e-type=\"section\">\n\t\t\t\t\t\t<div class=\"elementor-container elementor-column-gap-default\">\n\t\t\t\t\t<div class=\"elementor-column elementor-col-50 elementor-top-column elementor-element elementor-element-7938102\" data-id=\"7938102\" data-element_type=\"column\" data-e-type=\"column\">\n\t\t\t<div class=\"elementor-widget-wrap elementor-element-populated\">\n\t\t\t\t\t\t<div class=\"elementor-element elementor-element-17dbe5e elementor-widget elementor-widget-spacer\" data-id=\"17dbe5e\" data-element_type=\"widget\" data-e-type=\"widget\" data-widget_type=\"spacer.default\">\n\t\t\t\t<div class=\"elementor-widget-container\">\n\t\t\t\t\t\t\t<div class=\"elementor-spacer\">\n\t\t\t<div class=\"elementor-spacer-inner\"><\/div>\n\t\t<\/div>\n\t\t\t\t\t\t<\/div>\n\t\t\t\t<\/div>\n\t\t\t\t<div class=\"elementor-element elementor-element-bb342ac elementor-drop-cap-yes elementor-drop-cap-view-default elementor-widget elementor-widget-text-editor\" data-id=\"bb342ac\" data-element_type=\"widget\" data-e-type=\"widget\" data-settings=\"{&quot;drop_cap&quot;:&quot;yes&quot;}\" data-widget_type=\"text-editor.default\">\n\t\t\t\t<div class=\"elementor-widget-container\">\n\t\t\t\t\t\t\t\t\t<p>L\u2019habituel stage Koshiki-katas eut lieu en ce mois de mars, date \u00e0 laquelle nous \u00e9tions habitu\u00e9s avant la crise li\u00e9e \u00e0 la propagation du Covid. Malgr\u00e9 l\u2019augmentation du co\u00fbt de la vie, que ce soit pour se loger ou se d\u00e9placer, nombreux <em>tengukas<\/em> furent pr\u00e9sents. On ne peut que se f\u00e9liciter de cette flamme qui anime chacun pour approfondir ce chemin qu\u2019ont emprunt\u00e9 nos a\u00een\u00e9s. L\u2019actualit\u00e9 nous montre tant d\u2019incertitude o\u00f9 le monde peut basculer tr\u00e8s vite dans peut-\u00eatre quelque chose d\u2019inimaginable\u2026 Souhaitons que notre pratique, celle du Tengu-ryu, qui en reposant sur des connaissances anciennes, par les koshiki-katas par exemple, mais r\u00e9actualis\u00e9es au monde moderne puisse nous aider \u00e0 davantage d\u2019encrage pour prendre de bonnes d\u00e9cisions dans l\u2019avenir, tout en gardant ce qui nous tient \u00e0 c\u0153ur, transmettre des valeurs \u00e9ducatives que nos soci\u00e9t\u00e9s modernes tendent \u00e0 perdre\u2026<\/p><p>La pratique du Koshiki-kata, c\u2019est aussi un clin d\u2019\u0153il au respect de tr\u00e9sors transmis gr\u00e2ce aux ma\u00eetres d\u2019un autre temps\u2026 afin d\u2019aider les futures g\u00e9n\u00e9rations. Souhaitons que ce regard se tourne davantage vers l\u2019int\u00e9rieur, sans oublier pour autant celui port\u00e9 autour de soi.<\/p>\t\t\t\t\t\t\t\t<\/div>\n\t\t\t\t<\/div>\n\t\t\t\t\t<\/div>\n\t\t<\/div>\n\t\t\t\t<div class=\"elementor-column elementor-col-50 elementor-top-column elementor-element elementor-element-091f9b3\" data-id=\"091f9b3\" data-element_type=\"column\" data-e-type=\"column\">\n\t\t\t<div class=\"elementor-widget-wrap elementor-element-populated\">\n\t\t\t\t\t\t<div class=\"elementor-element elementor-element-844b478 elementor-widget elementor-widget-image\" data-id=\"844b478\" data-element_type=\"widget\" data-e-type=\"widget\" data-widget_type=\"image.default\">\n\t\t\t\t<div class=\"elementor-widget-container\">\n\t\t\t\t\t\t\t\t\t\t\t\t<figure class=\"wp-caption\">\n\t\t\t\t\t\t\t\t\t\t<img loading=\"lazy\" decoding=\"async\" width=\"1024\" height=\"768\" src=\"https:\/\/dento-budo-dojo.fr\/wp-content\/uploads\/2023\/04\/Stagiaires-du-Dento-Budo-Dojo-1024x768.jpg\" class=\"attachment-large size-large wp-image-2699\" alt=\"Les stagiaires du Dento Budo Dojo pour ce rendez-vous incontournable en compagnie de O-sensei Roland HABERSETZER, sok\u00e9 du Tengu-ryu.\" srcset=\"https:\/\/dento-budo-dojo.fr\/wp-content\/uploads\/2023\/04\/Stagiaires-du-Dento-Budo-Dojo-200x150.jpg 200w, https:\/\/dento-budo-dojo.fr\/wp-content\/uploads\/2023\/04\/Stagiaires-du-Dento-Budo-Dojo-300x225.jpg 300w, https:\/\/dento-budo-dojo.fr\/wp-content\/uploads\/2023\/04\/Stagiaires-du-Dento-Budo-Dojo-400x300.jpg 400w, https:\/\/dento-budo-dojo.fr\/wp-content\/uploads\/2023\/04\/Stagiaires-du-Dento-Budo-Dojo-600x450.jpg 600w, https:\/\/dento-budo-dojo.fr\/wp-content\/uploads\/2023\/04\/Stagiaires-du-Dento-Budo-Dojo-768x576.jpg 768w, https:\/\/dento-budo-dojo.fr\/wp-content\/uploads\/2023\/04\/Stagiaires-du-Dento-Budo-Dojo-800x600.jpg 800w, https:\/\/dento-budo-dojo.fr\/wp-content\/uploads\/2023\/04\/Stagiaires-du-Dento-Budo-Dojo-1024x768.jpg 1024w, https:\/\/dento-budo-dojo.fr\/wp-content\/uploads\/2023\/04\/Stagiaires-du-Dento-Budo-Dojo-1200x900.jpg 1200w, https:\/\/dento-budo-dojo.fr\/wp-content\/uploads\/2023\/04\/Stagiaires-du-Dento-Budo-Dojo-1536x1152.jpg 1536w\" sizes=\"(max-width: 1024px) 100vw, 1024px\" \/>\t\t\t\t\t\t\t\t\t\t\t<figcaption class=\"widget-image-caption wp-caption-text\">Les stagiaires du Dento Budo Dojo pour ce rendez-vous incontournable en compagnie de O-sensei Roland HABERSETZER.<\/figcaption>\n\t\t\t\t\t\t\t\t\t\t<\/figure>\n\t\t\t\t\t\t\t\t\t<\/div>\n\t\t\t\t<\/div>\n\t\t\t\t\t<\/div>\n\t\t<\/div>\n\t\t\t\t\t<\/div>\n\t\t<\/section>\n\t\t\t\t<section class=\"elementor-section elementor-top-section elementor-element elementor-element-7532f19 elementor-section-boxed elementor-section-height-default elementor-section-height-default\" data-id=\"7532f19\" data-element_type=\"section\" data-e-type=\"section\">\n\t\t\t\t\t\t<div class=\"elementor-container elementor-column-gap-default\">\n\t\t\t\t\t<div class=\"elementor-column elementor-col-100 elementor-top-column elementor-element elementor-element-0c900ae\" data-id=\"0c900ae\" data-element_type=\"column\" data-e-type=\"column\">\n\t\t\t<div class=\"elementor-widget-wrap elementor-element-populated\">\n\t\t\t\t\t\t<div class=\"elementor-element elementor-element-69f3759 elementor-widget elementor-widget-spacer\" data-id=\"69f3759\" data-element_type=\"widget\" data-e-type=\"widget\" data-widget_type=\"spacer.default\">\n\t\t\t\t<div class=\"elementor-widget-container\">\n\t\t\t\t\t\t\t<div class=\"elementor-spacer\">\n\t\t\t<div class=\"elementor-spacer-inner\"><\/div>\n\t\t<\/div>\n\t\t\t\t\t\t<\/div>\n\t\t\t\t<\/div>\n\t\t\t\t\t<\/div>\n\t\t<\/div>\n\t\t\t\t\t<\/div>\n\t\t<\/section>\n\t\t\t\t<section class=\"elementor-section elementor-top-section elementor-element elementor-element-a9a7352 elementor-section-boxed elementor-section-height-default elementor-section-height-default\" data-id=\"a9a7352\" data-element_type=\"section\" data-e-type=\"section\">\n\t\t\t\t\t\t<div class=\"elementor-container elementor-column-gap-default\">\n\t\t\t\t\t<div class=\"elementor-column elementor-col-100 elementor-top-column elementor-element elementor-element-16c1a22\" data-id=\"16c1a22\" data-element_type=\"column\" data-e-type=\"column\">\n\t\t\t<div class=\"elementor-widget-wrap elementor-element-populated\">\n\t\t\t\t\t\t<div class=\"elementor-element elementor-element-bd1af80 elementor-widget elementor-widget-heading\" data-id=\"bd1af80\" data-element_type=\"widget\" data-e-type=\"widget\" data-widget_type=\"heading.default\">\n\t\t\t\t<div class=\"elementor-widget-container\">\n\t\t\t\t\t<h1 class=\"elementor-heading-title elementor-size-default\">Voeux du pr\u00e9sident<\/h1>\t\t\t\t<\/div>\n\t\t\t\t<\/div>\n\t\t\t\t\t<\/div>\n\t\t<\/div>\n\t\t\t\t\t<\/div>\n\t\t<\/section>\n\t\t\t\t<section class=\"elementor-section elementor-top-section elementor-element elementor-element-ed2721e elementor-section-boxed elementor-section-height-default elementor-section-height-default\" data-id=\"ed2721e\" data-element_type=\"section\" data-e-type=\"section\">\n\t\t\t\t\t\t<div class=\"elementor-container elementor-column-gap-default\">\n\t\t\t\t\t<div class=\"elementor-column elementor-col-100 elementor-top-column elementor-element elementor-element-746247e\" data-id=\"746247e\" data-element_type=\"column\" data-e-type=\"column\">\n\t\t\t<div class=\"elementor-widget-wrap\">\n\t\t\t\t\t\t\t<\/div>\n\t\t<\/div>\n\t\t\t\t\t<\/div>\n\t\t<\/section>\n\t\t\t\t<section class=\"elementor-section elementor-top-section elementor-element elementor-element-70bac1b elementor-section-boxed elementor-section-height-default elementor-section-height-default\" data-id=\"70bac1b\" data-element_type=\"section\" data-e-type=\"section\">\n\t\t\t\t\t\t<div class=\"elementor-container elementor-column-gap-default\">\n\t\t\t\t\t<div class=\"elementor-column elementor-col-100 elementor-top-column elementor-element elementor-element-de97662\" data-id=\"de97662\" data-element_type=\"column\" data-e-type=\"column\">\n\t\t\t<div class=\"elementor-widget-wrap elementor-element-populated\">\n\t\t\t\t\t\t<div class=\"elementor-element elementor-element-2f2f470 elementor-widget elementor-widget-image\" data-id=\"2f2f470\" data-element_type=\"widget\" data-e-type=\"widget\" data-widget_type=\"image.default\">\n\t\t\t\t<div class=\"elementor-widget-container\">\n\t\t\t\t\t\t\t\t\t\t\t\t<figure class=\"wp-caption\">\n\t\t\t\t\t\t\t\t\t\t\t<a href=\"http:\/\/dento-budo-dojo.fr\/wp-content\/uploads\/2019\/12\/voeux-2023.png\" data-elementor-open-lightbox=\"yes\" data-elementor-lightbox-title=\"voeux 2023\" data-elementor-lightbox-description=\"Bonne ann\u00e9e 2023 ! Quelle vous soit remplie de belles choses...\" data-e-action-hash=\"#elementor-action%3Aaction%3Dlightbox%26settings%3DeyJpZCI6MjYzNCwidXJsIjoiaHR0cHM6XC9cL2RlbnRvLWJ1ZG8tZG9qby5mclwvd3AtY29udGVudFwvdXBsb2Fkc1wvMjAxOVwvMTJcL3ZvZXV4LTIwMjMucG5nIn0%3D\">\n\t\t\t\t\t\t\t<img loading=\"lazy\" decoding=\"async\" width=\"1024\" height=\"314\" src=\"https:\/\/dento-budo-dojo.fr\/wp-content\/uploads\/2019\/12\/voeux-2023-1024x314.png\" class=\"attachment-large size-large wp-image-2634\" alt=\"Bonne ann\u00e9e 2023 ! Quelle vous soit remplis de belles choses...\" srcset=\"https:\/\/dento-budo-dojo.fr\/wp-content\/uploads\/2019\/12\/voeux-2023-200x61.png 200w, https:\/\/dento-budo-dojo.fr\/wp-content\/uploads\/2019\/12\/voeux-2023-300x92.png 300w, https:\/\/dento-budo-dojo.fr\/wp-content\/uploads\/2019\/12\/voeux-2023-400x123.png 400w, https:\/\/dento-budo-dojo.fr\/wp-content\/uploads\/2019\/12\/voeux-2023-600x184.png 600w, https:\/\/dento-budo-dojo.fr\/wp-content\/uploads\/2019\/12\/voeux-2023-768x235.png 768w, https:\/\/dento-budo-dojo.fr\/wp-content\/uploads\/2019\/12\/voeux-2023-800x245.png 800w, https:\/\/dento-budo-dojo.fr\/wp-content\/uploads\/2019\/12\/voeux-2023-1024x314.png 1024w, https:\/\/dento-budo-dojo.fr\/wp-content\/uploads\/2019\/12\/voeux-2023-1200x368.png 1200w, https:\/\/dento-budo-dojo.fr\/wp-content\/uploads\/2019\/12\/voeux-2023-1536x471.png 1536w\" sizes=\"(max-width: 1024px) 100vw, 1024px\" \/>\t\t\t\t\t\t\t\t<\/a>\n\t\t\t\t\t\t\t\t\t\t\t<figcaption class=\"widget-image-caption wp-caption-text\">Bonne ann\u00e9e 2023 ! Qu'elle vous soit remplie de belles choses...<\/figcaption>\n\t\t\t\t\t\t\t\t\t\t<\/figure>\n\t\t\t\t\t\t\t\t\t<\/div>\n\t\t\t\t<\/div>\n\t\t\t\t\t<\/div>\n\t\t<\/div>\n\t\t\t\t\t<\/div>\n\t\t<\/section>\n\t\t\t\t<section class=\"elementor-section elementor-top-section elementor-element elementor-element-56a62db elementor-section-boxed elementor-section-height-default elementor-section-height-default\" data-id=\"56a62db\" data-element_type=\"section\" data-e-type=\"section\">\n\t\t\t\t\t\t<div class=\"elementor-container elementor-column-gap-default\">\n\t\t\t\t\t<div class=\"elementor-column elementor-col-100 elementor-top-column elementor-element elementor-element-625d364\" data-id=\"625d364\" data-element_type=\"column\" data-e-type=\"column\">\n\t\t\t<div class=\"elementor-widget-wrap\">\n\t\t\t\t\t\t\t<\/div>\n\t\t<\/div>\n\t\t\t\t\t<\/div>\n\t\t<\/section>\n\t\t\t\t<section class=\"elementor-section elementor-top-section elementor-element elementor-element-248b057 elementor-section-boxed elementor-section-height-default elementor-section-height-default\" data-id=\"248b057\" data-element_type=\"section\" data-e-type=\"section\">\n\t\t\t\t\t\t<div class=\"elementor-container elementor-column-gap-default\">\n\t\t\t\t\t<div class=\"elementor-column elementor-col-100 elementor-top-column elementor-element elementor-element-729fc17\" data-id=\"729fc17\" data-element_type=\"column\" data-e-type=\"column\">\n\t\t\t<div class=\"elementor-widget-wrap elementor-element-populated\">\n\t\t\t\t\t\t<div class=\"elementor-element elementor-element-6d443c7 elementor-widget elementor-widget-spacer\" data-id=\"6d443c7\" data-element_type=\"widget\" data-e-type=\"widget\" data-widget_type=\"spacer.default\">\n\t\t\t\t<div class=\"elementor-widget-container\">\n\t\t\t\t\t\t\t<div class=\"elementor-spacer\">\n\t\t\t<div class=\"elementor-spacer-inner\"><\/div>\n\t\t<\/div>\n\t\t\t\t\t\t<\/div>\n\t\t\t\t<\/div>\n\t\t\t\t\t<\/div>\n\t\t<\/div>\n\t\t\t\t\t<\/div>\n\t\t<\/section>\n\t\t\t\t<section class=\"elementor-section elementor-top-section elementor-element elementor-element-799e69f elementor-section-boxed elementor-section-height-default elementor-section-height-default\" data-id=\"799e69f\" data-element_type=\"section\" data-e-type=\"section\">\n\t\t\t\t\t\t<div class=\"elementor-container elementor-column-gap-default\">\n\t\t\t\t\t<div class=\"elementor-column elementor-col-100 elementor-top-column elementor-element elementor-element-3d410ff\" data-id=\"3d410ff\" data-element_type=\"column\" data-e-type=\"column\">\n\t\t\t<div class=\"elementor-widget-wrap elementor-element-populated\">\n\t\t\t\t\t\t<div class=\"elementor-element elementor-element-e901e35 elementor-widget elementor-widget-text-editor\" data-id=\"e901e35\" data-element_type=\"widget\" data-e-type=\"widget\" data-widget_type=\"text-editor.default\">\n\t\t\t\t<div class=\"elementor-widget-container\">\n\t\t\t\t\t\t\t\t\t<p>Le confinement a cess\u00e9. Quel bonheur\u00a0!<\/p><p>Restons vigilant quand m\u00eame, car les d\u00e9fis auxquels nous devrons faire face sont bien r\u00e9els. Les virus font leur chemin, par des mutations nous obligeant \u00e0 maintenir la prudence. D\u2019une autre teneur, la d\u00e9gradation g\u00e9opolitique aux fronti\u00e8res de l\u2019Europe, comme en Asie\u2026 Quand allons-nous enfin comprendre que l\u2019humanit\u00e9 doit sortir de cet esprit belliqueux, celui des conqu\u00eates de territoire\u00a0? Pourquoi faire\u00a0? Sinon que laisser un futur alarmant, inqui\u00e9tant, pour la jeunesse qui veut autre chose\u00a0: la Paix\u00a0!<\/p><p>Que cette jeunesse fasse entendre sa voix, partout dans le monde, pour montrer aux dirigeants que la gouvernance d\u2019un Etat, cela se m\u00e9rite, par des faits o\u00f9 seuls les projets qui am\u00e9liorent les conditions de vie de leur peuple, ont leur place\u2026 Souhaitons que l\u2019\u00e9tat d\u2019esprit de cette jeunesse puisse montrer, \u00e0 certain, disons-le haut et fort, leur immaturit\u00e9 spirituelle.<\/p><p>Soutenons, \u00e0 tous les niveaux, l\u00e0 o\u00f9 chacun \u00e0 sa place, des projets constructifs pour le bien de tous, avec le respect des cultures rencontr\u00e9es, par l\u2019\u00e9coute, qui manque tant encore.<\/p><p>Il est grand temps d\u2019agir, en partageant nos id\u00e9es pour voir devant nous un horizon meilleur. Cela demande de l\u2019\u00e9nergie, de l\u2019intelligence, du c\u0153ur. Nos pratiques, Tai Chi Chuan et Karat\u00e9, ont cette particularit\u00e9 de centrer le pratiquant, essentiel pour l\u2019\u00e9quilibre. Nous le savons, l\u2019enracinement permet d\u2019agrandir cette \u00e9nergie int\u00e9rieure, en la nourrissant. M\u00e9langer celle du bas \u2013 de la Terre \u2013 avec celle du haut \u2013 du ciel \u2013 en l\u2019Homme a du sens pour le pratiquant qui l\u2019exp\u00e9rimente. Cette mise en mouvement de l\u2019\u00e9nergie permet en chacun de voir tout d\u2019un coup ce qui est essentiel\u00a0: la Vie\u2026 et toutes les relations cach\u00e9es que nos soci\u00e9t\u00e9s \u00ab\u00a0modernes\u00a0\u00bb ont oubli\u00e9es.<\/p><p>Souhaitons que les \u00e9nergies sur Terre se mettent en mouvement, celles qui vivifient l\u2019atmosph\u00e8re, la pens\u00e9e, notre sant\u00e9 int\u00e9rieure. Fertilisons notre terre, celle dont chacun de nos pas s\u00e8meront en elle des graines remplies de lumi\u00e8re pour qu\u2019enfin en \u00e9merge une \u00e9manation inspirant nos esprits. \u00a0\u00a0\u00a0<\/p><p>Compassion, pour ceux qui sont actuellement \u00e9gar\u00e9s, au point de faire souffrir tant de personnes autour d\u2019eux. Que la raison, le discernement de ce qui est bien ou mal puissent resurgir dans leur conscience afin de r\u00e9orienter leur chemin. Aidons-les \u00e0 cela, en faisant conna\u00eetre une autre fa\u00e7on d\u2019\u00eatre, en montrant ce qu\u2019est le respect, le partage, la construction, l\u2019entre-aide, la tol\u00e9rance, l\u2019innovation avec des projets internationaux r\u00e9unissant des personnes de partout\u2026 seule issue si l\u2019on veut une humanit\u00e9 qui croit en elle avec le respect de tout ce qui vit avec elle sur la Terre. Pour cela, une autre fa\u00e7on de vivre doit \u00e9merger, bousculant nos syst\u00e8mes \u00e9conomiques, certes, mais n\u00e9cessaires si l\u2019on veut utiliser les ressources de notre plan\u00e8te avec circonspection pour offrir un espace de vie o\u00f9 il est bon d\u2019y vivre pour l\u2019humanit\u00e9 de demain\u2026 ou bien, le risque, r\u00e9el, de voir notre esp\u00e8ce dispara\u00eetre pour les diverses raisons que nous aurons produites. Est-ce cela que nous voulons\u00a0?\u00a0<\/p><p>Heureusement, une force vive est bien pr\u00e9sente, peu \u00e0 peu grandissante, peu m\u00e9diatis\u00e9e, car nous ne sommes pas dans le sensationnel\u2026 celle d\u2019une jeunesse qui veut autre chose que le mod\u00e8le actuel du toujours plus dans nos soci\u00e9t\u00e9s occidentales, pour, peut-\u00eatre pour ne pas dire sans doute, \u00a0passer \u00e0 c\u00f4t\u00e9 de l\u2019essentiel\u2026 la Vie\u00a0!<\/p>\t\t\t\t\t\t\t\t<\/div>\n\t\t\t\t<\/div>\n\t\t\t\t\t<\/div>\n\t\t<\/div>\n\t\t\t\t\t<\/div>\n\t\t<\/section>\n\t\t\t\t<section class=\"elementor-section elementor-top-section elementor-element elementor-element-2c66388 elementor-section-boxed elementor-section-height-default elementor-section-height-default\" data-id=\"2c66388\" data-element_type=\"section\" data-e-type=\"section\">\n\t\t\t\t\t\t<div class=\"elementor-container elementor-column-gap-default\">\n\t\t\t\t\t<div class=\"elementor-column elementor-col-100 elementor-top-column elementor-element elementor-element-61297a6\" data-id=\"61297a6\" data-element_type=\"column\" data-e-type=\"column\">\n\t\t\t<div class=\"elementor-widget-wrap elementor-element-populated\">\n\t\t\t\t\t\t<div class=\"elementor-element elementor-element-b6a6aff elementor-widget elementor-widget-spacer\" data-id=\"b6a6aff\" data-element_type=\"widget\" data-e-type=\"widget\" data-widget_type=\"spacer.default\">\n\t\t\t\t<div class=\"elementor-widget-container\">\n\t\t\t\t\t\t\t<div class=\"elementor-spacer\">\n\t\t\t<div class=\"elementor-spacer-inner\"><\/div>\n\t\t<\/div>\n\t\t\t\t\t\t<\/div>\n\t\t\t\t<\/div>\n\t\t\t\t\t<\/div>\n\t\t<\/div>\n\t\t\t\t\t<\/div>\n\t\t<\/section>\n\t\t\t\t<section class=\"elementor-section elementor-top-section elementor-element elementor-element-2a4fa2f elementor-section-boxed elementor-section-height-default elementor-section-height-default\" data-id=\"2a4fa2f\" data-element_type=\"section\" data-e-type=\"section\">\n\t\t\t\t\t\t<div class=\"elementor-container elementor-column-gap-default\">\n\t\t\t\t\t<div class=\"elementor-column elementor-col-100 elementor-top-column elementor-element elementor-element-967454d\" data-id=\"967454d\" data-element_type=\"column\" data-e-type=\"column\">\n\t\t\t<div class=\"elementor-widget-wrap elementor-element-populated\">\n\t\t\t\t\t\t<div class=\"elementor-element elementor-element-aea00c2 elementor-widget-divider--separator-type-pattern elementor-widget-divider--no-spacing elementor-widget-divider--view-line elementor-widget elementor-widget-divider\" data-id=\"aea00c2\" data-element_type=\"widget\" data-e-type=\"widget\" data-widget_type=\"divider.default\">\n\t\t\t\t<div class=\"elementor-widget-container\">\n\t\t\t\t\t\t\t<div class=\"elementor-divider\" style=\"--divider-pattern-url: url(&quot;data:image\/svg+xml,%3Csvg xmlns=&#039;http:\/\/www.w3.org\/2000\/svg&#039; preserveAspectRatio=&#039;xMidYMid meet&#039; overflow=&#039;visible&#039; height=&#039;100%&#039; viewBox=&#039;0 0 126 26&#039; fill=&#039;black&#039; stroke=&#039;none&#039;%3E%3Cpath d=&#039;M111.9,18.3v3.4H109v-3.4H111.9z M90.8,18.3v3.4H88v-3.4H90.8z M69.8,18.3v3.4h-2.9v-3.4H69.8z M48.8,18.3v3.4h-2.9v-3.4H48.8z M27.7,18.3v3.4h-2.9v-3.4H27.7z M6.7,18.3v3.4H3.8v-3.4H6.7z M46.4,4l4.3,4.8l-1.8,0l3.5,4.4l-2.2-0.1l3,3.3l-11,0.4l3.6-3.8l-2.9-0.1l3.1-4.2l-1.9,0L46.4,4z M111.4,4l2.4,4.8l-1.8,0l3.5,4.4l-2.5-0.1l3.3,3.3h-11l3.1-3.4l-2.5-0.1l3.1-4.2l-1.9,0L111.4,4z M89.9,4l2.9,4.8l-1.9,0l3.2,4.2l-2.5,0l3.5,3.5l-11-0.4l3-3.1l-2.4,0L88,8.8l-1.9,0L89.9,4z M68.6,4l3,4.4l-1.9,0.1l3.4,4.1l-2.7,0.1l3.8,3.7H63.8l2.9-3.6l-2.9,0.1L67,8.7l-2,0.1L68.6,4z M26.5,4l3,4.4l-1.9,0.1l3.7,4.7l-2.5-0.1l3.3,3.3H21l3.1-3.4l-2.5-0.1l3.2-4.3l-2,0.1L26.5,4z M4.9,4l3.7,4.8l-1.5,0l3.1,4.2L7.6,13l3.4,3.4H0l3-3.3l-2.3,0.1l3.5-4.4l-2.3,0L4.9,4z&#039;\/%3E%3C\/svg%3E&quot;);\">\n\t\t\t<span class=\"elementor-divider-separator\">\n\t\t\t\t\t\t<\/span>\n\t\t<\/div>\n\t\t\t\t\t\t<\/div>\n\t\t\t\t<\/div>\n\t\t\t\t\t<\/div>\n\t\t<\/div>\n\t\t\t\t\t<\/div>\n\t\t<\/section>\n\t\t\t\t<section class=\"elementor-section elementor-top-section elementor-element elementor-element-41189b5 elementor-section-boxed elementor-section-height-default elementor-section-height-default\" data-id=\"41189b5\" data-element_type=\"section\" data-e-type=\"section\">\n\t\t\t\t\t\t<div class=\"elementor-container elementor-column-gap-default\">\n\t\t\t\t\t<div class=\"elementor-column elementor-col-100 elementor-top-column elementor-element elementor-element-178097c\" data-id=\"178097c\" data-element_type=\"column\" data-e-type=\"column\">\n\t\t\t<div class=\"elementor-widget-wrap elementor-element-populated\">\n\t\t\t\t\t\t<div class=\"elementor-element elementor-element-7b63445 elementor-widget elementor-widget-spacer\" data-id=\"7b63445\" data-element_type=\"widget\" data-e-type=\"widget\" data-widget_type=\"spacer.default\">\n\t\t\t\t<div class=\"elementor-widget-container\">\n\t\t\t\t\t\t\t<div class=\"elementor-spacer\">\n\t\t\t<div class=\"elementor-spacer-inner\"><\/div>\n\t\t<\/div>\n\t\t\t\t\t\t<\/div>\n\t\t\t\t<\/div>\n\t\t\t\t\t<\/div>\n\t\t<\/div>\n\t\t\t\t\t<\/div>\n\t\t<\/section>\n\t\t\t\t<section class=\"elementor-section elementor-top-section elementor-element elementor-element-e327d72 elementor-section-boxed elementor-section-height-default elementor-section-height-default\" data-id=\"e327d72\" data-element_type=\"section\" data-e-type=\"section\">\n\t\t\t\t\t\t<div class=\"elementor-container elementor-column-gap-default\">\n\t\t\t\t\t<div class=\"elementor-column elementor-col-50 elementor-top-column elementor-element elementor-element-233ce5d\" data-id=\"233ce5d\" data-element_type=\"column\" data-e-type=\"column\">\n\t\t\t<div class=\"elementor-widget-wrap elementor-element-populated\">\n\t\t\t\t\t\t<div class=\"elementor-element elementor-element-f2e440d elementor-widget elementor-widget-heading\" data-id=\"f2e440d\" data-element_type=\"widget\" data-e-type=\"widget\" data-widget_type=\"heading.default\">\n\t\t\t\t<div class=\"elementor-widget-container\">\n\t\t\t\t\t<h1 class=\"elementor-heading-title elementor-size-default\">Kan Geiko - novembre 2022<\/h1>\t\t\t\t<\/div>\n\t\t\t\t<\/div>\n\t\t\t\t<div class=\"elementor-element elementor-element-05cd826 elementor-widget elementor-widget-text-editor\" data-id=\"05cd826\" data-element_type=\"widget\" data-e-type=\"widget\" data-widget_type=\"text-editor.default\">\n\t\t\t\t<div class=\"elementor-widget-container\">\n\t\t\t\t\t\t\t\t\t<p>Une force, une \u00e9nergie, une pratique \u00e9manant la passion, l\u2019envie d\u2019\u00eatre ensemble, de se retrouver\u2026 sont quelques attributs venant qualifier notre stage. Mais l\u2019un que l\u2019on peut encore nommer, et pas des moindres, le nombre\u00a0! Tellement rare aujourd\u2019hui de voir autant de karat\u00e9kas anim\u00e9s autour de notre Sok\u00e9 Roland HABERSETZER, dans la pratique du Karat\u00e9 Tengu-ryu\u00a0! Cette p\u00e9riode de crise sanitaire qui d\u00e9truit les dojos \u2013 o\u00f9 l\u2019engouement de la pratique martiale voit tout doucement sa flamme s\u2019\u00e9teindre, augment\u00e9e par le co\u00fbt de la vie, et rench\u00e9rie par la peur avec le conflit arm\u00e9 en Europe \u2013 heureusement, nous \u00e9pargne. Tel un anticyclone au-dessus de nous, cette \u00e9nergie qui nous rassemble reste indescriptible, comme un rayon de soleil qui persiste quelques soient les turbulences.<\/p>\t\t\t\t\t\t\t\t<\/div>\n\t\t\t\t<\/div>\n\t\t\t\t\t<\/div>\n\t\t<\/div>\n\t\t\t\t<div class=\"elementor-column elementor-col-50 elementor-top-column elementor-element elementor-element-b986fef\" data-id=\"b986fef\" data-element_type=\"column\" data-e-type=\"column\">\n\t\t\t<div class=\"elementor-widget-wrap elementor-element-populated\">\n\t\t\t\t\t\t<div class=\"elementor-element elementor-element-60a7333 elementor-widget elementor-widget-image\" data-id=\"60a7333\" data-element_type=\"widget\" data-e-type=\"widget\" data-widget_type=\"image.default\">\n\t\t\t\t<div class=\"elementor-widget-container\">\n\t\t\t\t\t\t\t\t\t\t\t\t<figure class=\"wp-caption\">\n\t\t\t\t\t\t\t\t\t\t\t<a href=\"http:\/\/dento-budo-dojo.fr\/wp-content\/uploads\/2019\/12\/Sebastien-morote-nihon-nukite-scaled.jpg\" data-elementor-open-lightbox=\"yes\" data-elementor-lightbox-title=\"S\u00e9bastien - morot\u00e9 nihon nukit\u00e9\" data-e-action-hash=\"#elementor-action%3Aaction%3Dlightbox%26settings%3DeyJpZCI6MjY0NSwidXJsIjoiaHR0cHM6XC9cL2RlbnRvLWJ1ZG8tZG9qby5mclwvd3AtY29udGVudFwvdXBsb2Fkc1wvMjAxOVwvMTJcL1NlYmFzdGllbi1tb3JvdGUtbmlob24tbnVraXRlLXNjYWxlZC5qcGcifQ%3D%3D\">\n\t\t\t\t\t\t\t<img loading=\"lazy\" decoding=\"async\" width=\"1024\" height=\"590\" src=\"https:\/\/dento-budo-dojo.fr\/wp-content\/uploads\/2019\/12\/Sebastien-morote-nihon-nukite-1024x590.jpg\" class=\"attachment-large size-large wp-image-2645\" alt=\"S\u00e9bastien, ravi de son stage !\" srcset=\"https:\/\/dento-budo-dojo.fr\/wp-content\/uploads\/2019\/12\/Sebastien-morote-nihon-nukite-200x115.jpg 200w, https:\/\/dento-budo-dojo.fr\/wp-content\/uploads\/2019\/12\/Sebastien-morote-nihon-nukite-300x173.jpg 300w, https:\/\/dento-budo-dojo.fr\/wp-content\/uploads\/2019\/12\/Sebastien-morote-nihon-nukite-400x230.jpg 400w, https:\/\/dento-budo-dojo.fr\/wp-content\/uploads\/2019\/12\/Sebastien-morote-nihon-nukite-600x346.jpg 600w, https:\/\/dento-budo-dojo.fr\/wp-content\/uploads\/2019\/12\/Sebastien-morote-nihon-nukite-768x442.jpg 768w, https:\/\/dento-budo-dojo.fr\/wp-content\/uploads\/2019\/12\/Sebastien-morote-nihon-nukite-800x461.jpg 800w, https:\/\/dento-budo-dojo.fr\/wp-content\/uploads\/2019\/12\/Sebastien-morote-nihon-nukite-1024x590.jpg 1024w, https:\/\/dento-budo-dojo.fr\/wp-content\/uploads\/2019\/12\/Sebastien-morote-nihon-nukite-1200x691.jpg 1200w, https:\/\/dento-budo-dojo.fr\/wp-content\/uploads\/2019\/12\/Sebastien-morote-nihon-nukite-1536x885.jpg 1536w\" sizes=\"(max-width: 1024px) 100vw, 1024px\" \/>\t\t\t\t\t\t\t\t<\/a>\n\t\t\t\t\t\t\t\t\t\t\t<figcaption class=\"widget-image-caption wp-caption-text\">S\u00e9bastien, ravi de son stage !<\/figcaption>\n\t\t\t\t\t\t\t\t\t\t<\/figure>\n\t\t\t\t\t\t\t\t\t<\/div>\n\t\t\t\t<\/div>\n\t\t\t\t\t<\/div>\n\t\t<\/div>\n\t\t\t\t\t<\/div>\n\t\t<\/section>\n\t\t\t\t<section class=\"elementor-section elementor-top-section elementor-element elementor-element-1324567 elementor-section-boxed elementor-section-height-default elementor-section-height-default\" data-id=\"1324567\" data-element_type=\"section\" data-e-type=\"section\">\n\t\t\t\t\t\t<div class=\"elementor-container elementor-column-gap-default\">\n\t\t\t\t\t<div class=\"elementor-column elementor-col-100 elementor-top-column elementor-element elementor-element-f8a1f22\" data-id=\"f8a1f22\" data-element_type=\"column\" data-e-type=\"column\">\n\t\t\t<div class=\"elementor-widget-wrap elementor-element-populated\">\n\t\t\t\t\t\t<div class=\"elementor-element elementor-element-6b5a650 elementor-widget elementor-widget-image\" data-id=\"6b5a650\" data-element_type=\"widget\" data-e-type=\"widget\" data-widget_type=\"image.default\">\n\t\t\t\t<div class=\"elementor-widget-container\">\n\t\t\t\t\t\t\t\t\t\t\t\t<figure class=\"wp-caption\">\n\t\t\t\t\t\t\t\t\t\t\t<a href=\"http:\/\/dento-budo-dojo.fr\/wp-content\/uploads\/2019\/12\/groupe-1-scaled.jpg\" data-elementor-open-lightbox=\"yes\" data-elementor-lightbox-title=\"groupe\" data-elementor-lightbox-description=\" \nstagiaires du Kan Geiko 2022\" data-e-action-hash=\"#elementor-action%3Aaction%3Dlightbox%26settings%3DeyJpZCI6MjYzNywidXJsIjoiaHR0cHM6XC9cL2RlbnRvLWJ1ZG8tZG9qby5mclwvd3AtY29udGVudFwvdXBsb2Fkc1wvMjAxOVwvMTJcL2dyb3VwZS0xLXNjYWxlZC5qcGcifQ%3D%3D\">\n\t\t\t\t\t\t\t<img loading=\"lazy\" decoding=\"async\" width=\"1024\" height=\"351\" src=\"https:\/\/dento-budo-dojo.fr\/wp-content\/uploads\/2019\/12\/groupe-1-1024x351.jpg\" class=\"attachment-large size-large wp-image-2637\" alt=\"stagiaires du Kan Geiko 2022\" srcset=\"https:\/\/dento-budo-dojo.fr\/wp-content\/uploads\/2019\/12\/groupe-1-200x69.jpg 200w, https:\/\/dento-budo-dojo.fr\/wp-content\/uploads\/2019\/12\/groupe-1-300x103.jpg 300w, https:\/\/dento-budo-dojo.fr\/wp-content\/uploads\/2019\/12\/groupe-1-400x137.jpg 400w, https:\/\/dento-budo-dojo.fr\/wp-content\/uploads\/2019\/12\/groupe-1-600x206.jpg 600w, https:\/\/dento-budo-dojo.fr\/wp-content\/uploads\/2019\/12\/groupe-1-768x263.jpg 768w, https:\/\/dento-budo-dojo.fr\/wp-content\/uploads\/2019\/12\/groupe-1-800x274.jpg 800w, https:\/\/dento-budo-dojo.fr\/wp-content\/uploads\/2019\/12\/groupe-1-1024x351.jpg 1024w, https:\/\/dento-budo-dojo.fr\/wp-content\/uploads\/2019\/12\/groupe-1-1200x411.jpg 1200w, https:\/\/dento-budo-dojo.fr\/wp-content\/uploads\/2019\/12\/groupe-1-1536x527.jpg 1536w\" sizes=\"(max-width: 1024px) 100vw, 1024px\" \/>\t\t\t\t\t\t\t\t<\/a>\n\t\t\t\t\t\t\t\t\t\t\t<figcaption class=\"widget-image-caption wp-caption-text\">  \nstagiaires du Kan Geiko 2022<\/figcaption>\n\t\t\t\t\t\t\t\t\t\t<\/figure>\n\t\t\t\t\t\t\t\t\t<\/div>\n\t\t\t\t<\/div>\n\t\t\t\t\t<\/div>\n\t\t<\/div>\n\t\t\t\t\t<\/div>\n\t\t<\/section>\n\t\t\t\t<section class=\"elementor-section elementor-top-section elementor-element elementor-element-91654e0 elementor-section-boxed elementor-section-height-default elementor-section-height-default\" data-id=\"91654e0\" data-element_type=\"section\" data-e-type=\"section\">\n\t\t\t\t\t\t<div class=\"elementor-container elementor-column-gap-default\">\n\t\t\t\t\t<div class=\"elementor-column elementor-col-100 elementor-top-column elementor-element elementor-element-ee2cfd2\" data-id=\"ee2cfd2\" data-element_type=\"column\" data-e-type=\"column\">\n\t\t\t<div class=\"elementor-widget-wrap elementor-element-populated\">\n\t\t\t\t\t\t<div class=\"elementor-element elementor-element-6d1a822 elementor-widget elementor-widget-text-editor\" data-id=\"6d1a822\" data-element_type=\"widget\" data-e-type=\"widget\" data-widget_type=\"text-editor.default\">\n\t\t\t\t<div class=\"elementor-widget-container\">\n\t\t\t\t\t\t\t\t\t<p>Profitons-en\u00a0! Et c\u2019est ce que nous avons fait\u00a0! Kumit\u00e9, Kata, Goshin, Kumit\u00e9-kata\u2026 \u00e9taient au rendez-vous, sans compter l\u2019agr\u00e9able surprise pour notre Ryu, celle de la promotion de Hauts grad\u00e9s, avec \u00e0 l\u2019honneur, les allemands\u00a0! Dans cette Europe bouscul\u00e9e, nous, nous y avons v\u00e9cu une Europe r\u00e9unie, fraternelle, prix d\u2019un d\u00e9vouement, d\u2019un travail s\u00e9rieux, impliqu\u00e9 et constant\u2026<\/p>\t\t\t\t\t\t\t\t<\/div>\n\t\t\t\t<\/div>\n\t\t\t\t\t<\/div>\n\t\t<\/div>\n\t\t\t\t\t<\/div>\n\t\t<\/section>\n\t\t\t\t<section class=\"elementor-section elementor-top-section elementor-element elementor-element-1180fbc elementor-section-boxed elementor-section-height-default elementor-section-height-default\" data-id=\"1180fbc\" data-element_type=\"section\" data-e-type=\"section\">\n\t\t\t\t\t\t<div class=\"elementor-container elementor-column-gap-default\">\n\t\t\t\t\t<div class=\"elementor-column elementor-col-50 elementor-top-column elementor-element elementor-element-c0db388\" data-id=\"c0db388\" data-element_type=\"column\" data-e-type=\"column\">\n\t\t\t<div class=\"elementor-widget-wrap elementor-element-populated\">\n\t\t\t\t\t\t<div class=\"elementor-element elementor-element-2bdcc59 elementor-widget elementor-widget-image\" data-id=\"2bdcc59\" data-element_type=\"widget\" data-e-type=\"widget\" data-widget_type=\"image.default\">\n\t\t\t\t<div class=\"elementor-widget-container\">\n\t\t\t\t\t\t\t\t\t\t\t\t<figure class=\"wp-caption\">\n\t\t\t\t\t\t\t\t\t\t\t<a href=\"http:\/\/dento-budo-dojo.fr\/wp-content\/uploads\/2019\/12\/Goshin-1-1-scaled.jpg\" data-elementor-open-lightbox=\"yes\" data-elementor-lightbox-title=\"Goshin 1\" data-elementor-lightbox-description=\"Phase initiale de l&#039;un des premiers Goshin d\u00e9montr\u00e9e par JC B\u00e9nis et Sok\u00e9 Roland Habersetzer.\" data-e-action-hash=\"#elementor-action%3Aaction%3Dlightbox%26settings%3DeyJpZCI6MjYzNSwidXJsIjoiaHR0cHM6XC9cL2RlbnRvLWJ1ZG8tZG9qby5mclwvd3AtY29udGVudFwvdXBsb2Fkc1wvMjAxOVwvMTJcL0dvc2hpbi0xLTEtc2NhbGVkLmpwZyJ9\">\n\t\t\t\t\t\t\t<img loading=\"lazy\" decoding=\"async\" width=\"1024\" height=\"372\" src=\"https:\/\/dento-budo-dojo.fr\/wp-content\/uploads\/2019\/12\/Goshin-1-1-1024x372.jpg\" class=\"attachment-large size-large wp-image-2635\" alt=\"\" srcset=\"https:\/\/dento-budo-dojo.fr\/wp-content\/uploads\/2019\/12\/Goshin-1-1-200x73.jpg 200w, https:\/\/dento-budo-dojo.fr\/wp-content\/uploads\/2019\/12\/Goshin-1-1-300x109.jpg 300w, https:\/\/dento-budo-dojo.fr\/wp-content\/uploads\/2019\/12\/Goshin-1-1-400x145.jpg 400w, https:\/\/dento-budo-dojo.fr\/wp-content\/uploads\/2019\/12\/Goshin-1-1-600x218.jpg 600w, https:\/\/dento-budo-dojo.fr\/wp-content\/uploads\/2019\/12\/Goshin-1-1-768x279.jpg 768w, https:\/\/dento-budo-dojo.fr\/wp-content\/uploads\/2019\/12\/Goshin-1-1-800x291.jpg 800w, https:\/\/dento-budo-dojo.fr\/wp-content\/uploads\/2019\/12\/Goshin-1-1-1024x372.jpg 1024w, https:\/\/dento-budo-dojo.fr\/wp-content\/uploads\/2019\/12\/Goshin-1-1-1200x436.jpg 1200w, https:\/\/dento-budo-dojo.fr\/wp-content\/uploads\/2019\/12\/Goshin-1-1-1536x559.jpg 1536w\" sizes=\"(max-width: 1024px) 100vw, 1024px\" \/>\t\t\t\t\t\t\t\t<\/a>\n\t\t\t\t\t\t\t\t\t\t\t<figcaption class=\"widget-image-caption wp-caption-text\">Phase initiale de l'un des premiers Goshin d\u00e9montr\u00e9e par JC B\u00e9nis et Sok\u00e9 Roland Habersetzer.<\/figcaption>\n\t\t\t\t\t\t\t\t\t\t<\/figure>\n\t\t\t\t\t\t\t\t\t<\/div>\n\t\t\t\t<\/div>\n\t\t\t\t\t<\/div>\n\t\t<\/div>\n\t\t\t\t<div class=\"elementor-column elementor-col-50 elementor-top-column elementor-element elementor-element-264fcde\" data-id=\"264fcde\" data-element_type=\"column\" data-e-type=\"column\">\n\t\t\t<div class=\"elementor-widget-wrap elementor-element-populated\">\n\t\t\t\t\t\t<div class=\"elementor-element elementor-element-0c2ccfc elementor-widget elementor-widget-image\" data-id=\"0c2ccfc\" data-element_type=\"widget\" data-e-type=\"widget\" data-widget_type=\"image.default\">\n\t\t\t\t<div class=\"elementor-widget-container\">\n\t\t\t\t\t\t\t\t\t\t\t\t<figure class=\"wp-caption\">\n\t\t\t\t\t\t\t\t\t\t\t<a href=\"http:\/\/dento-budo-dojo.fr\/wp-content\/uploads\/2019\/12\/Goshin-2-1-scaled.jpg\" data-elementor-open-lightbox=\"yes\" data-elementor-lightbox-title=\"Goshin 2\" data-elementor-lightbox-description=\"Phase du premier Goshin\" data-e-action-hash=\"#elementor-action%3Aaction%3Dlightbox%26settings%3DeyJpZCI6MjYzNiwidXJsIjoiaHR0cHM6XC9cL2RlbnRvLWJ1ZG8tZG9qby5mclwvd3AtY29udGVudFwvdXBsb2Fkc1wvMjAxOVwvMTJcL0dvc2hpbi0yLTEtc2NhbGVkLmpwZyJ9\">\n\t\t\t\t\t\t\t<img loading=\"lazy\" decoding=\"async\" width=\"1024\" height=\"372\" src=\"https:\/\/dento-budo-dojo.fr\/wp-content\/uploads\/2019\/12\/Goshin-2-1-1024x372.jpg\" class=\"attachment-large size-large wp-image-2636\" alt=\"\" srcset=\"https:\/\/dento-budo-dojo.fr\/wp-content\/uploads\/2019\/12\/Goshin-2-1-200x73.jpg 200w, https:\/\/dento-budo-dojo.fr\/wp-content\/uploads\/2019\/12\/Goshin-2-1-300x109.jpg 300w, https:\/\/dento-budo-dojo.fr\/wp-content\/uploads\/2019\/12\/Goshin-2-1-400x145.jpg 400w, https:\/\/dento-budo-dojo.fr\/wp-content\/uploads\/2019\/12\/Goshin-2-1-600x218.jpg 600w, https:\/\/dento-budo-dojo.fr\/wp-content\/uploads\/2019\/12\/Goshin-2-1-768x279.jpg 768w, https:\/\/dento-budo-dojo.fr\/wp-content\/uploads\/2019\/12\/Goshin-2-1-800x291.jpg 800w, https:\/\/dento-budo-dojo.fr\/wp-content\/uploads\/2019\/12\/Goshin-2-1-1024x372.jpg 1024w, https:\/\/dento-budo-dojo.fr\/wp-content\/uploads\/2019\/12\/Goshin-2-1-1200x436.jpg 1200w, https:\/\/dento-budo-dojo.fr\/wp-content\/uploads\/2019\/12\/Goshin-2-1-1536x559.jpg 1536w\" sizes=\"(max-width: 1024px) 100vw, 1024px\" \/>\t\t\t\t\t\t\t\t<\/a>\n\t\t\t\t\t\t\t\t\t\t\t<figcaption class=\"widget-image-caption wp-caption-text\">Phase du premier Goshin<\/figcaption>\n\t\t\t\t\t\t\t\t\t\t<\/figure>\n\t\t\t\t\t\t\t\t\t<\/div>\n\t\t\t\t<\/div>\n\t\t\t\t\t<\/div>\n\t\t<\/div>\n\t\t\t\t\t<\/div>\n\t\t<\/section>\n\t\t\t\t<section class=\"elementor-section elementor-top-section elementor-element elementor-element-ab11864 elementor-section-boxed elementor-section-height-default elementor-section-height-default\" data-id=\"ab11864\" data-element_type=\"section\" data-e-type=\"section\">\n\t\t\t\t\t\t<div class=\"elementor-container elementor-column-gap-default\">\n\t\t\t\t\t<div class=\"elementor-column elementor-col-50 elementor-top-column elementor-element elementor-element-73e0ef1\" data-id=\"73e0ef1\" data-element_type=\"column\" data-e-type=\"column\">\n\t\t\t<div class=\"elementor-widget-wrap elementor-element-populated\">\n\t\t\t\t\t\t<div class=\"elementor-element elementor-element-b91459d elementor-widget elementor-widget-image\" data-id=\"b91459d\" data-element_type=\"widget\" data-e-type=\"widget\" data-widget_type=\"image.default\">\n\t\t\t\t<div class=\"elementor-widget-container\">\n\t\t\t\t\t\t\t\t\t\t\t\t<figure class=\"wp-caption\">\n\t\t\t\t\t\t\t\t\t\t\t<a href=\"http:\/\/dento-budo-dojo.fr\/wp-content\/uploads\/2019\/12\/Goshin-Jean-Claude-Benis-et-O-Sensei-Habersetzer-scaled.jpg\" data-elementor-open-lightbox=\"yes\" data-elementor-lightbox-title=\"Goshin - Jean-Claude B\u00e9nis et O-Sensei Habersetzer\" data-elementor-lightbox-description=\"Jean-Claude B\u00e9nis en position Inu-odoshi, marquant l&#039;issue finale d&#039;un Goshin.\" data-e-action-hash=\"#elementor-action%3Aaction%3Dlightbox%26settings%3DeyJpZCI6MjY1MSwidXJsIjoiaHR0cHM6XC9cL2RlbnRvLWJ1ZG8tZG9qby5mclwvd3AtY29udGVudFwvdXBsb2Fkc1wvMjAxOVwvMTJcL0dvc2hpbi1KZWFuLUNsYXVkZS1CZW5pcy1ldC1PLVNlbnNlaS1IYWJlcnNldHplci1zY2FsZWQuanBnIn0%3D\">\n\t\t\t\t\t\t\t<img loading=\"lazy\" decoding=\"async\" width=\"1024\" height=\"590\" src=\"https:\/\/dento-budo-dojo.fr\/wp-content\/uploads\/2019\/12\/Goshin-Jean-Claude-Benis-et-O-Sensei-Habersetzer-1024x590.jpg\" class=\"attachment-large size-large wp-image-2651\" alt=\"\" srcset=\"https:\/\/dento-budo-dojo.fr\/wp-content\/uploads\/2019\/12\/Goshin-Jean-Claude-Benis-et-O-Sensei-Habersetzer-200x115.jpg 200w, https:\/\/dento-budo-dojo.fr\/wp-content\/uploads\/2019\/12\/Goshin-Jean-Claude-Benis-et-O-Sensei-Habersetzer-300x173.jpg 300w, https:\/\/dento-budo-dojo.fr\/wp-content\/uploads\/2019\/12\/Goshin-Jean-Claude-Benis-et-O-Sensei-Habersetzer-400x230.jpg 400w, https:\/\/dento-budo-dojo.fr\/wp-content\/uploads\/2019\/12\/Goshin-Jean-Claude-Benis-et-O-Sensei-Habersetzer-600x346.jpg 600w, https:\/\/dento-budo-dojo.fr\/wp-content\/uploads\/2019\/12\/Goshin-Jean-Claude-Benis-et-O-Sensei-Habersetzer-768x442.jpg 768w, https:\/\/dento-budo-dojo.fr\/wp-content\/uploads\/2019\/12\/Goshin-Jean-Claude-Benis-et-O-Sensei-Habersetzer-800x461.jpg 800w, https:\/\/dento-budo-dojo.fr\/wp-content\/uploads\/2019\/12\/Goshin-Jean-Claude-Benis-et-O-Sensei-Habersetzer-1024x590.jpg 1024w, https:\/\/dento-budo-dojo.fr\/wp-content\/uploads\/2019\/12\/Goshin-Jean-Claude-Benis-et-O-Sensei-Habersetzer-1200x691.jpg 1200w, https:\/\/dento-budo-dojo.fr\/wp-content\/uploads\/2019\/12\/Goshin-Jean-Claude-Benis-et-O-Sensei-Habersetzer-1536x885.jpg 1536w\" sizes=\"(max-width: 1024px) 100vw, 1024px\" \/>\t\t\t\t\t\t\t\t<\/a>\n\t\t\t\t\t\t\t\t\t\t\t<figcaption class=\"widget-image-caption wp-caption-text\">Jean-Claude B\u00e9nis en position Inu-odoshi, marquant l'issue finale d'un Goshin.<\/figcaption>\n\t\t\t\t\t\t\t\t\t\t<\/figure>\n\t\t\t\t\t\t\t\t\t<\/div>\n\t\t\t\t<\/div>\n\t\t\t\t\t<\/div>\n\t\t<\/div>\n\t\t\t\t<div class=\"elementor-column elementor-col-50 elementor-top-column elementor-element elementor-element-22af87f\" data-id=\"22af87f\" data-element_type=\"column\" data-e-type=\"column\">\n\t\t\t<div class=\"elementor-widget-wrap elementor-element-populated\">\n\t\t\t\t\t\t<div class=\"elementor-element elementor-element-dd73401 elementor-widget elementor-widget-image\" data-id=\"dd73401\" data-element_type=\"widget\" data-e-type=\"widget\" data-widget_type=\"image.default\">\n\t\t\t\t<div class=\"elementor-widget-container\">\n\t\t\t\t\t\t\t\t\t\t\t\t<figure class=\"wp-caption\">\n\t\t\t\t\t\t\t\t\t\t\t<a href=\"http:\/\/dento-budo-dojo.fr\/wp-content\/uploads\/2019\/12\/Kumite-Kata-Jacques-et-Alex-scaled.jpg\" data-elementor-open-lightbox=\"yes\" data-elementor-lightbox-title=\"Kumit\u00e9 Kata - Jacques et Alex\" data-elementor-lightbox-description=\"D\u00e9monstration d&#039;une phase du troisi\u00e8me Kumit\u00e9-Kata.\" data-e-action-hash=\"#elementor-action%3Aaction%3Dlightbox%26settings%3DeyJpZCI6MjY0OCwidXJsIjoiaHR0cHM6XC9cL2RlbnRvLWJ1ZG8tZG9qby5mclwvd3AtY29udGVudFwvdXBsb2Fkc1wvMjAxOVwvMTJcL0t1bWl0ZS1LYXRhLUphY3F1ZXMtZXQtQWxleC1zY2FsZWQuanBnIn0%3D\">\n\t\t\t\t\t\t\t<img loading=\"lazy\" decoding=\"async\" width=\"1024\" height=\"590\" src=\"https:\/\/dento-budo-dojo.fr\/wp-content\/uploads\/2019\/12\/Kumite-Kata-Jacques-et-Alex-1024x590.jpg\" class=\"attachment-large size-large wp-image-2648\" alt=\"\" srcset=\"https:\/\/dento-budo-dojo.fr\/wp-content\/uploads\/2019\/12\/Kumite-Kata-Jacques-et-Alex-200x115.jpg 200w, https:\/\/dento-budo-dojo.fr\/wp-content\/uploads\/2019\/12\/Kumite-Kata-Jacques-et-Alex-300x173.jpg 300w, https:\/\/dento-budo-dojo.fr\/wp-content\/uploads\/2019\/12\/Kumite-Kata-Jacques-et-Alex-400x230.jpg 400w, https:\/\/dento-budo-dojo.fr\/wp-content\/uploads\/2019\/12\/Kumite-Kata-Jacques-et-Alex-600x346.jpg 600w, https:\/\/dento-budo-dojo.fr\/wp-content\/uploads\/2019\/12\/Kumite-Kata-Jacques-et-Alex-768x442.jpg 768w, https:\/\/dento-budo-dojo.fr\/wp-content\/uploads\/2019\/12\/Kumite-Kata-Jacques-et-Alex-800x461.jpg 800w, https:\/\/dento-budo-dojo.fr\/wp-content\/uploads\/2019\/12\/Kumite-Kata-Jacques-et-Alex-1024x590.jpg 1024w, https:\/\/dento-budo-dojo.fr\/wp-content\/uploads\/2019\/12\/Kumite-Kata-Jacques-et-Alex-1200x691.jpg 1200w, https:\/\/dento-budo-dojo.fr\/wp-content\/uploads\/2019\/12\/Kumite-Kata-Jacques-et-Alex-1536x885.jpg 1536w\" sizes=\"(max-width: 1024px) 100vw, 1024px\" \/>\t\t\t\t\t\t\t\t<\/a>\n\t\t\t\t\t\t\t\t\t\t\t<figcaption class=\"widget-image-caption wp-caption-text\">D\u00e9monstration d'une phase du troisi\u00e8me Kumit\u00e9-Kata.<\/figcaption>\n\t\t\t\t\t\t\t\t\t\t<\/figure>\n\t\t\t\t\t\t\t\t\t<\/div>\n\t\t\t\t<\/div>\n\t\t\t\t\t<\/div>\n\t\t<\/div>\n\t\t\t\t\t<\/div>\n\t\t<\/section>\n\t\t\t\t<section class=\"elementor-section elementor-top-section elementor-element elementor-element-6b64f0d elementor-section-boxed elementor-section-height-default elementor-section-height-default\" data-id=\"6b64f0d\" data-element_type=\"section\" data-e-type=\"section\">\n\t\t\t\t\t\t<div class=\"elementor-container elementor-column-gap-default\">\n\t\t\t\t\t<div class=\"elementor-column elementor-col-50 elementor-top-column elementor-element elementor-element-dabc856\" data-id=\"dabc856\" data-element_type=\"column\" data-e-type=\"column\">\n\t\t\t<div class=\"elementor-widget-wrap elementor-element-populated\">\n\t\t\t\t\t\t<div class=\"elementor-element elementor-element-77fd444 elementor-widget elementor-widget-image\" data-id=\"77fd444\" data-element_type=\"widget\" data-e-type=\"widget\" data-widget_type=\"image.default\">\n\t\t\t\t<div class=\"elementor-widget-container\">\n\t\t\t\t\t\t\t\t\t\t\t\t<figure class=\"wp-caption\">\n\t\t\t\t\t\t\t\t\t\t\t<a href=\"http:\/\/dento-budo-dojo.fr\/wp-content\/uploads\/2019\/12\/Soke-Habersetzer-scaled.jpg\" data-elementor-open-lightbox=\"yes\" data-elementor-lightbox-title=\"Sok\u00e9 Habersetzer\" data-elementor-lightbox-description=\"Sok\u00e9 Roland HABERSETZER expliquant l&#039;un des concepts du ryu.\" data-e-action-hash=\"#elementor-action%3Aaction%3Dlightbox%26settings%3DeyJpZCI6MjY1MiwidXJsIjoiaHR0cHM6XC9cL2RlbnRvLWJ1ZG8tZG9qby5mclwvd3AtY29udGVudFwvdXBsb2Fkc1wvMjAxOVwvMTJcL1Nva2UtSGFiZXJzZXR6ZXItc2NhbGVkLmpwZyJ9\">\n\t\t\t\t\t\t\t<img loading=\"lazy\" decoding=\"async\" width=\"1024\" height=\"590\" src=\"https:\/\/dento-budo-dojo.fr\/wp-content\/uploads\/2019\/12\/Soke-Habersetzer-1024x590.jpg\" class=\"attachment-large size-large wp-image-2652\" alt=\"\" srcset=\"https:\/\/dento-budo-dojo.fr\/wp-content\/uploads\/2019\/12\/Soke-Habersetzer-200x115.jpg 200w, https:\/\/dento-budo-dojo.fr\/wp-content\/uploads\/2019\/12\/Soke-Habersetzer-300x173.jpg 300w, https:\/\/dento-budo-dojo.fr\/wp-content\/uploads\/2019\/12\/Soke-Habersetzer-400x230.jpg 400w, https:\/\/dento-budo-dojo.fr\/wp-content\/uploads\/2019\/12\/Soke-Habersetzer-600x346.jpg 600w, https:\/\/dento-budo-dojo.fr\/wp-content\/uploads\/2019\/12\/Soke-Habersetzer-768x442.jpg 768w, https:\/\/dento-budo-dojo.fr\/wp-content\/uploads\/2019\/12\/Soke-Habersetzer-800x461.jpg 800w, https:\/\/dento-budo-dojo.fr\/wp-content\/uploads\/2019\/12\/Soke-Habersetzer-1024x590.jpg 1024w, https:\/\/dento-budo-dojo.fr\/wp-content\/uploads\/2019\/12\/Soke-Habersetzer-1200x691.jpg 1200w, https:\/\/dento-budo-dojo.fr\/wp-content\/uploads\/2019\/12\/Soke-Habersetzer-1536x885.jpg 1536w\" sizes=\"(max-width: 1024px) 100vw, 1024px\" \/>\t\t\t\t\t\t\t\t<\/a>\n\t\t\t\t\t\t\t\t\t\t\t<figcaption class=\"widget-image-caption wp-caption-text\">Sok\u00e9 Roland HABERSETZER expliquant l'un des concepts du ryu.<\/figcaption>\n\t\t\t\t\t\t\t\t\t\t<\/figure>\n\t\t\t\t\t\t\t\t\t<\/div>\n\t\t\t\t<\/div>\n\t\t\t\t\t<\/div>\n\t\t<\/div>\n\t\t\t\t<div class=\"elementor-column elementor-col-50 elementor-top-column elementor-element elementor-element-55522dc\" data-id=\"55522dc\" data-element_type=\"column\" data-e-type=\"column\">\n\t\t\t<div class=\"elementor-widget-wrap elementor-element-populated\">\n\t\t\t\t\t\t<div class=\"elementor-element elementor-element-b73705c elementor-widget elementor-widget-image\" data-id=\"b73705c\" data-element_type=\"widget\" data-e-type=\"widget\" data-widget_type=\"image.default\">\n\t\t\t\t<div class=\"elementor-widget-container\">\n\t\t\t\t\t\t\t\t\t\t\t\t<figure class=\"wp-caption\">\n\t\t\t\t\t\t\t\t\t\t\t<a href=\"http:\/\/dento-budo-dojo.fr\/wp-content\/uploads\/2019\/12\/Hakufa-scaled.jpg\" data-elementor-open-lightbox=\"yes\" data-elementor-lightbox-title=\"Hakufa\" data-elementor-lightbox-description=\"Un kata du style de la Grue, Hakufa, transmis par feu O-Sensei Tadahiko OHTSUKA du Gojukensha.\" data-e-action-hash=\"#elementor-action%3Aaction%3Dlightbox%26settings%3DeyJpZCI6MjY1MCwidXJsIjoiaHR0cHM6XC9cL2RlbnRvLWJ1ZG8tZG9qby5mclwvd3AtY29udGVudFwvdXBsb2Fkc1wvMjAxOVwvMTJcL0hha3VmYS1zY2FsZWQuanBnIn0%3D\">\n\t\t\t\t\t\t\t<img loading=\"lazy\" decoding=\"async\" width=\"1024\" height=\"590\" src=\"https:\/\/dento-budo-dojo.fr\/wp-content\/uploads\/2019\/12\/Hakufa-1024x590.jpg\" class=\"attachment-large size-large wp-image-2650\" alt=\"\" srcset=\"https:\/\/dento-budo-dojo.fr\/wp-content\/uploads\/2019\/12\/Hakufa-200x115.jpg 200w, https:\/\/dento-budo-dojo.fr\/wp-content\/uploads\/2019\/12\/Hakufa-300x173.jpg 300w, https:\/\/dento-budo-dojo.fr\/wp-content\/uploads\/2019\/12\/Hakufa-400x230.jpg 400w, https:\/\/dento-budo-dojo.fr\/wp-content\/uploads\/2019\/12\/Hakufa-600x346.jpg 600w, https:\/\/dento-budo-dojo.fr\/wp-content\/uploads\/2019\/12\/Hakufa-768x442.jpg 768w, https:\/\/dento-budo-dojo.fr\/wp-content\/uploads\/2019\/12\/Hakufa-800x461.jpg 800w, https:\/\/dento-budo-dojo.fr\/wp-content\/uploads\/2019\/12\/Hakufa-1024x590.jpg 1024w, https:\/\/dento-budo-dojo.fr\/wp-content\/uploads\/2019\/12\/Hakufa-1200x691.jpg 1200w, https:\/\/dento-budo-dojo.fr\/wp-content\/uploads\/2019\/12\/Hakufa-1536x885.jpg 1536w\" sizes=\"(max-width: 1024px) 100vw, 1024px\" \/>\t\t\t\t\t\t\t\t<\/a>\n\t\t\t\t\t\t\t\t\t\t\t<figcaption class=\"widget-image-caption wp-caption-text\">Un kata du style de la Grue, Hakufa, transmis par feu O-Sensei Tadahiko OHTSUKA du Gojukensha.<\/figcaption>\n\t\t\t\t\t\t\t\t\t\t<\/figure>\n\t\t\t\t\t\t\t\t\t<\/div>\n\t\t\t\t<\/div>\n\t\t\t\t\t<\/div>\n\t\t<\/div>\n\t\t\t\t\t<\/div>\n\t\t<\/section>\n\t\t\t\t<section class=\"elementor-section elementor-top-section elementor-element elementor-element-2e63d0b elementor-section-boxed elementor-section-height-default elementor-section-height-default\" data-id=\"2e63d0b\" data-element_type=\"section\" data-e-type=\"section\">\n\t\t\t\t\t\t<div class=\"elementor-container elementor-column-gap-default\">\n\t\t\t\t\t<div class=\"elementor-column elementor-col-100 elementor-top-column elementor-element elementor-element-c253920\" data-id=\"c253920\" data-element_type=\"column\" data-e-type=\"column\">\n\t\t\t<div class=\"elementor-widget-wrap\">\n\t\t\t\t\t\t\t<\/div>\n\t\t<\/div>\n\t\t\t\t\t<\/div>\n\t\t<\/section>\n\t\t\t\t<section class=\"elementor-section elementor-top-section elementor-element elementor-element-b23dd6d elementor-section-boxed elementor-section-height-default elementor-section-height-default\" data-id=\"b23dd6d\" data-element_type=\"section\" data-e-type=\"section\">\n\t\t\t\t\t\t<div class=\"elementor-container elementor-column-gap-default\">\n\t\t\t\t\t<div class=\"elementor-column elementor-col-50 elementor-top-column elementor-element elementor-element-e423776\" data-id=\"e423776\" data-element_type=\"column\" data-e-type=\"column\">\n\t\t\t<div class=\"elementor-widget-wrap elementor-element-populated\">\n\t\t\t\t\t\t<div class=\"elementor-element elementor-element-5320566 elementor-widget elementor-widget-image\" data-id=\"5320566\" data-element_type=\"widget\" data-e-type=\"widget\" data-widget_type=\"image.default\">\n\t\t\t\t<div class=\"elementor-widget-container\">\n\t\t\t\t\t\t\t\t\t\t\t\t<figure class=\"wp-caption\">\n\t\t\t\t\t\t\t\t\t\t\t<a href=\"http:\/\/dento-budo-dojo.fr\/wp-content\/uploads\/2019\/12\/Kumite-Alex-scaled.jpg\" data-elementor-open-lightbox=\"yes\" data-elementor-lightbox-title=\"Kumite - Alex\" data-elementor-lightbox-description=\"Alex Hauwaert et O-Sensei lors d&#039;un kumit\u00e9.\" data-e-action-hash=\"#elementor-action%3Aaction%3Dlightbox%26settings%3DeyJpZCI6MjY0OSwidXJsIjoiaHR0cHM6XC9cL2RlbnRvLWJ1ZG8tZG9qby5mclwvd3AtY29udGVudFwvdXBsb2Fkc1wvMjAxOVwvMTJcL0t1bWl0ZS1BbGV4LXNjYWxlZC5qcGcifQ%3D%3D\">\n\t\t\t\t\t\t\t<img loading=\"lazy\" decoding=\"async\" width=\"1024\" height=\"768\" src=\"https:\/\/dento-budo-dojo.fr\/wp-content\/uploads\/2019\/12\/Kumite-Alex-1024x768.jpg\" class=\"attachment-large size-large wp-image-2649\" alt=\"\" srcset=\"https:\/\/dento-budo-dojo.fr\/wp-content\/uploads\/2019\/12\/Kumite-Alex-200x150.jpg 200w, https:\/\/dento-budo-dojo.fr\/wp-content\/uploads\/2019\/12\/Kumite-Alex-300x225.jpg 300w, https:\/\/dento-budo-dojo.fr\/wp-content\/uploads\/2019\/12\/Kumite-Alex-400x300.jpg 400w, https:\/\/dento-budo-dojo.fr\/wp-content\/uploads\/2019\/12\/Kumite-Alex-600x450.jpg 600w, https:\/\/dento-budo-dojo.fr\/wp-content\/uploads\/2019\/12\/Kumite-Alex-768x576.jpg 768w, https:\/\/dento-budo-dojo.fr\/wp-content\/uploads\/2019\/12\/Kumite-Alex-800x600.jpg 800w, https:\/\/dento-budo-dojo.fr\/wp-content\/uploads\/2019\/12\/Kumite-Alex-1024x768.jpg 1024w, https:\/\/dento-budo-dojo.fr\/wp-content\/uploads\/2019\/12\/Kumite-Alex-1200x900.jpg 1200w, https:\/\/dento-budo-dojo.fr\/wp-content\/uploads\/2019\/12\/Kumite-Alex-1536x1152.jpg 1536w\" sizes=\"(max-width: 1024px) 100vw, 1024px\" \/>\t\t\t\t\t\t\t\t<\/a>\n\t\t\t\t\t\t\t\t\t\t\t<figcaption class=\"widget-image-caption wp-caption-text\">Alex Hauwaert et O-Sensei lors d'un kumit\u00e9.<\/figcaption>\n\t\t\t\t\t\t\t\t\t\t<\/figure>\n\t\t\t\t\t\t\t\t\t<\/div>\n\t\t\t\t<\/div>\n\t\t\t\t\t<\/div>\n\t\t<\/div>\n\t\t\t\t<div class=\"elementor-column elementor-col-50 elementor-top-column elementor-element elementor-element-822099a\" data-id=\"822099a\" data-element_type=\"column\" data-e-type=\"column\">\n\t\t\t<div class=\"elementor-widget-wrap elementor-element-populated\">\n\t\t\t\t\t\t<div class=\"elementor-element elementor-element-587136c elementor-widget elementor-widget-image\" data-id=\"587136c\" data-element_type=\"widget\" data-e-type=\"widget\" data-widget_type=\"image.default\">\n\t\t\t\t<div class=\"elementor-widget-container\">\n\t\t\t\t\t\t\t\t\t\t\t\t<figure class=\"wp-caption\">\n\t\t\t\t\t\t\t\t\t\t\t<a href=\"http:\/\/dento-budo-dojo.fr\/wp-content\/uploads\/2019\/12\/Patrick-et-Jean-Paul-scaled.jpg\" data-elementor-open-lightbox=\"yes\" data-elementor-lightbox-title=\"Patrick et Jean-Paul\" data-elementor-lightbox-description=\"Patrick et Jean-Paul en Tengu Kamae, une garde propre \u00e0 notre \u00e9cole.\" data-e-action-hash=\"#elementor-action%3Aaction%3Dlightbox%26settings%3DeyJpZCI6MjY0MiwidXJsIjoiaHR0cHM6XC9cL2RlbnRvLWJ1ZG8tZG9qby5mclwvd3AtY29udGVudFwvdXBsb2Fkc1wvMjAxOVwvMTJcL1BhdHJpY2stZXQtSmVhbi1QYXVsLXNjYWxlZC5qcGcifQ%3D%3D\">\n\t\t\t\t\t\t\t<img loading=\"lazy\" decoding=\"async\" width=\"1024\" height=\"734\" src=\"https:\/\/dento-budo-dojo.fr\/wp-content\/uploads\/2019\/12\/Patrick-et-Jean-Paul-1024x734.jpg\" class=\"attachment-large size-large wp-image-2642\" alt=\"\" srcset=\"https:\/\/dento-budo-dojo.fr\/wp-content\/uploads\/2019\/12\/Patrick-et-Jean-Paul-200x143.jpg 200w, https:\/\/dento-budo-dojo.fr\/wp-content\/uploads\/2019\/12\/Patrick-et-Jean-Paul-300x214.jpg 300w, https:\/\/dento-budo-dojo.fr\/wp-content\/uploads\/2019\/12\/Patrick-et-Jean-Paul-400x287.jpg 400w, https:\/\/dento-budo-dojo.fr\/wp-content\/uploads\/2019\/12\/Patrick-et-Jean-Paul-600x430.jpg 600w, https:\/\/dento-budo-dojo.fr\/wp-content\/uploads\/2019\/12\/Patrick-et-Jean-Paul-768x551.jpg 768w, https:\/\/dento-budo-dojo.fr\/wp-content\/uploads\/2019\/12\/Patrick-et-Jean-Paul-800x574.jpg 800w, https:\/\/dento-budo-dojo.fr\/wp-content\/uploads\/2019\/12\/Patrick-et-Jean-Paul-1024x734.jpg 1024w, https:\/\/dento-budo-dojo.fr\/wp-content\/uploads\/2019\/12\/Patrick-et-Jean-Paul-1200x860.jpg 1200w, https:\/\/dento-budo-dojo.fr\/wp-content\/uploads\/2019\/12\/Patrick-et-Jean-Paul-1536x1101.jpg 1536w\" sizes=\"(max-width: 1024px) 100vw, 1024px\" \/>\t\t\t\t\t\t\t\t<\/a>\n\t\t\t\t\t\t\t\t\t\t\t<figcaption class=\"widget-image-caption wp-caption-text\">Patrick et Jean-Paul en Tengu Kamae, une garde propre \u00e0 notre \u00e9cole.<\/figcaption>\n\t\t\t\t\t\t\t\t\t\t<\/figure>\n\t\t\t\t\t\t\t\t\t<\/div>\n\t\t\t\t<\/div>\n\t\t\t\t\t<\/div>\n\t\t<\/div>\n\t\t\t\t\t<\/div>\n\t\t<\/section>\n\t\t\t\t<section class=\"elementor-section elementor-top-section elementor-element elementor-element-b5e80fc elementor-section-boxed elementor-section-height-default elementor-section-height-default\" data-id=\"b5e80fc\" data-element_type=\"section\" data-e-type=\"section\">\n\t\t\t\t\t\t<div class=\"elementor-container elementor-column-gap-default\">\n\t\t\t\t\t<div class=\"elementor-column elementor-col-50 elementor-top-column elementor-element elementor-element-ba92544\" data-id=\"ba92544\" data-element_type=\"column\" data-e-type=\"column\">\n\t\t\t<div class=\"elementor-widget-wrap elementor-element-populated\">\n\t\t\t\t\t\t<div class=\"elementor-element elementor-element-9be3cb5 elementor-widget elementor-widget-image\" data-id=\"9be3cb5\" data-element_type=\"widget\" data-e-type=\"widget\" data-widget_type=\"image.default\">\n\t\t\t\t<div class=\"elementor-widget-container\">\n\t\t\t\t\t\t\t\t\t\t\t\t<figure class=\"wp-caption\">\n\t\t\t\t\t\t\t\t\t\t\t<a href=\"http:\/\/dento-budo-dojo.fr\/wp-content\/uploads\/2019\/12\/Tengu-Kamae-Lea-et-Jean-Paul-scaled.jpg\" data-elementor-open-lightbox=\"yes\" data-elementor-lightbox-title=\"Tengu Kamae - L\u00e9a et Jean-Paul\" data-elementor-lightbox-description=\"L\u00e9a \u00e0 gauche, Jean-Paul \u00e0 droite, en Tengu Kamae, plus qu&#039;une garde, un message \u00e9galement...\" data-e-action-hash=\"#elementor-action%3Aaction%3Dlightbox%26settings%3DeyJpZCI6MjY0MCwidXJsIjoiaHR0cHM6XC9cL2RlbnRvLWJ1ZG8tZG9qby5mclwvd3AtY29udGVudFwvdXBsb2Fkc1wvMjAxOVwvMTJcL1Rlbmd1LUthbWFlLUxlYS1ldC1KZWFuLVBhdWwtc2NhbGVkLmpwZyJ9\">\n\t\t\t\t\t\t\t<img loading=\"lazy\" decoding=\"async\" width=\"1024\" height=\"590\" src=\"https:\/\/dento-budo-dojo.fr\/wp-content\/uploads\/2019\/12\/Tengu-Kamae-Lea-et-Jean-Paul-1024x590.jpg\" class=\"attachment-large size-large wp-image-2640\" alt=\"\" srcset=\"https:\/\/dento-budo-dojo.fr\/wp-content\/uploads\/2019\/12\/Tengu-Kamae-Lea-et-Jean-Paul-200x115.jpg 200w, https:\/\/dento-budo-dojo.fr\/wp-content\/uploads\/2019\/12\/Tengu-Kamae-Lea-et-Jean-Paul-300x173.jpg 300w, https:\/\/dento-budo-dojo.fr\/wp-content\/uploads\/2019\/12\/Tengu-Kamae-Lea-et-Jean-Paul-400x230.jpg 400w, https:\/\/dento-budo-dojo.fr\/wp-content\/uploads\/2019\/12\/Tengu-Kamae-Lea-et-Jean-Paul-600x346.jpg 600w, https:\/\/dento-budo-dojo.fr\/wp-content\/uploads\/2019\/12\/Tengu-Kamae-Lea-et-Jean-Paul-768x442.jpg 768w, https:\/\/dento-budo-dojo.fr\/wp-content\/uploads\/2019\/12\/Tengu-Kamae-Lea-et-Jean-Paul-800x461.jpg 800w, https:\/\/dento-budo-dojo.fr\/wp-content\/uploads\/2019\/12\/Tengu-Kamae-Lea-et-Jean-Paul-1024x590.jpg 1024w, https:\/\/dento-budo-dojo.fr\/wp-content\/uploads\/2019\/12\/Tengu-Kamae-Lea-et-Jean-Paul-1200x691.jpg 1200w, https:\/\/dento-budo-dojo.fr\/wp-content\/uploads\/2019\/12\/Tengu-Kamae-Lea-et-Jean-Paul-1536x885.jpg 1536w\" sizes=\"(max-width: 1024px) 100vw, 1024px\" \/>\t\t\t\t\t\t\t\t<\/a>\n\t\t\t\t\t\t\t\t\t\t\t<figcaption class=\"widget-image-caption wp-caption-text\">L\u00e9a \u00e0 gauche, Jean-Paul \u00e0 droite, en Tengu Kamae, plus qu'une garde, un message \u00e9galement...<\/figcaption>\n\t\t\t\t\t\t\t\t\t\t<\/figure>\n\t\t\t\t\t\t\t\t\t<\/div>\n\t\t\t\t<\/div>\n\t\t\t\t\t<\/div>\n\t\t<\/div>\n\t\t\t\t<div class=\"elementor-column elementor-col-50 elementor-top-column elementor-element elementor-element-8eaab30\" data-id=\"8eaab30\" data-element_type=\"column\" data-e-type=\"column\">\n\t\t\t<div class=\"elementor-widget-wrap elementor-element-populated\">\n\t\t\t\t\t\t<div class=\"elementor-element elementor-element-750a18f elementor-widget elementor-widget-image\" data-id=\"750a18f\" data-element_type=\"widget\" data-e-type=\"widget\" data-widget_type=\"image.default\">\n\t\t\t\t<div class=\"elementor-widget-container\">\n\t\t\t\t\t\t\t\t\t\t\t\t<figure class=\"wp-caption\">\n\t\t\t\t\t\t\t\t\t\t\t<a href=\"http:\/\/dento-budo-dojo.fr\/wp-content\/uploads\/2019\/12\/Lea-et-Sylvain-scaled.jpg\" data-elementor-open-lightbox=\"yes\" data-elementor-lightbox-title=\"L\u00e9a et Sylvain\" data-elementor-lightbox-description=\"L\u00e9a en Sylvain lors d&#039;une phase d&#039;un kumit\u00e9.\" data-e-action-hash=\"#elementor-action%3Aaction%3Dlightbox%26settings%3DeyJpZCI6MjY0NCwidXJsIjoiaHR0cHM6XC9cL2RlbnRvLWJ1ZG8tZG9qby5mclwvd3AtY29udGVudFwvdXBsb2Fkc1wvMjAxOVwvMTJcL0xlYS1ldC1TeWx2YWluLXNjYWxlZC5qcGcifQ%3D%3D\">\n\t\t\t\t\t\t\t<img loading=\"lazy\" decoding=\"async\" width=\"1024\" height=\"590\" src=\"https:\/\/dento-budo-dojo.fr\/wp-content\/uploads\/2019\/12\/Lea-et-Sylvain-1024x590.jpg\" class=\"attachment-large size-large wp-image-2644\" alt=\"L\u00e9a en Sylvain lors d&#039;une phase d&#039;un kumit\u00e9.\" srcset=\"https:\/\/dento-budo-dojo.fr\/wp-content\/uploads\/2019\/12\/Lea-et-Sylvain-200x115.jpg 200w, https:\/\/dento-budo-dojo.fr\/wp-content\/uploads\/2019\/12\/Lea-et-Sylvain-300x173.jpg 300w, https:\/\/dento-budo-dojo.fr\/wp-content\/uploads\/2019\/12\/Lea-et-Sylvain-400x230.jpg 400w, https:\/\/dento-budo-dojo.fr\/wp-content\/uploads\/2019\/12\/Lea-et-Sylvain-600x346.jpg 600w, https:\/\/dento-budo-dojo.fr\/wp-content\/uploads\/2019\/12\/Lea-et-Sylvain-768x442.jpg 768w, https:\/\/dento-budo-dojo.fr\/wp-content\/uploads\/2019\/12\/Lea-et-Sylvain-800x461.jpg 800w, https:\/\/dento-budo-dojo.fr\/wp-content\/uploads\/2019\/12\/Lea-et-Sylvain-1024x590.jpg 1024w, https:\/\/dento-budo-dojo.fr\/wp-content\/uploads\/2019\/12\/Lea-et-Sylvain-1200x691.jpg 1200w, https:\/\/dento-budo-dojo.fr\/wp-content\/uploads\/2019\/12\/Lea-et-Sylvain-1536x885.jpg 1536w\" sizes=\"(max-width: 1024px) 100vw, 1024px\" \/>\t\t\t\t\t\t\t\t<\/a>\n\t\t\t\t\t\t\t\t\t\t\t<figcaption class=\"widget-image-caption wp-caption-text\">L\u00e9a en Sylvain lors d'une phase d'un kumit\u00e9.<\/figcaption>\n\t\t\t\t\t\t\t\t\t\t<\/figure>\n\t\t\t\t\t\t\t\t\t<\/div>\n\t\t\t\t<\/div>\n\t\t\t\t\t<\/div>\n\t\t<\/div>\n\t\t\t\t\t<\/div>\n\t\t<\/section>\n\t\t\t\t<section class=\"elementor-section elementor-top-section elementor-element elementor-element-f4e4374 elementor-section-boxed elementor-section-height-default elementor-section-height-default\" data-id=\"f4e4374\" data-element_type=\"section\" data-e-type=\"section\">\n\t\t\t\t\t\t<div class=\"elementor-container elementor-column-gap-default\">\n\t\t\t\t\t<div class=\"elementor-column elementor-col-50 elementor-top-column elementor-element elementor-element-3053003\" data-id=\"3053003\" data-element_type=\"column\" data-e-type=\"column\">\n\t\t\t<div class=\"elementor-widget-wrap elementor-element-populated\">\n\t\t\t\t\t\t<div class=\"elementor-element elementor-element-5d3366a elementor-widget elementor-widget-image\" data-id=\"5d3366a\" data-element_type=\"widget\" data-e-type=\"widget\" data-widget_type=\"image.default\">\n\t\t\t\t<div class=\"elementor-widget-container\">\n\t\t\t\t\t\t\t\t\t\t\t\t<figure class=\"wp-caption\">\n\t\t\t\t\t\t\t\t\t\t\t<a href=\"http:\/\/dento-budo-dojo.fr\/wp-content\/uploads\/2019\/12\/Kumite-Kata-Patrick-a-droite-scaled.jpg\" data-elementor-open-lightbox=\"yes\" data-elementor-lightbox-title=\"Kumit\u00e9 Kata - Patrick \u00e0 droite\" data-elementor-lightbox-description=\"Patrick sur la droite lors d&#039;une phase du troisi\u00e8me Kumit\u00e9-Kata.\" data-e-action-hash=\"#elementor-action%3Aaction%3Dlightbox%26settings%3DeyJpZCI6MjY0MSwidXJsIjoiaHR0cHM6XC9cL2RlbnRvLWJ1ZG8tZG9qby5mclwvd3AtY29udGVudFwvdXBsb2Fkc1wvMjAxOVwvMTJcL0t1bWl0ZS1LYXRhLVBhdHJpY2stYS1kcm9pdGUtc2NhbGVkLmpwZyJ9\">\n\t\t\t\t\t\t\t<img loading=\"lazy\" decoding=\"async\" width=\"1018\" height=\"1024\" src=\"https:\/\/dento-budo-dojo.fr\/wp-content\/uploads\/2019\/12\/Kumite-Kata-Patrick-a-droite-1018x1024.jpg\" class=\"attachment-large size-large wp-image-2641\" alt=\"Patrick sur la droite lors d&#039;une phase du troisi\u00e8me Kumit\u00e9-Kata.\" srcset=\"https:\/\/dento-budo-dojo.fr\/wp-content\/uploads\/2019\/12\/Kumite-Kata-Patrick-a-droite-66x66.jpg 66w, https:\/\/dento-budo-dojo.fr\/wp-content\/uploads\/2019\/12\/Kumite-Kata-Patrick-a-droite-150x150.jpg 150w, https:\/\/dento-budo-dojo.fr\/wp-content\/uploads\/2019\/12\/Kumite-Kata-Patrick-a-droite-200x201.jpg 200w, https:\/\/dento-budo-dojo.fr\/wp-content\/uploads\/2019\/12\/Kumite-Kata-Patrick-a-droite-298x300.jpg 298w, https:\/\/dento-budo-dojo.fr\/wp-content\/uploads\/2019\/12\/Kumite-Kata-Patrick-a-droite-400x402.jpg 400w, https:\/\/dento-budo-dojo.fr\/wp-content\/uploads\/2019\/12\/Kumite-Kata-Patrick-a-droite-600x603.jpg 600w, https:\/\/dento-budo-dojo.fr\/wp-content\/uploads\/2019\/12\/Kumite-Kata-Patrick-a-droite-768x772.jpg 768w, https:\/\/dento-budo-dojo.fr\/wp-content\/uploads\/2019\/12\/Kumite-Kata-Patrick-a-droite-800x804.jpg 800w, https:\/\/dento-budo-dojo.fr\/wp-content\/uploads\/2019\/12\/Kumite-Kata-Patrick-a-droite-1018x1024.jpg 1018w, https:\/\/dento-budo-dojo.fr\/wp-content\/uploads\/2019\/12\/Kumite-Kata-Patrick-a-droite-1200x1207.jpg 1200w, https:\/\/dento-budo-dojo.fr\/wp-content\/uploads\/2019\/12\/Kumite-Kata-Patrick-a-droite-1527x1536.jpg 1527w\" sizes=\"(max-width: 1018px) 100vw, 1018px\" \/>\t\t\t\t\t\t\t\t<\/a>\n\t\t\t\t\t\t\t\t\t\t\t<figcaption class=\"widget-image-caption wp-caption-text\">Patrick sur la droite lors d'une phase du troisi\u00e8me Kumit\u00e9-Kata.<\/figcaption>\n\t\t\t\t\t\t\t\t\t\t<\/figure>\n\t\t\t\t\t\t\t\t\t<\/div>\n\t\t\t\t<\/div>\n\t\t\t\t\t<\/div>\n\t\t<\/div>\n\t\t\t\t<div class=\"elementor-column elementor-col-50 elementor-top-column elementor-element elementor-element-ae8b16d\" data-id=\"ae8b16d\" data-element_type=\"column\" data-e-type=\"column\">\n\t\t\t<div class=\"elementor-widget-wrap elementor-element-populated\">\n\t\t\t\t\t\t<div class=\"elementor-element elementor-element-756efef elementor-widget elementor-widget-image\" data-id=\"756efef\" data-element_type=\"widget\" data-e-type=\"widget\" data-widget_type=\"image.default\">\n\t\t\t\t<div class=\"elementor-widget-container\">\n\t\t\t\t\t\t\t\t\t\t\t\t<figure class=\"wp-caption\">\n\t\t\t\t\t\t\t\t\t\t\t<a href=\"http:\/\/dento-budo-dojo.fr\/wp-content\/uploads\/2019\/12\/Tambo-scaled.jpg\" data-elementor-open-lightbox=\"yes\" data-elementor-lightbox-title=\"Tambo\" data-elementor-lightbox-description=\"D\u00e9monstration avec un Tambo, arme du Kobudo et que nous pratiquons en stage.\" data-e-action-hash=\"#elementor-action%3Aaction%3Dlightbox%26settings%3DeyJpZCI6MjY0NiwidXJsIjoiaHR0cHM6XC9cL2RlbnRvLWJ1ZG8tZG9qby5mclwvd3AtY29udGVudFwvdXBsb2Fkc1wvMjAxOVwvMTJcL1RhbWJvLXNjYWxlZC5qcGcifQ%3D%3D\">\n\t\t\t\t\t\t\t<img loading=\"lazy\" decoding=\"async\" width=\"1018\" height=\"1024\" src=\"https:\/\/dento-budo-dojo.fr\/wp-content\/uploads\/2019\/12\/Tambo-1018x1024.jpg\" class=\"attachment-large size-large wp-image-2646\" alt=\"D\u00e9monstration avec un Tambo, arme du Kobudo et que nous pratiquons en stage.\" srcset=\"https:\/\/dento-budo-dojo.fr\/wp-content\/uploads\/2019\/12\/Tambo-66x66.jpg 66w, https:\/\/dento-budo-dojo.fr\/wp-content\/uploads\/2019\/12\/Tambo-150x150.jpg 150w, https:\/\/dento-budo-dojo.fr\/wp-content\/uploads\/2019\/12\/Tambo-200x201.jpg 200w, https:\/\/dento-budo-dojo.fr\/wp-content\/uploads\/2019\/12\/Tambo-298x300.jpg 298w, https:\/\/dento-budo-dojo.fr\/wp-content\/uploads\/2019\/12\/Tambo-400x402.jpg 400w, https:\/\/dento-budo-dojo.fr\/wp-content\/uploads\/2019\/12\/Tambo-600x603.jpg 600w, https:\/\/dento-budo-dojo.fr\/wp-content\/uploads\/2019\/12\/Tambo-768x772.jpg 768w, https:\/\/dento-budo-dojo.fr\/wp-content\/uploads\/2019\/12\/Tambo-800x804.jpg 800w, https:\/\/dento-budo-dojo.fr\/wp-content\/uploads\/2019\/12\/Tambo-1018x1024.jpg 1018w, https:\/\/dento-budo-dojo.fr\/wp-content\/uploads\/2019\/12\/Tambo-1200x1207.jpg 1200w, https:\/\/dento-budo-dojo.fr\/wp-content\/uploads\/2019\/12\/Tambo-1527x1536.jpg 1527w\" sizes=\"(max-width: 1018px) 100vw, 1018px\" \/>\t\t\t\t\t\t\t\t<\/a>\n\t\t\t\t\t\t\t\t\t\t\t<figcaption class=\"widget-image-caption wp-caption-text\">D\u00e9monstration avec un Tambo, arme du Kobudo et que nous pratiquons en stage.<\/figcaption>\n\t\t\t\t\t\t\t\t\t\t<\/figure>\n\t\t\t\t\t\t\t\t\t<\/div>\n\t\t\t\t<\/div>\n\t\t\t\t\t<\/div>\n\t\t<\/div>\n\t\t\t\t\t<\/div>\n\t\t<\/section>\n\t\t\t\t<section class=\"elementor-section elementor-top-section elementor-element elementor-element-19191f0 elementor-section-boxed elementor-section-height-default elementor-section-height-default\" data-id=\"19191f0\" data-element_type=\"section\" data-e-type=\"section\">\n\t\t\t\t\t\t<div class=\"elementor-container elementor-column-gap-default\">\n\t\t\t\t\t<div class=\"elementor-column elementor-col-33 elementor-top-column elementor-element elementor-element-7134718\" data-id=\"7134718\" data-element_type=\"column\" data-e-type=\"column\">\n\t\t\t<div class=\"elementor-widget-wrap elementor-element-populated\">\n\t\t\t\t\t\t<div class=\"elementor-element elementor-element-3b3d96c elementor-widget elementor-widget-image\" data-id=\"3b3d96c\" data-element_type=\"widget\" data-e-type=\"widget\" data-widget_type=\"image.default\">\n\t\t\t\t<div class=\"elementor-widget-container\">\n\t\t\t\t\t\t\t\t\t\t\t\t<figure class=\"wp-caption\">\n\t\t\t\t\t\t\t\t\t\t<img loading=\"lazy\" decoding=\"async\" width=\"774\" height=\"1024\" src=\"https:\/\/dento-budo-dojo.fr\/wp-content\/uploads\/2019\/12\/Jacques-774x1024.jpg\" class=\"attachment-large size-large wp-image-2647\" alt=\"Jacques lors d&#039;une cl\u00e9 de bras.\" srcset=\"https:\/\/dento-budo-dojo.fr\/wp-content\/uploads\/2019\/12\/Jacques-200x265.jpg 200w, https:\/\/dento-budo-dojo.fr\/wp-content\/uploads\/2019\/12\/Jacques-227x300.jpg 227w, https:\/\/dento-budo-dojo.fr\/wp-content\/uploads\/2019\/12\/Jacques-400x529.jpg 400w, https:\/\/dento-budo-dojo.fr\/wp-content\/uploads\/2019\/12\/Jacques-600x794.jpg 600w, https:\/\/dento-budo-dojo.fr\/wp-content\/uploads\/2019\/12\/Jacques-768x1016.jpg 768w, https:\/\/dento-budo-dojo.fr\/wp-content\/uploads\/2019\/12\/Jacques-774x1024.jpg 774w, https:\/\/dento-budo-dojo.fr\/wp-content\/uploads\/2019\/12\/Jacques-800x1059.jpg 800w, https:\/\/dento-budo-dojo.fr\/wp-content\/uploads\/2019\/12\/Jacques-1161x1536.jpg 1161w, https:\/\/dento-budo-dojo.fr\/wp-content\/uploads\/2019\/12\/Jacques-1200x1588.jpg 1200w, https:\/\/dento-budo-dojo.fr\/wp-content\/uploads\/2019\/12\/Jacques-1547x2048.jpg 1547w\" sizes=\"(max-width: 774px) 100vw, 774px\" \/>\t\t\t\t\t\t\t\t\t\t\t<figcaption class=\"widget-image-caption wp-caption-text\">Jacques lors d'une cl\u00e9 de bras.<\/figcaption>\n\t\t\t\t\t\t\t\t\t\t<\/figure>\n\t\t\t\t\t\t\t\t\t<\/div>\n\t\t\t\t<\/div>\n\t\t\t\t\t<\/div>\n\t\t<\/div>\n\t\t\t\t<div class=\"elementor-column elementor-col-33 elementor-top-column elementor-element elementor-element-ae6c538\" data-id=\"ae6c538\" data-element_type=\"column\" data-e-type=\"column\">\n\t\t\t<div class=\"elementor-widget-wrap elementor-element-populated\">\n\t\t\t\t\t\t<div class=\"elementor-element elementor-element-a8d63f8 elementor-widget elementor-widget-image\" data-id=\"a8d63f8\" data-element_type=\"widget\" data-e-type=\"widget\" data-widget_type=\"image.default\">\n\t\t\t\t<div class=\"elementor-widget-container\">\n\t\t\t\t\t\t\t\t\t\t\t\t<figure class=\"wp-caption\">\n\t\t\t\t\t\t\t\t\t\t\t<a href=\"http:\/\/dento-budo-dojo.fr\/wp-content\/uploads\/2019\/12\/Sebastien-1-scaled.jpg\" data-elementor-open-lightbox=\"yes\" data-elementor-lightbox-title=\"S\u00e9bastien 1\" data-elementor-lightbox-description=\"Application du Tengu Kamae avec une lampe de poche.\" data-e-action-hash=\"#elementor-action%3Aaction%3Dlightbox%26settings%3DeyJpZCI6MjY0MywidXJsIjoiaHR0cHM6XC9cL2RlbnRvLWJ1ZG8tZG9qby5mclwvd3AtY29udGVudFwvdXBsb2Fkc1wvMjAxOVwvMTJcL1NlYmFzdGllbi0xLXNjYWxlZC5qcGcifQ%3D%3D\">\n\t\t\t\t\t\t\t<img loading=\"lazy\" decoding=\"async\" width=\"587\" height=\"1024\" src=\"https:\/\/dento-budo-dojo.fr\/wp-content\/uploads\/2019\/12\/Sebastien-1-587x1024.jpg\" class=\"attachment-large size-large wp-image-2643\" alt=\"Application du Tengu Kamae avec une lampe de poche.\" srcset=\"https:\/\/dento-budo-dojo.fr\/wp-content\/uploads\/2019\/12\/Sebastien-1-172x300.jpg 172w, https:\/\/dento-budo-dojo.fr\/wp-content\/uploads\/2019\/12\/Sebastien-1-200x349.jpg 200w, https:\/\/dento-budo-dojo.fr\/wp-content\/uploads\/2019\/12\/Sebastien-1-400x697.jpg 400w, https:\/\/dento-budo-dojo.fr\/wp-content\/uploads\/2019\/12\/Sebastien-1-587x1024.jpg 587w, https:\/\/dento-budo-dojo.fr\/wp-content\/uploads\/2019\/12\/Sebastien-1-600x1046.jpg 600w, https:\/\/dento-budo-dojo.fr\/wp-content\/uploads\/2019\/12\/Sebastien-1-768x1339.jpg 768w, https:\/\/dento-budo-dojo.fr\/wp-content\/uploads\/2019\/12\/Sebastien-1-800x1395.jpg 800w, https:\/\/dento-budo-dojo.fr\/wp-content\/uploads\/2019\/12\/Sebastien-1-881x1536.jpg 881w, https:\/\/dento-budo-dojo.fr\/wp-content\/uploads\/2019\/12\/Sebastien-1-1175x2048.jpg 1175w, https:\/\/dento-budo-dojo.fr\/wp-content\/uploads\/2019\/12\/Sebastien-1-1200x2092.jpg 1200w, https:\/\/dento-budo-dojo.fr\/wp-content\/uploads\/2019\/12\/Sebastien-1-scaled.jpg 1468w\" sizes=\"(max-width: 587px) 100vw, 587px\" \/>\t\t\t\t\t\t\t\t<\/a>\n\t\t\t\t\t\t\t\t\t\t\t<figcaption class=\"widget-image-caption wp-caption-text\">Application du Tengu Kamae avec une lampe de poche.<\/figcaption>\n\t\t\t\t\t\t\t\t\t\t<\/figure>\n\t\t\t\t\t\t\t\t\t<\/div>\n\t\t\t\t<\/div>\n\t\t\t\t\t<\/div>\n\t\t<\/div>\n\t\t\t\t<div class=\"elementor-column elementor-col-33 elementor-top-column elementor-element elementor-element-a4630cf\" data-id=\"a4630cf\" data-element_type=\"column\" data-e-type=\"column\">\n\t\t\t<div class=\"elementor-widget-wrap elementor-element-populated\">\n\t\t\t\t\t\t<div class=\"elementor-element elementor-element-7d8f548 elementor-widget elementor-widget-image\" data-id=\"7d8f548\" data-element_type=\"widget\" data-e-type=\"widget\" data-widget_type=\"image.default\">\n\t\t\t\t<div class=\"elementor-widget-container\">\n\t\t\t\t\t\t\t\t\t\t\t\t<figure class=\"wp-caption\">\n\t\t\t\t\t\t\t\t\t\t\t<a href=\"http:\/\/dento-budo-dojo.fr\/wp-content\/uploads\/2019\/12\/Natalia-scaled.jpg\" data-elementor-open-lightbox=\"yes\" data-elementor-lightbox-title=\"Natalia\" data-elementor-lightbox-description=\"Natalia, lors de la remise de son dipl\u00f4me pour son 4\u00e8me Dan.\" data-e-action-hash=\"#elementor-action%3Aaction%3Dlightbox%26settings%3DeyJpZCI6MjY1MywidXJsIjoiaHR0cHM6XC9cL2RlbnRvLWJ1ZG8tZG9qby5mclwvd3AtY29udGVudFwvdXBsb2Fkc1wvMjAxOVwvMTJcL05hdGFsaWEtc2NhbGVkLmpwZyJ9\">\n\t\t\t\t\t\t\t<img loading=\"lazy\" decoding=\"async\" width=\"768\" height=\"1024\" src=\"https:\/\/dento-budo-dojo.fr\/wp-content\/uploads\/2019\/12\/Natalia-768x1024.jpg\" class=\"attachment-large size-large wp-image-2653\" alt=\"Natalia, lors de la remise de son dipl\u00f4me pour son 4\u00e8me Dan.\" srcset=\"https:\/\/dento-budo-dojo.fr\/wp-content\/uploads\/2019\/12\/Natalia-200x267.jpg 200w, https:\/\/dento-budo-dojo.fr\/wp-content\/uploads\/2019\/12\/Natalia-225x300.jpg 225w, https:\/\/dento-budo-dojo.fr\/wp-content\/uploads\/2019\/12\/Natalia-400x533.jpg 400w, https:\/\/dento-budo-dojo.fr\/wp-content\/uploads\/2019\/12\/Natalia-600x800.jpg 600w, https:\/\/dento-budo-dojo.fr\/wp-content\/uploads\/2019\/12\/Natalia-768x1024.jpg 768w, https:\/\/dento-budo-dojo.fr\/wp-content\/uploads\/2019\/12\/Natalia-800x1067.jpg 800w, https:\/\/dento-budo-dojo.fr\/wp-content\/uploads\/2019\/12\/Natalia-1152x1536.jpg 1152w, https:\/\/dento-budo-dojo.fr\/wp-content\/uploads\/2019\/12\/Natalia-1200x1600.jpg 1200w, https:\/\/dento-budo-dojo.fr\/wp-content\/uploads\/2019\/12\/Natalia-1536x2048.jpg 1536w, https:\/\/dento-budo-dojo.fr\/wp-content\/uploads\/2019\/12\/Natalia-scaled.jpg 1920w\" sizes=\"(max-width: 768px) 100vw, 768px\" \/>\t\t\t\t\t\t\t\t<\/a>\n\t\t\t\t\t\t\t\t\t\t\t<figcaption class=\"widget-image-caption wp-caption-text\">Natalia, lors de la remise de son dipl\u00f4me pour son 4\u00e8me Dan.<\/figcaption>\n\t\t\t\t\t\t\t\t\t\t<\/figure>\n\t\t\t\t\t\t\t\t\t<\/div>\n\t\t\t\t<\/div>\n\t\t\t\t\t<\/div>\n\t\t<\/div>\n\t\t\t\t\t<\/div>\n\t\t<\/section>\n\t\t\t\t<section class=\"elementor-section elementor-top-section elementor-element elementor-element-12f2662 elementor-section-boxed elementor-section-height-default elementor-section-height-default\" data-id=\"12f2662\" data-element_type=\"section\" data-e-type=\"section\">\n\t\t\t\t\t\t<div class=\"elementor-container elementor-column-gap-default\">\n\t\t\t\t\t<div class=\"elementor-column elementor-col-100 elementor-top-column elementor-element elementor-element-2c4ffc8\" data-id=\"2c4ffc8\" data-element_type=\"column\" data-e-type=\"column\">\n\t\t\t<div class=\"elementor-widget-wrap elementor-element-populated\">\n\t\t\t\t\t\t<div class=\"elementor-element elementor-element-98cb094 elementor-widget elementor-widget-text-editor\" data-id=\"98cb094\" data-element_type=\"widget\" data-e-type=\"widget\" data-widget_type=\"text-editor.default\">\n\t\t\t\t<div class=\"elementor-widget-container\">\n\t\t\t\t\t\t\t\t\t<p>Mais un parfum suppl\u00e9mentaire est venu embaumer notre c\u0153ur\u2026 avec la r\u00e9ussite du passage de grade du 4<sup>\u00e8me<\/sup> dan de Natalia, russe par ses origines, mais qui transpire une vision \u0153cum\u00e9nique de la pratique du Karat\u00e9. Preuve l\u00e0 encore, que la pratique du Tengu-Ryu Karat\u00e9-Do r\u00e9unit\u2026 Tr\u00e8s loin de cet \u00e9tat d\u2019esprit qui plane dans l\u2019esprit de certains de ce monde d\u2019aujourd\u2019hui.<\/p><p>Voil\u00e0 pourquoi ce stage lib\u00e9rait \u00e0 lui seul une myriade d\u2019enthousiasme chez tous ces stagiaires qui ont fait l\u2019effort d\u2019y participer, de France comme de l\u2019\u00e9tranger\u00a0: Allemagne, Belgique, Suisse et\u2026 Russie, malgr\u00e9 la difficult\u00e9 que cela impliquait\u00a0!<\/p><p>Dans un mois, les f\u00eates de fin d\u2019ann\u00e9e, d\u00e9j\u00e0\u00a0! Loin, et proche en m\u00eame temps, on ne peut que souhaiter \u00e0 tous apr\u00e8s un bon retour chez soi, de belles f\u00eates de fin d\u2019ann\u00e9e avec une forte pens\u00e9 pour celles et ceux qui vivent actuellement des moments difficiles. Courage, et bonne continuit\u00e9 sur la Voie des <em>Tengu<\/em>\u2026 <strong>Sojobo<\/strong> veille sur vous\u00a0!<\/p>\t\t\t\t\t\t\t\t<\/div>\n\t\t\t\t<\/div>\n\t\t\t\t\t<\/div>\n\t\t<\/div>\n\t\t\t\t\t<\/div>\n\t\t<\/section>\n\t\t\t\t<section class=\"elementor-section elementor-top-section elementor-element elementor-element-83aa606 elementor-section-boxed elementor-section-height-default elementor-section-height-default\" data-id=\"83aa606\" data-element_type=\"section\" data-e-type=\"section\">\n\t\t\t\t\t\t<div class=\"elementor-container elementor-column-gap-default\">\n\t\t\t\t\t<div class=\"elementor-column elementor-col-50 elementor-top-column elementor-element elementor-element-a15f477\" data-id=\"a15f477\" data-element_type=\"column\" data-e-type=\"column\">\n\t\t\t<div class=\"elementor-widget-wrap elementor-element-populated\">\n\t\t\t\t\t\t<div class=\"elementor-element elementor-element-bfc46ee elementor-widget elementor-widget-image\" data-id=\"bfc46ee\" data-element_type=\"widget\" data-e-type=\"widget\" data-widget_type=\"image.default\">\n\t\t\t\t<div class=\"elementor-widget-container\">\n\t\t\t\t\t\t\t\t\t\t\t\t<figure class=\"wp-caption\">\n\t\t\t\t\t\t\t\t\t\t\t<a href=\"http:\/\/dento-budo-dojo.fr\/wp-content\/uploads\/2019\/12\/ceintures-noires-scaled.jpg\" data-elementor-open-lightbox=\"yes\" data-elementor-lightbox-title=\"ceintures noires\" data-elementor-lightbox-description=\"Les nouveaux promus, russe et allemands. BRAVO !\" data-e-action-hash=\"#elementor-action%3Aaction%3Dlightbox%26settings%3DeyJpZCI6MjYzOCwidXJsIjoiaHR0cHM6XC9cL2RlbnRvLWJ1ZG8tZG9qby5mclwvd3AtY29udGVudFwvdXBsb2Fkc1wvMjAxOVwvMTJcL2NlaW50dXJlcy1ub2lyZXMtc2NhbGVkLmpwZyJ9\">\n\t\t\t\t\t\t\t<img loading=\"lazy\" decoding=\"async\" width=\"1024\" height=\"610\" src=\"https:\/\/dento-budo-dojo.fr\/wp-content\/uploads\/2019\/12\/ceintures-noires-1024x610.jpg\" class=\"attachment-large size-large wp-image-2638\" alt=\"Les nouveaux promus, russe et allemands. BRAVO !\" srcset=\"https:\/\/dento-budo-dojo.fr\/wp-content\/uploads\/2019\/12\/ceintures-noires-200x119.jpg 200w, https:\/\/dento-budo-dojo.fr\/wp-content\/uploads\/2019\/12\/ceintures-noires-300x179.jpg 300w, https:\/\/dento-budo-dojo.fr\/wp-content\/uploads\/2019\/12\/ceintures-noires-400x238.jpg 400w, https:\/\/dento-budo-dojo.fr\/wp-content\/uploads\/2019\/12\/ceintures-noires-600x358.jpg 600w, https:\/\/dento-budo-dojo.fr\/wp-content\/uploads\/2019\/12\/ceintures-noires-768x458.jpg 768w, https:\/\/dento-budo-dojo.fr\/wp-content\/uploads\/2019\/12\/ceintures-noires-800x477.jpg 800w, https:\/\/dento-budo-dojo.fr\/wp-content\/uploads\/2019\/12\/ceintures-noires-1024x610.jpg 1024w, https:\/\/dento-budo-dojo.fr\/wp-content\/uploads\/2019\/12\/ceintures-noires-1200x715.jpg 1200w, https:\/\/dento-budo-dojo.fr\/wp-content\/uploads\/2019\/12\/ceintures-noires-1536x916.jpg 1536w\" sizes=\"(max-width: 1024px) 100vw, 1024px\" \/>\t\t\t\t\t\t\t\t<\/a>\n\t\t\t\t\t\t\t\t\t\t\t<figcaption class=\"widget-image-caption wp-caption-text\">Les nouveaux promus, russe et allemands. BRAVO !<\/figcaption>\n\t\t\t\t\t\t\t\t\t\t<\/figure>\n\t\t\t\t\t\t\t\t\t<\/div>\n\t\t\t\t<\/div>\n\t\t\t\t\t<\/div>\n\t\t<\/div>\n\t\t\t\t<div class=\"elementor-column elementor-col-50 elementor-top-column elementor-element elementor-element-6a8ce09\" data-id=\"6a8ce09\" data-element_type=\"column\" data-e-type=\"column\">\n\t\t\t<div class=\"elementor-widget-wrap elementor-element-populated\">\n\t\t\t\t\t\t<div class=\"elementor-element elementor-element-5a2cbd9 elementor-widget elementor-widget-image\" data-id=\"5a2cbd9\" data-element_type=\"widget\" data-e-type=\"widget\" data-widget_type=\"image.default\">\n\t\t\t\t<div class=\"elementor-widget-container\">\n\t\t\t\t\t\t\t\t\t\t\t\t<figure class=\"wp-caption\">\n\t\t\t\t\t\t\t\t\t\t\t<a href=\"http:\/\/dento-budo-dojo.fr\/wp-content\/uploads\/2019\/12\/Dento-Groupe-scaled.jpg\" data-elementor-open-lightbox=\"yes\" data-elementor-lightbox-title=\"Dento - Groupe\" data-elementor-lightbox-description=\"Quelques karat\u00e9kas du DENTO BUDO DOJO... \" data-e-action-hash=\"#elementor-action%3Aaction%3Dlightbox%26settings%3DeyJpZCI6MjYzOSwidXJsIjoiaHR0cHM6XC9cL2RlbnRvLWJ1ZG8tZG9qby5mclwvd3AtY29udGVudFwvdXBsb2Fkc1wvMjAxOVwvMTJcL0RlbnRvLUdyb3VwZS1zY2FsZWQuanBnIn0%3D\">\n\t\t\t\t\t\t\t<img loading=\"lazy\" decoding=\"async\" width=\"1024\" height=\"590\" src=\"https:\/\/dento-budo-dojo.fr\/wp-content\/uploads\/2019\/12\/Dento-Groupe-1024x590.jpg\" class=\"attachment-large size-large wp-image-2639\" alt=\"Quelques karat\u00e9kas du DENTO BUDO DOJO...\" srcset=\"https:\/\/dento-budo-dojo.fr\/wp-content\/uploads\/2019\/12\/Dento-Groupe-200x115.jpg 200w, https:\/\/dento-budo-dojo.fr\/wp-content\/uploads\/2019\/12\/Dento-Groupe-300x173.jpg 300w, https:\/\/dento-budo-dojo.fr\/wp-content\/uploads\/2019\/12\/Dento-Groupe-400x230.jpg 400w, https:\/\/dento-budo-dojo.fr\/wp-content\/uploads\/2019\/12\/Dento-Groupe-600x346.jpg 600w, https:\/\/dento-budo-dojo.fr\/wp-content\/uploads\/2019\/12\/Dento-Groupe-768x442.jpg 768w, https:\/\/dento-budo-dojo.fr\/wp-content\/uploads\/2019\/12\/Dento-Groupe-800x461.jpg 800w, https:\/\/dento-budo-dojo.fr\/wp-content\/uploads\/2019\/12\/Dento-Groupe-1024x590.jpg 1024w, https:\/\/dento-budo-dojo.fr\/wp-content\/uploads\/2019\/12\/Dento-Groupe-1200x691.jpg 1200w, https:\/\/dento-budo-dojo.fr\/wp-content\/uploads\/2019\/12\/Dento-Groupe-1536x885.jpg 1536w\" sizes=\"(max-width: 1024px) 100vw, 1024px\" \/>\t\t\t\t\t\t\t\t<\/a>\n\t\t\t\t\t\t\t\t\t\t\t<figcaption class=\"widget-image-caption wp-caption-text\">Quelques karat\u00e9kas du DENTO BUDO DOJO... <\/figcaption>\n\t\t\t\t\t\t\t\t\t\t<\/figure>\n\t\t\t\t\t\t\t\t\t<\/div>\n\t\t\t\t<\/div>\n\t\t\t\t\t<\/div>\n\t\t<\/div>\n\t\t\t\t\t<\/div>\n\t\t<\/section>\n\t\t\t\t<section class=\"elementor-section elementor-top-section elementor-element elementor-element-ab87850 elementor-section-boxed elementor-section-height-default elementor-section-height-default\" data-id=\"ab87850\" data-element_type=\"section\" data-e-type=\"section\">\n\t\t\t\t\t\t<div class=\"elementor-container elementor-column-gap-default\">\n\t\t\t\t\t<div class=\"elementor-column elementor-col-100 elementor-top-column elementor-element elementor-element-c71e923\" data-id=\"c71e923\" data-element_type=\"column\" data-e-type=\"column\">\n\t\t\t<div class=\"elementor-widget-wrap elementor-element-populated\">\n\t\t\t\t\t\t<div class=\"elementor-element elementor-element-56b2267 elementor-widget elementor-widget-spacer\" data-id=\"56b2267\" data-element_type=\"widget\" data-e-type=\"widget\" data-widget_type=\"spacer.default\">\n\t\t\t\t<div class=\"elementor-widget-container\">\n\t\t\t\t\t\t\t<div class=\"elementor-spacer\">\n\t\t\t<div class=\"elementor-spacer-inner\"><\/div>\n\t\t<\/div>\n\t\t\t\t\t\t<\/div>\n\t\t\t\t<\/div>\n\t\t\t\t\t<\/div>\n\t\t<\/div>\n\t\t\t\t\t<\/div>\n\t\t<\/section>\n\t\t\t\t<section class=\"elementor-section elementor-top-section elementor-element elementor-element-e14527d elementor-section-boxed elementor-section-height-default elementor-section-height-default\" data-id=\"e14527d\" data-element_type=\"section\" data-e-type=\"section\">\n\t\t\t\t\t\t<div class=\"elementor-container elementor-column-gap-default\">\n\t\t\t\t\t<div class=\"elementor-column elementor-col-50 elementor-top-column elementor-element elementor-element-dbe55a6\" data-id=\"dbe55a6\" data-element_type=\"column\" data-e-type=\"column\">\n\t\t\t<div class=\"elementor-widget-wrap elementor-element-populated\">\n\t\t\t\t\t\t<div class=\"elementor-element elementor-element-ae08ad0 elementor-widget elementor-widget-heading\" data-id=\"ae08ad0\" data-element_type=\"widget\" data-e-type=\"widget\" data-widget_type=\"heading.default\">\n\t\t\t\t<div class=\"elementor-widget-container\">\n\t\t\t\t\t<h1 class=\"elementor-heading-title elementor-size-default\">Stage Koshiki kata - juin 2022<\/h1>\t\t\t\t<\/div>\n\t\t\t\t<\/div>\n\t\t\t\t<div class=\"elementor-element elementor-element-1abec15 elementor-widget elementor-widget-text-editor\" data-id=\"1abec15\" data-element_type=\"widget\" data-e-type=\"widget\" data-widget_type=\"text-editor.default\">\n\t\t\t\t<div class=\"elementor-widget-container\">\n\t\t\t\t\t\t\t\t\t<p>Notre stage habituel concernant les katas anciens, les koshiki-kata, a \u00e9t\u00e9 d\u00e9plac\u00e9 en ce mois de juin, alors que nous l\u2019avions habituellement en mars, cons\u00e9quence directe de la crise sanitaire\u00a0! C\u2019est un stage qui comme d\u2019habitude suit le passage de ceintures noires effectu\u00e9 la veille.<\/p><p>Cette ann\u00e9e 2022, un lourd programme fut abord\u00e9, mais le temps ne nous permettait pas de voir tout ce qui aurait d\u00fb \u00eatre revu. Parfois, il faut accepter de faire moins mais mieux, que de vouloir faire trop avec les erreurs qui en d\u00e9couleraient lors de l\u2019assimilation. D\u2019autant plus que le Koshiki-kata doit \u00eatre envisag\u00e9 sous un autre angle\u2026 ce qui reste une v\u00e9ritable \u00e9nigme pour les karat\u00e9kas chevronn\u00e9s\u00a0! Greffer les acquis d\u2019un style de r\u00e9f\u00e9rence, tel que le <em>Shotokan<\/em>, le <em>Wado-ryu<\/em>, etc., sur un style \u00ab\u00a0ancien\u00a0\u00bb auraient une r\u00e9percussion contre-productive. Pour progresser, il s\u2019agit de bien mettre chaque chose \u00e0 sa place et de ne pas vouloir fusionner d\u2019embl\u00e9e des nouvelles \u00ab\u00a0donn\u00e9es\u00a0\u00bb avec ce que nous avons d\u00e9j\u00e0 en nous. Compliqu\u00e9 sans doute pour la plupart des karat\u00e9kas, car il s\u2019agit l\u00e0 encore de mettre son \u00e9go de c\u00f4t\u00e9, et d\u2019avoir cet esprit de d\u00e9butant pour aller chercher ce qu\u2019il y a \u00e0 trouver dans les koshiki-kata. Laisser infuser doucement cette nouvelle approche de ce que veut nous enseigner le kata sera une cl\u00e9 essentielle pour obtenir ces secrets cach\u00e9s de l\u2019ancien\u2026 vers l\u2019actuel\u00a0!<\/p><p>Un style ancien conserve un \u00e9tat d\u2019esprit qui lui est propre. Cela rajoute une difficult\u00e9 suppl\u00e9mentaire\u2026 D\u00e9j\u00e0, le Goju-ryu, style de corps \u00e0 corps, de petite distance, n\u2019aborde pas le karat\u00e9 comme celui du Shotokan par exemple, o\u00f9 ce dernier \u00ab\u00a0travaille\u00a0\u00bb davantage sur la distance longue. Logique\u2026 en regardant l\u2019histoire du karat\u00e9 et ses lignes de transmission on en comprend tout de suite l\u2019id\u00e9e, et les concepts qui en d\u00e9coule. Mais le Koshiki-kata, va encore plus loin\u2026 en se rapprochant davantage de l\u2019\u00e9nergie interne, subtile, car ce n\u2019est pas que l\u2019aspect athl\u00e9tique, physique qui est mis en valeur, mais quelque chose de plus profond\u2026 que nous avons perdu. Heureusement, on peut encore le retrouver, \u00e0 condition de s\u2019y int\u00e9resser, tant que cela est encore transmis\u2026<\/p><p>Les stagiaires furent nombreux et avaient beaucoup d\u2019app\u00e9tit apr\u00e8s cette p\u00e9riode o\u00f9 nous \u00e9tions reclus. L\u2019envie de se retrouver \u00e9tait bien pr\u00e9sente. La joie \u00e9galement. De quoi donner un espoir suppl\u00e9mentaire pour que cette cha\u00eene de transmission continue dans notre \u00e9cole, le <strong>Tengu-ryu<\/strong>.<\/p>\t\t\t\t\t\t\t\t<\/div>\n\t\t\t\t<\/div>\n\t\t\t\t\t<\/div>\n\t\t<\/div>\n\t\t\t\t<div class=\"elementor-column elementor-col-50 elementor-top-column elementor-element elementor-element-f46f059\" data-id=\"f46f059\" data-element_type=\"column\" data-e-type=\"column\">\n\t\t\t<div class=\"elementor-widget-wrap elementor-element-populated\">\n\t\t\t\t\t\t<div class=\"elementor-element elementor-element-67d101e elementor-widget elementor-widget-image\" data-id=\"67d101e\" data-element_type=\"widget\" data-e-type=\"widget\" data-widget_type=\"image.default\">\n\t\t\t\t<div class=\"elementor-widget-container\">\n\t\t\t\t\t\t\t\t\t\t\t\t\t\t\t\t<a href=\"http:\/\/dento-budo-dojo.fr\/wp-content\/uploads\/2019\/12\/Sebastien-scaled.jpg\">\n\t\t\t\t\t\t\t<img loading=\"lazy\" decoding=\"async\" width=\"768\" height=\"1024\" src=\"https:\/\/dento-budo-dojo.fr\/wp-content\/uploads\/2019\/12\/Sebastien-768x1024.jpg\" class=\"attachment-large size-large wp-image-2624\" alt=\"S\u00e9bastien lors d&#039;une phase du kata Sanchin du style Ueshi-ryu.\" srcset=\"https:\/\/dento-budo-dojo.fr\/wp-content\/uploads\/2019\/12\/Sebastien-200x267.jpg 200w, https:\/\/dento-budo-dojo.fr\/wp-content\/uploads\/2019\/12\/Sebastien-225x300.jpg 225w, https:\/\/dento-budo-dojo.fr\/wp-content\/uploads\/2019\/12\/Sebastien-400x533.jpg 400w, https:\/\/dento-budo-dojo.fr\/wp-content\/uploads\/2019\/12\/Sebastien-600x800.jpg 600w, https:\/\/dento-budo-dojo.fr\/wp-content\/uploads\/2019\/12\/Sebastien-768x1024.jpg 768w, https:\/\/dento-budo-dojo.fr\/wp-content\/uploads\/2019\/12\/Sebastien-800x1067.jpg 800w, https:\/\/dento-budo-dojo.fr\/wp-content\/uploads\/2019\/12\/Sebastien-1152x1536.jpg 1152w, https:\/\/dento-budo-dojo.fr\/wp-content\/uploads\/2019\/12\/Sebastien-1200x1600.jpg 1200w, https:\/\/dento-budo-dojo.fr\/wp-content\/uploads\/2019\/12\/Sebastien-1536x2048.jpg 1536w, https:\/\/dento-budo-dojo.fr\/wp-content\/uploads\/2019\/12\/Sebastien-scaled.jpg 1920w\" sizes=\"(max-width: 768px) 100vw, 768px\" \/>\t\t\t\t\t\t\t\t<\/a>\n\t\t\t\t\t\t\t\t\t\t\t\t\t\t\t<\/div>\n\t\t\t\t<\/div>\n\t\t\t\t\t<\/div>\n\t\t<\/div>\n\t\t\t\t\t<\/div>\n\t\t<\/section>\n\t\t\t\t<section class=\"elementor-section elementor-top-section elementor-element elementor-element-920859e elementor-section-boxed elementor-section-height-default elementor-section-height-default\" data-id=\"920859e\" data-element_type=\"section\" data-e-type=\"section\">\n\t\t\t\t\t\t<div class=\"elementor-container elementor-column-gap-default\">\n\t\t\t\t\t<div class=\"elementor-column elementor-col-50 elementor-top-column elementor-element elementor-element-b22cf87\" data-id=\"b22cf87\" data-element_type=\"column\" data-e-type=\"column\">\n\t\t\t<div class=\"elementor-widget-wrap elementor-element-populated\">\n\t\t\t\t\t\t<div class=\"elementor-element elementor-element-104f547 elementor-widget elementor-widget-image\" data-id=\"104f547\" data-element_type=\"widget\" data-e-type=\"widget\" data-widget_type=\"image.default\">\n\t\t\t\t<div class=\"elementor-widget-container\">\n\t\t\t\t\t\t\t\t\t\t\t\t\t\t\t\t<a href=\"http:\/\/dento-budo-dojo.fr\/wp-content\/uploads\/2019\/12\/Sanchin-scaled.jpg\">\n\t\t\t\t\t\t\t<img loading=\"lazy\" decoding=\"async\" width=\"1024\" height=\"768\" src=\"https:\/\/dento-budo-dojo.fr\/wp-content\/uploads\/2019\/12\/Sanchin-1024x768.jpg\" class=\"attachment-large size-large wp-image-2622\" alt=\"Sanchin de l&#039;Ueshi-ryu.\" srcset=\"https:\/\/dento-budo-dojo.fr\/wp-content\/uploads\/2019\/12\/Sanchin-200x150.jpg 200w, https:\/\/dento-budo-dojo.fr\/wp-content\/uploads\/2019\/12\/Sanchin-300x225.jpg 300w, https:\/\/dento-budo-dojo.fr\/wp-content\/uploads\/2019\/12\/Sanchin-400x300.jpg 400w, https:\/\/dento-budo-dojo.fr\/wp-content\/uploads\/2019\/12\/Sanchin-600x450.jpg 600w, https:\/\/dento-budo-dojo.fr\/wp-content\/uploads\/2019\/12\/Sanchin-768x576.jpg 768w, https:\/\/dento-budo-dojo.fr\/wp-content\/uploads\/2019\/12\/Sanchin-800x600.jpg 800w, https:\/\/dento-budo-dojo.fr\/wp-content\/uploads\/2019\/12\/Sanchin-1024x768.jpg 1024w, https:\/\/dento-budo-dojo.fr\/wp-content\/uploads\/2019\/12\/Sanchin-1200x900.jpg 1200w, https:\/\/dento-budo-dojo.fr\/wp-content\/uploads\/2019\/12\/Sanchin-1536x1152.jpg 1536w\" sizes=\"(max-width: 1024px) 100vw, 1024px\" \/>\t\t\t\t\t\t\t\t<\/a>\n\t\t\t\t\t\t\t\t\t\t\t\t\t\t\t<\/div>\n\t\t\t\t<\/div>\n\t\t\t\t\t<\/div>\n\t\t<\/div>\n\t\t\t\t<div class=\"elementor-column elementor-col-50 elementor-top-column elementor-element elementor-element-9e474f7\" data-id=\"9e474f7\" data-element_type=\"column\" data-e-type=\"column\">\n\t\t\t<div class=\"elementor-widget-wrap elementor-element-populated\">\n\t\t\t\t\t\t<div class=\"elementor-element elementor-element-bc40468 elementor-widget elementor-widget-image\" data-id=\"bc40468\" data-element_type=\"widget\" data-e-type=\"widget\" data-widget_type=\"image.default\">\n\t\t\t\t<div class=\"elementor-widget-container\">\n\t\t\t\t\t\t\t\t\t\t\t\t\t\t\t\t<a href=\"http:\/\/dento-budo-dojo.fr\/wp-content\/uploads\/2019\/12\/kata-scaled.jpg\">\n\t\t\t\t\t\t\t<img loading=\"lazy\" decoding=\"async\" width=\"1024\" height=\"768\" src=\"https:\/\/dento-budo-dojo.fr\/wp-content\/uploads\/2019\/12\/kata-1024x768.jpg\" class=\"attachment-large size-large wp-image-2623\" alt=\"Sanchin de l&#039;Ueshi-ryu, avec en premier plan Jean-Paul et L\u00e9a du Dento...\" srcset=\"https:\/\/dento-budo-dojo.fr\/wp-content\/uploads\/2019\/12\/kata-200x150.jpg 200w, https:\/\/dento-budo-dojo.fr\/wp-content\/uploads\/2019\/12\/kata-300x225.jpg 300w, https:\/\/dento-budo-dojo.fr\/wp-content\/uploads\/2019\/12\/kata-400x300.jpg 400w, https:\/\/dento-budo-dojo.fr\/wp-content\/uploads\/2019\/12\/kata-600x450.jpg 600w, https:\/\/dento-budo-dojo.fr\/wp-content\/uploads\/2019\/12\/kata-768x576.jpg 768w, https:\/\/dento-budo-dojo.fr\/wp-content\/uploads\/2019\/12\/kata-800x600.jpg 800w, https:\/\/dento-budo-dojo.fr\/wp-content\/uploads\/2019\/12\/kata-1024x768.jpg 1024w, https:\/\/dento-budo-dojo.fr\/wp-content\/uploads\/2019\/12\/kata-1200x900.jpg 1200w, https:\/\/dento-budo-dojo.fr\/wp-content\/uploads\/2019\/12\/kata-1536x1152.jpg 1536w\" sizes=\"(max-width: 1024px) 100vw, 1024px\" \/>\t\t\t\t\t\t\t\t<\/a>\n\t\t\t\t\t\t\t\t\t\t\t\t\t\t\t<\/div>\n\t\t\t\t<\/div>\n\t\t\t\t\t<\/div>\n\t\t<\/div>\n\t\t\t\t\t<\/div>\n\t\t<\/section>\n\t\t\t\t<section class=\"elementor-section elementor-top-section elementor-element elementor-element-1f23af0 elementor-section-boxed elementor-section-height-default elementor-section-height-default\" data-id=\"1f23af0\" data-element_type=\"section\" data-e-type=\"section\">\n\t\t\t\t\t\t<div class=\"elementor-container elementor-column-gap-default\">\n\t\t\t\t\t<div class=\"elementor-column elementor-col-100 elementor-top-column elementor-element elementor-element-e83f7ab\" data-id=\"e83f7ab\" data-element_type=\"column\" data-e-type=\"column\">\n\t\t\t<div class=\"elementor-widget-wrap elementor-element-populated\">\n\t\t\t\t\t\t<div class=\"elementor-element elementor-element-9cbbf2d elementor-widget elementor-widget-text-editor\" data-id=\"9cbbf2d\" data-element_type=\"widget\" data-e-type=\"widget\" data-widget_type=\"text-editor.default\">\n\t\t\t\t<div class=\"elementor-widget-container\">\n\t\t\t\t\t\t\t\t\t<p>Concepts anciens, v\u00e9hicul\u00e9s par les Koshiki-kata, venant alimenter la r\u00e9flexion d\u2019aujourd\u2019hui dans la modernit\u00e9, ce que veut conduire l\u2019enseignement du Tengu-ryu, notre karat\u00e9 moderne au c\u0153ur m\u00eame de l\u2019actualit\u00e9, sans pour autant jeter l\u2019ancien comme du karat\u00e9 d\u00e9suet de sens, bien au contraire\u2026 \u00e0 condition de vouloir comprendre.<\/p><p>Notre prochain stage de Koshiki-kata est programm\u00e9 pour mars 2023, si rien ne vient entraver cette date\u2026 tant de chose bouge aujourd\u2019hui.<\/p>\t\t\t\t\t\t\t\t<\/div>\n\t\t\t\t<\/div>\n\t\t\t\t\t<\/div>\n\t\t<\/div>\n\t\t\t\t\t<\/div>\n\t\t<\/section>\n\t\t\t\t<section class=\"elementor-section elementor-top-section elementor-element elementor-element-28e138b elementor-section-boxed elementor-section-height-default elementor-section-height-default\" data-id=\"28e138b\" data-element_type=\"section\" data-e-type=\"section\">\n\t\t\t\t\t\t<div class=\"elementor-container elementor-column-gap-default\">\n\t\t\t\t\t<div class=\"elementor-column elementor-col-100 elementor-top-column elementor-element elementor-element-349af30\" data-id=\"349af30\" data-element_type=\"column\" data-e-type=\"column\">\n\t\t\t<div class=\"elementor-widget-wrap elementor-element-populated\">\n\t\t\t\t\t\t<div class=\"elementor-element elementor-element-2171507 elementor-widget elementor-widget-image\" data-id=\"2171507\" data-element_type=\"widget\" data-e-type=\"widget\" data-widget_type=\"image.default\">\n\t\t\t\t<div class=\"elementor-widget-container\">\n\t\t\t\t\t\t\t\t\t\t\t\t\t\t\t\t<a href=\"http:\/\/dento-budo-dojo.fr\/wp-content\/uploads\/2019\/12\/Groupe-scaled.jpg\">\n\t\t\t\t\t\t\t<img loading=\"lazy\" decoding=\"async\" width=\"1024\" height=\"346\" src=\"https:\/\/dento-budo-dojo.fr\/wp-content\/uploads\/2019\/12\/Groupe-1024x346.jpg\" class=\"attachment-large size-large wp-image-2621\" alt=\"stagiaire au stage Koshiki\" srcset=\"https:\/\/dento-budo-dojo.fr\/wp-content\/uploads\/2019\/12\/Groupe-200x68.jpg 200w, https:\/\/dento-budo-dojo.fr\/wp-content\/uploads\/2019\/12\/Groupe-300x101.jpg 300w, https:\/\/dento-budo-dojo.fr\/wp-content\/uploads\/2019\/12\/Groupe-400x135.jpg 400w, https:\/\/dento-budo-dojo.fr\/wp-content\/uploads\/2019\/12\/Groupe-600x203.jpg 600w, https:\/\/dento-budo-dojo.fr\/wp-content\/uploads\/2019\/12\/Groupe-768x260.jpg 768w, https:\/\/dento-budo-dojo.fr\/wp-content\/uploads\/2019\/12\/Groupe-800x270.jpg 800w, https:\/\/dento-budo-dojo.fr\/wp-content\/uploads\/2019\/12\/Groupe-1024x346.jpg 1024w, https:\/\/dento-budo-dojo.fr\/wp-content\/uploads\/2019\/12\/Groupe-1200x406.jpg 1200w, https:\/\/dento-budo-dojo.fr\/wp-content\/uploads\/2019\/12\/Groupe-1536x519.jpg 1536w\" sizes=\"(max-width: 1024px) 100vw, 1024px\" \/>\t\t\t\t\t\t\t\t<\/a>\n\t\t\t\t\t\t\t\t\t\t\t\t\t\t\t<\/div>\n\t\t\t\t<\/div>\n\t\t\t\t\t<\/div>\n\t\t<\/div>\n\t\t\t\t\t<\/div>\n\t\t<\/section>\n\t\t\t\t<section class=\"elementor-section elementor-top-section elementor-element elementor-element-f9f5a19 elementor-section-boxed elementor-section-height-default elementor-section-height-default\" data-id=\"f9f5a19\" data-element_type=\"section\" data-e-type=\"section\">\n\t\t\t\t\t\t<div class=\"elementor-container elementor-column-gap-default\">\n\t\t\t\t\t<div class=\"elementor-column elementor-col-100 elementor-top-column elementor-element elementor-element-6d9f71a\" data-id=\"6d9f71a\" data-element_type=\"column\" data-e-type=\"column\">\n\t\t\t<div class=\"elementor-widget-wrap elementor-element-populated\">\n\t\t\t\t\t\t<div class=\"elementor-element elementor-element-ba055c5 elementor-widget elementor-widget-spacer\" data-id=\"ba055c5\" data-element_type=\"widget\" data-e-type=\"widget\" data-widget_type=\"spacer.default\">\n\t\t\t\t<div class=\"elementor-widget-container\">\n\t\t\t\t\t\t\t<div class=\"elementor-spacer\">\n\t\t\t<div class=\"elementor-spacer-inner\"><\/div>\n\t\t<\/div>\n\t\t\t\t\t\t<\/div>\n\t\t\t\t<\/div>\n\t\t\t\t\t<\/div>\n\t\t<\/div>\n\t\t\t\t\t<\/div>\n\t\t<\/section>\n\t\t\t\t<section class=\"elementor-section elementor-top-section elementor-element elementor-element-3092a74 elementor-section-boxed elementor-section-height-default elementor-section-height-default\" data-id=\"3092a74\" data-element_type=\"section\" data-e-type=\"section\">\n\t\t\t\t\t\t<div class=\"elementor-container elementor-column-gap-default\">\n\t\t\t\t\t<div class=\"elementor-column elementor-col-50 elementor-top-column elementor-element elementor-element-0f0daba\" data-id=\"0f0daba\" data-element_type=\"column\" data-e-type=\"column\">\n\t\t\t<div class=\"elementor-widget-wrap elementor-element-populated\">\n\t\t\t\t\t\t<div class=\"elementor-element elementor-element-a07b440 elementor-widget elementor-widget-heading\" data-id=\"a07b440\" data-element_type=\"widget\" data-e-type=\"widget\" data-widget_type=\"heading.default\">\n\t\t\t\t<div class=\"elementor-widget-container\">\n\t\t\t\t\t<h1 class=\"elementor-heading-title elementor-size-default\">L\u00e9a, une nouvelle ceinture noire<\/h1>\t\t\t\t<\/div>\n\t\t\t\t<\/div>\n\t\t\t\t<div class=\"elementor-element elementor-element-2f51d57 elementor-widget elementor-widget-text-editor\" data-id=\"2f51d57\" data-element_type=\"widget\" data-e-type=\"widget\" data-widget_type=\"text-editor.default\">\n\t\t\t\t<div class=\"elementor-widget-container\">\n\t\t\t\t\t\t\t\t\t<p>Un karat\u00e9ka ceinture noire a ce souvenir, ineffa\u00e7able, de cette \u00e9preuve qu\u2019est celui du passage de grade pour obtenir cette ceinture qui reste souvent un objectif difficile. Et pourtant, cela peut arriver\u2026 apr\u00e8s des heures consacr\u00e9es \u00e0 la pratique du Karat\u00e9.<\/p><p>C\u2019est ce qui est arriv\u00e9 \u00e0 L\u00e9a\u00a0! Elle seule sait ce qu\u2019il en co\u00fbte. Toute cette dur\u00e9e de pratique, o\u00f9 l\u2019effort constant et acharn\u00e9 doit th\u00e9oriquement mener \u00e0 cette ceinture qui pour un d\u00e9butant est un objectif encore lointain. Guider le corps, plus encore l\u2019esprit, reste une d\u00e9marche qui s\u2019inscrit dans la dur\u00e9e\u2026 Il n\u2019y a pas place ici \u00e0 l\u2019imm\u00e9diatet\u00e9 du r\u00e9sultat\u00a0; on ne clique pas sur le bouton de la souris pour en avoir tout de suite le r\u00e9sultat\u00a0! C\u2019est donc, et ce sera toujours ainsi, le fruit d\u2019un travail constant qui prend des ann\u00e9es. Et, enfin, elle est l\u00e0, autour de la taille du karat\u00e9ka. C\u2019est \u00e0 la fois une joie, mais remplie quand m\u00eame de confusion, car, et c\u2019est une surprise, on r\u00e9alise qu\u2019on ne fait que commencer le karat\u00e9 \u00e0 ce moment-l\u00e0.<\/p><p>L\u2019\u00e9tude du karat\u00e9 peut enfin commencer. Les bases sont pr\u00e9sentes chez le ou la ceinture noire mais maintenant il va falloir rentrer davantage dans la profondeur. Tout un programme. Celui d\u2019une vie d\u2019o\u00f9 \u00e9mergera de nombreuses satisfactions comme des d\u00e9ceptions, avec ce brouillard qu\u2019est l\u2019illusion, toujours pr\u00e9sent par les constructions \u00e9gotiques du pratiquant. Justement, il s\u2019agira dans cette pratique de la main vide de dissiper cette illusion pour rentrer dans le c\u0153ur de la v\u00e9rit\u00e9, qui voudra bien se d\u00e9voiler selon l\u2019intensit\u00e9 de sa pratique \u00e0 condition d\u2019\u00eatre dans le non-vouloir\u00a0! A commencer par l\u2019obtention des r\u00e9sultats\u2026 Etonnant de faire sans vouloir obtenir\u2026 La gratuit\u00e9 du geste avec la puret\u00e9 de l\u2019esprit, un d\u00e9but pour toucher cette v\u00e9rit\u00e9 qui peut se manifester en soi\u2026 le Satori, cet \u00e9veil qui nous attend patiemment, mais il faut y mettre les formes pour \u00ab\u00a0atteindre\u00a0\u00bb le fond\u2026 insondable par ailleurs.<\/p>\t\t\t\t\t\t\t\t<\/div>\n\t\t\t\t<\/div>\n\t\t\t\t\t<\/div>\n\t\t<\/div>\n\t\t\t\t<div class=\"elementor-column elementor-col-50 elementor-top-column elementor-element elementor-element-6798c2b\" data-id=\"6798c2b\" data-element_type=\"column\" data-e-type=\"column\">\n\t\t\t<div class=\"elementor-widget-wrap elementor-element-populated\">\n\t\t\t\t\t\t<div class=\"elementor-element elementor-element-948edcd elementor-widget elementor-widget-image\" data-id=\"948edcd\" data-element_type=\"widget\" data-e-type=\"widget\" data-widget_type=\"image.default\">\n\t\t\t\t<div class=\"elementor-widget-container\">\n\t\t\t\t\t\t\t\t\t\t\t\t\t\t\t\t<a href=\"http:\/\/dento-budo-dojo.fr\/wp-content\/uploads\/2019\/12\/Lea.jpg\">\n\t\t\t\t\t\t\t<img loading=\"lazy\" decoding=\"async\" width=\"1024\" height=\"1024\" src=\"https:\/\/dento-budo-dojo.fr\/wp-content\/uploads\/2019\/12\/Lea-1024x1024.jpg\" class=\"attachment-large size-large wp-image-2616\" alt=\"L\u00e9a, ceinture noire\" srcset=\"https:\/\/dento-budo-dojo.fr\/wp-content\/uploads\/2019\/12\/Lea-66x66.jpg 66w, https:\/\/dento-budo-dojo.fr\/wp-content\/uploads\/2019\/12\/Lea-150x150.jpg 150w, https:\/\/dento-budo-dojo.fr\/wp-content\/uploads\/2019\/12\/Lea-200x200.jpg 200w, https:\/\/dento-budo-dojo.fr\/wp-content\/uploads\/2019\/12\/Lea-300x300.jpg 300w, https:\/\/dento-budo-dojo.fr\/wp-content\/uploads\/2019\/12\/Lea-400x400.jpg 400w, https:\/\/dento-budo-dojo.fr\/wp-content\/uploads\/2019\/12\/Lea-600x600.jpg 600w, https:\/\/dento-budo-dojo.fr\/wp-content\/uploads\/2019\/12\/Lea-768x768.jpg 768w, https:\/\/dento-budo-dojo.fr\/wp-content\/uploads\/2019\/12\/Lea-800x800.jpg 800w, https:\/\/dento-budo-dojo.fr\/wp-content\/uploads\/2019\/12\/Lea-1024x1024.jpg 1024w, https:\/\/dento-budo-dojo.fr\/wp-content\/uploads\/2019\/12\/Lea-1200x1200.jpg 1200w, https:\/\/dento-budo-dojo.fr\/wp-content\/uploads\/2019\/12\/Lea-1536x1536.jpg 1536w\" sizes=\"(max-width: 1024px) 100vw, 1024px\" \/>\t\t\t\t\t\t\t\t<\/a>\n\t\t\t\t\t\t\t\t\t\t\t\t\t\t\t<\/div>\n\t\t\t\t<\/div>\n\t\t\t\t\t<\/div>\n\t\t<\/div>\n\t\t\t\t\t<\/div>\n\t\t<\/section>\n\t\t\t\t<section class=\"elementor-section elementor-top-section elementor-element elementor-element-afe96b4 elementor-section-boxed elementor-section-height-default elementor-section-height-default\" data-id=\"afe96b4\" data-element_type=\"section\" data-e-type=\"section\">\n\t\t\t\t\t\t<div class=\"elementor-container elementor-column-gap-default\">\n\t\t\t\t\t<div class=\"elementor-column elementor-col-100 elementor-top-column elementor-element elementor-element-d70e7ea\" data-id=\"d70e7ea\" data-element_type=\"column\" data-e-type=\"column\">\n\t\t\t<div class=\"elementor-widget-wrap elementor-element-populated\">\n\t\t\t\t\t\t<div class=\"elementor-element elementor-element-8d73abe elementor-widget elementor-widget-text-editor\" data-id=\"8d73abe\" data-element_type=\"widget\" data-e-type=\"widget\" data-widget_type=\"text-editor.default\">\n\t\t\t\t<div class=\"elementor-widget-container\">\n\t\t\t\t\t\t\t\t\t<p>C\u2019est avec un enthousiasme r\u00e9el que nous avons pu voir l\u2019\u00e9volution de L\u00e9a durant ces ann\u00e9es, avec une intelligence du corps qu\u2019elle sait merveilleusement bien utiliser, pour enfin aboutir \u00e0 l\u2019obtention de la ceinture noire.<\/p><p>Bravo L\u00e9a\u00a0! Maintenant, le chemin continue, avec ses difficult\u00e9s, mais \u00f4 combien passionnantes \u00e0 r\u00e9soudre. Doraku \u2013 le plaisir de la Voie \u2013 sera un \u00e9l\u00e9ment primordial et indispensable pour aller jusqu\u2019au bout de ce chemin, avec, toujours l\u2019\u00e9merveillement de l\u2019apprenant, car c\u2019est aussi \u00e7a la pratique du karat\u00e9\u2026 d\u00e9couvrir, sans cesse, comme un enfant rempli d\u2019interrogations, face aux myst\u00e8res r\u00e9v\u00e9l\u00e9s en soi au fur et \u00e0 mesure qu\u2019on progresse sur la Voie. De cette manifestation externe, parfois jusqu\u2019\u00e0 \u00eatre spectaculaire, m\u00eame si ce n\u2019est pas ce qui doit \u00eatre recherch\u00e9, devra en d\u00e9couler une manifestation interne\u2026 ce qui rend la pratique du karat\u00e9 qui va bien au-del\u00e0 des apparences. C\u2019est avec cet \u00e9tat d\u2019esprit qu\u2019il faudra poursuivre, sur ce chemin emprunt\u00e9.<\/p><p>Bon courage pour la suite, car il en faudra\u2026 Mais \u00e7a en vaut vraiment la peine\u2026 \u00a0\u00a0<\/p>\t\t\t\t\t\t\t\t<\/div>\n\t\t\t\t<\/div>\n\t\t\t\t\t<\/div>\n\t\t<\/div>\n\t\t\t\t\t<\/div>\n\t\t<\/section>\n\t\t\t\t<section class=\"elementor-section elementor-top-section elementor-element elementor-element-a79519f elementor-section-boxed elementor-section-height-default elementor-section-height-default\" data-id=\"a79519f\" data-element_type=\"section\" data-e-type=\"section\">\n\t\t\t\t\t\t<div class=\"elementor-container elementor-column-gap-default\">\n\t\t\t\t\t<div class=\"elementor-column elementor-col-50 elementor-top-column elementor-element elementor-element-ade1750\" data-id=\"ade1750\" data-element_type=\"column\" data-e-type=\"column\">\n\t\t\t<div class=\"elementor-widget-wrap elementor-element-populated\">\n\t\t\t\t\t\t<div class=\"elementor-element elementor-element-679d080 elementor-widget elementor-widget-image\" data-id=\"679d080\" data-element_type=\"widget\" data-e-type=\"widget\" data-widget_type=\"image.default\">\n\t\t\t\t<div class=\"elementor-widget-container\">\n\t\t\t\t\t\t\t\t\t\t\t\t\t\t\t\t<a href=\"http:\/\/dento-budo-dojo.fr\/wp-content\/uploads\/2019\/12\/remise-du-diplome-scaled.jpg\">\n\t\t\t\t\t\t\t<img loading=\"lazy\" decoding=\"async\" width=\"1024\" height=\"768\" src=\"https:\/\/dento-budo-dojo.fr\/wp-content\/uploads\/2019\/12\/remise-du-diplome-1024x768.jpg\" class=\"attachment-large size-large wp-image-2617\" alt=\"L\u00e9a recevant son dipl\u00f4me par le Sok\u00e9 en main propre.\" srcset=\"https:\/\/dento-budo-dojo.fr\/wp-content\/uploads\/2019\/12\/remise-du-diplome-200x150.jpg 200w, https:\/\/dento-budo-dojo.fr\/wp-content\/uploads\/2019\/12\/remise-du-diplome-300x225.jpg 300w, https:\/\/dento-budo-dojo.fr\/wp-content\/uploads\/2019\/12\/remise-du-diplome-400x300.jpg 400w, https:\/\/dento-budo-dojo.fr\/wp-content\/uploads\/2019\/12\/remise-du-diplome-600x450.jpg 600w, https:\/\/dento-budo-dojo.fr\/wp-content\/uploads\/2019\/12\/remise-du-diplome-768x576.jpg 768w, https:\/\/dento-budo-dojo.fr\/wp-content\/uploads\/2019\/12\/remise-du-diplome-800x600.jpg 800w, https:\/\/dento-budo-dojo.fr\/wp-content\/uploads\/2019\/12\/remise-du-diplome-1024x768.jpg 1024w, https:\/\/dento-budo-dojo.fr\/wp-content\/uploads\/2019\/12\/remise-du-diplome-1200x900.jpg 1200w, https:\/\/dento-budo-dojo.fr\/wp-content\/uploads\/2019\/12\/remise-du-diplome-1536x1152.jpg 1536w\" sizes=\"(max-width: 1024px) 100vw, 1024px\" \/>\t\t\t\t\t\t\t\t<\/a>\n\t\t\t\t\t\t\t\t\t\t\t\t\t\t\t<\/div>\n\t\t\t\t<\/div>\n\t\t\t\t\t<\/div>\n\t\t<\/div>\n\t\t\t\t<div class=\"elementor-column elementor-col-50 elementor-top-column elementor-element elementor-element-c9be8d8\" data-id=\"c9be8d8\" data-element_type=\"column\" data-e-type=\"column\">\n\t\t\t<div class=\"elementor-widget-wrap elementor-element-populated\">\n\t\t\t\t\t\t<div class=\"elementor-element elementor-element-0f78fcd elementor-widget elementor-widget-image\" data-id=\"0f78fcd\" data-element_type=\"widget\" data-e-type=\"widget\" data-widget_type=\"image.default\">\n\t\t\t\t<div class=\"elementor-widget-container\">\n\t\t\t\t\t\t\t\t\t\t\t\t\t\t\t\t<a href=\"http:\/\/dento-budo-dojo.fr\/wp-content\/uploads\/2019\/12\/Lea-ceinture-noire-scaled.jpg\">\n\t\t\t\t\t\t\t<img loading=\"lazy\" decoding=\"async\" width=\"1024\" height=\"844\" src=\"https:\/\/dento-budo-dojo.fr\/wp-content\/uploads\/2019\/12\/Lea-ceinture-noire-1024x844.jpg\" class=\"attachment-large size-large wp-image-2618\" alt=\"Groupe du Dento.\" srcset=\"https:\/\/dento-budo-dojo.fr\/wp-content\/uploads\/2019\/12\/Lea-ceinture-noire-200x165.jpg 200w, https:\/\/dento-budo-dojo.fr\/wp-content\/uploads\/2019\/12\/Lea-ceinture-noire-300x247.jpg 300w, https:\/\/dento-budo-dojo.fr\/wp-content\/uploads\/2019\/12\/Lea-ceinture-noire-400x330.jpg 400w, https:\/\/dento-budo-dojo.fr\/wp-content\/uploads\/2019\/12\/Lea-ceinture-noire-600x495.jpg 600w, https:\/\/dento-budo-dojo.fr\/wp-content\/uploads\/2019\/12\/Lea-ceinture-noire-768x633.jpg 768w, https:\/\/dento-budo-dojo.fr\/wp-content\/uploads\/2019\/12\/Lea-ceinture-noire-800x659.jpg 800w, https:\/\/dento-budo-dojo.fr\/wp-content\/uploads\/2019\/12\/Lea-ceinture-noire-1024x844.jpg 1024w, https:\/\/dento-budo-dojo.fr\/wp-content\/uploads\/2019\/12\/Lea-ceinture-noire-1200x989.jpg 1200w, https:\/\/dento-budo-dojo.fr\/wp-content\/uploads\/2019\/12\/Lea-ceinture-noire-1536x1266.jpg 1536w\" sizes=\"(max-width: 1024px) 100vw, 1024px\" \/>\t\t\t\t\t\t\t\t<\/a>\n\t\t\t\t\t\t\t\t\t\t\t\t\t\t\t<\/div>\n\t\t\t\t<\/div>\n\t\t\t\t\t<\/div>\n\t\t<\/div>\n\t\t\t\t\t<\/div>\n\t\t<\/section>\n\t\t\t\t<section class=\"elementor-section elementor-top-section elementor-element elementor-element-a500ece elementor-section-boxed elementor-section-height-default elementor-section-height-default\" data-id=\"a500ece\" data-element_type=\"section\" data-e-type=\"section\">\n\t\t\t\t\t\t<div class=\"elementor-container elementor-column-gap-default\">\n\t\t\t\t\t<div class=\"elementor-column elementor-col-100 elementor-top-column elementor-element elementor-element-4b190aa\" data-id=\"4b190aa\" data-element_type=\"column\" data-e-type=\"column\">\n\t\t\t<div class=\"elementor-widget-wrap elementor-element-populated\">\n\t\t\t\t\t\t<div class=\"elementor-element elementor-element-2c97ca7 elementor-widget elementor-widget-spacer\" data-id=\"2c97ca7\" data-element_type=\"widget\" data-e-type=\"widget\" data-widget_type=\"spacer.default\">\n\t\t\t\t<div class=\"elementor-widget-container\">\n\t\t\t\t\t\t\t<div class=\"elementor-spacer\">\n\t\t\t<div class=\"elementor-spacer-inner\"><\/div>\n\t\t<\/div>\n\t\t\t\t\t\t<\/div>\n\t\t\t\t<\/div>\n\t\t\t\t\t<\/div>\n\t\t<\/div>\n\t\t\t\t\t<\/div>\n\t\t<\/section>\n\t\t\t\t<section class=\"elementor-section elementor-top-section elementor-element elementor-element-97db2bc elementor-section-boxed elementor-section-height-default elementor-section-height-default\" data-id=\"97db2bc\" data-element_type=\"section\" data-e-type=\"section\">\n\t\t\t\t\t\t<div class=\"elementor-container elementor-column-gap-default\">\n\t\t\t\t\t<div class=\"elementor-column elementor-col-50 elementor-top-column elementor-element elementor-element-74ca1cc\" data-id=\"74ca1cc\" data-element_type=\"column\" data-e-type=\"column\">\n\t\t\t<div class=\"elementor-widget-wrap elementor-element-populated\">\n\t\t\t\t\t\t<div class=\"elementor-element elementor-element-d8ab77d elementor-widget elementor-widget-heading\" data-id=\"d8ab77d\" data-element_type=\"widget\" data-e-type=\"widget\" data-widget_type=\"heading.default\">\n\t\t\t\t<div class=\"elementor-widget-container\">\n\t\t\t\t\t<h1 class=\"elementor-heading-title elementor-size-default\">Stage de printemps<\/h1>\t\t\t\t<\/div>\n\t\t\t\t<\/div>\n\t\t\t\t<div class=\"elementor-element elementor-element-8b30944 elementor-widget elementor-widget-text-editor\" data-id=\"8b30944\" data-element_type=\"widget\" data-e-type=\"widget\" data-widget_type=\"text-editor.default\">\n\t\t\t\t<div class=\"elementor-widget-container\">\n\t\t\t\t\t\t\t\t\t<p>Nous l&rsquo;attendions depuis longtemps, m\u00eame si le calendrier fut perturb\u00e9 li\u00e9 \u00e0 la crise sanitaire.\u00a0<\/p><p>Mais voil\u00e0, nous y \u00e9tions !<\/p><p>Cela manquait de se revoir, de partager ensemble notre passion avec le Sok\u00e9 et ses experts.\u00a0<\/p><p>Un stage qui a vu une surprise de taille&#8230; Lisez ci-apr\u00e8s et vous en serez davantage&#8230;<\/p><p>En attendant, voyez ces quelques photos&#8230; pour vous donner l&rsquo;envie de peut-\u00eatre, un jour, partager ensemble cette voie du Tengu.<\/p>\t\t\t\t\t\t\t\t<\/div>\n\t\t\t\t<\/div>\n\t\t\t\t\t<\/div>\n\t\t<\/div>\n\t\t\t\t<div class=\"elementor-column elementor-col-50 elementor-top-column elementor-element elementor-element-40f9bd4\" data-id=\"40f9bd4\" data-element_type=\"column\" data-e-type=\"column\">\n\t\t\t<div class=\"elementor-widget-wrap elementor-element-populated\">\n\t\t\t\t\t\t<div class=\"elementor-element elementor-element-9860153 elementor-widget elementor-widget-image\" data-id=\"9860153\" data-element_type=\"widget\" data-e-type=\"widget\" data-widget_type=\"image.default\">\n\t\t\t\t<div class=\"elementor-widget-container\">\n\t\t\t\t\t\t\t\t\t\t\t\t\t\t\t<img loading=\"lazy\" decoding=\"async\" width=\"700\" height=\"520\" src=\"https:\/\/dento-budo-dojo.fr\/wp-content\/uploads\/2019\/12\/Goshin.jpg\" class=\"attachment-large size-large wp-image-2611\" alt=\"Kumit\u00e9\" srcset=\"https:\/\/dento-budo-dojo.fr\/wp-content\/uploads\/2019\/12\/Goshin-200x149.jpg 200w, https:\/\/dento-budo-dojo.fr\/wp-content\/uploads\/2019\/12\/Goshin-300x223.jpg 300w, https:\/\/dento-budo-dojo.fr\/wp-content\/uploads\/2019\/12\/Goshin-400x297.jpg 400w, https:\/\/dento-budo-dojo.fr\/wp-content\/uploads\/2019\/12\/Goshin-600x446.jpg 600w, https:\/\/dento-budo-dojo.fr\/wp-content\/uploads\/2019\/12\/Goshin.jpg 700w\" sizes=\"(max-width: 700px) 100vw, 700px\" \/>\t\t\t\t\t\t\t\t\t\t\t\t\t\t\t<\/div>\n\t\t\t\t<\/div>\n\t\t\t\t\t<\/div>\n\t\t<\/div>\n\t\t\t\t\t<\/div>\n\t\t<\/section>\n\t\t\t\t<section class=\"elementor-section elementor-top-section elementor-element elementor-element-97c4250 elementor-section-boxed elementor-section-height-default elementor-section-height-default\" data-id=\"97c4250\" data-element_type=\"section\" data-e-type=\"section\">\n\t\t\t\t\t\t<div class=\"elementor-container elementor-column-gap-default\">\n\t\t\t\t\t<div class=\"elementor-column elementor-col-100 elementor-top-column elementor-element elementor-element-dbf4fba\" data-id=\"dbf4fba\" data-element_type=\"column\" data-e-type=\"column\">\n\t\t\t<div class=\"elementor-widget-wrap elementor-element-populated\">\n\t\t\t\t\t\t<div class=\"elementor-element elementor-element-9afc65a elementor-widget elementor-widget-image\" data-id=\"9afc65a\" data-element_type=\"widget\" data-e-type=\"widget\" data-widget_type=\"image.default\">\n\t\t\t\t<div class=\"elementor-widget-container\">\n\t\t\t\t\t\t\t\t\t\t\t\t\t\t\t<img loading=\"lazy\" decoding=\"async\" width=\"1024\" height=\"216\" src=\"https:\/\/dento-budo-dojo.fr\/wp-content\/uploads\/2019\/12\/stage-de-printemps-1-1024x216.jpg\" class=\"attachment-large size-large wp-image-2612\" alt=\"\" srcset=\"https:\/\/dento-budo-dojo.fr\/wp-content\/uploads\/2019\/12\/stage-de-printemps-1-200x42.jpg 200w, https:\/\/dento-budo-dojo.fr\/wp-content\/uploads\/2019\/12\/stage-de-printemps-1-300x63.jpg 300w, https:\/\/dento-budo-dojo.fr\/wp-content\/uploads\/2019\/12\/stage-de-printemps-1-400x84.jpg 400w, https:\/\/dento-budo-dojo.fr\/wp-content\/uploads\/2019\/12\/stage-de-printemps-1-600x126.jpg 600w, https:\/\/dento-budo-dojo.fr\/wp-content\/uploads\/2019\/12\/stage-de-printemps-1-768x162.jpg 768w, https:\/\/dento-budo-dojo.fr\/wp-content\/uploads\/2019\/12\/stage-de-printemps-1-800x168.jpg 800w, https:\/\/dento-budo-dojo.fr\/wp-content\/uploads\/2019\/12\/stage-de-printemps-1-1024x216.jpg 1024w, https:\/\/dento-budo-dojo.fr\/wp-content\/uploads\/2019\/12\/stage-de-printemps-1-1200x253.jpg 1200w, https:\/\/dento-budo-dojo.fr\/wp-content\/uploads\/2019\/12\/stage-de-printemps-1.jpg 1425w\" sizes=\"(max-width: 1024px) 100vw, 1024px\" \/>\t\t\t\t\t\t\t\t\t\t\t\t\t\t\t<\/div>\n\t\t\t\t<\/div>\n\t\t\t\t\t<\/div>\n\t\t<\/div>\n\t\t\t\t\t<\/div>\n\t\t<\/section>\n\t\t\t\t<section class=\"elementor-section elementor-top-section elementor-element elementor-element-bd093c4 elementor-section-boxed elementor-section-height-default elementor-section-height-default\" data-id=\"bd093c4\" data-element_type=\"section\" data-e-type=\"section\">\n\t\t\t\t\t\t<div class=\"elementor-container elementor-column-gap-default\">\n\t\t\t\t\t<div class=\"elementor-column elementor-col-50 elementor-top-column elementor-element elementor-element-3a400fb\" data-id=\"3a400fb\" data-element_type=\"column\" data-e-type=\"column\">\n\t\t\t<div class=\"elementor-widget-wrap elementor-element-populated\">\n\t\t\t\t\t\t<div class=\"elementor-element elementor-element-51355fc elementor-widget elementor-widget-image\" data-id=\"51355fc\" data-element_type=\"widget\" data-e-type=\"widget\" data-widget_type=\"image.default\">\n\t\t\t\t<div class=\"elementor-widget-container\">\n\t\t\t\t\t\t\t\t\t\t\t\t\t\t\t<img loading=\"lazy\" decoding=\"async\" width=\"768\" height=\"1024\" src=\"https:\/\/dento-budo-dojo.fr\/wp-content\/uploads\/2019\/12\/Goshin-1-768x1024.jpg\" class=\"attachment-large size-large wp-image-2607\" alt=\"\" srcset=\"https:\/\/dento-budo-dojo.fr\/wp-content\/uploads\/2019\/12\/Goshin-1-200x267.jpg 200w, https:\/\/dento-budo-dojo.fr\/wp-content\/uploads\/2019\/12\/Goshin-1-225x300.jpg 225w, https:\/\/dento-budo-dojo.fr\/wp-content\/uploads\/2019\/12\/Goshin-1-400x533.jpg 400w, https:\/\/dento-budo-dojo.fr\/wp-content\/uploads\/2019\/12\/Goshin-1-600x800.jpg 600w, https:\/\/dento-budo-dojo.fr\/wp-content\/uploads\/2019\/12\/Goshin-1-768x1024.jpg 768w, https:\/\/dento-budo-dojo.fr\/wp-content\/uploads\/2019\/12\/Goshin-1-800x1067.jpg 800w, https:\/\/dento-budo-dojo.fr\/wp-content\/uploads\/2019\/12\/Goshin-1.jpg 810w\" sizes=\"(max-width: 768px) 100vw, 768px\" \/>\t\t\t\t\t\t\t\t\t\t\t\t\t\t\t<\/div>\n\t\t\t\t<\/div>\n\t\t\t\t\t<\/div>\n\t\t<\/div>\n\t\t\t\t<div class=\"elementor-column elementor-col-50 elementor-top-column elementor-element elementor-element-8cb98e1\" data-id=\"8cb98e1\" data-element_type=\"column\" data-e-type=\"column\">\n\t\t\t<div class=\"elementor-widget-wrap elementor-element-populated\">\n\t\t\t\t\t\t<div class=\"elementor-element elementor-element-f7cce77 elementor-widget elementor-widget-image\" data-id=\"f7cce77\" data-element_type=\"widget\" data-e-type=\"widget\" data-widget_type=\"image.default\">\n\t\t\t\t<div class=\"elementor-widget-container\">\n\t\t\t\t\t\t\t\t\t\t\t\t\t\t\t<img loading=\"lazy\" decoding=\"async\" width=\"768\" height=\"1024\" src=\"https:\/\/dento-budo-dojo.fr\/wp-content\/uploads\/2019\/12\/Goshin-2-768x1024.jpg\" class=\"attachment-large size-large wp-image-2608\" alt=\"S\u00e9bastien et Didier en Kumite\" srcset=\"https:\/\/dento-budo-dojo.fr\/wp-content\/uploads\/2019\/12\/Goshin-2-200x267.jpg 200w, https:\/\/dento-budo-dojo.fr\/wp-content\/uploads\/2019\/12\/Goshin-2-225x300.jpg 225w, https:\/\/dento-budo-dojo.fr\/wp-content\/uploads\/2019\/12\/Goshin-2-400x533.jpg 400w, https:\/\/dento-budo-dojo.fr\/wp-content\/uploads\/2019\/12\/Goshin-2-600x800.jpg 600w, https:\/\/dento-budo-dojo.fr\/wp-content\/uploads\/2019\/12\/Goshin-2-768x1024.jpg 768w, https:\/\/dento-budo-dojo.fr\/wp-content\/uploads\/2019\/12\/Goshin-2-800x1067.jpg 800w, https:\/\/dento-budo-dojo.fr\/wp-content\/uploads\/2019\/12\/Goshin-2.jpg 810w\" sizes=\"(max-width: 768px) 100vw, 768px\" \/>\t\t\t\t\t\t\t\t\t\t\t\t\t\t\t<\/div>\n\t\t\t\t<\/div>\n\t\t\t\t\t<\/div>\n\t\t<\/div>\n\t\t\t\t\t<\/div>\n\t\t<\/section>\n\t\t\t\t<section class=\"elementor-section elementor-top-section elementor-element elementor-element-573b3f9 elementor-section-boxed elementor-section-height-default elementor-section-height-default\" data-id=\"573b3f9\" data-element_type=\"section\" data-e-type=\"section\">\n\t\t\t\t\t\t<div class=\"elementor-container elementor-column-gap-default\">\n\t\t\t\t\t<div class=\"elementor-column elementor-col-50 elementor-top-column elementor-element elementor-element-5b38bba\" data-id=\"5b38bba\" data-element_type=\"column\" data-e-type=\"column\">\n\t\t\t<div class=\"elementor-widget-wrap elementor-element-populated\">\n\t\t\t\t\t\t<div class=\"elementor-element elementor-element-2bf83d4 elementor-widget elementor-widget-image\" data-id=\"2bf83d4\" data-element_type=\"widget\" data-e-type=\"widget\" data-widget_type=\"image.default\">\n\t\t\t\t<div class=\"elementor-widget-container\">\n\t\t\t\t\t\t\t\t\t\t\t\t\t\t\t<img loading=\"lazy\" decoding=\"async\" width=\"768\" height=\"1024\" src=\"https:\/\/dento-budo-dojo.fr\/wp-content\/uploads\/2019\/12\/Goshin-3-768x1024.jpg\" class=\"attachment-large size-large wp-image-2609\" alt=\"S\u00e9bastien et Didier dans une phase du Goshin.dier\" srcset=\"https:\/\/dento-budo-dojo.fr\/wp-content\/uploads\/2019\/12\/Goshin-3-200x267.jpg 200w, https:\/\/dento-budo-dojo.fr\/wp-content\/uploads\/2019\/12\/Goshin-3-225x300.jpg 225w, https:\/\/dento-budo-dojo.fr\/wp-content\/uploads\/2019\/12\/Goshin-3-400x533.jpg 400w, https:\/\/dento-budo-dojo.fr\/wp-content\/uploads\/2019\/12\/Goshin-3-600x800.jpg 600w, https:\/\/dento-budo-dojo.fr\/wp-content\/uploads\/2019\/12\/Goshin-3-768x1024.jpg 768w, https:\/\/dento-budo-dojo.fr\/wp-content\/uploads\/2019\/12\/Goshin-3-800x1067.jpg 800w, https:\/\/dento-budo-dojo.fr\/wp-content\/uploads\/2019\/12\/Goshin-3.jpg 810w\" sizes=\"(max-width: 768px) 100vw, 768px\" \/>\t\t\t\t\t\t\t\t\t\t\t\t\t\t\t<\/div>\n\t\t\t\t<\/div>\n\t\t\t\t\t<\/div>\n\t\t<\/div>\n\t\t\t\t<div class=\"elementor-column elementor-col-50 elementor-top-column elementor-element elementor-element-2164905\" data-id=\"2164905\" data-element_type=\"column\" data-e-type=\"column\">\n\t\t\t<div class=\"elementor-widget-wrap elementor-element-populated\">\n\t\t\t\t\t\t<div class=\"elementor-element elementor-element-399a306 elementor-widget elementor-widget-image\" data-id=\"399a306\" data-element_type=\"widget\" data-e-type=\"widget\" data-widget_type=\"image.default\">\n\t\t\t\t<div class=\"elementor-widget-container\">\n\t\t\t\t\t\t\t\t\t\t\t\t\t\t\t\t<a href=\"http:\/\/dento-budo-dojo.fr\/wp-content\/uploads\/2019\/12\/Goshin-4.jpg\">\n\t\t\t\t\t\t\t<img loading=\"lazy\" decoding=\"async\" width=\"768\" height=\"1024\" src=\"https:\/\/dento-budo-dojo.fr\/wp-content\/uploads\/2019\/12\/Goshin-4-768x1024.jpg\" class=\"attachment-large size-large wp-image-2610\" alt=\"Phase d&#039;un Goshin\" srcset=\"https:\/\/dento-budo-dojo.fr\/wp-content\/uploads\/2019\/12\/Goshin-4-200x267.jpg 200w, https:\/\/dento-budo-dojo.fr\/wp-content\/uploads\/2019\/12\/Goshin-4-225x300.jpg 225w, https:\/\/dento-budo-dojo.fr\/wp-content\/uploads\/2019\/12\/Goshin-4-400x533.jpg 400w, https:\/\/dento-budo-dojo.fr\/wp-content\/uploads\/2019\/12\/Goshin-4-600x800.jpg 600w, https:\/\/dento-budo-dojo.fr\/wp-content\/uploads\/2019\/12\/Goshin-4-768x1024.jpg 768w, https:\/\/dento-budo-dojo.fr\/wp-content\/uploads\/2019\/12\/Goshin-4-800x1067.jpg 800w, https:\/\/dento-budo-dojo.fr\/wp-content\/uploads\/2019\/12\/Goshin-4.jpg 810w\" sizes=\"(max-width: 768px) 100vw, 768px\" \/>\t\t\t\t\t\t\t\t<\/a>\n\t\t\t\t\t\t\t\t\t\t\t\t\t\t\t<\/div>\n\t\t\t\t<\/div>\n\t\t\t\t\t<\/div>\n\t\t<\/div>\n\t\t\t\t\t<\/div>\n\t\t<\/section>\n\t\t\t\t<section class=\"elementor-section elementor-top-section elementor-element elementor-element-6198b1c elementor-section-boxed elementor-section-height-default elementor-section-height-default\" data-id=\"6198b1c\" data-element_type=\"section\" data-e-type=\"section\">\n\t\t\t\t\t\t<div class=\"elementor-container elementor-column-gap-default\">\n\t\t\t\t\t<div class=\"elementor-column elementor-col-100 elementor-top-column elementor-element elementor-element-8063fc8\" data-id=\"8063fc8\" data-element_type=\"column\" data-e-type=\"column\">\n\t\t\t<div class=\"elementor-widget-wrap elementor-element-populated\">\n\t\t\t\t\t\t<div class=\"elementor-element elementor-element-908b84e elementor-widget elementor-widget-image\" data-id=\"908b84e\" data-element_type=\"widget\" data-e-type=\"widget\" data-widget_type=\"image.default\">\n\t\t\t\t<div class=\"elementor-widget-container\">\n\t\t\t\t\t\t\t\t\t\t\t\t\t\t\t\t<a href=\"http:\/\/dento-budo-dojo.fr\/wp-content\/uploads\/2019\/12\/stage-de-printemps-2022.jpg\">\n\t\t\t\t\t\t\t<img loading=\"lazy\" decoding=\"async\" width=\"1024\" height=\"216\" src=\"https:\/\/dento-budo-dojo.fr\/wp-content\/uploads\/2019\/12\/stage-de-printemps-2022-1024x216.jpg\" class=\"attachment-large size-large wp-image-2613\" alt=\"Stagiaires au stage de Printemps\" srcset=\"https:\/\/dento-budo-dojo.fr\/wp-content\/uploads\/2019\/12\/stage-de-printemps-2022-200x42.jpg 200w, https:\/\/dento-budo-dojo.fr\/wp-content\/uploads\/2019\/12\/stage-de-printemps-2022-300x63.jpg 300w, https:\/\/dento-budo-dojo.fr\/wp-content\/uploads\/2019\/12\/stage-de-printemps-2022-400x84.jpg 400w, https:\/\/dento-budo-dojo.fr\/wp-content\/uploads\/2019\/12\/stage-de-printemps-2022-600x126.jpg 600w, https:\/\/dento-budo-dojo.fr\/wp-content\/uploads\/2019\/12\/stage-de-printemps-2022-768x162.jpg 768w, https:\/\/dento-budo-dojo.fr\/wp-content\/uploads\/2019\/12\/stage-de-printemps-2022-800x168.jpg 800w, https:\/\/dento-budo-dojo.fr\/wp-content\/uploads\/2019\/12\/stage-de-printemps-2022-1024x216.jpg 1024w, https:\/\/dento-budo-dojo.fr\/wp-content\/uploads\/2019\/12\/stage-de-printemps-2022-1200x253.jpg 1200w, https:\/\/dento-budo-dojo.fr\/wp-content\/uploads\/2019\/12\/stage-de-printemps-2022.jpg 1425w\" sizes=\"(max-width: 1024px) 100vw, 1024px\" \/>\t\t\t\t\t\t\t\t<\/a>\n\t\t\t\t\t\t\t\t\t\t\t\t\t\t\t<\/div>\n\t\t\t\t<\/div>\n\t\t\t\t\t<\/div>\n\t\t<\/div>\n\t\t\t\t\t<\/div>\n\t\t<\/section>\n\t\t\t\t<section class=\"elementor-section elementor-top-section elementor-element elementor-element-b6252a5 elementor-section-boxed elementor-section-height-default elementor-section-height-default\" data-id=\"b6252a5\" data-element_type=\"section\" data-e-type=\"section\">\n\t\t\t\t\t\t<div class=\"elementor-container elementor-column-gap-default\">\n\t\t\t\t\t<div class=\"elementor-column elementor-col-100 elementor-top-column elementor-element elementor-element-06f4cd5\" data-id=\"06f4cd5\" data-element_type=\"column\" data-e-type=\"column\">\n\t\t\t<div class=\"elementor-widget-wrap elementor-element-populated\">\n\t\t\t\t\t\t<div class=\"elementor-element elementor-element-b448b20 elementor-widget elementor-widget-image\" data-id=\"b448b20\" data-element_type=\"widget\" data-e-type=\"widget\" data-widget_type=\"image.default\">\n\t\t\t\t<div class=\"elementor-widget-container\">\n\t\t\t\t\t\t\t\t\t\t\t\t\t\t\t<img loading=\"lazy\" decoding=\"async\" width=\"700\" height=\"520\" src=\"https:\/\/dento-budo-dojo.fr\/wp-content\/uploads\/2019\/12\/Dento-2022-stage-de-printemps.jpg\" class=\"attachment-large size-large wp-image-2614\" alt=\"Stagiaires du Dento Budo Dojo\" srcset=\"https:\/\/dento-budo-dojo.fr\/wp-content\/uploads\/2019\/12\/Dento-2022-stage-de-printemps-200x149.jpg 200w, https:\/\/dento-budo-dojo.fr\/wp-content\/uploads\/2019\/12\/Dento-2022-stage-de-printemps-300x223.jpg 300w, https:\/\/dento-budo-dojo.fr\/wp-content\/uploads\/2019\/12\/Dento-2022-stage-de-printemps-400x297.jpg 400w, https:\/\/dento-budo-dojo.fr\/wp-content\/uploads\/2019\/12\/Dento-2022-stage-de-printemps-600x446.jpg 600w, https:\/\/dento-budo-dojo.fr\/wp-content\/uploads\/2019\/12\/Dento-2022-stage-de-printemps.jpg 700w\" sizes=\"(max-width: 700px) 100vw, 700px\" \/>\t\t\t\t\t\t\t\t\t\t\t\t\t\t\t<\/div>\n\t\t\t\t<\/div>\n\t\t\t\t\t<\/div>\n\t\t<\/div>\n\t\t\t\t\t<\/div>\n\t\t<\/section>\n\t\t\t\t<section class=\"elementor-section elementor-top-section elementor-element elementor-element-4295f5d elementor-section-boxed elementor-section-height-default elementor-section-height-default\" data-id=\"4295f5d\" data-element_type=\"section\" data-e-type=\"section\">\n\t\t\t\t\t\t<div class=\"elementor-container elementor-column-gap-default\">\n\t\t\t\t\t<div class=\"elementor-column elementor-col-100 elementor-top-column elementor-element elementor-element-c10d0b4\" data-id=\"c10d0b4\" data-element_type=\"column\" data-e-type=\"column\">\n\t\t\t<div class=\"elementor-widget-wrap elementor-element-populated\">\n\t\t\t\t\t\t<div class=\"elementor-element elementor-element-8f4c221 elementor-widget elementor-widget-heading\" data-id=\"8f4c221\" data-element_type=\"widget\" data-e-type=\"widget\" data-widget_type=\"heading.default\">\n\t\t\t\t<div class=\"elementor-widget-container\">\n\t\t\t\t\t<h1 class=\"elementor-heading-title elementor-size-default\">Quelle surprise !<\/h1>\t\t\t\t<\/div>\n\t\t\t\t<\/div>\n\t\t\t\t\t<\/div>\n\t\t<\/div>\n\t\t\t\t\t<\/div>\n\t\t<\/section>\n\t\t\t\t<section class=\"elementor-section elementor-top-section elementor-element elementor-element-485ec20 elementor-section-boxed elementor-section-height-default elementor-section-height-default\" data-id=\"485ec20\" data-element_type=\"section\" data-e-type=\"section\">\n\t\t\t\t\t\t<div class=\"elementor-container elementor-column-gap-default\">\n\t\t\t\t\t<div class=\"elementor-column elementor-col-100 elementor-top-column elementor-element elementor-element-6a24e95\" data-id=\"6a24e95\" data-element_type=\"column\" data-e-type=\"column\">\n\t\t\t<div class=\"elementor-widget-wrap elementor-element-populated\">\n\t\t\t\t\t\t<div class=\"elementor-element elementor-element-50d9d81 elementor-widget elementor-widget-image\" data-id=\"50d9d81\" data-element_type=\"widget\" data-e-type=\"widget\" data-widget_type=\"image.default\">\n\t\t\t\t<div class=\"elementor-widget-container\">\n\t\t\t\t\t\t\t\t\t\t\t\t\t\t\t\t<a href=\"http:\/\/dento-budo-dojo.fr\/wp-content\/uploads\/2019\/12\/8eme-dan-scaled.jpg\">\n\t\t\t\t\t\t\t<img loading=\"lazy\" decoding=\"async\" width=\"1024\" height=\"768\" src=\"https:\/\/dento-budo-dojo.fr\/wp-content\/uploads\/2019\/12\/8eme-dan-1024x768.jpg\" class=\"attachment-large size-large wp-image-2606\" alt=\"\" srcset=\"https:\/\/dento-budo-dojo.fr\/wp-content\/uploads\/2019\/12\/8eme-dan-200x150.jpg 200w, https:\/\/dento-budo-dojo.fr\/wp-content\/uploads\/2019\/12\/8eme-dan-300x225.jpg 300w, https:\/\/dento-budo-dojo.fr\/wp-content\/uploads\/2019\/12\/8eme-dan-400x300.jpg 400w, https:\/\/dento-budo-dojo.fr\/wp-content\/uploads\/2019\/12\/8eme-dan-600x450.jpg 600w, https:\/\/dento-budo-dojo.fr\/wp-content\/uploads\/2019\/12\/8eme-dan-768x576.jpg 768w, https:\/\/dento-budo-dojo.fr\/wp-content\/uploads\/2019\/12\/8eme-dan-800x600.jpg 800w, https:\/\/dento-budo-dojo.fr\/wp-content\/uploads\/2019\/12\/8eme-dan-1024x768.jpg 1024w, https:\/\/dento-budo-dojo.fr\/wp-content\/uploads\/2019\/12\/8eme-dan-1200x900.jpg 1200w, https:\/\/dento-budo-dojo.fr\/wp-content\/uploads\/2019\/12\/8eme-dan-1536x1152.jpg 1536w\" sizes=\"(max-width: 1024px) 100vw, 1024px\" \/>\t\t\t\t\t\t\t\t<\/a>\n\t\t\t\t\t\t\t\t\t\t\t\t\t\t\t<\/div>\n\t\t\t\t<\/div>\n\t\t\t\t\t<\/div>\n\t\t<\/div>\n\t\t\t\t\t<\/div>\n\t\t<\/section>\n\t\t\t\t<section class=\"elementor-section elementor-top-section elementor-element elementor-element-ef258d7 elementor-section-boxed elementor-section-height-default elementor-section-height-default\" data-id=\"ef258d7\" data-element_type=\"section\" data-e-type=\"section\">\n\t\t\t\t\t\t<div class=\"elementor-container elementor-column-gap-default\">\n\t\t\t\t\t<div class=\"elementor-column elementor-col-100 elementor-top-column elementor-element elementor-element-7de5e3a\" data-id=\"7de5e3a\" data-element_type=\"column\" data-e-type=\"column\">\n\t\t\t<div class=\"elementor-widget-wrap elementor-element-populated\">\n\t\t\t\t\t\t<div class=\"elementor-element elementor-element-eb2d86f elementor-widget elementor-widget-text-editor\" data-id=\"eb2d86f\" data-element_type=\"widget\" data-e-type=\"widget\" data-widget_type=\"text-editor.default\">\n\t\t\t\t<div class=\"elementor-widget-container\">\n\t\t\t\t\t\t\t\t\t<p>Une promotion inattendue de nos experts les plus gradu\u00e9s, <strong>Jacques FAIEFF<\/strong> et <strong>Alex HAUWAERT<\/strong>, qui ont re\u00e7u leur<strong> 8<sup>\u00e8me<\/sup> dan<\/strong>, les plus hauts grad\u00e9s de notre \u00e9cole, le Tengu-ryu. Tr\u00e8s haute distinction donn\u00e9e par <em><strong>O-sensei Roland HABERSETZER<\/strong><\/em>, rappelons-le,<b><i> Sok\u00e9 du Tengu-ryu<\/i><\/b>.<\/p><p>Une salve d\u2019applaudissements accompagnait ce moment unique manifestant ainsi une v\u00e9ritable ovation.<\/p><p>\u00a0Plus que des piliers, de v\u00e9ritables colonnes\u2026 de notre \u00e9cole. Un tel d\u00e9vouement, par une pr\u00e9sence sans faille, une gentillesse immense, une implication comme une application sans cesse au top\u2026 montrent \u00e0 tous qu\u2019au-del\u00e0 du niveau technique c\u2019est bien de la qualit\u00e9 humaine \u00e9galement qu\u2019il s\u2019agit. Rien \u00e0 voir \u00e0 la manifestation \u00e9gotique que certains savent montrer dans d\u2019autres milieux\u2026 \u00e9loign\u00e9 de celui du Do\u00a0!<\/p><p>Nous \u00e9tions ravis d\u2019\u00eatre pr\u00e9sents \u00e0 cette occasion emplie de chaleur et d\u2019enthousiasme.<\/p><p>BRAVO\u00a0! \u00e0 vous deux\u2026\u00a0<\/p>\t\t\t\t\t\t\t\t<\/div>\n\t\t\t\t<\/div>\n\t\t\t\t\t<\/div>\n\t\t<\/div>\n\t\t\t\t\t<\/div>\n\t\t<\/section>\n\t\t\t\t<section class=\"elementor-section elementor-top-section elementor-element elementor-element-ddf7512 elementor-section-boxed elementor-section-height-default elementor-section-height-default\" data-id=\"ddf7512\" data-element_type=\"section\" data-e-type=\"section\">\n\t\t\t\t\t\t<div class=\"elementor-container elementor-column-gap-default\">\n\t\t\t\t\t<div class=\"elementor-column elementor-col-100 elementor-top-column elementor-element elementor-element-cf3fb67\" data-id=\"cf3fb67\" data-element_type=\"column\" data-e-type=\"column\">\n\t\t\t<div class=\"elementor-widget-wrap elementor-element-populated\">\n\t\t\t\t\t\t<div class=\"elementor-element elementor-element-d5a5701 elementor-widget-divider--separator-type-pattern elementor-widget-divider--no-spacing elementor-widget-divider--view-line elementor-widget elementor-widget-divider\" data-id=\"d5a5701\" data-element_type=\"widget\" data-e-type=\"widget\" data-widget_type=\"divider.default\">\n\t\t\t\t<div class=\"elementor-widget-container\">\n\t\t\t\t\t\t\t<div class=\"elementor-divider\" style=\"--divider-pattern-url: url(&quot;data:image\/svg+xml,%3Csvg xmlns=&#039;http:\/\/www.w3.org\/2000\/svg&#039; preserveAspectRatio=&#039;xMidYMid meet&#039; overflow=&#039;visible&#039; height=&#039;100%&#039; viewBox=&#039;0 0 126 26&#039; fill=&#039;black&#039; stroke=&#039;none&#039;%3E%3Cpath d=&#039;M111.9,18.3v3.4H109v-3.4H111.9z M90.8,18.3v3.4H88v-3.4H90.8z M69.8,18.3v3.4h-2.9v-3.4H69.8z M48.8,18.3v3.4h-2.9v-3.4H48.8z M27.7,18.3v3.4h-2.9v-3.4H27.7z M6.7,18.3v3.4H3.8v-3.4H6.7z M46.4,4l4.3,4.8l-1.8,0l3.5,4.4l-2.2-0.1l3,3.3l-11,0.4l3.6-3.8l-2.9-0.1l3.1-4.2l-1.9,0L46.4,4z M111.4,4l2.4,4.8l-1.8,0l3.5,4.4l-2.5-0.1l3.3,3.3h-11l3.1-3.4l-2.5-0.1l3.1-4.2l-1.9,0L111.4,4z M89.9,4l2.9,4.8l-1.9,0l3.2,4.2l-2.5,0l3.5,3.5l-11-0.4l3-3.1l-2.4,0L88,8.8l-1.9,0L89.9,4z M68.6,4l3,4.4l-1.9,0.1l3.4,4.1l-2.7,0.1l3.8,3.7H63.8l2.9-3.6l-2.9,0.1L67,8.7l-2,0.1L68.6,4z M26.5,4l3,4.4l-1.9,0.1l3.7,4.7l-2.5-0.1l3.3,3.3H21l3.1-3.4l-2.5-0.1l3.2-4.3l-2,0.1L26.5,4z M4.9,4l3.7,4.8l-1.5,0l3.1,4.2L7.6,13l3.4,3.4H0l3-3.3l-2.3,0.1l3.5-4.4l-2.3,0L4.9,4z&#039;\/%3E%3C\/svg%3E&quot;);\">\n\t\t\t<span class=\"elementor-divider-separator\">\n\t\t\t\t\t\t<\/span>\n\t\t<\/div>\n\t\t\t\t\t\t<\/div>\n\t\t\t\t<\/div>\n\t\t\t\t\t<\/div>\n\t\t<\/div>\n\t\t\t\t\t<\/div>\n\t\t<\/section>\n\t\t\t\t<section class=\"elementor-section elementor-top-section elementor-element elementor-element-2398dcf elementor-section-boxed elementor-section-height-default elementor-section-height-default\" data-id=\"2398dcf\" data-element_type=\"section\" data-e-type=\"section\">\n\t\t\t\t\t\t<div class=\"elementor-container elementor-column-gap-default\">\n\t\t\t\t\t<div class=\"elementor-column elementor-col-50 elementor-top-column elementor-element elementor-element-05ba09b\" data-id=\"05ba09b\" data-element_type=\"column\" data-e-type=\"column\">\n\t\t\t<div class=\"elementor-widget-wrap elementor-element-populated\">\n\t\t\t\t\t\t<div class=\"elementor-element elementor-element-c556b14 elementor-widget elementor-widget-heading\" data-id=\"c556b14\" data-element_type=\"widget\" data-e-type=\"widget\" data-widget_type=\"heading.default\">\n\t\t\t\t<div class=\"elementor-widget-container\">\n\t\t\t\t\t<h1 class=\"elementor-heading-title elementor-size-default\"><b>Bonne ann\u00e9e 2022<\/b><\/h1>\t\t\t\t<\/div>\n\t\t\t\t<\/div>\n\t\t\t\t<div class=\"elementor-element elementor-element-68e45f5 elementor-drop-cap-yes elementor-drop-cap-view-default elementor-widget elementor-widget-text-editor\" data-id=\"68e45f5\" data-element_type=\"widget\" data-e-type=\"widget\" data-settings=\"{&quot;drop_cap&quot;:&quot;yes&quot;}\" data-widget_type=\"text-editor.default\">\n\t\t\t\t<div class=\"elementor-widget-container\">\n\t\t\t\t\t\t\t\t\t<p class=\"MsoNormal\">\u00a0<\/p><p class=\"MsoNormal\" style=\"text-align: justify;\">En cette fin d\u2019ann\u00e9e 2021 le Dento Budo Dojo a vu la porte du CCA se fermer, d\u00e9finitivement. Mais voil\u00e0\u2026 une nouvelle cl\u00e9 nous est offerte pour ouvrir une nouvelle porte\u2026 Serait-ce un signe annonciateur de laisser l\u2019ancien pour le nouveau\u00a0? C\u2019est curieux de voir tout ce symbolisme \u00e0 travers les \u00e9v\u00e8nements que nous vivons. En effet, nous avions d\u00e9j\u00e0 un pied \u00e0 l\u2019\u00e9cole Sainte-Foy, l\u2019ann\u00e9e derni\u00e8re, mais le confinement \u00e0 partir de cette fin d\u2019automne 2020 nous a fait prendre le chemin de l\u2019hibernation\u2026 Tr\u00e8s bien pour les anachor\u00e8tes pour qui la Foi r\u00e9sonne avec l\u2019homonyme Foy\u00a0! Serait-ce un tournant de notre pratique, o\u00f9 les Tengu auront leurs mots \u00e0 dire, pour laisser plus qu\u2019une simple empreinte, mais l\u2019ouverture de chemins chez chaque \u00ab\u00a0Tenguka\u00a0\u00bb, de ce carrefour qu\u2019est le dojo.<\/p><p class=\"MsoNormal\" style=\"text-align: justify;\">Dans cette lign\u00e9e spirituelle, de ce carrefour de la fin de l\u2019ann\u00e9e 2021 vers la suivante, 2022, la cl\u00e9 que nous aurons ouvrira ce chemin, qui je l\u2019esp\u00e8re pour vous, sera celui d\u2019une route plus carrossable afin d\u2019\u00eatre moins secou\u00e9 par les al\u00e9as du quotidien.<\/p><p class=\"MsoNormal\" style=\"text-align: justify;\">Le d\u00e9s\u00e9quilibre nous donne la chance de nous r\u00e9\u00e9quilibrer, ou de tomber, parfois, d\u00e9finitivement. \u00catre au sol n\u2019implique pas pour autant d\u2019y rester, mais engendre des dommages, alors que le r\u00e9\u00e9quilibrage dans le mouvement peut se faire si la pr\u00e9sence de valeurs solides et droites sont pr\u00e9sentes. Que la semence effectu\u00e9e durant ces p\u00e9riodes de confinement puisse enfin voir le jour. L\u2019\u00e9mergence nous offrira des fruits caract\u00e9risant notre humanit\u00e9. De la qualit\u00e9 du terrain, accompagn\u00e9 de l\u2019\u00e9coulement de ce qui vient d\u2019en Haut, sera donner la saveur qui y correspondra pour ce qui nous correspond. \u00a0<\/p><p class=\"MsoNormal\" style=\"text-align: justify;\">Tissons ensemble ces toiles environnantes autour de chacun pour voir en nos pratiques du quotidien le b\u00e9n\u00e9fice non pas d\u2019un chemin, non pas d\u2019une route, mais de la Voie, celui de l\u2019individuation au service du collectif dans la splendeur que peut offrir l\u2019Homme de demain dans ce qu\u2019il a de meilleur en lui.<\/p><p class=\"MsoNormal\" style=\"text-align: justify;\">Bonne et heureuse ann\u00e9e 2022\u2026 sur la Voie\u2026 des Tengu\u00a0!<\/p><p>\u00a0<\/p><p class=\"MsoNormal\" style=\"text-align: justify;\">\u00a0<\/p>\t\t\t\t\t\t\t\t<\/div>\n\t\t\t\t<\/div>\n\t\t\t\t\t<\/div>\n\t\t<\/div>\n\t\t\t\t<div class=\"elementor-column elementor-col-50 elementor-top-column elementor-element elementor-element-55b407f\" data-id=\"55b407f\" data-element_type=\"column\" data-e-type=\"column\">\n\t\t\t<div class=\"elementor-widget-wrap elementor-element-populated\">\n\t\t\t\t\t\t<div class=\"elementor-element elementor-element-8478397 elementor-widget elementor-widget-spacer\" data-id=\"8478397\" data-element_type=\"widget\" data-e-type=\"widget\" data-widget_type=\"spacer.default\">\n\t\t\t\t<div class=\"elementor-widget-container\">\n\t\t\t\t\t\t\t<div class=\"elementor-spacer\">\n\t\t\t<div class=\"elementor-spacer-inner\"><\/div>\n\t\t<\/div>\n\t\t\t\t\t\t<\/div>\n\t\t\t\t<\/div>\n\t\t\t\t<div class=\"elementor-element elementor-element-e8c0807 elementor-widget elementor-widget-image\" data-id=\"e8c0807\" data-element_type=\"widget\" data-e-type=\"widget\" data-widget_type=\"image.default\">\n\t\t\t\t<div class=\"elementor-widget-container\">\n\t\t\t\t\t\t\t\t\t\t\t\t\t\t\t\t<a href=\"http:\/\/dento-budo-dojo.fr\/wp-content\/uploads\/2019\/12\/voeux2022-scaled.jpg\">\n\t\t\t\t\t\t\t<img loading=\"lazy\" decoding=\"async\" width=\"768\" height=\"1024\" src=\"https:\/\/dento-budo-dojo.fr\/wp-content\/uploads\/2019\/12\/voeux2022-768x1024.jpg\" class=\"attachment-large size-large wp-image-2586\" alt=\"\" srcset=\"https:\/\/dento-budo-dojo.fr\/wp-content\/uploads\/2019\/12\/voeux2022-200x267.jpg 200w, https:\/\/dento-budo-dojo.fr\/wp-content\/uploads\/2019\/12\/voeux2022-225x300.jpg 225w, https:\/\/dento-budo-dojo.fr\/wp-content\/uploads\/2019\/12\/voeux2022-400x533.jpg 400w, https:\/\/dento-budo-dojo.fr\/wp-content\/uploads\/2019\/12\/voeux2022-600x800.jpg 600w, https:\/\/dento-budo-dojo.fr\/wp-content\/uploads\/2019\/12\/voeux2022-768x1024.jpg 768w, https:\/\/dento-budo-dojo.fr\/wp-content\/uploads\/2019\/12\/voeux2022-800x1067.jpg 800w, https:\/\/dento-budo-dojo.fr\/wp-content\/uploads\/2019\/12\/voeux2022-1152x1536.jpg 1152w, https:\/\/dento-budo-dojo.fr\/wp-content\/uploads\/2019\/12\/voeux2022-1200x1600.jpg 1200w, https:\/\/dento-budo-dojo.fr\/wp-content\/uploads\/2019\/12\/voeux2022-1536x2048.jpg 1536w, https:\/\/dento-budo-dojo.fr\/wp-content\/uploads\/2019\/12\/voeux2022-scaled.jpg 1920w\" sizes=\"(max-width: 768px) 100vw, 768px\" \/>\t\t\t\t\t\t\t\t<\/a>\n\t\t\t\t\t\t\t\t\t\t\t\t\t\t\t<\/div>\n\t\t\t\t<\/div>\n\t\t\t\t\t<\/div>\n\t\t<\/div>\n\t\t\t\t\t<\/div>\n\t\t<\/section>\n\t\t\t\t<section class=\"elementor-section elementor-top-section elementor-element elementor-element-fa5261b elementor-section-boxed elementor-section-height-default elementor-section-height-default\" data-id=\"fa5261b\" data-element_type=\"section\" data-e-type=\"section\">\n\t\t\t\t\t\t<div class=\"elementor-container elementor-column-gap-default\">\n\t\t\t\t\t<div class=\"elementor-column elementor-col-100 elementor-top-column elementor-element elementor-element-3996b1b\" data-id=\"3996b1b\" data-element_type=\"column\" data-e-type=\"column\">\n\t\t\t<div class=\"elementor-widget-wrap\">\n\t\t\t\t\t\t\t<\/div>\n\t\t<\/div>\n\t\t\t\t\t<\/div>\n\t\t<\/section>\n\t\t\t\t<section class=\"elementor-section elementor-top-section elementor-element elementor-element-2e29e56 elementor-section-boxed elementor-section-height-default elementor-section-height-default\" data-id=\"2e29e56\" data-element_type=\"section\" data-e-type=\"section\">\n\t\t\t\t\t\t<div class=\"elementor-container elementor-column-gap-default\">\n\t\t\t\t\t<div class=\"elementor-column elementor-col-100 elementor-top-column elementor-element elementor-element-0e24943\" data-id=\"0e24943\" data-element_type=\"column\" data-e-type=\"column\">\n\t\t\t<div class=\"elementor-widget-wrap elementor-element-populated\">\n\t\t\t\t\t\t<section class=\"elementor-section elementor-inner-section elementor-element elementor-element-fe8fa7b elementor-section-boxed elementor-section-height-default elementor-section-height-default\" data-id=\"fe8fa7b\" data-element_type=\"section\" data-e-type=\"section\">\n\t\t\t\t\t\t<div class=\"elementor-container elementor-column-gap-default\">\n\t\t\t\t\t<div class=\"elementor-column elementor-col-50 elementor-inner-column elementor-element elementor-element-36856b8\" data-id=\"36856b8\" data-element_type=\"column\" data-e-type=\"column\">\n\t\t\t<div class=\"elementor-widget-wrap elementor-element-populated\">\n\t\t\t\t\t\t<div class=\"elementor-element elementor-element-aea99bd elementor-widget elementor-widget-heading\" data-id=\"aea99bd\" data-element_type=\"widget\" data-e-type=\"widget\" data-widget_type=\"heading.default\">\n\t\t\t\t<div class=\"elementor-widget-container\">\n\t\t\t\t\t<h1 class=\"elementor-heading-title elementor-size-default\">Kan Geiko 2021<br>Enfin !<\/h1>\t\t\t\t<\/div>\n\t\t\t\t<\/div>\n\t\t\t\t<div class=\"elementor-element elementor-element-2100981 elementor-widget elementor-widget-text-editor\" data-id=\"2100981\" data-element_type=\"widget\" data-e-type=\"widget\" data-widget_type=\"text-editor.default\">\n\t\t\t\t<div class=\"elementor-widget-container\">\n\t\t\t\t\t\t\t\t\t<p>Tant attendu\u00a0!&#8230;<\/p><p>Ce stage, qui nous r\u00e9unit, celui nomm\u00e9 <strong><em>Kan Geiko<\/em><\/strong>, le stage d\u2019hiver.<\/p><p>Le nuage de l\u2019incertitude \u00e9tait pourtant pr\u00e9sent, mais il n\u2019a fait que passer, sans d\u00e9poser ses interdictions, mais seulement quelques pr\u00e9cautions \u00e0 respecter li\u00e9es \u00e0 la crise sanitaire qui perdure. C\u2019est surtout du c\u00f4t\u00e9 des \u00e9trangers (Allemagne, Belgique, Suisse et m\u00eame Russie) que la prudence, peut-\u00eatre m\u00eame la peur\u2026 et bien d\u2019autres raisons d\u2019ordre personnel sont venues faire barrage au rendez-vous traditionnel de ce moment que les karatekas aiment partager dans notre \u00e9cole, le <strong><em>Tengu-ryu<\/em><\/strong>.<\/p><p>Les gestes barri\u00e8re, le port du masque comme le nettoyage des mains avec un gel hydroalcoolique, le pass\u2026 somme de pr\u00e9cautions pour un bon d\u00e9roulement du stage furent respect\u00e9s pour le respect de la sant\u00e9 de tous. Ce n\u2019est pas un v\u00e9ritable probl\u00e8me pour des karat\u00e9kas de notre \u00e9cole pour qui l\u2019\u00e9thique reste au centre, avec pour commencer le respect de la vie. Tant pour soi, que pour les autres.<\/p><p>On ne peut imaginer ce que nous avons ressenti en se revoyant apr\u00e8s tant de temps\u2026 et la joie qui s\u2019en exprimait, m\u00eame si le masque voulait la cacher, le regard lui ne trompait pas.<\/p><p>Nombreux sont ceux qui ont fait des centaines de kilom\u00e8tre pour venir pr\u00e8s de Strasbourg, de l\u2019Ouest, du Sud comme du Nord. Bravo \u00e0 tous, de la d\u00e9monstration de votre engagement, chers amis.<\/p><p>Une mise \u00e0 jour, histoire de r\u00e9actualiser quelques fondamentaux de l\u2019\u00e9cole, fut n\u00e9cessaire. Mais le niveau des stagiaires fut au fond rassurant\u00a0; on s\u2019attendait \u00e0 une baisse technique, mais ce ne fut pas le cas\u00a0! De quoi se r\u00e9jouir du s\u00e9rieux de la pratique de chacun. Le Kihon, le Renzoku-waza, \u2026 l\u2019ont prouv\u00e9.<\/p>\t\t\t\t\t\t\t\t<\/div>\n\t\t\t\t<\/div>\n\t\t\t\t\t<\/div>\n\t\t<\/div>\n\t\t\t\t<div class=\"elementor-column elementor-col-50 elementor-inner-column elementor-element elementor-element-1a992da\" data-id=\"1a992da\" data-element_type=\"column\" data-e-type=\"column\">\n\t\t\t<div class=\"elementor-widget-wrap elementor-element-populated\">\n\t\t\t\t\t\t<div class=\"elementor-element elementor-element-250ce83 elementor-widget elementor-widget-image\" data-id=\"250ce83\" data-element_type=\"widget\" data-e-type=\"widget\" data-widget_type=\"image.default\">\n\t\t\t\t<div class=\"elementor-widget-container\">\n\t\t\t\t\t\t\t\t\t\t\t\t\t\t\t\t<a href=\"http:\/\/dento-budo-dojo.fr\/wp-content\/uploads\/2019\/12\/Habersetzer-scaled.jpg\">\n\t\t\t\t\t\t\t<img loading=\"lazy\" decoding=\"async\" width=\"709\" height=\"1024\" src=\"https:\/\/dento-budo-dojo.fr\/wp-content\/uploads\/2019\/12\/Habersetzer-709x1024.jpg\" class=\"attachment-large size-large wp-image-2576\" alt=\"O-Sensei Roland Habersetzer lors de ses explications.\" srcset=\"https:\/\/dento-budo-dojo.fr\/wp-content\/uploads\/2019\/12\/Habersetzer-200x289.jpg 200w, https:\/\/dento-budo-dojo.fr\/wp-content\/uploads\/2019\/12\/Habersetzer-208x300.jpg 208w, https:\/\/dento-budo-dojo.fr\/wp-content\/uploads\/2019\/12\/Habersetzer-400x578.jpg 400w, https:\/\/dento-budo-dojo.fr\/wp-content\/uploads\/2019\/12\/Habersetzer-600x867.jpg 600w, https:\/\/dento-budo-dojo.fr\/wp-content\/uploads\/2019\/12\/Habersetzer-709x1024.jpg 709w, https:\/\/dento-budo-dojo.fr\/wp-content\/uploads\/2019\/12\/Habersetzer-768x1110.jpg 768w, https:\/\/dento-budo-dojo.fr\/wp-content\/uploads\/2019\/12\/Habersetzer-800x1156.jpg 800w, https:\/\/dento-budo-dojo.fr\/wp-content\/uploads\/2019\/12\/Habersetzer-1063x1536.jpg 1063w, https:\/\/dento-budo-dojo.fr\/wp-content\/uploads\/2019\/12\/Habersetzer-1200x1734.jpg 1200w, https:\/\/dento-budo-dojo.fr\/wp-content\/uploads\/2019\/12\/Habersetzer-1417x2048.jpg 1417w, https:\/\/dento-budo-dojo.fr\/wp-content\/uploads\/2019\/12\/Habersetzer-scaled.jpg 1772w\" sizes=\"(max-width: 709px) 100vw, 709px\" \/>\t\t\t\t\t\t\t\t<\/a>\n\t\t\t\t\t\t\t\t\t\t\t\t\t\t\t<\/div>\n\t\t\t\t<\/div>\n\t\t\t\t\t<\/div>\n\t\t<\/div>\n\t\t\t\t\t<\/div>\n\t\t<\/section>\n\t\t\t\t\t<\/div>\n\t\t<\/div>\n\t\t\t\t\t<\/div>\n\t\t<\/section>\n\t\t\t\t<section class=\"elementor-section elementor-top-section elementor-element elementor-element-df705da elementor-section-boxed elementor-section-height-default elementor-section-height-default\" data-id=\"df705da\" data-element_type=\"section\" data-e-type=\"section\">\n\t\t\t\t\t\t<div class=\"elementor-container elementor-column-gap-default\">\n\t\t\t\t\t<div class=\"elementor-column elementor-col-100 elementor-top-column elementor-element elementor-element-3bdecf4\" data-id=\"3bdecf4\" data-element_type=\"column\" data-e-type=\"column\">\n\t\t\t<div class=\"elementor-widget-wrap elementor-element-populated\">\n\t\t\t\t\t\t<div class=\"elementor-element elementor-element-11ad0fe elementor-widget elementor-widget-text-editor\" data-id=\"11ad0fe\" data-element_type=\"widget\" data-e-type=\"widget\" data-widget_type=\"text-editor.default\">\n\t\t\t\t<div class=\"elementor-widget-container\">\n\t\t\t\t\t\t\t\t\t<p class=\"MsoNormal\" style=\"text-align: justify;\">Le programme, en dehors de ses aspects techniques, insistait \u00e9galement sur la philosophie d\u2019un comportement responsable du karat\u00e9ka\u2026 dans la soci\u00e9t\u00e9. Que pouvons-nous apporter, \u00e0 notre humble \u00e9chelle, face \u00e0 cette vague de changement profond, de tout ordre, individuel comme collectif\u00a0? Des valeurs profondes tendent \u00e0 dispara\u00eetre pour laisser place \u00e0 des comportements de plus en plus individualistes, o\u00f9 la coquille s\u2019\u00e9paissit ce qui se traduit par un renfermement sur soi. L\u2019avenir risque de nous pr\u00e9senter des situations de plus en plus difficiles \u00e0 g\u00e9rer, et c\u2019est l\u00e0 que nous assisterons aux valeurs r\u00e9elles qui s\u2019exprimeront en chacun de nous. Serons-nous assez sages pour garder notre humanit\u00e9\u2026 ou basculerons-nous vers l\u2019aspect sauvage, trace profonde de notre animalit\u00e9 encore pr\u00e9sente\u00a0? C\u2019est un v\u00e9ritable d\u00e9fi. Et \u00e9galement un item de notre ryu (Ecole traditionnelle dans les Budo au Japon) qui se veut de garder la vie, m\u00eame dans une situation guerri\u00e8re qui peut vite arriver.<\/p>\t\t\t\t\t\t\t\t<\/div>\n\t\t\t\t<\/div>\n\t\t\t\t\t<\/div>\n\t\t<\/div>\n\t\t\t\t\t<\/div>\n\t\t<\/section>\n\t\t\t\t<section class=\"elementor-section elementor-top-section elementor-element elementor-element-ab0bab0 elementor-section-boxed elementor-section-height-default elementor-section-height-default\" data-id=\"ab0bab0\" data-element_type=\"section\" data-e-type=\"section\">\n\t\t\t\t\t\t<div class=\"elementor-container elementor-column-gap-default\">\n\t\t\t\t\t<div class=\"elementor-column elementor-col-100 elementor-top-column elementor-element elementor-element-0f7bf96\" data-id=\"0f7bf96\" data-element_type=\"column\" data-e-type=\"column\">\n\t\t\t<div class=\"elementor-widget-wrap elementor-element-populated\">\n\t\t\t\t\t\t<div class=\"elementor-element elementor-element-7bc2d5b elementor-widget elementor-widget-image\" data-id=\"7bc2d5b\" data-element_type=\"widget\" data-e-type=\"widget\" data-widget_type=\"image.default\">\n\t\t\t\t<div class=\"elementor-widget-container\">\n\t\t\t\t\t\t\t\t\t\t\t\t<figure class=\"wp-caption\">\n\t\t\t\t\t\t\t\t\t\t<img loading=\"lazy\" decoding=\"async\" width=\"1024\" height=\"331\" src=\"https:\/\/dento-budo-dojo.fr\/wp-content\/uploads\/2019\/12\/stage-2021-groupe-karate-1024x331.jpg\" class=\"attachment-large size-large wp-image-2571\" alt=\"Les stagiaires du Kan Geiko 2021\u2026 un bon nombre malgr\u00e9 les perturbations li\u00e9es au Covid !\" srcset=\"https:\/\/dento-budo-dojo.fr\/wp-content\/uploads\/2019\/12\/stage-2021-groupe-karate-200x65.jpg 200w, https:\/\/dento-budo-dojo.fr\/wp-content\/uploads\/2019\/12\/stage-2021-groupe-karate-300x97.jpg 300w, https:\/\/dento-budo-dojo.fr\/wp-content\/uploads\/2019\/12\/stage-2021-groupe-karate-400x129.jpg 400w, https:\/\/dento-budo-dojo.fr\/wp-content\/uploads\/2019\/12\/stage-2021-groupe-karate-600x194.jpg 600w, https:\/\/dento-budo-dojo.fr\/wp-content\/uploads\/2019\/12\/stage-2021-groupe-karate-768x248.jpg 768w, https:\/\/dento-budo-dojo.fr\/wp-content\/uploads\/2019\/12\/stage-2021-groupe-karate-800x259.jpg 800w, https:\/\/dento-budo-dojo.fr\/wp-content\/uploads\/2019\/12\/stage-2021-groupe-karate-1024x331.jpg 1024w, https:\/\/dento-budo-dojo.fr\/wp-content\/uploads\/2019\/12\/stage-2021-groupe-karate-1200x388.jpg 1200w, https:\/\/dento-budo-dojo.fr\/wp-content\/uploads\/2019\/12\/stage-2021-groupe-karate-1536x496.jpg 1536w\" sizes=\"(max-width: 1024px) 100vw, 1024px\" \/>\t\t\t\t\t\t\t\t\t\t\t<figcaption class=\"widget-image-caption wp-caption-text\">Le groupe des stagiaires... tous venus de l'ouest, du sud comme du nord de la France, ainsi que quelques karat\u00e9kas qui ont franchi nos fronti\u00e8res...<\/figcaption>\n\t\t\t\t\t\t\t\t\t\t<\/figure>\n\t\t\t\t\t\t\t\t\t<\/div>\n\t\t\t\t<\/div>\n\t\t\t\t\t<\/div>\n\t\t<\/div>\n\t\t\t\t\t<\/div>\n\t\t<\/section>\n\t\t\t\t<section class=\"elementor-section elementor-top-section elementor-element elementor-element-93145c6 elementor-section-boxed elementor-section-height-default elementor-section-height-default\" data-id=\"93145c6\" data-element_type=\"section\" data-e-type=\"section\">\n\t\t\t\t\t\t<div class=\"elementor-container elementor-column-gap-default\">\n\t\t\t\t\t<div class=\"elementor-column elementor-col-20 elementor-top-column elementor-element elementor-element-5469dcc\" data-id=\"5469dcc\" data-element_type=\"column\" data-e-type=\"column\">\n\t\t\t<div class=\"elementor-widget-wrap elementor-element-populated\">\n\t\t\t\t\t\t<div class=\"elementor-element elementor-element-dd64abd elementor-widget elementor-widget-image\" data-id=\"dd64abd\" data-element_type=\"widget\" data-e-type=\"widget\" data-widget_type=\"image.default\">\n\t\t\t\t<div class=\"elementor-widget-container\">\n\t\t\t\t\t\t\t\t\t\t\t\t<figure class=\"wp-caption\">\n\t\t\t\t\t\t\t\t\t\t<img loading=\"lazy\" decoding=\"async\" width=\"937\" height=\"1024\" src=\"https:\/\/dento-budo-dojo.fr\/wp-content\/uploads\/2019\/12\/Sebastien-et-Davy-937x1024.jpg\" class=\"attachment-large size-large wp-image-2569\" alt=\"S\u00e9bastien sur la droite et Davy en kumit\u00e9.\" srcset=\"https:\/\/dento-budo-dojo.fr\/wp-content\/uploads\/2019\/12\/Sebastien-et-Davy-200x218.jpg 200w, https:\/\/dento-budo-dojo.fr\/wp-content\/uploads\/2019\/12\/Sebastien-et-Davy-275x300.jpg 275w, https:\/\/dento-budo-dojo.fr\/wp-content\/uploads\/2019\/12\/Sebastien-et-Davy-400x437.jpg 400w, https:\/\/dento-budo-dojo.fr\/wp-content\/uploads\/2019\/12\/Sebastien-et-Davy-600x655.jpg 600w, https:\/\/dento-budo-dojo.fr\/wp-content\/uploads\/2019\/12\/Sebastien-et-Davy-768x839.jpg 768w, https:\/\/dento-budo-dojo.fr\/wp-content\/uploads\/2019\/12\/Sebastien-et-Davy-800x874.jpg 800w, https:\/\/dento-budo-dojo.fr\/wp-content\/uploads\/2019\/12\/Sebastien-et-Davy-937x1024.jpg 937w, https:\/\/dento-budo-dojo.fr\/wp-content\/uploads\/2019\/12\/Sebastien-et-Davy-1200x1311.jpg 1200w, https:\/\/dento-budo-dojo.fr\/wp-content\/uploads\/2019\/12\/Sebastien-et-Davy-1406x1536.jpg 1406w, https:\/\/dento-budo-dojo.fr\/wp-content\/uploads\/2019\/12\/Sebastien-et-Davy-1875x2048.jpg 1875w\" sizes=\"(max-width: 937px) 100vw, 937px\" \/>\t\t\t\t\t\t\t\t\t\t\t<figcaption class=\"widget-image-caption wp-caption-text\">S\u00e9bastien et Davy en kumit\u00e9<\/figcaption>\n\t\t\t\t\t\t\t\t\t\t<\/figure>\n\t\t\t\t\t\t\t\t\t<\/div>\n\t\t\t\t<\/div>\n\t\t\t\t\t<\/div>\n\t\t<\/div>\n\t\t\t\t<div class=\"elementor-column elementor-col-20 elementor-top-column elementor-element elementor-element-8902d89\" data-id=\"8902d89\" data-element_type=\"column\" data-e-type=\"column\">\n\t\t\t<div class=\"elementor-widget-wrap elementor-element-populated\">\n\t\t\t\t\t\t<div class=\"elementor-element elementor-element-34e65c7 elementor-widget elementor-widget-image\" data-id=\"34e65c7\" data-element_type=\"widget\" data-e-type=\"widget\" data-widget_type=\"image.default\">\n\t\t\t\t<div class=\"elementor-widget-container\">\n\t\t\t\t\t\t\t\t\t\t\t\t\t\t\t<img loading=\"lazy\" decoding=\"async\" width=\"937\" height=\"1024\" src=\"https:\/\/dento-budo-dojo.fr\/wp-content\/uploads\/2019\/12\/Sebastien-et-Davy-2-937x1024.jpg\" class=\"attachment-large size-large wp-image-2568\" alt=\"S\u00e9bastien sur la gauche, du Dento et Davy en kumit\u00e9.\" srcset=\"https:\/\/dento-budo-dojo.fr\/wp-content\/uploads\/2019\/12\/Sebastien-et-Davy-2-200x218.jpg 200w, https:\/\/dento-budo-dojo.fr\/wp-content\/uploads\/2019\/12\/Sebastien-et-Davy-2-275x300.jpg 275w, https:\/\/dento-budo-dojo.fr\/wp-content\/uploads\/2019\/12\/Sebastien-et-Davy-2-400x437.jpg 400w, https:\/\/dento-budo-dojo.fr\/wp-content\/uploads\/2019\/12\/Sebastien-et-Davy-2-600x655.jpg 600w, https:\/\/dento-budo-dojo.fr\/wp-content\/uploads\/2019\/12\/Sebastien-et-Davy-2-768x839.jpg 768w, https:\/\/dento-budo-dojo.fr\/wp-content\/uploads\/2019\/12\/Sebastien-et-Davy-2-800x874.jpg 800w, https:\/\/dento-budo-dojo.fr\/wp-content\/uploads\/2019\/12\/Sebastien-et-Davy-2-937x1024.jpg 937w, https:\/\/dento-budo-dojo.fr\/wp-content\/uploads\/2019\/12\/Sebastien-et-Davy-2-1200x1311.jpg 1200w, https:\/\/dento-budo-dojo.fr\/wp-content\/uploads\/2019\/12\/Sebastien-et-Davy-2-1406x1536.jpg 1406w, https:\/\/dento-budo-dojo.fr\/wp-content\/uploads\/2019\/12\/Sebastien-et-Davy-2-1875x2048.jpg 1875w\" sizes=\"(max-width: 937px) 100vw, 937px\" \/>\t\t\t\t\t\t\t\t\t\t\t\t\t\t\t<\/div>\n\t\t\t\t<\/div>\n\t\t\t\t\t<\/div>\n\t\t<\/div>\n\t\t\t\t<div class=\"elementor-column elementor-col-20 elementor-top-column elementor-element elementor-element-83a540b\" data-id=\"83a540b\" data-element_type=\"column\" data-e-type=\"column\">\n\t\t\t<div class=\"elementor-widget-wrap elementor-element-populated\">\n\t\t\t\t\t\t<div class=\"elementor-element elementor-element-5dbd294 elementor-widget elementor-widget-image\" data-id=\"5dbd294\" data-element_type=\"widget\" data-e-type=\"widget\" data-widget_type=\"image.default\">\n\t\t\t\t<div class=\"elementor-widget-container\">\n\t\t\t\t\t\t\t\t\t\t\t\t<figure class=\"wp-caption\">\n\t\t\t\t\t\t\t\t\t\t<img loading=\"lazy\" decoding=\"async\" width=\"937\" height=\"1024\" src=\"https:\/\/dento-budo-dojo.fr\/wp-content\/uploads\/2019\/12\/Jean-Paul-937x1024.jpg\" class=\"attachment-large size-large wp-image-2577\" alt=\"Jean-Paul du Dento\u2026 lors d\u2019une phase de kumit\u00e9.\" srcset=\"https:\/\/dento-budo-dojo.fr\/wp-content\/uploads\/2019\/12\/Jean-Paul-200x218.jpg 200w, https:\/\/dento-budo-dojo.fr\/wp-content\/uploads\/2019\/12\/Jean-Paul-275x300.jpg 275w, https:\/\/dento-budo-dojo.fr\/wp-content\/uploads\/2019\/12\/Jean-Paul-400x437.jpg 400w, https:\/\/dento-budo-dojo.fr\/wp-content\/uploads\/2019\/12\/Jean-Paul-600x655.jpg 600w, https:\/\/dento-budo-dojo.fr\/wp-content\/uploads\/2019\/12\/Jean-Paul-768x839.jpg 768w, https:\/\/dento-budo-dojo.fr\/wp-content\/uploads\/2019\/12\/Jean-Paul-800x874.jpg 800w, https:\/\/dento-budo-dojo.fr\/wp-content\/uploads\/2019\/12\/Jean-Paul-937x1024.jpg 937w, https:\/\/dento-budo-dojo.fr\/wp-content\/uploads\/2019\/12\/Jean-Paul-1200x1311.jpg 1200w, https:\/\/dento-budo-dojo.fr\/wp-content\/uploads\/2019\/12\/Jean-Paul-1406x1536.jpg 1406w, https:\/\/dento-budo-dojo.fr\/wp-content\/uploads\/2019\/12\/Jean-Paul-1875x2048.jpg 1875w\" sizes=\"(max-width: 937px) 100vw, 937px\" \/>\t\t\t\t\t\t\t\t\t\t\t<figcaption class=\"widget-image-caption wp-caption-text\">Jean-Paul en action...<\/figcaption>\n\t\t\t\t\t\t\t\t\t\t<\/figure>\n\t\t\t\t\t\t\t\t\t<\/div>\n\t\t\t\t<\/div>\n\t\t\t\t\t<\/div>\n\t\t<\/div>\n\t\t\t\t<div class=\"elementor-column elementor-col-20 elementor-top-column elementor-element elementor-element-224ff16\" data-id=\"224ff16\" data-element_type=\"column\" data-e-type=\"column\">\n\t\t\t<div class=\"elementor-widget-wrap elementor-element-populated\">\n\t\t\t\t\t\t<div class=\"elementor-element elementor-element-72beb6b elementor-widget elementor-widget-image\" data-id=\"72beb6b\" data-element_type=\"widget\" data-e-type=\"widget\" data-widget_type=\"image.default\">\n\t\t\t\t<div class=\"elementor-widget-container\">\n\t\t\t\t\t\t\t\t\t\t\t\t<figure class=\"wp-caption\">\n\t\t\t\t\t\t\t\t\t\t<img loading=\"lazy\" decoding=\"async\" width=\"937\" height=\"1024\" src=\"https:\/\/dento-budo-dojo.fr\/wp-content\/uploads\/2019\/12\/Lea-et-Alexandre-2-937x1024.jpg\" class=\"attachment-large size-large wp-image-2578\" alt=\"Alexandre et L\u00e9a du Dento\u2026 r\u00e9pondant \u00e0 un mawashi geri.\" srcset=\"https:\/\/dento-budo-dojo.fr\/wp-content\/uploads\/2019\/12\/Lea-et-Alexandre-2-200x218.jpg 200w, https:\/\/dento-budo-dojo.fr\/wp-content\/uploads\/2019\/12\/Lea-et-Alexandre-2-275x300.jpg 275w, https:\/\/dento-budo-dojo.fr\/wp-content\/uploads\/2019\/12\/Lea-et-Alexandre-2-400x437.jpg 400w, https:\/\/dento-budo-dojo.fr\/wp-content\/uploads\/2019\/12\/Lea-et-Alexandre-2-600x655.jpg 600w, https:\/\/dento-budo-dojo.fr\/wp-content\/uploads\/2019\/12\/Lea-et-Alexandre-2-768x839.jpg 768w, https:\/\/dento-budo-dojo.fr\/wp-content\/uploads\/2019\/12\/Lea-et-Alexandre-2-800x874.jpg 800w, https:\/\/dento-budo-dojo.fr\/wp-content\/uploads\/2019\/12\/Lea-et-Alexandre-2-937x1024.jpg 937w, https:\/\/dento-budo-dojo.fr\/wp-content\/uploads\/2019\/12\/Lea-et-Alexandre-2-1200x1311.jpg 1200w, https:\/\/dento-budo-dojo.fr\/wp-content\/uploads\/2019\/12\/Lea-et-Alexandre-2-1406x1536.jpg 1406w, https:\/\/dento-budo-dojo.fr\/wp-content\/uploads\/2019\/12\/Lea-et-Alexandre-2-1875x2048.jpg 1875w\" sizes=\"(max-width: 937px) 100vw, 937px\" \/>\t\t\t\t\t\t\t\t\t\t\t<figcaption class=\"widget-image-caption wp-caption-text\">L\u00e9a bloquant un mawashi geri<\/figcaption>\n\t\t\t\t\t\t\t\t\t\t<\/figure>\n\t\t\t\t\t\t\t\t\t<\/div>\n\t\t\t\t<\/div>\n\t\t\t\t\t<\/div>\n\t\t<\/div>\n\t\t\t\t<div class=\"elementor-column elementor-col-20 elementor-top-column elementor-element elementor-element-11b5703\" data-id=\"11b5703\" data-element_type=\"column\" data-e-type=\"column\">\n\t\t\t<div class=\"elementor-widget-wrap elementor-element-populated\">\n\t\t\t\t\t\t<div class=\"elementor-element elementor-element-8604661 elementor-widget elementor-widget-image\" data-id=\"8604661\" data-element_type=\"widget\" data-e-type=\"widget\" data-widget_type=\"image.default\">\n\t\t\t\t<div class=\"elementor-widget-container\">\n\t\t\t\t\t\t\t\t\t\t\t\t<figure class=\"wp-caption\">\n\t\t\t\t\t\t\t\t\t\t<img loading=\"lazy\" decoding=\"async\" width=\"937\" height=\"1024\" src=\"https:\/\/dento-budo-dojo.fr\/wp-content\/uploads\/2019\/12\/Lea-et-Alexandre-937x1024.jpg\" class=\"attachment-large size-large wp-image-2565\" alt=\"Alexandre et L\u00e9a du Dento\u2026 r\u00e9pondant \u00e0 un mawashi geri.\" srcset=\"https:\/\/dento-budo-dojo.fr\/wp-content\/uploads\/2019\/12\/Lea-et-Alexandre-200x218.jpg 200w, https:\/\/dento-budo-dojo.fr\/wp-content\/uploads\/2019\/12\/Lea-et-Alexandre-275x300.jpg 275w, https:\/\/dento-budo-dojo.fr\/wp-content\/uploads\/2019\/12\/Lea-et-Alexandre-400x437.jpg 400w, https:\/\/dento-budo-dojo.fr\/wp-content\/uploads\/2019\/12\/Lea-et-Alexandre-600x655.jpg 600w, https:\/\/dento-budo-dojo.fr\/wp-content\/uploads\/2019\/12\/Lea-et-Alexandre-768x839.jpg 768w, https:\/\/dento-budo-dojo.fr\/wp-content\/uploads\/2019\/12\/Lea-et-Alexandre-800x874.jpg 800w, https:\/\/dento-budo-dojo.fr\/wp-content\/uploads\/2019\/12\/Lea-et-Alexandre-937x1024.jpg 937w, https:\/\/dento-budo-dojo.fr\/wp-content\/uploads\/2019\/12\/Lea-et-Alexandre-1200x1311.jpg 1200w, https:\/\/dento-budo-dojo.fr\/wp-content\/uploads\/2019\/12\/Lea-et-Alexandre-1406x1536.jpg 1406w, https:\/\/dento-budo-dojo.fr\/wp-content\/uploads\/2019\/12\/Lea-et-Alexandre-1875x2048.jpg 1875w\" sizes=\"(max-width: 937px) 100vw, 937px\" \/>\t\t\t\t\t\t\t\t\t\t\t<figcaption class=\"widget-image-caption wp-caption-text\"><\/figcaption>\n\t\t\t\t\t\t\t\t\t\t<\/figure>\n\t\t\t\t\t\t\t\t\t<\/div>\n\t\t\t\t<\/div>\n\t\t\t\t\t<\/div>\n\t\t<\/div>\n\t\t\t\t\t<\/div>\n\t\t<\/section>\n\t\t\t\t<section class=\"elementor-section elementor-top-section elementor-element elementor-element-50c802e elementor-section-boxed elementor-section-height-default elementor-section-height-default\" data-id=\"50c802e\" data-element_type=\"section\" data-e-type=\"section\">\n\t\t\t\t\t\t<div class=\"elementor-container elementor-column-gap-default\">\n\t\t\t\t\t<div class=\"elementor-column elementor-col-50 elementor-top-column elementor-element elementor-element-03a8d46\" data-id=\"03a8d46\" data-element_type=\"column\" data-e-type=\"column\">\n\t\t\t<div class=\"elementor-widget-wrap elementor-element-populated\">\n\t\t\t\t\t\t<div class=\"elementor-element elementor-element-e89eb81 elementor-widget elementor-widget-text-editor\" data-id=\"e89eb81\" data-element_type=\"widget\" data-e-type=\"widget\" data-widget_type=\"text-editor.default\">\n\t\t\t\t<div class=\"elementor-widget-container\">\n\t\t\t\t\t\t\t\t\t<p class=\"MsoNormal\" style=\"text-align: justify;\">Rendre responsable nos paroles, nos gestes, nos attitudes sont des \u00e9l\u00e9ments de notre vie, de tous les jours. Cela doit \u00eatre une pr\u00e9occupation sans cesse reconsid\u00e9r\u00e9e, r\u00e9actualis\u00e9e, selon le contexte, avec toujours cette confiance qu\u2019on peut faire mieux. C\u2019est justement faire preuve d\u2019un comportement responsable que doit avoir un karat\u00e9ka qui pratique au Tengu-ryu. Rien \u00e0 voir \u00e0 l\u2019expansion de la sauvagerie parfois montr\u00e9e dans des soi-disant styles d\u2019arts martiaux\u00a0! En effet, nous n\u2019y voyons pas l\u00e0 une \u00e9l\u00e9vation de l\u2019esprit, mais bien plut\u00f4t une r\u00e9gression qui nous rapproche de l\u2019animal\u00a0!<\/p><p>\u00a0<\/p><p class=\"MsoNormal\" style=\"text-align: justify;\">Heureux sont ceux qui par leur pr\u00e9sence savent avoir, mieux encore, transmettre autour d\u2019eux, dans leur dojo comme en dehors, cette \u00e9thique propre \u00e0 notre \u00e9cole, qui exp\u00e9rimente la vertu, et pas que la technique de l\u2019art.<\/p>\t\t\t\t\t\t\t\t<\/div>\n\t\t\t\t<\/div>\n\t\t\t\t\t<\/div>\n\t\t<\/div>\n\t\t\t\t<div class=\"elementor-column elementor-col-50 elementor-top-column elementor-element elementor-element-4dde123\" data-id=\"4dde123\" data-element_type=\"column\" data-e-type=\"column\">\n\t\t\t<div class=\"elementor-widget-wrap elementor-element-populated\">\n\t\t\t\t\t\t<div class=\"elementor-element elementor-element-0dbad26 elementor-widget elementor-widget-image\" data-id=\"0dbad26\" data-element_type=\"widget\" data-e-type=\"widget\" data-widget_type=\"image.default\">\n\t\t\t\t<div class=\"elementor-widget-container\">\n\t\t\t\t\t\t\t\t\t\t\t\t<figure class=\"wp-caption\">\n\t\t\t\t\t\t\t\t\t\t<img loading=\"lazy\" decoding=\"async\" width=\"1024\" height=\"772\" src=\"https:\/\/dento-budo-dojo.fr\/wp-content\/uploads\/2019\/12\/Soke-Roland-Habersetzer-1024x772.jpg\" class=\"attachment-large size-large wp-image-2570\" alt=\"Sok\u00e9 Roland Habersetzer\" srcset=\"https:\/\/dento-budo-dojo.fr\/wp-content\/uploads\/2019\/12\/Soke-Roland-Habersetzer-200x151.jpg 200w, https:\/\/dento-budo-dojo.fr\/wp-content\/uploads\/2019\/12\/Soke-Roland-Habersetzer-300x226.jpg 300w, https:\/\/dento-budo-dojo.fr\/wp-content\/uploads\/2019\/12\/Soke-Roland-Habersetzer-400x302.jpg 400w, https:\/\/dento-budo-dojo.fr\/wp-content\/uploads\/2019\/12\/Soke-Roland-Habersetzer-600x453.jpg 600w, https:\/\/dento-budo-dojo.fr\/wp-content\/uploads\/2019\/12\/Soke-Roland-Habersetzer-768x579.jpg 768w, https:\/\/dento-budo-dojo.fr\/wp-content\/uploads\/2019\/12\/Soke-Roland-Habersetzer-800x603.jpg 800w, https:\/\/dento-budo-dojo.fr\/wp-content\/uploads\/2019\/12\/Soke-Roland-Habersetzer-1024x772.jpg 1024w, https:\/\/dento-budo-dojo.fr\/wp-content\/uploads\/2019\/12\/Soke-Roland-Habersetzer-1200x905.jpg 1200w, https:\/\/dento-budo-dojo.fr\/wp-content\/uploads\/2019\/12\/Soke-Roland-Habersetzer-1536x1158.jpg 1536w\" sizes=\"(max-width: 1024px) 100vw, 1024px\" \/>\t\t\t\t\t\t\t\t\t\t\t<figcaption class=\"widget-image-caption wp-caption-text\">Toujours expliquer, pour convaincre, du sok\u00e9 du Tengu-ryu.<\/figcaption>\n\t\t\t\t\t\t\t\t\t\t<\/figure>\n\t\t\t\t\t\t\t\t\t<\/div>\n\t\t\t\t<\/div>\n\t\t\t\t\t<\/div>\n\t\t<\/div>\n\t\t\t\t\t<\/div>\n\t\t<\/section>\n\t\t\t\t<section class=\"elementor-section elementor-top-section elementor-element elementor-element-8c08fc0 elementor-section-boxed elementor-section-height-default elementor-section-height-default\" data-id=\"8c08fc0\" data-element_type=\"section\" data-e-type=\"section\">\n\t\t\t\t\t\t<div class=\"elementor-container elementor-column-gap-default\">\n\t\t\t\t\t<div class=\"elementor-column elementor-col-33 elementor-top-column elementor-element elementor-element-fbd0efb\" data-id=\"fbd0efb\" data-element_type=\"column\" data-e-type=\"column\">\n\t\t\t<div class=\"elementor-widget-wrap elementor-element-populated\">\n\t\t\t\t\t\t<div class=\"elementor-element elementor-element-8d29701 elementor-widget elementor-widget-image\" data-id=\"8d29701\" data-element_type=\"widget\" data-e-type=\"widget\" data-widget_type=\"image.default\">\n\t\t\t\t<div class=\"elementor-widget-container\">\n\t\t\t\t\t\t\t\t\t\t\t\t<figure class=\"wp-caption\">\n\t\t\t\t\t\t\t\t\t\t<img loading=\"lazy\" decoding=\"async\" width=\"1024\" height=\"772\" src=\"https:\/\/dento-budo-dojo.fr\/wp-content\/uploads\/2019\/12\/Bernard-et-Sylvain-1024x772.jpg\" class=\"attachment-large size-large wp-image-2573\" alt=\"Bernard et Sylvain en Tengu-no-kamae.\" srcset=\"https:\/\/dento-budo-dojo.fr\/wp-content\/uploads\/2019\/12\/Bernard-et-Sylvain-200x151.jpg 200w, https:\/\/dento-budo-dojo.fr\/wp-content\/uploads\/2019\/12\/Bernard-et-Sylvain-300x226.jpg 300w, https:\/\/dento-budo-dojo.fr\/wp-content\/uploads\/2019\/12\/Bernard-et-Sylvain-400x302.jpg 400w, https:\/\/dento-budo-dojo.fr\/wp-content\/uploads\/2019\/12\/Bernard-et-Sylvain-600x453.jpg 600w, https:\/\/dento-budo-dojo.fr\/wp-content\/uploads\/2019\/12\/Bernard-et-Sylvain-768x579.jpg 768w, https:\/\/dento-budo-dojo.fr\/wp-content\/uploads\/2019\/12\/Bernard-et-Sylvain-800x603.jpg 800w, https:\/\/dento-budo-dojo.fr\/wp-content\/uploads\/2019\/12\/Bernard-et-Sylvain-1024x772.jpg 1024w, https:\/\/dento-budo-dojo.fr\/wp-content\/uploads\/2019\/12\/Bernard-et-Sylvain-1200x905.jpg 1200w, https:\/\/dento-budo-dojo.fr\/wp-content\/uploads\/2019\/12\/Bernard-et-Sylvain-1536x1158.jpg 1536w\" sizes=\"(max-width: 1024px) 100vw, 1024px\" \/>\t\t\t\t\t\t\t\t\t\t\t<figcaption class=\"widget-image-caption wp-caption-text\">Bernard et Sylvain en Tengu-no-kamae.<\/figcaption>\n\t\t\t\t\t\t\t\t\t\t<\/figure>\n\t\t\t\t\t\t\t\t\t<\/div>\n\t\t\t\t<\/div>\n\t\t\t\t\t<\/div>\n\t\t<\/div>\n\t\t\t\t<div class=\"elementor-column elementor-col-33 elementor-top-column elementor-element elementor-element-0a1ce8f\" data-id=\"0a1ce8f\" data-element_type=\"column\" data-e-type=\"column\">\n\t\t\t<div class=\"elementor-widget-wrap elementor-element-populated\">\n\t\t\t\t\t\t<div class=\"elementor-element elementor-element-ad94abd elementor-widget elementor-widget-image\" data-id=\"ad94abd\" data-element_type=\"widget\" data-e-type=\"widget\" data-widget_type=\"image.default\">\n\t\t\t\t<div class=\"elementor-widget-container\">\n\t\t\t\t\t\t\t\t\t\t\t\t<figure class=\"wp-caption\">\n\t\t\t\t\t\t\t\t\t\t<img loading=\"lazy\" decoding=\"async\" width=\"1024\" height=\"772\" src=\"https:\/\/dento-budo-dojo.fr\/wp-content\/uploads\/2019\/12\/Bernard-et-Sylvain-2-1024x772.jpg\" class=\"attachment-large size-large wp-image-2572\" alt=\"Bernard sur la gauche et Sylvain, dans une phase d\u2019un kumit\u00e9.\" srcset=\"https:\/\/dento-budo-dojo.fr\/wp-content\/uploads\/2019\/12\/Bernard-et-Sylvain-2-200x151.jpg 200w, https:\/\/dento-budo-dojo.fr\/wp-content\/uploads\/2019\/12\/Bernard-et-Sylvain-2-300x226.jpg 300w, https:\/\/dento-budo-dojo.fr\/wp-content\/uploads\/2019\/12\/Bernard-et-Sylvain-2-400x302.jpg 400w, https:\/\/dento-budo-dojo.fr\/wp-content\/uploads\/2019\/12\/Bernard-et-Sylvain-2-600x453.jpg 600w, https:\/\/dento-budo-dojo.fr\/wp-content\/uploads\/2019\/12\/Bernard-et-Sylvain-2-768x579.jpg 768w, https:\/\/dento-budo-dojo.fr\/wp-content\/uploads\/2019\/12\/Bernard-et-Sylvain-2-800x603.jpg 800w, https:\/\/dento-budo-dojo.fr\/wp-content\/uploads\/2019\/12\/Bernard-et-Sylvain-2-1024x772.jpg 1024w, https:\/\/dento-budo-dojo.fr\/wp-content\/uploads\/2019\/12\/Bernard-et-Sylvain-2-1200x905.jpg 1200w, https:\/\/dento-budo-dojo.fr\/wp-content\/uploads\/2019\/12\/Bernard-et-Sylvain-2-1536x1158.jpg 1536w\" sizes=\"(max-width: 1024px) 100vw, 1024px\" \/>\t\t\t\t\t\t\t\t\t\t\t<figcaption class=\"widget-image-caption wp-caption-text\">Bernard sur la gauche et Sylvain, dans une phase d\u2019un kumit\u00e9.<\/figcaption>\n\t\t\t\t\t\t\t\t\t\t<\/figure>\n\t\t\t\t\t\t\t\t\t<\/div>\n\t\t\t\t<\/div>\n\t\t\t\t\t<\/div>\n\t\t<\/div>\n\t\t\t\t<div class=\"elementor-column elementor-col-33 elementor-top-column elementor-element elementor-element-88a9d6f\" data-id=\"88a9d6f\" data-element_type=\"column\" data-e-type=\"column\">\n\t\t\t<div class=\"elementor-widget-wrap elementor-element-populated\">\n\t\t\t\t\t\t<div class=\"elementor-element elementor-element-8d1f9d5 elementor-widget elementor-widget-image\" data-id=\"8d1f9d5\" data-element_type=\"widget\" data-e-type=\"widget\" data-widget_type=\"image.default\">\n\t\t\t\t<div class=\"elementor-widget-container\">\n\t\t\t\t\t\t\t\t\t\t\t\t<figure class=\"wp-caption\">\n\t\t\t\t\t\t\t\t\t\t<img loading=\"lazy\" decoding=\"async\" width=\"1024\" height=\"772\" src=\"https:\/\/dento-budo-dojo.fr\/wp-content\/uploads\/2019\/12\/mawashi-geri-1024x772.jpg\" class=\"attachment-large size-large wp-image-2566\" alt=\"Mawashi geri chudan\" srcset=\"https:\/\/dento-budo-dojo.fr\/wp-content\/uploads\/2019\/12\/mawashi-geri-200x151.jpg 200w, https:\/\/dento-budo-dojo.fr\/wp-content\/uploads\/2019\/12\/mawashi-geri-300x226.jpg 300w, https:\/\/dento-budo-dojo.fr\/wp-content\/uploads\/2019\/12\/mawashi-geri-400x302.jpg 400w, https:\/\/dento-budo-dojo.fr\/wp-content\/uploads\/2019\/12\/mawashi-geri-600x453.jpg 600w, https:\/\/dento-budo-dojo.fr\/wp-content\/uploads\/2019\/12\/mawashi-geri-768x579.jpg 768w, https:\/\/dento-budo-dojo.fr\/wp-content\/uploads\/2019\/12\/mawashi-geri-800x603.jpg 800w, https:\/\/dento-budo-dojo.fr\/wp-content\/uploads\/2019\/12\/mawashi-geri-1024x772.jpg 1024w, https:\/\/dento-budo-dojo.fr\/wp-content\/uploads\/2019\/12\/mawashi-geri-1200x905.jpg 1200w, https:\/\/dento-budo-dojo.fr\/wp-content\/uploads\/2019\/12\/mawashi-geri-1536x1158.jpg 1536w\" sizes=\"(max-width: 1024px) 100vw, 1024px\" \/>\t\t\t\t\t\t\t\t\t\t\t<figcaption class=\"widget-image-caption wp-caption-text\">Mawashi geri chudan<\/figcaption>\n\t\t\t\t\t\t\t\t\t\t<\/figure>\n\t\t\t\t\t\t\t\t\t<\/div>\n\t\t\t\t<\/div>\n\t\t\t\t\t<\/div>\n\t\t<\/div>\n\t\t\t\t\t<\/div>\n\t\t<\/section>\n\t\t\t\t<section class=\"elementor-section elementor-top-section elementor-element elementor-element-b68fcf4 elementor-section-boxed elementor-section-height-default elementor-section-height-default\" data-id=\"b68fcf4\" data-element_type=\"section\" data-e-type=\"section\">\n\t\t\t\t\t\t<div class=\"elementor-container elementor-column-gap-default\">\n\t\t\t\t\t<div class=\"elementor-column elementor-col-50 elementor-top-column elementor-element elementor-element-ea7e9c9\" data-id=\"ea7e9c9\" data-element_type=\"column\" data-e-type=\"column\">\n\t\t\t<div class=\"elementor-widget-wrap elementor-element-populated\">\n\t\t\t\t\t\t<div class=\"elementor-element elementor-element-780feec elementor-widget elementor-widget-image\" data-id=\"780feec\" data-element_type=\"widget\" data-e-type=\"widget\" data-widget_type=\"image.default\">\n\t\t\t\t<div class=\"elementor-widget-container\">\n\t\t\t\t\t\t\t\t\t\t\t\t<figure class=\"wp-caption\">\n\t\t\t\t\t\t\t\t\t\t<img loading=\"lazy\" decoding=\"async\" width=\"709\" height=\"1024\" src=\"https:\/\/dento-budo-dojo.fr\/wp-content\/uploads\/2019\/12\/Habersetzer-et-Faieff-709x1024.jpg\" class=\"attachment-large size-large wp-image-2575\" alt=\"Sok\u00e9 Roland Habersetzer faisant face devant une menace, avec l\u2019expert Jacques Faieff.\" srcset=\"https:\/\/dento-budo-dojo.fr\/wp-content\/uploads\/2019\/12\/Habersetzer-et-Faieff-200x289.jpg 200w, https:\/\/dento-budo-dojo.fr\/wp-content\/uploads\/2019\/12\/Habersetzer-et-Faieff-208x300.jpg 208w, https:\/\/dento-budo-dojo.fr\/wp-content\/uploads\/2019\/12\/Habersetzer-et-Faieff-400x578.jpg 400w, https:\/\/dento-budo-dojo.fr\/wp-content\/uploads\/2019\/12\/Habersetzer-et-Faieff-600x867.jpg 600w, https:\/\/dento-budo-dojo.fr\/wp-content\/uploads\/2019\/12\/Habersetzer-et-Faieff-709x1024.jpg 709w, https:\/\/dento-budo-dojo.fr\/wp-content\/uploads\/2019\/12\/Habersetzer-et-Faieff-768x1110.jpg 768w, https:\/\/dento-budo-dojo.fr\/wp-content\/uploads\/2019\/12\/Habersetzer-et-Faieff-800x1156.jpg 800w, https:\/\/dento-budo-dojo.fr\/wp-content\/uploads\/2019\/12\/Habersetzer-et-Faieff-1063x1536.jpg 1063w, https:\/\/dento-budo-dojo.fr\/wp-content\/uploads\/2019\/12\/Habersetzer-et-Faieff-1200x1734.jpg 1200w, https:\/\/dento-budo-dojo.fr\/wp-content\/uploads\/2019\/12\/Habersetzer-et-Faieff-1417x2048.jpg 1417w, https:\/\/dento-budo-dojo.fr\/wp-content\/uploads\/2019\/12\/Habersetzer-et-Faieff-scaled.jpg 1772w\" sizes=\"(max-width: 709px) 100vw, 709px\" \/>\t\t\t\t\t\t\t\t\t\t\t<figcaption class=\"widget-image-caption wp-caption-text\">Sok\u00e9 Roland Habersetzer faisant face devant une menace, avec l\u2019expert Jacques Faieff.<\/figcaption>\n\t\t\t\t\t\t\t\t\t\t<\/figure>\n\t\t\t\t\t\t\t\t\t<\/div>\n\t\t\t\t<\/div>\n\t\t\t\t\t<\/div>\n\t\t<\/div>\n\t\t\t\t<div class=\"elementor-column elementor-col-50 elementor-top-column elementor-element elementor-element-5b5e1e0\" data-id=\"5b5e1e0\" data-element_type=\"column\" data-e-type=\"column\">\n\t\t\t<div class=\"elementor-widget-wrap elementor-element-populated\">\n\t\t\t\t\t\t<div class=\"elementor-element elementor-element-af86290 elementor-widget elementor-widget-image\" data-id=\"af86290\" data-element_type=\"widget\" data-e-type=\"widget\" data-widget_type=\"image.default\">\n\t\t\t\t<div class=\"elementor-widget-container\">\n\t\t\t\t\t\t\t\t\t\t\t\t<figure class=\"wp-caption\">\n\t\t\t\t\t\t\t\t\t\t<img loading=\"lazy\" decoding=\"async\" width=\"709\" height=\"1024\" src=\"https:\/\/dento-budo-dojo.fr\/wp-content\/uploads\/2019\/12\/Roland-Habersetzer-et-Jacques-Faieff-709x1024.jpg\" class=\"attachment-large size-large wp-image-2567\" alt=\"Sok\u00e9 Roland Habersetzer en action qui se termine par un contr\u00f4le.\" srcset=\"https:\/\/dento-budo-dojo.fr\/wp-content\/uploads\/2019\/12\/Roland-Habersetzer-et-Jacques-Faieff-200x289.jpg 200w, https:\/\/dento-budo-dojo.fr\/wp-content\/uploads\/2019\/12\/Roland-Habersetzer-et-Jacques-Faieff-208x300.jpg 208w, https:\/\/dento-budo-dojo.fr\/wp-content\/uploads\/2019\/12\/Roland-Habersetzer-et-Jacques-Faieff-400x578.jpg 400w, https:\/\/dento-budo-dojo.fr\/wp-content\/uploads\/2019\/12\/Roland-Habersetzer-et-Jacques-Faieff-600x867.jpg 600w, https:\/\/dento-budo-dojo.fr\/wp-content\/uploads\/2019\/12\/Roland-Habersetzer-et-Jacques-Faieff-709x1024.jpg 709w, https:\/\/dento-budo-dojo.fr\/wp-content\/uploads\/2019\/12\/Roland-Habersetzer-et-Jacques-Faieff-768x1110.jpg 768w, https:\/\/dento-budo-dojo.fr\/wp-content\/uploads\/2019\/12\/Roland-Habersetzer-et-Jacques-Faieff-800x1156.jpg 800w, https:\/\/dento-budo-dojo.fr\/wp-content\/uploads\/2019\/12\/Roland-Habersetzer-et-Jacques-Faieff-1063x1536.jpg 1063w, https:\/\/dento-budo-dojo.fr\/wp-content\/uploads\/2019\/12\/Roland-Habersetzer-et-Jacques-Faieff-1200x1734.jpg 1200w, https:\/\/dento-budo-dojo.fr\/wp-content\/uploads\/2019\/12\/Roland-Habersetzer-et-Jacques-Faieff-1417x2048.jpg 1417w, https:\/\/dento-budo-dojo.fr\/wp-content\/uploads\/2019\/12\/Roland-Habersetzer-et-Jacques-Faieff-scaled.jpg 1772w\" sizes=\"(max-width: 709px) 100vw, 709px\" \/>\t\t\t\t\t\t\t\t\t\t\t<figcaption class=\"widget-image-caption wp-caption-text\">Sok\u00e9 Roland Habersetzer en action qui se termine par un contr\u00f4le.<\/figcaption>\n\t\t\t\t\t\t\t\t\t\t<\/figure>\n\t\t\t\t\t\t\t\t\t<\/div>\n\t\t\t\t<\/div>\n\t\t\t\t\t<\/div>\n\t\t<\/div>\n\t\t\t\t\t<\/div>\n\t\t<\/section>\n\t\t\t\t<section class=\"elementor-section elementor-top-section elementor-element elementor-element-72e521c elementor-section-boxed elementor-section-height-default elementor-section-height-default\" data-id=\"72e521c\" data-element_type=\"section\" data-e-type=\"section\">\n\t\t\t\t\t\t<div class=\"elementor-container elementor-column-gap-default\">\n\t\t\t\t\t<div class=\"elementor-column elementor-col-100 elementor-top-column elementor-element elementor-element-3c3cf14\" data-id=\"3c3cf14\" data-element_type=\"column\" data-e-type=\"column\">\n\t\t\t<div class=\"elementor-widget-wrap elementor-element-populated\">\n\t\t\t\t\t\t<div class=\"elementor-element elementor-element-ca59230 elementor-widget elementor-widget-text-editor\" data-id=\"ca59230\" data-element_type=\"widget\" data-e-type=\"widget\" data-widget_type=\"text-editor.default\">\n\t\t\t\t<div class=\"elementor-widget-container\">\n\t\t\t\t\t\t\t\t\t<p class=\"MsoNormal\" style=\"text-align: justify;\">Le nuage de l\u2019incertitude ne reviendra pas, mais un variant sans aucun doute\u2026 peut-\u00eatre celui de la certitude\u2026 L\u2019avenir nous le dira. Souhaitons-nous nous retrouver \u00e0 quelques occasions durant l\u2019ann\u00e9e 2022 qui se profile devant nous\u2026 mais tant d\u2019\u00e9l\u00e9ments inconnus, nouveaux, jailliront de notre espace-temps, en bien, comme en mal. Alors, laissons la place \u00e0 la manifestation, accueillons-l\u00e0, pour choisir le chemin le meilleur pour tous, celui du bonheur partag\u00e9, de la r\u00e9conciliation pour des jours meilleurs. Souhaitons-le fortement, pour le bien de tous, et l\u2019espoir de se retrouver durant les futurs stages programm\u00e9s.<\/p><p class=\"MsoNormal\" style=\"text-align: justify;\">En attendant, No\u00ebl arrive\u2026 un moment de partage avec notre famille, nos amis\u2026 Profitons-en avec toujours en arri\u00e8re-plan cette prudence omnipr\u00e9sente face aux virus\u2026<\/p><p style=\"text-align: justify;\">\u00a0<\/p><p class=\"MsoNormal\" style=\"text-align: justify;\">Bon mois de d\u00e9cembre \u00e0 tous\u2026 et bonne pratique sur la Voie du Tengu\u2026 pour davantage d\u2019authenticit\u00e9.<\/p>\t\t\t\t\t\t\t\t<\/div>\n\t\t\t\t<\/div>\n\t\t\t\t\t<\/div>\n\t\t<\/div>\n\t\t\t\t\t<\/div>\n\t\t<\/section>\n\t\t\t\t<section class=\"elementor-section elementor-top-section elementor-element elementor-element-b13370b elementor-section-boxed elementor-section-height-default elementor-section-height-default\" data-id=\"b13370b\" data-element_type=\"section\" data-e-type=\"section\">\n\t\t\t\t\t\t<div class=\"elementor-container elementor-column-gap-default\">\n\t\t\t\t\t<div class=\"elementor-column elementor-col-100 elementor-top-column elementor-element elementor-element-f77ddcc\" data-id=\"f77ddcc\" data-element_type=\"column\" data-e-type=\"column\">\n\t\t\t<div class=\"elementor-widget-wrap elementor-element-populated\">\n\t\t\t\t\t\t<div class=\"elementor-element elementor-element-311b9ee elementor-widget elementor-widget-image\" data-id=\"311b9ee\" data-element_type=\"widget\" data-e-type=\"widget\" data-widget_type=\"image.default\">\n\t\t\t\t<div class=\"elementor-widget-container\">\n\t\t\t\t\t\t\t\t\t\t\t\t<figure class=\"wp-caption\">\n\t\t\t\t\t\t\t\t\t\t<img loading=\"lazy\" decoding=\"async\" width=\"1024\" height=\"681\" src=\"https:\/\/dento-budo-dojo.fr\/wp-content\/uploads\/2019\/12\/Dento-Budo-Dojo-groupe-1024x681.jpg\" class=\"attachment-large size-large wp-image-2574\" alt=\"Quelques membres du Dento Budo Dojo lors de ce stage de Kan Geiko 2021.\" srcset=\"https:\/\/dento-budo-dojo.fr\/wp-content\/uploads\/2019\/12\/Dento-Budo-Dojo-groupe-200x133.jpg 200w, https:\/\/dento-budo-dojo.fr\/wp-content\/uploads\/2019\/12\/Dento-Budo-Dojo-groupe-272x182.jpg 272w, https:\/\/dento-budo-dojo.fr\/wp-content\/uploads\/2019\/12\/Dento-Budo-Dojo-groupe-300x199.jpg 300w, https:\/\/dento-budo-dojo.fr\/wp-content\/uploads\/2019\/12\/Dento-Budo-Dojo-groupe-400x266.jpg 400w, https:\/\/dento-budo-dojo.fr\/wp-content\/uploads\/2019\/12\/Dento-Budo-Dojo-groupe-600x399.jpg 600w, https:\/\/dento-budo-dojo.fr\/wp-content\/uploads\/2019\/12\/Dento-Budo-Dojo-groupe-768x510.jpg 768w, https:\/\/dento-budo-dojo.fr\/wp-content\/uploads\/2019\/12\/Dento-Budo-Dojo-groupe-800x532.jpg 800w, https:\/\/dento-budo-dojo.fr\/wp-content\/uploads\/2019\/12\/Dento-Budo-Dojo-groupe-1024x681.jpg 1024w, https:\/\/dento-budo-dojo.fr\/wp-content\/uploads\/2019\/12\/Dento-Budo-Dojo-groupe-1200x798.jpg 1200w, https:\/\/dento-budo-dojo.fr\/wp-content\/uploads\/2019\/12\/Dento-Budo-Dojo-groupe-1536x1021.jpg 1536w\" sizes=\"(max-width: 1024px) 100vw, 1024px\" \/>\t\t\t\t\t\t\t\t\t\t\t<figcaption class=\"widget-image-caption wp-caption-text\">Quelques membres du Dento Budo Dojo lors de ce stage de Kan Geiko 2021.<\/figcaption>\n\t\t\t\t\t\t\t\t\t\t<\/figure>\n\t\t\t\t\t\t\t\t\t<\/div>\n\t\t\t\t<\/div>\n\t\t\t\t\t<\/div>\n\t\t<\/div>\n\t\t\t\t\t<\/div>\n\t\t<\/section>\n\t\t\t\t<section class=\"elementor-section elementor-top-section elementor-element elementor-element-2e1f8ba elementor-section-boxed elementor-section-height-default elementor-section-height-default\" data-id=\"2e1f8ba\" data-element_type=\"section\" data-e-type=\"section\">\n\t\t\t\t\t\t<div class=\"elementor-container elementor-column-gap-default\">\n\t\t\t\t\t<div class=\"elementor-column elementor-col-50 elementor-top-column elementor-element elementor-element-02db81b\" data-id=\"02db81b\" data-element_type=\"column\" data-e-type=\"column\">\n\t\t\t<div class=\"elementor-widget-wrap elementor-element-populated\">\n\t\t\t\t\t\t<div class=\"elementor-element elementor-element-fd65f7d elementor-widget elementor-widget-image\" data-id=\"fd65f7d\" data-element_type=\"widget\" data-e-type=\"widget\" data-widget_type=\"image.default\">\n\t\t\t\t<div class=\"elementor-widget-container\">\n\t\t\t\t\t\t\t\t\t\t\t\t\t\t\t<img decoding=\"async\" src=\"https:\/\/dento-budo-dojo.fr\/wp-content\/uploads\/2019\/12\/Flyer-gauche.png\" title=\"Flyer ouvert\" alt=\"Flyer ouvert\" loading=\"lazy\" \/>\t\t\t\t\t\t\t\t\t\t\t\t\t\t\t<\/div>\n\t\t\t\t<\/div>\n\t\t\t\t\t<\/div>\n\t\t<\/div>\n\t\t\t\t<div class=\"elementor-column elementor-col-50 elementor-top-column elementor-element elementor-element-66e84c9\" data-id=\"66e84c9\" data-element_type=\"column\" data-e-type=\"column\">\n\t\t\t<div class=\"elementor-widget-wrap elementor-element-populated\">\n\t\t\t\t\t\t<div class=\"elementor-element elementor-element-f321110 elementor-drop-cap-yes elementor-drop-cap-view-default elementor-widget elementor-widget-text-editor\" data-id=\"f321110\" data-element_type=\"widget\" data-e-type=\"widget\" data-settings=\"{&quot;drop_cap&quot;:&quot;yes&quot;}\" data-widget_type=\"text-editor.default\">\n\t\t\t\t<div class=\"elementor-widget-container\">\n\t\t\t\t\t\t\t\t\t<p style=\"text-align: justify;\">Couleurs de l\u2019ann\u00e9e\u2026 Au choix\u00a0!<\/p><p style=\"text-align: justify;\">Blanche, noire, grise, multicolore\u2026 \u00e0 chacun de choisir selon le contexte\u2026 et l\u2019interpr\u00e9tation qu\u2019on veuille y donner.<\/p><p style=\"text-align: justify;\">Notre pratique martiale a \u00e9t\u00e9 une ann\u00e9e blanche au dojo. C\u2019est incontestable, m\u00eame si une br\u00e8ve p\u00e9riode de septembre \u00e0 mi-octobre eut lieu. Le fait que la journ\u00e9e des sports fut supprim\u00e9e en septembre 2020 indiquait dans une certaine mesure le La de ce qui allait advenir : l\u2019arr\u00eat de nos activit\u00e9s en Karat\u00e9 comme en Tai Chi Chuan. Le fait de ne plus pouvoir entrer dans une salle orientait pour une tr\u00e8s longue dur\u00e9e (jusqu\u2019en juin) la suspension des pratiques en groupe.<\/p><p style=\"text-align: justify;\">Heureusement, le changement progressif des contraintes horaires en juin, nous a permis de nous revoir en petit groupe, \u00e0 l\u2019ext\u00e9rieur, mais tributaire des caprices m\u00e9t\u00e9orologiques. Ce fut un moment chaleureux et attendu de nous revoir, m\u00eame si pour des difficult\u00e9s personnelles (familiales, horaires li\u00e9s au transport, au travail\u2026) tous n\u2019ont pas pu r\u00e9pondre pr\u00e9sent.<\/p><p style=\"text-align: justify;\">Derri\u00e8re cette p\u00e9riode o\u00f9 nous \u00e9tions livr\u00e9s \u00e0 nous-m\u00eames, une nouvelle semble emprunter le chemin de l\u2019optimisme\u2026 car le\u00a0<span style=\"font-weight: bold;\">samedi 4\u00a0septembre<\/span>\u00a0<span style=\"font-weight: bold;\">2021<\/span>\u00a0aura lieu la f\u00eate des sports \u00e0 S\u00e9lestat. Mais soyons prudents\u2026 le Covid-19 version \u00ab\u00a0delta\u00a0\u00bb nous guette\u00a0! Sans compter les autres mutants\u2026 Esp\u00e9rons ne pas apprendre les lettres grecques par la voie du Covid\u2026<\/p><p style=\"text-align: justify;\">Un appel \u00e0 la vigilance a sa v\u00e9ritable raison d\u2019\u00eatre devant cette p\u00e9riode estivale o\u00f9 le brassage in\u00e9vitable de la population risque l\u00e0 encore d\u2019augmenter le cas des infections. Si l\u2019on veut que tout se passe pour le mieux \u00e0 la rentr\u00e9e de septembre et durant la p\u00e9riode hivernale, gardons bien \u00e0 l\u2019esprit notre\u00a0<span style=\"font-weight: bold;\"><em>zanshin<\/em><\/span>\u00a0(vigilance). La distanciation, l\u2019utilisation du masque,\u2026 sera encore une rigueur \u00e0 adopter pour diminuer les risques de contamination. C\u2019est bien la proximit\u00e9, surtout au moment des repas o\u00f9 l\u2019on c\u00f4toie des amis, de la famille\u2026 que le risque augmente. \u00c9videmment, il ne s\u2019agit pas d\u2019exclure tout contact relationnel, car il est essentiel d\u2019\u00e9changer, de parler, de communiquer, de partager, ce qui fait de nous notre humanit\u00e9. Cependant, m\u00eame une personne vaccin\u00e9e peut \u00eatre vecteur de transmission\u2026 Alors restons vraiment prudents\u00a0!<\/p><p style=\"text-align: justify;\">Notre corps a besoin de bouger, expression m\u00eame de la vie\u2026 La pratique du Tai Chi Chuan comme du karat\u00e9 dans notre association le permettent. C\u2019est d\u2019autant plus int\u00e9ressant, que cela s\u2019inscrit par une augmentation de la vitalit\u00e9 en nous. En p\u00e9riode de confinement, par ses propres acquis, cela reste encore possible\u2026 De la motivation, un peu de temps, et tout se met en mouvement au b\u00e9n\u00e9fice de la sant\u00e9.<\/p><p style=\"text-align: justify;\">Notre association, le\u00a0<span style=\"font-weight: bold;\">\u00ab\u00a0Dento Budo Dojo<\/span>\u00a0\u00bb, sera pr\u00e9sente \u00e0 la\u00a0<span style=\"font-weight: bold;\">journ\u00e9e des sports du 4\u00a0septembre \u00e0 S\u00e9lestat<\/span>, o\u00f9 nous vous attendons, pour communiquer, pour vous informer de nos pratiques \u2013 Tai Chi Chuan et Karat\u00e9 \u2013 et dans quel \u00e9tat d\u2019esprit nous nous situons\u2026<\/p><p style=\"text-align: justify;\">En attendant votre rencontre, si vous le souhaitez, nous vous invitons \u00e0 fouiller notre site et nous vous souhaitons de bons moments durant ces vacances estivales sous la lumi\u00e8re des couleurs\u2026<\/p>\t\t\t\t\t\t\t\t<\/div>\n\t\t\t\t<\/div>\n\t\t\t\t\t<\/div>\n\t\t<\/div>\n\t\t\t\t\t<\/div>\n\t\t<\/section>\n\t\t\t\t<section class=\"elementor-section elementor-top-section elementor-element elementor-element-6221aaa elementor-section-boxed elementor-section-height-default elementor-section-height-default\" data-id=\"6221aaa\" data-element_type=\"section\" data-e-type=\"section\">\n\t\t\t\t\t\t<div class=\"elementor-container elementor-column-gap-default\">\n\t\t\t\t\t<div class=\"elementor-column elementor-col-100 elementor-top-column elementor-element elementor-element-4c54a80\" data-id=\"4c54a80\" data-element_type=\"column\" data-e-type=\"column\">\n\t\t\t<div class=\"elementor-widget-wrap elementor-element-populated\">\n\t\t\t\t\t\t<div class=\"elementor-element elementor-element-41bbaad elementor-widget elementor-widget-image\" data-id=\"41bbaad\" data-element_type=\"widget\" data-e-type=\"widget\" data-widget_type=\"image.default\">\n\t\t\t\t<div class=\"elementor-widget-container\">\n\t\t\t\t\t\t\t\t\t\t\t\t\t\t\t\t<a href=\"http:\/\/dento-budo-dojo.fr\/?attachment_id=2536\" target=\"_blank\" http=\"\">\n\t\t\t\t\t\t\t<img loading=\"lazy\" decoding=\"async\" width=\"825\" height=\"1024\" src=\"https:\/\/dento-budo-dojo.fr\/wp-content\/uploads\/2019\/12\/tengu-ryu-825x1024.jpg\" class=\"attachment-large size-large wp-image-2536\" alt=\"Les trois domaines de comp\u00e9tence du Tengu-ryu\" srcset=\"https:\/\/dento-budo-dojo.fr\/wp-content\/uploads\/2019\/12\/tengu-ryu-200x248.jpg 200w, https:\/\/dento-budo-dojo.fr\/wp-content\/uploads\/2019\/12\/tengu-ryu-242x300.jpg 242w, https:\/\/dento-budo-dojo.fr\/wp-content\/uploads\/2019\/12\/tengu-ryu-400x496.jpg 400w, https:\/\/dento-budo-dojo.fr\/wp-content\/uploads\/2019\/12\/tengu-ryu-600x745.jpg 600w, https:\/\/dento-budo-dojo.fr\/wp-content\/uploads\/2019\/12\/tengu-ryu-768x953.jpg 768w, https:\/\/dento-budo-dojo.fr\/wp-content\/uploads\/2019\/12\/tengu-ryu-800x993.jpg 800w, https:\/\/dento-budo-dojo.fr\/wp-content\/uploads\/2019\/12\/tengu-ryu-825x1024.jpg 825w, https:\/\/dento-budo-dojo.fr\/wp-content\/uploads\/2019\/12\/tengu-ryu-1200x1489.jpg 1200w, https:\/\/dento-budo-dojo.fr\/wp-content\/uploads\/2019\/12\/tengu-ryu-1238x1536.jpg 1238w, https:\/\/dento-budo-dojo.fr\/wp-content\/uploads\/2019\/12\/tengu-ryu-1650x2048.jpg 1650w\" sizes=\"(max-width: 825px) 100vw, 825px\" \/>\t\t\t\t\t\t\t\t<\/a>\n\t\t\t\t\t\t\t\t\t\t\t\t\t\t\t<\/div>\n\t\t\t\t<\/div>\n\t\t\t\t\t<\/div>\n\t\t<\/div>\n\t\t\t\t\t<\/div>\n\t\t<\/section>\n\t\t\t\t<section class=\"elementor-section elementor-top-section elementor-element elementor-element-ebbd391 elementor-section-boxed elementor-section-height-default elementor-section-height-default\" data-id=\"ebbd391\" data-element_type=\"section\" data-e-type=\"section\">\n\t\t\t\t\t\t<div class=\"elementor-container elementor-column-gap-default\">\n\t\t\t\t\t<div class=\"elementor-column elementor-col-100 elementor-top-column elementor-element elementor-element-82a2d0f\" data-id=\"82a2d0f\" data-element_type=\"column\" data-e-type=\"column\">\n\t\t\t<div class=\"elementor-widget-wrap elementor-element-populated\">\n\t\t\t\t\t\t<div class=\"elementor-element elementor-element-d9fb7e7 elementor-widget elementor-widget-image\" data-id=\"d9fb7e7\" data-element_type=\"widget\" data-e-type=\"widget\" data-widget_type=\"image.default\">\n\t\t\t\t<div class=\"elementor-widget-container\">\n\t\t\t\t\t\t\t\t\t\t\t\t\t\t\t\t<a href=\"http:\/\/dento-budo-dojo.fr\/?attachment_id=2538\" target=\"_blank\" http=\"\">\n\t\t\t\t\t\t\t<img loading=\"lazy\" decoding=\"async\" width=\"1024\" height=\"435\" src=\"https:\/\/dento-budo-dojo.fr\/wp-content\/uploads\/2019\/12\/presentation-1024x435.jpg\" class=\"attachment-large size-large wp-image-2538\" alt=\"Pr\u00e9sentation courte du Dento Budo Dojo\" srcset=\"https:\/\/dento-budo-dojo.fr\/wp-content\/uploads\/2019\/12\/presentation-200x85.jpg 200w, https:\/\/dento-budo-dojo.fr\/wp-content\/uploads\/2019\/12\/presentation-300x128.jpg 300w, https:\/\/dento-budo-dojo.fr\/wp-content\/uploads\/2019\/12\/presentation-400x170.jpg 400w, https:\/\/dento-budo-dojo.fr\/wp-content\/uploads\/2019\/12\/presentation-600x255.jpg 600w, https:\/\/dento-budo-dojo.fr\/wp-content\/uploads\/2019\/12\/presentation-768x327.jpg 768w, https:\/\/dento-budo-dojo.fr\/wp-content\/uploads\/2019\/12\/presentation-800x340.jpg 800w, https:\/\/dento-budo-dojo.fr\/wp-content\/uploads\/2019\/12\/presentation-940x400.jpg 940w, https:\/\/dento-budo-dojo.fr\/wp-content\/uploads\/2019\/12\/presentation-1024x435.jpg 1024w, https:\/\/dento-budo-dojo.fr\/wp-content\/uploads\/2019\/12\/presentation-1200x510.jpg 1200w, https:\/\/dento-budo-dojo.fr\/wp-content\/uploads\/2019\/12\/presentation-1536x653.jpg 1536w\" sizes=\"(max-width: 1024px) 100vw, 1024px\" \/>\t\t\t\t\t\t\t\t<\/a>\n\t\t\t\t\t\t\t\t\t\t\t\t\t\t\t<\/div>\n\t\t\t\t<\/div>\n\t\t\t\t\t<\/div>\n\t\t<\/div>\n\t\t\t\t\t<\/div>\n\t\t<\/section>\n\t\t\t\t<section class=\"elementor-section elementor-top-section elementor-element elementor-element-c7510ad elementor-section-boxed elementor-section-height-default elementor-section-height-default\" data-id=\"c7510ad\" data-element_type=\"section\" data-e-type=\"section\">\n\t\t\t\t\t\t<div class=\"elementor-container elementor-column-gap-default\">\n\t\t\t\t\t<div class=\"elementor-column elementor-col-100 elementor-top-column elementor-element elementor-element-7d80c84\" data-id=\"7d80c84\" data-element_type=\"column\" data-e-type=\"column\">\n\t\t\t<div class=\"elementor-widget-wrap elementor-element-populated\">\n\t\t\t\t\t\t<div class=\"elementor-element elementor-element-23af873 elementor-widget elementor-widget-text-editor\" data-id=\"23af873\" data-element_type=\"widget\" data-e-type=\"widget\" data-widget_type=\"text-editor.default\">\n\t\t\t\t<div class=\"elementor-widget-container\">\n\t\t\t\t\t\t\t\t\t<p>Une feuille qui tombe et qui virevolte au gr\u00e9 des courants a\u00e9riens, sous notre regard, un plaisir simple, mais qui reste une gratitude de la Vie. Rien \u00e0 voir avec ce confinement, total ou partiel selon le lieu, selon le moment v\u00e9cu.<\/p><p>Une situation in\u00e9dite dans son impact aussi bien local que mondial nous a secou\u00e9s, et nous secoue encore. Des conditions inimaginables auxquelles nous devons nous soumettre, pour notre sant\u00e9, pour la sant\u00e9 des autres, restent d&rsquo;actualit\u00e9. Cette n\u00e9cessit\u00e9 mal v\u00e9cue, et on peut parfaitement le comprendre par cette communication de plus en plus d\u00e9shumanis\u00e9e, aura, un jour, pris fin. Mais qu&rsquo;en sera-t-il de cet apr\u00e8s, cette p\u00e9riode aux alternances de confinements\u00a0?<\/p><p>Des secteurs \u00e9conomiques ravag\u00e9s impliquent un changement profond dans l&rsquo;orientation de nos soci\u00e9t\u00e9s. Sans doute \u00e9mergeront de nouveaux m\u00e9tiers, fruit de r\u00e9flexions naissantes partout sur notre plan\u00e8te. Mais cette crise sanitaire a ses tentacules. L&rsquo;entraide aura son mot \u00e0 dire, avec force, pour retrouver davantage de partage. Au fond, l&rsquo;\u00eatre humain, lorsqu&rsquo;il a abattu sa propre image sociale &#8211; trop souvent mis en avant dans nos soci\u00e9t\u00e9s occidentales &#8211; et a compris que l&rsquo;autre peut \u00eatre un alter ego, pas ses diverses comp\u00e9tences, pourra faire sortir de lui sa lumi\u00e8re int\u00e9rieure, constructive pour lui-m\u00eame, mais plus encore, pour les autres.<\/p><p>Cette ann\u00e9e 2020, derri\u00e8re nous, nous a invit\u00e9 a retrouv\u00e9 notre Hara, si celui-ci a \u00e9t\u00e9 oubli\u00e9.<\/p><p>Cette ann\u00e9e 2021\u2026 remplissons-la de nouveaux projets, de nouveaux espoirs, de nouveaux d\u00e9parts, de nouvelles envies\u2026 pour de nouvelles r\u00e9alisations, car nos ressources nous montrent que nous ne sommes pas rien\u00a0!<\/p><p>Que la sant\u00e9 en cette nouvelle ann\u00e9e 2021 soit plus que pr\u00e9sente, \u00e0 vos c\u00f4t\u00e9, avec, pourquoi pas, un peu de po\u00e9sie\u2026<\/p>\t\t\t\t\t\t\t\t<\/div>\n\t\t\t\t<\/div>\n\t\t\t\t\t<\/div>\n\t\t<\/div>\n\t\t\t\t\t<\/div>\n\t\t<\/section>\n\t\t\t\t<section class=\"elementor-section elementor-top-section elementor-element elementor-element-07ca2d6 elementor-section-boxed elementor-section-height-default elementor-section-height-default\" data-id=\"07ca2d6\" data-element_type=\"section\" data-e-type=\"section\" data-settings=\"{&quot;background_background&quot;:&quot;classic&quot;}\">\n\t\t\t\t\t\t<div class=\"elementor-container elementor-column-gap-default\">\n\t\t\t\t\t<div class=\"elementor-column elementor-col-20 elementor-top-column elementor-element elementor-element-1c77b7a\" data-id=\"1c77b7a\" data-element_type=\"column\" data-e-type=\"column\">\n\t\t\t<div class=\"elementor-widget-wrap\">\n\t\t\t\t\t\t\t<\/div>\n\t\t<\/div>\n\t\t\t\t<div class=\"elementor-column elementor-col-20 elementor-top-column elementor-element elementor-element-a8f3a36\" data-id=\"a8f3a36\" data-element_type=\"column\" data-e-type=\"column\">\n\t\t\t<div class=\"elementor-widget-wrap elementor-element-populated\">\n\t\t\t\t\t\t<div class=\"elementor-element elementor-element-e7c27fd elementor-widget elementor-widget-text-editor\" data-id=\"e7c27fd\" data-element_type=\"widget\" data-e-type=\"widget\" data-widget_type=\"text-editor.default\">\n\t\t\t\t<div class=\"elementor-widget-container\">\n\t\t\t\t\t\t\t\t\t<p><strong><em>La Covid s\u00e8me un v\u00e9ritable \u00e9cueil<\/em><\/strong><\/p><p><strong><em>Dans notre vie souvent remplie d&rsquo;orgueil<\/em><\/strong><\/p><p><strong><em>Nous proposant ainsi un demi-sommeil<\/em><\/strong><\/p><p><strong><em>D&rsquo;o\u00f9 doit na\u00eetre un nouveau r\u00e9veil<\/em><\/strong><\/p>\t\t\t\t\t\t\t\t<\/div>\n\t\t\t\t<\/div>\n\t\t\t\t<div class=\"elementor-element elementor-element-457abc6 elementor-widget elementor-widget-spacer\" data-id=\"457abc6\" data-element_type=\"widget\" data-e-type=\"widget\" data-widget_type=\"spacer.default\">\n\t\t\t\t<div class=\"elementor-widget-container\">\n\t\t\t\t\t\t\t<div class=\"elementor-spacer\">\n\t\t\t<div class=\"elementor-spacer-inner\"><\/div>\n\t\t<\/div>\n\t\t\t\t\t\t<\/div>\n\t\t\t\t<\/div>\n\t\t\t\t<div class=\"elementor-element elementor-element-cb71bb1 elementor-widget elementor-widget-text-editor\" data-id=\"cb71bb1\" data-element_type=\"widget\" data-e-type=\"widget\" data-widget_type=\"text-editor.default\">\n\t\t\t\t<div class=\"elementor-widget-container\">\n\t\t\t\t\t\t\t\t\t<p><em><strong>Sortir de sa torpeur<\/strong><\/em><\/p><p><em><strong>Et prendre \u00e0 pleines mains son labeur<\/strong><\/em><\/p><p><em><strong>Les poumons remplis d&rsquo;oxyg\u00e8ne<\/strong><\/em><\/p><p><em><strong>Et non d&rsquo;\u00e9l\u00e9ments pathog\u00e8nes<\/strong><\/em><\/p>\t\t\t\t\t\t\t\t<\/div>\n\t\t\t\t<\/div>\n\t\t\t\t<div class=\"elementor-element elementor-element-298349c elementor-widget elementor-widget-spacer\" data-id=\"298349c\" data-element_type=\"widget\" data-e-type=\"widget\" data-widget_type=\"spacer.default\">\n\t\t\t\t<div class=\"elementor-widget-container\">\n\t\t\t\t\t\t\t<div class=\"elementor-spacer\">\n\t\t\t<div class=\"elementor-spacer-inner\"><\/div>\n\t\t<\/div>\n\t\t\t\t\t\t<\/div>\n\t\t\t\t<\/div>\n\t\t\t\t<div class=\"elementor-element elementor-element-114d028 elementor-widget elementor-widget-text-editor\" data-id=\"114d028\" data-element_type=\"widget\" data-e-type=\"widget\" data-widget_type=\"text-editor.default\">\n\t\t\t\t<div class=\"elementor-widget-container\">\n\t\t\t\t\t\t\t\t\t<p class=\"MsoNormal\" style=\"text-align: justify; text-justify: inter-ideograph;\"><strong><em>Un esprit cr\u00e9atif et sans g\u00e8ne<\/em><\/strong><\/p><p class=\"MsoNormal\" style=\"text-align: justify; text-justify: inter-ideograph;\"><strong><em>Se prot\u00e9geant de toutes ces informations anxiog\u00e8nes<\/em><\/strong><\/p><p class=\"MsoNormal\" style=\"text-align: justify; text-justify: inter-ideograph;\"><strong><em>Laissant venir en nous un soleil<\/em><\/strong><\/p><p class=\"MsoNormal\" style=\"text-align: justify; text-justify: inter-ideograph;\"><strong><em>Qui peut-\u00eatre m\u00e8nera \u00e0 l&rsquo;\u00e9veil<\/em><\/strong><\/p>\t\t\t\t\t\t\t\t<\/div>\n\t\t\t\t<\/div>\n\t\t\t\t<div class=\"elementor-element elementor-element-00f08db elementor-widget elementor-widget-spacer\" data-id=\"00f08db\" data-element_type=\"widget\" data-e-type=\"widget\" data-widget_type=\"spacer.default\">\n\t\t\t\t<div class=\"elementor-widget-container\">\n\t\t\t\t\t\t\t<div class=\"elementor-spacer\">\n\t\t\t<div class=\"elementor-spacer-inner\"><\/div>\n\t\t<\/div>\n\t\t\t\t\t\t<\/div>\n\t\t\t\t<\/div>\n\t\t\t\t\t<\/div>\n\t\t<\/div>\n\t\t\t\t<div class=\"elementor-column elementor-col-20 elementor-top-column elementor-element elementor-element-233effe\" data-id=\"233effe\" data-element_type=\"column\" data-e-type=\"column\">\n\t\t\t<div class=\"elementor-widget-wrap\">\n\t\t\t\t\t\t\t<\/div>\n\t\t<\/div>\n\t\t\t\t<div class=\"elementor-column elementor-col-20 elementor-top-column elementor-element elementor-element-65454af\" data-id=\"65454af\" data-element_type=\"column\" data-e-type=\"column\">\n\t\t\t<div class=\"elementor-widget-wrap elementor-element-populated\">\n\t\t\t\t\t\t<div class=\"elementor-element elementor-element-122e2ff elementor-widget elementor-widget-text-editor\" data-id=\"122e2ff\" data-element_type=\"widget\" data-e-type=\"widget\" data-widget_type=\"text-editor.default\">\n\t\t\t\t<div class=\"elementor-widget-container\">\n\t\t\t\t\t\t\t\t\t<p><em><strong>Quitter ce confinement, m\u00eame partiel,<\/strong><\/em><\/p><p><em><strong>Regarder en haut, vers le ciel,<\/strong><\/em><\/p><p><em><strong>Regarder ses visages qu&rsquo;on aime d\u00e9masqu\u00e9s,<\/strong><\/em><\/p><p><em><strong>Pour retrouver une expression humanis\u00e9e<\/strong><\/em><\/p>\t\t\t\t\t\t\t\t<\/div>\n\t\t\t\t<\/div>\n\t\t\t\t<div class=\"elementor-element elementor-element-ed62ba5 elementor-widget elementor-widget-spacer\" data-id=\"ed62ba5\" data-element_type=\"widget\" data-e-type=\"widget\" data-widget_type=\"spacer.default\">\n\t\t\t\t<div class=\"elementor-widget-container\">\n\t\t\t\t\t\t\t<div class=\"elementor-spacer\">\n\t\t\t<div class=\"elementor-spacer-inner\"><\/div>\n\t\t<\/div>\n\t\t\t\t\t\t<\/div>\n\t\t\t\t<\/div>\n\t\t\t\t<div class=\"elementor-element elementor-element-c07656c elementor-widget elementor-widget-text-editor\" data-id=\"c07656c\" data-element_type=\"widget\" data-e-type=\"widget\" data-widget_type=\"text-editor.default\">\n\t\t\t\t<div class=\"elementor-widget-container\">\n\t\t\t\t\t\t\t\t\t<p><em><strong>Cette p\u00e9riode remplie d&rsquo;incertitude<\/strong><\/em><\/p><p><em><strong>Ne doit pas sombrer vers une d\u00e9cr\u00e9pitude<\/strong><\/em><\/p><p><em><strong>La m\u00e9ditation de ce long moment<\/strong><\/em><\/p><p><em><strong>Nous offre un profond changement<\/strong><\/em><\/p>\t\t\t\t\t\t\t\t<\/div>\n\t\t\t\t<\/div>\n\t\t\t\t<div class=\"elementor-element elementor-element-d7946a9 elementor-widget elementor-widget-spacer\" data-id=\"d7946a9\" data-element_type=\"widget\" data-e-type=\"widget\" data-widget_type=\"spacer.default\">\n\t\t\t\t<div class=\"elementor-widget-container\">\n\t\t\t\t\t\t\t<div class=\"elementor-spacer\">\n\t\t\t<div class=\"elementor-spacer-inner\"><\/div>\n\t\t<\/div>\n\t\t\t\t\t\t<\/div>\n\t\t\t\t<\/div>\n\t\t\t\t<div class=\"elementor-element elementor-element-7e938ad elementor-widget elementor-widget-text-editor\" data-id=\"7e938ad\" data-element_type=\"widget\" data-e-type=\"widget\" data-widget_type=\"text-editor.default\">\n\t\t\t\t<div class=\"elementor-widget-container\">\n\t\t\t\t\t\t\t\t\t<p><em><strong>Un quotidien rempli davantage de l\u00e9g\u00e8ret\u00e9<\/strong><\/em><\/p><p><em><strong>O\u00f9 seul l&rsquo;essentiel retrouvera sa place<\/strong><\/em><\/p><p><em><strong>Les Tengu veilleront \u00e0 briser la glace<\/strong><\/em><\/p><p><em><strong>Pour construire de grandes et nouvelles amiti\u00e9s<\/strong><\/em><\/p>\t\t\t\t\t\t\t\t<\/div>\n\t\t\t\t<\/div>\n\t\t\t\t\t<\/div>\n\t\t<\/div>\n\t\t\t\t<div class=\"elementor-column elementor-col-20 elementor-top-column elementor-element elementor-element-b36fe20\" data-id=\"b36fe20\" data-element_type=\"column\" data-e-type=\"column\">\n\t\t\t<div class=\"elementor-widget-wrap\">\n\t\t\t\t\t\t\t<\/div>\n\t\t<\/div>\n\t\t\t\t\t<\/div>\n\t\t<\/section>\n\t\t\t\t<section class=\"elementor-section elementor-top-section elementor-element elementor-element-3d35f1f elementor-section-boxed elementor-section-height-default elementor-section-height-default\" data-id=\"3d35f1f\" data-element_type=\"section\" data-e-type=\"section\">\n\t\t\t\t\t\t<div class=\"elementor-container elementor-column-gap-default\">\n\t\t\t\t\t<div class=\"elementor-column elementor-col-100 elementor-top-column elementor-element elementor-element-1991951\" data-id=\"1991951\" data-element_type=\"column\" data-e-type=\"column\">\n\t\t\t<div class=\"elementor-widget-wrap elementor-element-populated\">\n\t\t\t\t\t\t<div class=\"elementor-element elementor-element-1a4f413 elementor-widget elementor-widget-image\" data-id=\"1a4f413\" data-element_type=\"widget\" data-e-type=\"widget\" data-widget_type=\"image.default\">\n\t\t\t\t<div class=\"elementor-widget-container\">\n\t\t\t\t\t\t\t\t\t\t\t\t\t\t\t<img loading=\"lazy\" decoding=\"async\" width=\"1024\" height=\"576\" src=\"https:\/\/dento-budo-dojo.fr\/wp-content\/uploads\/2019\/12\/Bonne-annee-2021-1024x576.jpg\" class=\"attachment-large size-large wp-image-2517\" alt=\"Bonne ann\u00e9e 2021\" srcset=\"https:\/\/dento-budo-dojo.fr\/wp-content\/uploads\/2019\/12\/Bonne-annee-2021-200x112.jpg 200w, https:\/\/dento-budo-dojo.fr\/wp-content\/uploads\/2019\/12\/Bonne-annee-2021-300x169.jpg 300w, https:\/\/dento-budo-dojo.fr\/wp-content\/uploads\/2019\/12\/Bonne-annee-2021-400x225.jpg 400w, https:\/\/dento-budo-dojo.fr\/wp-content\/uploads\/2019\/12\/Bonne-annee-2021-600x337.jpg 600w, https:\/\/dento-budo-dojo.fr\/wp-content\/uploads\/2019\/12\/Bonne-annee-2021-768x432.jpg 768w, https:\/\/dento-budo-dojo.fr\/wp-content\/uploads\/2019\/12\/Bonne-annee-2021-800x450.jpg 800w, https:\/\/dento-budo-dojo.fr\/wp-content\/uploads\/2019\/12\/Bonne-annee-2021-1024x576.jpg 1024w, https:\/\/dento-budo-dojo.fr\/wp-content\/uploads\/2019\/12\/Bonne-annee-2021-1200x675.jpg 1200w, https:\/\/dento-budo-dojo.fr\/wp-content\/uploads\/2019\/12\/Bonne-annee-2021-1536x864.jpg 1536w\" sizes=\"(max-width: 1024px) 100vw, 1024px\" \/>\t\t\t\t\t\t\t\t\t\t\t\t\t\t\t<\/div>\n\t\t\t\t<\/div>\n\t\t\t\t\t<\/div>\n\t\t<\/div>\n\t\t\t\t\t<\/div>\n\t\t<\/section>\n\t\t\t\t<section class=\"elementor-section elementor-top-section elementor-element elementor-element-766a92f elementor-section-boxed elementor-section-height-default elementor-section-height-default\" data-id=\"766a92f\" data-element_type=\"section\" data-e-type=\"section\">\n\t\t\t\t\t\t<div class=\"elementor-container elementor-column-gap-default\">\n\t\t\t\t\t<div class=\"elementor-column elementor-col-100 elementor-top-column elementor-element elementor-element-5da7e8b\" data-id=\"5da7e8b\" data-element_type=\"column\" data-e-type=\"column\">\n\t\t\t<div class=\"elementor-widget-wrap elementor-element-populated\">\n\t\t\t\t\t\t<div class=\"elementor-element elementor-element-ff7d22b elementor-widget elementor-widget-heading\" data-id=\"ff7d22b\" data-element_type=\"widget\" data-e-type=\"widget\" data-widget_type=\"heading.default\">\n\t\t\t\t<div class=\"elementor-widget-container\">\n\t\t\t\t\t<h1 class=\"elementor-heading-title elementor-size-default\">L'ann\u00e9e 2020 ... derri\u00e8re nous !<\/h1>\t\t\t\t<\/div>\n\t\t\t\t<\/div>\n\t\t\t\t<div class=\"elementor-element elementor-element-4c5b7c7 elementor-widget elementor-widget-text-editor\" data-id=\"4c5b7c7\" data-element_type=\"widget\" data-e-type=\"widget\" data-widget_type=\"text-editor.default\">\n\t\t\t\t<div class=\"elementor-widget-container\">\n\t\t\t\t\t\t\t\t\t<p><strong>Ci-dessous, les affiches pour conna\u00eetre nos lieux de pratique&#8230; lorsque la reprise pourra \u00eatre possible !<\/strong><\/p>\t\t\t\t\t\t\t\t<\/div>\n\t\t\t\t<\/div>\n\t\t\t\t\t<\/div>\n\t\t<\/div>\n\t\t\t\t\t<\/div>\n\t\t<\/section>\n\t\t\t\t<section class=\"elementor-section elementor-top-section elementor-element elementor-element-0fe8c74 elementor-section-boxed elementor-section-height-default elementor-section-height-default\" data-id=\"0fe8c74\" data-element_type=\"section\" data-e-type=\"section\">\n\t\t\t\t\t\t<div class=\"elementor-container elementor-column-gap-default\">\n\t\t\t\t\t<div class=\"elementor-column elementor-col-33 elementor-top-column elementor-element elementor-element-e066d0d\" data-id=\"e066d0d\" data-element_type=\"column\" data-e-type=\"column\">\n\t\t\t<div class=\"elementor-widget-wrap elementor-element-populated\">\n\t\t\t\t\t\t<div class=\"elementor-element elementor-element-5bbdf3a elementor-widget elementor-widget-image\" data-id=\"5bbdf3a\" data-element_type=\"widget\" data-e-type=\"widget\" data-widget_type=\"image.default\">\n\t\t\t\t<div class=\"elementor-widget-container\">\n\t\t\t\t\t\t\t\t\t\t\t\t\t\t\t\t<a href=\"http:\/\/dento-budo-dojo.fr\/?attachment_id=2390\" target=\"_blank\">\n\t\t\t\t\t\t\t<img loading=\"lazy\" decoding=\"async\" width=\"646\" height=\"910\" src=\"https:\/\/dento-budo-dojo.fr\/wp-content\/uploads\/2019\/12\/Rentr\u00e9e-Karat\u00e9-mardi-8-septembre.jpg\" class=\"attachment-large size-large wp-image-2390\" alt=\"Rentr\u00e9e Karat\u00e9 mardi 8 septembre\" srcset=\"https:\/\/dento-budo-dojo.fr\/wp-content\/uploads\/2019\/12\/Rentr\u00e9e-Karat\u00e9-mardi-8-septembre-200x282.jpg 200w, https:\/\/dento-budo-dojo.fr\/wp-content\/uploads\/2019\/12\/Rentr\u00e9e-Karat\u00e9-mardi-8-septembre-213x300.jpg 213w, https:\/\/dento-budo-dojo.fr\/wp-content\/uploads\/2019\/12\/Rentr\u00e9e-Karat\u00e9-mardi-8-septembre-400x563.jpg 400w, https:\/\/dento-budo-dojo.fr\/wp-content\/uploads\/2019\/12\/Rentr\u00e9e-Karat\u00e9-mardi-8-septembre-600x845.jpg 600w, https:\/\/dento-budo-dojo.fr\/wp-content\/uploads\/2019\/12\/Rentr\u00e9e-Karat\u00e9-mardi-8-septembre.jpg 646w\" sizes=\"(max-width: 646px) 100vw, 646px\" \/>\t\t\t\t\t\t\t\t<\/a>\n\t\t\t\t\t\t\t\t\t\t\t\t\t\t\t<\/div>\n\t\t\t\t<\/div>\n\t\t\t\t\t<\/div>\n\t\t<\/div>\n\t\t\t\t<div class=\"elementor-column elementor-col-33 elementor-top-column elementor-element elementor-element-28f5928\" data-id=\"28f5928\" data-element_type=\"column\" data-e-type=\"column\">\n\t\t\t<div class=\"elementor-widget-wrap elementor-element-populated\">\n\t\t\t\t\t\t<div class=\"elementor-element elementor-element-2ef4165 elementor-widget elementor-widget-spacer\" data-id=\"2ef4165\" data-element_type=\"widget\" data-e-type=\"widget\" data-widget_type=\"spacer.default\">\n\t\t\t\t<div class=\"elementor-widget-container\">\n\t\t\t\t\t\t\t<div class=\"elementor-spacer\">\n\t\t\t<div class=\"elementor-spacer-inner\"><\/div>\n\t\t<\/div>\n\t\t\t\t\t\t<\/div>\n\t\t\t\t<\/div>\n\t\t\t\t<div class=\"elementor-element elementor-element-59454e2 elementor-widget elementor-widget-text-editor\" data-id=\"59454e2\" data-element_type=\"widget\" data-e-type=\"widget\" data-widget_type=\"text-editor.default\">\n\t\t\t\t<div class=\"elementor-widget-container\">\n\t\t\t\t\t\t\t\t\t<h2 style=\"text-align: center;\">Nos pratiques au Dojo :<\/h2><p style=\"text-align: center;\">\u00a0le\u00a0<span style=\"color: #ff0000;\"><strong>Karat\u00e9<\/strong><\/span><\/p><p style=\"text-align: center;\">&amp;<\/p><p style=\"text-align: center;\">le\u00a0<span style=\"color: #ff0000;\"><strong>Tai Chi Chuan<\/strong><\/span><\/p><p style=\"text-align: center;\"><strong><span style=\"color: #ff0000;\">Qi Gong<\/span><\/strong>.<\/p><p style=\"text-align: center;\">Cliquer sur l&rsquo;une des images pour avoir davantage de renseignements.<\/p>\t\t\t\t\t\t\t\t<\/div>\n\t\t\t\t<\/div>\n\t\t\t\t\t<\/div>\n\t\t<\/div>\n\t\t\t\t<div class=\"elementor-column elementor-col-33 elementor-top-column elementor-element elementor-element-80d61c9\" data-id=\"80d61c9\" data-element_type=\"column\" data-e-type=\"column\">\n\t\t\t<div class=\"elementor-widget-wrap elementor-element-populated\">\n\t\t\t\t\t\t<div class=\"elementor-element elementor-element-027e1ab elementor-widget elementor-widget-image\" data-id=\"027e1ab\" data-element_type=\"widget\" data-e-type=\"widget\" data-widget_type=\"image.default\">\n\t\t\t\t<div class=\"elementor-widget-container\">\n\t\t\t\t\t\t\t\t\t\t\t\t\t\t\t\t<a href=\"http:\/\/dento-budo-dojo.fr\/?attachment_id=776\" target=\"_blank\">\n\t\t\t\t\t\t\t<img loading=\"lazy\" decoding=\"async\" width=\"719\" height=\"1024\" src=\"https:\/\/dento-budo-dojo.fr\/wp-content\/uploads\/2018\/09\/Tai-chi-chuan-2018-719x1024.jpg\" class=\"attachment-large size-large wp-image-776\" alt=\"Tai Chi Chuan - rentr\u00e9e 2018 - dates de reprise et horaires\" srcset=\"https:\/\/dento-budo-dojo.fr\/wp-content\/uploads\/2018\/09\/Tai-chi-chuan-2018-200x285.jpg 200w, https:\/\/dento-budo-dojo.fr\/wp-content\/uploads\/2018\/09\/Tai-chi-chuan-2018-211x300.jpg 211w, https:\/\/dento-budo-dojo.fr\/wp-content\/uploads\/2018\/09\/Tai-chi-chuan-2018-400x570.jpg 400w, https:\/\/dento-budo-dojo.fr\/wp-content\/uploads\/2018\/09\/Tai-chi-chuan-2018-600x855.jpg 600w, https:\/\/dento-budo-dojo.fr\/wp-content\/uploads\/2018\/09\/Tai-chi-chuan-2018-719x1024.jpg 719w, https:\/\/dento-budo-dojo.fr\/wp-content\/uploads\/2018\/09\/Tai-chi-chuan-2018-768x1094.jpg 768w, https:\/\/dento-budo-dojo.fr\/wp-content\/uploads\/2018\/09\/Tai-chi-chuan-2018-800x1140.jpg 800w, https:\/\/dento-budo-dojo.fr\/wp-content\/uploads\/2018\/09\/Tai-chi-chuan-2018.jpg 947w\" sizes=\"(max-width: 719px) 100vw, 719px\" \/>\t\t\t\t\t\t\t\t<\/a>\n\t\t\t\t\t\t\t\t\t\t\t\t\t\t\t<\/div>\n\t\t\t\t<\/div>\n\t\t\t\t\t<\/div>\n\t\t<\/div>\n\t\t\t\t\t<\/div>\n\t\t<\/section>\n\t\t\t\t<section class=\"elementor-section elementor-top-section elementor-element elementor-element-f6ff11b elementor-section-boxed elementor-section-height-default elementor-section-height-default\" data-id=\"f6ff11b\" data-element_type=\"section\" data-e-type=\"section\">\n\t\t\t\t\t\t<div class=\"elementor-container elementor-column-gap-default\">\n\t\t\t\t\t<div class=\"elementor-column elementor-col-33 elementor-top-column elementor-element elementor-element-8401b3d\" data-id=\"8401b3d\" data-element_type=\"column\" data-e-type=\"column\">\n\t\t\t<div class=\"elementor-widget-wrap elementor-element-populated\">\n\t\t\t\t\t\t<div class=\"elementor-element elementor-element-96daba8 elementor-invisible elementor-widget elementor-widget-image\" data-id=\"96daba8\" data-element_type=\"widget\" data-e-type=\"widget\" data-settings=\"{&quot;_animation&quot;:&quot;zoomIn&quot;}\" data-widget_type=\"image.default\">\n\t\t\t\t<div class=\"elementor-widget-container\">\n\t\t\t\t\t\t\t\t\t\t\t\t\t\t\t<img loading=\"lazy\" decoding=\"async\" width=\"1024\" height=\"613\" src=\"https:\/\/dento-budo-dojo.fr\/wp-content\/uploads\/2019\/05\/Logo-TENGU-Syst\u00e8me-1024x613.jpg\" class=\"attachment-large size-large wp-image-1605\" alt=\"\" srcset=\"https:\/\/dento-budo-dojo.fr\/wp-content\/uploads\/2019\/05\/Logo-TENGU-Syst\u00e8me-200x120.jpg 200w, https:\/\/dento-budo-dojo.fr\/wp-content\/uploads\/2019\/05\/Logo-TENGU-Syst\u00e8me-300x180.jpg 300w, https:\/\/dento-budo-dojo.fr\/wp-content\/uploads\/2019\/05\/Logo-TENGU-Syst\u00e8me-400x240.jpg 400w, https:\/\/dento-budo-dojo.fr\/wp-content\/uploads\/2019\/05\/Logo-TENGU-Syst\u00e8me-600x359.jpg 600w, https:\/\/dento-budo-dojo.fr\/wp-content\/uploads\/2019\/05\/Logo-TENGU-Syst\u00e8me-768x460.jpg 768w, https:\/\/dento-budo-dojo.fr\/wp-content\/uploads\/2019\/05\/Logo-TENGU-Syst\u00e8me-800x479.jpg 800w, https:\/\/dento-budo-dojo.fr\/wp-content\/uploads\/2019\/05\/Logo-TENGU-Syst\u00e8me-1024x613.jpg 1024w, https:\/\/dento-budo-dojo.fr\/wp-content\/uploads\/2019\/05\/Logo-TENGU-Syst\u00e8me-1200x719.jpg 1200w\" sizes=\"(max-width: 1024px) 100vw, 1024px\" \/>\t\t\t\t\t\t\t\t\t\t\t\t\t\t\t<\/div>\n\t\t\t\t<\/div>\n\t\t\t\t\t<\/div>\n\t\t<\/div>\n\t\t\t\t<div class=\"elementor-column elementor-col-66 elementor-top-column elementor-element elementor-element-db76b76\" data-id=\"db76b76\" data-element_type=\"column\" data-e-type=\"column\">\n\t\t\t<div class=\"elementor-widget-wrap elementor-element-populated\">\n\t\t\t\t\t\t<div class=\"elementor-element elementor-element-c59b9e6 elementor-widget elementor-widget-text-editor\" data-id=\"c59b9e6\" data-element_type=\"widget\" data-e-type=\"widget\" data-widget_type=\"text-editor.default\">\n\t\t\t\t<div class=\"elementor-widget-container\">\n\t\t\t\t\t\t\t\t\t<h3 class=\"widget-title\">Trois domaines de comp\u00e9tences<\/h3>\t\t\t\t\t\t\t\t<\/div>\n\t\t\t\t<\/div>\n\t\t\t\t<div class=\"elementor-element elementor-element-8051b66 elementor-widget elementor-widget-text-editor\" data-id=\"8051b66\" data-element_type=\"widget\" data-e-type=\"widget\" data-widget_type=\"text-editor.default\">\n\t\t\t\t<div class=\"elementor-widget-container\">\n\t\t\t\t\t\t\t\t\t<ul><li>Une pratique sans arme (<em>Kara-ho<\/em>)<ul><li>Tengu-ryu Karat\u00e9-do\u00a0 \u00a0<\/li><\/ul><\/li><\/ul><ul><li>Une pratique avec arme (<em>Buki-ho<\/em>)<ul><li>Tengu-ryu Kobudo (armes anciennes, utilis\u00e9es \u00e0 Okinawa)<\/li><li>Tengu-ryu Hojutsu (armes modernes, utilis\u00e9es dans le tir de combat)<\/li><\/ul><\/li><\/ul>\t\t\t\t\t\t\t\t<\/div>\n\t\t\t\t<\/div>\n\t\t\t\t\t<\/div>\n\t\t<\/div>\n\t\t\t\t\t<\/div>\n\t\t<\/section>\n\t\t\t\t<section class=\"elementor-section elementor-top-section elementor-element elementor-element-0860915 elementor-section-boxed elementor-section-height-default elementor-section-height-default\" data-id=\"0860915\" data-element_type=\"section\" data-e-type=\"section\">\n\t\t\t\t\t\t<div class=\"elementor-container elementor-column-gap-default\">\n\t\t\t\t\t<div class=\"elementor-column elementor-col-33 elementor-top-column elementor-element elementor-element-9ab8558\" data-id=\"9ab8558\" data-element_type=\"column\" data-e-type=\"column\">\n\t\t\t<div class=\"elementor-widget-wrap elementor-element-populated\">\n\t\t\t\t\t\t<div class=\"elementor-element elementor-element-7e0b76a animated-slow elementor-invisible elementor-widget elementor-widget-image\" data-id=\"7e0b76a\" data-element_type=\"widget\" data-e-type=\"widget\" data-settings=\"{&quot;_animation&quot;:&quot;fadeInLeft&quot;,&quot;_animation_delay&quot;:300}\" data-widget_type=\"image.default\">\n\t\t\t\t<div class=\"elementor-widget-container\">\n\t\t\t\t\t\t\t\t\t\t\t\t\t\t\t<img loading=\"lazy\" decoding=\"async\" width=\"350\" height=\"148\" src=\"https:\/\/dento-budo-dojo.fr\/wp-content\/uploads\/2019\/04\/karate.png\" class=\"attachment-large size-large wp-image-1115\" alt=\"Tengu Karat\u00e9-do\" srcset=\"https:\/\/dento-budo-dojo.fr\/wp-content\/uploads\/2019\/04\/karate-200x85.png 200w, https:\/\/dento-budo-dojo.fr\/wp-content\/uploads\/2019\/04\/karate-300x127.png 300w, https:\/\/dento-budo-dojo.fr\/wp-content\/uploads\/2019\/04\/karate.png 350w\" sizes=\"(max-width: 350px) 100vw, 350px\" \/>\t\t\t\t\t\t\t\t\t\t\t\t\t\t\t<\/div>\n\t\t\t\t<\/div>\n\t\t\t\t\t<\/div>\n\t\t<\/div>\n\t\t\t\t<div class=\"elementor-column elementor-col-33 elementor-top-column elementor-element elementor-element-4a5847b\" data-id=\"4a5847b\" data-element_type=\"column\" data-e-type=\"column\">\n\t\t\t<div class=\"elementor-widget-wrap elementor-element-populated\">\n\t\t\t\t\t\t<div class=\"elementor-element elementor-element-d03c167 animated-slow elementor-invisible elementor-widget elementor-widget-image\" data-id=\"d03c167\" data-element_type=\"widget\" data-e-type=\"widget\" data-settings=\"{&quot;_animation&quot;:&quot;fadeInDown&quot;,&quot;_animation_delay&quot;:500}\" data-widget_type=\"image.default\">\n\t\t\t\t<div class=\"elementor-widget-container\">\n\t\t\t\t\t\t\t\t\t\t\t\t\t\t\t<img loading=\"lazy\" decoding=\"async\" width=\"1024\" height=\"434\" src=\"https:\/\/dento-budo-dojo.fr\/wp-content\/uploads\/2019\/05\/TENGU-RYU-kobudo-1024x434.jpg\" class=\"attachment-large size-large wp-image-1603\" alt=\"Logo du Kobudo au Tengu-ryu\" srcset=\"https:\/\/dento-budo-dojo.fr\/wp-content\/uploads\/2019\/05\/TENGU-RYU-kobudo-200x85.jpg 200w, https:\/\/dento-budo-dojo.fr\/wp-content\/uploads\/2019\/05\/TENGU-RYU-kobudo-300x127.jpg 300w, https:\/\/dento-budo-dojo.fr\/wp-content\/uploads\/2019\/05\/TENGU-RYU-kobudo-400x169.jpg 400w, https:\/\/dento-budo-dojo.fr\/wp-content\/uploads\/2019\/05\/TENGU-RYU-kobudo-600x254.jpg 600w, https:\/\/dento-budo-dojo.fr\/wp-content\/uploads\/2019\/05\/TENGU-RYU-kobudo-768x325.jpg 768w, https:\/\/dento-budo-dojo.fr\/wp-content\/uploads\/2019\/05\/TENGU-RYU-kobudo-800x339.jpg 800w, https:\/\/dento-budo-dojo.fr\/wp-content\/uploads\/2019\/05\/TENGU-RYU-kobudo-1024x434.jpg 1024w, https:\/\/dento-budo-dojo.fr\/wp-content\/uploads\/2019\/05\/TENGU-RYU-kobudo-1200x508.jpg 1200w\" sizes=\"(max-width: 1024px) 100vw, 1024px\" \/>\t\t\t\t\t\t\t\t\t\t\t\t\t\t\t<\/div>\n\t\t\t\t<\/div>\n\t\t\t\t\t<\/div>\n\t\t<\/div>\n\t\t\t\t<div class=\"elementor-column elementor-col-33 elementor-top-column elementor-element elementor-element-1227898\" data-id=\"1227898\" data-element_type=\"column\" data-e-type=\"column\">\n\t\t\t<div class=\"elementor-widget-wrap elementor-element-populated\">\n\t\t\t\t\t\t<div class=\"elementor-element elementor-element-202ac8c elementor-invisible elementor-widget elementor-widget-image\" data-id=\"202ac8c\" data-element_type=\"widget\" data-e-type=\"widget\" data-settings=\"{&quot;_animation&quot;:&quot;fadeInRight&quot;,&quot;_animation_delay&quot;:300}\" data-widget_type=\"image.default\">\n\t\t\t\t<div class=\"elementor-widget-container\">\n\t\t\t\t\t\t\t\t\t\t\t\t\t\t\t<img loading=\"lazy\" decoding=\"async\" width=\"1024\" height=\"434\" src=\"https:\/\/dento-budo-dojo.fr\/wp-content\/uploads\/2019\/05\/TENGU-RYU-hojutsu-1024x434.jpg\" class=\"attachment-large size-large wp-image-1604\" alt=\"\" srcset=\"https:\/\/dento-budo-dojo.fr\/wp-content\/uploads\/2019\/05\/TENGU-RYU-hojutsu-200x85.jpg 200w, https:\/\/dento-budo-dojo.fr\/wp-content\/uploads\/2019\/05\/TENGU-RYU-hojutsu-300x127.jpg 300w, https:\/\/dento-budo-dojo.fr\/wp-content\/uploads\/2019\/05\/TENGU-RYU-hojutsu-400x170.jpg 400w, https:\/\/dento-budo-dojo.fr\/wp-content\/uploads\/2019\/05\/TENGU-RYU-hojutsu-600x254.jpg 600w, https:\/\/dento-budo-dojo.fr\/wp-content\/uploads\/2019\/05\/TENGU-RYU-hojutsu-768x325.jpg 768w, https:\/\/dento-budo-dojo.fr\/wp-content\/uploads\/2019\/05\/TENGU-RYU-hojutsu-800x339.jpg 800w, https:\/\/dento-budo-dojo.fr\/wp-content\/uploads\/2019\/05\/TENGU-RYU-hojutsu-1024x434.jpg 1024w, https:\/\/dento-budo-dojo.fr\/wp-content\/uploads\/2019\/05\/TENGU-RYU-hojutsu-1200x509.jpg 1200w\" sizes=\"(max-width: 1024px) 100vw, 1024px\" \/>\t\t\t\t\t\t\t\t\t\t\t\t\t\t\t<\/div>\n\t\t\t\t<\/div>\n\t\t\t\t\t<\/div>\n\t\t<\/div>\n\t\t\t\t\t<\/div>\n\t\t<\/section>\n\t\t\t\t<section class=\"elementor-section elementor-top-section elementor-element elementor-element-6be3bd7 elementor-section-boxed elementor-section-height-default elementor-section-height-default\" data-id=\"6be3bd7\" data-element_type=\"section\" data-e-type=\"section\">\n\t\t\t\t\t\t<div class=\"elementor-container elementor-column-gap-default\">\n\t\t\t\t\t<div class=\"elementor-column elementor-col-100 elementor-top-column elementor-element elementor-element-148fcc5\" data-id=\"148fcc5\" data-element_type=\"column\" data-e-type=\"column\">\n\t\t\t<div class=\"elementor-widget-wrap elementor-element-populated\">\n\t\t\t\t\t\t<div class=\"elementor-element elementor-element-59083a4 elementor-widget elementor-widget-spacer\" data-id=\"59083a4\" data-element_type=\"widget\" data-e-type=\"widget\" data-widget_type=\"spacer.default\">\n\t\t\t\t<div class=\"elementor-widget-container\">\n\t\t\t\t\t\t\t<div class=\"elementor-spacer\">\n\t\t\t<div class=\"elementor-spacer-inner\"><\/div>\n\t\t<\/div>\n\t\t\t\t\t\t<\/div>\n\t\t\t\t<\/div>\n\t\t\t\t\t<\/div>\n\t\t<\/div>\n\t\t\t\t\t<\/div>\n\t\t<\/section>\n\t\t\t\t<section class=\"elementor-section elementor-top-section elementor-element elementor-element-fa27e72 elementor-section-boxed elementor-section-height-default elementor-section-height-default\" data-id=\"fa27e72\" data-element_type=\"section\" data-e-type=\"section\">\n\t\t\t\t\t\t<div class=\"elementor-container elementor-column-gap-default\">\n\t\t\t\t\t<div class=\"elementor-column elementor-col-33 elementor-top-column elementor-element elementor-element-1a8c848\" data-id=\"1a8c848\" data-element_type=\"column\" data-e-type=\"column\">\n\t\t\t<div class=\"elementor-widget-wrap elementor-element-populated\">\n\t\t\t\t\t\t<div class=\"elementor-element elementor-element-db5f3a3 elementor-widget elementor-widget-image\" data-id=\"db5f3a3\" data-element_type=\"widget\" data-e-type=\"widget\" data-widget_type=\"image.default\">\n\t\t\t\t<div class=\"elementor-widget-container\">\n\t\t\t\t\t\t\t\t\t\t\t\t\t\t\t<img loading=\"lazy\" decoding=\"async\" width=\"360\" height=\"360\" src=\"https:\/\/dento-budo-dojo.fr\/wp-content\/uploads\/2019\/05\/Dento-Budo-Dojo-TXT-d\u00e9grad\u00e9-rouge.png\" class=\"attachment-large size-large wp-image-2071\" alt=\"Dento Budo Dojo\" srcset=\"https:\/\/dento-budo-dojo.fr\/wp-content\/uploads\/2019\/05\/Dento-Budo-Dojo-TXT-d\u00e9grad\u00e9-rouge-66x66.png 66w, https:\/\/dento-budo-dojo.fr\/wp-content\/uploads\/2019\/05\/Dento-Budo-Dojo-TXT-d\u00e9grad\u00e9-rouge-150x150.png 150w, https:\/\/dento-budo-dojo.fr\/wp-content\/uploads\/2019\/05\/Dento-Budo-Dojo-TXT-d\u00e9grad\u00e9-rouge-200x200.png 200w, https:\/\/dento-budo-dojo.fr\/wp-content\/uploads\/2019\/05\/Dento-Budo-Dojo-TXT-d\u00e9grad\u00e9-rouge-300x300.png 300w, https:\/\/dento-budo-dojo.fr\/wp-content\/uploads\/2019\/05\/Dento-Budo-Dojo-TXT-d\u00e9grad\u00e9-rouge.png 360w\" sizes=\"(max-width: 360px) 100vw, 360px\" \/>\t\t\t\t\t\t\t\t\t\t\t\t\t\t\t<\/div>\n\t\t\t\t<\/div>\n\t\t\t\t\t<\/div>\n\t\t<\/div>\n\t\t\t\t<div class=\"elementor-column elementor-col-33 elementor-top-column elementor-element elementor-element-0666738\" data-id=\"0666738\" data-element_type=\"column\" data-e-type=\"column\">\n\t\t\t<div class=\"elementor-widget-wrap\">\n\t\t\t\t\t\t\t<\/div>\n\t\t<\/div>\n\t\t\t\t<div class=\"elementor-column elementor-col-33 elementor-top-column elementor-element elementor-element-7013e46\" data-id=\"7013e46\" data-element_type=\"column\" data-e-type=\"column\">\n\t\t\t<div class=\"elementor-widget-wrap elementor-element-populated\">\n\t\t\t\t\t\t<div class=\"elementor-element elementor-element-5288813 elementor-widget elementor-widget-text-editor\" data-id=\"5288813\" data-element_type=\"widget\" data-e-type=\"widget\" data-widget_type=\"text-editor.default\">\n\t\t\t\t<div class=\"elementor-widget-container\">\n\t\t\t\t\t\t\t\t\t<h3>Faire du karat\u00e9, du tai chi chuan ou du qi gong en pr\u00e9sence du covid-19, est-ce possible ?<\/h3><div class=\"siteorigin-widget-tinymce textwidget\"><div class=\"siteorigin-widget-tinymce textwidget\"><p>Une r\u00e9flexion sur la possibilit\u00e9 de ce qui peut \u00eatre fait en pr\u00e9sence du Covid-19 dans les arts-martiaux, externes comme internes. Pour en savoir plus&#8230;<\/p><a href=\"http:\/\/dento-budo-dojo.fr\/?page_id=2488\" target=\"_blank\" rel=\"noopener\"><span style=\"color: #ff6600;\"><em>Lire <\/em><\/span><span style=\"color: #ff6600;\"><em>la <\/em><\/span><span style=\"color: #ff6600;\"><em>suite&#8230;<\/em><\/span><\/a><\/div><\/div>\t\t\t\t\t\t\t\t<\/div>\n\t\t\t\t<\/div>\n\t\t\t\t<div class=\"elementor-element elementor-element-c80ad94 elementor-widget elementor-widget-spacer\" data-id=\"c80ad94\" data-element_type=\"widget\" data-e-type=\"widget\" data-widget_type=\"spacer.default\">\n\t\t\t\t<div class=\"elementor-widget-container\">\n\t\t\t\t\t\t\t<div class=\"elementor-spacer\">\n\t\t\t<div class=\"elementor-spacer-inner\"><\/div>\n\t\t<\/div>\n\t\t\t\t\t\t<\/div>\n\t\t\t\t<\/div>\n\t\t\t\t<div class=\"elementor-element elementor-element-8a49b2b elementor-widget elementor-widget-text-editor\" data-id=\"8a49b2b\" data-element_type=\"widget\" data-e-type=\"widget\" data-widget_type=\"text-editor.default\">\n\t\t\t\t<div class=\"elementor-widget-container\">\n\t\t\t\t\t\t\t\t\t<h3 class=\"widget-title\">Stage de Pakua sur Paris<\/h3><div class=\"siteorigin-widget-tinymce textwidget\"><div class=\"siteorigin-widget-tinymce textwidget\"><p>En ce d\u00e9but du mois de <em><strong>mars 2020<\/strong><\/em>, certains d&rsquo;entre nous ont effectu\u00e9 un stage de Bagua Zang, sous la direction de Pierre PORTOCARRERO.<\/p><p><a href=\"http:\/\/dento-budo-dojo.fr\/?page_id=2454\"><span style=\"color: #ff6600;\"><em>Lire la suite&#8230;<\/em><\/span><\/a><\/p><\/div><\/div>\t\t\t\t\t\t\t\t<\/div>\n\t\t\t\t<\/div>\n\t\t\t\t\t<\/div>\n\t\t<\/div>\n\t\t\t\t\t<\/div>\n\t\t<\/section>\n\t\t\t\t<section class=\"elementor-section elementor-top-section elementor-element elementor-element-7be4ea3 elementor-section-boxed elementor-section-height-default elementor-section-height-default\" data-id=\"7be4ea3\" data-element_type=\"section\" data-e-type=\"section\">\n\t\t\t\t\t\t<div class=\"elementor-container elementor-column-gap-default\">\n\t\t\t\t\t<div class=\"elementor-column elementor-col-100 elementor-top-column elementor-element elementor-element-0fc1a76\" data-id=\"0fc1a76\" data-element_type=\"column\" data-e-type=\"column\">\n\t\t\t<div class=\"elementor-widget-wrap elementor-element-populated\">\n\t\t\t\t\t\t<div class=\"elementor-element elementor-element-d299a5e elementor-widget elementor-widget-spacer\" data-id=\"d299a5e\" data-element_type=\"widget\" data-e-type=\"widget\" data-widget_type=\"spacer.default\">\n\t\t\t\t<div class=\"elementor-widget-container\">\n\t\t\t\t\t\t\t<div class=\"elementor-spacer\">\n\t\t\t<div class=\"elementor-spacer-inner\"><\/div>\n\t\t<\/div>\n\t\t\t\t\t\t<\/div>\n\t\t\t\t<\/div>\n\t\t\t\t<div class=\"elementor-element elementor-element-239646a elementor-widget elementor-widget-image\" data-id=\"239646a\" data-element_type=\"widget\" data-e-type=\"widget\" data-widget_type=\"image.default\">\n\t\t\t\t<div class=\"elementor-widget-container\">\n\t\t\t\t\t\t\t\t\t\t\t\t\t\t\t<img loading=\"lazy\" decoding=\"async\" width=\"1024\" height=\"576\" src=\"https:\/\/dento-budo-dojo.fr\/wp-content\/uploads\/2019\/12\/bonne-ann\u00e9e-2020-1024x576.jpg\" class=\"attachment-large size-large wp-image-2284\" alt=\"\" srcset=\"https:\/\/dento-budo-dojo.fr\/wp-content\/uploads\/2019\/12\/bonne-ann\u00e9e-2020-200x112.jpg 200w, https:\/\/dento-budo-dojo.fr\/wp-content\/uploads\/2019\/12\/bonne-ann\u00e9e-2020-300x169.jpg 300w, https:\/\/dento-budo-dojo.fr\/wp-content\/uploads\/2019\/12\/bonne-ann\u00e9e-2020-400x225.jpg 400w, https:\/\/dento-budo-dojo.fr\/wp-content\/uploads\/2019\/12\/bonne-ann\u00e9e-2020-600x337.jpg 600w, https:\/\/dento-budo-dojo.fr\/wp-content\/uploads\/2019\/12\/bonne-ann\u00e9e-2020-768x432.jpg 768w, https:\/\/dento-budo-dojo.fr\/wp-content\/uploads\/2019\/12\/bonne-ann\u00e9e-2020-800x450.jpg 800w, https:\/\/dento-budo-dojo.fr\/wp-content\/uploads\/2019\/12\/bonne-ann\u00e9e-2020-1024x576.jpg 1024w, https:\/\/dento-budo-dojo.fr\/wp-content\/uploads\/2019\/12\/bonne-ann\u00e9e-2020-1200x675.jpg 1200w\" sizes=\"(max-width: 1024px) 100vw, 1024px\" \/>\t\t\t\t\t\t\t\t\t\t\t\t\t\t\t<\/div>\n\t\t\t\t<\/div>\n\t\t\t\t\t<\/div>\n\t\t<\/div>\n\t\t\t\t\t<\/div>\n\t\t<\/section>\n\t\t\t\t<section class=\"elementor-section elementor-top-section elementor-element elementor-element-07d1c95 elementor-section-boxed elementor-section-height-default elementor-section-height-default\" data-id=\"07d1c95\" data-element_type=\"section\" data-e-type=\"section\">\n\t\t\t\t\t\t<div class=\"elementor-container elementor-column-gap-default\">\n\t\t\t\t\t<div class=\"elementor-column elementor-col-100 elementor-top-column elementor-element elementor-element-89fbd53\" data-id=\"89fbd53\" data-element_type=\"column\" data-e-type=\"column\">\n\t\t\t<div class=\"elementor-widget-wrap elementor-element-populated\">\n\t\t\t\t\t\t<div class=\"elementor-element elementor-element-ce82a28 elementor-widget elementor-widget-spacer\" data-id=\"ce82a28\" data-element_type=\"widget\" data-e-type=\"widget\" data-widget_type=\"spacer.default\">\n\t\t\t\t<div class=\"elementor-widget-container\">\n\t\t\t\t\t\t\t<div class=\"elementor-spacer\">\n\t\t\t<div class=\"elementor-spacer-inner\"><\/div>\n\t\t<\/div>\n\t\t\t\t\t\t<\/div>\n\t\t\t\t<\/div>\n\t\t\t\t\t<\/div>\n\t\t<\/div>\n\t\t\t\t\t<\/div>\n\t\t<\/section>\n\t\t\t\t<section class=\"elementor-section elementor-top-section elementor-element elementor-element-a0e7f7a elementor-section-boxed elementor-section-height-default elementor-section-height-default\" data-id=\"a0e7f7a\" data-element_type=\"section\" data-e-type=\"section\">\n\t\t\t\t\t\t<div class=\"elementor-container elementor-column-gap-default\">\n\t\t\t\t\t<div class=\"elementor-column elementor-col-100 elementor-top-column elementor-element elementor-element-4d9d242\" data-id=\"4d9d242\" data-element_type=\"column\" data-e-type=\"column\">\n\t\t\t<div class=\"elementor-widget-wrap elementor-element-populated\">\n\t\t\t\t\t\t<div class=\"elementor-element elementor-element-bc10591 elementor-widget elementor-widget-heading\" data-id=\"bc10591\" data-element_type=\"widget\" data-e-type=\"widget\" data-widget_type=\"heading.default\">\n\t\t\t\t<div class=\"elementor-widget-container\">\n\t\t\t\t\t<h1 class=\"elementor-heading-title elementor-size-default\">Nos v\u0153ux pour l'ann\u00e9e 2020...<\/h1>\t\t\t\t<\/div>\n\t\t\t\t<\/div>\n\t\t\t\t<div class=\"elementor-element elementor-element-87e84d7 elementor-widget elementor-widget-text-editor\" data-id=\"87e84d7\" data-element_type=\"widget\" data-e-type=\"widget\" data-widget_type=\"text-editor.default\">\n\t\t\t\t<div class=\"elementor-widget-container\">\n\t\t\t\t\t\t\t\t\t<p><em><b>Essayons d\u2019\u00eatre\u2026<\/b><\/em><\/p><p><em>Libre comme un poisson dans l&rsquo;eau, au gr\u00e9 des courants marins et de ses choix, qui fait son chemin en toute fluidit\u00e9.<\/em><\/p><p><em>Enracin\u00e9 comme un arbre, avec autant de stabilit\u00e9, vivifiant l\u2019atmosph\u00e8re par sa production de dioxyg\u00e8ne, indispensable \u00e0 la vie.<\/em><\/p><p><em>Br\u00fblant d&rsquo;\u00e9nergie comme le feu, avec nos \u00e9lans remplis d\u2019inspiration, pour humblement, aider autour de nous pour construire un avenir meilleur.<\/em><\/p><p><em>\u00c0 l\u2019image de notre plan\u00e8te, la Terre, accueillante, hospitali\u00e8re, fertile, nourrici\u00e8re, afin de cr\u00e9er un climat propice \u00e0 l\u2019expansion de la Vie sans rien demander en retour sinon le respect de ce qu\u2019elle permet.<\/em><\/p><p><em>Solide comme le m\u00e9tal aux propri\u00e9t\u00e9s diverses comme conduire le courant.<\/em><\/p><p><em>\u00c0 l\u2019image de ces 5 \u00e9l\u00e9ments\u00a0qui apparaissent dans la tradition cosmogonique chinoise\u00a0: l&rsquo;Eau, le Bois, le Feu, la Terre et le M\u00e9tal, l\u2019Homme, constitu\u00e9 de ceux-ci, ainsi que sa propre vie, peut s\u2019inspirer de ce cycle de cr\u00e9ation (\u00e0 l\u2019oppos\u00e9 de celui de la destruction).<\/em><\/p><p><em>Que l\u2019ann\u00e9e 2020 puisse porter une r\u00e9flexion en chacun de nous afin d\u2019appr\u00e9hender positivement ce mouvement qui parfois s\u2019exprime plus comme un chaos qu\u2019une harmonie.<\/em><\/p><p><em>Souhaitons \u00e0 toutes et tous que la paix puisse s\u2019\u00e9tablir dans tous les c\u0153urs. Que l\u2019instabilit\u00e9 ext\u00e9rieure puisse cr\u00e9er la stabilit\u00e9 int\u00e9rieure. Arr\u00eatons de nous cristalliser sur nos peurs, et laissons-nous guider par un regard qui peut \u00eatre bien diff\u00e9rent en voyant autre chose en l\u2019autre, sur la diff\u00e9rence, sur l\u2019essentiel de ce que repr\u00e9sente notre passage sur Terre.<\/em><\/p><p><em>La joie, le bonheur, l\u2019amour, le sourire, etc., prenez-les comme compagnons de route pour cette ann\u00e9e 2020, et votre sant\u00e9 vous le rendra.<\/em><\/p><p><em>Vous pourrez alors, peut-\u00eatre, sentir la pr\u00e9sence d\u2019un Tengu, voir son sourire ou entendre son rire, go\u00fbter \u00e0 certains de ses enseignements plut\u00f4t que d\u2019\u00eatre touch\u00e9 par sa lame.<\/em><\/p><p class=\"MsoNormal\" style=\"text-align: justify;\"><em>Enfin, n&rsquo;oubliez pas de prendre ces lanternes qui peuvent parfois se pr\u00e9senter \u00e0 vous pour \u00e9clairer votre chemin.<\/em><\/p><p><em><b>Bonne et heureuse ann\u00e9e 2020.<\/b><\/em><\/p>\t\t\t\t\t\t\t\t<\/div>\n\t\t\t\t<\/div>\n\t\t\t\t\t<\/div>\n\t\t<\/div>\n\t\t\t\t\t<\/div>\n\t\t<\/section>\n\t\t\t\t<section class=\"elementor-section elementor-top-section elementor-element elementor-element-0216df0 elementor-section-boxed elementor-section-height-default elementor-section-height-default\" data-id=\"0216df0\" data-element_type=\"section\" data-e-type=\"section\">\n\t\t\t\t\t\t<div class=\"elementor-container elementor-column-gap-default\">\n\t\t\t\t\t<div class=\"elementor-column elementor-col-100 elementor-top-column elementor-element elementor-element-ad8e812\" data-id=\"ad8e812\" data-element_type=\"column\" data-e-type=\"column\">\n\t\t\t<div class=\"elementor-widget-wrap elementor-element-populated\">\n\t\t\t\t\t\t<div class=\"elementor-element elementor-element-483945c elementor-widget elementor-widget-image\" data-id=\"483945c\" data-element_type=\"widget\" data-e-type=\"widget\" data-widget_type=\"image.default\">\n\t\t\t\t<div class=\"elementor-widget-container\">\n\t\t\t\t\t\t\t\t\t\t\t\t\t\t\t<img loading=\"lazy\" decoding=\"async\" width=\"1024\" height=\"230\" src=\"https:\/\/dento-budo-dojo.fr\/wp-content\/uploads\/2019\/05\/Fuji-san-1024x230.jpg\" class=\"attachment-large size-large wp-image-1674\" alt=\"Le Fuji-san\" srcset=\"https:\/\/dento-budo-dojo.fr\/wp-content\/uploads\/2019\/05\/Fuji-san-200x45.jpg 200w, https:\/\/dento-budo-dojo.fr\/wp-content\/uploads\/2019\/05\/Fuji-san-300x68.jpg 300w, https:\/\/dento-budo-dojo.fr\/wp-content\/uploads\/2019\/05\/Fuji-san-400x90.jpg 400w, https:\/\/dento-budo-dojo.fr\/wp-content\/uploads\/2019\/05\/Fuji-san-600x135.jpg 600w, https:\/\/dento-budo-dojo.fr\/wp-content\/uploads\/2019\/05\/Fuji-san-768x173.jpg 768w, https:\/\/dento-budo-dojo.fr\/wp-content\/uploads\/2019\/05\/Fuji-san-800x180.jpg 800w, https:\/\/dento-budo-dojo.fr\/wp-content\/uploads\/2019\/05\/Fuji-san-1024x230.jpg 1024w, https:\/\/dento-budo-dojo.fr\/wp-content\/uploads\/2019\/05\/Fuji-san-1200x270.jpg 1200w\" sizes=\"(max-width: 1024px) 100vw, 1024px\" \/>\t\t\t\t\t\t\t\t\t\t\t\t\t\t\t<\/div>\n\t\t\t\t<\/div>\n\t\t\t\t\t<\/div>\n\t\t<\/div>\n\t\t\t\t\t<\/div>\n\t\t<\/section>\n\t\t\t\t<section class=\"elementor-section elementor-top-section elementor-element elementor-element-4058eb6 elementor-section-boxed elementor-section-height-default elementor-section-height-default\" data-id=\"4058eb6\" data-element_type=\"section\" data-e-type=\"section\">\n\t\t\t\t\t\t<div class=\"elementor-container elementor-column-gap-default\">\n\t\t\t\t\t<div class=\"elementor-column elementor-col-100 elementor-top-column elementor-element elementor-element-05486f8\" data-id=\"05486f8\" data-element_type=\"column\" data-e-type=\"column\">\n\t\t\t<div class=\"elementor-widget-wrap elementor-element-populated\">\n\t\t\t\t\t\t<div class=\"elementor-element elementor-element-7f1944d elementor-widget elementor-widget-heading\" data-id=\"7f1944d\" data-element_type=\"widget\" data-e-type=\"widget\" data-widget_type=\"heading.default\">\n\t\t\t\t<div class=\"elementor-widget-container\">\n\t\t\t\t\t<h2 class=\"elementor-heading-title elementor-size-default\">Ajoutez votre titre ici<\/h2>\t\t\t\t<\/div>\n\t\t\t\t<\/div>\n\t\t\t\t\t<\/div>\n\t\t<\/div>\n\t\t\t\t\t<\/div>\n\t\t<\/section>\n\t\t\t\t<\/div>\n\t\t","protected":false},"excerpt":{"rendered":"<p>Derni\u00e8re mise \u00e0 jour : le 25 avril 2026 Bient\u00f4t [&hellip;]<\/p>\n","protected":false},"author":1,"featured_media":0,"parent":0,"menu_order":0,"comment_status":"closed","ping_status":"closed","template":"","meta":{"footnotes":""},"class_list":["post-1986","page","type-page","status-publish","hentry"],"yoast_head":"<!-- This site is optimized with the Yoast SEO plugin v24.1 - https:\/\/yoast.com\/wordpress\/plugins\/seo\/ -->\n<title>Accueil - Dento Budo Dojo<\/title>\n<meta name=\"robots\" content=\"index, follow, max-snippet:-1, max-image-preview:large, max-video-preview:-1\" \/>\n<link rel=\"canonical\" href=\"http:\/\/dento-budo-dojo.fr\/\" \/>\n<meta property=\"og:locale\" content=\"fr_FR\" \/>\n<meta property=\"og:type\" content=\"article\" \/>\n<meta property=\"og:title\" content=\"Accueil - Dento Budo Dojo\" \/>\n<meta property=\"og:description\" content=\"Derni\u00e8re mise \u00e0 jour : le 25 avril 2026 Bient\u00f4t [&hellip;]\" \/>\n<meta property=\"og:url\" content=\"http:\/\/dento-budo-dojo.fr\/\" \/>\n<meta property=\"og:site_name\" content=\"Dento Budo Dojo\" \/>\n<meta property=\"article:modified_time\" content=\"2026-04-25T17:07:46+00:00\" \/>\n<meta property=\"og:image\" content=\"http:\/\/dento-budo-dojo.fr\/wp-content\/uploads\/2026\/04\/Stage-de-printemps-2026-702x1024.jpg\" \/>\n<meta name=\"twitter:card\" content=\"summary_large_image\" \/>\n<meta name=\"twitter:label1\" content=\"Dur\u00e9e de lecture estim\u00e9e\" \/>\n\t<meta name=\"twitter:data1\" content=\"95 minutes\" \/>\n<script type=\"application\/ld+json\" class=\"yoast-schema-graph\">{\"@context\":\"https:\/\/schema.org\",\"@graph\":[{\"@type\":\"WebPage\",\"@id\":\"http:\/\/dento-budo-dojo.fr\/\",\"url\":\"http:\/\/dento-budo-dojo.fr\/\",\"name\":\"Accueil - Dento Budo Dojo\",\"isPartOf\":{\"@id\":\"http:\/\/dento-budo-dojo.fr\/#website\"},\"primaryImageOfPage\":{\"@id\":\"http:\/\/dento-budo-dojo.fr\/#primaryimage\"},\"image\":{\"@id\":\"http:\/\/dento-budo-dojo.fr\/#primaryimage\"},\"thumbnailUrl\":\"http:\/\/dento-budo-dojo.fr\/wp-content\/uploads\/2026\/04\/Stage-de-printemps-2026-702x1024.jpg\",\"datePublished\":\"2019-05-09T14:29:30+00:00\",\"dateModified\":\"2026-04-25T17:07:46+00:00\",\"breadcrumb\":{\"@id\":\"http:\/\/dento-budo-dojo.fr\/#breadcrumb\"},\"inLanguage\":\"fr-FR\",\"potentialAction\":[{\"@type\":\"ReadAction\",\"target\":[\"http:\/\/dento-budo-dojo.fr\/\"]}]},{\"@type\":\"ImageObject\",\"inLanguage\":\"fr-FR\",\"@id\":\"http:\/\/dento-budo-dojo.fr\/#primaryimage\",\"url\":\"http:\/\/dento-budo-dojo.fr\/wp-content\/uploads\/2026\/04\/Stage-de-printemps-2026-scaled.jpg\",\"contentUrl\":\"http:\/\/dento-budo-dojo.fr\/wp-content\/uploads\/2026\/04\/Stage-de-printemps-2026-scaled.jpg\",\"width\":1755,\"height\":2560,\"caption\":\"Informations du stage de printemps du 23 et 24 mai 2026 \u00e0 Eschau.\"},{\"@type\":\"BreadcrumbList\",\"@id\":\"http:\/\/dento-budo-dojo.fr\/#breadcrumb\",\"itemListElement\":[{\"@type\":\"ListItem\",\"position\":1,\"name\":\"Accueil\",\"item\":\"http:\/\/dento-budo-dojo.fr\/\"},{\"@type\":\"ListItem\",\"position\":2,\"name\":\"Accueil\"}]},{\"@type\":\"WebSite\",\"@id\":\"http:\/\/dento-budo-dojo.fr\/#website\",\"url\":\"http:\/\/dento-budo-dojo.fr\/\",\"name\":\"Dento Budo Dojo\",\"description\":\"Ne pas se battre, ne pas subir.\",\"potentialAction\":[{\"@type\":\"SearchAction\",\"target\":{\"@type\":\"EntryPoint\",\"urlTemplate\":\"http:\/\/dento-budo-dojo.fr\/?s={search_term_string}\"},\"query-input\":{\"@type\":\"PropertyValueSpecification\",\"valueRequired\":true,\"valueName\":\"search_term_string\"}}],\"inLanguage\":\"fr-FR\"}]}<\/script>\n<!-- \/ Yoast SEO plugin. -->","yoast_head_json":{"title":"Accueil - Dento Budo Dojo","robots":{"index":"index","follow":"follow","max-snippet":"max-snippet:-1","max-image-preview":"max-image-preview:large","max-video-preview":"max-video-preview:-1"},"canonical":"http:\/\/dento-budo-dojo.fr\/","og_locale":"fr_FR","og_type":"article","og_title":"Accueil - Dento Budo Dojo","og_description":"Derni\u00e8re mise \u00e0 jour : le 25 avril 2026 Bient\u00f4t [&hellip;]","og_url":"http:\/\/dento-budo-dojo.fr\/","og_site_name":"Dento Budo Dojo","article_modified_time":"2026-04-25T17:07:46+00:00","og_image":[{"url":"http:\/\/dento-budo-dojo.fr\/wp-content\/uploads\/2026\/04\/Stage-de-printemps-2026-702x1024.jpg","type":"","width":"","height":""}],"twitter_card":"summary_large_image","twitter_misc":{"Dur\u00e9e de lecture estim\u00e9e":"95 minutes"},"schema":{"@context":"https:\/\/schema.org","@graph":[{"@type":"WebPage","@id":"http:\/\/dento-budo-dojo.fr\/","url":"http:\/\/dento-budo-dojo.fr\/","name":"Accueil - Dento Budo Dojo","isPartOf":{"@id":"http:\/\/dento-budo-dojo.fr\/#website"},"primaryImageOfPage":{"@id":"http:\/\/dento-budo-dojo.fr\/#primaryimage"},"image":{"@id":"http:\/\/dento-budo-dojo.fr\/#primaryimage"},"thumbnailUrl":"http:\/\/dento-budo-dojo.fr\/wp-content\/uploads\/2026\/04\/Stage-de-printemps-2026-702x1024.jpg","datePublished":"2019-05-09T14:29:30+00:00","dateModified":"2026-04-25T17:07:46+00:00","breadcrumb":{"@id":"http:\/\/dento-budo-dojo.fr\/#breadcrumb"},"inLanguage":"fr-FR","potentialAction":[{"@type":"ReadAction","target":["http:\/\/dento-budo-dojo.fr\/"]}]},{"@type":"ImageObject","inLanguage":"fr-FR","@id":"http:\/\/dento-budo-dojo.fr\/#primaryimage","url":"http:\/\/dento-budo-dojo.fr\/wp-content\/uploads\/2026\/04\/Stage-de-printemps-2026-scaled.jpg","contentUrl":"http:\/\/dento-budo-dojo.fr\/wp-content\/uploads\/2026\/04\/Stage-de-printemps-2026-scaled.jpg","width":1755,"height":2560,"caption":"Informations du stage de printemps du 23 et 24 mai 2026 \u00e0 Eschau."},{"@type":"BreadcrumbList","@id":"http:\/\/dento-budo-dojo.fr\/#breadcrumb","itemListElement":[{"@type":"ListItem","position":1,"name":"Accueil","item":"http:\/\/dento-budo-dojo.fr\/"},{"@type":"ListItem","position":2,"name":"Accueil"}]},{"@type":"WebSite","@id":"http:\/\/dento-budo-dojo.fr\/#website","url":"http:\/\/dento-budo-dojo.fr\/","name":"Dento Budo Dojo","description":"Ne pas se battre, ne pas subir.","potentialAction":[{"@type":"SearchAction","target":{"@type":"EntryPoint","urlTemplate":"http:\/\/dento-budo-dojo.fr\/?s={search_term_string}"},"query-input":{"@type":"PropertyValueSpecification","valueRequired":true,"valueName":"search_term_string"}}],"inLanguage":"fr-FR"}]}},"_links":{"self":[{"href":"http:\/\/dento-budo-dojo.fr\/index.php?rest_route=\/wp\/v2\/pages\/1986","targetHints":{"allow":["GET"]}}],"collection":[{"href":"http:\/\/dento-budo-dojo.fr\/index.php?rest_route=\/wp\/v2\/pages"}],"about":[{"href":"http:\/\/dento-budo-dojo.fr\/index.php?rest_route=\/wp\/v2\/types\/page"}],"author":[{"embeddable":true,"href":"http:\/\/dento-budo-dojo.fr\/index.php?rest_route=\/wp\/v2\/users\/1"}],"replies":[{"embeddable":true,"href":"http:\/\/dento-budo-dojo.fr\/index.php?rest_route=%2Fwp%2Fv2%2Fcomments&post=1986"}],"version-history":[{"count":401,"href":"http:\/\/dento-budo-dojo.fr\/index.php?rest_route=\/wp\/v2\/pages\/1986\/revisions"}],"predecessor-version":[{"id":3053,"href":"http:\/\/dento-budo-dojo.fr\/index.php?rest_route=\/wp\/v2\/pages\/1986\/revisions\/3053"}],"wp:attachment":[{"href":"http:\/\/dento-budo-dojo.fr\/index.php?rest_route=%2Fwp%2Fv2%2Fmedia&parent=1986"}],"curies":[{"name":"wp","href":"https:\/\/api.w.org\/{rel}","templated":true}]}}